{"id":15667,"date":"2024-02-05T17:15:59","date_gmt":"2024-02-05T16:15:59","guid":{"rendered":"https:\/\/www.schlosstirol.it\/?post_type=portfolio&#038;p=15667"},"modified":"2026-04-16T08:30:05","modified_gmt":"2026-04-16T06:30:05","slug":"aktuelle-ausstellungen","status":"publish","type":"portfolio","link":"https:\/\/www.schlosstirol.it\/en\/south-tyrolean-museum\/aktuelle-ausstellungen\/","title":{"rendered":"Aktuelle Ausstellungen"},"content":{"rendered":"<div id='start'  class='avia-section av-8dbsb83-298ffa00b2dd53eb91b45a4144106caf main_color avia-section-default avia-no-border-styling  avia-builder-el-0  el_before_av_section  avia-builder-el-first  avia-bg-style-scroll container_wrap fullsize'  ><div class='container av-section-cont-open' ><main  role=\"main\" itemprop=\"mainContentOfPage\"  class='template-page content  av-content-full alpha units'><div class='post-entry post-entry-type-page post-entry-15667'><div class='entry-content-wrapper clearfix'>\n\n<style type=\"text\/css\" data-created_by=\"avia_inline_auto\" id=\"style-css-av-2v8wdv-52e13b8f8a1c89dfb68a8b8421c5885a\">\n.flex_column.av-2v8wdv-52e13b8f8a1c89dfb68a8b8421c5885a{\nborder-radius:0px 0px 0px 0px;\npadding:0px 0px 0px 0px;\n}\n<\/style>\n<div  class='flex_column av-2v8wdv-52e13b8f8a1c89dfb68a8b8421c5885a av_one_third  avia-builder-el-1  el_before_av_two_third  avia-builder-el-first  first flex_column_div av-zero-column-padding  '     ><style type=\"text\/css\" data-created_by=\"avia_inline_auto\" id=\"style-css-av-7pavwqb-f13d89d44504140e3529034a61d701bf\">\n#top .avia-gallery.av-7pavwqb-f13d89d44504140e3529034a61d701bf .avia-gallery-thumb a{\nwidth:100%;\n}\n<\/style>\n<div  class='avia-gallery av-7pavwqb-f13d89d44504140e3529034a61d701bf avia_animate_when_visible  avia-builder-el-2  avia-builder-el-no-sibling  deactivate_avia_lazyload avia-gallery-animate avia-gallery-1'  itemprop=\"image\" itemscope=\"itemscope\" itemtype=\"https:\/\/schema.org\/ImageObject\" ><meta itemprop=\"contentURL\" content=\"https:\/\/www.schlosstirol.it\/en\/south-tyrolean-museum\/aktuelle-ausstellungen\/\"><div class='avia-gallery-thumb'><a href=\"https:\/\/www.schlosstirol.it\/wp-content\/uploads\/2024\/02\/Esther_Stocker_500_0022_C_\u00a9_Peter_Daldos_klein.jpg\" data-srcset=\"https:\/\/www.schlosstirol.it\/wp-content\/uploads\/2024\/02\/Esther_Stocker_500_0022_C_\u00a9_Peter_Daldos_klein.jpg 1030w, https:\/\/www.schlosstirol.it\/wp-content\/uploads\/2024\/02\/Esther_Stocker_500_0022_C_\u00a9_Peter_Daldos_klein-300x200.jpg 300w, https:\/\/www.schlosstirol.it\/wp-content\/uploads\/2024\/02\/Esther_Stocker_500_0022_C_\u00a9_Peter_Daldos_klein-768x513.jpg 768w, https:\/\/www.schlosstirol.it\/wp-content\/uploads\/2024\/02\/Esther_Stocker_500_0022_C_\u00a9_Peter_Daldos_klein-705x471.jpg 705w\" data-sizes=\"(max-width: 1030px) 100vw, 1030px\" data-rel='gallery-1' data-prev-img='https:\/\/www.schlosstirol.it\/wp-content\/uploads\/2024\/02\/Esther_Stocker_500_0022_C_\u00a9_Peter_Daldos_klein.jpg' class='first_thumb lightbox ' data-onclick='1' title='\u00a9 Peter Daldos'  itemprop=\"thumbnailUrl\"  ><img decoding=\"async\" fetchpriority=\"high\" class=\"wp-image-23418 avia-img-lazy-loading-not-23418\"  data-avia-tooltip='\u00a9 Peter Daldos' src=\"https:\/\/www.schlosstirol.it\/wp-content\/uploads\/2024\/02\/Esther_Stocker_500_0022_C_\u00a9_Peter_Daldos_klein.jpg\" width=\"1030\" height=\"688\"  title='' alt='' srcset=\"https:\/\/www.schlosstirol.it\/wp-content\/uploads\/2024\/02\/Esther_Stocker_500_0022_C_\u00a9_Peter_Daldos_klein.jpg 1030w, https:\/\/www.schlosstirol.it\/wp-content\/uploads\/2024\/02\/Esther_Stocker_500_0022_C_\u00a9_Peter_Daldos_klein-300x200.jpg 300w, https:\/\/www.schlosstirol.it\/wp-content\/uploads\/2024\/02\/Esther_Stocker_500_0022_C_\u00a9_Peter_Daldos_klein-768x513.jpg 768w, https:\/\/www.schlosstirol.it\/wp-content\/uploads\/2024\/02\/Esther_Stocker_500_0022_C_\u00a9_Peter_Daldos_klein-705x471.jpg 705w\" sizes=\"(max-width: 1030px) 100vw, 1030px\" \/><div class='big-prev-fake'><img decoding=\"async\" loading=\"lazy\" class=\"wp-image-23418 avia-img-lazy-loading-23418\"  width=\"1030\" height=\"688\" src=\"https:\/\/www.schlosstirol.it\/wp-content\/uploads\/2024\/02\/Esther_Stocker_500_0022_C_\u00a9_Peter_Daldos_klein.jpg\" title='' alt='' srcset=\"https:\/\/www.schlosstirol.it\/wp-content\/uploads\/2024\/02\/Esther_Stocker_500_0022_C_\u00a9_Peter_Daldos_klein.jpg 1030w, https:\/\/www.schlosstirol.it\/wp-content\/uploads\/2024\/02\/Esther_Stocker_500_0022_C_\u00a9_Peter_Daldos_klein-300x200.jpg 300w, https:\/\/www.schlosstirol.it\/wp-content\/uploads\/2024\/02\/Esther_Stocker_500_0022_C_\u00a9_Peter_Daldos_klein-768x513.jpg 768w, https:\/\/www.schlosstirol.it\/wp-content\/uploads\/2024\/02\/Esther_Stocker_500_0022_C_\u00a9_Peter_Daldos_klein-705x471.jpg 705w\" sizes=\"auto, (max-width: 1030px) 100vw, 1030px\" \/><\/div><\/a><a href=\"https:\/\/www.schlosstirol.it\/wp-content\/uploads\/2024\/02\/Esther_Stocker_500_0067_C_\u00a9_Peter_Daldos_klein.jpg\" data-srcset=\"https:\/\/www.schlosstirol.it\/wp-content\/uploads\/2024\/02\/Esther_Stocker_500_0067_C_\u00a9_Peter_Daldos_klein.jpg 1030w, https:\/\/www.schlosstirol.it\/wp-content\/uploads\/2024\/02\/Esther_Stocker_500_0067_C_\u00a9_Peter_Daldos_klein-300x200.jpg 300w, https:\/\/www.schlosstirol.it\/wp-content\/uploads\/2024\/02\/Esther_Stocker_500_0067_C_\u00a9_Peter_Daldos_klein-768x513.jpg 768w, https:\/\/www.schlosstirol.it\/wp-content\/uploads\/2024\/02\/Esther_Stocker_500_0067_C_\u00a9_Peter_Daldos_klein-705x471.jpg 705w\" data-sizes=\"(max-width: 1030px) 100vw, 1030px\" data-rel='gallery-1' data-prev-img='https:\/\/www.schlosstirol.it\/wp-content\/uploads\/2024\/02\/Esther_Stocker_500_0067_C_\u00a9_Peter_Daldos_klein.jpg' class='first_thumb lightbox ' data-onclick='2' title='\u00a9 Peter Daldos'  itemprop=\"thumbnailUrl\"  ><img decoding=\"async\" fetchpriority=\"high\" class=\"wp-image-23419 avia-img-lazy-loading-not-23419\"  data-avia-tooltip='\u00a9 Peter Daldos' src=\"https:\/\/www.schlosstirol.it\/wp-content\/uploads\/2024\/02\/Esther_Stocker_500_0067_C_\u00a9_Peter_Daldos_klein.jpg\" width=\"1030\" height=\"688\"  title='' alt='' srcset=\"https:\/\/www.schlosstirol.it\/wp-content\/uploads\/2024\/02\/Esther_Stocker_500_0067_C_\u00a9_Peter_Daldos_klein.jpg 1030w, https:\/\/www.schlosstirol.it\/wp-content\/uploads\/2024\/02\/Esther_Stocker_500_0067_C_\u00a9_Peter_Daldos_klein-300x200.jpg 300w, https:\/\/www.schlosstirol.it\/wp-content\/uploads\/2024\/02\/Esther_Stocker_500_0067_C_\u00a9_Peter_Daldos_klein-768x513.jpg 768w, https:\/\/www.schlosstirol.it\/wp-content\/uploads\/2024\/02\/Esther_Stocker_500_0067_C_\u00a9_Peter_Daldos_klein-705x471.jpg 705w\" sizes=\"(max-width: 1030px) 100vw, 1030px\" \/><div class='big-prev-fake'><img decoding=\"async\" loading=\"lazy\" class=\"wp-image-23419 avia-img-lazy-loading-23419\"  width=\"1030\" height=\"688\" src=\"https:\/\/www.schlosstirol.it\/wp-content\/uploads\/2024\/02\/Esther_Stocker_500_0067_C_\u00a9_Peter_Daldos_klein.jpg\" title='' alt='' srcset=\"https:\/\/www.schlosstirol.it\/wp-content\/uploads\/2024\/02\/Esther_Stocker_500_0067_C_\u00a9_Peter_Daldos_klein.jpg 1030w, https:\/\/www.schlosstirol.it\/wp-content\/uploads\/2024\/02\/Esther_Stocker_500_0067_C_\u00a9_Peter_Daldos_klein-300x200.jpg 300w, https:\/\/www.schlosstirol.it\/wp-content\/uploads\/2024\/02\/Esther_Stocker_500_0067_C_\u00a9_Peter_Daldos_klein-768x513.jpg 768w, https:\/\/www.schlosstirol.it\/wp-content\/uploads\/2024\/02\/Esther_Stocker_500_0067_C_\u00a9_Peter_Daldos_klein-705x471.jpg 705w\" sizes=\"auto, (max-width: 1030px) 100vw, 1030px\" \/><\/div><\/a><\/div><\/div><\/div>\n<style type=\"text\/css\" data-created_by=\"avia_inline_auto\" id=\"style-css-av-736c2hf-8f1888bb2106e1e7563157b64de275b6\">\n.flex_column.av-736c2hf-8f1888bb2106e1e7563157b64de275b6{\nborder-radius:0px 0px 0px 0px;\npadding:30px 0 30px 0;\n}\n<\/style>\n<div  class='flex_column av-736c2hf-8f1888bb2106e1e7563157b64de275b6 av_two_third  avia-builder-el-3  el_after_av_one_third  avia-builder-el-last  flex_column_div  '     ><p>\n<style type=\"text\/css\" data-created_by=\"avia_inline_auto\" id=\"style-css-av-6owrk2b-ec62208970df0827f46883536da92cf8\">\n#top .av-special-heading.av-6owrk2b-ec62208970df0827f46883536da92cf8{\npadding-bottom:20px;\n}\nbody .av-special-heading.av-6owrk2b-ec62208970df0827f46883536da92cf8 .av-special-heading-tag .heading-char{\nfont-size:25px;\n}\n.av-special-heading.av-6owrk2b-ec62208970df0827f46883536da92cf8 .av-subheading{\nfont-size:21px;\n}\n<\/style>\n<div  class='av-special-heading av-6owrk2b-ec62208970df0827f46883536da92cf8 av-special-heading-h2 blockquote modern-quote  avia-builder-el-4  el_before_av_textblock  avia-builder-el-first  av-linked-heading'><h2 class='av-special-heading-tag '  itemprop=\"headline\"  >Esther Stocker. Atlas<\/h2><div class='av-subheading av-subheading_below'><p>vom 18. April bis 8. November 2026<\/p>\n<\/div><div class=\"special-heading-border\"><div class=\"special-heading-inner-border\"><\/div><\/div><\/div><br \/>\n<section  class='av_textblock_section av-616xtf7-17e17c1d2f245fdfdc1dcc0fb543318c '   itemscope=\"itemscope\" itemtype=\"https:\/\/schema.org\/CreativeWork\" ><div class='avia_textblock'  itemprop=\"text\" ><p>Esther Stockers k\u00fcnstlerische Sprache lebt von Schwarz und Wei\u00df mit Facetten in Grau. Ihre bildnerischen Mittel sind Raster, die sie als offenes, modulares System mit unz\u00e4hligen Gestaltungsm\u00f6glichkeiten begreift. Abweichungen innerhalb der Rasterstruktur \u2013 meist minimale Verschiebungen \u2013 erzeugen eine subtile visuelle Permutation und eine Unordnung, die das Bild in Bewegung bringen, ohne die Geometrie jemals zu verlassen. Das Raster wird nicht gebrochen, sondern durch Verschiebungen und \u00dcberlagerungen innerlich destabilisiert, wodurch eine sp\u00fcrbare visuelle Spannung entsteht \u2013 ein Ort des \u00dcbergangs und des Dazwischen.<br \/>\nIn der Ausstellung im Bergfried pr\u00e4sentiert Esther Stocker neben weiteren Arbeiten eine eigens f\u00fcr den Raum konzipierte lebensgro\u00dfe Installation: \u201eAtlas\u201c. Atlas, der Titan in der griechischen Mythologie, der den G\u00f6ttern des Olymps ihre Macht streitig machte und zur Strafe von Zeus dazu verurteilt wurde, auf ewig das Himmelsgew\u00f6lbe auf seinen Schultern zu tragen. Auch der Bergfried-\u201eAtlas\u201c ist mit einem Raster \u00fcberzogen, der wie ein Korsett wirkt und an geografische Koordinaten erinnert. Der Camouflage-Effekt verwischt die Wahrnehmung von Fl\u00e4che und K\u00f6rper.<br \/>\nZur Ausstellung ist auch ein Katalog erschienen.<\/p>\n<p>(Heinrich Schwazer)<\/p>\n<\/div><\/section><\/p><\/div><\/div><\/div><\/main><!-- close content main element --><\/div><\/div><div id='start'  class='avia-section av-1l63k1f-f927ae7d94ae5be4a1803d72edc7f4cb main_color avia-section-default avia-no-border-styling  avia-builder-el-6  el_after_av_section  avia-builder-el-last  avia-bg-style-scroll container_wrap fullsize'  ><div class='container av-section-cont-open' ><div class='template-page content  av-content-full alpha units'><div class='post-entry post-entry-type-page post-entry-15667'><div class='entry-content-wrapper clearfix'>\n\n<style type=\"text\/css\" data-created_by=\"avia_inline_auto\" id=\"style-css-av-105obyr-3d04714e403697c7a7d9ae905cfe2c7f\">\n.flex_column.av-105obyr-3d04714e403697c7a7d9ae905cfe2c7f{\nborder-radius:0px 0px 0px 0px;\npadding:0px 0px 0px 0px;\n}\n<\/style>\n<div  class='flex_column av-105obyr-3d04714e403697c7a7d9ae905cfe2c7f av_one_third  avia-builder-el-7  el_before_av_two_third  avia-builder-el-first  first flex_column_div av-zero-column-padding  '     ><style type=\"text\/css\" data-created_by=\"avia_inline_auto\" id=\"style-css-av-m7n1kp58-f7f78adcbc0ae71b233daa711b516b79\">\n#top .avia-gallery.av-m7n1kp58-f7f78adcbc0ae71b233daa711b516b79 .avia-gallery-thumb a{\nwidth:100%;\n}\n<\/style>\n<div  class='avia-gallery av-m7n1kp58-f7f78adcbc0ae71b233daa711b516b79 avia_animate_when_visible  avia-builder-el-8  avia-builder-el-no-sibling  deactivate_avia_lazyload avia-gallery-animate avia-gallery-2'  itemprop=\"image\" itemscope=\"itemscope\" itemtype=\"https:\/\/schema.org\/ImageObject\" ><meta itemprop=\"contentURL\" content=\"https:\/\/www.schlosstirol.it\/en\/south-tyrolean-museum\/aktuelle-ausstellungen\/\"><div class='avia-gallery-thumb'><a href=\"https:\/\/www.schlosstirol.it\/wp-content\/uploads\/2024\/02\/ausstellung_leer3_klein.jpg\" data-srcset=\"https:\/\/www.schlosstirol.it\/wp-content\/uploads\/2024\/02\/ausstellung_leer3_klein.jpg 600w, https:\/\/www.schlosstirol.it\/wp-content\/uploads\/2024\/02\/ausstellung_leer3_klein-225x300.jpg 225w, https:\/\/www.schlosstirol.it\/wp-content\/uploads\/2024\/02\/ausstellung_leer3_klein-529x705.jpg 529w\" data-sizes=\"(max-width: 600px) 100vw, 600px\" data-rel='gallery-2' data-prev-img='https:\/\/www.schlosstirol.it\/wp-content\/uploads\/2024\/02\/ausstellung_leer3_klein.jpg' class='first_thumb lightbox ' data-onclick='1' title='Ausstellungsr\u00e4ume im Aufbau'  itemprop=\"thumbnailUrl\"  ><img decoding=\"async\" fetchpriority=\"high\" class=\"wp-image-23373 avia-img-lazy-loading-not-23373\"  data-avia-tooltip='Ausstellungsr\u00e4ume im Aufbau' src=\"https:\/\/www.schlosstirol.it\/wp-content\/uploads\/2024\/02\/ausstellung_leer3_klein.jpg\" width=\"600\" height=\"800\"  title='ausstellung_leer3_klein' alt='' srcset=\"https:\/\/www.schlosstirol.it\/wp-content\/uploads\/2024\/02\/ausstellung_leer3_klein.jpg 600w, https:\/\/www.schlosstirol.it\/wp-content\/uploads\/2024\/02\/ausstellung_leer3_klein-225x300.jpg 225w, https:\/\/www.schlosstirol.it\/wp-content\/uploads\/2024\/02\/ausstellung_leer3_klein-529x705.jpg 529w\" sizes=\"(max-width: 600px) 100vw, 600px\" \/><div class='big-prev-fake'><img decoding=\"async\" loading=\"lazy\" class=\"wp-image-23373 avia-img-lazy-loading-23373\"  width=\"600\" height=\"800\" src=\"https:\/\/www.schlosstirol.it\/wp-content\/uploads\/2024\/02\/ausstellung_leer3_klein.jpg\" title='ausstellung_leer3_klein' alt='' srcset=\"https:\/\/www.schlosstirol.it\/wp-content\/uploads\/2024\/02\/ausstellung_leer3_klein.jpg 600w, https:\/\/www.schlosstirol.it\/wp-content\/uploads\/2024\/02\/ausstellung_leer3_klein-225x300.jpg 225w, https:\/\/www.schlosstirol.it\/wp-content\/uploads\/2024\/02\/ausstellung_leer3_klein-529x705.jpg 529w\" sizes=\"auto, (max-width: 600px) 100vw, 600px\" \/><\/div><\/a><\/div><\/div><\/div>\n<style type=\"text\/css\" data-created_by=\"avia_inline_auto\" id=\"style-css-av-le6o8j-b93c1c5a6fcce595caca9f688c142af8\">\n.flex_column.av-le6o8j-b93c1c5a6fcce595caca9f688c142af8{\nborder-radius:0px 0px 0px 0px;\npadding:30px 0 30px 0;\n}\n<\/style>\n<div  class='flex_column av-le6o8j-b93c1c5a6fcce595caca9f688c142af8 av_two_third  avia-builder-el-9  el_after_av_one_third  avia-builder-el-last  flex_column_div  '     ><p>\n<style type=\"text\/css\" data-created_by=\"avia_inline_auto\" id=\"style-css-av-m7n1c9de-e7b9c6b857e338b52c93a792e371b043\">\n#top .av-special-heading.av-m7n1c9de-e7b9c6b857e338b52c93a792e371b043{\npadding-bottom:20px;\n}\nbody .av-special-heading.av-m7n1c9de-e7b9c6b857e338b52c93a792e371b043 .av-special-heading-tag .heading-char{\nfont-size:25px;\n}\n.av-special-heading.av-m7n1c9de-e7b9c6b857e338b52c93a792e371b043 .av-subheading{\nfont-size:21px;\n}\n<\/style>\n<div  class='av-special-heading av-m7n1c9de-e7b9c6b857e338b52c93a792e371b043 av-special-heading-h2 blockquote modern-quote  avia-builder-el-10  el_before_av_textblock  avia-builder-el-first  av-linked-heading'><h2 class='av-special-heading-tag '  itemprop=\"headline\"  >Private Collections. Kunst <span class='special_amp'>&amp;<\/span> Leidenschaft<\/h2><div class='av-subheading av-subheading_below'><p>vom 23. Mai bis 8. November 2026<\/p>\n<\/div><div class=\"special-heading-border\"><div class=\"special-heading-inner-border\"><\/div><\/div><\/div><br \/>\n<section  class='av_textblock_section av-m7n1csfp-f822cc56afa8197a002ae9da24fbbac9 '   itemscope=\"itemscope\" itemtype=\"https:\/\/schema.org\/CreativeWork\" ><div class='avia_textblock'  itemprop=\"text\" ><p>Die Ausstellung gew\u00e4hrt einen \u00fcberraschenden Einblick in zahlreiche S\u00fcdtiroler Privatsammlungen und pr\u00e4sentiert anhand ausgew\u00e4hlter Beispiele Kunstwerke lokaler sowie internationaler K\u00fcnstlerinnen und K\u00fcnstler, die von der fr\u00fchen Neuzeit bis in die Gegenwart reichen. Im Mittelpunkt stehen die Sammlerinnen und Sammler selbst, ihre Motivation, ihr Kultursponsoring, ihr M\u00e4zenatentum sowie ihre besondere Beziehung und Vorliebe f\u00fcr bestimmte K\u00fcnstlerinnen und K\u00fcnstler.<\/p>\n<\/div><\/section><\/p><\/div>\n<\/p>\n","protected":false},"excerpt":{"rendered":"","protected":false},"author":1,"featured_media":23234,"comment_status":"closed","ping_status":"closed","template":"","meta":{"footnotes":""},"tags":[],"portfolio_entries":[173],"class_list":["post-15667","portfolio","type-portfolio","status-publish","has-post-thumbnail","hentry","portfolio_entries-aktuelle-ausstellungen"],"yoast_head":"<!-- This site is optimized with the Yoast SEO plugin v27.5 - https:\/\/yoast.com\/product\/yoast-seo-wordpress\/ -->\n<title>Aktuelle Ausstellungen - Castle Tyrol - South Tyrolean Museum of Culture<\/title>\n<meta name=\"description\" content=\"Aktuelle Ausstellungen\" \/>\n<meta name=\"robots\" content=\"index, follow, max-snippet:-1, max-image-preview:large, max-video-preview:-1\" \/>\n<link rel=\"canonical\" href=\"https:\/\/www.schlosstirol.it\/en\/south-tyrolean-museum\/aktuelle-ausstellungen\/\" \/>\n<meta property=\"og:locale\" content=\"en_US\" \/>\n<meta property=\"og:type\" content=\"article\" \/>\n<meta property=\"og:title\" content=\"Aktuelle Ausstellungen - Castle Tyrol - South Tyrolean Museum of Culture\" \/>\n<meta property=\"og:description\" content=\"Aktuelle Ausstellungen\" \/>\n<meta property=\"og:url\" content=\"https:\/\/www.schlosstirol.it\/en\/south-tyrolean-museum\/aktuelle-ausstellungen\/\" \/>\n<meta property=\"og:site_name\" content=\"Castle Tyrol - South Tyrolean Museum of Culture\" \/>\n<meta property=\"article:publisher\" content=\"https:\/\/www.facebook.com\/schlosstirol.casteltirolo\" \/>\n<meta property=\"article:modified_time\" content=\"2026-04-16T06:30:05+00:00\" \/>\n<meta property=\"og:image\" content=\"https:\/\/www.schlosstirol.it\/wp-content\/uploads\/2024\/02\/schloss-tirol_Ausstellungen-2026.jpg\" \/>\n\t<meta property=\"og:image:width\" content=\"1030\" \/>\n\t<meta property=\"og:image:height\" content=\"687\" \/>\n\t<meta property=\"og:image:type\" content=\"image\/jpeg\" \/>\n<meta name=\"twitter:card\" content=\"summary_large_image\" \/>\n<meta name=\"twitter:label1\" content=\"Est. reading time\" \/>\n\t<meta name=\"twitter:data1\" content=\"3 minutes\" \/>\n<script type=\"application\/ld+json\" class=\"yoast-schema-graph\">{\"@context\":\"https:\\\/\\\/schema.org\",\"@graph\":[{\"@type\":\"WebPage\",\"@id\":\"https:\\\/\\\/www.schlosstirol.it\\\/en\\\/south-tyrolean-museum\\\/aktuelle-ausstellungen\\\/\",\"url\":\"https:\\\/\\\/www.schlosstirol.it\\\/en\\\/south-tyrolean-museum\\\/aktuelle-ausstellungen\\\/\",\"name\":\"Aktuelle Ausstellungen - Castle Tyrol - South Tyrolean Museum of Culture\",\"isPartOf\":{\"@id\":\"https:\\\/\\\/www.schlosstirol.it\\\/en\\\/#website\"},\"primaryImageOfPage\":{\"@id\":\"https:\\\/\\\/www.schlosstirol.it\\\/en\\\/south-tyrolean-museum\\\/aktuelle-ausstellungen\\\/#primaryimage\"},\"image\":{\"@id\":\"https:\\\/\\\/www.schlosstirol.it\\\/en\\\/south-tyrolean-museum\\\/aktuelle-ausstellungen\\\/#primaryimage\"},\"thumbnailUrl\":\"https:\\\/\\\/www.schlosstirol.it\\\/wp-content\\\/uploads\\\/2024\\\/02\\\/schloss-tirol_Ausstellungen-2026.jpg\",\"datePublished\":\"2024-02-05T16:15:59+00:00\",\"dateModified\":\"2026-04-16T06:30:05+00:00\",\"description\":\"Aktuelle Ausstellungen\",\"breadcrumb\":{\"@id\":\"https:\\\/\\\/www.schlosstirol.it\\\/en\\\/south-tyrolean-museum\\\/aktuelle-ausstellungen\\\/#breadcrumb\"},\"inLanguage\":\"en-US\",\"potentialAction\":[{\"@type\":\"ReadAction\",\"target\":[\"https:\\\/\\\/www.schlosstirol.it\\\/en\\\/south-tyrolean-museum\\\/aktuelle-ausstellungen\\\/\"]}]},{\"@type\":\"ImageObject\",\"inLanguage\":\"en-US\",\"@id\":\"https:\\\/\\\/www.schlosstirol.it\\\/en\\\/south-tyrolean-museum\\\/aktuelle-ausstellungen\\\/#primaryimage\",\"url\":\"https:\\\/\\\/www.schlosstirol.it\\\/wp-content\\\/uploads\\\/2024\\\/02\\\/schloss-tirol_Ausstellungen-2026.jpg\",\"contentUrl\":\"https:\\\/\\\/www.schlosstirol.it\\\/wp-content\\\/uploads\\\/2024\\\/02\\\/schloss-tirol_Ausstellungen-2026.jpg\",\"width\":1030,\"height\":687,\"caption\":\"Aktuelle Ausstellungen\"},{\"@type\":\"BreadcrumbList\",\"@id\":\"https:\\\/\\\/www.schlosstirol.it\\\/en\\\/south-tyrolean-museum\\\/aktuelle-ausstellungen\\\/#breadcrumb\",\"itemListElement\":[{\"@type\":\"ListItem\",\"position\":1,\"name\":\"Startseite\",\"item\":\"https:\\\/\\\/www.schlosstirol.it\\\/en\\\/castle-tyrol\\\/\"},{\"@type\":\"ListItem\",\"position\":2,\"name\":\"Aktuelle Ausstellungen\"}]},{\"@type\":\"WebSite\",\"@id\":\"https:\\\/\\\/www.schlosstirol.it\\\/en\\\/#website\",\"url\":\"https:\\\/\\\/www.schlosstirol.it\\\/en\\\/\",\"name\":\"Castle Tyrol - South Tyrolean Museum of Culture\",\"description\":\"South Tyrolean Museum of Culture and Provincial History\",\"publisher\":{\"@id\":\"https:\\\/\\\/www.schlosstirol.it\\\/en\\\/#organization\"},\"potentialAction\":[{\"@type\":\"SearchAction\",\"target\":{\"@type\":\"EntryPoint\",\"urlTemplate\":\"https:\\\/\\\/www.schlosstirol.it\\\/en\\\/?s={search_term_string}\"},\"query-input\":{\"@type\":\"PropertyValueSpecification\",\"valueRequired\":true,\"valueName\":\"search_term_string\"}}],\"inLanguage\":\"en-US\"},{\"@type\":\"Organization\",\"@id\":\"https:\\\/\\\/www.schlosstirol.it\\\/en\\\/#organization\",\"name\":\"Castle Tyrol\",\"url\":\"https:\\\/\\\/www.schlosstirol.it\\\/en\\\/\",\"logo\":{\"@type\":\"ImageObject\",\"inLanguage\":\"en-US\",\"@id\":\"https:\\\/\\\/www.schlosstirol.it\\\/en\\\/#\\\/schema\\\/logo\\\/image\\\/\",\"url\":\"https:\\\/\\\/www.schlosstirol.it\\\/wp-content\\\/uploads\\\/2018\\\/09\\\/schloss-tirol_logo-impressum.png\",\"contentUrl\":\"https:\\\/\\\/www.schlosstirol.it\\\/wp-content\\\/uploads\\\/2018\\\/09\\\/schloss-tirol_logo-impressum.png\",\"width\":1030,\"height\":687,\"caption\":\"Castle Tyrol\"},\"image\":{\"@id\":\"https:\\\/\\\/www.schlosstirol.it\\\/en\\\/#\\\/schema\\\/logo\\\/image\\\/\"},\"sameAs\":[\"https:\\\/\\\/www.facebook.com\\\/schlosstirol.casteltirolo\"]}]}<\/script>\n<!-- \/ Yoast SEO plugin. -->","yoast_head_json":{"title":"Aktuelle Ausstellungen - Castle Tyrol - South Tyrolean Museum of Culture","description":"Aktuelle Ausstellungen","robots":{"index":"index","follow":"follow","max-snippet":"max-snippet:-1","max-image-preview":"max-image-preview:large","max-video-preview":"max-video-preview:-1"},"canonical":"https:\/\/www.schlosstirol.it\/en\/south-tyrolean-museum\/aktuelle-ausstellungen\/","og_locale":"en_US","og_type":"article","og_title":"Aktuelle Ausstellungen - Castle Tyrol - South Tyrolean Museum of Culture","og_description":"Aktuelle Ausstellungen","og_url":"https:\/\/www.schlosstirol.it\/en\/south-tyrolean-museum\/aktuelle-ausstellungen\/","og_site_name":"Castle Tyrol - South Tyrolean Museum of Culture","article_publisher":"https:\/\/www.facebook.com\/schlosstirol.casteltirolo","article_modified_time":"2026-04-16T06:30:05+00:00","og_image":[{"width":1030,"height":687,"url":"https:\/\/www.schlosstirol.it\/wp-content\/uploads\/2024\/02\/schloss-tirol_Ausstellungen-2026.jpg","type":"image\/jpeg"}],"twitter_card":"summary_large_image","twitter_misc":{"Est. reading time":"3 minutes"},"schema":{"@context":"https:\/\/schema.org","@graph":[{"@type":"WebPage","@id":"https:\/\/www.schlosstirol.it\/en\/south-tyrolean-museum\/aktuelle-ausstellungen\/","url":"https:\/\/www.schlosstirol.it\/en\/south-tyrolean-museum\/aktuelle-ausstellungen\/","name":"Aktuelle Ausstellungen - Castle Tyrol - South Tyrolean Museum of Culture","isPartOf":{"@id":"https:\/\/www.schlosstirol.it\/en\/#website"},"primaryImageOfPage":{"@id":"https:\/\/www.schlosstirol.it\/en\/south-tyrolean-museum\/aktuelle-ausstellungen\/#primaryimage"},"image":{"@id":"https:\/\/www.schlosstirol.it\/en\/south-tyrolean-museum\/aktuelle-ausstellungen\/#primaryimage"},"thumbnailUrl":"https:\/\/www.schlosstirol.it\/wp-content\/uploads\/2024\/02\/schloss-tirol_Ausstellungen-2026.jpg","datePublished":"2024-02-05T16:15:59+00:00","dateModified":"2026-04-16T06:30:05+00:00","description":"Aktuelle Ausstellungen","breadcrumb":{"@id":"https:\/\/www.schlosstirol.it\/en\/south-tyrolean-museum\/aktuelle-ausstellungen\/#breadcrumb"},"inLanguage":"en-US","potentialAction":[{"@type":"ReadAction","target":["https:\/\/www.schlosstirol.it\/en\/south-tyrolean-museum\/aktuelle-ausstellungen\/"]}]},{"@type":"ImageObject","inLanguage":"en-US","@id":"https:\/\/www.schlosstirol.it\/en\/south-tyrolean-museum\/aktuelle-ausstellungen\/#primaryimage","url":"https:\/\/www.schlosstirol.it\/wp-content\/uploads\/2024\/02\/schloss-tirol_Ausstellungen-2026.jpg","contentUrl":"https:\/\/www.schlosstirol.it\/wp-content\/uploads\/2024\/02\/schloss-tirol_Ausstellungen-2026.jpg","width":1030,"height":687,"caption":"Aktuelle Ausstellungen"},{"@type":"BreadcrumbList","@id":"https:\/\/www.schlosstirol.it\/en\/south-tyrolean-museum\/aktuelle-ausstellungen\/#breadcrumb","itemListElement":[{"@type":"ListItem","position":1,"name":"Startseite","item":"https:\/\/www.schlosstirol.it\/en\/castle-tyrol\/"},{"@type":"ListItem","position":2,"name":"Aktuelle Ausstellungen"}]},{"@type":"WebSite","@id":"https:\/\/www.schlosstirol.it\/en\/#website","url":"https:\/\/www.schlosstirol.it\/en\/","name":"Castle Tyrol - South Tyrolean Museum of Culture","description":"South Tyrolean Museum of Culture and Provincial History","publisher":{"@id":"https:\/\/www.schlosstirol.it\/en\/#organization"},"potentialAction":[{"@type":"SearchAction","target":{"@type":"EntryPoint","urlTemplate":"https:\/\/www.schlosstirol.it\/en\/?s={search_term_string}"},"query-input":{"@type":"PropertyValueSpecification","valueRequired":true,"valueName":"search_term_string"}}],"inLanguage":"en-US"},{"@type":"Organization","@id":"https:\/\/www.schlosstirol.it\/en\/#organization","name":"Castle Tyrol","url":"https:\/\/www.schlosstirol.it\/en\/","logo":{"@type":"ImageObject","inLanguage":"en-US","@id":"https:\/\/www.schlosstirol.it\/en\/#\/schema\/logo\/image\/","url":"https:\/\/www.schlosstirol.it\/wp-content\/uploads\/2018\/09\/schloss-tirol_logo-impressum.png","contentUrl":"https:\/\/www.schlosstirol.it\/wp-content\/uploads\/2018\/09\/schloss-tirol_logo-impressum.png","width":1030,"height":687,"caption":"Castle Tyrol"},"image":{"@id":"https:\/\/www.schlosstirol.it\/en\/#\/schema\/logo\/image\/"},"sameAs":["https:\/\/www.facebook.com\/schlosstirol.casteltirolo"]}]}},"_links":{"self":[{"href":"https:\/\/www.schlosstirol.it\/en\/wp-json\/wp\/v2\/portfolio\/15667","targetHints":{"allow":["GET"]}}],"collection":[{"href":"https:\/\/www.schlosstirol.it\/en\/wp-json\/wp\/v2\/portfolio"}],"about":[{"href":"https:\/\/www.schlosstirol.it\/en\/wp-json\/wp\/v2\/types\/portfolio"}],"author":[{"embeddable":true,"href":"https:\/\/www.schlosstirol.it\/en\/wp-json\/wp\/v2\/users\/1"}],"replies":[{"embeddable":true,"href":"https:\/\/www.schlosstirol.it\/en\/wp-json\/wp\/v2\/comments?post=15667"}],"version-history":[{"count":6,"href":"https:\/\/www.schlosstirol.it\/en\/wp-json\/wp\/v2\/portfolio\/15667\/revisions"}],"predecessor-version":[{"id":23417,"href":"https:\/\/www.schlosstirol.it\/en\/wp-json\/wp\/v2\/portfolio\/15667\/revisions\/23417"}],"wp:featuredmedia":[{"embeddable":true,"href":"https:\/\/www.schlosstirol.it\/en\/wp-json\/wp\/v2\/media\/23234"}],"wp:attachment":[{"href":"https:\/\/www.schlosstirol.it\/en\/wp-json\/wp\/v2\/media?parent=15667"}],"wp:term":[{"taxonomy":"post_tag","embeddable":true,"href":"https:\/\/www.schlosstirol.it\/en\/wp-json\/wp\/v2\/tags?post=15667"},{"taxonomy":"portfolio_entries","embeddable":true,"href":"https:\/\/www.schlosstirol.it\/en\/wp-json\/wp\/v2\/portfolio_entries?post=15667"}],"curies":[{"name":"wp","href":"https:\/\/api.w.org\/{rel}","templated":true}]}}