{"id":1580,"date":"2018-03-07T15:49:13","date_gmt":"2018-03-07T14:49:13","guid":{"rendered":"http:\/\/andale.info\/schloss2\/?post_type=portfolio&#038;p=1580"},"modified":"2019-01-30T11:28:17","modified_gmt":"2019-01-30T10:28:17","slug":"ausstellungen-2016","status":"publish","type":"portfolio","link":"https:\/\/www.schlosstirol.it\/en\/south-tyrolean-museum\/ausstellungen-2016\/","title":{"rendered":"Ausstellungen 2016"},"content":{"rendered":"<div id='full_slider_1'  class='avia-fullwidth-slider main_color avia-shadow   avia-builder-el-0  el_before_av_section  avia-builder-el-first   container_wrap fullsize'  >\n<style type=\"text\/css\" data-created_by=\"avia_inline_auto\" id=\"style-css-av-xujpbw-749864b7844703d88252adae337d47ff\">\n#top #wrap_all .avia-slideshow .av-slideshow-caption.av-xujpbw-749864b7844703d88252adae337d47ff__0 .avia-caption-title{\nfont-size:50px;\n}\n<\/style>\n<div  class='avia-slideshow av-xujpbw-749864b7844703d88252adae337d47ff avia-slideshow-featured_large av_slideshow_full avia-fade-slider av-slideshow-ui av-control-hidden av-no-slider-navigation av-hide-nav-arrows av-slideshow-autoplay av-loop-endless av-loop-manual-endless av-default-height-applied   avia-slideshow-1' data-slideshow-options=\"{&quot;animation&quot;:&quot;fade&quot;,&quot;autoplay&quot;:true,&quot;loop_autoplay&quot;:&quot;endless&quot;,&quot;interval&quot;:5,&quot;loop_manual&quot;:&quot;manual-endless&quot;,&quot;autoplay_stopper&quot;:false,&quot;noNavigation&quot;:true,&quot;bg_slider&quot;:false,&quot;keep_padding&quot;:false,&quot;hoverpause&quot;:false,&quot;show_slide_delay&quot;:0}\"  itemprop=\"image\" itemscope=\"itemscope\" itemtype=\"https:\/\/schema.org\/ImageObject\" ><ul class='avia-slideshow-inner ' style='padding-bottom: 42%;'><li  class='avia-slideshow-slide av-xujpbw-749864b7844703d88252adae337d47ff__0  av-single-slide slide-1 slide-odd'><a href=\"#vom-ende-der-schoenen-welt\"  data-rel='slideshow-1' class='avia-slide-wrap '   ><div class='av-slideshow-caption av-xujpbw-749864b7844703d88252adae337d47ff__0 caption_fullwidth caption_left'><div class=\"container caption_container\"><div class=\"slideshow_caption\"><div class=\"slideshow_inner_caption\"><div class=\"slideshow_align_caption\"><h2 class='avia-caption-title '  itemprop=\"name\" >Ausstellungen 2016<\/h2><\/div><\/div><\/div><\/div><\/div><img decoding=\"async\" fetchpriority=\"high\" class=\"wp-image-1582 avia-img-lazy-loading-not-1582\"  src=\"https:\/\/www.schlosstirol.it\/wp-content\/uploads\/2018\/03\/schloss-tirol_ausstellungen-2016_VOM-ENDE-DER-SCHOENEN-WELT-5-Titel.jpg\" width=\"1500\" height=\"630\" title='' alt=''  itemprop=\"thumbnailUrl\"  style='min-height:300px; min-width:715px; ' srcset=\"https:\/\/www.schlosstirol.it\/wp-content\/uploads\/2018\/03\/schloss-tirol_ausstellungen-2016_VOM-ENDE-DER-SCHOENEN-WELT-5-Titel.jpg 1500w, https:\/\/www.schlosstirol.it\/wp-content\/uploads\/2018\/03\/schloss-tirol_ausstellungen-2016_VOM-ENDE-DER-SCHOENEN-WELT-5-Titel-300x126.jpg 300w, https:\/\/www.schlosstirol.it\/wp-content\/uploads\/2018\/03\/schloss-tirol_ausstellungen-2016_VOM-ENDE-DER-SCHOENEN-WELT-5-Titel-768x323.jpg 768w, https:\/\/www.schlosstirol.it\/wp-content\/uploads\/2018\/03\/schloss-tirol_ausstellungen-2016_VOM-ENDE-DER-SCHOENEN-WELT-5-Titel-1030x433.jpg 1030w, https:\/\/www.schlosstirol.it\/wp-content\/uploads\/2018\/03\/schloss-tirol_ausstellungen-2016_VOM-ENDE-DER-SCHOENEN-WELT-5-Titel-705x296.jpg 705w, https:\/\/www.schlosstirol.it\/wp-content\/uploads\/2018\/03\/schloss-tirol_ausstellungen-2016_VOM-ENDE-DER-SCHOENEN-WELT-5-Titel-450x189.jpg 450w\" sizes=\"(max-width: 1500px) 100vw, 1500px\" \/><\/a><\/li><\/ul><\/div><\/div>\n<div id='vom-ende-der-schoenen-welt'  class='avia-section av-uuvgks-5e5eeec9556f4be09af8fc7a68528651 main_color avia-section-default avia-no-border-styling  avia-builder-el-1  el_after_av_slideshow_full  el_before_av_section  avia-bg-style-scroll container_wrap fullsize'  ><div class='container av-section-cont-open' ><div class='template-page content  av-content-full alpha units'><div class='post-entry post-entry-type-page post-entry-1580'><div class='entry-content-wrapper clearfix'>\n\n<style type=\"text\/css\" data-created_by=\"avia_inline_auto\" id=\"style-css-av-tkc7xo-63c896f5fd5dcdd89cac83a7f06cdb5e\">\n.flex_column.av-tkc7xo-63c896f5fd5dcdd89cac83a7f06cdb5e{\nborder-radius:0px 0px 0px 0px;\npadding:0px 0px 0px 0px;\n}\n<\/style>\n<div  class='flex_column av-tkc7xo-63c896f5fd5dcdd89cac83a7f06cdb5e av_one_third  avia-builder-el-2  el_before_av_two_third  avia-builder-el-first  first flex_column_div av-zero-column-padding  '     ><style type=\"text\/css\" data-created_by=\"avia_inline_auto\" id=\"style-css-av-qq4qik-b0d8cf98bf87c1befbca8431e90a9156\">\n#top .avia-gallery.av-qq4qik-b0d8cf98bf87c1befbca8431e90a9156 .avia-gallery-thumb a{\nwidth:50%;\n}\n<\/style>\n<div  class='avia-gallery av-qq4qik-b0d8cf98bf87c1befbca8431e90a9156 avia_animate_when_visible  avia-builder-el-3  avia-builder-el-no-sibling  deactivate_avia_lazyload avia-gallery-animate avia-gallery-1'  itemprop=\"image\" itemscope=\"itemscope\" itemtype=\"https:\/\/schema.org\/ImageObject\" ><meta itemprop=\"contentURL\" content=\"https:\/\/www.schlosstirol.it\/en\/south-tyrolean-museum\/ausstellungen-2016\/\"><div class='avia-gallery-thumb'><a href=\"https:\/\/www.schlosstirol.it\/wp-content\/uploads\/2018\/03\/schloss-tirol_ausstellungen-2016_VOM-ENDE-DER-SCHOENEN-WELT-4-1030x687.jpg\" data-srcset=\"https:\/\/www.schlosstirol.it\/wp-content\/uploads\/2018\/03\/schloss-tirol_ausstellungen-2016_VOM-ENDE-DER-SCHOENEN-WELT-4.jpg 1030w, https:\/\/www.schlosstirol.it\/wp-content\/uploads\/2018\/03\/schloss-tirol_ausstellungen-2016_VOM-ENDE-DER-SCHOENEN-WELT-4-300x200.jpg 300w, https:\/\/www.schlosstirol.it\/wp-content\/uploads\/2018\/03\/schloss-tirol_ausstellungen-2016_VOM-ENDE-DER-SCHOENEN-WELT-4-768x512.jpg 768w, https:\/\/www.schlosstirol.it\/wp-content\/uploads\/2018\/03\/schloss-tirol_ausstellungen-2016_VOM-ENDE-DER-SCHOENEN-WELT-4-705x470.jpg 705w, https:\/\/www.schlosstirol.it\/wp-content\/uploads\/2018\/03\/schloss-tirol_ausstellungen-2016_VOM-ENDE-DER-SCHOENEN-WELT-4-450x300.jpg 450w\" data-sizes=\"(max-width: 1030px) 100vw, 1030px\" data-rel='gallery-1' data-prev-img='https:\/\/www.schlosstirol.it\/wp-content\/uploads\/2018\/03\/schloss-tirol_ausstellungen-2016_VOM-ENDE-DER-SCHOENEN-WELT-4.jpg' class='first_thumb lightbox ' data-onclick='1' title=''  itemprop=\"thumbnailUrl\"  ><img decoding=\"async\" fetchpriority=\"high\" class=\"wp-image-1608 avia-img-lazy-loading-not-1608\"   src=\"https:\/\/www.schlosstirol.it\/wp-content\/uploads\/2018\/03\/schloss-tirol_ausstellungen-2016_VOM-ENDE-DER-SCHOENEN-WELT-4-495x400.jpg\" width=\"495\" height=\"400\"  title='' alt='' srcset=\"https:\/\/www.schlosstirol.it\/wp-content\/uploads\/2018\/03\/schloss-tirol_ausstellungen-2016_VOM-ENDE-DER-SCHOENEN-WELT-4-495x400.jpg 495w, https:\/\/www.schlosstirol.it\/wp-content\/uploads\/2018\/03\/schloss-tirol_ausstellungen-2016_VOM-ENDE-DER-SCHOENEN-WELT-4-845x684.jpg 845w\" sizes=\"(max-width: 495px) 100vw, 495px\" \/><div class='big-prev-fake'><img decoding=\"async\" loading=\"lazy\" class=\"wp-image-1608 avia-img-lazy-loading-1608\"  width=\"1030\" height=\"687\" src=\"https:\/\/www.schlosstirol.it\/wp-content\/uploads\/2018\/03\/schloss-tirol_ausstellungen-2016_VOM-ENDE-DER-SCHOENEN-WELT-4.jpg\" title='' alt='' srcset=\"https:\/\/www.schlosstirol.it\/wp-content\/uploads\/2018\/03\/schloss-tirol_ausstellungen-2016_VOM-ENDE-DER-SCHOENEN-WELT-4.jpg 1030w, https:\/\/www.schlosstirol.it\/wp-content\/uploads\/2018\/03\/schloss-tirol_ausstellungen-2016_VOM-ENDE-DER-SCHOENEN-WELT-4-300x200.jpg 300w, https:\/\/www.schlosstirol.it\/wp-content\/uploads\/2018\/03\/schloss-tirol_ausstellungen-2016_VOM-ENDE-DER-SCHOENEN-WELT-4-768x512.jpg 768w, https:\/\/www.schlosstirol.it\/wp-content\/uploads\/2018\/03\/schloss-tirol_ausstellungen-2016_VOM-ENDE-DER-SCHOENEN-WELT-4-705x470.jpg 705w, https:\/\/www.schlosstirol.it\/wp-content\/uploads\/2018\/03\/schloss-tirol_ausstellungen-2016_VOM-ENDE-DER-SCHOENEN-WELT-4-450x300.jpg 450w\" sizes=\"auto, (max-width: 1030px) 100vw, 1030px\" \/><\/div><\/a><a href=\"https:\/\/www.schlosstirol.it\/wp-content\/uploads\/2018\/03\/schloss-tirol_ausstellungen-2016_VOM-ENDE-DER-SCHOENEN-WELT-3-1030x687.jpg\" data-srcset=\"https:\/\/www.schlosstirol.it\/wp-content\/uploads\/2018\/03\/schloss-tirol_ausstellungen-2016_VOM-ENDE-DER-SCHOENEN-WELT-3.jpg 1030w, https:\/\/www.schlosstirol.it\/wp-content\/uploads\/2018\/03\/schloss-tirol_ausstellungen-2016_VOM-ENDE-DER-SCHOENEN-WELT-3-300x200.jpg 300w, https:\/\/www.schlosstirol.it\/wp-content\/uploads\/2018\/03\/schloss-tirol_ausstellungen-2016_VOM-ENDE-DER-SCHOENEN-WELT-3-768x512.jpg 768w, https:\/\/www.schlosstirol.it\/wp-content\/uploads\/2018\/03\/schloss-tirol_ausstellungen-2016_VOM-ENDE-DER-SCHOENEN-WELT-3-705x470.jpg 705w, https:\/\/www.schlosstirol.it\/wp-content\/uploads\/2018\/03\/schloss-tirol_ausstellungen-2016_VOM-ENDE-DER-SCHOENEN-WELT-3-450x300.jpg 450w\" data-sizes=\"(max-width: 1030px) 100vw, 1030px\" data-rel='gallery-1' data-prev-img='https:\/\/www.schlosstirol.it\/wp-content\/uploads\/2018\/03\/schloss-tirol_ausstellungen-2016_VOM-ENDE-DER-SCHOENEN-WELT-3.jpg' class='lightbox ' data-onclick='2' title=''  itemprop=\"thumbnailUrl\"  ><img decoding=\"async\" fetchpriority=\"high\" class=\"wp-image-1605 avia-img-lazy-loading-not-1605\"   src=\"https:\/\/www.schlosstirol.it\/wp-content\/uploads\/2018\/03\/schloss-tirol_ausstellungen-2016_VOM-ENDE-DER-SCHOENEN-WELT-3-495x400.jpg\" width=\"495\" height=\"400\"  title='' alt='' srcset=\"https:\/\/www.schlosstirol.it\/wp-content\/uploads\/2018\/03\/schloss-tirol_ausstellungen-2016_VOM-ENDE-DER-SCHOENEN-WELT-3-495x400.jpg 495w, https:\/\/www.schlosstirol.it\/wp-content\/uploads\/2018\/03\/schloss-tirol_ausstellungen-2016_VOM-ENDE-DER-SCHOENEN-WELT-3-845x684.jpg 845w\" sizes=\"(max-width: 495px) 100vw, 495px\" \/><div class='big-prev-fake'><img decoding=\"async\" loading=\"lazy\" class=\"wp-image-1605 avia-img-lazy-loading-1605\"  width=\"1030\" height=\"687\" src=\"https:\/\/www.schlosstirol.it\/wp-content\/uploads\/2018\/03\/schloss-tirol_ausstellungen-2016_VOM-ENDE-DER-SCHOENEN-WELT-3.jpg\" title='' alt='' srcset=\"https:\/\/www.schlosstirol.it\/wp-content\/uploads\/2018\/03\/schloss-tirol_ausstellungen-2016_VOM-ENDE-DER-SCHOENEN-WELT-3.jpg 1030w, https:\/\/www.schlosstirol.it\/wp-content\/uploads\/2018\/03\/schloss-tirol_ausstellungen-2016_VOM-ENDE-DER-SCHOENEN-WELT-3-300x200.jpg 300w, https:\/\/www.schlosstirol.it\/wp-content\/uploads\/2018\/03\/schloss-tirol_ausstellungen-2016_VOM-ENDE-DER-SCHOENEN-WELT-3-768x512.jpg 768w, https:\/\/www.schlosstirol.it\/wp-content\/uploads\/2018\/03\/schloss-tirol_ausstellungen-2016_VOM-ENDE-DER-SCHOENEN-WELT-3-705x470.jpg 705w, https:\/\/www.schlosstirol.it\/wp-content\/uploads\/2018\/03\/schloss-tirol_ausstellungen-2016_VOM-ENDE-DER-SCHOENEN-WELT-3-450x300.jpg 450w\" sizes=\"auto, (max-width: 1030px) 100vw, 1030px\" \/><\/div><\/a><a href=\"https:\/\/www.schlosstirol.it\/wp-content\/uploads\/2018\/03\/schloss-tirol_ausstellungen-2016_VOM-ENDE-DER-SCHOENEN-WELT-5-1030x687.jpg\" data-srcset=\"https:\/\/www.schlosstirol.it\/wp-content\/uploads\/2018\/03\/schloss-tirol_ausstellungen-2016_VOM-ENDE-DER-SCHOENEN-WELT-5.jpg 1030w, https:\/\/www.schlosstirol.it\/wp-content\/uploads\/2018\/03\/schloss-tirol_ausstellungen-2016_VOM-ENDE-DER-SCHOENEN-WELT-5-300x200.jpg 300w, https:\/\/www.schlosstirol.it\/wp-content\/uploads\/2018\/03\/schloss-tirol_ausstellungen-2016_VOM-ENDE-DER-SCHOENEN-WELT-5-768x512.jpg 768w, https:\/\/www.schlosstirol.it\/wp-content\/uploads\/2018\/03\/schloss-tirol_ausstellungen-2016_VOM-ENDE-DER-SCHOENEN-WELT-5-705x470.jpg 705w, https:\/\/www.schlosstirol.it\/wp-content\/uploads\/2018\/03\/schloss-tirol_ausstellungen-2016_VOM-ENDE-DER-SCHOENEN-WELT-5-450x300.jpg 450w\" data-sizes=\"(max-width: 1030px) 100vw, 1030px\" data-rel='gallery-1' data-prev-img='https:\/\/www.schlosstirol.it\/wp-content\/uploads\/2018\/03\/schloss-tirol_ausstellungen-2016_VOM-ENDE-DER-SCHOENEN-WELT-5.jpg' class='first_thumb lightbox ' data-onclick='3' title=''  itemprop=\"thumbnailUrl\"  ><img decoding=\"async\" fetchpriority=\"high\" class=\"wp-image-1611 avia-img-lazy-loading-not-1611\"   src=\"https:\/\/www.schlosstirol.it\/wp-content\/uploads\/2018\/03\/schloss-tirol_ausstellungen-2016_VOM-ENDE-DER-SCHOENEN-WELT-5-495x400.jpg\" width=\"495\" height=\"400\"  title='' alt='Ausstellungen 2016' srcset=\"https:\/\/www.schlosstirol.it\/wp-content\/uploads\/2018\/03\/schloss-tirol_ausstellungen-2016_VOM-ENDE-DER-SCHOENEN-WELT-5-495x400.jpg 495w, https:\/\/www.schlosstirol.it\/wp-content\/uploads\/2018\/03\/schloss-tirol_ausstellungen-2016_VOM-ENDE-DER-SCHOENEN-WELT-5-845x684.jpg 845w\" sizes=\"(max-width: 495px) 100vw, 495px\" \/><div class='big-prev-fake'><img decoding=\"async\" loading=\"lazy\" class=\"wp-image-1611 avia-img-lazy-loading-1611\"  width=\"1030\" height=\"687\" src=\"https:\/\/www.schlosstirol.it\/wp-content\/uploads\/2018\/03\/schloss-tirol_ausstellungen-2016_VOM-ENDE-DER-SCHOENEN-WELT-5.jpg\" title='' alt='Ausstellungen 2016' srcset=\"https:\/\/www.schlosstirol.it\/wp-content\/uploads\/2018\/03\/schloss-tirol_ausstellungen-2016_VOM-ENDE-DER-SCHOENEN-WELT-5.jpg 1030w, https:\/\/www.schlosstirol.it\/wp-content\/uploads\/2018\/03\/schloss-tirol_ausstellungen-2016_VOM-ENDE-DER-SCHOENEN-WELT-5-300x200.jpg 300w, https:\/\/www.schlosstirol.it\/wp-content\/uploads\/2018\/03\/schloss-tirol_ausstellungen-2016_VOM-ENDE-DER-SCHOENEN-WELT-5-768x512.jpg 768w, https:\/\/www.schlosstirol.it\/wp-content\/uploads\/2018\/03\/schloss-tirol_ausstellungen-2016_VOM-ENDE-DER-SCHOENEN-WELT-5-705x470.jpg 705w, https:\/\/www.schlosstirol.it\/wp-content\/uploads\/2018\/03\/schloss-tirol_ausstellungen-2016_VOM-ENDE-DER-SCHOENEN-WELT-5-450x300.jpg 450w\" sizes=\"auto, (max-width: 1030px) 100vw, 1030px\" \/><\/div><\/a><a href=\"https:\/\/www.schlosstirol.it\/wp-content\/uploads\/2018\/03\/schloss-tirol_ausstellungen-2016_VOM-ENDE-DER-SCHOENEN-WELT-2-1030x747.jpg\" data-srcset=\"https:\/\/www.schlosstirol.it\/wp-content\/uploads\/2018\/03\/schloss-tirol_ausstellungen-2016_VOM-ENDE-DER-SCHOENEN-WELT-2.jpg 1030w, https:\/\/www.schlosstirol.it\/wp-content\/uploads\/2018\/03\/schloss-tirol_ausstellungen-2016_VOM-ENDE-DER-SCHOENEN-WELT-2-300x218.jpg 300w, https:\/\/www.schlosstirol.it\/wp-content\/uploads\/2018\/03\/schloss-tirol_ausstellungen-2016_VOM-ENDE-DER-SCHOENEN-WELT-2-768x557.jpg 768w, https:\/\/www.schlosstirol.it\/wp-content\/uploads\/2018\/03\/schloss-tirol_ausstellungen-2016_VOM-ENDE-DER-SCHOENEN-WELT-2-705x511.jpg 705w, https:\/\/www.schlosstirol.it\/wp-content\/uploads\/2018\/03\/schloss-tirol_ausstellungen-2016_VOM-ENDE-DER-SCHOENEN-WELT-2-450x326.jpg 450w\" data-sizes=\"(max-width: 1030px) 100vw, 1030px\" data-rel='gallery-1' data-prev-img='https:\/\/www.schlosstirol.it\/wp-content\/uploads\/2018\/03\/schloss-tirol_ausstellungen-2016_VOM-ENDE-DER-SCHOENEN-WELT-2.jpg' class='lightbox ' data-onclick='4' title=''  itemprop=\"thumbnailUrl\"  ><img decoding=\"async\" fetchpriority=\"high\" class=\"wp-image-1602 avia-img-lazy-loading-not-1602\"   src=\"https:\/\/www.schlosstirol.it\/wp-content\/uploads\/2018\/03\/schloss-tirol_ausstellungen-2016_VOM-ENDE-DER-SCHOENEN-WELT-2-495x400.jpg\" width=\"495\" height=\"400\"  title='' alt='' srcset=\"https:\/\/www.schlosstirol.it\/wp-content\/uploads\/2018\/03\/schloss-tirol_ausstellungen-2016_VOM-ENDE-DER-SCHOENEN-WELT-2-495x400.jpg 495w, https:\/\/www.schlosstirol.it\/wp-content\/uploads\/2018\/03\/schloss-tirol_ausstellungen-2016_VOM-ENDE-DER-SCHOENEN-WELT-2-845x684.jpg 845w\" sizes=\"(max-width: 495px) 100vw, 495px\" \/><div class='big-prev-fake'><img decoding=\"async\" loading=\"lazy\" class=\"wp-image-1602 avia-img-lazy-loading-1602\"  width=\"1030\" height=\"747\" src=\"https:\/\/www.schlosstirol.it\/wp-content\/uploads\/2018\/03\/schloss-tirol_ausstellungen-2016_VOM-ENDE-DER-SCHOENEN-WELT-2.jpg\" title='' alt='' srcset=\"https:\/\/www.schlosstirol.it\/wp-content\/uploads\/2018\/03\/schloss-tirol_ausstellungen-2016_VOM-ENDE-DER-SCHOENEN-WELT-2.jpg 1030w, https:\/\/www.schlosstirol.it\/wp-content\/uploads\/2018\/03\/schloss-tirol_ausstellungen-2016_VOM-ENDE-DER-SCHOENEN-WELT-2-300x218.jpg 300w, https:\/\/www.schlosstirol.it\/wp-content\/uploads\/2018\/03\/schloss-tirol_ausstellungen-2016_VOM-ENDE-DER-SCHOENEN-WELT-2-768x557.jpg 768w, https:\/\/www.schlosstirol.it\/wp-content\/uploads\/2018\/03\/schloss-tirol_ausstellungen-2016_VOM-ENDE-DER-SCHOENEN-WELT-2-705x511.jpg 705w, https:\/\/www.schlosstirol.it\/wp-content\/uploads\/2018\/03\/schloss-tirol_ausstellungen-2016_VOM-ENDE-DER-SCHOENEN-WELT-2-450x326.jpg 450w\" sizes=\"auto, (max-width: 1030px) 100vw, 1030px\" \/><\/div><\/a><a href=\"https:\/\/www.schlosstirol.it\/wp-content\/uploads\/2018\/03\/schloss-tirol_ausstellungen-2016_VOM-ENDE-DER-SCHOENEN-WELT-1-1030x709.jpg\" data-srcset=\"https:\/\/www.schlosstirol.it\/wp-content\/uploads\/2018\/03\/schloss-tirol_ausstellungen-2016_VOM-ENDE-DER-SCHOENEN-WELT-1.jpg 1030w, https:\/\/www.schlosstirol.it\/wp-content\/uploads\/2018\/03\/schloss-tirol_ausstellungen-2016_VOM-ENDE-DER-SCHOENEN-WELT-1-300x207.jpg 300w, https:\/\/www.schlosstirol.it\/wp-content\/uploads\/2018\/03\/schloss-tirol_ausstellungen-2016_VOM-ENDE-DER-SCHOENEN-WELT-1-768x529.jpg 768w, https:\/\/www.schlosstirol.it\/wp-content\/uploads\/2018\/03\/schloss-tirol_ausstellungen-2016_VOM-ENDE-DER-SCHOENEN-WELT-1-705x485.jpg 705w, https:\/\/www.schlosstirol.it\/wp-content\/uploads\/2018\/03\/schloss-tirol_ausstellungen-2016_VOM-ENDE-DER-SCHOENEN-WELT-1-450x310.jpg 450w\" data-sizes=\"(max-width: 1030px) 100vw, 1030px\" data-rel='gallery-1' data-prev-img='https:\/\/www.schlosstirol.it\/wp-content\/uploads\/2018\/03\/schloss-tirol_ausstellungen-2016_VOM-ENDE-DER-SCHOENEN-WELT-1.jpg' class='first_thumb lightbox ' data-onclick='5' title=''  itemprop=\"thumbnailUrl\"  ><img decoding=\"async\" fetchpriority=\"high\" class=\"wp-image-1599 avia-img-lazy-loading-not-1599\"   src=\"https:\/\/www.schlosstirol.it\/wp-content\/uploads\/2018\/03\/schloss-tirol_ausstellungen-2016_VOM-ENDE-DER-SCHOENEN-WELT-1-495x400.jpg\" width=\"495\" height=\"400\"  title='' alt='' srcset=\"https:\/\/www.schlosstirol.it\/wp-content\/uploads\/2018\/03\/schloss-tirol_ausstellungen-2016_VOM-ENDE-DER-SCHOENEN-WELT-1-495x400.jpg 495w, https:\/\/www.schlosstirol.it\/wp-content\/uploads\/2018\/03\/schloss-tirol_ausstellungen-2016_VOM-ENDE-DER-SCHOENEN-WELT-1-845x684.jpg 845w\" sizes=\"(max-width: 495px) 100vw, 495px\" \/><div class='big-prev-fake'><img decoding=\"async\" loading=\"lazy\" class=\"wp-image-1599 avia-img-lazy-loading-1599\"  width=\"1030\" height=\"709\" src=\"https:\/\/www.schlosstirol.it\/wp-content\/uploads\/2018\/03\/schloss-tirol_ausstellungen-2016_VOM-ENDE-DER-SCHOENEN-WELT-1.jpg\" title='' alt='' srcset=\"https:\/\/www.schlosstirol.it\/wp-content\/uploads\/2018\/03\/schloss-tirol_ausstellungen-2016_VOM-ENDE-DER-SCHOENEN-WELT-1.jpg 1030w, https:\/\/www.schlosstirol.it\/wp-content\/uploads\/2018\/03\/schloss-tirol_ausstellungen-2016_VOM-ENDE-DER-SCHOENEN-WELT-1-300x207.jpg 300w, https:\/\/www.schlosstirol.it\/wp-content\/uploads\/2018\/03\/schloss-tirol_ausstellungen-2016_VOM-ENDE-DER-SCHOENEN-WELT-1-768x529.jpg 768w, https:\/\/www.schlosstirol.it\/wp-content\/uploads\/2018\/03\/schloss-tirol_ausstellungen-2016_VOM-ENDE-DER-SCHOENEN-WELT-1-705x485.jpg 705w, https:\/\/www.schlosstirol.it\/wp-content\/uploads\/2018\/03\/schloss-tirol_ausstellungen-2016_VOM-ENDE-DER-SCHOENEN-WELT-1-450x310.jpg 450w\" sizes=\"auto, (max-width: 1030px) 100vw, 1030px\" \/><\/div><\/a><\/div><\/div><\/div>\n<style type=\"text\/css\" data-created_by=\"avia_inline_auto\" id=\"style-css-av-q76ibw-f40608a82f7403cb3457a2e73c07488e\">\n.flex_column.av-q76ibw-f40608a82f7403cb3457a2e73c07488e{\nborder-radius:0px 0px 0px 0px;\npadding:30px 0 30px 0;\n}\n<\/style>\n<div  class='flex_column av-q76ibw-f40608a82f7403cb3457a2e73c07488e av_two_third  avia-builder-el-4  el_after_av_one_third  avia-builder-el-last  flex_column_div  '     ><p>\n<style type=\"text\/css\" data-created_by=\"avia_inline_auto\" id=\"style-css-av-nqya70-b1526d835f5278b7da4b4ae9c4f01344\">\n#top .av-special-heading.av-nqya70-b1526d835f5278b7da4b4ae9c4f01344{\npadding-bottom:20px;\n}\nbody .av-special-heading.av-nqya70-b1526d835f5278b7da4b4ae9c4f01344 .av-special-heading-tag .heading-char{\nfont-size:25px;\n}\n.av-special-heading.av-nqya70-b1526d835f5278b7da4b4ae9c4f01344 .av-subheading{\nfont-size:21px;\n}\n<\/style>\n<div  class='av-special-heading av-nqya70-b1526d835f5278b7da4b4ae9c4f01344 av-special-heading-h2 blockquote modern-quote  avia-builder-el-5  el_before_av_textblock  avia-builder-el-first '><h2 class='av-special-heading-tag '  itemprop=\"headline\"  >Vom Ende der sch\u00f6nen Welt. Tiroler Landschaftsgraphik vor der Moderne.<\/h2><div class='av-subheading av-subheading_below'><p>19.03.2016 &#8211; 12.06.2016<\/p>\n<\/div><div class=\"special-heading-border\"><div class=\"special-heading-inner-border\"><\/div><\/div><\/div><br \/>\n<section  class='av_textblock_section av-maahqk-05e6721992a26301ad29940dd1b70269 '   itemscope=\"itemscope\" itemtype=\"https:\/\/schema.org\/CreativeWork\" ><div class='avia_textblock'  itemprop=\"text\" ><p>Die vielf\u00e4ltige, reizvolle Tiroler Landschaft beeindruckte nicht nur Albrecht D\u00fcrer: Zahlreiche K\u00fcnstler wurden auf ihren Reisen durch das Land im Gebirge inspiriert. Als Bildmotiv w\u00e4hlten viele Zeichner, Stecher und Verleger die unber\u00fchrte Natur, aber auch die dicht bebaute, von Mauern umschlossene Stadt und die technischen Errungenschaften der Vormoderne. Ist dies das Ende der sch\u00f6nen Welt?<\/p>\n<p>Gezeigt wurden teils vertraute, teils \u00fcberraschende Landschaftsfacetten aus Tirol, S\u00fcdtirol und dem Trentino, historische Reiseberichte f\u00fchrten in das Thema der Ausstellung ein. \u00dcber 80 Exponate aus der Sammlung Arnaldo Loner, Bozen, zeigen unterschiedliche Aspekte sowie abwechslungsreiche Blickwinkel der Landschaftsdarstellung aus vier Jahrhunderten.<\/p>\n<p>Von bedrohlichen Gletschern \u00fcber imposanten Burgen bis zum Idyll am See &#8211; eine unverwechselbare Zusammenschau von Tiroler Landschaft, f\u00fcr Ihre ganz pers\u00f6nliche Reise durch das historische Tirol.<\/p>\n<\/div><\/section><\/p><\/div>\n\n<\/div><\/div><\/div><!-- close content main div --><\/div><\/div><div id='mauerschau'  class='avia-section av-l18me4-57c45b8859cbd2e24854b35fd457dbc8 main_color avia-section-default avia-no-border-styling  avia-builder-el-7  el_after_av_section  el_before_av_section  avia-bg-style-scroll container_wrap fullsize'  ><div class='container av-section-cont-open' ><div class='template-page content  av-content-full alpha units'><div class='post-entry post-entry-type-page post-entry-1580'><div class='entry-content-wrapper clearfix'>\n\n<style type=\"text\/css\" data-created_by=\"avia_inline_auto\" id=\"style-css-av-jnz030-7930b91438eb3c2569ec7b54bb9ff01e\">\n.flex_column.av-jnz030-7930b91438eb3c2569ec7b54bb9ff01e{\nborder-radius:0px 0px 0px 0px;\npadding:0px 0px 0px 0px;\n}\n<\/style>\n<div  class='flex_column av-jnz030-7930b91438eb3c2569ec7b54bb9ff01e av_one_third  avia-builder-el-8  el_before_av_two_third  avia-builder-el-first  first flex_column_div av-zero-column-padding  '     ><style type=\"text\/css\" data-created_by=\"avia_inline_auto\" id=\"style-css-av-hxtryk-0033c041643ec16e033a2ab9e725851d\">\n#top .avia-gallery.av-hxtryk-0033c041643ec16e033a2ab9e725851d .avia-gallery-thumb a{\nwidth:50%;\n}\n<\/style>\n<div  class='avia-gallery av-hxtryk-0033c041643ec16e033a2ab9e725851d avia_animate_when_visible  avia-builder-el-9  avia-builder-el-no-sibling  deactivate_avia_lazyload avia-gallery-animate avia-gallery-2'  itemprop=\"image\" itemscope=\"itemscope\" itemtype=\"https:\/\/schema.org\/ImageObject\" ><meta itemprop=\"contentURL\" content=\"https:\/\/www.schlosstirol.it\/en\/south-tyrolean-museum\/ausstellungen-2016\/\"><div class='avia-gallery-thumb'><a href=\"https:\/\/www.schlosstirol.it\/wp-content\/uploads\/2018\/03\/schloss-tirol_ausstellungen-2016_MAUERSCHAU-1-1030x687.jpg\" data-srcset=\"https:\/\/www.schlosstirol.it\/wp-content\/uploads\/2018\/03\/schloss-tirol_ausstellungen-2016_MAUERSCHAU-1.jpg 1030w, https:\/\/www.schlosstirol.it\/wp-content\/uploads\/2018\/03\/schloss-tirol_ausstellungen-2016_MAUERSCHAU-1-300x200.jpg 300w, https:\/\/www.schlosstirol.it\/wp-content\/uploads\/2018\/03\/schloss-tirol_ausstellungen-2016_MAUERSCHAU-1-768x512.jpg 768w, https:\/\/www.schlosstirol.it\/wp-content\/uploads\/2018\/03\/schloss-tirol_ausstellungen-2016_MAUERSCHAU-1-705x470.jpg 705w, https:\/\/www.schlosstirol.it\/wp-content\/uploads\/2018\/03\/schloss-tirol_ausstellungen-2016_MAUERSCHAU-1-450x300.jpg 450w\" data-sizes=\"(max-width: 1030px) 100vw, 1030px\" data-rel='gallery-2' data-prev-img='https:\/\/www.schlosstirol.it\/wp-content\/uploads\/2018\/03\/schloss-tirol_ausstellungen-2016_MAUERSCHAU-1.jpg' class='first_thumb lightbox ' data-onclick='1' title=''  itemprop=\"thumbnailUrl\"  ><img decoding=\"async\" fetchpriority=\"high\" class=\"wp-image-1587 avia-img-lazy-loading-not-1587\"   src=\"https:\/\/www.schlosstirol.it\/wp-content\/uploads\/2018\/03\/schloss-tirol_ausstellungen-2016_MAUERSCHAU-1-495x400.jpg\" width=\"495\" height=\"400\"  title='' alt='' srcset=\"https:\/\/www.schlosstirol.it\/wp-content\/uploads\/2018\/03\/schloss-tirol_ausstellungen-2016_MAUERSCHAU-1-495x400.jpg 495w, https:\/\/www.schlosstirol.it\/wp-content\/uploads\/2018\/03\/schloss-tirol_ausstellungen-2016_MAUERSCHAU-1-845x684.jpg 845w\" sizes=\"(max-width: 495px) 100vw, 495px\" \/><div class='big-prev-fake'><img decoding=\"async\" loading=\"lazy\" class=\"wp-image-1587 avia-img-lazy-loading-1587\"  width=\"1030\" height=\"687\" src=\"https:\/\/www.schlosstirol.it\/wp-content\/uploads\/2018\/03\/schloss-tirol_ausstellungen-2016_MAUERSCHAU-1.jpg\" title='' alt='' srcset=\"https:\/\/www.schlosstirol.it\/wp-content\/uploads\/2018\/03\/schloss-tirol_ausstellungen-2016_MAUERSCHAU-1.jpg 1030w, https:\/\/www.schlosstirol.it\/wp-content\/uploads\/2018\/03\/schloss-tirol_ausstellungen-2016_MAUERSCHAU-1-300x200.jpg 300w, https:\/\/www.schlosstirol.it\/wp-content\/uploads\/2018\/03\/schloss-tirol_ausstellungen-2016_MAUERSCHAU-1-768x512.jpg 768w, https:\/\/www.schlosstirol.it\/wp-content\/uploads\/2018\/03\/schloss-tirol_ausstellungen-2016_MAUERSCHAU-1-705x470.jpg 705w, https:\/\/www.schlosstirol.it\/wp-content\/uploads\/2018\/03\/schloss-tirol_ausstellungen-2016_MAUERSCHAU-1-450x300.jpg 450w\" sizes=\"auto, (max-width: 1030px) 100vw, 1030px\" \/><\/div><\/a><a href=\"https:\/\/www.schlosstirol.it\/wp-content\/uploads\/2018\/03\/schloss-tirol_ausstellungen-2016_MAUERSCHAU-2-1030x687.jpg\" data-srcset=\"https:\/\/www.schlosstirol.it\/wp-content\/uploads\/2018\/03\/schloss-tirol_ausstellungen-2016_MAUERSCHAU-2.jpg 1030w, https:\/\/www.schlosstirol.it\/wp-content\/uploads\/2018\/03\/schloss-tirol_ausstellungen-2016_MAUERSCHAU-2-300x200.jpg 300w, https:\/\/www.schlosstirol.it\/wp-content\/uploads\/2018\/03\/schloss-tirol_ausstellungen-2016_MAUERSCHAU-2-768x512.jpg 768w, https:\/\/www.schlosstirol.it\/wp-content\/uploads\/2018\/03\/schloss-tirol_ausstellungen-2016_MAUERSCHAU-2-705x470.jpg 705w, https:\/\/www.schlosstirol.it\/wp-content\/uploads\/2018\/03\/schloss-tirol_ausstellungen-2016_MAUERSCHAU-2-450x300.jpg 450w\" data-sizes=\"(max-width: 1030px) 100vw, 1030px\" data-rel='gallery-2' data-prev-img='https:\/\/www.schlosstirol.it\/wp-content\/uploads\/2018\/03\/schloss-tirol_ausstellungen-2016_MAUERSCHAU-2.jpg' class='lightbox ' data-onclick='2' title=''  itemprop=\"thumbnailUrl\"  ><img decoding=\"async\" fetchpriority=\"high\" class=\"wp-image-1590 avia-img-lazy-loading-not-1590\"   src=\"https:\/\/www.schlosstirol.it\/wp-content\/uploads\/2018\/03\/schloss-tirol_ausstellungen-2016_MAUERSCHAU-2-495x400.jpg\" width=\"495\" height=\"400\"  title='' alt='' srcset=\"https:\/\/www.schlosstirol.it\/wp-content\/uploads\/2018\/03\/schloss-tirol_ausstellungen-2016_MAUERSCHAU-2-495x400.jpg 495w, https:\/\/www.schlosstirol.it\/wp-content\/uploads\/2018\/03\/schloss-tirol_ausstellungen-2016_MAUERSCHAU-2-845x684.jpg 845w\" sizes=\"(max-width: 495px) 100vw, 495px\" \/><div class='big-prev-fake'><img decoding=\"async\" loading=\"lazy\" class=\"wp-image-1590 avia-img-lazy-loading-1590\"  width=\"1030\" height=\"687\" src=\"https:\/\/www.schlosstirol.it\/wp-content\/uploads\/2018\/03\/schloss-tirol_ausstellungen-2016_MAUERSCHAU-2.jpg\" title='' alt='' srcset=\"https:\/\/www.schlosstirol.it\/wp-content\/uploads\/2018\/03\/schloss-tirol_ausstellungen-2016_MAUERSCHAU-2.jpg 1030w, https:\/\/www.schlosstirol.it\/wp-content\/uploads\/2018\/03\/schloss-tirol_ausstellungen-2016_MAUERSCHAU-2-300x200.jpg 300w, https:\/\/www.schlosstirol.it\/wp-content\/uploads\/2018\/03\/schloss-tirol_ausstellungen-2016_MAUERSCHAU-2-768x512.jpg 768w, https:\/\/www.schlosstirol.it\/wp-content\/uploads\/2018\/03\/schloss-tirol_ausstellungen-2016_MAUERSCHAU-2-705x470.jpg 705w, https:\/\/www.schlosstirol.it\/wp-content\/uploads\/2018\/03\/schloss-tirol_ausstellungen-2016_MAUERSCHAU-2-450x300.jpg 450w\" sizes=\"auto, (max-width: 1030px) 100vw, 1030px\" \/><\/div><\/a><a href=\"https:\/\/www.schlosstirol.it\/wp-content\/uploads\/2018\/03\/schloss-tirol_ausstellungen-2016_MAUERSCHAU-3-1030x687.jpg\" data-srcset=\"https:\/\/www.schlosstirol.it\/wp-content\/uploads\/2018\/03\/schloss-tirol_ausstellungen-2016_MAUERSCHAU-3.jpg 1030w, https:\/\/www.schlosstirol.it\/wp-content\/uploads\/2018\/03\/schloss-tirol_ausstellungen-2016_MAUERSCHAU-3-300x200.jpg 300w, https:\/\/www.schlosstirol.it\/wp-content\/uploads\/2018\/03\/schloss-tirol_ausstellungen-2016_MAUERSCHAU-3-768x512.jpg 768w, https:\/\/www.schlosstirol.it\/wp-content\/uploads\/2018\/03\/schloss-tirol_ausstellungen-2016_MAUERSCHAU-3-705x470.jpg 705w, https:\/\/www.schlosstirol.it\/wp-content\/uploads\/2018\/03\/schloss-tirol_ausstellungen-2016_MAUERSCHAU-3-450x300.jpg 450w\" data-sizes=\"(max-width: 1030px) 100vw, 1030px\" data-rel='gallery-2' data-prev-img='https:\/\/www.schlosstirol.it\/wp-content\/uploads\/2018\/03\/schloss-tirol_ausstellungen-2016_MAUERSCHAU-3.jpg' class='first_thumb lightbox ' data-onclick='3' title=''  itemprop=\"thumbnailUrl\"  ><img decoding=\"async\" fetchpriority=\"high\" class=\"wp-image-1593 avia-img-lazy-loading-not-1593\"   src=\"https:\/\/www.schlosstirol.it\/wp-content\/uploads\/2018\/03\/schloss-tirol_ausstellungen-2016_MAUERSCHAU-3-495x400.jpg\" width=\"495\" height=\"400\"  title='' alt='' srcset=\"https:\/\/www.schlosstirol.it\/wp-content\/uploads\/2018\/03\/schloss-tirol_ausstellungen-2016_MAUERSCHAU-3-495x400.jpg 495w, https:\/\/www.schlosstirol.it\/wp-content\/uploads\/2018\/03\/schloss-tirol_ausstellungen-2016_MAUERSCHAU-3-845x684.jpg 845w\" sizes=\"(max-width: 495px) 100vw, 495px\" \/><div class='big-prev-fake'><img decoding=\"async\" loading=\"lazy\" class=\"wp-image-1593 avia-img-lazy-loading-1593\"  width=\"1030\" height=\"687\" src=\"https:\/\/www.schlosstirol.it\/wp-content\/uploads\/2018\/03\/schloss-tirol_ausstellungen-2016_MAUERSCHAU-3.jpg\" title='' alt='' srcset=\"https:\/\/www.schlosstirol.it\/wp-content\/uploads\/2018\/03\/schloss-tirol_ausstellungen-2016_MAUERSCHAU-3.jpg 1030w, https:\/\/www.schlosstirol.it\/wp-content\/uploads\/2018\/03\/schloss-tirol_ausstellungen-2016_MAUERSCHAU-3-300x200.jpg 300w, https:\/\/www.schlosstirol.it\/wp-content\/uploads\/2018\/03\/schloss-tirol_ausstellungen-2016_MAUERSCHAU-3-768x512.jpg 768w, https:\/\/www.schlosstirol.it\/wp-content\/uploads\/2018\/03\/schloss-tirol_ausstellungen-2016_MAUERSCHAU-3-705x470.jpg 705w, https:\/\/www.schlosstirol.it\/wp-content\/uploads\/2018\/03\/schloss-tirol_ausstellungen-2016_MAUERSCHAU-3-450x300.jpg 450w\" sizes=\"auto, (max-width: 1030px) 100vw, 1030px\" \/><\/div><\/a><a href=\"https:\/\/www.schlosstirol.it\/wp-content\/uploads\/2018\/03\/schloss-tirol_ausstellungen-2016_MAUERSCHAU-4-1030x687.jpg\" data-srcset=\"https:\/\/www.schlosstirol.it\/wp-content\/uploads\/2018\/03\/schloss-tirol_ausstellungen-2016_MAUERSCHAU-4.jpg 1030w, https:\/\/www.schlosstirol.it\/wp-content\/uploads\/2018\/03\/schloss-tirol_ausstellungen-2016_MAUERSCHAU-4-300x200.jpg 300w, https:\/\/www.schlosstirol.it\/wp-content\/uploads\/2018\/03\/schloss-tirol_ausstellungen-2016_MAUERSCHAU-4-768x512.jpg 768w, https:\/\/www.schlosstirol.it\/wp-content\/uploads\/2018\/03\/schloss-tirol_ausstellungen-2016_MAUERSCHAU-4-705x470.jpg 705w, https:\/\/www.schlosstirol.it\/wp-content\/uploads\/2018\/03\/schloss-tirol_ausstellungen-2016_MAUERSCHAU-4-450x300.jpg 450w\" data-sizes=\"(max-width: 1030px) 100vw, 1030px\" data-rel='gallery-2' data-prev-img='https:\/\/www.schlosstirol.it\/wp-content\/uploads\/2018\/03\/schloss-tirol_ausstellungen-2016_MAUERSCHAU-4.jpg' class='lightbox ' data-onclick='4' title=''  itemprop=\"thumbnailUrl\"  ><img decoding=\"async\" fetchpriority=\"high\" class=\"wp-image-1596 avia-img-lazy-loading-not-1596\"   src=\"https:\/\/www.schlosstirol.it\/wp-content\/uploads\/2018\/03\/schloss-tirol_ausstellungen-2016_MAUERSCHAU-4-495x400.jpg\" width=\"495\" height=\"400\"  title='' alt='' srcset=\"https:\/\/www.schlosstirol.it\/wp-content\/uploads\/2018\/03\/schloss-tirol_ausstellungen-2016_MAUERSCHAU-4-495x400.jpg 495w, https:\/\/www.schlosstirol.it\/wp-content\/uploads\/2018\/03\/schloss-tirol_ausstellungen-2016_MAUERSCHAU-4-845x684.jpg 845w\" sizes=\"(max-width: 495px) 100vw, 495px\" \/><div class='big-prev-fake'><img decoding=\"async\" loading=\"lazy\" class=\"wp-image-1596 avia-img-lazy-loading-1596\"  width=\"1030\" height=\"687\" src=\"https:\/\/www.schlosstirol.it\/wp-content\/uploads\/2018\/03\/schloss-tirol_ausstellungen-2016_MAUERSCHAU-4.jpg\" title='' alt='' srcset=\"https:\/\/www.schlosstirol.it\/wp-content\/uploads\/2018\/03\/schloss-tirol_ausstellungen-2016_MAUERSCHAU-4.jpg 1030w, https:\/\/www.schlosstirol.it\/wp-content\/uploads\/2018\/03\/schloss-tirol_ausstellungen-2016_MAUERSCHAU-4-300x200.jpg 300w, https:\/\/www.schlosstirol.it\/wp-content\/uploads\/2018\/03\/schloss-tirol_ausstellungen-2016_MAUERSCHAU-4-768x512.jpg 768w, https:\/\/www.schlosstirol.it\/wp-content\/uploads\/2018\/03\/schloss-tirol_ausstellungen-2016_MAUERSCHAU-4-705x470.jpg 705w, https:\/\/www.schlosstirol.it\/wp-content\/uploads\/2018\/03\/schloss-tirol_ausstellungen-2016_MAUERSCHAU-4-450x300.jpg 450w\" sizes=\"auto, (max-width: 1030px) 100vw, 1030px\" \/><\/div><\/a><\/div><\/div><\/div>\n<style type=\"text\/css\" data-created_by=\"avia_inline_auto\" id=\"style-css-av-1lgkt8-51448715db3a1022e4a7ac5f3d0024bf\">\n.flex_column.av-1lgkt8-51448715db3a1022e4a7ac5f3d0024bf{\nborder-radius:0px 0px 0px 0px;\npadding:30px 0 30px 0;\n}\n<\/style>\n<div  class='flex_column av-1lgkt8-51448715db3a1022e4a7ac5f3d0024bf av_two_third  avia-builder-el-10  el_after_av_one_third  avia-builder-el-last  flex_column_div  '     ><p>\n<style type=\"text\/css\" data-created_by=\"avia_inline_auto\" id=\"style-css-av-ds69cc-15ff1be04d5b4eedff618c33bdeef462\">\n#top .av-special-heading.av-ds69cc-15ff1be04d5b4eedff618c33bdeef462{\npadding-bottom:20px;\n}\nbody .av-special-heading.av-ds69cc-15ff1be04d5b4eedff618c33bdeef462 .av-special-heading-tag .heading-char{\nfont-size:25px;\n}\n.av-special-heading.av-ds69cc-15ff1be04d5b4eedff618c33bdeef462 .av-subheading{\nfont-size:21px;\n}\n<\/style>\n<div  class='av-special-heading av-ds69cc-15ff1be04d5b4eedff618c33bdeef462 av-special-heading-h2 blockquote modern-quote  avia-builder-el-11  el_before_av_textblock  avia-builder-el-first '><h2 class='av-special-heading-tag '  itemprop=\"headline\"  >Mauerschau &#8211; Bauwerk und Denkmal Schloss Tirol<\/h2><div class='av-subheading av-subheading_below'><p>16.07.2016 &#8211; 04.12.2016<\/p>\n<\/div><div class=\"special-heading-border\"><div class=\"special-heading-inner-border\"><\/div><\/div><\/div><br \/>\n<section  class='av_textblock_section av-c7unik-8dc627a49521073f9b11364077efd4b0 '   itemscope=\"itemscope\" itemtype=\"https:\/\/schema.org\/CreativeWork\" ><div class='avia_textblock'  itemprop=\"text\" ><p>Vor genau 200 Jahren, im Jahre 1816, schenkte die Stadt Meran dem Kaiser Franz I. das Stammschloss Tirol nachdem es in den napoleonischen Kriegswirren vor dem Abriss gerettet worden war. Zu dem Anlass fertigte Jakob Ulrich Pirchstaller einen ersten Plan an, die erste Bauforschungsma\u00dfnahme auf Schloss Tirol.<\/p>\n<p>In den letzten drei\u00dfig Jahren wurde das \u201eObjekt\u201c Schloss Tirol wie kein anderes auf seine Baugeschichte hin untersucht: das Entdecken und Deuten von fast unsichtbaren Baun\u00e4hten, die dendrochronologischen Daten der original erhaltenen Bauh\u00f6lzern, die mineralogische Untersuchung der Baumaterialien und die Ger\u00fcstloch-Arch\u00e4ologie sind nur einige der faszinierenden Themen, die in der Ausstellung zur Baugeschichte von Schloss Tirol zur Sprache kommen. Vor fast tausend Jahren sind die \u00e4ltesten Mauern entstanden und seither sind die Arbeiten nie ganz zum Stillstand gekommen. Endlich kommt in einer Ausstellung Schloss Tirol selbst zu Wort, die Mauern geben ihre Geheimnisse preis.<\/p>\n<p>Das zur Ausstellung erscheinende Begleitbuch kann als F\u00fchrer durch die Ausstellung wie auch als Katalog gelesen werden, und mithilfe von Audio-Guides k\u00f6nnen zus\u00e4tzliche Informationen erfragt werden.<\/p>\n<\/div><\/section><\/p><\/div>\n\n<\/div><\/div><\/div><!-- close content main div --><\/div><\/div><div id='michael-hoellrigl'  class='avia-section av-14d0bg-d0a71e962d644055cae75b55150579cf main_color avia-section-default avia-no-border-styling  avia-builder-el-13  el_after_av_section  el_before_av_button_big  avia-bg-style-scroll container_wrap fullsize'  ><div class='container av-section-cont-open' ><div class='template-page content  av-content-full alpha units'><div class='post-entry post-entry-type-page post-entry-1580'><div class='entry-content-wrapper clearfix'>\n\n<style type=\"text\/css\" data-created_by=\"avia_inline_auto\" id=\"style-css-av-8x4tho-5641cdcb965480f4ed239003c87ba6ef\">\n.flex_column.av-8x4tho-5641cdcb965480f4ed239003c87ba6ef{\nborder-radius:0px 0px 0px 0px;\npadding:0px 0px 0px 0px;\n}\n<\/style>\n<div  class='flex_column av-8x4tho-5641cdcb965480f4ed239003c87ba6ef av_one_third  avia-builder-el-14  el_before_av_two_third  avia-builder-el-first  first flex_column_div av-zero-column-padding  '     ><style type=\"text\/css\" data-created_by=\"avia_inline_auto\" id=\"style-css-av-7ilrdo-d1cbab50d1ded5a9495c15cfeb59190d\">\n#top .avia-gallery.av-7ilrdo-d1cbab50d1ded5a9495c15cfeb59190d .avia-gallery-thumb a{\nwidth:50%;\n}\n<\/style>\n<div  class='avia-gallery av-7ilrdo-d1cbab50d1ded5a9495c15cfeb59190d avia_animate_when_visible  avia-builder-el-15  avia-builder-el-no-sibling  deactivate_avia_lazyload avia-gallery-animate avia-gallery-3'  itemprop=\"image\" itemscope=\"itemscope\" itemtype=\"https:\/\/schema.org\/ImageObject\" ><meta itemprop=\"contentURL\" content=\"https:\/\/www.schlosstirol.it\/en\/south-tyrolean-museum\/ausstellungen-2016\/\"><div class='avia-gallery-thumb'><a href=\"https:\/\/www.schlosstirol.it\/wp-content\/uploads\/2018\/03\/schloss-tirol_ausstellungen-2016_MICHAEL-HOELLRIGL-1-1030x687.jpg\" data-srcset=\"https:\/\/www.schlosstirol.it\/wp-content\/uploads\/2018\/03\/schloss-tirol_ausstellungen-2016_MICHAEL-HOELLRIGL-1.jpg 1030w, https:\/\/www.schlosstirol.it\/wp-content\/uploads\/2018\/03\/schloss-tirol_ausstellungen-2016_MICHAEL-HOELLRIGL-1-300x200.jpg 300w, https:\/\/www.schlosstirol.it\/wp-content\/uploads\/2018\/03\/schloss-tirol_ausstellungen-2016_MICHAEL-HOELLRIGL-1-768x512.jpg 768w, https:\/\/www.schlosstirol.it\/wp-content\/uploads\/2018\/03\/schloss-tirol_ausstellungen-2016_MICHAEL-HOELLRIGL-1-705x470.jpg 705w, https:\/\/www.schlosstirol.it\/wp-content\/uploads\/2018\/03\/schloss-tirol_ausstellungen-2016_MICHAEL-HOELLRIGL-1-450x300.jpg 450w\" data-sizes=\"(max-width: 1030px) 100vw, 1030px\" data-rel='gallery-3' data-prev-img='https:\/\/www.schlosstirol.it\/wp-content\/uploads\/2018\/03\/schloss-tirol_ausstellungen-2016_MICHAEL-HOELLRIGL-1.jpg' class='first_thumb lightbox ' data-onclick='1' title=''  itemprop=\"thumbnailUrl\"  ><img decoding=\"async\" fetchpriority=\"high\" class=\"wp-image-1614 avia-img-lazy-loading-not-1614\"   src=\"https:\/\/www.schlosstirol.it\/wp-content\/uploads\/2018\/03\/schloss-tirol_ausstellungen-2016_MICHAEL-HOELLRIGL-1-495x400.jpg\" width=\"495\" height=\"400\"  title='' alt='' srcset=\"https:\/\/www.schlosstirol.it\/wp-content\/uploads\/2018\/03\/schloss-tirol_ausstellungen-2016_MICHAEL-HOELLRIGL-1-495x400.jpg 495w, https:\/\/www.schlosstirol.it\/wp-content\/uploads\/2018\/03\/schloss-tirol_ausstellungen-2016_MICHAEL-HOELLRIGL-1-845x684.jpg 845w\" sizes=\"(max-width: 495px) 100vw, 495px\" \/><div class='big-prev-fake'><img decoding=\"async\" loading=\"lazy\" class=\"wp-image-1614 avia-img-lazy-loading-1614\"  width=\"1030\" height=\"687\" src=\"https:\/\/www.schlosstirol.it\/wp-content\/uploads\/2018\/03\/schloss-tirol_ausstellungen-2016_MICHAEL-HOELLRIGL-1.jpg\" title='' alt='' srcset=\"https:\/\/www.schlosstirol.it\/wp-content\/uploads\/2018\/03\/schloss-tirol_ausstellungen-2016_MICHAEL-HOELLRIGL-1.jpg 1030w, https:\/\/www.schlosstirol.it\/wp-content\/uploads\/2018\/03\/schloss-tirol_ausstellungen-2016_MICHAEL-HOELLRIGL-1-300x200.jpg 300w, https:\/\/www.schlosstirol.it\/wp-content\/uploads\/2018\/03\/schloss-tirol_ausstellungen-2016_MICHAEL-HOELLRIGL-1-768x512.jpg 768w, https:\/\/www.schlosstirol.it\/wp-content\/uploads\/2018\/03\/schloss-tirol_ausstellungen-2016_MICHAEL-HOELLRIGL-1-705x470.jpg 705w, https:\/\/www.schlosstirol.it\/wp-content\/uploads\/2018\/03\/schloss-tirol_ausstellungen-2016_MICHAEL-HOELLRIGL-1-450x300.jpg 450w\" sizes=\"auto, (max-width: 1030px) 100vw, 1030px\" \/><\/div><\/a><a href=\"https:\/\/www.schlosstirol.it\/wp-content\/uploads\/2018\/03\/schloss-tirol_ausstellungen-2016_MICHAEL-HOELLRIGL-2-1030x687.jpg\" data-srcset=\"https:\/\/www.schlosstirol.it\/wp-content\/uploads\/2018\/03\/schloss-tirol_ausstellungen-2016_MICHAEL-HOELLRIGL-2.jpg 1030w, https:\/\/www.schlosstirol.it\/wp-content\/uploads\/2018\/03\/schloss-tirol_ausstellungen-2016_MICHAEL-HOELLRIGL-2-300x200.jpg 300w, https:\/\/www.schlosstirol.it\/wp-content\/uploads\/2018\/03\/schloss-tirol_ausstellungen-2016_MICHAEL-HOELLRIGL-2-768x512.jpg 768w, https:\/\/www.schlosstirol.it\/wp-content\/uploads\/2018\/03\/schloss-tirol_ausstellungen-2016_MICHAEL-HOELLRIGL-2-705x470.jpg 705w, https:\/\/www.schlosstirol.it\/wp-content\/uploads\/2018\/03\/schloss-tirol_ausstellungen-2016_MICHAEL-HOELLRIGL-2-450x300.jpg 450w\" data-sizes=\"(max-width: 1030px) 100vw, 1030px\" data-rel='gallery-3' data-prev-img='https:\/\/www.schlosstirol.it\/wp-content\/uploads\/2018\/03\/schloss-tirol_ausstellungen-2016_MICHAEL-HOELLRIGL-2.jpg' class='lightbox ' data-onclick='2' title=''  itemprop=\"thumbnailUrl\"  ><img decoding=\"async\" fetchpriority=\"high\" class=\"wp-image-1617 avia-img-lazy-loading-not-1617\"   src=\"https:\/\/www.schlosstirol.it\/wp-content\/uploads\/2018\/03\/schloss-tirol_ausstellungen-2016_MICHAEL-HOELLRIGL-2-495x400.jpg\" width=\"495\" height=\"400\"  title='' alt='' srcset=\"https:\/\/www.schlosstirol.it\/wp-content\/uploads\/2018\/03\/schloss-tirol_ausstellungen-2016_MICHAEL-HOELLRIGL-2-495x400.jpg 495w, https:\/\/www.schlosstirol.it\/wp-content\/uploads\/2018\/03\/schloss-tirol_ausstellungen-2016_MICHAEL-HOELLRIGL-2-845x684.jpg 845w\" sizes=\"(max-width: 495px) 100vw, 495px\" \/><div class='big-prev-fake'><img decoding=\"async\" loading=\"lazy\" class=\"wp-image-1617 avia-img-lazy-loading-1617\"  width=\"1030\" height=\"687\" src=\"https:\/\/www.schlosstirol.it\/wp-content\/uploads\/2018\/03\/schloss-tirol_ausstellungen-2016_MICHAEL-HOELLRIGL-2.jpg\" title='' alt='' srcset=\"https:\/\/www.schlosstirol.it\/wp-content\/uploads\/2018\/03\/schloss-tirol_ausstellungen-2016_MICHAEL-HOELLRIGL-2.jpg 1030w, https:\/\/www.schlosstirol.it\/wp-content\/uploads\/2018\/03\/schloss-tirol_ausstellungen-2016_MICHAEL-HOELLRIGL-2-300x200.jpg 300w, https:\/\/www.schlosstirol.it\/wp-content\/uploads\/2018\/03\/schloss-tirol_ausstellungen-2016_MICHAEL-HOELLRIGL-2-768x512.jpg 768w, https:\/\/www.schlosstirol.it\/wp-content\/uploads\/2018\/03\/schloss-tirol_ausstellungen-2016_MICHAEL-HOELLRIGL-2-705x470.jpg 705w, https:\/\/www.schlosstirol.it\/wp-content\/uploads\/2018\/03\/schloss-tirol_ausstellungen-2016_MICHAEL-HOELLRIGL-2-450x300.jpg 450w\" sizes=\"auto, (max-width: 1030px) 100vw, 1030px\" \/><\/div><\/a><a href=\"https:\/\/www.schlosstirol.it\/wp-content\/uploads\/2018\/03\/schloss-tirol_ausstellungen-2016_MICHAEL-HOELLRIGL-3-1030x687.jpg\" data-srcset=\"https:\/\/www.schlosstirol.it\/wp-content\/uploads\/2018\/03\/schloss-tirol_ausstellungen-2016_MICHAEL-HOELLRIGL-3.jpg 1030w, https:\/\/www.schlosstirol.it\/wp-content\/uploads\/2018\/03\/schloss-tirol_ausstellungen-2016_MICHAEL-HOELLRIGL-3-300x200.jpg 300w, https:\/\/www.schlosstirol.it\/wp-content\/uploads\/2018\/03\/schloss-tirol_ausstellungen-2016_MICHAEL-HOELLRIGL-3-768x512.jpg 768w, https:\/\/www.schlosstirol.it\/wp-content\/uploads\/2018\/03\/schloss-tirol_ausstellungen-2016_MICHAEL-HOELLRIGL-3-705x470.jpg 705w, https:\/\/www.schlosstirol.it\/wp-content\/uploads\/2018\/03\/schloss-tirol_ausstellungen-2016_MICHAEL-HOELLRIGL-3-450x300.jpg 450w\" data-sizes=\"(max-width: 1030px) 100vw, 1030px\" data-rel='gallery-3' data-prev-img='https:\/\/www.schlosstirol.it\/wp-content\/uploads\/2018\/03\/schloss-tirol_ausstellungen-2016_MICHAEL-HOELLRIGL-3.jpg' class='first_thumb lightbox ' data-onclick='3' title=''  itemprop=\"thumbnailUrl\"  ><img decoding=\"async\" fetchpriority=\"high\" class=\"wp-image-1620 avia-img-lazy-loading-not-1620\"   src=\"https:\/\/www.schlosstirol.it\/wp-content\/uploads\/2018\/03\/schloss-tirol_ausstellungen-2016_MICHAEL-HOELLRIGL-3-495x400.jpg\" width=\"495\" height=\"400\"  title='' alt='' srcset=\"https:\/\/www.schlosstirol.it\/wp-content\/uploads\/2018\/03\/schloss-tirol_ausstellungen-2016_MICHAEL-HOELLRIGL-3-495x400.jpg 495w, https:\/\/www.schlosstirol.it\/wp-content\/uploads\/2018\/03\/schloss-tirol_ausstellungen-2016_MICHAEL-HOELLRIGL-3-845x684.jpg 845w\" sizes=\"(max-width: 495px) 100vw, 495px\" \/><div class='big-prev-fake'><img decoding=\"async\" loading=\"lazy\" class=\"wp-image-1620 avia-img-lazy-loading-1620\"  width=\"1030\" height=\"687\" src=\"https:\/\/www.schlosstirol.it\/wp-content\/uploads\/2018\/03\/schloss-tirol_ausstellungen-2016_MICHAEL-HOELLRIGL-3.jpg\" title='' alt='' srcset=\"https:\/\/www.schlosstirol.it\/wp-content\/uploads\/2018\/03\/schloss-tirol_ausstellungen-2016_MICHAEL-HOELLRIGL-3.jpg 1030w, https:\/\/www.schlosstirol.it\/wp-content\/uploads\/2018\/03\/schloss-tirol_ausstellungen-2016_MICHAEL-HOELLRIGL-3-300x200.jpg 300w, https:\/\/www.schlosstirol.it\/wp-content\/uploads\/2018\/03\/schloss-tirol_ausstellungen-2016_MICHAEL-HOELLRIGL-3-768x512.jpg 768w, https:\/\/www.schlosstirol.it\/wp-content\/uploads\/2018\/03\/schloss-tirol_ausstellungen-2016_MICHAEL-HOELLRIGL-3-705x470.jpg 705w, https:\/\/www.schlosstirol.it\/wp-content\/uploads\/2018\/03\/schloss-tirol_ausstellungen-2016_MICHAEL-HOELLRIGL-3-450x300.jpg 450w\" sizes=\"auto, (max-width: 1030px) 100vw, 1030px\" \/><\/div><\/a><\/div><\/div><\/div>\n<style type=\"text\/css\" data-created_by=\"avia_inline_auto\" id=\"style-css-av-5l9tzg-26efb44f6d18ee9514146e547d885827\">\n.flex_column.av-5l9tzg-26efb44f6d18ee9514146e547d885827{\nborder-radius:0px 0px 0px 0px;\npadding:30px 0 30px 0;\n}\n<\/style>\n<div  class='flex_column av-5l9tzg-26efb44f6d18ee9514146e547d885827 av_two_third  avia-builder-el-16  el_after_av_one_third  avia-builder-el-last  flex_column_div  '     ><p>\n<style type=\"text\/css\" data-created_by=\"avia_inline_auto\" id=\"style-css-av-3uoqvg-598a3e66b8dd6ed6862098e3a5fa9ea8\">\n#top .av-special-heading.av-3uoqvg-598a3e66b8dd6ed6862098e3a5fa9ea8{\npadding-bottom:20px;\n}\nbody .av-special-heading.av-3uoqvg-598a3e66b8dd6ed6862098e3a5fa9ea8 .av-special-heading-tag .heading-char{\nfont-size:25px;\n}\n.av-special-heading.av-3uoqvg-598a3e66b8dd6ed6862098e3a5fa9ea8 .av-subheading{\nfont-size:21px;\n}\n<\/style>\n<div  class='av-special-heading av-3uoqvg-598a3e66b8dd6ed6862098e3a5fa9ea8 av-special-heading-h2 blockquote modern-quote  avia-builder-el-17  el_before_av_textblock  avia-builder-el-first '><h2 class='av-special-heading-tag '  itemprop=\"headline\"  >Michael H\u00f6llrigl: Bildhauer, Zeichner, Radierer<\/h2><div class='av-subheading av-subheading_below'><p>08.10.2016 &#8211; 27.08.2017<\/p>\n<\/div><div class=\"special-heading-border\"><div class=\"special-heading-inner-border\"><\/div><\/div><\/div><br \/>\n<section  class='av_textblock_section av-28xhh8-2ddfb3a171f55431aa2b86d040e5f5b3 '   itemscope=\"itemscope\" itemtype=\"https:\/\/schema.org\/CreativeWork\" ><div class='avia_textblock'  itemprop=\"text\" ><p>Der Bergfried von Schloss Tirol, nach einer l\u00e4ngeren Phase der inhaltlichen und gestalterischen Erneuerung im September 2016 wiederer\u00f6ffnet, beinhaltet das j\u00fcngere Geschichtsged\u00e4chtnis S\u00fcdtirols.<\/p>\n<p>Dem rostst\u00e4hlernen, an das Allerheiligste eines alten Tempels erinnernden Geh\u00e4use an der Zinne des Turms kommt die Aufgabe zu, den k\u00fcnstlerischen Statements der j\u00fcngsten Vergangenheit und der Gegenwart Raum zu geben, und so neben der kognitiven Ebene auch die sinnliche anzusprechen.<br \/>\nDie erste Ausstellung im neuen Format ist dem Bildhauer und Grafiker Michael H\u00f6llrigl aus Lana gewidmet. H\u00f6llrigl hat\u00a0 am 29. November 2016 sein achtzigstes Lebensjahr vollgeendet. Dies wird zum Anlass genommen, sein graphisches Werk in einer verschlankten Auswahl ins Auge zu fassen und es, das ansonsten im Verborgenen ruht, den BesucherInnen bekannt zu machen.<\/p>\n<p>Die breite, \u00fcber Jahrzehnte w\u00e4hrende Schaffenspalette ger\u00e4t hier in eine formale Extraktion, die Heinrich Schwazer vorgenommen hat. Im Austellungsraum wird eine Auswahl von Grafiken, u.a. aus dem \u201eFries der schwarzen Frauen\u201c gezeigt. Das umfangreiche bildhauerische Werk H\u00f6llrigls repr\u00e4sentiert zuunterst des Turms die Bronzeplastik einer liegenden Frau, zusammen mit einer Aluminium-Installation auf der obersten Ebene.<\/p>\n<\/div><\/section><\/p><\/div>\n\n<div  class='avia-button-wrap avia-button-center  avia-builder-el-19  el_after_av_section  avia-builder-el-last '>\n<style type=\"text\/css\" data-created_by=\"avia_inline_auto\" id=\"style-css-av-jlxtewdk-1eecd86b3e70274c4abac37fa6a7c9fc\">\n#top #wrap_all .avia-button.av-jlxtewdk-1eecd86b3e70274c4abac37fa6a7c9fc{\ncolor:#ffffff;\ntransition:all 0.4s ease-in-out;\n}\n#top #wrap_all .avia-button.av-jlxtewdk-1eecd86b3e70274c4abac37fa6a7c9fc:hover{\ncolor:#ffffff;\ntransition:all 0.4s ease-in-out;\n}\n#top #wrap_all .avia-button.av-jlxtewdk-1eecd86b3e70274c4abac37fa6a7c9fc .avia-svg-icon svg:first-child{\nfill:#ffffff;\nstroke:#ffffff;\n}\n#top #wrap_all .avia-button.av-jlxtewdk-1eecd86b3e70274c4abac37fa6a7c9fc:hover .avia-svg-icon svg:first-child{\nfill:#ffffff;\nstroke:#ffffff;\n}\n<\/style>\n<a href='' class='avia-color-theme-color avia-button avia-button-fullwidth av-jlxtewdk-1eecd86b3e70274c4abac37fa6a7c9fc avia-icon_select-yes-left-icon avia-color-theme-color'   aria-label=\"AUSSTELLUNGEN ARCHIV\"><span class='avia_button_icon avia_button_icon_left avia-svg-icon avia-font-svg_entypo-fontello' data-av_svg_icon='archive' data-av_iconset='svg_entypo-fontello'><svg version=\"1.1\" xmlns=\"http:\/\/www.w3.org\/2000\/svg\" width=\"31\" height=\"32\" viewBox=\"0 0 31 32\" preserveAspectRatio=\"xMidYMid meet\" aria-labelledby='av-svg-title-1' aria-describedby='av-svg-desc-1' role=\"graphics-symbol\">\n<title id='av-svg-title-1'>Archive<\/title>\n<desc id='av-svg-desc-1'>Archive<\/desc>\n<path d=\"M26.88 8v1.6h-22.272v-1.6q0-0.704 0.416-1.12t0.8-0.48h19.456q0.192 0 0.448 0.032t0.704 0.448 0.448 1.12zM22.144 3.2q0.192 0 0.448 0.032t0.704 0.448 0.448 1.12h-15.936q0-0.704 0.416-1.12t0.8-0.48h13.12zM30.080 9.6q1.088 1.024 1.216 1.472 0.192 0.576 0 1.728l-2.432 14.4q-0.128 0.704-0.64 1.12t-0.896 0.48h-22.72q-1.664 0-1.92-1.6-0.192-0.832-1.248-7.136t-1.248-7.264q-0.32-0.704-0.096-1.408t0.32-0.832 0.672-0.64l1.28-1.28v2.56h26.752v-2.56zM22.144 18.24v-3.2h-2.24v2.56h-8.32v-2.56h-2.176v3.2q0 1.6 1.536 1.6h9.6q0.704 0 1.12-0.384t0.416-0.768z\"><\/path>\n<\/svg><\/span><span class='avia_iconbox_title' >AUSSTELLUNGEN ARCHIV<\/span><span class='avia_button_background avia-button avia-button-fullwidth avia-color-theme-color-highlight'><\/span><\/a><\/div>\n","protected":false},"excerpt":{"rendered":"","protected":false},"author":1,"featured_media":1610,"comment_status":"closed","ping_status":"closed","template":"","meta":{"footnotes":""},"tags":[],"portfolio_entries":[26],"class_list":["post-1580","portfolio","type-portfolio","status-publish","has-post-thumbnail","hentry","portfolio_entries-ausstellungen-2016"],"yoast_head":"<!-- This site is optimized with the Yoast SEO plugin v27.5 - https:\/\/yoast.com\/product\/yoast-seo-wordpress\/ -->\n<title>Ausstellungen 2016 - Castle Tyrol - South Tyrolean Museum of Culture<\/title>\n<meta name=\"description\" content=\"Schloss Tirol Ausstellungen 2016\" \/>\n<meta name=\"robots\" content=\"index, follow, max-snippet:-1, max-image-preview:large, max-video-preview:-1\" \/>\n<link rel=\"canonical\" href=\"https:\/\/www.schlosstirol.it\/en\/south-tyrolean-museum\/ausstellungen-2016\/\" \/>\n<meta property=\"og:locale\" content=\"en_US\" \/>\n<meta property=\"og:type\" content=\"article\" \/>\n<meta property=\"og:title\" content=\"Ausstellungen 2016 - Castle Tyrol - South Tyrolean Museum of Culture\" \/>\n<meta property=\"og:description\" content=\"Schloss Tirol Ausstellungen 2016\" \/>\n<meta property=\"og:url\" content=\"https:\/\/www.schlosstirol.it\/en\/south-tyrolean-museum\/ausstellungen-2016\/\" \/>\n<meta property=\"og:site_name\" content=\"Castle Tyrol - South Tyrolean Museum of Culture\" \/>\n<meta property=\"article:publisher\" content=\"https:\/\/www.facebook.com\/schlosstirol.casteltirolo\" \/>\n<meta property=\"article:modified_time\" content=\"2019-01-30T10:28:17+00:00\" \/>\n<meta property=\"og:image\" content=\"https:\/\/www.schlosstirol.it\/wp-content\/uploads\/2018\/03\/schloss-tirol_ausstellungen-2016_VOM-ENDE-DER-SCHOENEN-WELT-5.jpg\" \/>\n\t<meta property=\"og:image:width\" content=\"1030\" \/>\n\t<meta property=\"og:image:height\" content=\"687\" \/>\n\t<meta property=\"og:image:type\" content=\"image\/jpeg\" \/>\n<meta name=\"twitter:card\" content=\"summary_large_image\" \/>\n<meta name=\"twitter:label1\" content=\"Est. reading time\" \/>\n\t<meta name=\"twitter:data1\" content=\"9 minutes\" \/>\n<script type=\"application\/ld+json\" class=\"yoast-schema-graph\">{\"@context\":\"https:\\\/\\\/schema.org\",\"@graph\":[{\"@type\":\"WebPage\",\"@id\":\"https:\\\/\\\/www.schlosstirol.it\\\/en\\\/south-tyrolean-museum\\\/ausstellungen-2016\\\/\",\"url\":\"https:\\\/\\\/www.schlosstirol.it\\\/en\\\/south-tyrolean-museum\\\/ausstellungen-2016\\\/\",\"name\":\"Ausstellungen 2016 - Castle Tyrol - South Tyrolean Museum of Culture\",\"isPartOf\":{\"@id\":\"https:\\\/\\\/www.schlosstirol.it\\\/en\\\/#website\"},\"primaryImageOfPage\":{\"@id\":\"https:\\\/\\\/www.schlosstirol.it\\\/en\\\/south-tyrolean-museum\\\/ausstellungen-2016\\\/#primaryimage\"},\"image\":{\"@id\":\"https:\\\/\\\/www.schlosstirol.it\\\/en\\\/south-tyrolean-museum\\\/ausstellungen-2016\\\/#primaryimage\"},\"thumbnailUrl\":\"https:\\\/\\\/www.schlosstirol.it\\\/wp-content\\\/uploads\\\/2018\\\/03\\\/schloss-tirol_ausstellungen-2016_VOM-ENDE-DER-SCHOENEN-WELT-5.jpg\",\"datePublished\":\"2018-03-07T14:49:13+00:00\",\"dateModified\":\"2019-01-30T10:28:17+00:00\",\"description\":\"Schloss Tirol Ausstellungen 2016\",\"breadcrumb\":{\"@id\":\"https:\\\/\\\/www.schlosstirol.it\\\/en\\\/south-tyrolean-museum\\\/ausstellungen-2016\\\/#breadcrumb\"},\"inLanguage\":\"en-US\",\"potentialAction\":[{\"@type\":\"ReadAction\",\"target\":[\"https:\\\/\\\/www.schlosstirol.it\\\/en\\\/south-tyrolean-museum\\\/ausstellungen-2016\\\/\"]}]},{\"@type\":\"ImageObject\",\"inLanguage\":\"en-US\",\"@id\":\"https:\\\/\\\/www.schlosstirol.it\\\/en\\\/south-tyrolean-museum\\\/ausstellungen-2016\\\/#primaryimage\",\"url\":\"https:\\\/\\\/www.schlosstirol.it\\\/wp-content\\\/uploads\\\/2018\\\/03\\\/schloss-tirol_ausstellungen-2016_VOM-ENDE-DER-SCHOENEN-WELT-5.jpg\",\"contentUrl\":\"https:\\\/\\\/www.schlosstirol.it\\\/wp-content\\\/uploads\\\/2018\\\/03\\\/schloss-tirol_ausstellungen-2016_VOM-ENDE-DER-SCHOENEN-WELT-5.jpg\",\"width\":1030,\"height\":687,\"caption\":\"Ausstellungen 2016\"},{\"@type\":\"BreadcrumbList\",\"@id\":\"https:\\\/\\\/www.schlosstirol.it\\\/en\\\/south-tyrolean-museum\\\/ausstellungen-2016\\\/#breadcrumb\",\"itemListElement\":[{\"@type\":\"ListItem\",\"position\":1,\"name\":\"Startseite\",\"item\":\"https:\\\/\\\/www.schlosstirol.it\\\/en\\\/castle-tyrol\\\/\"},{\"@type\":\"ListItem\",\"position\":2,\"name\":\"Ausstellungen 2016\"}]},{\"@type\":\"WebSite\",\"@id\":\"https:\\\/\\\/www.schlosstirol.it\\\/en\\\/#website\",\"url\":\"https:\\\/\\\/www.schlosstirol.it\\\/en\\\/\",\"name\":\"Castle Tyrol - South Tyrolean Museum of Culture\",\"description\":\"South Tyrolean Museum of Culture and Provincial History\",\"publisher\":{\"@id\":\"https:\\\/\\\/www.schlosstirol.it\\\/en\\\/#organization\"},\"potentialAction\":[{\"@type\":\"SearchAction\",\"target\":{\"@type\":\"EntryPoint\",\"urlTemplate\":\"https:\\\/\\\/www.schlosstirol.it\\\/en\\\/?s={search_term_string}\"},\"query-input\":{\"@type\":\"PropertyValueSpecification\",\"valueRequired\":true,\"valueName\":\"search_term_string\"}}],\"inLanguage\":\"en-US\"},{\"@type\":\"Organization\",\"@id\":\"https:\\\/\\\/www.schlosstirol.it\\\/en\\\/#organization\",\"name\":\"Castle Tyrol\",\"url\":\"https:\\\/\\\/www.schlosstirol.it\\\/en\\\/\",\"logo\":{\"@type\":\"ImageObject\",\"inLanguage\":\"en-US\",\"@id\":\"https:\\\/\\\/www.schlosstirol.it\\\/en\\\/#\\\/schema\\\/logo\\\/image\\\/\",\"url\":\"https:\\\/\\\/www.schlosstirol.it\\\/wp-content\\\/uploads\\\/2018\\\/09\\\/schloss-tirol_logo-impressum.png\",\"contentUrl\":\"https:\\\/\\\/www.schlosstirol.it\\\/wp-content\\\/uploads\\\/2018\\\/09\\\/schloss-tirol_logo-impressum.png\",\"width\":1030,\"height\":687,\"caption\":\"Castle Tyrol\"},\"image\":{\"@id\":\"https:\\\/\\\/www.schlosstirol.it\\\/en\\\/#\\\/schema\\\/logo\\\/image\\\/\"},\"sameAs\":[\"https:\\\/\\\/www.facebook.com\\\/schlosstirol.casteltirolo\"]}]}<\/script>\n<!-- \/ Yoast SEO plugin. -->","yoast_head_json":{"title":"Ausstellungen 2016 - Castle Tyrol - South Tyrolean Museum of Culture","description":"Schloss Tirol Ausstellungen 2016","robots":{"index":"index","follow":"follow","max-snippet":"max-snippet:-1","max-image-preview":"max-image-preview:large","max-video-preview":"max-video-preview:-1"},"canonical":"https:\/\/www.schlosstirol.it\/en\/south-tyrolean-museum\/ausstellungen-2016\/","og_locale":"en_US","og_type":"article","og_title":"Ausstellungen 2016 - Castle Tyrol - South Tyrolean Museum of Culture","og_description":"Schloss Tirol Ausstellungen 2016","og_url":"https:\/\/www.schlosstirol.it\/en\/south-tyrolean-museum\/ausstellungen-2016\/","og_site_name":"Castle Tyrol - South Tyrolean Museum of Culture","article_publisher":"https:\/\/www.facebook.com\/schlosstirol.casteltirolo","article_modified_time":"2019-01-30T10:28:17+00:00","og_image":[{"width":1030,"height":687,"url":"https:\/\/www.schlosstirol.it\/wp-content\/uploads\/2018\/03\/schloss-tirol_ausstellungen-2016_VOM-ENDE-DER-SCHOENEN-WELT-5.jpg","type":"image\/jpeg"}],"twitter_card":"summary_large_image","twitter_misc":{"Est. reading time":"9 minutes"},"schema":{"@context":"https:\/\/schema.org","@graph":[{"@type":"WebPage","@id":"https:\/\/www.schlosstirol.it\/en\/south-tyrolean-museum\/ausstellungen-2016\/","url":"https:\/\/www.schlosstirol.it\/en\/south-tyrolean-museum\/ausstellungen-2016\/","name":"Ausstellungen 2016 - Castle Tyrol - South Tyrolean Museum of Culture","isPartOf":{"@id":"https:\/\/www.schlosstirol.it\/en\/#website"},"primaryImageOfPage":{"@id":"https:\/\/www.schlosstirol.it\/en\/south-tyrolean-museum\/ausstellungen-2016\/#primaryimage"},"image":{"@id":"https:\/\/www.schlosstirol.it\/en\/south-tyrolean-museum\/ausstellungen-2016\/#primaryimage"},"thumbnailUrl":"https:\/\/www.schlosstirol.it\/wp-content\/uploads\/2018\/03\/schloss-tirol_ausstellungen-2016_VOM-ENDE-DER-SCHOENEN-WELT-5.jpg","datePublished":"2018-03-07T14:49:13+00:00","dateModified":"2019-01-30T10:28:17+00:00","description":"Schloss Tirol Ausstellungen 2016","breadcrumb":{"@id":"https:\/\/www.schlosstirol.it\/en\/south-tyrolean-museum\/ausstellungen-2016\/#breadcrumb"},"inLanguage":"en-US","potentialAction":[{"@type":"ReadAction","target":["https:\/\/www.schlosstirol.it\/en\/south-tyrolean-museum\/ausstellungen-2016\/"]}]},{"@type":"ImageObject","inLanguage":"en-US","@id":"https:\/\/www.schlosstirol.it\/en\/south-tyrolean-museum\/ausstellungen-2016\/#primaryimage","url":"https:\/\/www.schlosstirol.it\/wp-content\/uploads\/2018\/03\/schloss-tirol_ausstellungen-2016_VOM-ENDE-DER-SCHOENEN-WELT-5.jpg","contentUrl":"https:\/\/www.schlosstirol.it\/wp-content\/uploads\/2018\/03\/schloss-tirol_ausstellungen-2016_VOM-ENDE-DER-SCHOENEN-WELT-5.jpg","width":1030,"height":687,"caption":"Ausstellungen 2016"},{"@type":"BreadcrumbList","@id":"https:\/\/www.schlosstirol.it\/en\/south-tyrolean-museum\/ausstellungen-2016\/#breadcrumb","itemListElement":[{"@type":"ListItem","position":1,"name":"Startseite","item":"https:\/\/www.schlosstirol.it\/en\/castle-tyrol\/"},{"@type":"ListItem","position":2,"name":"Ausstellungen 2016"}]},{"@type":"WebSite","@id":"https:\/\/www.schlosstirol.it\/en\/#website","url":"https:\/\/www.schlosstirol.it\/en\/","name":"Castle Tyrol - South Tyrolean Museum of Culture","description":"South Tyrolean Museum of Culture and Provincial History","publisher":{"@id":"https:\/\/www.schlosstirol.it\/en\/#organization"},"potentialAction":[{"@type":"SearchAction","target":{"@type":"EntryPoint","urlTemplate":"https:\/\/www.schlosstirol.it\/en\/?s={search_term_string}"},"query-input":{"@type":"PropertyValueSpecification","valueRequired":true,"valueName":"search_term_string"}}],"inLanguage":"en-US"},{"@type":"Organization","@id":"https:\/\/www.schlosstirol.it\/en\/#organization","name":"Castle Tyrol","url":"https:\/\/www.schlosstirol.it\/en\/","logo":{"@type":"ImageObject","inLanguage":"en-US","@id":"https:\/\/www.schlosstirol.it\/en\/#\/schema\/logo\/image\/","url":"https:\/\/www.schlosstirol.it\/wp-content\/uploads\/2018\/09\/schloss-tirol_logo-impressum.png","contentUrl":"https:\/\/www.schlosstirol.it\/wp-content\/uploads\/2018\/09\/schloss-tirol_logo-impressum.png","width":1030,"height":687,"caption":"Castle Tyrol"},"image":{"@id":"https:\/\/www.schlosstirol.it\/en\/#\/schema\/logo\/image\/"},"sameAs":["https:\/\/www.facebook.com\/schlosstirol.casteltirolo"]}]}},"_links":{"self":[{"href":"https:\/\/www.schlosstirol.it\/en\/wp-json\/wp\/v2\/portfolio\/1580","targetHints":{"allow":["GET"]}}],"collection":[{"href":"https:\/\/www.schlosstirol.it\/en\/wp-json\/wp\/v2\/portfolio"}],"about":[{"href":"https:\/\/www.schlosstirol.it\/en\/wp-json\/wp\/v2\/types\/portfolio"}],"author":[{"embeddable":true,"href":"https:\/\/www.schlosstirol.it\/en\/wp-json\/wp\/v2\/users\/1"}],"replies":[{"embeddable":true,"href":"https:\/\/www.schlosstirol.it\/en\/wp-json\/wp\/v2\/comments?post=1580"}],"version-history":[{"count":0,"href":"https:\/\/www.schlosstirol.it\/en\/wp-json\/wp\/v2\/portfolio\/1580\/revisions"}],"wp:featuredmedia":[{"embeddable":true,"href":"https:\/\/www.schlosstirol.it\/en\/wp-json\/wp\/v2\/media\/1610"}],"wp:attachment":[{"href":"https:\/\/www.schlosstirol.it\/en\/wp-json\/wp\/v2\/media?parent=1580"}],"wp:term":[{"taxonomy":"post_tag","embeddable":true,"href":"https:\/\/www.schlosstirol.it\/en\/wp-json\/wp\/v2\/tags?post=1580"},{"taxonomy":"portfolio_entries","embeddable":true,"href":"https:\/\/www.schlosstirol.it\/en\/wp-json\/wp\/v2\/portfolio_entries?post=1580"}],"curies":[{"name":"wp","href":"https:\/\/api.w.org\/{rel}","templated":true}]}}