{"id":1623,"date":"2018-03-07T15:39:25","date_gmt":"2018-03-07T14:39:25","guid":{"rendered":"http:\/\/andale.info\/schloss2\/?post_type=portfolio&#038;p=1623"},"modified":"2019-01-30T11:28:55","modified_gmt":"2019-01-30T10:28:55","slug":"ausstellungen-2015","status":"publish","type":"portfolio","link":"https:\/\/www.schlosstirol.it\/en\/south-tyrolean-museum\/ausstellungen-2015\/","title":{"rendered":"Ausstellungen 2015"},"content":{"rendered":"<div id='full_slider_1'  class='avia-fullwidth-slider main_color avia-shadow   avia-builder-el-0  el_before_av_section  avia-builder-el-first   container_wrap fullsize'  >\n<style type=\"text\/css\" data-created_by=\"avia_inline_auto\" id=\"style-css-av-opopnr-34246b461e5998dfb81a23fa5c083ba5\">\n#top #wrap_all .avia-slideshow .av-slideshow-caption.av-opopnr-34246b461e5998dfb81a23fa5c083ba5__0 .avia-caption-title{\nfont-size:50px;\n}\n<\/style>\n<div  class='avia-slideshow av-opopnr-34246b461e5998dfb81a23fa5c083ba5 avia-slideshow-featured_large av_slideshow_full avia-fade-slider av-slideshow-ui av-control-hidden av-no-slider-navigation av-hide-nav-arrows av-slideshow-autoplay av-loop-endless av-loop-manual-endless av-default-height-applied   avia-slideshow-1' data-slideshow-options=\"{&quot;animation&quot;:&quot;fade&quot;,&quot;autoplay&quot;:true,&quot;loop_autoplay&quot;:&quot;endless&quot;,&quot;interval&quot;:5,&quot;loop_manual&quot;:&quot;manual-endless&quot;,&quot;autoplay_stopper&quot;:false,&quot;noNavigation&quot;:true,&quot;bg_slider&quot;:false,&quot;keep_padding&quot;:false,&quot;hoverpause&quot;:false,&quot;show_slide_delay&quot;:0}\"  itemprop=\"image\" itemscope=\"itemscope\" itemtype=\"https:\/\/schema.org\/ImageObject\" ><ul class='avia-slideshow-inner ' style='padding-bottom: 42%;'><li  class='avia-slideshow-slide av-opopnr-34246b461e5998dfb81a23fa5c083ba5__0  av-single-slide slide-1 slide-odd'><a href=\"#malkiste\"  data-rel='slideshow-1' class='avia-slide-wrap '   ><div class='av-slideshow-caption av-opopnr-34246b461e5998dfb81a23fa5c083ba5__0 caption_fullwidth caption_left'><div class=\"container caption_container\"><div class=\"slideshow_caption\"><div class=\"slideshow_inner_caption\"><div class=\"slideshow_align_caption\"><h2 class='avia-caption-title '  itemprop=\"name\" >Ausstellungen 2015<\/h2><\/div><\/div><\/div><\/div><\/div><img decoding=\"async\" fetchpriority=\"high\" class=\"wp-image-1625 avia-img-lazy-loading-not-1625\"  src=\"https:\/\/www.schlosstirol.it\/wp-content\/uploads\/2018\/03\/schloss-tirol_2015-STERL_4-titel.jpg\" width=\"1500\" height=\"630\" title='' alt=''  itemprop=\"thumbnailUrl\"  style='min-height:300px; min-width:715px; ' srcset=\"https:\/\/www.schlosstirol.it\/wp-content\/uploads\/2018\/03\/schloss-tirol_2015-STERL_4-titel.jpg 1500w, https:\/\/www.schlosstirol.it\/wp-content\/uploads\/2018\/03\/schloss-tirol_2015-STERL_4-titel-300x126.jpg 300w, https:\/\/www.schlosstirol.it\/wp-content\/uploads\/2018\/03\/schloss-tirol_2015-STERL_4-titel-768x323.jpg 768w, https:\/\/www.schlosstirol.it\/wp-content\/uploads\/2018\/03\/schloss-tirol_2015-STERL_4-titel-1030x433.jpg 1030w, https:\/\/www.schlosstirol.it\/wp-content\/uploads\/2018\/03\/schloss-tirol_2015-STERL_4-titel-705x296.jpg 705w, https:\/\/www.schlosstirol.it\/wp-content\/uploads\/2018\/03\/schloss-tirol_2015-STERL_4-titel-450x189.jpg 450w\" sizes=\"(max-width: 1500px) 100vw, 1500px\" \/><\/a><\/li><\/ul><\/div><\/div>\n<div id='malkiste'  class='avia-section av-l4vd7r-1771b670f4c802e378a2c94241d702ba main_color avia-section-default avia-no-border-styling  avia-builder-el-1  el_after_av_slideshow_full  el_before_av_section  avia-bg-style-scroll container_wrap fullsize'  ><div class='container av-section-cont-open' ><div class='template-page content  av-content-full alpha units'><div class='post-entry post-entry-type-page post-entry-1623'><div class='entry-content-wrapper clearfix'>\n\n<style type=\"text\/css\" data-created_by=\"avia_inline_auto\" id=\"style-css-av-j12o6v-66b25bd9537a0ed6025a31b0f7c961d5\">\n.flex_column.av-j12o6v-66b25bd9537a0ed6025a31b0f7c961d5{\nborder-radius:0px 0px 0px 0px;\npadding:0px 0px 0px 0px;\n}\n<\/style>\n<div  class='flex_column av-j12o6v-66b25bd9537a0ed6025a31b0f7c961d5 av_one_third  avia-builder-el-2  el_before_av_two_third  avia-builder-el-first  first flex_column_div av-zero-column-padding  '     ><style type=\"text\/css\" data-created_by=\"avia_inline_auto\" id=\"style-css-av-i4oovr-b265ac6d02fe96b296933a6a0dbfa419\">\n#top .avia-gallery.av-i4oovr-b265ac6d02fe96b296933a6a0dbfa419 .avia-gallery-thumb a{\nwidth:50%;\n}\n<\/style>\n<div  class='avia-gallery av-i4oovr-b265ac6d02fe96b296933a6a0dbfa419 avia_animate_when_visible  avia-builder-el-3  avia-builder-el-no-sibling  deactivate_avia_lazyload avia-gallery-animate avia-gallery-1'  itemprop=\"image\" itemscope=\"itemscope\" itemtype=\"https:\/\/schema.org\/ImageObject\" ><meta itemprop=\"contentURL\" content=\"https:\/\/www.schlosstirol.it\/en\/south-tyrolean-museum\/ausstellungen-2015\/\"><div class='avia-gallery-thumb'><a href=\"https:\/\/www.schlosstirol.it\/wp-content\/uploads\/2018\/03\/schloss-tirol_2015_STERL-1-1030x687.jpg\" data-srcset=\"https:\/\/www.schlosstirol.it\/wp-content\/uploads\/2018\/03\/schloss-tirol_2015_STERL-1.jpg 1030w, https:\/\/www.schlosstirol.it\/wp-content\/uploads\/2018\/03\/schloss-tirol_2015_STERL-1-300x200.jpg 300w, https:\/\/www.schlosstirol.it\/wp-content\/uploads\/2018\/03\/schloss-tirol_2015_STERL-1-768x512.jpg 768w, https:\/\/www.schlosstirol.it\/wp-content\/uploads\/2018\/03\/schloss-tirol_2015_STERL-1-705x470.jpg 705w, https:\/\/www.schlosstirol.it\/wp-content\/uploads\/2018\/03\/schloss-tirol_2015_STERL-1-450x300.jpg 450w\" data-sizes=\"(max-width: 1030px) 100vw, 1030px\" data-rel='gallery-1' data-prev-img='https:\/\/www.schlosstirol.it\/wp-content\/uploads\/2018\/03\/schloss-tirol_2015_STERL-1.jpg' class='first_thumb lightbox ' data-onclick='1' title=''  itemprop=\"thumbnailUrl\"  ><img decoding=\"async\" fetchpriority=\"high\" class=\"wp-image-1628 avia-img-lazy-loading-not-1628\"   src=\"https:\/\/www.schlosstirol.it\/wp-content\/uploads\/2018\/03\/schloss-tirol_2015_STERL-1-495x400.jpg\" width=\"495\" height=\"400\"  title='' alt='' srcset=\"https:\/\/www.schlosstirol.it\/wp-content\/uploads\/2018\/03\/schloss-tirol_2015_STERL-1-495x400.jpg 495w, https:\/\/www.schlosstirol.it\/wp-content\/uploads\/2018\/03\/schloss-tirol_2015_STERL-1-845x684.jpg 845w\" sizes=\"(max-width: 495px) 100vw, 495px\" \/><div class='big-prev-fake'><img decoding=\"async\" loading=\"lazy\" class=\"wp-image-1628 avia-img-lazy-loading-1628\"  width=\"1030\" height=\"687\" src=\"https:\/\/www.schlosstirol.it\/wp-content\/uploads\/2018\/03\/schloss-tirol_2015_STERL-1.jpg\" title='' alt='' srcset=\"https:\/\/www.schlosstirol.it\/wp-content\/uploads\/2018\/03\/schloss-tirol_2015_STERL-1.jpg 1030w, https:\/\/www.schlosstirol.it\/wp-content\/uploads\/2018\/03\/schloss-tirol_2015_STERL-1-300x200.jpg 300w, https:\/\/www.schlosstirol.it\/wp-content\/uploads\/2018\/03\/schloss-tirol_2015_STERL-1-768x512.jpg 768w, https:\/\/www.schlosstirol.it\/wp-content\/uploads\/2018\/03\/schloss-tirol_2015_STERL-1-705x470.jpg 705w, https:\/\/www.schlosstirol.it\/wp-content\/uploads\/2018\/03\/schloss-tirol_2015_STERL-1-450x300.jpg 450w\" sizes=\"auto, (max-width: 1030px) 100vw, 1030px\" \/><\/div><\/a><a href=\"https:\/\/www.schlosstirol.it\/wp-content\/uploads\/2018\/03\/schloss-tirol_2015_STERL-2.jpg\" data-srcset=\"https:\/\/www.schlosstirol.it\/wp-content\/uploads\/2018\/03\/schloss-tirol_2015_STERL-2.jpg 600w, https:\/\/www.schlosstirol.it\/wp-content\/uploads\/2018\/03\/schloss-tirol_2015_STERL-2-225x300.jpg 225w, https:\/\/www.schlosstirol.it\/wp-content\/uploads\/2018\/03\/schloss-tirol_2015_STERL-2-529x705.jpg 529w, https:\/\/www.schlosstirol.it\/wp-content\/uploads\/2018\/03\/schloss-tirol_2015_STERL-2-450x600.jpg 450w\" data-sizes=\"(max-width: 600px) 100vw, 600px\" data-rel='gallery-1' data-prev-img='https:\/\/www.schlosstirol.it\/wp-content\/uploads\/2018\/03\/schloss-tirol_2015_STERL-2.jpg' class='lightbox ' data-onclick='2' title=''  itemprop=\"thumbnailUrl\"  ><img decoding=\"async\" fetchpriority=\"high\" class=\"wp-image-1631 avia-img-lazy-loading-not-1631\"   src=\"https:\/\/www.schlosstirol.it\/wp-content\/uploads\/2018\/03\/schloss-tirol_2015_STERL-2-495x400.jpg\" width=\"495\" height=\"400\"  title='' alt='' \/><div class='big-prev-fake'><img decoding=\"async\" loading=\"lazy\" class=\"wp-image-1631 avia-img-lazy-loading-1631\"  width=\"600\" height=\"800\" src=\"https:\/\/www.schlosstirol.it\/wp-content\/uploads\/2018\/03\/schloss-tirol_2015_STERL-2.jpg\" title='' alt='' srcset=\"https:\/\/www.schlosstirol.it\/wp-content\/uploads\/2018\/03\/schloss-tirol_2015_STERL-2.jpg 600w, https:\/\/www.schlosstirol.it\/wp-content\/uploads\/2018\/03\/schloss-tirol_2015_STERL-2-225x300.jpg 225w, https:\/\/www.schlosstirol.it\/wp-content\/uploads\/2018\/03\/schloss-tirol_2015_STERL-2-529x705.jpg 529w, https:\/\/www.schlosstirol.it\/wp-content\/uploads\/2018\/03\/schloss-tirol_2015_STERL-2-450x600.jpg 450w\" sizes=\"auto, (max-width: 600px) 100vw, 600px\" \/><\/div><\/a><a href=\"https:\/\/www.schlosstirol.it\/wp-content\/uploads\/2018\/03\/schloss-tirol_2015_STERL-3-1030x687.jpg\" data-srcset=\"https:\/\/www.schlosstirol.it\/wp-content\/uploads\/2018\/03\/schloss-tirol_2015_STERL-3.jpg 1030w, https:\/\/www.schlosstirol.it\/wp-content\/uploads\/2018\/03\/schloss-tirol_2015_STERL-3-300x200.jpg 300w, https:\/\/www.schlosstirol.it\/wp-content\/uploads\/2018\/03\/schloss-tirol_2015_STERL-3-768x512.jpg 768w, https:\/\/www.schlosstirol.it\/wp-content\/uploads\/2018\/03\/schloss-tirol_2015_STERL-3-705x470.jpg 705w, https:\/\/www.schlosstirol.it\/wp-content\/uploads\/2018\/03\/schloss-tirol_2015_STERL-3-450x300.jpg 450w\" data-sizes=\"(max-width: 1030px) 100vw, 1030px\" data-rel='gallery-1' data-prev-img='https:\/\/www.schlosstirol.it\/wp-content\/uploads\/2018\/03\/schloss-tirol_2015_STERL-3.jpg' class='first_thumb lightbox ' data-onclick='3' title=''  itemprop=\"thumbnailUrl\"  ><img decoding=\"async\" fetchpriority=\"high\" class=\"wp-image-1634 avia-img-lazy-loading-not-1634\"   src=\"https:\/\/www.schlosstirol.it\/wp-content\/uploads\/2018\/03\/schloss-tirol_2015_STERL-3-495x400.jpg\" width=\"495\" height=\"400\"  title='' alt='' srcset=\"https:\/\/www.schlosstirol.it\/wp-content\/uploads\/2018\/03\/schloss-tirol_2015_STERL-3-495x400.jpg 495w, https:\/\/www.schlosstirol.it\/wp-content\/uploads\/2018\/03\/schloss-tirol_2015_STERL-3-845x684.jpg 845w\" sizes=\"(max-width: 495px) 100vw, 495px\" \/><div class='big-prev-fake'><img decoding=\"async\" loading=\"lazy\" class=\"wp-image-1634 avia-img-lazy-loading-1634\"  width=\"1030\" height=\"687\" src=\"https:\/\/www.schlosstirol.it\/wp-content\/uploads\/2018\/03\/schloss-tirol_2015_STERL-3.jpg\" title='' alt='' srcset=\"https:\/\/www.schlosstirol.it\/wp-content\/uploads\/2018\/03\/schloss-tirol_2015_STERL-3.jpg 1030w, https:\/\/www.schlosstirol.it\/wp-content\/uploads\/2018\/03\/schloss-tirol_2015_STERL-3-300x200.jpg 300w, https:\/\/www.schlosstirol.it\/wp-content\/uploads\/2018\/03\/schloss-tirol_2015_STERL-3-768x512.jpg 768w, https:\/\/www.schlosstirol.it\/wp-content\/uploads\/2018\/03\/schloss-tirol_2015_STERL-3-705x470.jpg 705w, https:\/\/www.schlosstirol.it\/wp-content\/uploads\/2018\/03\/schloss-tirol_2015_STERL-3-450x300.jpg 450w\" sizes=\"auto, (max-width: 1030px) 100vw, 1030px\" \/><\/div><\/a><a href=\"https:\/\/www.schlosstirol.it\/wp-content\/uploads\/2018\/03\/schloss-tirol_2015-STERL_4-1030x687.jpg\" data-srcset=\"https:\/\/www.schlosstirol.it\/wp-content\/uploads\/2018\/03\/schloss-tirol_2015-STERL_4.jpg 1030w, https:\/\/www.schlosstirol.it\/wp-content\/uploads\/2018\/03\/schloss-tirol_2015-STERL_4-300x200.jpg 300w, https:\/\/www.schlosstirol.it\/wp-content\/uploads\/2018\/03\/schloss-tirol_2015-STERL_4-768x512.jpg 768w, https:\/\/www.schlosstirol.it\/wp-content\/uploads\/2018\/03\/schloss-tirol_2015-STERL_4-705x470.jpg 705w, https:\/\/www.schlosstirol.it\/wp-content\/uploads\/2018\/03\/schloss-tirol_2015-STERL_4-450x300.jpg 450w\" data-sizes=\"(max-width: 1030px) 100vw, 1030px\" data-rel='gallery-1' data-prev-img='https:\/\/www.schlosstirol.it\/wp-content\/uploads\/2018\/03\/schloss-tirol_2015-STERL_4.jpg' class='lightbox ' data-onclick='4' title=''  itemprop=\"thumbnailUrl\"  ><img decoding=\"async\" fetchpriority=\"high\" class=\"wp-image-1637 avia-img-lazy-loading-not-1637\"   src=\"https:\/\/www.schlosstirol.it\/wp-content\/uploads\/2018\/03\/schloss-tirol_2015-STERL_4-495x400.jpg\" width=\"495\" height=\"400\"  title='' alt='Ausstellungen 2015' srcset=\"https:\/\/www.schlosstirol.it\/wp-content\/uploads\/2018\/03\/schloss-tirol_2015-STERL_4-495x400.jpg 495w, https:\/\/www.schlosstirol.it\/wp-content\/uploads\/2018\/03\/schloss-tirol_2015-STERL_4-845x684.jpg 845w\" sizes=\"(max-width: 495px) 100vw, 495px\" \/><div class='big-prev-fake'><img decoding=\"async\" loading=\"lazy\" class=\"wp-image-1637 avia-img-lazy-loading-1637\"  width=\"1030\" height=\"687\" src=\"https:\/\/www.schlosstirol.it\/wp-content\/uploads\/2018\/03\/schloss-tirol_2015-STERL_4.jpg\" title='' alt='Ausstellungen 2015' srcset=\"https:\/\/www.schlosstirol.it\/wp-content\/uploads\/2018\/03\/schloss-tirol_2015-STERL_4.jpg 1030w, https:\/\/www.schlosstirol.it\/wp-content\/uploads\/2018\/03\/schloss-tirol_2015-STERL_4-300x200.jpg 300w, https:\/\/www.schlosstirol.it\/wp-content\/uploads\/2018\/03\/schloss-tirol_2015-STERL_4-768x512.jpg 768w, https:\/\/www.schlosstirol.it\/wp-content\/uploads\/2018\/03\/schloss-tirol_2015-STERL_4-705x470.jpg 705w, https:\/\/www.schlosstirol.it\/wp-content\/uploads\/2018\/03\/schloss-tirol_2015-STERL_4-450x300.jpg 450w\" sizes=\"auto, (max-width: 1030px) 100vw, 1030px\" \/><\/div><\/a><\/div><\/div><\/div>\n<style type=\"text\/css\" data-created_by=\"avia_inline_auto\" id=\"style-css-av-f9d4k7-06c23e9b4f6803233ea90af861b48aad\">\n.flex_column.av-f9d4k7-06c23e9b4f6803233ea90af861b48aad{\nborder-radius:0px 0px 0px 0px;\npadding:30px 0 30px 0;\n}\n<\/style>\n<div  class='flex_column av-f9d4k7-06c23e9b4f6803233ea90af861b48aad av_two_third  avia-builder-el-4  el_after_av_one_third  avia-builder-el-last  flex_column_div  '     ><p>\n<style type=\"text\/css\" data-created_by=\"avia_inline_auto\" id=\"style-css-av-egb68n-eacdee0ff95f005eb59bf9ee94306f1b\">\n#top .av-special-heading.av-egb68n-eacdee0ff95f005eb59bf9ee94306f1b{\npadding-bottom:20px;\n}\nbody .av-special-heading.av-egb68n-eacdee0ff95f005eb59bf9ee94306f1b .av-special-heading-tag .heading-char{\nfont-size:25px;\n}\n.av-special-heading.av-egb68n-eacdee0ff95f005eb59bf9ee94306f1b .av-subheading{\nfont-size:21px;\n}\n<\/style>\n<div  class='av-special-heading av-egb68n-eacdee0ff95f005eb59bf9ee94306f1b av-special-heading-h2 blockquote modern-quote  avia-builder-el-5  el_before_av_textblock  avia-builder-el-first '><h2 class='av-special-heading-tag '  itemprop=\"headline\"  >Malkiste am Pulverfass. Robert Sterl malt in S\u00fcdtirol den Ersten Weltkrieg.<\/h2><div class='av-subheading av-subheading_below'><p>20.03.2015 \u2013 07.06.2015<\/p>\n<\/div><div class=\"special-heading-border\"><div class=\"special-heading-inner-border\"><\/div><\/div><\/div><br \/>\n<section  class='av_textblock_section av-ceykif-838affb6bc15eefddea6a34f3de2070b '   itemscope=\"itemscope\" itemtype=\"https:\/\/schema.org\/CreativeWork\" ><div class='avia_textblock'  itemprop=\"text\" ><p>Es war Herbst 1917, als der Akademieprofessor Robert Sterl (1867-1932) aus Dresden eine Fahrt in die Dolomiten unternahm, mit dem Ziel, Landschaft und Kriegsgeschehen festzuhalten. Schon an der belgischen Front war er als bildnerischer Kriegsreporter unterwegs. Der mit Max Klinger befreundete K\u00fcnstler hatte in seinen fr\u00fchen Jahren zahlreiche gesellschaftskritische St\u00fccke entworfen, sp\u00e4ter sich dem Portr\u00e4tfach und dem Impressionismus zugewandt.<\/p>\n<p>In den Alpen interessierte ihn jedoch mehr die Natur, die er so bislang noch nicht erlebt hatte. Die t\u00f6dlichen K\u00e4mpfe am Isonzo sollten kurze Zeit sp\u00e4ter losbrechen. Das Ergebnis ist eine Bildchronik in Aquarellen und Zeichnungen, die sprichw\u00f6rtliche \u201eRuhe vor dem Sturm\u201c. Bildnisse von Soldaten geh\u00f6ren dazu wie auf\u2019s Papier gebrachte Landschaftseindr\u00fccke. Mit von der Partie war zeitweise auch der begeisterte Alpinist und Verleger Georg Hirzel. Dieser hielt die einzelnen Ereignisse dieser Herbstfahrt in seinem Tagebuch fest. Das Ergebnis zeitigt ein Stimmungsbild der besonderen Art. Es ist Krieg, aber Sterl sucht die mitunter unterhaltsamen Ecken gesellschaftlichen Lebens. An den Frontstellungen begegnet er einer Reihe von Soldaten und Offizieren, deren Portr\u00e4ts er in flink gesetzten Strichen festh\u00e4lt. Skizzen in seinen Notizb\u00fcchlein halten zahlreiche fl\u00fcchtige Momente und Landschaften fest. Es sind k\u00fcnstlerische Zeugnisse einer vergangenen Welt, als die Monarchie in den letzten Z\u00fcgen lag.<\/p>\n<p>Der zur Ausstellung erscheinende Katalog ver\u00f6ffentlicht auch Hirzels Tagebuch, das durchaus als informatives und pers\u00f6nlich gef\u00fchltes Erinnerungsinstrumentar gesehen werden kann.<\/p>\n<\/div><\/section><\/p><\/div>\n\n<\/div><\/div><\/div><!-- close content main div --><\/div><\/div><div id='nikodem'  class='avia-section av-b3lbmf-8069c5d4df840e43a243c4a78e6782ef main_color avia-section-default avia-no-border-styling  avia-builder-el-7  el_after_av_section  el_before_av_button_big  avia-bg-style-scroll container_wrap fullsize'  ><div class='container av-section-cont-open' ><div class='template-page content  av-content-full alpha units'><div class='post-entry post-entry-type-page post-entry-1623'><div class='entry-content-wrapper clearfix'>\n\n<style type=\"text\/css\" data-created_by=\"avia_inline_auto\" id=\"style-css-av-96zz0n-40f12b34db63f771f7e2750a11227165\">\n.flex_column.av-96zz0n-40f12b34db63f771f7e2750a11227165{\nborder-radius:0px 0px 0px 0px;\npadding:0px 0px 0px 0px;\n}\n<\/style>\n<div  class='flex_column av-96zz0n-40f12b34db63f771f7e2750a11227165 av_one_third  avia-builder-el-8  el_before_av_two_third  avia-builder-el-first  first flex_column_div av-zero-column-padding  '     ><style type=\"text\/css\" data-created_by=\"avia_inline_auto\" id=\"style-css-av-741xdz-079c5b9b9352ee2110beb474fdd124ba\">\n#top .avia-gallery.av-741xdz-079c5b9b9352ee2110beb474fdd124ba .avia-gallery-thumb a{\nwidth:100%;\n}\n<\/style>\n<div  class='avia-gallery av-741xdz-079c5b9b9352ee2110beb474fdd124ba avia_animate_when_visible  avia-builder-el-9  avia-builder-el-no-sibling  deactivate_avia_lazyload avia-gallery-animate avia-gallery-2'  itemprop=\"image\" itemscope=\"itemscope\" itemtype=\"https:\/\/schema.org\/ImageObject\" ><meta itemprop=\"contentURL\" content=\"https:\/\/www.schlosstirol.it\/en\/south-tyrolean-museum\/ausstellungen-2015\/\"><div class='avia-gallery-thumb'><a href=\"https:\/\/www.schlosstirol.it\/wp-content\/uploads\/2018\/03\/schloss-tirol_2015_KINDERPORTRAETS-1.jpg\" data-srcset=\"https:\/\/www.schlosstirol.it\/wp-content\/uploads\/2018\/03\/schloss-tirol_2015_KINDERPORTRAETS-1.jpg 956w, https:\/\/www.schlosstirol.it\/wp-content\/uploads\/2018\/03\/schloss-tirol_2015_KINDERPORTRAETS-1-300x251.jpg 300w, https:\/\/www.schlosstirol.it\/wp-content\/uploads\/2018\/03\/schloss-tirol_2015_KINDERPORTRAETS-1-768x643.jpg 768w, https:\/\/www.schlosstirol.it\/wp-content\/uploads\/2018\/03\/schloss-tirol_2015_KINDERPORTRAETS-1-705x590.jpg 705w, https:\/\/www.schlosstirol.it\/wp-content\/uploads\/2018\/03\/schloss-tirol_2015_KINDERPORTRAETS-1-450x377.jpg 450w\" data-sizes=\"(max-width: 956px) 100vw, 956px\" data-rel='gallery-2' data-prev-img='https:\/\/www.schlosstirol.it\/wp-content\/uploads\/2018\/03\/schloss-tirol_2015_KINDERPORTRAETS-1.jpg' class='first_thumb lightbox ' data-onclick='1' title=''  itemprop=\"thumbnailUrl\"  ><img decoding=\"async\" fetchpriority=\"high\" class=\"wp-image-1640 avia-img-lazy-loading-not-1640\"   src=\"https:\/\/www.schlosstirol.it\/wp-content\/uploads\/2018\/03\/schloss-tirol_2015_KINDERPORTRAETS-1-495x400.jpg\" width=\"495\" height=\"400\"  title='' alt='' srcset=\"https:\/\/www.schlosstirol.it\/wp-content\/uploads\/2018\/03\/schloss-tirol_2015_KINDERPORTRAETS-1-495x400.jpg 495w, https:\/\/www.schlosstirol.it\/wp-content\/uploads\/2018\/03\/schloss-tirol_2015_KINDERPORTRAETS-1-845x684.jpg 845w\" sizes=\"(max-width: 495px) 100vw, 495px\" \/><div class='big-prev-fake'><img decoding=\"async\" loading=\"lazy\" class=\"wp-image-1640 avia-img-lazy-loading-1640\"  width=\"956\" height=\"800\" src=\"https:\/\/www.schlosstirol.it\/wp-content\/uploads\/2018\/03\/schloss-tirol_2015_KINDERPORTRAETS-1.jpg\" title='' alt='' srcset=\"https:\/\/www.schlosstirol.it\/wp-content\/uploads\/2018\/03\/schloss-tirol_2015_KINDERPORTRAETS-1.jpg 956w, https:\/\/www.schlosstirol.it\/wp-content\/uploads\/2018\/03\/schloss-tirol_2015_KINDERPORTRAETS-1-300x251.jpg 300w, https:\/\/www.schlosstirol.it\/wp-content\/uploads\/2018\/03\/schloss-tirol_2015_KINDERPORTRAETS-1-768x643.jpg 768w, https:\/\/www.schlosstirol.it\/wp-content\/uploads\/2018\/03\/schloss-tirol_2015_KINDERPORTRAETS-1-705x590.jpg 705w, https:\/\/www.schlosstirol.it\/wp-content\/uploads\/2018\/03\/schloss-tirol_2015_KINDERPORTRAETS-1-450x377.jpg 450w\" sizes=\"auto, (max-width: 956px) 100vw, 956px\" \/><\/div><\/a><a href=\"https:\/\/www.schlosstirol.it\/wp-content\/uploads\/2018\/03\/schloss-tirol_2015_KINDERPORTRAETS-2.jpg\" data-srcset=\"https:\/\/www.schlosstirol.it\/wp-content\/uploads\/2018\/03\/schloss-tirol_2015_KINDERPORTRAETS-2.jpg 691w, https:\/\/www.schlosstirol.it\/wp-content\/uploads\/2018\/03\/schloss-tirol_2015_KINDERPORTRAETS-2-259x300.jpg 259w, https:\/\/www.schlosstirol.it\/wp-content\/uploads\/2018\/03\/schloss-tirol_2015_KINDERPORTRAETS-2-609x705.jpg 609w, https:\/\/www.schlosstirol.it\/wp-content\/uploads\/2018\/03\/schloss-tirol_2015_KINDERPORTRAETS-2-450x521.jpg 450w\" data-sizes=\"(max-width: 691px) 100vw, 691px\" data-rel='gallery-2' data-prev-img='https:\/\/www.schlosstirol.it\/wp-content\/uploads\/2018\/03\/schloss-tirol_2015_KINDERPORTRAETS-2.jpg' class='first_thumb lightbox ' data-onclick='2' title=''  itemprop=\"thumbnailUrl\"  ><img decoding=\"async\" fetchpriority=\"high\" class=\"wp-image-1643 avia-img-lazy-loading-not-1643\"   src=\"https:\/\/www.schlosstirol.it\/wp-content\/uploads\/2018\/03\/schloss-tirol_2015_KINDERPORTRAETS-2-495x400.jpg\" width=\"495\" height=\"400\"  title='' alt='' \/><div class='big-prev-fake'><img decoding=\"async\" loading=\"lazy\" class=\"wp-image-1643 avia-img-lazy-loading-1643\"  width=\"691\" height=\"800\" src=\"https:\/\/www.schlosstirol.it\/wp-content\/uploads\/2018\/03\/schloss-tirol_2015_KINDERPORTRAETS-2.jpg\" title='' alt='' srcset=\"https:\/\/www.schlosstirol.it\/wp-content\/uploads\/2018\/03\/schloss-tirol_2015_KINDERPORTRAETS-2.jpg 691w, https:\/\/www.schlosstirol.it\/wp-content\/uploads\/2018\/03\/schloss-tirol_2015_KINDERPORTRAETS-2-259x300.jpg 259w, https:\/\/www.schlosstirol.it\/wp-content\/uploads\/2018\/03\/schloss-tirol_2015_KINDERPORTRAETS-2-609x705.jpg 609w, https:\/\/www.schlosstirol.it\/wp-content\/uploads\/2018\/03\/schloss-tirol_2015_KINDERPORTRAETS-2-450x521.jpg 450w\" sizes=\"auto, (max-width: 691px) 100vw, 691px\" \/><\/div><\/a><a href=\"https:\/\/www.schlosstirol.it\/wp-content\/uploads\/2018\/03\/schloss-tirol_2015_KINDERPORTRAETS-3_-Guenter-Wett-1030x687.jpg\" data-srcset=\"https:\/\/www.schlosstirol.it\/wp-content\/uploads\/2018\/03\/schloss-tirol_2015_KINDERPORTRAETS-3_-Guenter-Wett.jpg 1030w, https:\/\/www.schlosstirol.it\/wp-content\/uploads\/2018\/03\/schloss-tirol_2015_KINDERPORTRAETS-3_-Guenter-Wett-300x200.jpg 300w, https:\/\/www.schlosstirol.it\/wp-content\/uploads\/2018\/03\/schloss-tirol_2015_KINDERPORTRAETS-3_-Guenter-Wett-768x512.jpg 768w, https:\/\/www.schlosstirol.it\/wp-content\/uploads\/2018\/03\/schloss-tirol_2015_KINDERPORTRAETS-3_-Guenter-Wett-705x470.jpg 705w, https:\/\/www.schlosstirol.it\/wp-content\/uploads\/2018\/03\/schloss-tirol_2015_KINDERPORTRAETS-3_-Guenter-Wett-450x300.jpg 450w\" data-sizes=\"(max-width: 1030px) 100vw, 1030px\" data-rel='gallery-2' data-prev-img='https:\/\/www.schlosstirol.it\/wp-content\/uploads\/2018\/03\/schloss-tirol_2015_KINDERPORTRAETS-3_-Guenter-Wett.jpg' class='first_thumb lightbox ' data-onclick='3' title=''  itemprop=\"thumbnailUrl\"  ><img decoding=\"async\" fetchpriority=\"high\" class=\"wp-image-1646 avia-img-lazy-loading-not-1646\"   src=\"https:\/\/www.schlosstirol.it\/wp-content\/uploads\/2018\/03\/schloss-tirol_2015_KINDERPORTRAETS-3_-Guenter-Wett-495x400.jpg\" width=\"495\" height=\"400\"  title='' alt='' srcset=\"https:\/\/www.schlosstirol.it\/wp-content\/uploads\/2018\/03\/schloss-tirol_2015_KINDERPORTRAETS-3_-Guenter-Wett-495x400.jpg 495w, https:\/\/www.schlosstirol.it\/wp-content\/uploads\/2018\/03\/schloss-tirol_2015_KINDERPORTRAETS-3_-Guenter-Wett-845x684.jpg 845w\" sizes=\"(max-width: 495px) 100vw, 495px\" \/><div class='big-prev-fake'><img decoding=\"async\" loading=\"lazy\" class=\"wp-image-1646 avia-img-lazy-loading-1646\"  width=\"1030\" height=\"687\" src=\"https:\/\/www.schlosstirol.it\/wp-content\/uploads\/2018\/03\/schloss-tirol_2015_KINDERPORTRAETS-3_-Guenter-Wett.jpg\" title='' alt='' srcset=\"https:\/\/www.schlosstirol.it\/wp-content\/uploads\/2018\/03\/schloss-tirol_2015_KINDERPORTRAETS-3_-Guenter-Wett.jpg 1030w, https:\/\/www.schlosstirol.it\/wp-content\/uploads\/2018\/03\/schloss-tirol_2015_KINDERPORTRAETS-3_-Guenter-Wett-300x200.jpg 300w, https:\/\/www.schlosstirol.it\/wp-content\/uploads\/2018\/03\/schloss-tirol_2015_KINDERPORTRAETS-3_-Guenter-Wett-768x512.jpg 768w, https:\/\/www.schlosstirol.it\/wp-content\/uploads\/2018\/03\/schloss-tirol_2015_KINDERPORTRAETS-3_-Guenter-Wett-705x470.jpg 705w, https:\/\/www.schlosstirol.it\/wp-content\/uploads\/2018\/03\/schloss-tirol_2015_KINDERPORTRAETS-3_-Guenter-Wett-450x300.jpg 450w\" sizes=\"auto, (max-width: 1030px) 100vw, 1030px\" \/><\/div><\/a><\/div><\/div><\/div>\n<style type=\"text\/css\" data-created_by=\"avia_inline_auto\" id=\"style-css-av-jjhbr-94a1b7575282b790cefb194f2baca965\">\n.flex_column.av-jjhbr-94a1b7575282b790cefb194f2baca965{\nborder-radius:0px 0px 0px 0px;\npadding:30px 0 30px 0;\n}\n<\/style>\n<div  class='flex_column av-jjhbr-94a1b7575282b790cefb194f2baca965 av_two_third  avia-builder-el-10  el_after_av_one_third  avia-builder-el-last  flex_column_div  '     ><p>\n<style type=\"text\/css\" data-created_by=\"avia_inline_auto\" id=\"style-css-av-425b47-1ff0d411c0f444eb66916f5327051e3a\">\n#top .av-special-heading.av-425b47-1ff0d411c0f444eb66916f5327051e3a{\npadding-bottom:20px;\n}\nbody .av-special-heading.av-425b47-1ff0d411c0f444eb66916f5327051e3a .av-special-heading-tag .heading-char{\nfont-size:25px;\n}\n.av-special-heading.av-425b47-1ff0d411c0f444eb66916f5327051e3a .av-subheading{\nfont-size:21px;\n}\n<\/style>\n<div  class='av-special-heading av-425b47-1ff0d411c0f444eb66916f5327051e3a av-special-heading-h2 blockquote modern-quote  avia-builder-el-11  el_before_av_textblock  avia-builder-el-first '><h2 class='av-special-heading-tag '  itemprop=\"headline\"  >Der Traum von sp\u00e4teren Leben \u2013 Kinderportr\u00e4ts von 1500 bis Heute<\/h2><div class='av-subheading av-subheading_below'><p>04.07.2015 \u2013 22.11.2015<\/p>\n<\/div><div class=\"special-heading-border\"><div class=\"special-heading-inner-border\"><\/div><\/div><\/div><br \/>\n<section  class='av_textblock_section av-235snr-b482b122cba16340c4186e6f409fcc24 '   itemscope=\"itemscope\" itemtype=\"https:\/\/schema.org\/CreativeWork\" ><div class='avia_textblock'  itemprop=\"text\" ><p>Kinderbilder zeigen in sensiblen Nuancen den Wandel gesellschaftlicher Ver\u00e4nderungen. Die Ausstellung nimmt erstmals die Genese des fr\u00fchneuzeitlichen Kinderportr\u00e4ts im Tiroler Raum und den Wandel bis in heutige Tage in ihre thematische Mitte: Gezeigt wird, in \u00fcber 80 signifikanten Exponaten, die Entwicklung des Genres von den Anf\u00e4ngen im fr\u00fchen 16. Jahrhundert bis in die Gegenwart herauf. Dabei wird spezielles Augenmerk auf die ikonografische Vielf\u00e4ltigkeit der Darstellungen gelegt. Der Parcours der Bildentwicklung beschreibt den Weg von einer genormten Repr\u00e4sentationskultur des Adels hin zur aufgekl\u00e4rten Erinnerungskultur des B\u00fcrgertums, von einer Imitation der Erwachsenenwelt hin zu einer naturnahen Auffassung von Kindheit und kindlichem Bewusstsein. Die BesucherInnen erfahren \u00fcber die Bilderwelt gemalter Kindheiten mehr \u00fcber die Beziehung Kinder-Eltern, \u00fcber die Auffassung von Familie und die hoffnungsfrohen Attit\u00fcden junger Leben im Kontext von Symbolik und Spiel.<\/p>\n<p>Kinder sind ansprechende Bildmotive. In der kindlichen Physiognomie liegt selbsterlebte Erfahrung. In ihnen ber\u00fchren sich nachfolgende Generationen. 500 Jahre Kinderbilder, im erweiterten und neu organisierten Ausstellungsbereich in den ehemaligen Wirtschaftsgeb\u00e4uden der Burg Tirol, sind ein spannender Gang durch die gesellschaftliche Diversit\u00e4t der letzten Jahrhunderte.<\/p>\n<p>In den H\u00f6rstationen sind zudem Kommentare zweier renommierter Kinderpsychologen zu vernehmen, welche die Entwicklung der diversen Stadien im Kindesalter hinterfragen und mit heutigem Wissen auf die Bildtradition der Vergangenheit blicken. Damit erf\u00e4hrt die Ausstellung eine zus\u00e4tzliche Dimension, die das Innenleben des Kindes beleuchtet und nach au\u00dfen sichtbar h\u00e4lt. Zum ersten Mal wird so der Blick der Ausstellung \u00fcber die historischen und k\u00fcnstlerischen Aspekte hinaus auch auf psychologische und soziologische Zusammenh\u00e4nge einer Thematik ausgeweitet.<\/p>\n<\/div><\/section><\/p><\/div>\n\n<div  class='avia-button-wrap avia-button-center  avia-builder-el-13  el_after_av_section  avia-builder-el-last '>\n<style type=\"text\/css\" data-created_by=\"avia_inline_auto\" id=\"style-css-av-jlxtewdk-1eecd86b3e70274c4abac37fa6a7c9fc\">\n#top #wrap_all .avia-button.av-jlxtewdk-1eecd86b3e70274c4abac37fa6a7c9fc{\ncolor:#ffffff;\ntransition:all 0.4s ease-in-out;\n}\n#top #wrap_all .avia-button.av-jlxtewdk-1eecd86b3e70274c4abac37fa6a7c9fc:hover{\ncolor:#ffffff;\ntransition:all 0.4s ease-in-out;\n}\n#top #wrap_all .avia-button.av-jlxtewdk-1eecd86b3e70274c4abac37fa6a7c9fc .avia-svg-icon svg:first-child{\nfill:#ffffff;\nstroke:#ffffff;\n}\n#top #wrap_all .avia-button.av-jlxtewdk-1eecd86b3e70274c4abac37fa6a7c9fc:hover .avia-svg-icon svg:first-child{\nfill:#ffffff;\nstroke:#ffffff;\n}\n<\/style>\n<a href='' class='avia-color-theme-color avia-button avia-button-fullwidth av-jlxtewdk-1eecd86b3e70274c4abac37fa6a7c9fc avia-icon_select-yes-left-icon avia-color-theme-color'   aria-label=\"AUSSTELLUNGEN ARCHIV\"><span class='avia_button_icon avia_button_icon_left avia-svg-icon avia-font-svg_entypo-fontello' data-av_svg_icon='archive' data-av_iconset='svg_entypo-fontello'><svg version=\"1.1\" xmlns=\"http:\/\/www.w3.org\/2000\/svg\" width=\"31\" height=\"32\" viewBox=\"0 0 31 32\" preserveAspectRatio=\"xMidYMid meet\" aria-labelledby='av-svg-title-1' aria-describedby='av-svg-desc-1' role=\"graphics-symbol\">\n<title id='av-svg-title-1'>Archive<\/title>\n<desc id='av-svg-desc-1'>Archive<\/desc>\n<path d=\"M26.88 8v1.6h-22.272v-1.6q0-0.704 0.416-1.12t0.8-0.48h19.456q0.192 0 0.448 0.032t0.704 0.448 0.448 1.12zM22.144 3.2q0.192 0 0.448 0.032t0.704 0.448 0.448 1.12h-15.936q0-0.704 0.416-1.12t0.8-0.48h13.12zM30.080 9.6q1.088 1.024 1.216 1.472 0.192 0.576 0 1.728l-2.432 14.4q-0.128 0.704-0.64 1.12t-0.896 0.48h-22.72q-1.664 0-1.92-1.6-0.192-0.832-1.248-7.136t-1.248-7.264q-0.32-0.704-0.096-1.408t0.32-0.832 0.672-0.64l1.28-1.28v2.56h26.752v-2.56zM22.144 18.24v-3.2h-2.24v2.56h-8.32v-2.56h-2.176v3.2q0 1.6 1.536 1.6h9.6q0.704 0 1.12-0.384t0.416-0.768z\"><\/path>\n<\/svg><\/span><span class='avia_iconbox_title' >AUSSTELLUNGEN ARCHIV<\/span><span class='avia_button_background avia-button avia-button-fullwidth avia-color-theme-color-highlight'><\/span><\/a><\/div>\n","protected":false},"excerpt":{"rendered":"","protected":false},"author":1,"featured_media":1636,"comment_status":"closed","ping_status":"closed","template":"","meta":{"footnotes":""},"tags":[],"portfolio_entries":[27],"class_list":["post-1623","portfolio","type-portfolio","status-publish","has-post-thumbnail","hentry","portfolio_entries-ausstellungen-2015"],"yoast_head":"<!-- This site is optimized with the Yoast SEO plugin v27.5 - https:\/\/yoast.com\/product\/yoast-seo-wordpress\/ -->\n<title>Ausstellungen 2015 - Castle Tyrol - South Tyrolean Museum of Culture<\/title>\n<meta name=\"description\" content=\"Schloss Tirol Ausstellungen 2015\" \/>\n<meta name=\"robots\" content=\"index, follow, max-snippet:-1, max-image-preview:large, max-video-preview:-1\" \/>\n<link rel=\"canonical\" href=\"https:\/\/www.schlosstirol.it\/en\/south-tyrolean-museum\/ausstellungen-2015\/\" \/>\n<meta property=\"og:locale\" content=\"en_US\" \/>\n<meta property=\"og:type\" content=\"article\" \/>\n<meta property=\"og:title\" content=\"Ausstellungen 2015 - Castle Tyrol - South Tyrolean Museum of Culture\" \/>\n<meta property=\"og:description\" content=\"Schloss Tirol Ausstellungen 2015\" \/>\n<meta property=\"og:url\" content=\"https:\/\/www.schlosstirol.it\/en\/south-tyrolean-museum\/ausstellungen-2015\/\" \/>\n<meta property=\"og:site_name\" content=\"Castle Tyrol - South Tyrolean Museum of Culture\" \/>\n<meta property=\"article:publisher\" content=\"https:\/\/www.facebook.com\/schlosstirol.casteltirolo\" \/>\n<meta property=\"article:modified_time\" content=\"2019-01-30T10:28:55+00:00\" \/>\n<meta property=\"og:image\" content=\"https:\/\/www.schlosstirol.it\/wp-content\/uploads\/2018\/03\/schloss-tirol_2015-STERL_4.jpg\" \/>\n\t<meta property=\"og:image:width\" content=\"1030\" \/>\n\t<meta property=\"og:image:height\" content=\"687\" \/>\n\t<meta property=\"og:image:type\" content=\"image\/jpeg\" \/>\n<meta name=\"twitter:card\" content=\"summary_large_image\" \/>\n<meta name=\"twitter:label1\" content=\"Est. reading time\" \/>\n\t<meta name=\"twitter:data1\" content=\"7 minutes\" \/>\n<script type=\"application\/ld+json\" class=\"yoast-schema-graph\">{\"@context\":\"https:\\\/\\\/schema.org\",\"@graph\":[{\"@type\":\"WebPage\",\"@id\":\"https:\\\/\\\/www.schlosstirol.it\\\/en\\\/south-tyrolean-museum\\\/ausstellungen-2015\\\/\",\"url\":\"https:\\\/\\\/www.schlosstirol.it\\\/en\\\/south-tyrolean-museum\\\/ausstellungen-2015\\\/\",\"name\":\"Ausstellungen 2015 - Castle Tyrol - South Tyrolean Museum of Culture\",\"isPartOf\":{\"@id\":\"https:\\\/\\\/www.schlosstirol.it\\\/en\\\/#website\"},\"primaryImageOfPage\":{\"@id\":\"https:\\\/\\\/www.schlosstirol.it\\\/en\\\/south-tyrolean-museum\\\/ausstellungen-2015\\\/#primaryimage\"},\"image\":{\"@id\":\"https:\\\/\\\/www.schlosstirol.it\\\/en\\\/south-tyrolean-museum\\\/ausstellungen-2015\\\/#primaryimage\"},\"thumbnailUrl\":\"https:\\\/\\\/www.schlosstirol.it\\\/wp-content\\\/uploads\\\/2018\\\/03\\\/schloss-tirol_2015-STERL_4.jpg\",\"datePublished\":\"2018-03-07T14:39:25+00:00\",\"dateModified\":\"2019-01-30T10:28:55+00:00\",\"description\":\"Schloss Tirol Ausstellungen 2015\",\"breadcrumb\":{\"@id\":\"https:\\\/\\\/www.schlosstirol.it\\\/en\\\/south-tyrolean-museum\\\/ausstellungen-2015\\\/#breadcrumb\"},\"inLanguage\":\"en-US\",\"potentialAction\":[{\"@type\":\"ReadAction\",\"target\":[\"https:\\\/\\\/www.schlosstirol.it\\\/en\\\/south-tyrolean-museum\\\/ausstellungen-2015\\\/\"]}]},{\"@type\":\"ImageObject\",\"inLanguage\":\"en-US\",\"@id\":\"https:\\\/\\\/www.schlosstirol.it\\\/en\\\/south-tyrolean-museum\\\/ausstellungen-2015\\\/#primaryimage\",\"url\":\"https:\\\/\\\/www.schlosstirol.it\\\/wp-content\\\/uploads\\\/2018\\\/03\\\/schloss-tirol_2015-STERL_4.jpg\",\"contentUrl\":\"https:\\\/\\\/www.schlosstirol.it\\\/wp-content\\\/uploads\\\/2018\\\/03\\\/schloss-tirol_2015-STERL_4.jpg\",\"width\":1030,\"height\":687,\"caption\":\"Ausstellungen 2015\"},{\"@type\":\"BreadcrumbList\",\"@id\":\"https:\\\/\\\/www.schlosstirol.it\\\/en\\\/south-tyrolean-museum\\\/ausstellungen-2015\\\/#breadcrumb\",\"itemListElement\":[{\"@type\":\"ListItem\",\"position\":1,\"name\":\"Startseite\",\"item\":\"https:\\\/\\\/www.schlosstirol.it\\\/en\\\/castle-tyrol\\\/\"},{\"@type\":\"ListItem\",\"position\":2,\"name\":\"Ausstellungen 2015\"}]},{\"@type\":\"WebSite\",\"@id\":\"https:\\\/\\\/www.schlosstirol.it\\\/en\\\/#website\",\"url\":\"https:\\\/\\\/www.schlosstirol.it\\\/en\\\/\",\"name\":\"Castle Tyrol - South Tyrolean Museum of Culture\",\"description\":\"South Tyrolean Museum of Culture and Provincial History\",\"publisher\":{\"@id\":\"https:\\\/\\\/www.schlosstirol.it\\\/en\\\/#organization\"},\"potentialAction\":[{\"@type\":\"SearchAction\",\"target\":{\"@type\":\"EntryPoint\",\"urlTemplate\":\"https:\\\/\\\/www.schlosstirol.it\\\/en\\\/?s={search_term_string}\"},\"query-input\":{\"@type\":\"PropertyValueSpecification\",\"valueRequired\":true,\"valueName\":\"search_term_string\"}}],\"inLanguage\":\"en-US\"},{\"@type\":\"Organization\",\"@id\":\"https:\\\/\\\/www.schlosstirol.it\\\/en\\\/#organization\",\"name\":\"Castle Tyrol\",\"url\":\"https:\\\/\\\/www.schlosstirol.it\\\/en\\\/\",\"logo\":{\"@type\":\"ImageObject\",\"inLanguage\":\"en-US\",\"@id\":\"https:\\\/\\\/www.schlosstirol.it\\\/en\\\/#\\\/schema\\\/logo\\\/image\\\/\",\"url\":\"https:\\\/\\\/www.schlosstirol.it\\\/wp-content\\\/uploads\\\/2018\\\/09\\\/schloss-tirol_logo-impressum.png\",\"contentUrl\":\"https:\\\/\\\/www.schlosstirol.it\\\/wp-content\\\/uploads\\\/2018\\\/09\\\/schloss-tirol_logo-impressum.png\",\"width\":1030,\"height\":687,\"caption\":\"Castle Tyrol\"},\"image\":{\"@id\":\"https:\\\/\\\/www.schlosstirol.it\\\/en\\\/#\\\/schema\\\/logo\\\/image\\\/\"},\"sameAs\":[\"https:\\\/\\\/www.facebook.com\\\/schlosstirol.casteltirolo\"]}]}<\/script>\n<!-- \/ Yoast SEO plugin. -->","yoast_head_json":{"title":"Ausstellungen 2015 - Castle Tyrol - South Tyrolean Museum of Culture","description":"Schloss Tirol Ausstellungen 2015","robots":{"index":"index","follow":"follow","max-snippet":"max-snippet:-1","max-image-preview":"max-image-preview:large","max-video-preview":"max-video-preview:-1"},"canonical":"https:\/\/www.schlosstirol.it\/en\/south-tyrolean-museum\/ausstellungen-2015\/","og_locale":"en_US","og_type":"article","og_title":"Ausstellungen 2015 - Castle Tyrol - South Tyrolean Museum of Culture","og_description":"Schloss Tirol Ausstellungen 2015","og_url":"https:\/\/www.schlosstirol.it\/en\/south-tyrolean-museum\/ausstellungen-2015\/","og_site_name":"Castle Tyrol - South Tyrolean Museum of Culture","article_publisher":"https:\/\/www.facebook.com\/schlosstirol.casteltirolo","article_modified_time":"2019-01-30T10:28:55+00:00","og_image":[{"width":1030,"height":687,"url":"https:\/\/www.schlosstirol.it\/wp-content\/uploads\/2018\/03\/schloss-tirol_2015-STERL_4.jpg","type":"image\/jpeg"}],"twitter_card":"summary_large_image","twitter_misc":{"Est. reading time":"7 minutes"},"schema":{"@context":"https:\/\/schema.org","@graph":[{"@type":"WebPage","@id":"https:\/\/www.schlosstirol.it\/en\/south-tyrolean-museum\/ausstellungen-2015\/","url":"https:\/\/www.schlosstirol.it\/en\/south-tyrolean-museum\/ausstellungen-2015\/","name":"Ausstellungen 2015 - Castle Tyrol - South Tyrolean Museum of Culture","isPartOf":{"@id":"https:\/\/www.schlosstirol.it\/en\/#website"},"primaryImageOfPage":{"@id":"https:\/\/www.schlosstirol.it\/en\/south-tyrolean-museum\/ausstellungen-2015\/#primaryimage"},"image":{"@id":"https:\/\/www.schlosstirol.it\/en\/south-tyrolean-museum\/ausstellungen-2015\/#primaryimage"},"thumbnailUrl":"https:\/\/www.schlosstirol.it\/wp-content\/uploads\/2018\/03\/schloss-tirol_2015-STERL_4.jpg","datePublished":"2018-03-07T14:39:25+00:00","dateModified":"2019-01-30T10:28:55+00:00","description":"Schloss Tirol Ausstellungen 2015","breadcrumb":{"@id":"https:\/\/www.schlosstirol.it\/en\/south-tyrolean-museum\/ausstellungen-2015\/#breadcrumb"},"inLanguage":"en-US","potentialAction":[{"@type":"ReadAction","target":["https:\/\/www.schlosstirol.it\/en\/south-tyrolean-museum\/ausstellungen-2015\/"]}]},{"@type":"ImageObject","inLanguage":"en-US","@id":"https:\/\/www.schlosstirol.it\/en\/south-tyrolean-museum\/ausstellungen-2015\/#primaryimage","url":"https:\/\/www.schlosstirol.it\/wp-content\/uploads\/2018\/03\/schloss-tirol_2015-STERL_4.jpg","contentUrl":"https:\/\/www.schlosstirol.it\/wp-content\/uploads\/2018\/03\/schloss-tirol_2015-STERL_4.jpg","width":1030,"height":687,"caption":"Ausstellungen 2015"},{"@type":"BreadcrumbList","@id":"https:\/\/www.schlosstirol.it\/en\/south-tyrolean-museum\/ausstellungen-2015\/#breadcrumb","itemListElement":[{"@type":"ListItem","position":1,"name":"Startseite","item":"https:\/\/www.schlosstirol.it\/en\/castle-tyrol\/"},{"@type":"ListItem","position":2,"name":"Ausstellungen 2015"}]},{"@type":"WebSite","@id":"https:\/\/www.schlosstirol.it\/en\/#website","url":"https:\/\/www.schlosstirol.it\/en\/","name":"Castle Tyrol - South Tyrolean Museum of Culture","description":"South Tyrolean Museum of Culture and Provincial History","publisher":{"@id":"https:\/\/www.schlosstirol.it\/en\/#organization"},"potentialAction":[{"@type":"SearchAction","target":{"@type":"EntryPoint","urlTemplate":"https:\/\/www.schlosstirol.it\/en\/?s={search_term_string}"},"query-input":{"@type":"PropertyValueSpecification","valueRequired":true,"valueName":"search_term_string"}}],"inLanguage":"en-US"},{"@type":"Organization","@id":"https:\/\/www.schlosstirol.it\/en\/#organization","name":"Castle Tyrol","url":"https:\/\/www.schlosstirol.it\/en\/","logo":{"@type":"ImageObject","inLanguage":"en-US","@id":"https:\/\/www.schlosstirol.it\/en\/#\/schema\/logo\/image\/","url":"https:\/\/www.schlosstirol.it\/wp-content\/uploads\/2018\/09\/schloss-tirol_logo-impressum.png","contentUrl":"https:\/\/www.schlosstirol.it\/wp-content\/uploads\/2018\/09\/schloss-tirol_logo-impressum.png","width":1030,"height":687,"caption":"Castle Tyrol"},"image":{"@id":"https:\/\/www.schlosstirol.it\/en\/#\/schema\/logo\/image\/"},"sameAs":["https:\/\/www.facebook.com\/schlosstirol.casteltirolo"]}]}},"_links":{"self":[{"href":"https:\/\/www.schlosstirol.it\/en\/wp-json\/wp\/v2\/portfolio\/1623","targetHints":{"allow":["GET"]}}],"collection":[{"href":"https:\/\/www.schlosstirol.it\/en\/wp-json\/wp\/v2\/portfolio"}],"about":[{"href":"https:\/\/www.schlosstirol.it\/en\/wp-json\/wp\/v2\/types\/portfolio"}],"author":[{"embeddable":true,"href":"https:\/\/www.schlosstirol.it\/en\/wp-json\/wp\/v2\/users\/1"}],"replies":[{"embeddable":true,"href":"https:\/\/www.schlosstirol.it\/en\/wp-json\/wp\/v2\/comments?post=1623"}],"version-history":[{"count":0,"href":"https:\/\/www.schlosstirol.it\/en\/wp-json\/wp\/v2\/portfolio\/1623\/revisions"}],"wp:featuredmedia":[{"embeddable":true,"href":"https:\/\/www.schlosstirol.it\/en\/wp-json\/wp\/v2\/media\/1636"}],"wp:attachment":[{"href":"https:\/\/www.schlosstirol.it\/en\/wp-json\/wp\/v2\/media?parent=1623"}],"wp:term":[{"taxonomy":"post_tag","embeddable":true,"href":"https:\/\/www.schlosstirol.it\/en\/wp-json\/wp\/v2\/tags?post=1623"},{"taxonomy":"portfolio_entries","embeddable":true,"href":"https:\/\/www.schlosstirol.it\/en\/wp-json\/wp\/v2\/portfolio_entries?post=1623"}],"curies":[{"name":"wp","href":"https:\/\/api.w.org\/{rel}","templated":true}]}}