{"id":1648,"date":"2018-03-07T15:29:42","date_gmt":"2018-03-07T14:29:42","guid":{"rendered":"http:\/\/andale.info\/schloss2\/?post_type=portfolio&#038;p=1648"},"modified":"2019-01-30T11:29:10","modified_gmt":"2019-01-30T10:29:10","slug":"ausstellungen-2014","status":"publish","type":"portfolio","link":"https:\/\/www.schlosstirol.it\/en\/south-tyrolean-museum\/ausstellungen-2014\/","title":{"rendered":"Ausstellungen 2014"},"content":{"rendered":"<div id='full_slider_1'  class='avia-fullwidth-slider main_color avia-shadow   avia-builder-el-0  el_before_av_section  avia-builder-el-first   container_wrap fullsize'  >\n<style type=\"text\/css\" data-created_by=\"avia_inline_auto\" id=\"style-css-av-oncwpc-3e8c5c634ed41f783b4c4374a70809b6\">\n#top #wrap_all .avia-slideshow .av-slideshow-caption.av-oncwpc-3e8c5c634ed41f783b4c4374a70809b6__0 .avia-caption-title{\nfont-size:50px;\n}\n<\/style>\n<div  class='avia-slideshow av-oncwpc-3e8c5c634ed41f783b4c4374a70809b6 avia-slideshow-featured_large av_slideshow_full avia-fade-slider av-slideshow-ui av-control-hidden av-no-slider-navigation av-hide-nav-arrows av-slideshow-autoplay av-loop-endless av-loop-manual-endless av-default-height-applied   avia-slideshow-1' data-slideshow-options=\"{&quot;animation&quot;:&quot;fade&quot;,&quot;autoplay&quot;:true,&quot;loop_autoplay&quot;:&quot;endless&quot;,&quot;interval&quot;:5,&quot;loop_manual&quot;:&quot;manual-endless&quot;,&quot;autoplay_stopper&quot;:false,&quot;noNavigation&quot;:true,&quot;bg_slider&quot;:false,&quot;keep_padding&quot;:false,&quot;hoverpause&quot;:false,&quot;show_slide_delay&quot;:0}\"  itemprop=\"image\" itemscope=\"itemscope\" itemtype=\"https:\/\/schema.org\/ImageObject\" ><ul class='avia-slideshow-inner ' style='padding-bottom: 42%;'><li  class='avia-slideshow-slide av-oncwpc-3e8c5c634ed41f783b4c4374a70809b6__0  av-single-slide slide-1 slide-odd'><a href=\"#kuehn\"  data-rel='slideshow-1' class='avia-slide-wrap '   ><div class='av-slideshow-caption av-oncwpc-3e8c5c634ed41f783b4c4374a70809b6__0 caption_fullwidth caption_left'><div class=\"container caption_container\"><div class=\"slideshow_caption\"><div class=\"slideshow_inner_caption\"><div class=\"slideshow_align_caption\"><h2 class='avia-caption-title '  itemprop=\"name\" >Ausstellungen 2014<\/h2><\/div><\/div><\/div><\/div><\/div><img decoding=\"async\" fetchpriority=\"high\" class=\"wp-image-1650 avia-img-lazy-loading-not-1650\"  src=\"https:\/\/www.schlosstirol.it\/wp-content\/uploads\/2018\/03\/schloss-tirol_2014_MUSIL-3-titel.jpg\" width=\"1500\" height=\"630\" title='' alt=''  itemprop=\"thumbnailUrl\"  style='min-height:300px; min-width:715px; ' srcset=\"https:\/\/www.schlosstirol.it\/wp-content\/uploads\/2018\/03\/schloss-tirol_2014_MUSIL-3-titel.jpg 1500w, https:\/\/www.schlosstirol.it\/wp-content\/uploads\/2018\/03\/schloss-tirol_2014_MUSIL-3-titel-300x126.jpg 300w, https:\/\/www.schlosstirol.it\/wp-content\/uploads\/2018\/03\/schloss-tirol_2014_MUSIL-3-titel-768x323.jpg 768w, https:\/\/www.schlosstirol.it\/wp-content\/uploads\/2018\/03\/schloss-tirol_2014_MUSIL-3-titel-1030x433.jpg 1030w, https:\/\/www.schlosstirol.it\/wp-content\/uploads\/2018\/03\/schloss-tirol_2014_MUSIL-3-titel-705x296.jpg 705w, https:\/\/www.schlosstirol.it\/wp-content\/uploads\/2018\/03\/schloss-tirol_2014_MUSIL-3-titel-450x189.jpg 450w\" sizes=\"(max-width: 1500px) 100vw, 1500px\" \/><\/a><\/li><\/ul><\/div><\/div>\n<div id='kuehn'  class='avia-section av-k1s9dc-8baf457c4a252f72e53b173ae84e56b5 main_color avia-section-default avia-no-border-styling  avia-builder-el-1  el_after_av_slideshow_full  el_before_av_section  avia-bg-style-scroll container_wrap fullsize'  ><div class='container av-section-cont-open' ><div class='template-page content  av-content-full alpha units'><div class='post-entry post-entry-type-page post-entry-1648'><div class='entry-content-wrapper clearfix'>\n\n<style type=\"text\/css\" data-created_by=\"avia_inline_auto\" id=\"style-css-av-jo92sg-ba08f4943817d0a535b6b97e40466056\">\n.flex_column.av-jo92sg-ba08f4943817d0a535b6b97e40466056{\nborder-radius:0px 0px 0px 0px;\npadding:0px 0px 0px 0px;\n}\n<\/style>\n<div  class='flex_column av-jo92sg-ba08f4943817d0a535b6b97e40466056 av_one_third  avia-builder-el-2  el_before_av_two_third  avia-builder-el-first  first flex_column_div av-zero-column-padding  '     ><style type=\"text\/css\" data-created_by=\"avia_inline_auto\" id=\"style-css-av-hv4wcw-bb2b6a167d464ef8e5480d2932c56fcf\">\n#top .avia-gallery.av-hv4wcw-bb2b6a167d464ef8e5480d2932c56fcf .avia-gallery-thumb a{\nwidth:100%;\n}\n<\/style>\n<div  class='avia-gallery av-hv4wcw-bb2b6a167d464ef8e5480d2932c56fcf avia_animate_when_visible  avia-builder-el-3  avia-builder-el-no-sibling  deactivate_avia_lazyload avia-gallery-animate avia-gallery-1'  itemprop=\"image\" itemscope=\"itemscope\" itemtype=\"https:\/\/schema.org\/ImageObject\" ><meta itemprop=\"contentURL\" content=\"https:\/\/www.schlosstirol.it\/en\/south-tyrolean-museum\/ausstellungen-2014\/\"><div class='avia-gallery-thumb'><a href=\"https:\/\/www.schlosstirol.it\/wp-content\/uploads\/2018\/03\/schloss-tirol_2014_KUEHN-1-1030x687.jpg\" data-srcset=\"https:\/\/www.schlosstirol.it\/wp-content\/uploads\/2018\/03\/schloss-tirol_2014_KUEHN-1.jpg 1030w, https:\/\/www.schlosstirol.it\/wp-content\/uploads\/2018\/03\/schloss-tirol_2014_KUEHN-1-300x200.jpg 300w, https:\/\/www.schlosstirol.it\/wp-content\/uploads\/2018\/03\/schloss-tirol_2014_KUEHN-1-768x512.jpg 768w, https:\/\/www.schlosstirol.it\/wp-content\/uploads\/2018\/03\/schloss-tirol_2014_KUEHN-1-705x470.jpg 705w, https:\/\/www.schlosstirol.it\/wp-content\/uploads\/2018\/03\/schloss-tirol_2014_KUEHN-1-450x300.jpg 450w\" data-sizes=\"(max-width: 1030px) 100vw, 1030px\" data-rel='gallery-1' data-prev-img='https:\/\/www.schlosstirol.it\/wp-content\/uploads\/2018\/03\/schloss-tirol_2014_KUEHN-1.jpg' class='first_thumb lightbox ' data-onclick='1' title=''  itemprop=\"thumbnailUrl\"  ><img decoding=\"async\" fetchpriority=\"high\" class=\"wp-image-1653 avia-img-lazy-loading-not-1653\"   src=\"https:\/\/www.schlosstirol.it\/wp-content\/uploads\/2018\/03\/schloss-tirol_2014_KUEHN-1-495x400.jpg\" width=\"495\" height=\"400\"  title='' alt='' srcset=\"https:\/\/www.schlosstirol.it\/wp-content\/uploads\/2018\/03\/schloss-tirol_2014_KUEHN-1-495x400.jpg 495w, https:\/\/www.schlosstirol.it\/wp-content\/uploads\/2018\/03\/schloss-tirol_2014_KUEHN-1-845x684.jpg 845w\" sizes=\"(max-width: 495px) 100vw, 495px\" \/><div class='big-prev-fake'><img decoding=\"async\" loading=\"lazy\" class=\"wp-image-1653 avia-img-lazy-loading-1653\"  width=\"1030\" height=\"687\" src=\"https:\/\/www.schlosstirol.it\/wp-content\/uploads\/2018\/03\/schloss-tirol_2014_KUEHN-1.jpg\" title='' alt='' srcset=\"https:\/\/www.schlosstirol.it\/wp-content\/uploads\/2018\/03\/schloss-tirol_2014_KUEHN-1.jpg 1030w, https:\/\/www.schlosstirol.it\/wp-content\/uploads\/2018\/03\/schloss-tirol_2014_KUEHN-1-300x200.jpg 300w, https:\/\/www.schlosstirol.it\/wp-content\/uploads\/2018\/03\/schloss-tirol_2014_KUEHN-1-768x512.jpg 768w, https:\/\/www.schlosstirol.it\/wp-content\/uploads\/2018\/03\/schloss-tirol_2014_KUEHN-1-705x470.jpg 705w, https:\/\/www.schlosstirol.it\/wp-content\/uploads\/2018\/03\/schloss-tirol_2014_KUEHN-1-450x300.jpg 450w\" sizes=\"auto, (max-width: 1030px) 100vw, 1030px\" \/><\/div><\/a><a href=\"https:\/\/www.schlosstirol.it\/wp-content\/uploads\/2018\/03\/schloss-tirol_2014_KUEHN-3-1030x687.jpg\" data-srcset=\"https:\/\/www.schlosstirol.it\/wp-content\/uploads\/2018\/03\/schloss-tirol_2014_KUEHN-3.jpg 1030w, https:\/\/www.schlosstirol.it\/wp-content\/uploads\/2018\/03\/schloss-tirol_2014_KUEHN-3-300x200.jpg 300w, https:\/\/www.schlosstirol.it\/wp-content\/uploads\/2018\/03\/schloss-tirol_2014_KUEHN-3-768x512.jpg 768w, https:\/\/www.schlosstirol.it\/wp-content\/uploads\/2018\/03\/schloss-tirol_2014_KUEHN-3-705x470.jpg 705w, https:\/\/www.schlosstirol.it\/wp-content\/uploads\/2018\/03\/schloss-tirol_2014_KUEHN-3-450x300.jpg 450w\" data-sizes=\"(max-width: 1030px) 100vw, 1030px\" data-rel='gallery-1' data-prev-img='https:\/\/www.schlosstirol.it\/wp-content\/uploads\/2018\/03\/schloss-tirol_2014_KUEHN-3.jpg' class='first_thumb lightbox ' data-onclick='2' title=''  itemprop=\"thumbnailUrl\"  ><img decoding=\"async\" fetchpriority=\"high\" class=\"wp-image-1659 avia-img-lazy-loading-not-1659\"   src=\"https:\/\/www.schlosstirol.it\/wp-content\/uploads\/2018\/03\/schloss-tirol_2014_KUEHN-3-495x400.jpg\" width=\"495\" height=\"400\"  title='' alt='' srcset=\"https:\/\/www.schlosstirol.it\/wp-content\/uploads\/2018\/03\/schloss-tirol_2014_KUEHN-3-495x400.jpg 495w, https:\/\/www.schlosstirol.it\/wp-content\/uploads\/2018\/03\/schloss-tirol_2014_KUEHN-3-845x684.jpg 845w\" sizes=\"(max-width: 495px) 100vw, 495px\" \/><div class='big-prev-fake'><img decoding=\"async\" loading=\"lazy\" class=\"wp-image-1659 avia-img-lazy-loading-1659\"  width=\"1030\" height=\"687\" src=\"https:\/\/www.schlosstirol.it\/wp-content\/uploads\/2018\/03\/schloss-tirol_2014_KUEHN-3.jpg\" title='' alt='' srcset=\"https:\/\/www.schlosstirol.it\/wp-content\/uploads\/2018\/03\/schloss-tirol_2014_KUEHN-3.jpg 1030w, https:\/\/www.schlosstirol.it\/wp-content\/uploads\/2018\/03\/schloss-tirol_2014_KUEHN-3-300x200.jpg 300w, https:\/\/www.schlosstirol.it\/wp-content\/uploads\/2018\/03\/schloss-tirol_2014_KUEHN-3-768x512.jpg 768w, https:\/\/www.schlosstirol.it\/wp-content\/uploads\/2018\/03\/schloss-tirol_2014_KUEHN-3-705x470.jpg 705w, https:\/\/www.schlosstirol.it\/wp-content\/uploads\/2018\/03\/schloss-tirol_2014_KUEHN-3-450x300.jpg 450w\" sizes=\"auto, (max-width: 1030px) 100vw, 1030px\" \/><\/div><\/a><a href=\"https:\/\/www.schlosstirol.it\/wp-content\/uploads\/2018\/03\/schloss-tirol_2014_KUEHN-4-1030x687.jpg\" data-srcset=\"https:\/\/www.schlosstirol.it\/wp-content\/uploads\/2018\/03\/schloss-tirol_2014_KUEHN-4.jpg 1030w, https:\/\/www.schlosstirol.it\/wp-content\/uploads\/2018\/03\/schloss-tirol_2014_KUEHN-4-300x200.jpg 300w, https:\/\/www.schlosstirol.it\/wp-content\/uploads\/2018\/03\/schloss-tirol_2014_KUEHN-4-768x512.jpg 768w, https:\/\/www.schlosstirol.it\/wp-content\/uploads\/2018\/03\/schloss-tirol_2014_KUEHN-4-705x470.jpg 705w, https:\/\/www.schlosstirol.it\/wp-content\/uploads\/2018\/03\/schloss-tirol_2014_KUEHN-4-450x300.jpg 450w\" data-sizes=\"(max-width: 1030px) 100vw, 1030px\" data-rel='gallery-1' data-prev-img='https:\/\/www.schlosstirol.it\/wp-content\/uploads\/2018\/03\/schloss-tirol_2014_KUEHN-4.jpg' class='first_thumb lightbox ' data-onclick='3' title=''  itemprop=\"thumbnailUrl\"  ><img decoding=\"async\" fetchpriority=\"high\" class=\"wp-image-1662 avia-img-lazy-loading-not-1662\"   src=\"https:\/\/www.schlosstirol.it\/wp-content\/uploads\/2018\/03\/schloss-tirol_2014_KUEHN-4-495x400.jpg\" width=\"495\" height=\"400\"  title='' alt='' srcset=\"https:\/\/www.schlosstirol.it\/wp-content\/uploads\/2018\/03\/schloss-tirol_2014_KUEHN-4-495x400.jpg 495w, https:\/\/www.schlosstirol.it\/wp-content\/uploads\/2018\/03\/schloss-tirol_2014_KUEHN-4-845x684.jpg 845w\" sizes=\"(max-width: 495px) 100vw, 495px\" \/><div class='big-prev-fake'><img decoding=\"async\" loading=\"lazy\" class=\"wp-image-1662 avia-img-lazy-loading-1662\"  width=\"1030\" height=\"687\" src=\"https:\/\/www.schlosstirol.it\/wp-content\/uploads\/2018\/03\/schloss-tirol_2014_KUEHN-4.jpg\" title='' alt='' srcset=\"https:\/\/www.schlosstirol.it\/wp-content\/uploads\/2018\/03\/schloss-tirol_2014_KUEHN-4.jpg 1030w, https:\/\/www.schlosstirol.it\/wp-content\/uploads\/2018\/03\/schloss-tirol_2014_KUEHN-4-300x200.jpg 300w, https:\/\/www.schlosstirol.it\/wp-content\/uploads\/2018\/03\/schloss-tirol_2014_KUEHN-4-768x512.jpg 768w, https:\/\/www.schlosstirol.it\/wp-content\/uploads\/2018\/03\/schloss-tirol_2014_KUEHN-4-705x470.jpg 705w, https:\/\/www.schlosstirol.it\/wp-content\/uploads\/2018\/03\/schloss-tirol_2014_KUEHN-4-450x300.jpg 450w\" sizes=\"auto, (max-width: 1030px) 100vw, 1030px\" \/><\/div><\/a><a href=\"https:\/\/www.schlosstirol.it\/wp-content\/uploads\/2018\/03\/schloss-tirol_2014_KUEHN-2-1030x687.jpg\" data-srcset=\"https:\/\/www.schlosstirol.it\/wp-content\/uploads\/2018\/03\/schloss-tirol_2014_KUEHN-2.jpg 1030w, https:\/\/www.schlosstirol.it\/wp-content\/uploads\/2018\/03\/schloss-tirol_2014_KUEHN-2-300x200.jpg 300w, https:\/\/www.schlosstirol.it\/wp-content\/uploads\/2018\/03\/schloss-tirol_2014_KUEHN-2-768x512.jpg 768w, https:\/\/www.schlosstirol.it\/wp-content\/uploads\/2018\/03\/schloss-tirol_2014_KUEHN-2-705x470.jpg 705w, https:\/\/www.schlosstirol.it\/wp-content\/uploads\/2018\/03\/schloss-tirol_2014_KUEHN-2-450x300.jpg 450w\" data-sizes=\"(max-width: 1030px) 100vw, 1030px\" data-rel='gallery-1' data-prev-img='https:\/\/www.schlosstirol.it\/wp-content\/uploads\/2018\/03\/schloss-tirol_2014_KUEHN-2.jpg' class='first_thumb lightbox ' data-onclick='4' title=''  itemprop=\"thumbnailUrl\"  ><img decoding=\"async\" fetchpriority=\"high\" class=\"wp-image-1656 avia-img-lazy-loading-not-1656\"   src=\"https:\/\/www.schlosstirol.it\/wp-content\/uploads\/2018\/03\/schloss-tirol_2014_KUEHN-2-495x400.jpg\" width=\"495\" height=\"400\"  title='' alt='' srcset=\"https:\/\/www.schlosstirol.it\/wp-content\/uploads\/2018\/03\/schloss-tirol_2014_KUEHN-2-495x400.jpg 495w, https:\/\/www.schlosstirol.it\/wp-content\/uploads\/2018\/03\/schloss-tirol_2014_KUEHN-2-845x684.jpg 845w\" sizes=\"(max-width: 495px) 100vw, 495px\" \/><div class='big-prev-fake'><img decoding=\"async\" loading=\"lazy\" class=\"wp-image-1656 avia-img-lazy-loading-1656\"  width=\"1030\" height=\"687\" src=\"https:\/\/www.schlosstirol.it\/wp-content\/uploads\/2018\/03\/schloss-tirol_2014_KUEHN-2.jpg\" title='' alt='' srcset=\"https:\/\/www.schlosstirol.it\/wp-content\/uploads\/2018\/03\/schloss-tirol_2014_KUEHN-2.jpg 1030w, https:\/\/www.schlosstirol.it\/wp-content\/uploads\/2018\/03\/schloss-tirol_2014_KUEHN-2-300x200.jpg 300w, https:\/\/www.schlosstirol.it\/wp-content\/uploads\/2018\/03\/schloss-tirol_2014_KUEHN-2-768x512.jpg 768w, https:\/\/www.schlosstirol.it\/wp-content\/uploads\/2018\/03\/schloss-tirol_2014_KUEHN-2-705x470.jpg 705w, https:\/\/www.schlosstirol.it\/wp-content\/uploads\/2018\/03\/schloss-tirol_2014_KUEHN-2-450x300.jpg 450w\" sizes=\"auto, (max-width: 1030px) 100vw, 1030px\" \/><\/div><\/a><\/div><\/div><\/div>\n<style type=\"text\/css\" data-created_by=\"avia_inline_auto\" id=\"style-css-av-fhkwq8-53dcadadcc4b3308d3ab4c847a097114\">\n.flex_column.av-fhkwq8-53dcadadcc4b3308d3ab4c847a097114{\nborder-radius:0px 0px 0px 0px;\npadding:30px 0 30px 0;\n}\n<\/style>\n<div  class='flex_column av-fhkwq8-53dcadadcc4b3308d3ab4c847a097114 av_two_third  avia-builder-el-4  el_after_av_one_third  avia-builder-el-last  flex_column_div  '     ><p>\n<style type=\"text\/css\" data-created_by=\"avia_inline_auto\" id=\"style-css-av-ei748w-46524e77a3692c852fd7dd787c30a38b\">\n#top .av-special-heading.av-ei748w-46524e77a3692c852fd7dd787c30a38b{\npadding-bottom:20px;\n}\nbody .av-special-heading.av-ei748w-46524e77a3692c852fd7dd787c30a38b .av-special-heading-tag .heading-char{\nfont-size:25px;\n}\n.av-special-heading.av-ei748w-46524e77a3692c852fd7dd787c30a38b .av-subheading{\nfont-size:21px;\n}\n<\/style>\n<div  class='av-special-heading av-ei748w-46524e77a3692c852fd7dd787c30a38b av-special-heading-h2 blockquote modern-quote  avia-builder-el-5  el_before_av_textblock  avia-builder-el-first '><h2 class='av-special-heading-tag '  itemprop=\"headline\"  >Das bedrohte Paradies. Heinrich K\u00fchn fotografiert in Farbe.<\/h2><div class='av-subheading av-subheading_below'><p>31.05.2014 \u2013 26.11.2014<\/p>\n<\/div><div class=\"special-heading-border\"><div class=\"special-heading-inner-border\"><\/div><\/div><\/div><br \/>\n<section  class='av_textblock_section av-c7apz4-e9cc454f2fc1afad81d0bb21e87b1343 '   itemscope=\"itemscope\" itemtype=\"https:\/\/schema.org\/CreativeWork\" ><div class='avia_textblock'  itemprop=\"text\" ><p>Es war Heinrich K\u00fchn (1866-1944) aus Dresden, der die Farbfotografie nach Tirol brachte und sie hier auch im Zeitraum zwischen 1907 und 1914 experimentierte. K\u00fchn studierte zun\u00e4chst Naturwissenschaften und Medizin in Leipzig, Berlin und Freiburg. Aus gesundheitlichen Gr\u00fcnden wurde ihm als Studienort Innsbruck nahe gelegt, wo er seine Ausbildung zum Mediziner fortsetzte, bald aber das Studium abbrach. Sein Interesse galt der Fotografie, das er mit finanzieller Unterst\u00fctzung seines Vaters ausbauen konnte. 1904 kam er in Wien in Kontakt mit Hans Watzek und Hugo Henneberg, die an Gummidrucken experimentierten. Auf der Internationalen Ausstellung f\u00fcr Amateur-Photographie zeigte K\u00fchn in Berlin seine Arbeiten, die zum Ausstellungsmagneten avancierten. K\u00fchn entwickelte einen besonderen Zugang zur Fotografie, er arbeitete am Zur\u00fccknehmen des Bildausschnitts und an der feinen Abstufung der Tonwerte zwischen Hell und Dunkel. Seine Kunst war auf Ausstellungen in Dresden, Berlin, Wien, Rom und in den USA gefragt.<\/p>\n<p>\u00dcber Alfred Stieglitz lernte K\u00fchn 1907 die von den Gebr\u00fcdern Lumi\u00e8re in Paris entwickelten Autochromplatten kennen. Mit diesen konnte ein Farbpositiv mit einer einzigen Aufnahme erzeugt werden. Neben dem Piktorialisten Stieglitz arbeiteten Edward Steichen, Frank Eugene und eben K\u00fchn an ersten Experimenten. Noch im selben Jahr brachte Stieglitz das Ergebnis des Tutzinger Arbeitstreffens zu einer Ausstellung nach New York. Die Wirkung der Glasplatten kam der eines pointilistischen Werks sehr nahe.<\/p>\n<p>Gerade in den Jahren vor dem Ersten Weltkrieg laborierte K\u00fchn in Tirol, fing dabei Motive der Landschaft und Portr\u00e4ts ein. H\u00e4ufig sind es Kinderbildnisse, nicht selten im verlorenen Profil, die eigene Familie. In der Kombination der Kleiderfarben schuf er reduzierte Werke, die die Prinzipien der Neuen Sachlichkeit vorwegnahmen. Die Komposition verlangte nach gestellten Motiven, nach ausgefeilten Farbstudien. Man spricht von einer Reduktion auf das Wesentliche, von subtiler Lichtgebung, von einem ausgewogenen Gesp\u00fcr f\u00fcr Ausschnitte. Die Unsch\u00e4rfe kam als stilbildendes Mittel zum Tragen. K\u00fchn selbst definierte Fotografie wie folgt: \u201eUnter Photographie versteht man eine in l\u00fcckenlos ineinander flie\u00dfenden T\u00f6nen ausgedr\u00fcckte bildliche Darstellung, hervorgerufen oder vermittelt durch Wirkungen des Lichts\u201c. Die k\u00fcnstlerische Besch\u00e4ftigung mit der Fotografie hielt bis zum Ersten Weltkrieg an. In den Jahren danach griff er zur Feder. Er verfasste B\u00fccher und zahlreiche Fachartikel und gab sich der technischen Forschung der Fotografie hin.<\/p>\n<p>K\u00fchn kann wirklich als Pionier der k\u00fcnstlerischen Farbfotografie bezeichnet werden. Die au\u00dfergew\u00f6hnliche Bedeutung seiner Farbfotografie ist im internationalen Kontext sehr hoch.<\/p>\n<p>Die Ausstellung bietet die M\u00f6glichkeit, in ann\u00e4hernd 40 Autochromen und farbechten Wiedergaben den Anf\u00e4ngen der Farbfotografie in Tirol nachzusp\u00fcren. Die Farbautochrome werden auch erstmals in S\u00fcdtirol gezeigt. Dies ist nur dank der engen Zusammenarbeit mit der \u00d6sterreichischen Nationalbibliothek m\u00f6glich, die fast zwei Drittel des Autochrome-Bestandes Heinrich K\u00fchns besitzt.<\/p>\n<p>Zur Ausstellung entsteht ein Film von Markus Heltschl mit dem selben Titel.<\/p>\n<p>Mit freundlicher Unterst\u00fctzung der \u00d6sterreichischen Nationalbibliothek, der Kulturstiftung des Bundes, der Kulturabteilung des Landes Tirol und der Firma Durst.<\/p>\n<\/div><\/section><\/p><\/div>\n\n<\/div><\/div><\/div><!-- close content main div --><\/div><\/div><div id='musil'  class='avia-section av-a8fx9s-3c3c7df6e4010a93bf6d90f862ba39f4 main_color avia-section-default avia-no-border-styling  avia-builder-el-7  el_after_av_section  el_before_av_button_big  avia-bg-style-scroll container_wrap fullsize'  ><div class='container av-section-cont-open' ><div class='template-page content  av-content-full alpha units'><div class='post-entry post-entry-type-page post-entry-1648'><div class='entry-content-wrapper clearfix'>\n\n<style type=\"text\/css\" data-created_by=\"avia_inline_auto\" id=\"style-css-av-8mg38g-a59043e40f4bbecb35f58f3ddd8a8c48\">\n.flex_column.av-8mg38g-a59043e40f4bbecb35f58f3ddd8a8c48{\nborder-radius:0px 0px 0px 0px;\npadding:0px 0px 0px 0px;\n}\n<\/style>\n<div  class='flex_column av-8mg38g-a59043e40f4bbecb35f58f3ddd8a8c48 av_one_third  avia-builder-el-8  el_before_av_two_third  avia-builder-el-first  first flex_column_div av-zero-column-padding  '     ><style type=\"text\/css\" data-created_by=\"avia_inline_auto\" id=\"style-css-av-77jbao-123cec74d1a68f0ec6002a78fcc28878\">\n#top .avia-gallery.av-77jbao-123cec74d1a68f0ec6002a78fcc28878 .avia-gallery-thumb a{\nwidth:100%;\n}\n<\/style>\n<div  class='avia-gallery av-77jbao-123cec74d1a68f0ec6002a78fcc28878 avia_animate_when_visible  avia-builder-el-9  avia-builder-el-no-sibling  deactivate_avia_lazyload avia-gallery-animate avia-gallery-2'  itemprop=\"image\" itemscope=\"itemscope\" itemtype=\"https:\/\/schema.org\/ImageObject\" ><meta itemprop=\"contentURL\" content=\"https:\/\/www.schlosstirol.it\/en\/south-tyrolean-museum\/ausstellungen-2014\/\"><div class='avia-gallery-thumb'><a href=\"https:\/\/www.schlosstirol.it\/wp-content\/uploads\/2018\/03\/schloss-tirol_2014_MUSIL-1_-Literatur-Museum-Klagenfurt.jpg\" data-srcset=\"https:\/\/www.schlosstirol.it\/wp-content\/uploads\/2018\/03\/schloss-tirol_2014_MUSIL-1_-Literatur-Museum-Klagenfurt.jpg 616w, https:\/\/www.schlosstirol.it\/wp-content\/uploads\/2018\/03\/schloss-tirol_2014_MUSIL-1_-Literatur-Museum-Klagenfurt-231x300.jpg 231w, https:\/\/www.schlosstirol.it\/wp-content\/uploads\/2018\/03\/schloss-tirol_2014_MUSIL-1_-Literatur-Museum-Klagenfurt-543x705.jpg 543w, https:\/\/www.schlosstirol.it\/wp-content\/uploads\/2018\/03\/schloss-tirol_2014_MUSIL-1_-Literatur-Museum-Klagenfurt-450x584.jpg 450w\" data-sizes=\"(max-width: 616px) 100vw, 616px\" data-rel='gallery-2' data-prev-img='https:\/\/www.schlosstirol.it\/wp-content\/uploads\/2018\/03\/schloss-tirol_2014_MUSIL-1_-Literatur-Museum-Klagenfurt.jpg' class='first_thumb lightbox ' data-onclick='1' title=''  itemprop=\"thumbnailUrl\"  ><img decoding=\"async\" fetchpriority=\"high\" class=\"wp-image-1665 avia-img-lazy-loading-not-1665\"   src=\"https:\/\/www.schlosstirol.it\/wp-content\/uploads\/2018\/03\/schloss-tirol_2014_MUSIL-1_-Literatur-Museum-Klagenfurt-495x400.jpg\" width=\"495\" height=\"400\"  title='' alt='' \/><div class='big-prev-fake'><img decoding=\"async\" loading=\"lazy\" class=\"wp-image-1665 avia-img-lazy-loading-1665\"  width=\"616\" height=\"800\" src=\"https:\/\/www.schlosstirol.it\/wp-content\/uploads\/2018\/03\/schloss-tirol_2014_MUSIL-1_-Literatur-Museum-Klagenfurt.jpg\" title='' alt='' srcset=\"https:\/\/www.schlosstirol.it\/wp-content\/uploads\/2018\/03\/schloss-tirol_2014_MUSIL-1_-Literatur-Museum-Klagenfurt.jpg 616w, https:\/\/www.schlosstirol.it\/wp-content\/uploads\/2018\/03\/schloss-tirol_2014_MUSIL-1_-Literatur-Museum-Klagenfurt-231x300.jpg 231w, https:\/\/www.schlosstirol.it\/wp-content\/uploads\/2018\/03\/schloss-tirol_2014_MUSIL-1_-Literatur-Museum-Klagenfurt-543x705.jpg 543w, https:\/\/www.schlosstirol.it\/wp-content\/uploads\/2018\/03\/schloss-tirol_2014_MUSIL-1_-Literatur-Museum-Klagenfurt-450x584.jpg 450w\" sizes=\"auto, (max-width: 616px) 100vw, 616px\" \/><\/div><\/a><a href=\"https:\/\/www.schlosstirol.it\/wp-content\/uploads\/2018\/03\/schloss-tirol_2014_MUSIL-2.jpg\" data-srcset=\"https:\/\/www.schlosstirol.it\/wp-content\/uploads\/2018\/03\/schloss-tirol_2014_MUSIL-2.jpg 492w, https:\/\/www.schlosstirol.it\/wp-content\/uploads\/2018\/03\/schloss-tirol_2014_MUSIL-2-185x300.jpg 185w, https:\/\/www.schlosstirol.it\/wp-content\/uploads\/2018\/03\/schloss-tirol_2014_MUSIL-2-434x705.jpg 434w, https:\/\/www.schlosstirol.it\/wp-content\/uploads\/2018\/03\/schloss-tirol_2014_MUSIL-2-450x732.jpg 450w\" data-sizes=\"(max-width: 492px) 100vw, 492px\" data-rel='gallery-2' data-prev-img='https:\/\/www.schlosstirol.it\/wp-content\/uploads\/2018\/03\/schloss-tirol_2014_MUSIL-2.jpg' class='first_thumb lightbox ' data-onclick='2' title=''  itemprop=\"thumbnailUrl\"  ><img decoding=\"async\" fetchpriority=\"high\" class=\"wp-image-1668 avia-img-lazy-loading-not-1668\"   src=\"https:\/\/www.schlosstirol.it\/wp-content\/uploads\/2018\/03\/schloss-tirol_2014_MUSIL-2-492x400.jpg\" width=\"492\" height=\"400\"  title='' alt='' \/><div class='big-prev-fake'><img decoding=\"async\" loading=\"lazy\" class=\"wp-image-1668 avia-img-lazy-loading-1668\"  width=\"492\" height=\"800\" src=\"https:\/\/www.schlosstirol.it\/wp-content\/uploads\/2018\/03\/schloss-tirol_2014_MUSIL-2.jpg\" title='' alt='' srcset=\"https:\/\/www.schlosstirol.it\/wp-content\/uploads\/2018\/03\/schloss-tirol_2014_MUSIL-2.jpg 492w, https:\/\/www.schlosstirol.it\/wp-content\/uploads\/2018\/03\/schloss-tirol_2014_MUSIL-2-185x300.jpg 185w, https:\/\/www.schlosstirol.it\/wp-content\/uploads\/2018\/03\/schloss-tirol_2014_MUSIL-2-434x705.jpg 434w, https:\/\/www.schlosstirol.it\/wp-content\/uploads\/2018\/03\/schloss-tirol_2014_MUSIL-2-450x732.jpg 450w\" sizes=\"auto, (max-width: 492px) 100vw, 492px\" \/><\/div><\/a><a href=\"https:\/\/www.schlosstirol.it\/wp-content\/uploads\/2018\/03\/schloss-tirol_2014_MUSIL-3-1030x687.jpg\" data-srcset=\"https:\/\/www.schlosstirol.it\/wp-content\/uploads\/2018\/03\/schloss-tirol_2014_MUSIL-3.jpg 1030w, https:\/\/www.schlosstirol.it\/wp-content\/uploads\/2018\/03\/schloss-tirol_2014_MUSIL-3-300x200.jpg 300w, https:\/\/www.schlosstirol.it\/wp-content\/uploads\/2018\/03\/schloss-tirol_2014_MUSIL-3-768x512.jpg 768w, https:\/\/www.schlosstirol.it\/wp-content\/uploads\/2018\/03\/schloss-tirol_2014_MUSIL-3-705x470.jpg 705w, https:\/\/www.schlosstirol.it\/wp-content\/uploads\/2018\/03\/schloss-tirol_2014_MUSIL-3-450x300.jpg 450w\" data-sizes=\"(max-width: 1030px) 100vw, 1030px\" data-rel='gallery-2' data-prev-img='https:\/\/www.schlosstirol.it\/wp-content\/uploads\/2018\/03\/schloss-tirol_2014_MUSIL-3.jpg' class='first_thumb lightbox ' data-onclick='3' title=''  itemprop=\"thumbnailUrl\"  ><img decoding=\"async\" fetchpriority=\"high\" class=\"wp-image-1671 avia-img-lazy-loading-not-1671\"   src=\"https:\/\/www.schlosstirol.it\/wp-content\/uploads\/2018\/03\/schloss-tirol_2014_MUSIL-3-495x400.jpg\" width=\"495\" height=\"400\"  title='' alt='Ausstellungen 2014' srcset=\"https:\/\/www.schlosstirol.it\/wp-content\/uploads\/2018\/03\/schloss-tirol_2014_MUSIL-3-495x400.jpg 495w, https:\/\/www.schlosstirol.it\/wp-content\/uploads\/2018\/03\/schloss-tirol_2014_MUSIL-3-845x684.jpg 845w\" sizes=\"(max-width: 495px) 100vw, 495px\" \/><div class='big-prev-fake'><img decoding=\"async\" loading=\"lazy\" class=\"wp-image-1671 avia-img-lazy-loading-1671\"  width=\"1030\" height=\"687\" src=\"https:\/\/www.schlosstirol.it\/wp-content\/uploads\/2018\/03\/schloss-tirol_2014_MUSIL-3.jpg\" title='' alt='Ausstellungen 2014' srcset=\"https:\/\/www.schlosstirol.it\/wp-content\/uploads\/2018\/03\/schloss-tirol_2014_MUSIL-3.jpg 1030w, https:\/\/www.schlosstirol.it\/wp-content\/uploads\/2018\/03\/schloss-tirol_2014_MUSIL-3-300x200.jpg 300w, https:\/\/www.schlosstirol.it\/wp-content\/uploads\/2018\/03\/schloss-tirol_2014_MUSIL-3-768x512.jpg 768w, https:\/\/www.schlosstirol.it\/wp-content\/uploads\/2018\/03\/schloss-tirol_2014_MUSIL-3-705x470.jpg 705w, https:\/\/www.schlosstirol.it\/wp-content\/uploads\/2018\/03\/schloss-tirol_2014_MUSIL-3-450x300.jpg 450w\" sizes=\"auto, (max-width: 1030px) 100vw, 1030px\" \/><\/div><\/a><\/div><\/div><\/div>\n<style type=\"text\/css\" data-created_by=\"avia_inline_auto\" id=\"style-css-av-56tfgw-b4108427cf76414254f97e582095071f\">\n.flex_column.av-56tfgw-b4108427cf76414254f97e582095071f{\nborder-radius:0px 0px 0px 0px;\npadding:30px 0 30px 0;\n}\n<\/style>\n<div  class='flex_column av-56tfgw-b4108427cf76414254f97e582095071f av_two_third  avia-builder-el-10  el_after_av_one_third  avia-builder-el-last  flex_column_div  '     ><p>\n<style type=\"text\/css\" data-created_by=\"avia_inline_auto\" id=\"style-css-av-4is5s0-29af5f9cbc16120379148221091f17fb\">\n#top .av-special-heading.av-4is5s0-29af5f9cbc16120379148221091f17fb{\npadding-bottom:20px;\n}\nbody .av-special-heading.av-4is5s0-29af5f9cbc16120379148221091f17fb .av-special-heading-tag .heading-char{\nfont-size:25px;\n}\n.av-special-heading.av-4is5s0-29af5f9cbc16120379148221091f17fb .av-subheading{\nfont-size:21px;\n}\n<\/style>\n<div  class='av-special-heading av-4is5s0-29af5f9cbc16120379148221091f17fb av-special-heading-h2 blockquote modern-quote  avia-builder-el-11  el_before_av_textblock  avia-builder-el-first '><h2 class='av-special-heading-tag '  itemprop=\"headline\"  >Der Gesang des Todes. Robert Musil und der Erste Weltkrieg.<\/h2><div class='av-subheading av-subheading_below'><p>09.08.2014 \u2013 30.11.2014<\/p>\n<\/div><div class=\"special-heading-border\"><div class=\"special-heading-inner-border\"><\/div><\/div><\/div><br \/>\n<section  class='av_textblock_section av-2jnaf4-e78b8806c1528cd195671375f2415ca1 '   itemscope=\"itemscope\" itemtype=\"https:\/\/schema.org\/CreativeWork\" ><div class='avia_textblock'  itemprop=\"text\" ><p>Im Sommer 1914 wurde Robert Musil wie viele Schriftsteller und Intellektuelle vom \u00bbMobilisierungserlebnis\u00ab mitgerissen. Er meldete sich freiwillig zum Kriegsdienst. Stationiert an der \u00f6sterreichisch-italienischen Grenze, nahm er an milit\u00e4rischen Eins\u00e4tzen in S\u00fcdtirol und am Isonzo teil. Sp\u00e4ter arbeitete er als Redakteur f\u00fcr Milit\u00e4r-Zeitungen, 1916 zun\u00e4chst f\u00fcr die \u201eTiroler Soldaten-Zeitung\u201c in Bozen, 1918 f\u00fcr die \u201eHeimat\u201c im Kriegspressequartier in Wien.<\/p>\n<p>In der Ausstellung werden nicht nur die biografischen Stationen und historischen Hintergr\u00fcnde gezeigt, sondern auch, wie der Autor die eigene Kriegserfahrung im Werk verarbeitet hat. Neben verfremdeten und verdichteten Kriegsbildern in Musils Prosa geben Tageb\u00fccher und Briefe Einblicke in die Lebensbedingungen im Krieg.Auch K\u00fcnstler wurden zur Ausschm\u00fcckung der \u201eTiroler Soldaten-Zeitung\u201c geladen. Die Ausstellung in Schloss Tirol erweitert jene im M\u00fcnchner Literaturhaus gerade um diese Variante, die von Carl Kraus bearbeitet wurde: Innerhalb der \u201eLiterarischen Beilage\u201c arbeiteten als Illustratoren der Kriegspropaganda auch \u201eKriegsmaler\u201c und Fotografen mit. Insgesamt 45 K\u00fcnstler waren daran beteiligt. Herausragend bleiben Albin Egger-Lienz, Artur Nikodem, Hans Josef Weber-Tyrol, der geb\u00fcrtige Sarntaler Heinrich Told, der Brixner Josef Durst, der Oberinntaler Thomas Riss und der Trentiner Franz Ferdinand Rizzi. Die Bildmotive reichen von den Portr\u00e4ts der Milit\u00e4rf\u00fchrungsriege bis hin zu jenem des Bergf\u00fchrers Sepp Innerkofler, letzteres von Franz von Defregger. Der Alltag der Soldaten ist weiter Thema, Soldaten beim Abfassen der Heimatbriefe, Soldaten im Feld, oder einfach Landschaften. So hielt Rizzi die Kriegsschaupl\u00e4tze im Trentino fest und schuf eine Reihe von Soldatenportr\u00e4ts, skizzierte Feldmessen und Friedh\u00f6fe. Auch Josef Durst widmete sich verst\u00e4rkt dem Portr\u00e4tfach. Das Thema \u201eSkiwacht in den Dolomiten\u201c verbindet Kriegsdienst mit dem erst sp\u00e4ter popul\u00e4r gewordenen alpinen Sport. Der Erl\u00f6s von Ignaz Stolz\u2019 \u201eTiroler Soldatenmadonna\u201c kam der Kriegshilfe zugute.<\/p>\n<p>Zur Ausstellung erscheint ein Katalog und ein Faksimile der Erstausgabe \u201eDie Portugiesin\u201c mit einem Nachwort von Dr. Karl Corino. Beide sind im Museumsshop erh\u00e4ltlich.<\/p>\n<p>Die Ausstellung entstand in enger Zusammenarbeit mit dem Literaturhaus M\u00fcnchen.<\/p>\n<\/div><\/section><\/p><\/div>\n\n<div  class='avia-button-wrap avia-button-center  avia-builder-el-13  el_after_av_section  avia-builder-el-last '>\n<style type=\"text\/css\" data-created_by=\"avia_inline_auto\" id=\"style-css-av-jlxtewdk-1eecd86b3e70274c4abac37fa6a7c9fc\">\n#top #wrap_all .avia-button.av-jlxtewdk-1eecd86b3e70274c4abac37fa6a7c9fc{\ncolor:#ffffff;\ntransition:all 0.4s ease-in-out;\n}\n#top #wrap_all .avia-button.av-jlxtewdk-1eecd86b3e70274c4abac37fa6a7c9fc:hover{\ncolor:#ffffff;\ntransition:all 0.4s ease-in-out;\n}\n#top #wrap_all .avia-button.av-jlxtewdk-1eecd86b3e70274c4abac37fa6a7c9fc .avia-svg-icon svg:first-child{\nfill:#ffffff;\nstroke:#ffffff;\n}\n#top #wrap_all .avia-button.av-jlxtewdk-1eecd86b3e70274c4abac37fa6a7c9fc:hover .avia-svg-icon svg:first-child{\nfill:#ffffff;\nstroke:#ffffff;\n}\n<\/style>\n<a href='' class='avia-color-theme-color avia-button avia-button-fullwidth av-jlxtewdk-1eecd86b3e70274c4abac37fa6a7c9fc avia-icon_select-yes-left-icon avia-color-theme-color'   aria-label=\"AUSSTELLUNGEN ARCHIV\"><span class='avia_button_icon avia_button_icon_left avia-svg-icon avia-font-svg_entypo-fontello' data-av_svg_icon='archive' data-av_iconset='svg_entypo-fontello'><svg version=\"1.1\" xmlns=\"http:\/\/www.w3.org\/2000\/svg\" width=\"31\" height=\"32\" viewBox=\"0 0 31 32\" preserveAspectRatio=\"xMidYMid meet\" aria-labelledby='av-svg-title-1' aria-describedby='av-svg-desc-1' role=\"graphics-symbol\">\n<title id='av-svg-title-1'>Archive<\/title>\n<desc id='av-svg-desc-1'>Archive<\/desc>\n<path d=\"M26.88 8v1.6h-22.272v-1.6q0-0.704 0.416-1.12t0.8-0.48h19.456q0.192 0 0.448 0.032t0.704 0.448 0.448 1.12zM22.144 3.2q0.192 0 0.448 0.032t0.704 0.448 0.448 1.12h-15.936q0-0.704 0.416-1.12t0.8-0.48h13.12zM30.080 9.6q1.088 1.024 1.216 1.472 0.192 0.576 0 1.728l-2.432 14.4q-0.128 0.704-0.64 1.12t-0.896 0.48h-22.72q-1.664 0-1.92-1.6-0.192-0.832-1.248-7.136t-1.248-7.264q-0.32-0.704-0.096-1.408t0.32-0.832 0.672-0.64l1.28-1.28v2.56h26.752v-2.56zM22.144 18.24v-3.2h-2.24v2.56h-8.32v-2.56h-2.176v3.2q0 1.6 1.536 1.6h9.6q0.704 0 1.12-0.384t0.416-0.768z\"><\/path>\n<\/svg><\/span><span class='avia_iconbox_title' >AUSSTELLUNGEN ARCHIV<\/span><span class='avia_button_background avia-button avia-button-fullwidth avia-color-theme-color-highlight'><\/span><\/a><\/div>\n","protected":false},"excerpt":{"rendered":"","protected":false},"author":1,"featured_media":1670,"comment_status":"closed","ping_status":"closed","template":"","meta":{"footnotes":""},"tags":[],"portfolio_entries":[28],"class_list":["post-1648","portfolio","type-portfolio","status-publish","has-post-thumbnail","hentry","portfolio_entries-ausstellungen-2014"],"yoast_head":"<!-- This site is optimized with the Yoast SEO plugin v27.5 - https:\/\/yoast.com\/product\/yoast-seo-wordpress\/ -->\n<title>Ausstellungen 2014 - Castle Tyrol - South Tyrolean Museum of Culture<\/title>\n<meta name=\"description\" content=\"Schloss Tirol Ausstellungen 2014\" \/>\n<meta name=\"robots\" content=\"index, follow, max-snippet:-1, max-image-preview:large, max-video-preview:-1\" \/>\n<link rel=\"canonical\" href=\"https:\/\/www.schlosstirol.it\/en\/south-tyrolean-museum\/ausstellungen-2014\/\" \/>\n<meta property=\"og:locale\" content=\"en_US\" \/>\n<meta property=\"og:type\" content=\"article\" \/>\n<meta property=\"og:title\" content=\"Ausstellungen 2014 - Castle Tyrol - South Tyrolean Museum of Culture\" \/>\n<meta property=\"og:description\" content=\"Schloss Tirol Ausstellungen 2014\" \/>\n<meta property=\"og:url\" content=\"https:\/\/www.schlosstirol.it\/en\/south-tyrolean-museum\/ausstellungen-2014\/\" \/>\n<meta property=\"og:site_name\" content=\"Castle Tyrol - South Tyrolean Museum of Culture\" \/>\n<meta property=\"article:publisher\" content=\"https:\/\/www.facebook.com\/schlosstirol.casteltirolo\" \/>\n<meta property=\"article:modified_time\" content=\"2019-01-30T10:29:10+00:00\" \/>\n<meta property=\"og:image\" content=\"https:\/\/www.schlosstirol.it\/wp-content\/uploads\/2018\/03\/schloss-tirol_2014_MUSIL-3.jpg\" \/>\n\t<meta property=\"og:image:width\" content=\"1030\" \/>\n\t<meta property=\"og:image:height\" content=\"687\" \/>\n\t<meta property=\"og:image:type\" content=\"image\/jpeg\" \/>\n<meta name=\"twitter:card\" content=\"summary_large_image\" \/>\n<meta name=\"twitter:label1\" content=\"Est. reading time\" \/>\n\t<meta name=\"twitter:data1\" content=\"9 minutes\" \/>\n<script type=\"application\/ld+json\" class=\"yoast-schema-graph\">{\"@context\":\"https:\\\/\\\/schema.org\",\"@graph\":[{\"@type\":\"WebPage\",\"@id\":\"https:\\\/\\\/www.schlosstirol.it\\\/en\\\/south-tyrolean-museum\\\/ausstellungen-2014\\\/\",\"url\":\"https:\\\/\\\/www.schlosstirol.it\\\/en\\\/south-tyrolean-museum\\\/ausstellungen-2014\\\/\",\"name\":\"Ausstellungen 2014 - Castle Tyrol - South Tyrolean Museum of Culture\",\"isPartOf\":{\"@id\":\"https:\\\/\\\/www.schlosstirol.it\\\/en\\\/#website\"},\"primaryImageOfPage\":{\"@id\":\"https:\\\/\\\/www.schlosstirol.it\\\/en\\\/south-tyrolean-museum\\\/ausstellungen-2014\\\/#primaryimage\"},\"image\":{\"@id\":\"https:\\\/\\\/www.schlosstirol.it\\\/en\\\/south-tyrolean-museum\\\/ausstellungen-2014\\\/#primaryimage\"},\"thumbnailUrl\":\"https:\\\/\\\/www.schlosstirol.it\\\/wp-content\\\/uploads\\\/2018\\\/03\\\/schloss-tirol_2014_MUSIL-3.jpg\",\"datePublished\":\"2018-03-07T14:29:42+00:00\",\"dateModified\":\"2019-01-30T10:29:10+00:00\",\"description\":\"Schloss Tirol Ausstellungen 2014\",\"breadcrumb\":{\"@id\":\"https:\\\/\\\/www.schlosstirol.it\\\/en\\\/south-tyrolean-museum\\\/ausstellungen-2014\\\/#breadcrumb\"},\"inLanguage\":\"en-US\",\"potentialAction\":[{\"@type\":\"ReadAction\",\"target\":[\"https:\\\/\\\/www.schlosstirol.it\\\/en\\\/south-tyrolean-museum\\\/ausstellungen-2014\\\/\"]}]},{\"@type\":\"ImageObject\",\"inLanguage\":\"en-US\",\"@id\":\"https:\\\/\\\/www.schlosstirol.it\\\/en\\\/south-tyrolean-museum\\\/ausstellungen-2014\\\/#primaryimage\",\"url\":\"https:\\\/\\\/www.schlosstirol.it\\\/wp-content\\\/uploads\\\/2018\\\/03\\\/schloss-tirol_2014_MUSIL-3.jpg\",\"contentUrl\":\"https:\\\/\\\/www.schlosstirol.it\\\/wp-content\\\/uploads\\\/2018\\\/03\\\/schloss-tirol_2014_MUSIL-3.jpg\",\"width\":1030,\"height\":687,\"caption\":\"Ausstellungen 2014\"},{\"@type\":\"BreadcrumbList\",\"@id\":\"https:\\\/\\\/www.schlosstirol.it\\\/en\\\/south-tyrolean-museum\\\/ausstellungen-2014\\\/#breadcrumb\",\"itemListElement\":[{\"@type\":\"ListItem\",\"position\":1,\"name\":\"Startseite\",\"item\":\"https:\\\/\\\/www.schlosstirol.it\\\/en\\\/castle-tyrol\\\/\"},{\"@type\":\"ListItem\",\"position\":2,\"name\":\"Ausstellungen 2014\"}]},{\"@type\":\"WebSite\",\"@id\":\"https:\\\/\\\/www.schlosstirol.it\\\/en\\\/#website\",\"url\":\"https:\\\/\\\/www.schlosstirol.it\\\/en\\\/\",\"name\":\"Castle Tyrol - South Tyrolean Museum of Culture\",\"description\":\"South Tyrolean Museum of Culture and Provincial History\",\"publisher\":{\"@id\":\"https:\\\/\\\/www.schlosstirol.it\\\/en\\\/#organization\"},\"potentialAction\":[{\"@type\":\"SearchAction\",\"target\":{\"@type\":\"EntryPoint\",\"urlTemplate\":\"https:\\\/\\\/www.schlosstirol.it\\\/en\\\/?s={search_term_string}\"},\"query-input\":{\"@type\":\"PropertyValueSpecification\",\"valueRequired\":true,\"valueName\":\"search_term_string\"}}],\"inLanguage\":\"en-US\"},{\"@type\":\"Organization\",\"@id\":\"https:\\\/\\\/www.schlosstirol.it\\\/en\\\/#organization\",\"name\":\"Castle Tyrol\",\"url\":\"https:\\\/\\\/www.schlosstirol.it\\\/en\\\/\",\"logo\":{\"@type\":\"ImageObject\",\"inLanguage\":\"en-US\",\"@id\":\"https:\\\/\\\/www.schlosstirol.it\\\/en\\\/#\\\/schema\\\/logo\\\/image\\\/\",\"url\":\"https:\\\/\\\/www.schlosstirol.it\\\/wp-content\\\/uploads\\\/2018\\\/09\\\/schloss-tirol_logo-impressum.png\",\"contentUrl\":\"https:\\\/\\\/www.schlosstirol.it\\\/wp-content\\\/uploads\\\/2018\\\/09\\\/schloss-tirol_logo-impressum.png\",\"width\":1030,\"height\":687,\"caption\":\"Castle Tyrol\"},\"image\":{\"@id\":\"https:\\\/\\\/www.schlosstirol.it\\\/en\\\/#\\\/schema\\\/logo\\\/image\\\/\"},\"sameAs\":[\"https:\\\/\\\/www.facebook.com\\\/schlosstirol.casteltirolo\"]}]}<\/script>\n<!-- \/ Yoast SEO plugin. -->","yoast_head_json":{"title":"Ausstellungen 2014 - Castle Tyrol - South Tyrolean Museum of Culture","description":"Schloss Tirol Ausstellungen 2014","robots":{"index":"index","follow":"follow","max-snippet":"max-snippet:-1","max-image-preview":"max-image-preview:large","max-video-preview":"max-video-preview:-1"},"canonical":"https:\/\/www.schlosstirol.it\/en\/south-tyrolean-museum\/ausstellungen-2014\/","og_locale":"en_US","og_type":"article","og_title":"Ausstellungen 2014 - Castle Tyrol - South Tyrolean Museum of Culture","og_description":"Schloss Tirol Ausstellungen 2014","og_url":"https:\/\/www.schlosstirol.it\/en\/south-tyrolean-museum\/ausstellungen-2014\/","og_site_name":"Castle Tyrol - South Tyrolean Museum of Culture","article_publisher":"https:\/\/www.facebook.com\/schlosstirol.casteltirolo","article_modified_time":"2019-01-30T10:29:10+00:00","og_image":[{"width":1030,"height":687,"url":"https:\/\/www.schlosstirol.it\/wp-content\/uploads\/2018\/03\/schloss-tirol_2014_MUSIL-3.jpg","type":"image\/jpeg"}],"twitter_card":"summary_large_image","twitter_misc":{"Est. reading time":"9 minutes"},"schema":{"@context":"https:\/\/schema.org","@graph":[{"@type":"WebPage","@id":"https:\/\/www.schlosstirol.it\/en\/south-tyrolean-museum\/ausstellungen-2014\/","url":"https:\/\/www.schlosstirol.it\/en\/south-tyrolean-museum\/ausstellungen-2014\/","name":"Ausstellungen 2014 - Castle Tyrol - South Tyrolean Museum of Culture","isPartOf":{"@id":"https:\/\/www.schlosstirol.it\/en\/#website"},"primaryImageOfPage":{"@id":"https:\/\/www.schlosstirol.it\/en\/south-tyrolean-museum\/ausstellungen-2014\/#primaryimage"},"image":{"@id":"https:\/\/www.schlosstirol.it\/en\/south-tyrolean-museum\/ausstellungen-2014\/#primaryimage"},"thumbnailUrl":"https:\/\/www.schlosstirol.it\/wp-content\/uploads\/2018\/03\/schloss-tirol_2014_MUSIL-3.jpg","datePublished":"2018-03-07T14:29:42+00:00","dateModified":"2019-01-30T10:29:10+00:00","description":"Schloss Tirol Ausstellungen 2014","breadcrumb":{"@id":"https:\/\/www.schlosstirol.it\/en\/south-tyrolean-museum\/ausstellungen-2014\/#breadcrumb"},"inLanguage":"en-US","potentialAction":[{"@type":"ReadAction","target":["https:\/\/www.schlosstirol.it\/en\/south-tyrolean-museum\/ausstellungen-2014\/"]}]},{"@type":"ImageObject","inLanguage":"en-US","@id":"https:\/\/www.schlosstirol.it\/en\/south-tyrolean-museum\/ausstellungen-2014\/#primaryimage","url":"https:\/\/www.schlosstirol.it\/wp-content\/uploads\/2018\/03\/schloss-tirol_2014_MUSIL-3.jpg","contentUrl":"https:\/\/www.schlosstirol.it\/wp-content\/uploads\/2018\/03\/schloss-tirol_2014_MUSIL-3.jpg","width":1030,"height":687,"caption":"Ausstellungen 2014"},{"@type":"BreadcrumbList","@id":"https:\/\/www.schlosstirol.it\/en\/south-tyrolean-museum\/ausstellungen-2014\/#breadcrumb","itemListElement":[{"@type":"ListItem","position":1,"name":"Startseite","item":"https:\/\/www.schlosstirol.it\/en\/castle-tyrol\/"},{"@type":"ListItem","position":2,"name":"Ausstellungen 2014"}]},{"@type":"WebSite","@id":"https:\/\/www.schlosstirol.it\/en\/#website","url":"https:\/\/www.schlosstirol.it\/en\/","name":"Castle Tyrol - South Tyrolean Museum of Culture","description":"South Tyrolean Museum of Culture and Provincial History","publisher":{"@id":"https:\/\/www.schlosstirol.it\/en\/#organization"},"potentialAction":[{"@type":"SearchAction","target":{"@type":"EntryPoint","urlTemplate":"https:\/\/www.schlosstirol.it\/en\/?s={search_term_string}"},"query-input":{"@type":"PropertyValueSpecification","valueRequired":true,"valueName":"search_term_string"}}],"inLanguage":"en-US"},{"@type":"Organization","@id":"https:\/\/www.schlosstirol.it\/en\/#organization","name":"Castle Tyrol","url":"https:\/\/www.schlosstirol.it\/en\/","logo":{"@type":"ImageObject","inLanguage":"en-US","@id":"https:\/\/www.schlosstirol.it\/en\/#\/schema\/logo\/image\/","url":"https:\/\/www.schlosstirol.it\/wp-content\/uploads\/2018\/09\/schloss-tirol_logo-impressum.png","contentUrl":"https:\/\/www.schlosstirol.it\/wp-content\/uploads\/2018\/09\/schloss-tirol_logo-impressum.png","width":1030,"height":687,"caption":"Castle Tyrol"},"image":{"@id":"https:\/\/www.schlosstirol.it\/en\/#\/schema\/logo\/image\/"},"sameAs":["https:\/\/www.facebook.com\/schlosstirol.casteltirolo"]}]}},"_links":{"self":[{"href":"https:\/\/www.schlosstirol.it\/en\/wp-json\/wp\/v2\/portfolio\/1648","targetHints":{"allow":["GET"]}}],"collection":[{"href":"https:\/\/www.schlosstirol.it\/en\/wp-json\/wp\/v2\/portfolio"}],"about":[{"href":"https:\/\/www.schlosstirol.it\/en\/wp-json\/wp\/v2\/types\/portfolio"}],"author":[{"embeddable":true,"href":"https:\/\/www.schlosstirol.it\/en\/wp-json\/wp\/v2\/users\/1"}],"replies":[{"embeddable":true,"href":"https:\/\/www.schlosstirol.it\/en\/wp-json\/wp\/v2\/comments?post=1648"}],"version-history":[{"count":0,"href":"https:\/\/www.schlosstirol.it\/en\/wp-json\/wp\/v2\/portfolio\/1648\/revisions"}],"wp:featuredmedia":[{"embeddable":true,"href":"https:\/\/www.schlosstirol.it\/en\/wp-json\/wp\/v2\/media\/1670"}],"wp:attachment":[{"href":"https:\/\/www.schlosstirol.it\/en\/wp-json\/wp\/v2\/media?parent=1648"}],"wp:term":[{"taxonomy":"post_tag","embeddable":true,"href":"https:\/\/www.schlosstirol.it\/en\/wp-json\/wp\/v2\/tags?post=1648"},{"taxonomy":"portfolio_entries","embeddable":true,"href":"https:\/\/www.schlosstirol.it\/en\/wp-json\/wp\/v2\/portfolio_entries?post=1648"}],"curies":[{"name":"wp","href":"https:\/\/api.w.org\/{rel}","templated":true}]}}