{"id":1771,"date":"2018-03-07T13:59:53","date_gmt":"2018-03-07T12:59:53","guid":{"rendered":"http:\/\/andale.info\/schloss2\/?post_type=portfolio&#038;p=1771"},"modified":"2019-01-30T11:30:38","modified_gmt":"2019-01-30T10:30:38","slug":"ausstellungen-2005","status":"publish","type":"portfolio","link":"https:\/\/www.schlosstirol.it\/en\/south-tyrolean-museum\/ausstellungen-2005\/","title":{"rendered":"Ausstellungen 2005"},"content":{"rendered":"<div id='full_slider_1'  class='avia-fullwidth-slider main_color avia-shadow   avia-builder-el-0  el_before_av_section  avia-builder-el-first   container_wrap fullsize'  >\n<style type=\"text\/css\" data-created_by=\"avia_inline_auto\" id=\"style-css-av-hbyyhn-fe5ce6e5a6f1cfe6c9cc14a3db540bc4\">\n#top #wrap_all .avia-slideshow .av-slideshow-caption.av-hbyyhn-fe5ce6e5a6f1cfe6c9cc14a3db540bc4__0 .avia-caption-title{\nfont-size:50px;\n}\n<\/style>\n<div  class='avia-slideshow av-hbyyhn-fe5ce6e5a6f1cfe6c9cc14a3db540bc4 avia-slideshow-featured_large av_slideshow_full avia-fade-slider av-slideshow-ui av-control-hidden av-no-slider-navigation av-hide-nav-arrows av-slideshow-autoplay av-loop-endless av-loop-manual-endless av-default-height-applied   avia-slideshow-1' data-slideshow-options=\"{&quot;animation&quot;:&quot;fade&quot;,&quot;autoplay&quot;:true,&quot;loop_autoplay&quot;:&quot;endless&quot;,&quot;interval&quot;:5,&quot;loop_manual&quot;:&quot;manual-endless&quot;,&quot;autoplay_stopper&quot;:false,&quot;noNavigation&quot;:true,&quot;bg_slider&quot;:false,&quot;keep_padding&quot;:false,&quot;hoverpause&quot;:false,&quot;show_slide_delay&quot;:0}\"  itemprop=\"image\" itemscope=\"itemscope\" itemtype=\"https:\/\/schema.org\/ImageObject\" ><ul class='avia-slideshow-inner ' style='padding-bottom: 42%;'><li  class='avia-slideshow-slide av-hbyyhn-fe5ce6e5a6f1cfe6c9cc14a3db540bc4__0  av-single-slide slide-1 slide-odd'><a href=\"#jakobsweg\"  data-rel='slideshow-1' class='avia-slide-wrap '   ><div class='av-slideshow-caption av-hbyyhn-fe5ce6e5a6f1cfe6c9cc14a3db540bc4__0 caption_fullwidth caption_left'><div class=\"container caption_container\"><div class=\"slideshow_caption\"><div class=\"slideshow_inner_caption\"><div class=\"slideshow_align_caption\"><h2 class='avia-caption-title '  itemprop=\"name\" >Ausstellungen 2005<\/h2><\/div><\/div><\/div><\/div><\/div><img decoding=\"async\" fetchpriority=\"high\" class=\"wp-image-2244 avia-img-lazy-loading-not-2244\"  src=\"https:\/\/www.schlosstirol.it\/wp-content\/uploads\/2018\/03\/schloss-tirol_ausstellungen-2005-Titelbild_Sonderausstellung-Books-3.jpg\" width=\"1500\" height=\"630\" title='' alt=''  itemprop=\"thumbnailUrl\"  style='min-height:300px; min-width:715px; ' srcset=\"https:\/\/www.schlosstirol.it\/wp-content\/uploads\/2018\/03\/schloss-tirol_ausstellungen-2005-Titelbild_Sonderausstellung-Books-3.jpg 1500w, https:\/\/www.schlosstirol.it\/wp-content\/uploads\/2018\/03\/schloss-tirol_ausstellungen-2005-Titelbild_Sonderausstellung-Books-3-300x126.jpg 300w, https:\/\/www.schlosstirol.it\/wp-content\/uploads\/2018\/03\/schloss-tirol_ausstellungen-2005-Titelbild_Sonderausstellung-Books-3-768x323.jpg 768w, https:\/\/www.schlosstirol.it\/wp-content\/uploads\/2018\/03\/schloss-tirol_ausstellungen-2005-Titelbild_Sonderausstellung-Books-3-1030x433.jpg 1030w, https:\/\/www.schlosstirol.it\/wp-content\/uploads\/2018\/03\/schloss-tirol_ausstellungen-2005-Titelbild_Sonderausstellung-Books-3-705x296.jpg 705w, https:\/\/www.schlosstirol.it\/wp-content\/uploads\/2018\/03\/schloss-tirol_ausstellungen-2005-Titelbild_Sonderausstellung-Books-3-450x189.jpg 450w\" sizes=\"(max-width: 1500px) 100vw, 1500px\" \/><\/a><\/li><\/ul><\/div><\/div>\n<div id='jakobsweg'  class='avia-section av-ee1atn-261808a944a922b3c0d4b4bc0f13818a main_color avia-section-default avia-no-border-styling  avia-builder-el-1  el_after_av_slideshow_full  el_before_av_section  avia-bg-style-scroll container_wrap fullsize'  ><div class='container av-section-cont-open' ><div class='template-page content  av-content-full alpha units'><div class='post-entry post-entry-type-page post-entry-1771'><div class='entry-content-wrapper clearfix'>\n\n<style type=\"text\/css\" data-created_by=\"avia_inline_auto\" id=\"style-css-av-av_one_third-1df1b63c6c045939f2dc1aefbdd8e7ad\">\n.flex_column.av-av_one_third-1df1b63c6c045939f2dc1aefbdd8e7ad{\nborder-radius:0px 0px 0px 0px;\npadding:0px 0px 0px 0px;\n}\n<\/style>\n<div  class='flex_column av-av_one_third-1df1b63c6c045939f2dc1aefbdd8e7ad av_one_third  avia-builder-el-2  el_before_av_two_third  avia-builder-el-first  first flex_column_div av-zero-column-padding  '     ><\/div>\n<style type=\"text\/css\" data-created_by=\"avia_inline_auto\" id=\"style-css-av-1ag9zf-ac6616cd9ca53eb7fe25c346c4df4da5\">\n.flex_column.av-1ag9zf-ac6616cd9ca53eb7fe25c346c4df4da5{\nborder-radius:0px 0px 0px 0px;\npadding:30px 0 30px 0;\n}\n<\/style>\n<div  class='flex_column av-1ag9zf-ac6616cd9ca53eb7fe25c346c4df4da5 av_two_third  avia-builder-el-3  el_after_av_one_third  avia-builder-el-last  flex_column_div  '     ><p>\n<style type=\"text\/css\" data-created_by=\"avia_inline_auto\" id=\"style-css-av-av_heading-9be855b5964b8d187c165f6318921766\">\n#top .av-special-heading.av-av_heading-9be855b5964b8d187c165f6318921766{\npadding-bottom:20px;\n}\nbody .av-special-heading.av-av_heading-9be855b5964b8d187c165f6318921766 .av-special-heading-tag .heading-char{\nfont-size:25px;\n}\n.av-special-heading.av-av_heading-9be855b5964b8d187c165f6318921766 .av-subheading{\nfont-size:21px;\n}\n<\/style>\n<div  class='av-special-heading av-av_heading-9be855b5964b8d187c165f6318921766 av-special-heading-h2 blockquote modern-quote  avia-builder-el-4  el_before_av_textblock  avia-builder-el-first '><h2 class='av-special-heading-tag '  itemprop=\"headline\"  >Den Sternen entlang. Auf dem Jakobsweg nach Santiago und Finisterre.<\/h2><div class='av-subheading av-subheading_below'><p>15.03.2005 \u2013 20.05.2005<\/p>\n<\/div><div class=\"special-heading-border\"><div class=\"special-heading-inner-border\"><\/div><\/div><\/div><br \/>\n<section  class='av_textblock_section av-8wgtfv-504571a7ffa25d9b8fdabc12b5234ebe '   itemscope=\"itemscope\" itemtype=\"https:\/\/schema.org\/CreativeWork\" ><div class='avia_textblock'  itemprop=\"text\" ><p>Im Keller des \u201eMushauses\u201c von Schloss Tirol wurden Fotos vom \u201eCamino\u201c (Pilgerweg) gezeigt.<\/p>\n<p>Die Ausstellung beinhaltete zudem Zeugnisse von Tiroler Pilgern aus verschiedenen Jahrhunderten: als Prunkst\u00fcck den Pilgermantel von Jakob VII. Trapp, Jakobsmuscheln aus dem 11. und 14. Jh., als Devotionalie eine Paulus- und Petrusstatuette und u. a. eine Goldm\u00fcnze von ca. 1370. Diese Objekte wurden bei arch\u00e4ologischen Grabungen in Mittewald, Truden und Sterzing gefunden und wurden erstmals der \u00d6ffentlichkeit vorgestellt.<\/p>\n<\/div><\/section><\/p><\/div><\/div><\/div><\/div><!-- close content main div --><\/div><\/div><div id='die-duestern-adler'  class='avia-section av-76lnyz-ba6a2247037361e8665f41ba85050182 main_color avia-section-default avia-no-border-styling  avia-builder-el-6  el_after_av_section  el_before_av_button_big  avia-bg-style-scroll container_wrap fullsize'  ><div class='container av-section-cont-open' ><div class='template-page content  av-content-full alpha units'><div class='post-entry post-entry-type-page post-entry-1771'><div class='entry-content-wrapper clearfix'>\n\n<style type=\"text\/css\" data-created_by=\"avia_inline_auto\" id=\"style-css-av-av_one_third-1df1b63c6c045939f2dc1aefbdd8e7ad\">\n.flex_column.av-av_one_third-1df1b63c6c045939f2dc1aefbdd8e7ad{\nborder-radius:0px 0px 0px 0px;\npadding:0px 0px 0px 0px;\n}\n<\/style>\n<div  class='flex_column av-av_one_third-1df1b63c6c045939f2dc1aefbdd8e7ad av_one_third  avia-builder-el-7  el_before_av_two_third  avia-builder-el-first  first flex_column_div av-zero-column-padding  '     ><style type=\"text\/css\" data-created_by=\"avia_inline_auto\" id=\"style-css-av-6ig97-34843b20cdf42ed32d5fbff02b7bc176\">\n#top .avia-gallery.av-6ig97-34843b20cdf42ed32d5fbff02b7bc176 .avia-gallery-thumb a{\nwidth:50%;\n}\n<\/style>\n<div  class='avia-gallery av-6ig97-34843b20cdf42ed32d5fbff02b7bc176 avia_animate_when_visible  avia-builder-el-8  avia-builder-el-no-sibling  deactivate_avia_lazyload avia-gallery-animate avia-gallery-1'  itemprop=\"image\" itemscope=\"itemscope\" itemtype=\"https:\/\/schema.org\/ImageObject\" ><meta itemprop=\"contentURL\" content=\"https:\/\/www.schlosstirol.it\/en\/south-tyrolean-museum\/ausstellungen-2005\/\"><div class='avia-gallery-thumb'><a href=\"https:\/\/www.schlosstirol.it\/wp-content\/uploads\/2018\/03\/schloss-tirol_ausstellungen-2005-Sonderausstellung-Books-3-1030x685.jpg\" data-srcset=\"https:\/\/www.schlosstirol.it\/wp-content\/uploads\/2018\/03\/schloss-tirol_ausstellungen-2005-Sonderausstellung-Books-3.jpg 1030w, https:\/\/www.schlosstirol.it\/wp-content\/uploads\/2018\/03\/schloss-tirol_ausstellungen-2005-Sonderausstellung-Books-3-300x200.jpg 300w, https:\/\/www.schlosstirol.it\/wp-content\/uploads\/2018\/03\/schloss-tirol_ausstellungen-2005-Sonderausstellung-Books-3-768x511.jpg 768w, https:\/\/www.schlosstirol.it\/wp-content\/uploads\/2018\/03\/schloss-tirol_ausstellungen-2005-Sonderausstellung-Books-3-705x469.jpg 705w, https:\/\/www.schlosstirol.it\/wp-content\/uploads\/2018\/03\/schloss-tirol_ausstellungen-2005-Sonderausstellung-Books-3-450x299.jpg 450w\" data-sizes=\"(max-width: 1030px) 100vw, 1030px\" data-rel='gallery-1' data-prev-img='https:\/\/www.schlosstirol.it\/wp-content\/uploads\/2018\/03\/schloss-tirol_ausstellungen-2005-Sonderausstellung-Books-3.jpg' class='first_thumb lightbox ' data-onclick='1' title=''  itemprop=\"thumbnailUrl\"  ><img decoding=\"async\" fetchpriority=\"high\" class=\"wp-image-2235 avia-img-lazy-loading-not-2235\"   src=\"https:\/\/www.schlosstirol.it\/wp-content\/uploads\/2018\/03\/schloss-tirol_ausstellungen-2005-Sonderausstellung-Books-3-495x400.jpg\" width=\"495\" height=\"400\"  title='' alt='Ausstellungen 2005' srcset=\"https:\/\/www.schlosstirol.it\/wp-content\/uploads\/2018\/03\/schloss-tirol_ausstellungen-2005-Sonderausstellung-Books-3-495x400.jpg 495w, https:\/\/www.schlosstirol.it\/wp-content\/uploads\/2018\/03\/schloss-tirol_ausstellungen-2005-Sonderausstellung-Books-3-845x684.jpg 845w\" sizes=\"(max-width: 495px) 100vw, 495px\" \/><div class='big-prev-fake'><img decoding=\"async\" loading=\"lazy\" class=\"wp-image-2235 avia-img-lazy-loading-2235\"  width=\"1030\" height=\"685\" src=\"https:\/\/www.schlosstirol.it\/wp-content\/uploads\/2018\/03\/schloss-tirol_ausstellungen-2005-Sonderausstellung-Books-3.jpg\" title='' alt='Ausstellungen 2005' srcset=\"https:\/\/www.schlosstirol.it\/wp-content\/uploads\/2018\/03\/schloss-tirol_ausstellungen-2005-Sonderausstellung-Books-3.jpg 1030w, https:\/\/www.schlosstirol.it\/wp-content\/uploads\/2018\/03\/schloss-tirol_ausstellungen-2005-Sonderausstellung-Books-3-300x200.jpg 300w, https:\/\/www.schlosstirol.it\/wp-content\/uploads\/2018\/03\/schloss-tirol_ausstellungen-2005-Sonderausstellung-Books-3-768x511.jpg 768w, https:\/\/www.schlosstirol.it\/wp-content\/uploads\/2018\/03\/schloss-tirol_ausstellungen-2005-Sonderausstellung-Books-3-705x469.jpg 705w, https:\/\/www.schlosstirol.it\/wp-content\/uploads\/2018\/03\/schloss-tirol_ausstellungen-2005-Sonderausstellung-Books-3-450x299.jpg 450w\" sizes=\"auto, (max-width: 1030px) 100vw, 1030px\" \/><\/div><\/a><a href=\"https:\/\/www.schlosstirol.it\/wp-content\/uploads\/2018\/03\/schloss-tirol_ausstellungen-2005-Sonderausstellung-Books-2-1030x639.jpg\" data-srcset=\"https:\/\/www.schlosstirol.it\/wp-content\/uploads\/2018\/03\/schloss-tirol_ausstellungen-2005-Sonderausstellung-Books-2.jpg 1030w, https:\/\/www.schlosstirol.it\/wp-content\/uploads\/2018\/03\/schloss-tirol_ausstellungen-2005-Sonderausstellung-Books-2-300x186.jpg 300w, https:\/\/www.schlosstirol.it\/wp-content\/uploads\/2018\/03\/schloss-tirol_ausstellungen-2005-Sonderausstellung-Books-2-768x476.jpg 768w, https:\/\/www.schlosstirol.it\/wp-content\/uploads\/2018\/03\/schloss-tirol_ausstellungen-2005-Sonderausstellung-Books-2-705x437.jpg 705w, https:\/\/www.schlosstirol.it\/wp-content\/uploads\/2018\/03\/schloss-tirol_ausstellungen-2005-Sonderausstellung-Books-2-450x279.jpg 450w\" data-sizes=\"(max-width: 1030px) 100vw, 1030px\" data-rel='gallery-1' data-prev-img='https:\/\/www.schlosstirol.it\/wp-content\/uploads\/2018\/03\/schloss-tirol_ausstellungen-2005-Sonderausstellung-Books-2.jpg' class='lightbox ' data-onclick='2' title=''  itemprop=\"thumbnailUrl\"  ><img decoding=\"async\" fetchpriority=\"high\" class=\"wp-image-2238 avia-img-lazy-loading-not-2238\"   src=\"https:\/\/www.schlosstirol.it\/wp-content\/uploads\/2018\/03\/schloss-tirol_ausstellungen-2005-Sonderausstellung-Books-2-495x400.jpg\" width=\"495\" height=\"400\"  title='' alt='' \/><div class='big-prev-fake'><img decoding=\"async\" loading=\"lazy\" class=\"wp-image-2238 avia-img-lazy-loading-2238\"  width=\"1030\" height=\"639\" src=\"https:\/\/www.schlosstirol.it\/wp-content\/uploads\/2018\/03\/schloss-tirol_ausstellungen-2005-Sonderausstellung-Books-2.jpg\" title='' alt='' srcset=\"https:\/\/www.schlosstirol.it\/wp-content\/uploads\/2018\/03\/schloss-tirol_ausstellungen-2005-Sonderausstellung-Books-2.jpg 1030w, https:\/\/www.schlosstirol.it\/wp-content\/uploads\/2018\/03\/schloss-tirol_ausstellungen-2005-Sonderausstellung-Books-2-300x186.jpg 300w, https:\/\/www.schlosstirol.it\/wp-content\/uploads\/2018\/03\/schloss-tirol_ausstellungen-2005-Sonderausstellung-Books-2-768x476.jpg 768w, https:\/\/www.schlosstirol.it\/wp-content\/uploads\/2018\/03\/schloss-tirol_ausstellungen-2005-Sonderausstellung-Books-2-705x437.jpg 705w, https:\/\/www.schlosstirol.it\/wp-content\/uploads\/2018\/03\/schloss-tirol_ausstellungen-2005-Sonderausstellung-Books-2-450x279.jpg 450w\" sizes=\"auto, (max-width: 1030px) 100vw, 1030px\" \/><\/div><\/a><a href=\"https:\/\/www.schlosstirol.it\/wp-content\/uploads\/2018\/03\/schloss-tirol_ausstellungen-2005-Sonderausstellung-Books-1-1030x685.jpg\" data-srcset=\"https:\/\/www.schlosstirol.it\/wp-content\/uploads\/2018\/03\/schloss-tirol_ausstellungen-2005-Sonderausstellung-Books-1.jpg 1030w, https:\/\/www.schlosstirol.it\/wp-content\/uploads\/2018\/03\/schloss-tirol_ausstellungen-2005-Sonderausstellung-Books-1-300x200.jpg 300w, https:\/\/www.schlosstirol.it\/wp-content\/uploads\/2018\/03\/schloss-tirol_ausstellungen-2005-Sonderausstellung-Books-1-768x511.jpg 768w, https:\/\/www.schlosstirol.it\/wp-content\/uploads\/2018\/03\/schloss-tirol_ausstellungen-2005-Sonderausstellung-Books-1-705x469.jpg 705w, https:\/\/www.schlosstirol.it\/wp-content\/uploads\/2018\/03\/schloss-tirol_ausstellungen-2005-Sonderausstellung-Books-1-450x299.jpg 450w\" data-sizes=\"(max-width: 1030px) 100vw, 1030px\" data-rel='gallery-1' data-prev-img='https:\/\/www.schlosstirol.it\/wp-content\/uploads\/2018\/03\/schloss-tirol_ausstellungen-2005-Sonderausstellung-Books-1.jpg' class='first_thumb lightbox ' data-onclick='3' title=''  itemprop=\"thumbnailUrl\"  ><img decoding=\"async\" fetchpriority=\"high\" class=\"wp-image-2241 avia-img-lazy-loading-not-2241\"   src=\"https:\/\/www.schlosstirol.it\/wp-content\/uploads\/2018\/03\/schloss-tirol_ausstellungen-2005-Sonderausstellung-Books-1-495x400.jpg\" width=\"495\" height=\"400\"  title='' alt='' srcset=\"https:\/\/www.schlosstirol.it\/wp-content\/uploads\/2018\/03\/schloss-tirol_ausstellungen-2005-Sonderausstellung-Books-1-495x400.jpg 495w, https:\/\/www.schlosstirol.it\/wp-content\/uploads\/2018\/03\/schloss-tirol_ausstellungen-2005-Sonderausstellung-Books-1-845x684.jpg 845w\" sizes=\"(max-width: 495px) 100vw, 495px\" \/><div class='big-prev-fake'><img decoding=\"async\" loading=\"lazy\" class=\"wp-image-2241 avia-img-lazy-loading-2241\"  width=\"1030\" height=\"685\" src=\"https:\/\/www.schlosstirol.it\/wp-content\/uploads\/2018\/03\/schloss-tirol_ausstellungen-2005-Sonderausstellung-Books-1.jpg\" title='' alt='' srcset=\"https:\/\/www.schlosstirol.it\/wp-content\/uploads\/2018\/03\/schloss-tirol_ausstellungen-2005-Sonderausstellung-Books-1.jpg 1030w, https:\/\/www.schlosstirol.it\/wp-content\/uploads\/2018\/03\/schloss-tirol_ausstellungen-2005-Sonderausstellung-Books-1-300x200.jpg 300w, https:\/\/www.schlosstirol.it\/wp-content\/uploads\/2018\/03\/schloss-tirol_ausstellungen-2005-Sonderausstellung-Books-1-768x511.jpg 768w, https:\/\/www.schlosstirol.it\/wp-content\/uploads\/2018\/03\/schloss-tirol_ausstellungen-2005-Sonderausstellung-Books-1-705x469.jpg 705w, https:\/\/www.schlosstirol.it\/wp-content\/uploads\/2018\/03\/schloss-tirol_ausstellungen-2005-Sonderausstellung-Books-1-450x299.jpg 450w\" sizes=\"auto, (max-width: 1030px) 100vw, 1030px\" \/><\/div><\/a><\/div><\/div><\/div>\n<style type=\"text\/css\" data-created_by=\"avia_inline_auto\" id=\"style-css-av-60cyln-9b21c77e9692f93ca459fe0d453c8d0d\">\n.flex_column.av-60cyln-9b21c77e9692f93ca459fe0d453c8d0d{\nborder-radius:0px 0px 0px 0px;\npadding:30px 0 30px 0;\n}\n<\/style>\n<div  class='flex_column av-60cyln-9b21c77e9692f93ca459fe0d453c8d0d av_two_third  avia-builder-el-9  el_after_av_one_third  avia-builder-el-last  flex_column_div  '     ><p>\n<style type=\"text\/css\" data-created_by=\"avia_inline_auto\" id=\"style-css-av-av_heading-d43eb45b3fb31c0e076acf346c31cedd\">\n#top .av-special-heading.av-av_heading-d43eb45b3fb31c0e076acf346c31cedd{\npadding-bottom:20px;\n}\nbody .av-special-heading.av-av_heading-d43eb45b3fb31c0e076acf346c31cedd .av-special-heading-tag .heading-char{\nfont-size:25px;\n}\n.av-special-heading.av-av_heading-d43eb45b3fb31c0e076acf346c31cedd .av-subheading{\nfont-size:21px;\n}\n<\/style>\n<div  class='av-special-heading av-av_heading-d43eb45b3fb31c0e076acf346c31cedd av-special-heading-h2 blockquote modern-quote  avia-builder-el-10  el_before_av_textblock  avia-builder-el-first '><h2 class='av-special-heading-tag '  itemprop=\"headline\"  >Die d\u00fcstern Adler. Der Erste Weltkrieg in Kunst, Literatur und Alltag \u2013 Wahn und Wirklichkeit.<\/h2><div class='av-subheading av-subheading_below'><p>28.06.2005 \u2013 15.11.2005<\/p>\n<\/div><div class=\"special-heading-border\"><div class=\"special-heading-inner-border\"><\/div><\/div><\/div><br \/>\n<section  class='av_textblock_section av-2r12ez-c43e8c92b1ae5d2b7f6a09796db6df4e '   itemscope=\"itemscope\" itemtype=\"https:\/\/schema.org\/CreativeWork\" ><div class='avia_textblock'  itemprop=\"text\" ><p>90 Jahre nachdem Italien in den Ersten Weltkrieg eintrat, hat die Abteilung f\u00fcr Kultur- und Denkmalpflege eine Reihe von Initiativen zum Thema \u201e<a href=\"https:\/\/de.wikipedia.org\/wiki\/Erster_Weltkrieg\" target=\"_blank\" rel=\"noopener\">Erster Weltkrieg<\/a>\u201c angeregt, darunter auch eine Ausstellung im Landesmuseum f\u00fcr Kultur- und Landesgeschichte Schloss Tirol.<\/p>\n<p>Ziel der Ausstellung war es, die Auseinandersetzung von Schriftstellern und K\u00fcnstlern mit dem Ersten Weltkrieg und das Leiden der Zivilbev\u00f6lkerung an der Heimatfront darzustellen. Einen bleibenden Beitrag zur Ausstellung hat der K\u00fcnstler <a href=\"http:\/\/www.markusvallazza.it\/\" target=\"_blank\" rel=\"noopener\">Markus Vallazza<\/a> geliefert, der sich mit dem Meisterwerk von <a href=\"https:\/\/de.wikipedia.org\/wiki\/Karl_Kraus\" target=\"_blank\" rel=\"noopener\">Karl Kraus<\/a> \u201eDie letzten Tage der Menschheit\u201c auseinandergesetzt und zahlreiche Radierungen sowie Zeichnungen und Skizzen zum Thema erstellt hat.<\/p>\n<\/div><\/section><\/p><\/div><div  class='avia-button-wrap avia-button-center  avia-builder-el-12  el_after_av_section  avia-builder-el-last '>\n<style type=\"text\/css\" data-created_by=\"avia_inline_auto\" id=\"style-css-av-jlxtewdk-1eecd86b3e70274c4abac37fa6a7c9fc\">\n#top #wrap_all .avia-button.av-jlxtewdk-1eecd86b3e70274c4abac37fa6a7c9fc{\ncolor:#ffffff;\ntransition:all 0.4s ease-in-out;\n}\n#top #wrap_all .avia-button.av-jlxtewdk-1eecd86b3e70274c4abac37fa6a7c9fc:hover{\ncolor:#ffffff;\ntransition:all 0.4s ease-in-out;\n}\n#top #wrap_all .avia-button.av-jlxtewdk-1eecd86b3e70274c4abac37fa6a7c9fc .avia-svg-icon svg:first-child{\nfill:#ffffff;\nstroke:#ffffff;\n}\n#top #wrap_all .avia-button.av-jlxtewdk-1eecd86b3e70274c4abac37fa6a7c9fc:hover .avia-svg-icon svg:first-child{\nfill:#ffffff;\nstroke:#ffffff;\n}\n<\/style>\n<a href='' class='avia-color-theme-color avia-button avia-button-fullwidth av-jlxtewdk-1eecd86b3e70274c4abac37fa6a7c9fc avia-icon_select-yes-left-icon avia-color-theme-color'   aria-label=\"AUSSTELLUNGEN ARCHIV\"><span class='avia_button_icon avia_button_icon_left avia-svg-icon avia-font-svg_entypo-fontello' data-av_svg_icon='archive' data-av_iconset='svg_entypo-fontello'><svg version=\"1.1\" xmlns=\"http:\/\/www.w3.org\/2000\/svg\" width=\"31\" height=\"32\" viewBox=\"0 0 31 32\" preserveAspectRatio=\"xMidYMid meet\" aria-labelledby='av-svg-title-1' aria-describedby='av-svg-desc-1' role=\"graphics-symbol\">\n<title id='av-svg-title-1'>Archive<\/title>\n<desc id='av-svg-desc-1'>Archive<\/desc>\n<path d=\"M26.88 8v1.6h-22.272v-1.6q0-0.704 0.416-1.12t0.8-0.48h19.456q0.192 0 0.448 0.032t0.704 0.448 0.448 1.12zM22.144 3.2q0.192 0 0.448 0.032t0.704 0.448 0.448 1.12h-15.936q0-0.704 0.416-1.12t0.8-0.48h13.12zM30.080 9.6q1.088 1.024 1.216 1.472 0.192 0.576 0 1.728l-2.432 14.4q-0.128 0.704-0.64 1.12t-0.896 0.48h-22.72q-1.664 0-1.92-1.6-0.192-0.832-1.248-7.136t-1.248-7.264q-0.32-0.704-0.096-1.408t0.32-0.832 0.672-0.64l1.28-1.28v2.56h26.752v-2.56zM22.144 18.24v-3.2h-2.24v2.56h-8.32v-2.56h-2.176v3.2q0 1.6 1.536 1.6h9.6q0.704 0 1.12-0.384t0.416-0.768z\"><\/path>\n<\/svg><\/span><span class='avia_iconbox_title' >AUSSTELLUNGEN ARCHIV<\/span><span class='avia_button_background avia-button avia-button-fullwidth avia-color-theme-color-highlight'><\/span><\/a><\/div><\/p>\n","protected":false},"excerpt":{"rendered":"","protected":false},"author":1,"featured_media":2234,"comment_status":"closed","ping_status":"closed","template":"","meta":{"footnotes":""},"tags":[],"portfolio_entries":[37],"class_list":["post-1771","portfolio","type-portfolio","status-publish","has-post-thumbnail","hentry","portfolio_entries-ausstellungen-2005"],"yoast_head":"<!-- This site is optimized with the Yoast SEO plugin v27.5 - https:\/\/yoast.com\/product\/yoast-seo-wordpress\/ -->\n<title>Ausstellungen 2005 - Castle Tyrol - South Tyrolean Museum of Culture<\/title>\n<meta name=\"description\" content=\"Schloss Tirol Ausstellungen 2005: Den Sternen entlang. Auf dem Jakobsweg nach Santiago und Finisterre - Die d\u00fcstern Adler. Der Erste Weltkrieg in ...\" \/>\n<meta name=\"robots\" content=\"index, follow, max-snippet:-1, max-image-preview:large, max-video-preview:-1\" \/>\n<link rel=\"canonical\" href=\"https:\/\/www.schlosstirol.it\/en\/south-tyrolean-museum\/ausstellungen-2005\/\" \/>\n<meta property=\"og:locale\" content=\"en_US\" \/>\n<meta property=\"og:type\" content=\"article\" \/>\n<meta property=\"og:title\" content=\"Ausstellungen 2005 - Castle Tyrol - South Tyrolean Museum of Culture\" \/>\n<meta property=\"og:description\" content=\"Schloss Tirol Ausstellungen 2005: Den Sternen entlang. Auf dem Jakobsweg nach Santiago und Finisterre - Die d\u00fcstern Adler. Der Erste Weltkrieg in ...\" \/>\n<meta property=\"og:url\" content=\"https:\/\/www.schlosstirol.it\/en\/south-tyrolean-museum\/ausstellungen-2005\/\" \/>\n<meta property=\"og:site_name\" content=\"Castle Tyrol - South Tyrolean Museum of Culture\" \/>\n<meta property=\"article:publisher\" content=\"https:\/\/www.facebook.com\/schlosstirol.casteltirolo\" \/>\n<meta property=\"article:modified_time\" content=\"2019-01-30T10:30:38+00:00\" \/>\n<meta property=\"og:image\" content=\"https:\/\/www.schlosstirol.it\/wp-content\/uploads\/2018\/03\/schloss-tirol_ausstellungen-2005-Sonderausstellung-Books-3.jpg\" \/>\n\t<meta property=\"og:image:width\" content=\"1030\" \/>\n\t<meta property=\"og:image:height\" content=\"685\" \/>\n\t<meta property=\"og:image:type\" content=\"image\/jpeg\" \/>\n<meta name=\"twitter:card\" content=\"summary_large_image\" \/>\n<meta name=\"twitter:label1\" content=\"Est. reading time\" \/>\n\t<meta name=\"twitter:data1\" content=\"5 minutes\" \/>\n<script type=\"application\/ld+json\" class=\"yoast-schema-graph\">{\"@context\":\"https:\\\/\\\/schema.org\",\"@graph\":[{\"@type\":\"WebPage\",\"@id\":\"https:\\\/\\\/www.schlosstirol.it\\\/en\\\/south-tyrolean-museum\\\/ausstellungen-2005\\\/\",\"url\":\"https:\\\/\\\/www.schlosstirol.it\\\/en\\\/south-tyrolean-museum\\\/ausstellungen-2005\\\/\",\"name\":\"Ausstellungen 2005 - Castle Tyrol - South Tyrolean Museum of Culture\",\"isPartOf\":{\"@id\":\"https:\\\/\\\/www.schlosstirol.it\\\/en\\\/#website\"},\"primaryImageOfPage\":{\"@id\":\"https:\\\/\\\/www.schlosstirol.it\\\/en\\\/south-tyrolean-museum\\\/ausstellungen-2005\\\/#primaryimage\"},\"image\":{\"@id\":\"https:\\\/\\\/www.schlosstirol.it\\\/en\\\/south-tyrolean-museum\\\/ausstellungen-2005\\\/#primaryimage\"},\"thumbnailUrl\":\"https:\\\/\\\/www.schlosstirol.it\\\/wp-content\\\/uploads\\\/2018\\\/03\\\/schloss-tirol_ausstellungen-2005-Sonderausstellung-Books-3.jpg\",\"datePublished\":\"2018-03-07T12:59:53+00:00\",\"dateModified\":\"2019-01-30T10:30:38+00:00\",\"description\":\"Schloss Tirol Ausstellungen 2005: Den Sternen entlang. Auf dem Jakobsweg nach Santiago und Finisterre - Die d\u00fcstern Adler. Der Erste Weltkrieg in ...\",\"breadcrumb\":{\"@id\":\"https:\\\/\\\/www.schlosstirol.it\\\/en\\\/south-tyrolean-museum\\\/ausstellungen-2005\\\/#breadcrumb\"},\"inLanguage\":\"en-US\",\"potentialAction\":[{\"@type\":\"ReadAction\",\"target\":[\"https:\\\/\\\/www.schlosstirol.it\\\/en\\\/south-tyrolean-museum\\\/ausstellungen-2005\\\/\"]}]},{\"@type\":\"ImageObject\",\"inLanguage\":\"en-US\",\"@id\":\"https:\\\/\\\/www.schlosstirol.it\\\/en\\\/south-tyrolean-museum\\\/ausstellungen-2005\\\/#primaryimage\",\"url\":\"https:\\\/\\\/www.schlosstirol.it\\\/wp-content\\\/uploads\\\/2018\\\/03\\\/schloss-tirol_ausstellungen-2005-Sonderausstellung-Books-3.jpg\",\"contentUrl\":\"https:\\\/\\\/www.schlosstirol.it\\\/wp-content\\\/uploads\\\/2018\\\/03\\\/schloss-tirol_ausstellungen-2005-Sonderausstellung-Books-3.jpg\",\"width\":1030,\"height\":685,\"caption\":\"Ausstellungen 2005\"},{\"@type\":\"BreadcrumbList\",\"@id\":\"https:\\\/\\\/www.schlosstirol.it\\\/en\\\/south-tyrolean-museum\\\/ausstellungen-2005\\\/#breadcrumb\",\"itemListElement\":[{\"@type\":\"ListItem\",\"position\":1,\"name\":\"Startseite\",\"item\":\"https:\\\/\\\/www.schlosstirol.it\\\/en\\\/castle-tyrol\\\/\"},{\"@type\":\"ListItem\",\"position\":2,\"name\":\"Ausstellungen 2005\"}]},{\"@type\":\"WebSite\",\"@id\":\"https:\\\/\\\/www.schlosstirol.it\\\/en\\\/#website\",\"url\":\"https:\\\/\\\/www.schlosstirol.it\\\/en\\\/\",\"name\":\"Castle Tyrol - South Tyrolean Museum of Culture\",\"description\":\"South Tyrolean Museum of Culture and Provincial History\",\"publisher\":{\"@id\":\"https:\\\/\\\/www.schlosstirol.it\\\/en\\\/#organization\"},\"potentialAction\":[{\"@type\":\"SearchAction\",\"target\":{\"@type\":\"EntryPoint\",\"urlTemplate\":\"https:\\\/\\\/www.schlosstirol.it\\\/en\\\/?s={search_term_string}\"},\"query-input\":{\"@type\":\"PropertyValueSpecification\",\"valueRequired\":true,\"valueName\":\"search_term_string\"}}],\"inLanguage\":\"en-US\"},{\"@type\":\"Organization\",\"@id\":\"https:\\\/\\\/www.schlosstirol.it\\\/en\\\/#organization\",\"name\":\"Castle Tyrol\",\"url\":\"https:\\\/\\\/www.schlosstirol.it\\\/en\\\/\",\"logo\":{\"@type\":\"ImageObject\",\"inLanguage\":\"en-US\",\"@id\":\"https:\\\/\\\/www.schlosstirol.it\\\/en\\\/#\\\/schema\\\/logo\\\/image\\\/\",\"url\":\"https:\\\/\\\/www.schlosstirol.it\\\/wp-content\\\/uploads\\\/2018\\\/09\\\/schloss-tirol_logo-impressum.png\",\"contentUrl\":\"https:\\\/\\\/www.schlosstirol.it\\\/wp-content\\\/uploads\\\/2018\\\/09\\\/schloss-tirol_logo-impressum.png\",\"width\":1030,\"height\":687,\"caption\":\"Castle Tyrol\"},\"image\":{\"@id\":\"https:\\\/\\\/www.schlosstirol.it\\\/en\\\/#\\\/schema\\\/logo\\\/image\\\/\"},\"sameAs\":[\"https:\\\/\\\/www.facebook.com\\\/schlosstirol.casteltirolo\"]}]}<\/script>\n<!-- \/ Yoast SEO plugin. -->","yoast_head_json":{"title":"Ausstellungen 2005 - Castle Tyrol - South Tyrolean Museum of Culture","description":"Schloss Tirol Ausstellungen 2005: Den Sternen entlang. Auf dem Jakobsweg nach Santiago und Finisterre - Die d\u00fcstern Adler. Der Erste Weltkrieg in ...","robots":{"index":"index","follow":"follow","max-snippet":"max-snippet:-1","max-image-preview":"max-image-preview:large","max-video-preview":"max-video-preview:-1"},"canonical":"https:\/\/www.schlosstirol.it\/en\/south-tyrolean-museum\/ausstellungen-2005\/","og_locale":"en_US","og_type":"article","og_title":"Ausstellungen 2005 - Castle Tyrol - South Tyrolean Museum of Culture","og_description":"Schloss Tirol Ausstellungen 2005: Den Sternen entlang. Auf dem Jakobsweg nach Santiago und Finisterre - Die d\u00fcstern Adler. Der Erste Weltkrieg in ...","og_url":"https:\/\/www.schlosstirol.it\/en\/south-tyrolean-museum\/ausstellungen-2005\/","og_site_name":"Castle Tyrol - South Tyrolean Museum of Culture","article_publisher":"https:\/\/www.facebook.com\/schlosstirol.casteltirolo","article_modified_time":"2019-01-30T10:30:38+00:00","og_image":[{"width":1030,"height":685,"url":"https:\/\/www.schlosstirol.it\/wp-content\/uploads\/2018\/03\/schloss-tirol_ausstellungen-2005-Sonderausstellung-Books-3.jpg","type":"image\/jpeg"}],"twitter_card":"summary_large_image","twitter_misc":{"Est. reading time":"5 minutes"},"schema":{"@context":"https:\/\/schema.org","@graph":[{"@type":"WebPage","@id":"https:\/\/www.schlosstirol.it\/en\/south-tyrolean-museum\/ausstellungen-2005\/","url":"https:\/\/www.schlosstirol.it\/en\/south-tyrolean-museum\/ausstellungen-2005\/","name":"Ausstellungen 2005 - Castle Tyrol - South Tyrolean Museum of Culture","isPartOf":{"@id":"https:\/\/www.schlosstirol.it\/en\/#website"},"primaryImageOfPage":{"@id":"https:\/\/www.schlosstirol.it\/en\/south-tyrolean-museum\/ausstellungen-2005\/#primaryimage"},"image":{"@id":"https:\/\/www.schlosstirol.it\/en\/south-tyrolean-museum\/ausstellungen-2005\/#primaryimage"},"thumbnailUrl":"https:\/\/www.schlosstirol.it\/wp-content\/uploads\/2018\/03\/schloss-tirol_ausstellungen-2005-Sonderausstellung-Books-3.jpg","datePublished":"2018-03-07T12:59:53+00:00","dateModified":"2019-01-30T10:30:38+00:00","description":"Schloss Tirol Ausstellungen 2005: Den Sternen entlang. Auf dem Jakobsweg nach Santiago und Finisterre - Die d\u00fcstern Adler. Der Erste Weltkrieg in ...","breadcrumb":{"@id":"https:\/\/www.schlosstirol.it\/en\/south-tyrolean-museum\/ausstellungen-2005\/#breadcrumb"},"inLanguage":"en-US","potentialAction":[{"@type":"ReadAction","target":["https:\/\/www.schlosstirol.it\/en\/south-tyrolean-museum\/ausstellungen-2005\/"]}]},{"@type":"ImageObject","inLanguage":"en-US","@id":"https:\/\/www.schlosstirol.it\/en\/south-tyrolean-museum\/ausstellungen-2005\/#primaryimage","url":"https:\/\/www.schlosstirol.it\/wp-content\/uploads\/2018\/03\/schloss-tirol_ausstellungen-2005-Sonderausstellung-Books-3.jpg","contentUrl":"https:\/\/www.schlosstirol.it\/wp-content\/uploads\/2018\/03\/schloss-tirol_ausstellungen-2005-Sonderausstellung-Books-3.jpg","width":1030,"height":685,"caption":"Ausstellungen 2005"},{"@type":"BreadcrumbList","@id":"https:\/\/www.schlosstirol.it\/en\/south-tyrolean-museum\/ausstellungen-2005\/#breadcrumb","itemListElement":[{"@type":"ListItem","position":1,"name":"Startseite","item":"https:\/\/www.schlosstirol.it\/en\/castle-tyrol\/"},{"@type":"ListItem","position":2,"name":"Ausstellungen 2005"}]},{"@type":"WebSite","@id":"https:\/\/www.schlosstirol.it\/en\/#website","url":"https:\/\/www.schlosstirol.it\/en\/","name":"Castle Tyrol - South Tyrolean Museum of Culture","description":"South Tyrolean Museum of Culture and Provincial History","publisher":{"@id":"https:\/\/www.schlosstirol.it\/en\/#organization"},"potentialAction":[{"@type":"SearchAction","target":{"@type":"EntryPoint","urlTemplate":"https:\/\/www.schlosstirol.it\/en\/?s={search_term_string}"},"query-input":{"@type":"PropertyValueSpecification","valueRequired":true,"valueName":"search_term_string"}}],"inLanguage":"en-US"},{"@type":"Organization","@id":"https:\/\/www.schlosstirol.it\/en\/#organization","name":"Castle Tyrol","url":"https:\/\/www.schlosstirol.it\/en\/","logo":{"@type":"ImageObject","inLanguage":"en-US","@id":"https:\/\/www.schlosstirol.it\/en\/#\/schema\/logo\/image\/","url":"https:\/\/www.schlosstirol.it\/wp-content\/uploads\/2018\/09\/schloss-tirol_logo-impressum.png","contentUrl":"https:\/\/www.schlosstirol.it\/wp-content\/uploads\/2018\/09\/schloss-tirol_logo-impressum.png","width":1030,"height":687,"caption":"Castle Tyrol"},"image":{"@id":"https:\/\/www.schlosstirol.it\/en\/#\/schema\/logo\/image\/"},"sameAs":["https:\/\/www.facebook.com\/schlosstirol.casteltirolo"]}]}},"_links":{"self":[{"href":"https:\/\/www.schlosstirol.it\/en\/wp-json\/wp\/v2\/portfolio\/1771","targetHints":{"allow":["GET"]}}],"collection":[{"href":"https:\/\/www.schlosstirol.it\/en\/wp-json\/wp\/v2\/portfolio"}],"about":[{"href":"https:\/\/www.schlosstirol.it\/en\/wp-json\/wp\/v2\/types\/portfolio"}],"author":[{"embeddable":true,"href":"https:\/\/www.schlosstirol.it\/en\/wp-json\/wp\/v2\/users\/1"}],"replies":[{"embeddable":true,"href":"https:\/\/www.schlosstirol.it\/en\/wp-json\/wp\/v2\/comments?post=1771"}],"version-history":[{"count":0,"href":"https:\/\/www.schlosstirol.it\/en\/wp-json\/wp\/v2\/portfolio\/1771\/revisions"}],"wp:featuredmedia":[{"embeddable":true,"href":"https:\/\/www.schlosstirol.it\/en\/wp-json\/wp\/v2\/media\/2234"}],"wp:attachment":[{"href":"https:\/\/www.schlosstirol.it\/en\/wp-json\/wp\/v2\/media?parent=1771"}],"wp:term":[{"taxonomy":"post_tag","embeddable":true,"href":"https:\/\/www.schlosstirol.it\/en\/wp-json\/wp\/v2\/tags?post=1771"},{"taxonomy":"portfolio_entries","embeddable":true,"href":"https:\/\/www.schlosstirol.it\/en\/wp-json\/wp\/v2\/portfolio_entries?post=1771"}],"curies":[{"name":"wp","href":"https:\/\/api.w.org\/{rel}","templated":true}]}}