{"id":3443,"date":"2019-01-30T11:24:02","date_gmt":"2019-01-30T10:24:02","guid":{"rendered":"https:\/\/www.schlosstirol.it\/?post_type=portfolio&#038;p=3443"},"modified":"2019-01-30T11:32:56","modified_gmt":"2019-01-30T10:32:56","slug":"ausstellungen-2018","status":"publish","type":"portfolio","link":"https:\/\/www.schlosstirol.it\/en\/south-tyrolean-museum\/ausstellungen-2018\/","title":{"rendered":"Ausstellungen 2018"},"content":{"rendered":"<div id='full_slider_1'  class='avia-fullwidth-slider main_color avia-shadow   avia-builder-el-0  el_before_av_section  avia-builder-el-first   container_wrap fullsize'  >\n<style type=\"text\/css\" data-created_by=\"avia_inline_auto\" id=\"style-css-av-vwqr-04b8bdf2cb6d027d09f944144912837a\">\n#top #wrap_all .avia-slideshow .av-slideshow-caption.av-vwqr-04b8bdf2cb6d027d09f944144912837a__0 .avia-caption-title{\nfont-size:50px;\n}\n<\/style>\n<div  class='avia-slideshow av-vwqr-04b8bdf2cb6d027d09f944144912837a avia-slideshow-featured_large av_slideshow_full avia-fade-slider av-slideshow-ui av-control-hidden av-no-slider-navigation av-hide-nav-arrows av-slideshow-autoplay av-loop-endless av-loop-manual-endless av-default-height-applied   avia-slideshow-1' data-slideshow-options=\"{&quot;animation&quot;:&quot;fade&quot;,&quot;autoplay&quot;:true,&quot;loop_autoplay&quot;:&quot;endless&quot;,&quot;interval&quot;:5,&quot;loop_manual&quot;:&quot;manual-endless&quot;,&quot;autoplay_stopper&quot;:false,&quot;noNavigation&quot;:true,&quot;bg_slider&quot;:false,&quot;keep_padding&quot;:false,&quot;hoverpause&quot;:false,&quot;show_slide_delay&quot;:0}\"  itemprop=\"image\" itemscope=\"itemscope\" itemtype=\"https:\/\/schema.org\/ImageObject\" ><ul class='avia-slideshow-inner ' style='padding-bottom: 42%;'><li  class='avia-slideshow-slide av-vwqr-04b8bdf2cb6d027d09f944144912837a__0  av-single-slide slide-1 slide-odd'><a href=\"#ausstellungen-2018\"  data-rel='slideshow-1' class='avia-slide-wrap '   ><div class='av-slideshow-caption av-vwqr-04b8bdf2cb6d027d09f944144912837a__0 caption_fullwidth caption_left'><div class=\"container caption_container\"><div class=\"slideshow_caption\"><div class=\"slideshow_inner_caption\"><div class=\"slideshow_align_caption\"><h2 class='avia-caption-title '  itemprop=\"name\" >Ausstellungen 2018<\/h2><\/div><\/div><\/div><\/div><\/div><img decoding=\"async\" fetchpriority=\"high\" class=\"wp-image-2023 avia-img-lazy-loading-not-2023\"  src=\"https:\/\/www.schlosstirol.it\/wp-content\/uploads\/2018\/01\/schloss-tirol_Titelbild-Ausstellungen_IMG-001.jpg\" width=\"1500\" height=\"630\" title='' alt=''  itemprop=\"thumbnailUrl\"  style='min-height:300px; min-width:715px; ' srcset=\"https:\/\/www.schlosstirol.it\/wp-content\/uploads\/2018\/01\/schloss-tirol_Titelbild-Ausstellungen_IMG-001.jpg 1500w, https:\/\/www.schlosstirol.it\/wp-content\/uploads\/2018\/01\/schloss-tirol_Titelbild-Ausstellungen_IMG-001-300x126.jpg 300w, https:\/\/www.schlosstirol.it\/wp-content\/uploads\/2018\/01\/schloss-tirol_Titelbild-Ausstellungen_IMG-001-768x323.jpg 768w, https:\/\/www.schlosstirol.it\/wp-content\/uploads\/2018\/01\/schloss-tirol_Titelbild-Ausstellungen_IMG-001-1030x433.jpg 1030w, https:\/\/www.schlosstirol.it\/wp-content\/uploads\/2018\/01\/schloss-tirol_Titelbild-Ausstellungen_IMG-001-705x296.jpg 705w, https:\/\/www.schlosstirol.it\/wp-content\/uploads\/2018\/01\/schloss-tirol_Titelbild-Ausstellungen_IMG-001-450x189.jpg 450w\" sizes=\"(max-width: 1500px) 100vw, 1500px\" \/><\/a><\/li><\/ul><\/div><\/div>\n<div id='ausstellungen-2018'  class='avia-section av-7hu93-8e9f8f8d9aa91184951abc5b6e1135dc main_color avia-section-default avia-no-border-styling  avia-builder-el-1  el_after_av_slideshow_full  el_before_av_section  avia-bg-style-scroll container_wrap fullsize'  ><div class='container av-section-cont-open' ><div class='template-page content  av-content-full alpha units'><div class='post-entry post-entry-type-page post-entry-3443'><div class='entry-content-wrapper clearfix'>\n\n<style type=\"text\/css\" data-created_by=\"avia_inline_auto\" id=\"style-css-av-725ij-a9dd4437c9ddbe7864b5b46115581513\">\n.flex_column.av-725ij-a9dd4437c9ddbe7864b5b46115581513{\nborder-radius:0px 0px 0px 0px;\npadding:0px 0px 0px 0px;\n}\n<\/style>\n<div  class='flex_column av-725ij-a9dd4437c9ddbe7864b5b46115581513 av_one_third  avia-builder-el-2  el_before_av_two_third  avia-builder-el-first  first flex_column_div av-zero-column-padding  '     ><style type=\"text\/css\" data-created_by=\"avia_inline_auto\" id=\"style-css-av-6ig97-503637839c79510b8263b64eab2138cb\">\n#top .avia-gallery.av-6ig97-503637839c79510b8263b64eab2138cb .avia-gallery-thumb a{\nwidth:100%;\n}\n<\/style>\n<div  class='avia-gallery av-6ig97-503637839c79510b8263b64eab2138cb avia_animate_when_visible  avia-builder-el-3  avia-builder-el-no-sibling  deactivate_avia_lazyload avia-gallery-animate avia-gallery-1'  itemprop=\"image\" itemscope=\"itemscope\" itemtype=\"https:\/\/schema.org\/ImageObject\" ><meta itemprop=\"contentURL\" content=\"https:\/\/www.schlosstirol.it\/en\/south-tyrolean-museum\/ausstellungen-2018\/\"><div class='avia-gallery-thumb'><a href=\"https:\/\/www.schlosstirol.it\/wp-content\/uploads\/2018\/01\/schloss-tirol_brigitte-niedermair-arm-1030x687.jpg\" data-srcset=\"https:\/\/www.schlosstirol.it\/wp-content\/uploads\/2018\/01\/schloss-tirol_brigitte-niedermair-arm.jpg 1030w, https:\/\/www.schlosstirol.it\/wp-content\/uploads\/2018\/01\/schloss-tirol_brigitte-niedermair-arm-300x200.jpg 300w, https:\/\/www.schlosstirol.it\/wp-content\/uploads\/2018\/01\/schloss-tirol_brigitte-niedermair-arm-768x512.jpg 768w, https:\/\/www.schlosstirol.it\/wp-content\/uploads\/2018\/01\/schloss-tirol_brigitte-niedermair-arm-705x470.jpg 705w, https:\/\/www.schlosstirol.it\/wp-content\/uploads\/2018\/01\/schloss-tirol_brigitte-niedermair-arm-450x300.jpg 450w\" data-sizes=\"(max-width: 1030px) 100vw, 1030px\" data-rel='gallery-1' data-prev-img='https:\/\/www.schlosstirol.it\/wp-content\/uploads\/2018\/01\/schloss-tirol_brigitte-niedermair-arm.jpg' class='first_thumb lightbox ' data-onclick='1' title='Brigitte Niedermair, Arm'  itemprop=\"thumbnailUrl\"  ><img decoding=\"async\" fetchpriority=\"high\" class=\"wp-image-1866 avia-img-lazy-loading-not-1866\"  data-avia-tooltip='Brigitte Niedermair, Arm' src=\"https:\/\/www.schlosstirol.it\/wp-content\/uploads\/2018\/01\/schloss-tirol_brigitte-niedermair-arm.jpg\" width=\"1030\" height=\"687\"  title='' alt='' srcset=\"https:\/\/www.schlosstirol.it\/wp-content\/uploads\/2018\/01\/schloss-tirol_brigitte-niedermair-arm.jpg 1030w, https:\/\/www.schlosstirol.it\/wp-content\/uploads\/2018\/01\/schloss-tirol_brigitte-niedermair-arm-300x200.jpg 300w, https:\/\/www.schlosstirol.it\/wp-content\/uploads\/2018\/01\/schloss-tirol_brigitte-niedermair-arm-768x512.jpg 768w, https:\/\/www.schlosstirol.it\/wp-content\/uploads\/2018\/01\/schloss-tirol_brigitte-niedermair-arm-705x470.jpg 705w, https:\/\/www.schlosstirol.it\/wp-content\/uploads\/2018\/01\/schloss-tirol_brigitte-niedermair-arm-450x300.jpg 450w\" sizes=\"(max-width: 1030px) 100vw, 1030px\" \/><div class='big-prev-fake'><img decoding=\"async\" loading=\"lazy\" class=\"wp-image-1866 avia-img-lazy-loading-1866\"  width=\"1030\" height=\"687\" src=\"https:\/\/www.schlosstirol.it\/wp-content\/uploads\/2018\/01\/schloss-tirol_brigitte-niedermair-arm.jpg\" title='' alt='' srcset=\"https:\/\/www.schlosstirol.it\/wp-content\/uploads\/2018\/01\/schloss-tirol_brigitte-niedermair-arm.jpg 1030w, https:\/\/www.schlosstirol.it\/wp-content\/uploads\/2018\/01\/schloss-tirol_brigitte-niedermair-arm-300x200.jpg 300w, https:\/\/www.schlosstirol.it\/wp-content\/uploads\/2018\/01\/schloss-tirol_brigitte-niedermair-arm-768x512.jpg 768w, https:\/\/www.schlosstirol.it\/wp-content\/uploads\/2018\/01\/schloss-tirol_brigitte-niedermair-arm-705x470.jpg 705w, https:\/\/www.schlosstirol.it\/wp-content\/uploads\/2018\/01\/schloss-tirol_brigitte-niedermair-arm-450x300.jpg 450w\" sizes=\"auto, (max-width: 1030px) 100vw, 1030px\" \/><\/div><\/a><a href=\"https:\/\/www.schlosstirol.it\/wp-content\/uploads\/2018\/01\/schloss-tirol_brigitte-niedermair-fuesse.jpg\" data-srcset=\"https:\/\/www.schlosstirol.it\/wp-content\/uploads\/2018\/01\/schloss-tirol_brigitte-niedermair-fuesse.jpg 639w, https:\/\/www.schlosstirol.it\/wp-content\/uploads\/2018\/01\/schloss-tirol_brigitte-niedermair-fuesse-240x300.jpg 240w, https:\/\/www.schlosstirol.it\/wp-content\/uploads\/2018\/01\/schloss-tirol_brigitte-niedermair-fuesse-563x705.jpg 563w, https:\/\/www.schlosstirol.it\/wp-content\/uploads\/2018\/01\/schloss-tirol_brigitte-niedermair-fuesse-450x563.jpg 450w\" data-sizes=\"(max-width: 639px) 100vw, 639px\" data-rel='gallery-1' data-prev-img='https:\/\/www.schlosstirol.it\/wp-content\/uploads\/2018\/01\/schloss-tirol_brigitte-niedermair-fuesse.jpg' class='first_thumb lightbox ' data-onclick='2' title='Brigitte Niedermair, Feet '  itemprop=\"thumbnailUrl\"  ><img decoding=\"async\" fetchpriority=\"high\" class=\"wp-image-1869 avia-img-lazy-loading-not-1869\"  data-avia-tooltip='Brigitte Niedermair, Feet ' src=\"https:\/\/www.schlosstirol.it\/wp-content\/uploads\/2018\/01\/schloss-tirol_brigitte-niedermair-fuesse.jpg\" width=\"639\" height=\"800\"  title='' alt='' srcset=\"https:\/\/www.schlosstirol.it\/wp-content\/uploads\/2018\/01\/schloss-tirol_brigitte-niedermair-fuesse.jpg 639w, https:\/\/www.schlosstirol.it\/wp-content\/uploads\/2018\/01\/schloss-tirol_brigitte-niedermair-fuesse-240x300.jpg 240w, https:\/\/www.schlosstirol.it\/wp-content\/uploads\/2018\/01\/schloss-tirol_brigitte-niedermair-fuesse-563x705.jpg 563w, https:\/\/www.schlosstirol.it\/wp-content\/uploads\/2018\/01\/schloss-tirol_brigitte-niedermair-fuesse-450x563.jpg 450w\" sizes=\"(max-width: 639px) 100vw, 639px\" \/><div class='big-prev-fake'><img decoding=\"async\" loading=\"lazy\" class=\"wp-image-1869 avia-img-lazy-loading-1869\"  width=\"639\" height=\"800\" src=\"https:\/\/www.schlosstirol.it\/wp-content\/uploads\/2018\/01\/schloss-tirol_brigitte-niedermair-fuesse.jpg\" title='' alt='' srcset=\"https:\/\/www.schlosstirol.it\/wp-content\/uploads\/2018\/01\/schloss-tirol_brigitte-niedermair-fuesse.jpg 639w, https:\/\/www.schlosstirol.it\/wp-content\/uploads\/2018\/01\/schloss-tirol_brigitte-niedermair-fuesse-240x300.jpg 240w, https:\/\/www.schlosstirol.it\/wp-content\/uploads\/2018\/01\/schloss-tirol_brigitte-niedermair-fuesse-563x705.jpg 563w, https:\/\/www.schlosstirol.it\/wp-content\/uploads\/2018\/01\/schloss-tirol_brigitte-niedermair-fuesse-450x563.jpg 450w\" sizes=\"auto, (max-width: 639px) 100vw, 639px\" \/><\/div><\/a><\/div><\/div><\/div>\n<style type=\"text\/css\" data-created_by=\"avia_inline_auto\" id=\"style-css-av-5jkbb-9a9ca8801f02890a78cea230a873a855\">\n.flex_column.av-5jkbb-9a9ca8801f02890a78cea230a873a855{\nborder-radius:0px 0px 0px 0px;\npadding:30px 0 30px 0;\n}\n<\/style>\n<div  class='flex_column av-5jkbb-9a9ca8801f02890a78cea230a873a855 av_two_third  avia-builder-el-4  el_after_av_one_third  avia-builder-el-last  flex_column_div  '     ><p>\n<style type=\"text\/css\" data-created_by=\"avia_inline_auto\" id=\"style-css-av-1h2s3-59b30b74c1f294b8b104be6f16b1d0f6\">\n#top .av-special-heading.av-1h2s3-59b30b74c1f294b8b104be6f16b1d0f6{\npadding-bottom:20px;\n}\nbody .av-special-heading.av-1h2s3-59b30b74c1f294b8b104be6f16b1d0f6 .av-special-heading-tag .heading-char{\nfont-size:25px;\n}\n.av-special-heading.av-1h2s3-59b30b74c1f294b8b104be6f16b1d0f6 .av-subheading{\nfont-size:21px;\n}\n<\/style>\n<div  class='av-special-heading av-1h2s3-59b30b74c1f294b8b104be6f16b1d0f6 av-special-heading-h2 blockquote modern-quote  avia-builder-el-5  el_before_av_textblock  avia-builder-el-first '><h2 class='av-special-heading-tag '  itemprop=\"headline\"  >Brigitte Niedermair \u2013 Eccehomo<\/h2><div class='av-subheading av-subheading_below'><p>22.09.2018 \u2013 09.12.2018<\/p>\n<\/div><div class=\"special-heading-border\"><div class=\"special-heading-inner-border\"><\/div><\/div><\/div><br \/>\n<section  class='av_textblock_section av-fafv-4691340d48e7f4c463a4c7b70118fb6f '   itemscope=\"itemscope\" itemtype=\"https:\/\/schema.org\/CreativeWork\" ><div class='avia_textblock'  itemprop=\"text\" ><p>Der K\u00f6rper als Erinnerungsort<\/p>\n<p>Die international erfolgreiche Fotok\u00fcnstlerin <a href=\"http:\/\/www.brigitteniedermair.com\/\" target=\"_blank\" rel=\"noopener\">Brigitte Niedermair<\/a> zeigt mit der Ausstellung \u201eeccehomo\u201c auf Schloss Tirol Fotoarbeiten zur Gletschermumie \u201e\u00d6tzi\u201c. Sie holt dabei nicht einfach die Schnalser Gletschermumie in den Ausstellungsraum, sondern sie schafft den Sprung von der Wahrnehmung des Realk\u00f6rpers hin zur Bildmachung des menschlichen K\u00f6rpers. Die Titelwahl \u201eeccehomo\u201c kommt von der K\u00fcnstlerin selbst. Damit ist der Fingerzeig auf den K\u00f6rper gerichtet, der als Ged\u00e4chtnisspeicher das gesamte Leben pr\u00e4sent h\u00e4lt, das nachschlagbar wird wie in einem Buch. Der K\u00f6rper dient als Memoria, als biographische Chiffre. In der Kulturgeschichte hat die \u201eBildwerdung des K\u00f6rpers\u201c eine lange Tradition, die weit in das Mittelalter hineinreicht und Wurzeln in der Antike kennt. Gegen das Vergessen menschlicher Biografie wird der bildhafte K\u00f6rper eingesetzt. Besonders ist es die Haut, die als sicht- und tastbarer Ged\u00e4chtnisspeicher des Menschen gilt. An ihr zeichnet sich alles ab, was Biografie wirklich ist und war. Die Haut wird zur Metapher des Biografischen.<\/p>\n<p>Dass der Blick auf den Menschen f\u00e4llt, der keineswegs sichtbare Zeichen des Todes an sich hat, sondern wie im stillgestandenen Augenblick f\u00fcr Jahrtausende gleichbleibt, mag bei Brigitte Niedermair die \u00dcberzeugung gefestigt haben, \u201eAdam\u201c-\u00d6tzi als einzigen Mann im Portr\u00e4t festzuhalten. Kein Portr\u00e4t kann st\u00e4rker sein.<\/p>\n<p>In der Ausstellung umspannt die Fotografie mit dem \u201eMann aus dem Eis\u201c einen ganzen Raum. Der dreidimensionale K\u00f6rper wird in seiner zweidimensionalen Umsch\u00f6pfung zur \u201eHaut\u201c des Betrachters. Es ist der K\u00f6rper, der umf\u00e4ngt. Damit stellen sich die Rezipienten selbst in einen medialen Erfahrungsraum, der das eigene Selbst zum \u201eObjekt\u201c vor dem \u201eObjekt\u201c werden l\u00e4sst, das \u201eSubjekt\u201c vor dem \u201eSubjekt\u201c. \u201eeccehomo\u201c kann wie eine Beschw\u00f6rungsformel gelesen werden, gerade auch im Menschen eine Aufhebung herk\u00f6mmlicher Kategorien zu versuchen.<\/p>\n<p>Brigitte Niedermair (Meran, 1971) ist seit \u00fcber zwanzig Jahren als Fotografin t\u00e4tig und alterniert zwischen k\u00fcnstlerischer Arbeit und Modefotografie. Die Erfahrungen, die sie in beiden Bereichen gesammelt hat, erm\u00f6glichten ihr eine einheitliche k\u00fcnstlerische Sprache zu entwickeln, die ihr auf internationaler Ebene Erfolg verleihen. Seit den neunziger Jahren erforscht sie mit gro\u00dfem ethischen Engagement und Feingef\u00fchl das Thema der Identit\u00e4t und den K\u00f6rper der Frau. In j\u00fcngster Zeit verfolgt sie in ihrer k\u00fcnstlerischen Arbeit eine konzeptionelle Richtung. Ihr Werk entwickelte sich auch aus einer konstanten Zeit-, Erinnerungs- und Reflexionsforschung der Sprachen der Kunstgeschichte selbst, wie im Falle der Neuinterpretation der Malerei von Giorgio Morandi, der Werke von Sol LeWitt oder der Spuren gro\u00dfer bedeutender K\u00fcnstler der Vergangenheit in der Immaterialit\u00e4t der digitalen Welt. Ihre von starker Pers\u00f6nlichkeit gepr\u00e4gte k\u00fcnstlerische Sprache kann zu den intensivsten und eigenst\u00e4ndigsten Ausdrucksformen der zeitgen\u00f6ssischen Fotografie gez\u00e4hlt werden.<\/p>\n<\/div><\/section><\/p><\/div>\n\n<\/div><\/div><\/div><!-- close content main div --><\/div><\/div><div id='fridericus'  class='avia-section av-7hu93-285bc2953b83d8b2add8344bda8e2677 main_color avia-section-default avia-no-border-styling  avia-builder-el-7  el_after_av_section  el_before_av_section  avia-bg-style-scroll container_wrap fullsize'  ><div class='container av-section-cont-open' ><div class='template-page content  av-content-full alpha units'><div class='post-entry post-entry-type-page post-entry-3443'><div class='entry-content-wrapper clearfix'>\n\n<style type=\"text\/css\" data-created_by=\"avia_inline_auto\" id=\"style-css-av-725ij-a9dd4437c9ddbe7864b5b46115581513\">\n.flex_column.av-725ij-a9dd4437c9ddbe7864b5b46115581513{\nborder-radius:0px 0px 0px 0px;\npadding:0px 0px 0px 0px;\n}\n<\/style>\n<div  class='flex_column av-725ij-a9dd4437c9ddbe7864b5b46115581513 av_one_third  avia-builder-el-8  el_before_av_two_third  avia-builder-el-first  first flex_column_div av-zero-column-padding  '     ><style type=\"text\/css\" data-created_by=\"avia_inline_auto\" id=\"style-css-av-6ig97-f3fc7454a0e3c20867dbbacaf3643c4f\">\n#top .avia-gallery.av-6ig97-f3fc7454a0e3c20867dbbacaf3643c4f .avia-gallery-thumb a{\nwidth:100%;\n}\n<\/style>\n<div  class='avia-gallery av-6ig97-f3fc7454a0e3c20867dbbacaf3643c4f avia_animate_when_visible  avia-builder-el-9  avia-builder-el-no-sibling  deactivate_avia_lazyload avia-gallery-animate avia-gallery-2'  itemprop=\"image\" itemscope=\"itemscope\" itemtype=\"https:\/\/schema.org\/ImageObject\" ><meta itemprop=\"contentURL\" content=\"https:\/\/www.schlosstirol.it\/en\/south-tyrolean-museum\/ausstellungen-2018\/\"><div class='avia-gallery-thumb'><a href=\"https:\/\/www.schlosstirol.it\/wp-content\/uploads\/2018\/01\/schloss-tirol_fridericus-3733-1030x800.jpg\" data-srcset=\"https:\/\/www.schlosstirol.it\/wp-content\/uploads\/2018\/01\/schloss-tirol_fridericus-3733.jpg 1030w, https:\/\/www.schlosstirol.it\/wp-content\/uploads\/2018\/01\/schloss-tirol_fridericus-3733-300x233.jpg 300w, https:\/\/www.schlosstirol.it\/wp-content\/uploads\/2018\/01\/schloss-tirol_fridericus-3733-768x597.jpg 768w, https:\/\/www.schlosstirol.it\/wp-content\/uploads\/2018\/01\/schloss-tirol_fridericus-3733-705x548.jpg 705w, https:\/\/www.schlosstirol.it\/wp-content\/uploads\/2018\/01\/schloss-tirol_fridericus-3733-450x350.jpg 450w\" data-sizes=\"(max-width: 1030px) 100vw, 1030px\" data-rel='gallery-2' data-prev-img='https:\/\/www.schlosstirol.it\/wp-content\/uploads\/2018\/01\/schloss-tirol_fridericus-3733.jpg' class='first_thumb lightbox ' data-onclick='1' title='Franz Schams, Der als Minnes\u00e4nger verkleidete Herzog Friedrich IV. gibt sich auf seiner Flucht aus Konstanz seinen treuen Tirolern zu erkennen, 1851'  itemprop=\"thumbnailUrl\"  ><img decoding=\"async\" fetchpriority=\"high\" class=\"wp-image-1872 avia-img-lazy-loading-not-1872\"  data-avia-tooltip='Franz Schams, Der als Minnes\u00e4nger verkleidete Herzog Friedrich IV. gibt sich auf seiner Flucht aus Konstanz seinen treuen Tirolern zu erkennen, 1851' src=\"https:\/\/www.schlosstirol.it\/wp-content\/uploads\/2018\/01\/schloss-tirol_fridericus-3733.jpg\" width=\"1030\" height=\"800\"  title='' alt='' srcset=\"https:\/\/www.schlosstirol.it\/wp-content\/uploads\/2018\/01\/schloss-tirol_fridericus-3733.jpg 1030w, https:\/\/www.schlosstirol.it\/wp-content\/uploads\/2018\/01\/schloss-tirol_fridericus-3733-300x233.jpg 300w, https:\/\/www.schlosstirol.it\/wp-content\/uploads\/2018\/01\/schloss-tirol_fridericus-3733-768x597.jpg 768w, https:\/\/www.schlosstirol.it\/wp-content\/uploads\/2018\/01\/schloss-tirol_fridericus-3733-705x548.jpg 705w, https:\/\/www.schlosstirol.it\/wp-content\/uploads\/2018\/01\/schloss-tirol_fridericus-3733-450x350.jpg 450w\" sizes=\"(max-width: 1030px) 100vw, 1030px\" \/><div class='big-prev-fake'><img decoding=\"async\" loading=\"lazy\" class=\"wp-image-1872 avia-img-lazy-loading-1872\"  width=\"1030\" height=\"800\" src=\"https:\/\/www.schlosstirol.it\/wp-content\/uploads\/2018\/01\/schloss-tirol_fridericus-3733.jpg\" title='' alt='' srcset=\"https:\/\/www.schlosstirol.it\/wp-content\/uploads\/2018\/01\/schloss-tirol_fridericus-3733.jpg 1030w, https:\/\/www.schlosstirol.it\/wp-content\/uploads\/2018\/01\/schloss-tirol_fridericus-3733-300x233.jpg 300w, https:\/\/www.schlosstirol.it\/wp-content\/uploads\/2018\/01\/schloss-tirol_fridericus-3733-768x597.jpg 768w, https:\/\/www.schlosstirol.it\/wp-content\/uploads\/2018\/01\/schloss-tirol_fridericus-3733-705x548.jpg 705w, https:\/\/www.schlosstirol.it\/wp-content\/uploads\/2018\/01\/schloss-tirol_fridericus-3733-450x350.jpg 450w\" sizes=\"auto, (max-width: 1030px) 100vw, 1030px\" \/><\/div><\/a><a href=\"https:\/\/www.schlosstirol.it\/wp-content\/uploads\/2018\/01\/schloss-tirol_fridericus-jagdspiess.jpg\" data-srcset=\"https:\/\/www.schlosstirol.it\/wp-content\/uploads\/2018\/01\/schloss-tirol_fridericus-jagdspiess.jpg 478w, https:\/\/www.schlosstirol.it\/wp-content\/uploads\/2018\/01\/schloss-tirol_fridericus-jagdspiess-179x300.jpg 179w, https:\/\/www.schlosstirol.it\/wp-content\/uploads\/2018\/01\/schloss-tirol_fridericus-jagdspiess-422x705.jpg 422w, https:\/\/www.schlosstirol.it\/wp-content\/uploads\/2018\/01\/schloss-tirol_fridericus-jagdspiess-450x752.jpg 450w\" data-sizes=\"(max-width: 478px) 100vw, 478px\" data-rel='gallery-2' data-prev-img='https:\/\/www.schlosstirol.it\/wp-content\/uploads\/2018\/01\/schloss-tirol_fridericus-jagdspiess.jpg' class='first_thumb lightbox ' data-onclick='2' title='Jagdspie\u00dfeisen Herzog Friedrich IV., 1430'  itemprop=\"thumbnailUrl\"  ><img decoding=\"async\" fetchpriority=\"high\" class=\"wp-image-1875 avia-img-lazy-loading-not-1875\"  data-avia-tooltip='Jagdspie\u00dfeisen Herzog Friedrich IV., 1430' src=\"https:\/\/www.schlosstirol.it\/wp-content\/uploads\/2018\/01\/schloss-tirol_fridericus-jagdspiess.jpg\" width=\"478\" height=\"799\"  title='' alt='' srcset=\"https:\/\/www.schlosstirol.it\/wp-content\/uploads\/2018\/01\/schloss-tirol_fridericus-jagdspiess.jpg 478w, https:\/\/www.schlosstirol.it\/wp-content\/uploads\/2018\/01\/schloss-tirol_fridericus-jagdspiess-179x300.jpg 179w, https:\/\/www.schlosstirol.it\/wp-content\/uploads\/2018\/01\/schloss-tirol_fridericus-jagdspiess-422x705.jpg 422w, https:\/\/www.schlosstirol.it\/wp-content\/uploads\/2018\/01\/schloss-tirol_fridericus-jagdspiess-450x752.jpg 450w\" sizes=\"(max-width: 478px) 100vw, 478px\" \/><div class='big-prev-fake'><img decoding=\"async\" loading=\"lazy\" class=\"wp-image-1875 avia-img-lazy-loading-1875\"  width=\"478\" height=\"799\" src=\"https:\/\/www.schlosstirol.it\/wp-content\/uploads\/2018\/01\/schloss-tirol_fridericus-jagdspiess.jpg\" title='' alt='' srcset=\"https:\/\/www.schlosstirol.it\/wp-content\/uploads\/2018\/01\/schloss-tirol_fridericus-jagdspiess.jpg 478w, https:\/\/www.schlosstirol.it\/wp-content\/uploads\/2018\/01\/schloss-tirol_fridericus-jagdspiess-179x300.jpg 179w, https:\/\/www.schlosstirol.it\/wp-content\/uploads\/2018\/01\/schloss-tirol_fridericus-jagdspiess-422x705.jpg 422w, https:\/\/www.schlosstirol.it\/wp-content\/uploads\/2018\/01\/schloss-tirol_fridericus-jagdspiess-450x752.jpg 450w\" sizes=\"auto, (max-width: 478px) 100vw, 478px\" \/><\/div><\/a><\/div><\/div><\/div>\n<style type=\"text\/css\" data-created_by=\"avia_inline_auto\" id=\"style-css-av-5jkbb-9a9ca8801f02890a78cea230a873a855\">\n.flex_column.av-5jkbb-9a9ca8801f02890a78cea230a873a855{\nborder-radius:0px 0px 0px 0px;\npadding:30px 0 30px 0;\n}\n<\/style>\n<div  class='flex_column av-5jkbb-9a9ca8801f02890a78cea230a873a855 av_two_third  avia-builder-el-10  el_after_av_one_third  avia-builder-el-last  flex_column_div  '     ><p>\n<style type=\"text\/css\" data-created_by=\"avia_inline_auto\" id=\"style-css-av-1g2fr-d03cb7466ada77c8a704bff2ace8def0\">\n#top .av-special-heading.av-1g2fr-d03cb7466ada77c8a704bff2ace8def0{\npadding-bottom:20px;\n}\nbody .av-special-heading.av-1g2fr-d03cb7466ada77c8a704bff2ace8def0 .av-special-heading-tag .heading-char{\nfont-size:25px;\n}\n.av-special-heading.av-1g2fr-d03cb7466ada77c8a704bff2ace8def0 .av-subheading{\nfont-size:21px;\n}\n<\/style>\n<div  class='av-special-heading av-1g2fr-d03cb7466ada77c8a704bff2ace8def0 av-special-heading-h2 blockquote modern-quote  avia-builder-el-11  el_before_av_textblock  avia-builder-el-first '><h2 class='av-special-heading-tag '  itemprop=\"headline\"  >Fridericus Dux Austriae. Der Herzog <span class='special_amp'>\u201e<\/span>mit der leeren Tasche<span class='special_amp'>\u201c<\/span><\/h2><div class='av-subheading av-subheading_below'><p>06.07.2018 \u2013 25.11.2018<\/p>\n<\/div><div class=\"special-heading-border\"><div class=\"special-heading-inner-border\"><\/div><\/div><\/div><br \/>\n<section  class='av_textblock_section av-fafv-4691340d48e7f4c463a4c7b70118fb6f '   itemscope=\"itemscope\" itemtype=\"https:\/\/schema.org\/CreativeWork\" ><div class='avia_textblock'  itemprop=\"text\" ><p><a href=\"https:\/\/de.wikipedia.org\/wiki\/Friedrich_IV._(Tirol)\" target=\"_blank\" rel=\"noopener\">Herzog Friedrich IV. von \u00d6sterreich<\/a> (1382\u20131439), benannt \u201emit der leeren Tasche\u201c, stand nicht arm und mittellos da. Durch seine Politik f\u00f6rderte er eine prosperierende Entwicklung, die Tirol zu einem der begehrtesten L\u00e4nder im Herzen Europas machte. Bergbau und Handel brachten den wirtschaftlichen Aufschwung.<\/p>\n<p>Die Ausstellung geht den zentralen Themen im Leben des Habsburgers nach. Beleuchtet wird die Erinnerungskultur, die aus dem Mythos und der Sagenwelt sch\u00f6pft. Zudem wird von den kriegerischen Ereignissen in Appenzell erz\u00e4hlt, als dem jungen Herzog sein Besitz streitig gemacht wurde. Folgenschwer erwies sich die Schutzfunktion Friedrichs \u00fcber den Gegenpapst Johannes XXIII., die ihm die Acht des K\u00f6nigs einbrachte und in vor\u00fcbergehend \u201emit leeren Taschen\u201c dastehen lie\u00df. Friedrich verlegte seine Residenz von Meran nach Innsbruck, gr\u00fcndete den Hof unter den B\u00fcrgern, stellte sich vehement gegen den ihn bek\u00e4mpfenden Adel. So zwang er den m\u00e4chtigen Heinrich von Rottenburg in die Knie, lie\u00df mit Kanonen die den Starkenbergern geh\u00f6rende Burg Greifenstein belagern und mischte sich in das weltliche Gesch\u00e4ft der Bisch\u00f6fe ein. Eine innige Freundschaft verband ihn mit Hans Wilhelm von M\u00fclinen, was sich nicht zuletzt in Vertr\u00e4gen und Bildstiftungen niederschlug. F\u00fcr die bildende Kunst hatte Friedrich nicht viel \u00fcbrig, wenngleich es zu seiner Zeit zu einem ersten H\u00f6hepunkt in der Entwicklung der Gotik kam. Tirol konnte seinen Herzog auch nach seinem Tod nicht vergessen. Die Erinnerungskultur des Barock und vor allem das an mittelalterlichen Themen haftende 19. Jahrhundert erwecken das Interesse an der historischen Gestalt. In der fr\u00fchen Geschichtsschreibung \u00fcberwiegen kritische Stimmen.<\/p>\n<p>140 ausgestellte Objekte erm\u00f6glichen nun eine neue Begegnung mit dem Landesf\u00fcrsten, dessen Politik nachhaltig die Geschicke des Landes pr\u00e4gte und ihn zu einer Symbolfigur eines geeinten Landes macht.<\/p>\n<\/div><\/section><\/p><\/div>\n\n<\/div><\/div><\/div><!-- close content main div --><\/div><\/div><div id='nikodem'  class='avia-section av-7hu93-e61525d30314feda9db5e380b749c95b main_color avia-section-default avia-no-border-styling  avia-builder-el-13  el_after_av_section  el_before_av_section  avia-bg-style-scroll container_wrap fullsize'  ><div class='container av-section-cont-open' ><div class='template-page content  av-content-full alpha units'><div class='post-entry post-entry-type-page post-entry-3443'><div class='entry-content-wrapper clearfix'>\n\n<style type=\"text\/css\" data-created_by=\"avia_inline_auto\" id=\"style-css-av-725ij-a9dd4437c9ddbe7864b5b46115581513\">\n.flex_column.av-725ij-a9dd4437c9ddbe7864b5b46115581513{\nborder-radius:0px 0px 0px 0px;\npadding:0px 0px 0px 0px;\n}\n<\/style>\n<div  class='flex_column av-725ij-a9dd4437c9ddbe7864b5b46115581513 av_one_third  avia-builder-el-14  el_before_av_two_third  avia-builder-el-first  first flex_column_div av-zero-column-padding  '     ><style type=\"text\/css\" data-created_by=\"avia_inline_auto\" id=\"style-css-av-6ig97-cf2001c28cacf6fd127133e5305759d5\">\n#top .avia-gallery.av-6ig97-cf2001c28cacf6fd127133e5305759d5 .avia-gallery-thumb a{\nwidth:50%;\n}\n<\/style>\n<div  class='avia-gallery av-6ig97-cf2001c28cacf6fd127133e5305759d5 avia_animate_when_visible  avia-builder-el-15  avia-builder-el-no-sibling  deactivate_avia_lazyload avia-gallery-animate avia-gallery-3'  itemprop=\"image\" itemscope=\"itemscope\" itemtype=\"https:\/\/schema.org\/ImageObject\" ><meta itemprop=\"contentURL\" content=\"https:\/\/www.schlosstirol.it\/en\/south-tyrolean-museum\/ausstellungen-2018\/\"><div class='avia-gallery-thumb'><a href=\"https:\/\/www.schlosstirol.it\/wp-content\/uploads\/2018\/01\/schloss-tirol_nikodem-Birken-mit-Schlern-retusche.jpg\" data-srcset=\"https:\/\/www.schlosstirol.it\/wp-content\/uploads\/2018\/01\/schloss-tirol_nikodem-Birken-mit-Schlern-retusche.jpg 729w, https:\/\/www.schlosstirol.it\/wp-content\/uploads\/2018\/01\/schloss-tirol_nikodem-Birken-mit-Schlern-retusche-273x300.jpg 273w, https:\/\/www.schlosstirol.it\/wp-content\/uploads\/2018\/01\/schloss-tirol_nikodem-Birken-mit-Schlern-retusche-642x705.jpg 642w, https:\/\/www.schlosstirol.it\/wp-content\/uploads\/2018\/01\/schloss-tirol_nikodem-Birken-mit-Schlern-retusche-450x494.jpg 450w\" data-sizes=\"(max-width: 729px) 100vw, 729px\" data-rel='gallery-3' data-prev-img='https:\/\/www.schlosstirol.it\/wp-content\/uploads\/2018\/01\/schloss-tirol_nikodem-Birken-mit-Schlern-retusche.jpg' class='first_thumb lightbox ' data-onclick='1' title='O. T. (Birken mit Schlern), 1921'  itemprop=\"thumbnailUrl\"  ><img decoding=\"async\" fetchpriority=\"high\" class=\"wp-image-1037 avia-img-lazy-loading-not-1037\"  data-avia-tooltip='O. T. (Birken mit Schlern), 1921' src=\"https:\/\/www.schlosstirol.it\/wp-content\/uploads\/2018\/01\/schloss-tirol_nikodem-Birken-mit-Schlern-retusche-495x400.jpg\" width=\"495\" height=\"400\"  title='' alt='' \/><div class='big-prev-fake'><img decoding=\"async\" loading=\"lazy\" class=\"wp-image-1037 avia-img-lazy-loading-1037\"  width=\"729\" height=\"800\" src=\"https:\/\/www.schlosstirol.it\/wp-content\/uploads\/2018\/01\/schloss-tirol_nikodem-Birken-mit-Schlern-retusche.jpg\" title='' alt='' srcset=\"https:\/\/www.schlosstirol.it\/wp-content\/uploads\/2018\/01\/schloss-tirol_nikodem-Birken-mit-Schlern-retusche.jpg 729w, https:\/\/www.schlosstirol.it\/wp-content\/uploads\/2018\/01\/schloss-tirol_nikodem-Birken-mit-Schlern-retusche-273x300.jpg 273w, https:\/\/www.schlosstirol.it\/wp-content\/uploads\/2018\/01\/schloss-tirol_nikodem-Birken-mit-Schlern-retusche-642x705.jpg 642w, https:\/\/www.schlosstirol.it\/wp-content\/uploads\/2018\/01\/schloss-tirol_nikodem-Birken-mit-Schlern-retusche-450x494.jpg 450w\" sizes=\"auto, (max-width: 729px) 100vw, 729px\" \/><\/div><\/a><a href=\"https:\/\/www.schlosstirol.it\/wp-content\/uploads\/2018\/01\/schloss-tirol_nikodem-39_Die-Naviserin.jpg\" data-srcset=\"https:\/\/www.schlosstirol.it\/wp-content\/uploads\/2018\/01\/schloss-tirol_nikodem-39_Die-Naviserin.jpg 884w, https:\/\/www.schlosstirol.it\/wp-content\/uploads\/2018\/01\/schloss-tirol_nikodem-39_Die-Naviserin-300x271.jpg 300w, https:\/\/www.schlosstirol.it\/wp-content\/uploads\/2018\/01\/schloss-tirol_nikodem-39_Die-Naviserin-768x695.jpg 768w, https:\/\/www.schlosstirol.it\/wp-content\/uploads\/2018\/01\/schloss-tirol_nikodem-39_Die-Naviserin-705x638.jpg 705w, https:\/\/www.schlosstirol.it\/wp-content\/uploads\/2018\/01\/schloss-tirol_nikodem-39_Die-Naviserin-450x407.jpg 450w\" data-sizes=\"(max-width: 884px) 100vw, 884px\" data-rel='gallery-3' data-prev-img='https:\/\/www.schlosstirol.it\/wp-content\/uploads\/2018\/01\/schloss-tirol_nikodem-39_Die-Naviserin.jpg' class='lightbox ' data-onclick='2' title='Die Naviserin, 1926'  itemprop=\"thumbnailUrl\"  ><img decoding=\"async\" fetchpriority=\"high\" class=\"wp-image-1033 avia-img-lazy-loading-not-1033\"  data-avia-tooltip='Die Naviserin, 1926' src=\"https:\/\/www.schlosstirol.it\/wp-content\/uploads\/2018\/01\/schloss-tirol_nikodem-39_Die-Naviserin-495x400.jpg\" width=\"495\" height=\"400\"  title='' alt='' srcset=\"https:\/\/www.schlosstirol.it\/wp-content\/uploads\/2018\/01\/schloss-tirol_nikodem-39_Die-Naviserin-495x400.jpg 495w, https:\/\/www.schlosstirol.it\/wp-content\/uploads\/2018\/01\/schloss-tirol_nikodem-39_Die-Naviserin-845x684.jpg 845w\" sizes=\"(max-width: 495px) 100vw, 495px\" \/><div class='big-prev-fake'><img decoding=\"async\" loading=\"lazy\" class=\"wp-image-1033 avia-img-lazy-loading-1033\"  width=\"884\" height=\"800\" src=\"https:\/\/www.schlosstirol.it\/wp-content\/uploads\/2018\/01\/schloss-tirol_nikodem-39_Die-Naviserin.jpg\" title='' alt='' srcset=\"https:\/\/www.schlosstirol.it\/wp-content\/uploads\/2018\/01\/schloss-tirol_nikodem-39_Die-Naviserin.jpg 884w, https:\/\/www.schlosstirol.it\/wp-content\/uploads\/2018\/01\/schloss-tirol_nikodem-39_Die-Naviserin-300x271.jpg 300w, https:\/\/www.schlosstirol.it\/wp-content\/uploads\/2018\/01\/schloss-tirol_nikodem-39_Die-Naviserin-768x695.jpg 768w, https:\/\/www.schlosstirol.it\/wp-content\/uploads\/2018\/01\/schloss-tirol_nikodem-39_Die-Naviserin-705x638.jpg 705w, https:\/\/www.schlosstirol.it\/wp-content\/uploads\/2018\/01\/schloss-tirol_nikodem-39_Die-Naviserin-450x407.jpg 450w\" sizes=\"auto, (max-width: 884px) 100vw, 884px\" \/><\/div><\/a><a href=\"https:\/\/www.schlosstirol.it\/wp-content\/uploads\/2018\/01\/schloss-tirol_nikodem-3.-Birkenfr.jpg\" data-srcset=\"https:\/\/www.schlosstirol.it\/wp-content\/uploads\/2018\/01\/schloss-tirol_nikodem-3.-Birkenfr.jpg 775w, https:\/\/www.schlosstirol.it\/wp-content\/uploads\/2018\/01\/schloss-tirol_nikodem-3.-Birkenfr-291x300.jpg 291w, https:\/\/www.schlosstirol.it\/wp-content\/uploads\/2018\/01\/schloss-tirol_nikodem-3.-Birkenfr-768x793.jpg 768w, https:\/\/www.schlosstirol.it\/wp-content\/uploads\/2018\/01\/schloss-tirol_nikodem-3.-Birkenfr-36x36.jpg 36w, https:\/\/www.schlosstirol.it\/wp-content\/uploads\/2018\/01\/schloss-tirol_nikodem-3.-Birkenfr-683x705.jpg 683w, https:\/\/www.schlosstirol.it\/wp-content\/uploads\/2018\/01\/schloss-tirol_nikodem-3.-Birkenfr-450x465.jpg 450w\" data-sizes=\"(max-width: 775px) 100vw, 775px\" data-rel='gallery-3' data-prev-img='https:\/\/www.schlosstirol.it\/wp-content\/uploads\/2018\/01\/schloss-tirol_nikodem-3.-Birkenfr.jpg' class='first_thumb lightbox ' data-onclick='3' title='Birkenfr\u00fchling (Vertreibung aus dem Paradies), 1931'  itemprop=\"thumbnailUrl\"  ><img decoding=\"async\" fetchpriority=\"high\" class=\"wp-image-1021 avia-img-lazy-loading-not-1021\"  data-avia-tooltip='Birkenfr\u00fchling (Vertreibung aus dem Paradies), 1931' src=\"https:\/\/www.schlosstirol.it\/wp-content\/uploads\/2018\/01\/schloss-tirol_nikodem-3.-Birkenfr-495x400.jpg\" width=\"495\" height=\"400\"  title='' alt='' \/><div class='big-prev-fake'><img decoding=\"async\" loading=\"lazy\" class=\"wp-image-1021 avia-img-lazy-loading-1021\"  width=\"775\" height=\"800\" src=\"https:\/\/www.schlosstirol.it\/wp-content\/uploads\/2018\/01\/schloss-tirol_nikodem-3.-Birkenfr.jpg\" title='' alt='' srcset=\"https:\/\/www.schlosstirol.it\/wp-content\/uploads\/2018\/01\/schloss-tirol_nikodem-3.-Birkenfr.jpg 775w, https:\/\/www.schlosstirol.it\/wp-content\/uploads\/2018\/01\/schloss-tirol_nikodem-3.-Birkenfr-291x300.jpg 291w, https:\/\/www.schlosstirol.it\/wp-content\/uploads\/2018\/01\/schloss-tirol_nikodem-3.-Birkenfr-768x793.jpg 768w, https:\/\/www.schlosstirol.it\/wp-content\/uploads\/2018\/01\/schloss-tirol_nikodem-3.-Birkenfr-36x36.jpg 36w, https:\/\/www.schlosstirol.it\/wp-content\/uploads\/2018\/01\/schloss-tirol_nikodem-3.-Birkenfr-683x705.jpg 683w, https:\/\/www.schlosstirol.it\/wp-content\/uploads\/2018\/01\/schloss-tirol_nikodem-3.-Birkenfr-450x465.jpg 450w\" sizes=\"auto, (max-width: 775px) 100vw, 775px\" \/><\/div><\/a><a href=\"https:\/\/www.schlosstirol.it\/wp-content\/uploads\/2018\/01\/schloss-tirol_nikodem-19.-O.-T.jpg\" data-srcset=\"https:\/\/www.schlosstirol.it\/wp-content\/uploads\/2018\/01\/schloss-tirol_nikodem-19.-O.-T.jpg 923w, https:\/\/www.schlosstirol.it\/wp-content\/uploads\/2018\/01\/schloss-tirol_nikodem-19.-O.-T-300x260.jpg 300w, https:\/\/www.schlosstirol.it\/wp-content\/uploads\/2018\/01\/schloss-tirol_nikodem-19.-O.-T-768x666.jpg 768w, https:\/\/www.schlosstirol.it\/wp-content\/uploads\/2018\/01\/schloss-tirol_nikodem-19.-O.-T-705x611.jpg 705w, https:\/\/www.schlosstirol.it\/wp-content\/uploads\/2018\/01\/schloss-tirol_nikodem-19.-O.-T-450x390.jpg 450w\" data-sizes=\"(max-width: 923px) 100vw, 923px\" data-rel='gallery-3' data-prev-img='https:\/\/www.schlosstirol.it\/wp-content\/uploads\/2018\/01\/schloss-tirol_nikodem-19.-O.-T.jpg' class='lightbox ' data-onclick='4' title='O. T. (Getreidefeld), um 1928 '  itemprop=\"thumbnailUrl\"  ><img decoding=\"async\" fetchpriority=\"high\" class=\"wp-image-1030 avia-img-lazy-loading-not-1030\"  data-avia-tooltip='O. T. (Getreidefeld), um 1928 ' src=\"https:\/\/www.schlosstirol.it\/wp-content\/uploads\/2018\/01\/schloss-tirol_nikodem-19.-O.-T-495x400.jpg\" width=\"495\" height=\"400\"  title='' alt='' srcset=\"https:\/\/www.schlosstirol.it\/wp-content\/uploads\/2018\/01\/schloss-tirol_nikodem-19.-O.-T-495x400.jpg 495w, https:\/\/www.schlosstirol.it\/wp-content\/uploads\/2018\/01\/schloss-tirol_nikodem-19.-O.-T-845x684.jpg 845w\" sizes=\"(max-width: 495px) 100vw, 495px\" \/><div class='big-prev-fake'><img decoding=\"async\" loading=\"lazy\" class=\"wp-image-1030 avia-img-lazy-loading-1030\"  width=\"923\" height=\"800\" src=\"https:\/\/www.schlosstirol.it\/wp-content\/uploads\/2018\/01\/schloss-tirol_nikodem-19.-O.-T.jpg\" title='' alt='' srcset=\"https:\/\/www.schlosstirol.it\/wp-content\/uploads\/2018\/01\/schloss-tirol_nikodem-19.-O.-T.jpg 923w, https:\/\/www.schlosstirol.it\/wp-content\/uploads\/2018\/01\/schloss-tirol_nikodem-19.-O.-T-300x260.jpg 300w, https:\/\/www.schlosstirol.it\/wp-content\/uploads\/2018\/01\/schloss-tirol_nikodem-19.-O.-T-768x666.jpg 768w, https:\/\/www.schlosstirol.it\/wp-content\/uploads\/2018\/01\/schloss-tirol_nikodem-19.-O.-T-705x611.jpg 705w, https:\/\/www.schlosstirol.it\/wp-content\/uploads\/2018\/01\/schloss-tirol_nikodem-19.-O.-T-450x390.jpg 450w\" sizes=\"auto, (max-width: 923px) 100vw, 923px\" \/><\/div><\/a><a href=\"https:\/\/www.schlosstirol.it\/wp-content\/uploads\/2018\/01\/schloss-tirol_nikodem-2.-O.-T.-Kreuz.jpg\" data-srcset=\"https:\/\/www.schlosstirol.it\/wp-content\/uploads\/2018\/01\/schloss-tirol_nikodem-2.-O.-T.-Kreuz.jpg 851w, https:\/\/www.schlosstirol.it\/wp-content\/uploads\/2018\/01\/schloss-tirol_nikodem-2.-O.-T.-Kreuz-300x282.jpg 300w, https:\/\/www.schlosstirol.it\/wp-content\/uploads\/2018\/01\/schloss-tirol_nikodem-2.-O.-T.-Kreuz-768x722.jpg 768w, https:\/\/www.schlosstirol.it\/wp-content\/uploads\/2018\/01\/schloss-tirol_nikodem-2.-O.-T.-Kreuz-705x663.jpg 705w, https:\/\/www.schlosstirol.it\/wp-content\/uploads\/2018\/01\/schloss-tirol_nikodem-2.-O.-T.-Kreuz-450x423.jpg 450w\" data-sizes=\"(max-width: 851px) 100vw, 851px\" data-rel='gallery-3' data-prev-img='https:\/\/www.schlosstirol.it\/wp-content\/uploads\/2018\/01\/schloss-tirol_nikodem-2.-O.-T.-Kreuz.jpg' class='first_thumb lightbox ' data-onclick='5' title='Bergkreuz, 1925'  itemprop=\"thumbnailUrl\"  ><img decoding=\"async\" fetchpriority=\"high\" class=\"wp-image-1018 avia-img-lazy-loading-not-1018\"  data-avia-tooltip='Bergkreuz, 1925' src=\"https:\/\/www.schlosstirol.it\/wp-content\/uploads\/2018\/01\/schloss-tirol_nikodem-2.-O.-T.-Kreuz-495x400.jpg\" width=\"495\" height=\"400\"  title='' alt='' srcset=\"https:\/\/www.schlosstirol.it\/wp-content\/uploads\/2018\/01\/schloss-tirol_nikodem-2.-O.-T.-Kreuz-495x400.jpg 495w, https:\/\/www.schlosstirol.it\/wp-content\/uploads\/2018\/01\/schloss-tirol_nikodem-2.-O.-T.-Kreuz-845x684.jpg 845w\" sizes=\"(max-width: 495px) 100vw, 495px\" \/><div class='big-prev-fake'><img decoding=\"async\" loading=\"lazy\" class=\"wp-image-1018 avia-img-lazy-loading-1018\"  width=\"851\" height=\"800\" src=\"https:\/\/www.schlosstirol.it\/wp-content\/uploads\/2018\/01\/schloss-tirol_nikodem-2.-O.-T.-Kreuz.jpg\" title='' alt='' srcset=\"https:\/\/www.schlosstirol.it\/wp-content\/uploads\/2018\/01\/schloss-tirol_nikodem-2.-O.-T.-Kreuz.jpg 851w, https:\/\/www.schlosstirol.it\/wp-content\/uploads\/2018\/01\/schloss-tirol_nikodem-2.-O.-T.-Kreuz-300x282.jpg 300w, https:\/\/www.schlosstirol.it\/wp-content\/uploads\/2018\/01\/schloss-tirol_nikodem-2.-O.-T.-Kreuz-768x722.jpg 768w, https:\/\/www.schlosstirol.it\/wp-content\/uploads\/2018\/01\/schloss-tirol_nikodem-2.-O.-T.-Kreuz-705x663.jpg 705w, https:\/\/www.schlosstirol.it\/wp-content\/uploads\/2018\/01\/schloss-tirol_nikodem-2.-O.-T.-Kreuz-450x423.jpg 450w\" sizes=\"auto, (max-width: 851px) 100vw, 851px\" \/><\/div><\/a><a href=\"https:\/\/www.schlosstirol.it\/wp-content\/uploads\/2018\/01\/schloss-tirol_nikodem-9.-Heurast.jpg\" data-srcset=\"https:\/\/www.schlosstirol.it\/wp-content\/uploads\/2018\/01\/schloss-tirol_nikodem-9.-Heurast.jpg 899w, https:\/\/www.schlosstirol.it\/wp-content\/uploads\/2018\/01\/schloss-tirol_nikodem-9.-Heurast-300x267.jpg 300w, https:\/\/www.schlosstirol.it\/wp-content\/uploads\/2018\/01\/schloss-tirol_nikodem-9.-Heurast-768x683.jpg 768w, https:\/\/www.schlosstirol.it\/wp-content\/uploads\/2018\/01\/schloss-tirol_nikodem-9.-Heurast-705x627.jpg 705w, https:\/\/www.schlosstirol.it\/wp-content\/uploads\/2018\/01\/schloss-tirol_nikodem-9.-Heurast-450x400.jpg 450w\" data-sizes=\"(max-width: 899px) 100vw, 899px\" data-rel='gallery-3' data-prev-img='https:\/\/www.schlosstirol.it\/wp-content\/uploads\/2018\/01\/schloss-tirol_nikodem-9.-Heurast.jpg' class='lightbox ' data-onclick='6' title='Heurast, 1931'  itemprop=\"thumbnailUrl\"  ><img decoding=\"async\" fetchpriority=\"high\" class=\"wp-image-1027 avia-img-lazy-loading-not-1027\"  data-avia-tooltip='Heurast, 1931' src=\"https:\/\/www.schlosstirol.it\/wp-content\/uploads\/2018\/01\/schloss-tirol_nikodem-9.-Heurast-495x400.jpg\" width=\"495\" height=\"400\"  title='' alt='' srcset=\"https:\/\/www.schlosstirol.it\/wp-content\/uploads\/2018\/01\/schloss-tirol_nikodem-9.-Heurast-495x400.jpg 495w, https:\/\/www.schlosstirol.it\/wp-content\/uploads\/2018\/01\/schloss-tirol_nikodem-9.-Heurast-845x684.jpg 845w\" sizes=\"(max-width: 495px) 100vw, 495px\" \/><div class='big-prev-fake'><img decoding=\"async\" loading=\"lazy\" class=\"wp-image-1027 avia-img-lazy-loading-1027\"  width=\"899\" height=\"800\" src=\"https:\/\/www.schlosstirol.it\/wp-content\/uploads\/2018\/01\/schloss-tirol_nikodem-9.-Heurast.jpg\" title='' alt='' srcset=\"https:\/\/www.schlosstirol.it\/wp-content\/uploads\/2018\/01\/schloss-tirol_nikodem-9.-Heurast.jpg 899w, https:\/\/www.schlosstirol.it\/wp-content\/uploads\/2018\/01\/schloss-tirol_nikodem-9.-Heurast-300x267.jpg 300w, https:\/\/www.schlosstirol.it\/wp-content\/uploads\/2018\/01\/schloss-tirol_nikodem-9.-Heurast-768x683.jpg 768w, https:\/\/www.schlosstirol.it\/wp-content\/uploads\/2018\/01\/schloss-tirol_nikodem-9.-Heurast-705x627.jpg 705w, https:\/\/www.schlosstirol.it\/wp-content\/uploads\/2018\/01\/schloss-tirol_nikodem-9.-Heurast-450x400.jpg 450w\" sizes=\"auto, (max-width: 899px) 100vw, 899px\" \/><\/div><\/a><\/div><\/div><\/div>\n<style type=\"text\/css\" data-created_by=\"avia_inline_auto\" id=\"style-css-av-5jkbb-9a9ca8801f02890a78cea230a873a855\">\n.flex_column.av-5jkbb-9a9ca8801f02890a78cea230a873a855{\nborder-radius:0px 0px 0px 0px;\npadding:30px 0 30px 0;\n}\n<\/style>\n<div  class='flex_column av-5jkbb-9a9ca8801f02890a78cea230a873a855 av_two_third  avia-builder-el-16  el_after_av_one_third  avia-builder-el-last  flex_column_div  '     ><p>\n<style type=\"text\/css\" data-created_by=\"avia_inline_auto\" id=\"style-css-av-jr6fw2vf-b956e865f9005e966602a71160c171d7\">\n#top .av-special-heading.av-jr6fw2vf-b956e865f9005e966602a71160c171d7{\npadding-bottom:20px;\n}\nbody .av-special-heading.av-jr6fw2vf-b956e865f9005e966602a71160c171d7 .av-special-heading-tag .heading-char{\nfont-size:25px;\n}\n.av-special-heading.av-jr6fw2vf-b956e865f9005e966602a71160c171d7 .av-subheading{\nfont-size:21px;\n}\n<\/style>\n<div  class='av-special-heading av-jr6fw2vf-b956e865f9005e966602a71160c171d7 av-special-heading-h2 blockquote modern-quote  avia-builder-el-17  el_before_av_textblock  avia-builder-el-first '><h2 class='av-special-heading-tag '  itemprop=\"headline\"  >Artur Nikodem. Zwischen Stadt und Land<\/h2><div class='av-subheading av-subheading_below'><p>17.03.2018 \u2013 03.06.2018<\/p>\n<\/div><div class=\"special-heading-border\"><div class=\"special-heading-inner-border\"><\/div><\/div><\/div><br \/>\n<section  class='av_textblock_section av-fafv-4691340d48e7f4c463a4c7b70118fb6f '   itemscope=\"itemscope\" itemtype=\"https:\/\/schema.org\/CreativeWork\" ><div class='avia_textblock'  itemprop=\"text\" ><p>Zwischen Stadt und Land.<\/p>\n<p>Zum ersten Mal nach achtzehn Jahren wird in S\u00fcdtirol wieder eine Ausstellung zu <a href=\"https:\/\/de.wikipedia.org\/wiki\/Artur_Nikodem\" target=\"_blank\" rel=\"noopener\">Artur Nikodem<\/a> gezeigt. Nikodem, der 1870 in Trient geboren wurde und f\u00fcnfzehn Jahre seines Lebens in Meran verbrachte, z\u00e4hlt zu den bedeutendsten K\u00fcnstlern der fr\u00fchen Moderne in Tirol. Die Faszination f\u00fcr das Licht und f\u00fcr Lichteffekte, das Spiel mit Formen und Farben charakterisieren seine Malerei.<\/p>\n<p>Die Ausstellung zeigt anhand von Landschaftsbildern und seinen von Menschen inspirierten Arbeiten einen repr\u00e4sentativen Querschnitt durch sein malerisches Oeuvre. Mit Ausnahme einiger weniger Werke stammt der Gro\u00dfteil aus Privatbesitz und wird zum Teil erstmals der \u00d6ffentlichkeit zug\u00e4nglich gemacht. Die Schau umspannt beinahe alle Schaffensperioden des K\u00fcnstlers. Sie beginnt mit seinen sezessionistisch anmutenden Werken aus seiner Meraner und seiner fr\u00fchen Innsbrucker Zeit und reicht bis zu den abstrakten Kleinformaten seiner Sp\u00e4tzeit. Auch das nicht nur f\u00fcr Artur Nikodem, sondern f\u00fcr die gesamte bildende Kunst Tirols wichtige Ereignis, die gro\u00dfe Wanderausstellung in Deutschland in den Jahren 1925\/26, ist Teil der Ausstellung auf Schloss Tirol. Ihre erste Station in Gelsenkirchen wird anhand einer Bildprojektion pr\u00e4sentiert.<\/p>\n<\/div><\/section><\/p><\/div>\n\n<\/div><\/div><\/div><!-- close content main div --><\/div><\/div><div id='senoner'  class='avia-section av-3xuov-23038880976931594ed4fbb7a8fd13cb main_color avia-section-default avia-no-border-styling  avia-builder-el-19  el_after_av_section  el_before_av_button_big  avia-bg-style-scroll container_wrap fullsize'  ><div class='container av-section-cont-open' ><div class='template-page content  av-content-full alpha units'><div class='post-entry post-entry-type-page post-entry-3443'><div class='entry-content-wrapper clearfix'>\n\n<style type=\"text\/css\" data-created_by=\"avia_inline_auto\" id=\"style-css-av-bjsn-5d1684240a0bb9652ea9a0c46cc5d7a8\">\n.flex_column.av-bjsn-5d1684240a0bb9652ea9a0c46cc5d7a8{\nborder-radius:0px 0px 0px 0px;\npadding:0px 0px 0px 0px;\n}\n<\/style>\n<div  class='flex_column av-bjsn-5d1684240a0bb9652ea9a0c46cc5d7a8 av_one_third  avia-builder-el-20  el_before_av_two_third  avia-builder-el-first  first flex_column_div av-zero-column-padding  '     ><style type=\"text\/css\" data-created_by=\"avia_inline_auto\" id=\"style-css-av-2oavj-a2b38c0ea8de60234bb091747de1279c\">\n#top .avia-gallery.av-2oavj-a2b38c0ea8de60234bb091747de1279c .avia-gallery-thumb a{\nwidth:50%;\n}\n<\/style>\n<div  class='avia-gallery av-2oavj-a2b38c0ea8de60234bb091747de1279c avia_animate_when_visible  avia-builder-el-21  avia-builder-el-no-sibling  deactivate_avia_lazyload avia-gallery-animate avia-gallery-4'  itemprop=\"image\" itemscope=\"itemscope\" itemtype=\"https:\/\/schema.org\/ImageObject\" ><meta itemprop=\"contentURL\" content=\"https:\/\/www.schlosstirol.it\/en\/south-tyrolean-museum\/ausstellungen-2018\/\"><div class='avia-gallery-thumb'><a href=\"https:\/\/www.schlosstirol.it\/wp-content\/uploads\/2018\/01\/schloss-tirol_peter-senoner-Detail-Botanicalirious.jpg\" data-srcset=\"https:\/\/www.schlosstirol.it\/wp-content\/uploads\/2018\/01\/schloss-tirol_peter-senoner-Detail-Botanicalirious.jpg 543w, https:\/\/www.schlosstirol.it\/wp-content\/uploads\/2018\/01\/schloss-tirol_peter-senoner-Detail-Botanicalirious-204x300.jpg 204w, https:\/\/www.schlosstirol.it\/wp-content\/uploads\/2018\/01\/schloss-tirol_peter-senoner-Detail-Botanicalirious-479x705.jpg 479w, https:\/\/www.schlosstirol.it\/wp-content\/uploads\/2018\/01\/schloss-tirol_peter-senoner-Detail-Botanicalirious-450x663.jpg 450w\" data-sizes=\"(max-width: 543px) 100vw, 543px\" data-rel='gallery-4' data-prev-img='https:\/\/www.schlosstirol.it\/wp-content\/uploads\/2018\/01\/schloss-tirol_peter-senoner-Detail-Botanicalirious.jpg' class='first_thumb lightbox ' data-onclick='1' title=''  itemprop=\"thumbnailUrl\"  ><img decoding=\"async\" fetchpriority=\"high\" class=\"wp-image-1014 avia-img-lazy-loading-not-1014\"   src=\"https:\/\/www.schlosstirol.it\/wp-content\/uploads\/2018\/01\/schloss-tirol_peter-senoner-Detail-Botanicalirious-495x400.jpg\" width=\"495\" height=\"400\"  title='' alt='' \/><div class='big-prev-fake'><img decoding=\"async\" loading=\"lazy\" class=\"wp-image-1014 avia-img-lazy-loading-1014\"  width=\"543\" height=\"800\" src=\"https:\/\/www.schlosstirol.it\/wp-content\/uploads\/2018\/01\/schloss-tirol_peter-senoner-Detail-Botanicalirious.jpg\" title='' alt='' srcset=\"https:\/\/www.schlosstirol.it\/wp-content\/uploads\/2018\/01\/schloss-tirol_peter-senoner-Detail-Botanicalirious.jpg 543w, https:\/\/www.schlosstirol.it\/wp-content\/uploads\/2018\/01\/schloss-tirol_peter-senoner-Detail-Botanicalirious-204x300.jpg 204w, https:\/\/www.schlosstirol.it\/wp-content\/uploads\/2018\/01\/schloss-tirol_peter-senoner-Detail-Botanicalirious-479x705.jpg 479w, https:\/\/www.schlosstirol.it\/wp-content\/uploads\/2018\/01\/schloss-tirol_peter-senoner-Detail-Botanicalirious-450x663.jpg 450w\" sizes=\"auto, (max-width: 543px) 100vw, 543px\" \/><\/div><\/a><a href=\"https:\/\/www.schlosstirol.it\/wp-content\/uploads\/2018\/01\/schloss-tirol_peter-senoner-BOTANICALIRIOUS-001-Detail-c-1030x687.jpg\" data-srcset=\"https:\/\/www.schlosstirol.it\/wp-content\/uploads\/2018\/01\/schloss-tirol_peter-senoner-BOTANICALIRIOUS-001-Detail-c.jpg 1030w, https:\/\/www.schlosstirol.it\/wp-content\/uploads\/2018\/01\/schloss-tirol_peter-senoner-BOTANICALIRIOUS-001-Detail-c-300x200.jpg 300w, https:\/\/www.schlosstirol.it\/wp-content\/uploads\/2018\/01\/schloss-tirol_peter-senoner-BOTANICALIRIOUS-001-Detail-c-768x512.jpg 768w, https:\/\/www.schlosstirol.it\/wp-content\/uploads\/2018\/01\/schloss-tirol_peter-senoner-BOTANICALIRIOUS-001-Detail-c-705x470.jpg 705w, https:\/\/www.schlosstirol.it\/wp-content\/uploads\/2018\/01\/schloss-tirol_peter-senoner-BOTANICALIRIOUS-001-Detail-c-450x300.jpg 450w\" data-sizes=\"(max-width: 1030px) 100vw, 1030px\" data-rel='gallery-4' data-prev-img='https:\/\/www.schlosstirol.it\/wp-content\/uploads\/2018\/01\/schloss-tirol_peter-senoner-BOTANICALIRIOUS-001-Detail-c.jpg' class='lightbox ' data-onclick='2' title=''  itemprop=\"thumbnailUrl\"  ><img decoding=\"async\" fetchpriority=\"high\" class=\"wp-image-996 avia-img-lazy-loading-not-996\"   src=\"https:\/\/www.schlosstirol.it\/wp-content\/uploads\/2018\/01\/schloss-tirol_peter-senoner-BOTANICALIRIOUS-001-Detail-c-495x400.jpg\" width=\"495\" height=\"400\"  title='' alt='' srcset=\"https:\/\/www.schlosstirol.it\/wp-content\/uploads\/2018\/01\/schloss-tirol_peter-senoner-BOTANICALIRIOUS-001-Detail-c-495x400.jpg 495w, https:\/\/www.schlosstirol.it\/wp-content\/uploads\/2018\/01\/schloss-tirol_peter-senoner-BOTANICALIRIOUS-001-Detail-c-845x684.jpg 845w\" sizes=\"(max-width: 495px) 100vw, 495px\" \/><div class='big-prev-fake'><img decoding=\"async\" loading=\"lazy\" class=\"wp-image-996 avia-img-lazy-loading-996\"  width=\"1030\" height=\"687\" src=\"https:\/\/www.schlosstirol.it\/wp-content\/uploads\/2018\/01\/schloss-tirol_peter-senoner-BOTANICALIRIOUS-001-Detail-c.jpg\" title='' alt='' srcset=\"https:\/\/www.schlosstirol.it\/wp-content\/uploads\/2018\/01\/schloss-tirol_peter-senoner-BOTANICALIRIOUS-001-Detail-c.jpg 1030w, https:\/\/www.schlosstirol.it\/wp-content\/uploads\/2018\/01\/schloss-tirol_peter-senoner-BOTANICALIRIOUS-001-Detail-c-300x200.jpg 300w, https:\/\/www.schlosstirol.it\/wp-content\/uploads\/2018\/01\/schloss-tirol_peter-senoner-BOTANICALIRIOUS-001-Detail-c-768x512.jpg 768w, https:\/\/www.schlosstirol.it\/wp-content\/uploads\/2018\/01\/schloss-tirol_peter-senoner-BOTANICALIRIOUS-001-Detail-c-705x470.jpg 705w, https:\/\/www.schlosstirol.it\/wp-content\/uploads\/2018\/01\/schloss-tirol_peter-senoner-BOTANICALIRIOUS-001-Detail-c-450x300.jpg 450w\" sizes=\"auto, (max-width: 1030px) 100vw, 1030px\" \/><\/div><\/a><a href=\"https:\/\/www.schlosstirol.it\/wp-content\/uploads\/2018\/01\/schloss-tirol_peter-senoner-Botanicalirious-01.jpg\" data-srcset=\"https:\/\/www.schlosstirol.it\/wp-content\/uploads\/2018\/01\/schloss-tirol_peter-senoner-Botanicalirious-01.jpg 534w, https:\/\/www.schlosstirol.it\/wp-content\/uploads\/2018\/01\/schloss-tirol_peter-senoner-Botanicalirious-01-200x300.jpg 200w, https:\/\/www.schlosstirol.it\/wp-content\/uploads\/2018\/01\/schloss-tirol_peter-senoner-Botanicalirious-01-471x705.jpg 471w, https:\/\/www.schlosstirol.it\/wp-content\/uploads\/2018\/01\/schloss-tirol_peter-senoner-Botanicalirious-01-450x674.jpg 450w\" data-sizes=\"(max-width: 534px) 100vw, 534px\" data-rel='gallery-4' data-prev-img='https:\/\/www.schlosstirol.it\/wp-content\/uploads\/2018\/01\/schloss-tirol_peter-senoner-Botanicalirious-01.jpg' class='first_thumb lightbox ' data-onclick='3' title=''  itemprop=\"thumbnailUrl\"  ><img decoding=\"async\" fetchpriority=\"high\" class=\"wp-image-999 avia-img-lazy-loading-not-999\"   src=\"https:\/\/www.schlosstirol.it\/wp-content\/uploads\/2018\/01\/schloss-tirol_peter-senoner-Botanicalirious-01-495x400.jpg\" width=\"495\" height=\"400\"  title='' alt='' srcset=\"https:\/\/www.schlosstirol.it\/wp-content\/uploads\/2018\/01\/schloss-tirol_peter-senoner-Botanicalirious-01-495x400.jpg 495w, https:\/\/www.schlosstirol.it\/wp-content\/uploads\/2018\/01\/schloss-tirol_peter-senoner-Botanicalirious-01-534x430.jpg 534w\" sizes=\"(max-width: 495px) 100vw, 495px\" \/><div class='big-prev-fake'><img decoding=\"async\" loading=\"lazy\" class=\"wp-image-999 avia-img-lazy-loading-999\"  width=\"534\" height=\"800\" src=\"https:\/\/www.schlosstirol.it\/wp-content\/uploads\/2018\/01\/schloss-tirol_peter-senoner-Botanicalirious-01.jpg\" title='' alt='' srcset=\"https:\/\/www.schlosstirol.it\/wp-content\/uploads\/2018\/01\/schloss-tirol_peter-senoner-Botanicalirious-01.jpg 534w, https:\/\/www.schlosstirol.it\/wp-content\/uploads\/2018\/01\/schloss-tirol_peter-senoner-Botanicalirious-01-200x300.jpg 200w, https:\/\/www.schlosstirol.it\/wp-content\/uploads\/2018\/01\/schloss-tirol_peter-senoner-Botanicalirious-01-471x705.jpg 471w, https:\/\/www.schlosstirol.it\/wp-content\/uploads\/2018\/01\/schloss-tirol_peter-senoner-Botanicalirious-01-450x674.jpg 450w\" sizes=\"auto, (max-width: 534px) 100vw, 534px\" \/><\/div><\/a><a href=\"https:\/\/www.schlosstirol.it\/wp-content\/uploads\/2018\/01\/schloss-tirol_peter-senoner-Botanicalirious-02.jpg\" data-srcset=\"https:\/\/www.schlosstirol.it\/wp-content\/uploads\/2018\/01\/schloss-tirol_peter-senoner-Botanicalirious-02.jpg 534w, https:\/\/www.schlosstirol.it\/wp-content\/uploads\/2018\/01\/schloss-tirol_peter-senoner-Botanicalirious-02-200x300.jpg 200w, https:\/\/www.schlosstirol.it\/wp-content\/uploads\/2018\/01\/schloss-tirol_peter-senoner-Botanicalirious-02-471x705.jpg 471w, https:\/\/www.schlosstirol.it\/wp-content\/uploads\/2018\/01\/schloss-tirol_peter-senoner-Botanicalirious-02-450x674.jpg 450w\" data-sizes=\"(max-width: 534px) 100vw, 534px\" data-rel='gallery-4' data-prev-img='https:\/\/www.schlosstirol.it\/wp-content\/uploads\/2018\/01\/schloss-tirol_peter-senoner-Botanicalirious-02.jpg' class='lightbox ' data-onclick='4' title=''  itemprop=\"thumbnailUrl\"  ><img decoding=\"async\" fetchpriority=\"high\" class=\"wp-image-1002 avia-img-lazy-loading-not-1002\"   src=\"https:\/\/www.schlosstirol.it\/wp-content\/uploads\/2018\/01\/schloss-tirol_peter-senoner-Botanicalirious-02-495x400.jpg\" width=\"495\" height=\"400\"  title='' alt='' srcset=\"https:\/\/www.schlosstirol.it\/wp-content\/uploads\/2018\/01\/schloss-tirol_peter-senoner-Botanicalirious-02-495x400.jpg 495w, https:\/\/www.schlosstirol.it\/wp-content\/uploads\/2018\/01\/schloss-tirol_peter-senoner-Botanicalirious-02-534x430.jpg 534w\" sizes=\"(max-width: 495px) 100vw, 495px\" \/><div class='big-prev-fake'><img decoding=\"async\" loading=\"lazy\" class=\"wp-image-1002 avia-img-lazy-loading-1002\"  width=\"534\" height=\"800\" src=\"https:\/\/www.schlosstirol.it\/wp-content\/uploads\/2018\/01\/schloss-tirol_peter-senoner-Botanicalirious-02.jpg\" title='' alt='' srcset=\"https:\/\/www.schlosstirol.it\/wp-content\/uploads\/2018\/01\/schloss-tirol_peter-senoner-Botanicalirious-02.jpg 534w, https:\/\/www.schlosstirol.it\/wp-content\/uploads\/2018\/01\/schloss-tirol_peter-senoner-Botanicalirious-02-200x300.jpg 200w, https:\/\/www.schlosstirol.it\/wp-content\/uploads\/2018\/01\/schloss-tirol_peter-senoner-Botanicalirious-02-471x705.jpg 471w, https:\/\/www.schlosstirol.it\/wp-content\/uploads\/2018\/01\/schloss-tirol_peter-senoner-Botanicalirious-02-450x674.jpg 450w\" sizes=\"auto, (max-width: 534px) 100vw, 534px\" \/><\/div><\/a><a href=\"https:\/\/www.schlosstirol.it\/wp-content\/uploads\/2018\/01\/schloss-tirol_peter-senoner-LUXS_Verona.jpg\" data-srcset=\"https:\/\/www.schlosstirol.it\/wp-content\/uploads\/2018\/01\/schloss-tirol_peter-senoner-LUXS_Verona.jpg 532w, https:\/\/www.schlosstirol.it\/wp-content\/uploads\/2018\/01\/schloss-tirol_peter-senoner-LUXS_Verona-200x300.jpg 200w, https:\/\/www.schlosstirol.it\/wp-content\/uploads\/2018\/01\/schloss-tirol_peter-senoner-LUXS_Verona-469x705.jpg 469w, https:\/\/www.schlosstirol.it\/wp-content\/uploads\/2018\/01\/schloss-tirol_peter-senoner-LUXS_Verona-450x677.jpg 450w\" data-sizes=\"(max-width: 532px) 100vw, 532px\" data-rel='gallery-4' data-prev-img='https:\/\/www.schlosstirol.it\/wp-content\/uploads\/2018\/01\/schloss-tirol_peter-senoner-LUXS_Verona.jpg' class='first_thumb lightbox ' data-onclick='5' title=''  itemprop=\"thumbnailUrl\"  ><img decoding=\"async\" fetchpriority=\"high\" class=\"wp-image-1011 avia-img-lazy-loading-not-1011\"   src=\"https:\/\/www.schlosstirol.it\/wp-content\/uploads\/2018\/01\/schloss-tirol_peter-senoner-LUXS_Verona-495x400.jpg\" width=\"495\" height=\"400\"  title='' alt='' srcset=\"https:\/\/www.schlosstirol.it\/wp-content\/uploads\/2018\/01\/schloss-tirol_peter-senoner-LUXS_Verona-495x400.jpg 495w, https:\/\/www.schlosstirol.it\/wp-content\/uploads\/2018\/01\/schloss-tirol_peter-senoner-LUXS_Verona-532x430.jpg 532w\" sizes=\"(max-width: 495px) 100vw, 495px\" \/><div class='big-prev-fake'><img decoding=\"async\" loading=\"lazy\" class=\"wp-image-1011 avia-img-lazy-loading-1011\"  width=\"532\" height=\"800\" src=\"https:\/\/www.schlosstirol.it\/wp-content\/uploads\/2018\/01\/schloss-tirol_peter-senoner-LUXS_Verona.jpg\" title='' alt='' srcset=\"https:\/\/www.schlosstirol.it\/wp-content\/uploads\/2018\/01\/schloss-tirol_peter-senoner-LUXS_Verona.jpg 532w, https:\/\/www.schlosstirol.it\/wp-content\/uploads\/2018\/01\/schloss-tirol_peter-senoner-LUXS_Verona-200x300.jpg 200w, https:\/\/www.schlosstirol.it\/wp-content\/uploads\/2018\/01\/schloss-tirol_peter-senoner-LUXS_Verona-469x705.jpg 469w, https:\/\/www.schlosstirol.it\/wp-content\/uploads\/2018\/01\/schloss-tirol_peter-senoner-LUXS_Verona-450x677.jpg 450w\" sizes=\"auto, (max-width: 532px) 100vw, 532px\" \/><\/div><\/a><a href=\"https:\/\/www.schlosstirol.it\/wp-content\/uploads\/2018\/01\/schloss-tirol_peter-senoner-Cor-108_b.jpg\" data-srcset=\"https:\/\/www.schlosstirol.it\/wp-content\/uploads\/2018\/01\/schloss-tirol_peter-senoner-Cor-108_b.jpg 655w, https:\/\/www.schlosstirol.it\/wp-content\/uploads\/2018\/01\/schloss-tirol_peter-senoner-Cor-108_b-246x300.jpg 246w, https:\/\/www.schlosstirol.it\/wp-content\/uploads\/2018\/01\/schloss-tirol_peter-senoner-Cor-108_b-577x705.jpg 577w, https:\/\/www.schlosstirol.it\/wp-content\/uploads\/2018\/01\/schloss-tirol_peter-senoner-Cor-108_b-450x550.jpg 450w\" data-sizes=\"(max-width: 655px) 100vw, 655px\" data-rel='gallery-4' data-prev-img='https:\/\/www.schlosstirol.it\/wp-content\/uploads\/2018\/01\/schloss-tirol_peter-senoner-Cor-108_b.jpg' class='lightbox ' data-onclick='6' title=''  itemprop=\"thumbnailUrl\"  ><img decoding=\"async\" fetchpriority=\"high\" class=\"wp-image-1005 avia-img-lazy-loading-not-1005\"   src=\"https:\/\/www.schlosstirol.it\/wp-content\/uploads\/2018\/01\/schloss-tirol_peter-senoner-Cor-108_b-495x400.jpg\" width=\"495\" height=\"400\"  title='' alt='' \/><div class='big-prev-fake'><img decoding=\"async\" loading=\"lazy\" class=\"wp-image-1005 avia-img-lazy-loading-1005\"  width=\"655\" height=\"800\" src=\"https:\/\/www.schlosstirol.it\/wp-content\/uploads\/2018\/01\/schloss-tirol_peter-senoner-Cor-108_b.jpg\" title='' alt='' srcset=\"https:\/\/www.schlosstirol.it\/wp-content\/uploads\/2018\/01\/schloss-tirol_peter-senoner-Cor-108_b.jpg 655w, https:\/\/www.schlosstirol.it\/wp-content\/uploads\/2018\/01\/schloss-tirol_peter-senoner-Cor-108_b-246x300.jpg 246w, https:\/\/www.schlosstirol.it\/wp-content\/uploads\/2018\/01\/schloss-tirol_peter-senoner-Cor-108_b-577x705.jpg 577w, https:\/\/www.schlosstirol.it\/wp-content\/uploads\/2018\/01\/schloss-tirol_peter-senoner-Cor-108_b-450x550.jpg 450w\" sizes=\"auto, (max-width: 655px) 100vw, 655px\" \/><\/div><\/a><a href=\"https:\/\/www.schlosstirol.it\/wp-content\/uploads\/2018\/01\/schloss-tirol_2017_BOTANICALIRIOUS-1-1030x687.jpg\" data-srcset=\"https:\/\/www.schlosstirol.it\/wp-content\/uploads\/2018\/01\/schloss-tirol_2017_BOTANICALIRIOUS-1.jpg 1030w, https:\/\/www.schlosstirol.it\/wp-content\/uploads\/2018\/01\/schloss-tirol_2017_BOTANICALIRIOUS-1-300x200.jpg 300w, https:\/\/www.schlosstirol.it\/wp-content\/uploads\/2018\/01\/schloss-tirol_2017_BOTANICALIRIOUS-1-768x512.jpg 768w, https:\/\/www.schlosstirol.it\/wp-content\/uploads\/2018\/01\/schloss-tirol_2017_BOTANICALIRIOUS-1-705x470.jpg 705w, https:\/\/www.schlosstirol.it\/wp-content\/uploads\/2018\/01\/schloss-tirol_2017_BOTANICALIRIOUS-1-450x300.jpg 450w\" data-sizes=\"(max-width: 1030px) 100vw, 1030px\" data-rel='gallery-4' data-prev-img='https:\/\/www.schlosstirol.it\/wp-content\/uploads\/2018\/01\/schloss-tirol_2017_BOTANICALIRIOUS-1.jpg' class='first_thumb lightbox ' data-onclick='7' title=''  itemprop=\"thumbnailUrl\"  ><img decoding=\"async\" fetchpriority=\"high\" class=\"wp-image-1490 avia-img-lazy-loading-not-1490\"   src=\"https:\/\/www.schlosstirol.it\/wp-content\/uploads\/2018\/01\/schloss-tirol_2017_BOTANICALIRIOUS-1-495x400.jpg\" width=\"495\" height=\"400\"  title='' alt='' srcset=\"https:\/\/www.schlosstirol.it\/wp-content\/uploads\/2018\/01\/schloss-tirol_2017_BOTANICALIRIOUS-1-495x400.jpg 495w, https:\/\/www.schlosstirol.it\/wp-content\/uploads\/2018\/01\/schloss-tirol_2017_BOTANICALIRIOUS-1-845x684.jpg 845w\" sizes=\"(max-width: 495px) 100vw, 495px\" \/><div class='big-prev-fake'><img decoding=\"async\" loading=\"lazy\" class=\"wp-image-1490 avia-img-lazy-loading-1490\"  width=\"1030\" height=\"687\" src=\"https:\/\/www.schlosstirol.it\/wp-content\/uploads\/2018\/01\/schloss-tirol_2017_BOTANICALIRIOUS-1.jpg\" title='' alt='' srcset=\"https:\/\/www.schlosstirol.it\/wp-content\/uploads\/2018\/01\/schloss-tirol_2017_BOTANICALIRIOUS-1.jpg 1030w, https:\/\/www.schlosstirol.it\/wp-content\/uploads\/2018\/01\/schloss-tirol_2017_BOTANICALIRIOUS-1-300x200.jpg 300w, https:\/\/www.schlosstirol.it\/wp-content\/uploads\/2018\/01\/schloss-tirol_2017_BOTANICALIRIOUS-1-768x512.jpg 768w, https:\/\/www.schlosstirol.it\/wp-content\/uploads\/2018\/01\/schloss-tirol_2017_BOTANICALIRIOUS-1-705x470.jpg 705w, https:\/\/www.schlosstirol.it\/wp-content\/uploads\/2018\/01\/schloss-tirol_2017_BOTANICALIRIOUS-1-450x300.jpg 450w\" sizes=\"auto, (max-width: 1030px) 100vw, 1030px\" \/><\/div><\/a><a href=\"https:\/\/www.schlosstirol.it\/wp-content\/uploads\/2018\/01\/schloss-tirol_2017_BOTANICALIRIOUS-2.jpg\" data-srcset=\"https:\/\/www.schlosstirol.it\/wp-content\/uploads\/2018\/01\/schloss-tirol_2017_BOTANICALIRIOUS-2.jpg 533w, https:\/\/www.schlosstirol.it\/wp-content\/uploads\/2018\/01\/schloss-tirol_2017_BOTANICALIRIOUS-2-200x300.jpg 200w, https:\/\/www.schlosstirol.it\/wp-content\/uploads\/2018\/01\/schloss-tirol_2017_BOTANICALIRIOUS-2-470x705.jpg 470w, https:\/\/www.schlosstirol.it\/wp-content\/uploads\/2018\/01\/schloss-tirol_2017_BOTANICALIRIOUS-2-450x675.jpg 450w\" data-sizes=\"(max-width: 533px) 100vw, 533px\" data-rel='gallery-4' data-prev-img='https:\/\/www.schlosstirol.it\/wp-content\/uploads\/2018\/01\/schloss-tirol_2017_BOTANICALIRIOUS-2.jpg' class='lightbox ' data-onclick='8' title=''  itemprop=\"thumbnailUrl\"  ><img decoding=\"async\" fetchpriority=\"high\" class=\"wp-image-1493 avia-img-lazy-loading-not-1493\"   src=\"https:\/\/www.schlosstirol.it\/wp-content\/uploads\/2018\/01\/schloss-tirol_2017_BOTANICALIRIOUS-2-495x400.jpg\" width=\"495\" height=\"400\"  title='' alt='' srcset=\"https:\/\/www.schlosstirol.it\/wp-content\/uploads\/2018\/01\/schloss-tirol_2017_BOTANICALIRIOUS-2-495x400.jpg 495w, https:\/\/www.schlosstirol.it\/wp-content\/uploads\/2018\/01\/schloss-tirol_2017_BOTANICALIRIOUS-2-533x430.jpg 533w\" sizes=\"(max-width: 495px) 100vw, 495px\" \/><div class='big-prev-fake'><img decoding=\"async\" loading=\"lazy\" class=\"wp-image-1493 avia-img-lazy-loading-1493\"  width=\"533\" height=\"800\" src=\"https:\/\/www.schlosstirol.it\/wp-content\/uploads\/2018\/01\/schloss-tirol_2017_BOTANICALIRIOUS-2.jpg\" title='' alt='' srcset=\"https:\/\/www.schlosstirol.it\/wp-content\/uploads\/2018\/01\/schloss-tirol_2017_BOTANICALIRIOUS-2.jpg 533w, https:\/\/www.schlosstirol.it\/wp-content\/uploads\/2018\/01\/schloss-tirol_2017_BOTANICALIRIOUS-2-200x300.jpg 200w, https:\/\/www.schlosstirol.it\/wp-content\/uploads\/2018\/01\/schloss-tirol_2017_BOTANICALIRIOUS-2-470x705.jpg 470w, https:\/\/www.schlosstirol.it\/wp-content\/uploads\/2018\/01\/schloss-tirol_2017_BOTANICALIRIOUS-2-450x675.jpg 450w\" sizes=\"auto, (max-width: 533px) 100vw, 533px\" \/><\/div><\/a><\/div><\/div><\/div>\n<style type=\"text\/css\" data-created_by=\"avia_inline_auto\" id=\"style-css-av-244hj-276da835f04b799643cf3440d413d95b\">\n.flex_column.av-244hj-276da835f04b799643cf3440d413d95b{\nborder-radius:0px 0px 0px 0px;\npadding:30px 0 30px 0;\n}\n<\/style>\n<div  class='flex_column av-244hj-276da835f04b799643cf3440d413d95b av_two_third  avia-builder-el-22  el_after_av_one_third  avia-builder-el-last  flex_column_div  '     ><p>\n<style type=\"text\/css\" data-created_by=\"avia_inline_auto\" id=\"style-css-av-11etb-ab9bf1d7675a38397bf492cc385794ac\">\n#top .av-special-heading.av-11etb-ab9bf1d7675a38397bf492cc385794ac{\npadding-bottom:20px;\n}\nbody .av-special-heading.av-11etb-ab9bf1d7675a38397bf492cc385794ac .av-special-heading-tag .heading-char{\nfont-size:25px;\n}\n.av-special-heading.av-11etb-ab9bf1d7675a38397bf492cc385794ac .av-subheading{\nfont-size:21px;\n}\n<\/style>\n<div  class='av-special-heading av-11etb-ab9bf1d7675a38397bf492cc385794ac av-special-heading-h2 blockquote modern-quote  avia-builder-el-23  el_before_av_textblock  avia-builder-el-first '><h2 class='av-special-heading-tag '  itemprop=\"headline\"  >Peter Senoner &#8211; BOTANICALIRIOUS<\/h2><div class='av-subheading av-subheading_below'><p>07.10.2017 &#8211; 26.08.2018<\/p>\n<\/div><div class=\"special-heading-border\"><div class=\"special-heading-inner-border\"><\/div><\/div><\/div><br \/>\n<section  class='av_textblock_section av-noaj-58695de57e44df49c70bc360fc2059cb '   itemscope=\"itemscope\" itemtype=\"https:\/\/schema.org\/CreativeWork\" ><div class='avia_textblock'  itemprop=\"text\" ><p><a href=\"http:\/\/www.petersenoner.com\/\" target=\"_blank\" rel=\"noopener\">Peter Senoner<\/a> ist, sei es als Zeichner, sei es als Bildhauer, ein K\u00f6rperbesessener. Und er ist, sei es als Zeichner, sei es als Bildhauer, ein K\u00fcnstler der Hybridit\u00e4t. Beide Begriffe stehen gegenw\u00e4rtig im Zentrum heftig gef\u00fchrter Debatten. Radikale Positionen des Posthumanismus streben unter dem Schlagwort \u201eCyborgisierung des Menschen\u201c eine \u00dcberwindung des als mangelhaft empfundenen K\u00f6rpers an und sehen darin den n\u00e4chsten gro\u00dfen Zivilisationssprung, Kritiker sehen in einem fortschreitend entk\u00f6rperten Selbst den K\u00f6rper selbst verschwinden.<\/p>\n<p>Fr\u00fch, fast prophetisch fr\u00fch, hat Peter Senoner sich mit der Digitalmoderne und den Biotechniken auseinandergesetzt. Als er seine hybriden K\u00f6rperskulpturen zu Anfang des neuen Jahrtausends erstmals \u00f6ffentlich ausstellte, wirkten sie noch wie Science-Fiction-Utopien, heute ist offensichtlich, dass es ebenso Gesch\u00f6pfe der Fiktion wie der gesellschaftlichen Wirklichkeit sind.<\/p>\n<p>Am Anfang von Peter Senoners k\u00fcnstlerischer Entwicklung stehen jedoch nicht diese Diskurse, sondern eine geradezu manische Obsession f\u00fcr den menschlichen K\u00f6rper. Umgesetzt hat er diese Manie zun\u00e4chst im Medium Zeichnung. Anthony Gormley, einer seiner Lehrer an der M\u00fcnchner Akademie, verschaffte ihm ein eigenes Modell, mit dem er lebensgro\u00dfe Aktzeichnungen auf Papier anfertigte. Zugleich bastelte er Maschinenobjekte, die seiner zweiten Obsession \u2013 der f\u00fcr Bewegung und automatisierte Abl\u00e4ufe \u2013 Ausdruck verliehen.<\/p>\n<p>Die Verschmelzung beider Obsessionen gelang im Material Holz und paradoxerweise an einem Ort, der am wenigsten verd\u00e4chtig ist f\u00fcr die altehrw\u00fcrdige Kunst der Holzbildhauerei und deren schwerbl\u00fctige Verbundenheit mit der Heimaterde: in New York. In der Welthauptstadt der internationalen Kunst findet er zum Material aus der v\u00e4terlichen Werkstatt zur\u00fcck. Die Gr\u00fcnde waren alles andere als nostalgischer Natur. Holz war in der von Kunststoffen aller Art dominierten Kunstwelt ein Alleinstellungsmerkmal, es war authentisch und es erlaubte die formale Pr\u00e4zision, die auch seinen peniblen Zeichnungen eigen ist.<\/p>\n<p>Die Attribute seiner Mensch\/Maschine-Figurationen, ihre technoiden Verwachsungen am Kopf \u2013 alle seine Skulpturen sind Kopf-K\u00f6rper, s\u00e4mtliche weiteren K\u00f6rperfunktionen scheinen wie bei den Cyborgs \u00fcberfl\u00fcssig zu sein \u2013, ihre Geschlechtslosigkeit, ihre radikale Verweigerung humanistisch gepr\u00e4gter Identit\u00e4t antizipieren k\u00fcnftige Wirklichkeiten, die in den Life- und Cyberscience bereits Gestalt annehmen. Der m\u00e4chtige COR, der auf einem f\u00fcnf Meter hohen Drahtseil-Sockel vor Schloss Tirol auf Meran hinabschaut, verharrt in einem Schwellenstadium zwischen humanem und posthumanem K\u00f6rper, einem Kippmoment des Nicht-Mehr und des Noch-Nicht.<\/p>\n<p><strong>Die Zeichnungen<\/strong><\/p>\n<p>Hybridit\u00e4t und seine \u00e4ltere Schwester, die Metamorphose, sind auch das grundlegende k\u00fcnstlerische Konzept von Peter Senoners Zeichnungen. Die sieben gro\u00dfformatigen (250 x 125 cm) Arbeiten im Bergfried von Schloss Tirol sind, wie schon der Titel \u201eBotanicalirious\u201c (eine Kombination aus Botanical und Delirious) ausdr\u00fcckt, Hybride in sich. Im Unterschied zu seinen Skulpturen verschmilzt er auf den Zeichnungen nicht Mensch und Maschine, sondern l\u00e4sst Mensch und Pflanze verwachsen.<\/p>\n<p>Der Ausgangspunkt sind klassische Aktzeichnungen. Wie in seiner Studienzeit zeichnet er ganz akademisch am Modell, danach geht er ins Freie und sucht eine Pflanze, einen Zweig oder eine Bl\u00fcte, die er in virtuoser Detailtreue mit dem gezeichneten K\u00f6rper kombiniert. Die K\u00f6rper beherrschen den Bildraum, doch die akribisch ausgef\u00fchrten Umrisslinien tendieren zur Formaufl\u00f6sung. Sie \u00fcberschneiden, mischen, \u00fcberlagern, \u00fcberzeichnen sich gegenseitig zu K\u00f6rpern \u00fcber K\u00f6rper \u00fcber K\u00f6rper. Sie schweben in einer Welt ohne Perspektive, werden von sich selbst \u00fcberflutete Gestalten, die in einem best\u00e4ndigen Taumel ihre Gestalt \u00e4ndern. Es gibt kein Oben und kein Unten, die K\u00f6rper springen hin und her, verweigern sich jeder Statik.<br \/>\nUn\u00fcbersehbar spiegeln diese analogen K\u00f6rper den digitalen Strudel virtueller Welten. Hinter jedem Bild tut sich wie auf einem Bildschirm ein weiteres Bild auf. Wie ein Interface verbinden die Zeichnungen das ortlose digitale Orientierungsgef\u00fchl, in dem keine Setzung abschlie\u00dfend ist und Inhalte fortw\u00e4hrend den Kontext wechseln, mit der physischen Welt.<\/p>\n<p>Im Kontrast zur polymorphen K\u00f6rperwelt, die mit einem Bein im Virtuellen steht, beharrt die Pflanzenwelt auf ihrer sinnlich klaren Pr\u00e4senz. Es ist dieses Changieren zwischen materieller Dichte, Leerzonen \u2013 ganze Partien bleiben unbearbeitet \u2013 zeichnerisch scharf notierten Details und malerisch fl\u00fcchtiger Lavierung, das den Bildern ihre Spannung verleiht.<\/p>\n<p>Formal handelt es sich um Zeichnungen \u2013 Senoner verwendet nichts au\u00dfer Graphit \u2013, doch auch als Zeichner n\u00e4hert er sich der Bildhauerei an. Ganze Partien der Bildoberfl\u00e4che sind mit Schleifpapier behandelt, was sie rau, schrundig und von turbulenter Materialit\u00e4t macht. Hybridit\u00e4t schl\u00e4gt auch in der bildhauerischen Methode des Zeichnens durch. Dieser Idee Form zu geben \u2013 darum geht es in Peter Senoners Zeichnungen.<\/p>\n<p>Heinrich Schwazer<\/p>\n<p>Nach der Winterpause des Landesmuseums wird man auch diese Ausstellung wieder besichtigen k\u00f6nnen, von 15.03. bis 26.08.2018.<\/p>\n<\/div><\/section><\/p><\/div>\n\n<div  class='avia-button-wrap avia-button-center  avia-builder-el-25  el_after_av_section  avia-builder-el-last '>\n<style type=\"text\/css\" data-created_by=\"avia_inline_auto\" id=\"style-css-av-jlxtewdk-1eecd86b3e70274c4abac37fa6a7c9fc\">\n#top #wrap_all .avia-button.av-jlxtewdk-1eecd86b3e70274c4abac37fa6a7c9fc{\ncolor:#ffffff;\ntransition:all 0.4s ease-in-out;\n}\n#top #wrap_all .avia-button.av-jlxtewdk-1eecd86b3e70274c4abac37fa6a7c9fc:hover{\ncolor:#ffffff;\ntransition:all 0.4s ease-in-out;\n}\n#top #wrap_all .avia-button.av-jlxtewdk-1eecd86b3e70274c4abac37fa6a7c9fc .avia-svg-icon svg:first-child{\nfill:#ffffff;\nstroke:#ffffff;\n}\n#top #wrap_all .avia-button.av-jlxtewdk-1eecd86b3e70274c4abac37fa6a7c9fc:hover .avia-svg-icon svg:first-child{\nfill:#ffffff;\nstroke:#ffffff;\n}\n<\/style>\n<a href='' class='avia-color-theme-color avia-button avia-button-fullwidth av-jlxtewdk-1eecd86b3e70274c4abac37fa6a7c9fc avia-icon_select-yes-left-icon avia-color-theme-color'   aria-label=\"AUSSTELLUNGEN ARCHIV\"><span class='avia_button_icon avia_button_icon_left avia-svg-icon avia-font-svg_entypo-fontello' data-av_svg_icon='archive' data-av_iconset='svg_entypo-fontello'><svg version=\"1.1\" xmlns=\"http:\/\/www.w3.org\/2000\/svg\" width=\"31\" height=\"32\" viewBox=\"0 0 31 32\" preserveAspectRatio=\"xMidYMid meet\" aria-labelledby='av-svg-title-1' aria-describedby='av-svg-desc-1' role=\"graphics-symbol\">\n<title id='av-svg-title-1'>Archive<\/title>\n<desc id='av-svg-desc-1'>Archive<\/desc>\n<path d=\"M26.88 8v1.6h-22.272v-1.6q0-0.704 0.416-1.12t0.8-0.48h19.456q0.192 0 0.448 0.032t0.704 0.448 0.448 1.12zM22.144 3.2q0.192 0 0.448 0.032t0.704 0.448 0.448 1.12h-15.936q0-0.704 0.416-1.12t0.8-0.48h13.12zM30.080 9.6q1.088 1.024 1.216 1.472 0.192 0.576 0 1.728l-2.432 14.4q-0.128 0.704-0.64 1.12t-0.896 0.48h-22.72q-1.664 0-1.92-1.6-0.192-0.832-1.248-7.136t-1.248-7.264q-0.32-0.704-0.096-1.408t0.32-0.832 0.672-0.64l1.28-1.28v2.56h26.752v-2.56zM22.144 18.24v-3.2h-2.24v2.56h-8.32v-2.56h-2.176v3.2q0 1.6 1.536 1.6h9.6q0.704 0 1.12-0.384t0.416-0.768z\"><\/path>\n<\/svg><\/span><span class='avia_iconbox_title' >AUSSTELLUNGEN ARCHIV<\/span><span class='avia_button_background avia-button avia-button-fullwidth avia-color-theme-color-highlight'><\/span><\/a><\/div>\n","protected":false},"excerpt":{"rendered":"","protected":false},"author":1,"featured_media":2293,"comment_status":"closed","ping_status":"closed","template":"","meta":{"footnotes":""},"tags":[],"portfolio_entries":[123],"class_list":["post-3443","portfolio","type-portfolio","status-publish","has-post-thumbnail","hentry","portfolio_entries-ausstellungen-2018"],"yoast_head":"<!-- This site is optimized with the Yoast SEO plugin v27.5 - https:\/\/yoast.com\/product\/yoast-seo-wordpress\/ -->\n<title>Ausstellungen 2018 - Castle Tyrol - South Tyrolean Museum of Culture<\/title>\n<meta name=\"description\" content=\"Schloss Tirol Ausstellungen 2018\" \/>\n<meta name=\"robots\" content=\"index, follow, max-snippet:-1, max-image-preview:large, max-video-preview:-1\" \/>\n<link rel=\"canonical\" href=\"https:\/\/www.schlosstirol.it\/en\/south-tyrolean-museum\/ausstellungen-2018\/\" \/>\n<meta property=\"og:locale\" content=\"en_US\" \/>\n<meta property=\"og:type\" content=\"article\" \/>\n<meta property=\"og:title\" content=\"Ausstellungen 2018 - Castle Tyrol - South Tyrolean Museum of Culture\" \/>\n<meta property=\"og:description\" content=\"Schloss Tirol Ausstellungen 2018\" \/>\n<meta property=\"og:url\" content=\"https:\/\/www.schlosstirol.it\/en\/south-tyrolean-museum\/ausstellungen-2018\/\" \/>\n<meta property=\"og:site_name\" content=\"Castle Tyrol - South Tyrolean Museum of Culture\" \/>\n<meta property=\"article:publisher\" content=\"https:\/\/www.facebook.com\/schlosstirol.casteltirolo\" \/>\n<meta property=\"article:modified_time\" content=\"2019-01-30T10:32:56+00:00\" \/>\n<meta property=\"og:image\" content=\"https:\/\/www.schlosstirol.it\/wp-content\/uploads\/2018\/09\/schloss-tirol_fridericus-IMG_5230.jpg\" \/>\n\t<meta property=\"og:image:width\" content=\"1030\" \/>\n\t<meta property=\"og:image:height\" content=\"687\" \/>\n\t<meta property=\"og:image:type\" content=\"image\/jpeg\" \/>\n<meta name=\"twitter:card\" content=\"summary_large_image\" \/>\n<meta name=\"twitter:label1\" content=\"Est. reading time\" \/>\n\t<meta name=\"twitter:data1\" content=\"17 minutes\" \/>\n<script type=\"application\/ld+json\" class=\"yoast-schema-graph\">{\"@context\":\"https:\\\/\\\/schema.org\",\"@graph\":[{\"@type\":\"WebPage\",\"@id\":\"https:\\\/\\\/www.schlosstirol.it\\\/en\\\/south-tyrolean-museum\\\/ausstellungen-2018\\\/\",\"url\":\"https:\\\/\\\/www.schlosstirol.it\\\/en\\\/south-tyrolean-museum\\\/ausstellungen-2018\\\/\",\"name\":\"Ausstellungen 2018 - Castle Tyrol - South Tyrolean Museum of Culture\",\"isPartOf\":{\"@id\":\"https:\\\/\\\/www.schlosstirol.it\\\/en\\\/#website\"},\"primaryImageOfPage\":{\"@id\":\"https:\\\/\\\/www.schlosstirol.it\\\/en\\\/south-tyrolean-museum\\\/ausstellungen-2018\\\/#primaryimage\"},\"image\":{\"@id\":\"https:\\\/\\\/www.schlosstirol.it\\\/en\\\/south-tyrolean-museum\\\/ausstellungen-2018\\\/#primaryimage\"},\"thumbnailUrl\":\"https:\\\/\\\/www.schlosstirol.it\\\/wp-content\\\/uploads\\\/2018\\\/09\\\/schloss-tirol_fridericus-IMG_5230.jpg\",\"datePublished\":\"2019-01-30T10:24:02+00:00\",\"dateModified\":\"2019-01-30T10:32:56+00:00\",\"description\":\"Schloss Tirol Ausstellungen 2018\",\"breadcrumb\":{\"@id\":\"https:\\\/\\\/www.schlosstirol.it\\\/en\\\/south-tyrolean-museum\\\/ausstellungen-2018\\\/#breadcrumb\"},\"inLanguage\":\"en-US\",\"potentialAction\":[{\"@type\":\"ReadAction\",\"target\":[\"https:\\\/\\\/www.schlosstirol.it\\\/en\\\/south-tyrolean-museum\\\/ausstellungen-2018\\\/\"]}]},{\"@type\":\"ImageObject\",\"inLanguage\":\"en-US\",\"@id\":\"https:\\\/\\\/www.schlosstirol.it\\\/en\\\/south-tyrolean-museum\\\/ausstellungen-2018\\\/#primaryimage\",\"url\":\"https:\\\/\\\/www.schlosstirol.it\\\/wp-content\\\/uploads\\\/2018\\\/09\\\/schloss-tirol_fridericus-IMG_5230.jpg\",\"contentUrl\":\"https:\\\/\\\/www.schlosstirol.it\\\/wp-content\\\/uploads\\\/2018\\\/09\\\/schloss-tirol_fridericus-IMG_5230.jpg\",\"width\":1030,\"height\":687,\"caption\":\"Fridericus Dux Austriae Ausstellungen 2018\"},{\"@type\":\"BreadcrumbList\",\"@id\":\"https:\\\/\\\/www.schlosstirol.it\\\/en\\\/south-tyrolean-museum\\\/ausstellungen-2018\\\/#breadcrumb\",\"itemListElement\":[{\"@type\":\"ListItem\",\"position\":1,\"name\":\"Startseite\",\"item\":\"https:\\\/\\\/www.schlosstirol.it\\\/en\\\/castle-tyrol\\\/\"},{\"@type\":\"ListItem\",\"position\":2,\"name\":\"Ausstellungen 2018\"}]},{\"@type\":\"WebSite\",\"@id\":\"https:\\\/\\\/www.schlosstirol.it\\\/en\\\/#website\",\"url\":\"https:\\\/\\\/www.schlosstirol.it\\\/en\\\/\",\"name\":\"Castle Tyrol - South Tyrolean Museum of Culture\",\"description\":\"South Tyrolean Museum of Culture and Provincial History\",\"publisher\":{\"@id\":\"https:\\\/\\\/www.schlosstirol.it\\\/en\\\/#organization\"},\"potentialAction\":[{\"@type\":\"SearchAction\",\"target\":{\"@type\":\"EntryPoint\",\"urlTemplate\":\"https:\\\/\\\/www.schlosstirol.it\\\/en\\\/?s={search_term_string}\"},\"query-input\":{\"@type\":\"PropertyValueSpecification\",\"valueRequired\":true,\"valueName\":\"search_term_string\"}}],\"inLanguage\":\"en-US\"},{\"@type\":\"Organization\",\"@id\":\"https:\\\/\\\/www.schlosstirol.it\\\/en\\\/#organization\",\"name\":\"Castle Tyrol\",\"url\":\"https:\\\/\\\/www.schlosstirol.it\\\/en\\\/\",\"logo\":{\"@type\":\"ImageObject\",\"inLanguage\":\"en-US\",\"@id\":\"https:\\\/\\\/www.schlosstirol.it\\\/en\\\/#\\\/schema\\\/logo\\\/image\\\/\",\"url\":\"https:\\\/\\\/www.schlosstirol.it\\\/wp-content\\\/uploads\\\/2018\\\/09\\\/schloss-tirol_logo-impressum.png\",\"contentUrl\":\"https:\\\/\\\/www.schlosstirol.it\\\/wp-content\\\/uploads\\\/2018\\\/09\\\/schloss-tirol_logo-impressum.png\",\"width\":1030,\"height\":687,\"caption\":\"Castle Tyrol\"},\"image\":{\"@id\":\"https:\\\/\\\/www.schlosstirol.it\\\/en\\\/#\\\/schema\\\/logo\\\/image\\\/\"},\"sameAs\":[\"https:\\\/\\\/www.facebook.com\\\/schlosstirol.casteltirolo\"]}]}<\/script>\n<!-- \/ Yoast SEO plugin. -->","yoast_head_json":{"title":"Ausstellungen 2018 - Castle Tyrol - South Tyrolean Museum of Culture","description":"Schloss Tirol Ausstellungen 2018","robots":{"index":"index","follow":"follow","max-snippet":"max-snippet:-1","max-image-preview":"max-image-preview:large","max-video-preview":"max-video-preview:-1"},"canonical":"https:\/\/www.schlosstirol.it\/en\/south-tyrolean-museum\/ausstellungen-2018\/","og_locale":"en_US","og_type":"article","og_title":"Ausstellungen 2018 - Castle Tyrol - South Tyrolean Museum of Culture","og_description":"Schloss Tirol Ausstellungen 2018","og_url":"https:\/\/www.schlosstirol.it\/en\/south-tyrolean-museum\/ausstellungen-2018\/","og_site_name":"Castle Tyrol - South Tyrolean Museum of Culture","article_publisher":"https:\/\/www.facebook.com\/schlosstirol.casteltirolo","article_modified_time":"2019-01-30T10:32:56+00:00","og_image":[{"width":1030,"height":687,"url":"https:\/\/www.schlosstirol.it\/wp-content\/uploads\/2018\/09\/schloss-tirol_fridericus-IMG_5230.jpg","type":"image\/jpeg"}],"twitter_card":"summary_large_image","twitter_misc":{"Est. reading time":"17 minutes"},"schema":{"@context":"https:\/\/schema.org","@graph":[{"@type":"WebPage","@id":"https:\/\/www.schlosstirol.it\/en\/south-tyrolean-museum\/ausstellungen-2018\/","url":"https:\/\/www.schlosstirol.it\/en\/south-tyrolean-museum\/ausstellungen-2018\/","name":"Ausstellungen 2018 - Castle Tyrol - South Tyrolean Museum of Culture","isPartOf":{"@id":"https:\/\/www.schlosstirol.it\/en\/#website"},"primaryImageOfPage":{"@id":"https:\/\/www.schlosstirol.it\/en\/south-tyrolean-museum\/ausstellungen-2018\/#primaryimage"},"image":{"@id":"https:\/\/www.schlosstirol.it\/en\/south-tyrolean-museum\/ausstellungen-2018\/#primaryimage"},"thumbnailUrl":"https:\/\/www.schlosstirol.it\/wp-content\/uploads\/2018\/09\/schloss-tirol_fridericus-IMG_5230.jpg","datePublished":"2019-01-30T10:24:02+00:00","dateModified":"2019-01-30T10:32:56+00:00","description":"Schloss Tirol Ausstellungen 2018","breadcrumb":{"@id":"https:\/\/www.schlosstirol.it\/en\/south-tyrolean-museum\/ausstellungen-2018\/#breadcrumb"},"inLanguage":"en-US","potentialAction":[{"@type":"ReadAction","target":["https:\/\/www.schlosstirol.it\/en\/south-tyrolean-museum\/ausstellungen-2018\/"]}]},{"@type":"ImageObject","inLanguage":"en-US","@id":"https:\/\/www.schlosstirol.it\/en\/south-tyrolean-museum\/ausstellungen-2018\/#primaryimage","url":"https:\/\/www.schlosstirol.it\/wp-content\/uploads\/2018\/09\/schloss-tirol_fridericus-IMG_5230.jpg","contentUrl":"https:\/\/www.schlosstirol.it\/wp-content\/uploads\/2018\/09\/schloss-tirol_fridericus-IMG_5230.jpg","width":1030,"height":687,"caption":"Fridericus Dux Austriae Ausstellungen 2018"},{"@type":"BreadcrumbList","@id":"https:\/\/www.schlosstirol.it\/en\/south-tyrolean-museum\/ausstellungen-2018\/#breadcrumb","itemListElement":[{"@type":"ListItem","position":1,"name":"Startseite","item":"https:\/\/www.schlosstirol.it\/en\/castle-tyrol\/"},{"@type":"ListItem","position":2,"name":"Ausstellungen 2018"}]},{"@type":"WebSite","@id":"https:\/\/www.schlosstirol.it\/en\/#website","url":"https:\/\/www.schlosstirol.it\/en\/","name":"Castle Tyrol - South Tyrolean Museum of Culture","description":"South Tyrolean Museum of Culture and Provincial History","publisher":{"@id":"https:\/\/www.schlosstirol.it\/en\/#organization"},"potentialAction":[{"@type":"SearchAction","target":{"@type":"EntryPoint","urlTemplate":"https:\/\/www.schlosstirol.it\/en\/?s={search_term_string}"},"query-input":{"@type":"PropertyValueSpecification","valueRequired":true,"valueName":"search_term_string"}}],"inLanguage":"en-US"},{"@type":"Organization","@id":"https:\/\/www.schlosstirol.it\/en\/#organization","name":"Castle Tyrol","url":"https:\/\/www.schlosstirol.it\/en\/","logo":{"@type":"ImageObject","inLanguage":"en-US","@id":"https:\/\/www.schlosstirol.it\/en\/#\/schema\/logo\/image\/","url":"https:\/\/www.schlosstirol.it\/wp-content\/uploads\/2018\/09\/schloss-tirol_logo-impressum.png","contentUrl":"https:\/\/www.schlosstirol.it\/wp-content\/uploads\/2018\/09\/schloss-tirol_logo-impressum.png","width":1030,"height":687,"caption":"Castle Tyrol"},"image":{"@id":"https:\/\/www.schlosstirol.it\/en\/#\/schema\/logo\/image\/"},"sameAs":["https:\/\/www.facebook.com\/schlosstirol.casteltirolo"]}]}},"_links":{"self":[{"href":"https:\/\/www.schlosstirol.it\/en\/wp-json\/wp\/v2\/portfolio\/3443","targetHints":{"allow":["GET"]}}],"collection":[{"href":"https:\/\/www.schlosstirol.it\/en\/wp-json\/wp\/v2\/portfolio"}],"about":[{"href":"https:\/\/www.schlosstirol.it\/en\/wp-json\/wp\/v2\/types\/portfolio"}],"author":[{"embeddable":true,"href":"https:\/\/www.schlosstirol.it\/en\/wp-json\/wp\/v2\/users\/1"}],"replies":[{"embeddable":true,"href":"https:\/\/www.schlosstirol.it\/en\/wp-json\/wp\/v2\/comments?post=3443"}],"version-history":[{"count":0,"href":"https:\/\/www.schlosstirol.it\/en\/wp-json\/wp\/v2\/portfolio\/3443\/revisions"}],"wp:featuredmedia":[{"embeddable":true,"href":"https:\/\/www.schlosstirol.it\/en\/wp-json\/wp\/v2\/media\/2293"}],"wp:attachment":[{"href":"https:\/\/www.schlosstirol.it\/en\/wp-json\/wp\/v2\/media?parent=3443"}],"wp:term":[{"taxonomy":"post_tag","embeddable":true,"href":"https:\/\/www.schlosstirol.it\/en\/wp-json\/wp\/v2\/tags?post=3443"},{"taxonomy":"portfolio_entries","embeddable":true,"href":"https:\/\/www.schlosstirol.it\/en\/wp-json\/wp\/v2\/portfolio_entries?post=3443"}],"curies":[{"name":"wp","href":"https:\/\/api.w.org\/{rel}","templated":true}]}}