{"id":8270,"date":"2021-12-09T15:12:16","date_gmt":"2021-12-09T14:12:16","guid":{"rendered":"https:\/\/www.schlosstirol.it\/?post_type=portfolio&#038;p=8270"},"modified":"2022-01-20T09:43:50","modified_gmt":"2022-01-20T08:43:50","slug":"die-wallfahrt-nach-rom-pilgerabzeichen-paulus","status":"publish","type":"portfolio","link":"https:\/\/www.schlosstirol.it\/en\/south-tyrolean-museum\/die-wallfahrt-nach-rom-pilgerabzeichen-paulus\/","title":{"rendered":"68 \/ Die Wallfahrt nach Rom \u2013 Pilgerabzeichen Paulus"},"content":{"rendered":"\n<style type=\"text\/css\" data-created_by=\"avia_inline_auto\" id=\"style-css-av-1nhdpq-da387439447aec0054ca3407aaa3ed05\">\n.avia-section.av-1nhdpq-da387439447aec0054ca3407aaa3ed05{\nbackground-color:#000000;\nbackground-image:unset;\n}\n<\/style>\n<div id='av_section_1'  class='avia-section av-1nhdpq-da387439447aec0054ca3407aaa3ed05 main_color avia-section-default avia-no-border-styling  avia-builder-el-0  avia-builder-el-no-sibling  avia-bg-style-scroll container_wrap fullsize'  ><div class='container av-section-cont-open' ><main  role=\"main\" itemprop=\"mainContentOfPage\"  class='template-page content  av-content-full alpha units'><div class='post-entry post-entry-type-page post-entry-8270'><div class='entry-content-wrapper clearfix'>\n\n<style type=\"text\/css\" data-created_by=\"avia_inline_auto\" id=\"style-css-av-e9vu1a-7c2bf0450593d197bcf424c75d899b24\">\n#top .hr.hr-invisible.av-e9vu1a-7c2bf0450593d197bcf424c75d899b24{\nheight:120px;\n}\n<\/style>\n<div  class='hr av-e9vu1a-7c2bf0450593d197bcf424c75d899b24 hr-invisible  avia-builder-el-1  el_before_av_button_big  avia-builder-el-no-sibling  av-medium-hide av-small-hide av-mini-hide'><span class='hr-inner '><span class=\"hr-inner-style\"><\/span><\/span><\/div>\n<div  class='avia-button-wrap avia-button-center  avia-builder-el-2  el_after_av_hr  el_before_av_hr '>\n<style type=\"text\/css\" data-created_by=\"avia_inline_auto\" id=\"style-css-av-cxzq4u-e25c032b25b758907e76d5c02e5962bd\">\n#top #wrap_all .avia-button.av-cxzq4u-e25c032b25b758907e76d5c02e5962bd{\nbackground-color:#222222;\nborder-color:#222222;\ntransition:all 0.4s ease-in-out;\n}\n#top #wrap_all .avia-button.av-cxzq4u-e25c032b25b758907e76d5c02e5962bd:hover{\ncolor:white;\ntransition:all 0.4s ease-in-out;\n}\n#top #wrap_all .avia-button.av-cxzq4u-e25c032b25b758907e76d5c02e5962bd:hover .avia-svg-icon svg:first-child{\nfill:white;\nstroke:white;\n}\n<\/style>\n<a href='https:\/\/www.schlosstirol.it\/it\/la-collezione\/' class='avia-font-color-theme-color avia-button avia-button-fullwidth av-cxzq4u-e25c032b25b758907e76d5c02e5962bd avia-icon_select-yes-left-icon avia-color-custom'   aria-label=\"SAMMLUNG\"><span class='avia_button_icon avia_button_icon_left avia-svg-icon avia-font-svg_entypo-fontello' data-av_svg_icon='book' data-av_iconset='svg_entypo-fontello'><svg version=\"1.1\" xmlns=\"http:\/\/www.w3.org\/2000\/svg\" width=\"22\" height=\"32\" viewBox=\"0 0 22 32\" preserveAspectRatio=\"xMidYMid meet\" aria-labelledby='av-svg-title-1' aria-describedby='av-svg-desc-1' role=\"graphics-symbol\">\n<title id='av-svg-title-1'>Book<\/title>\n<desc id='av-svg-desc-1'>Book<\/desc>\n<path d=\"M21.824 8.192q0.576 0.256 0.576 0.896v17.984q0 0.448-0.384 0.8t-0.896 0.352q-1.472 0-1.472-1.152v-16.704q0-0.384-0.384-0.576l-12.928-6.912q-1.024-0.32-2.176 0.32-1.408 0.64-1.792 1.408l13.056 7.296q0.576 0.256 0.576 0.896v17.6q0 0.704-0.576 0.896-0.192 0.128-0.512 0.128-0.448 0-0.64-0.128-0.256-0.192-6.464-4.064t-6.784-4.192q-0.832-0.576-0.832-1.088l-0.192-16.768q0-0.896 0.448-1.664 0.896-1.472 3.264-2.464t3.712-0.288z\"><\/path>\n<\/svg><\/span><span class='avia_iconbox_title' >SAMMLUNG<\/span><span class='avia_button_background avia-button avia-button-fullwidth avia-color-theme-color-highlight'><\/span><\/a><\/div>\n\n<style type=\"text\/css\" data-created_by=\"avia_inline_auto\" id=\"style-css-av-b4w6um-9b49b2d48974c33d8e23776e0ff3112f\">\n#top .hr.hr-invisible.av-b4w6um-9b49b2d48974c33d8e23776e0ff3112f{\nheight:30px;\n}\n<\/style>\n<div  class='hr av-b4w6um-9b49b2d48974c33d8e23776e0ff3112f hr-invisible  avia-builder-el-3  el_after_av_button_big  el_before_av_one_fourth  avia-builder-el-first '><span class='hr-inner '><span class=\"hr-inner-style\"><\/span><\/span><\/div>\n\n<style type=\"text\/css\" data-created_by=\"avia_inline_auto\" id=\"style-css-av-9r8upq-7d7af3d79ca55b17f2b84ed91f12e906\">\n.flex_column.av-9r8upq-7d7af3d79ca55b17f2b84ed91f12e906{\nborder-radius:0px 0px 0px 0px;\npadding:0px 0px 0px 0px;\n}\n<\/style>\n<div  class='flex_column av-9r8upq-7d7af3d79ca55b17f2b84ed91f12e906 av_one_fourth  avia-builder-el-4  el_after_av_hr  el_before_av_one_half  first flex_column_div av-zero-column-padding  '     ><style type=\"text\/css\" data-created_by=\"avia_inline_auto\" id=\"style-css-av-kwz1fz6q-66b7179d6f2c36cd75f3f9ead37ae427\">\n#top .avia-gallery.av-kwz1fz6q-66b7179d6f2c36cd75f3f9ead37ae427 .avia-gallery-thumb a{\nwidth:100%;\n}\n<\/style>\n<div  class='avia-gallery av-kwz1fz6q-66b7179d6f2c36cd75f3f9ead37ae427 avia_animate_when_visible  avia-builder-el-5  avia-builder-el-no-sibling  deactivate_avia_lazyload avia-gallery-animate avia-gallery-1'  itemprop=\"image\" itemscope=\"itemscope\" itemtype=\"https:\/\/schema.org\/ImageObject\" ><meta itemprop=\"contentURL\" content=\"https:\/\/www.schlosstirol.it\/en\/south-tyrolean-museum\/die-wallfahrt-nach-rom-pilgerabzeichen-paulus\/\"><div class='avia-gallery-thumb'><a href=\"https:\/\/www.schlosstirol.it\/wp-content\/uploads\/2021\/12\/068_LG_0017_HlPaulus_RomStPeter_13Jh_SLDA_1_\u00a9JP2020.jpg\" data-srcset=\"https:\/\/www.schlosstirol.it\/wp-content\/uploads\/2021\/12\/068_LG_0017_HlPaulus_RomStPeter_13Jh_SLDA_1_\u00a9JP2020.jpg 275w, https:\/\/www.schlosstirol.it\/wp-content\/uploads\/2021\/12\/068_LG_0017_HlPaulus_RomStPeter_13Jh_SLDA_1_\u00a9JP2020-103x300.jpg 103w, https:\/\/www.schlosstirol.it\/wp-content\/uploads\/2021\/12\/068_LG_0017_HlPaulus_RomStPeter_13Jh_SLDA_1_\u00a9JP2020-242x705.jpg 242w\" data-sizes=\"(max-width: 275px) 100vw, 275px\" data-rel='gallery-1' data-prev-img='https:\/\/www.schlosstirol.it\/wp-content\/uploads\/2021\/12\/068_LG_0017_HlPaulus_RomStPeter_13Jh_SLDA_1_\u00a9JP2020.jpg' class='first_thumb lightbox ' data-onclick='1' title='068_LG_0017_HlPaulus_RomStPeter_13Jh_SLDA_1_\u00a9JP2020'  itemprop=\"thumbnailUrl\"  ><img decoding=\"async\" fetchpriority=\"high\" class=\"wp-image-8272 avia-img-lazy-loading-not-8272\"   src=\"https:\/\/www.schlosstirol.it\/wp-content\/uploads\/2021\/12\/068_LG_0017_HlPaulus_RomStPeter_13Jh_SLDA_1_\u00a9JP2020.jpg\" width=\"275\" height=\"800\"  title='068_LG_0017_HlPaulus_RomStPeter_13Jh_SLDA_1_\u00a9JP2020' alt='' srcset=\"https:\/\/www.schlosstirol.it\/wp-content\/uploads\/2021\/12\/068_LG_0017_HlPaulus_RomStPeter_13Jh_SLDA_1_\u00a9JP2020.jpg 275w, https:\/\/www.schlosstirol.it\/wp-content\/uploads\/2021\/12\/068_LG_0017_HlPaulus_RomStPeter_13Jh_SLDA_1_\u00a9JP2020-103x300.jpg 103w, https:\/\/www.schlosstirol.it\/wp-content\/uploads\/2021\/12\/068_LG_0017_HlPaulus_RomStPeter_13Jh_SLDA_1_\u00a9JP2020-242x705.jpg 242w\" sizes=\"(max-width: 275px) 100vw, 275px\" \/><div class='big-prev-fake'><img decoding=\"async\" loading=\"lazy\" class=\"wp-image-8272 avia-img-lazy-loading-8272\"  width=\"275\" height=\"800\" src=\"https:\/\/www.schlosstirol.it\/wp-content\/uploads\/2021\/12\/068_LG_0017_HlPaulus_RomStPeter_13Jh_SLDA_1_\u00a9JP2020.jpg\" title='068_LG_0017_HlPaulus_RomStPeter_13Jh_SLDA_1_\u00a9JP2020' alt='' srcset=\"https:\/\/www.schlosstirol.it\/wp-content\/uploads\/2021\/12\/068_LG_0017_HlPaulus_RomStPeter_13Jh_SLDA_1_\u00a9JP2020.jpg 275w, https:\/\/www.schlosstirol.it\/wp-content\/uploads\/2021\/12\/068_LG_0017_HlPaulus_RomStPeter_13Jh_SLDA_1_\u00a9JP2020-103x300.jpg 103w, https:\/\/www.schlosstirol.it\/wp-content\/uploads\/2021\/12\/068_LG_0017_HlPaulus_RomStPeter_13Jh_SLDA_1_\u00a9JP2020-242x705.jpg 242w\" sizes=\"auto, (max-width: 275px) 100vw, 275px\" \/><\/div><\/a><a href=\"https:\/\/www.schlosstirol.it\/wp-content\/uploads\/2021\/12\/068_LG_0017_HlPaulus_RomStPeter_13Jh_SLDA_2_\u00a9JP2020.jpg\" data-srcset=\"https:\/\/www.schlosstirol.it\/wp-content\/uploads\/2021\/12\/068_LG_0017_HlPaulus_RomStPeter_13Jh_SLDA_2_\u00a9JP2020.jpg 275w, https:\/\/www.schlosstirol.it\/wp-content\/uploads\/2021\/12\/068_LG_0017_HlPaulus_RomStPeter_13Jh_SLDA_2_\u00a9JP2020-103x300.jpg 103w, https:\/\/www.schlosstirol.it\/wp-content\/uploads\/2021\/12\/068_LG_0017_HlPaulus_RomStPeter_13Jh_SLDA_2_\u00a9JP2020-242x705.jpg 242w\" data-sizes=\"(max-width: 275px) 100vw, 275px\" data-rel='gallery-1' data-prev-img='https:\/\/www.schlosstirol.it\/wp-content\/uploads\/2021\/12\/068_LG_0017_HlPaulus_RomStPeter_13Jh_SLDA_2_\u00a9JP2020.jpg' class='first_thumb lightbox ' data-onclick='2' title='068_LG_0017_HlPaulus_RomStPeter_13Jh_SLDA_2_\u00a9JP2020'  itemprop=\"thumbnailUrl\"  ><img decoding=\"async\" fetchpriority=\"high\" class=\"wp-image-8275 avia-img-lazy-loading-not-8275\"   src=\"https:\/\/www.schlosstirol.it\/wp-content\/uploads\/2021\/12\/068_LG_0017_HlPaulus_RomStPeter_13Jh_SLDA_2_\u00a9JP2020.jpg\" width=\"275\" height=\"800\"  title='068_LG_0017_HlPaulus_RomStPeter_13Jh_SLDA_2_\u00a9JP2020' alt='' srcset=\"https:\/\/www.schlosstirol.it\/wp-content\/uploads\/2021\/12\/068_LG_0017_HlPaulus_RomStPeter_13Jh_SLDA_2_\u00a9JP2020.jpg 275w, https:\/\/www.schlosstirol.it\/wp-content\/uploads\/2021\/12\/068_LG_0017_HlPaulus_RomStPeter_13Jh_SLDA_2_\u00a9JP2020-103x300.jpg 103w, https:\/\/www.schlosstirol.it\/wp-content\/uploads\/2021\/12\/068_LG_0017_HlPaulus_RomStPeter_13Jh_SLDA_2_\u00a9JP2020-242x705.jpg 242w\" sizes=\"(max-width: 275px) 100vw, 275px\" \/><div class='big-prev-fake'><img decoding=\"async\" loading=\"lazy\" class=\"wp-image-8275 avia-img-lazy-loading-8275\"  width=\"275\" height=\"800\" src=\"https:\/\/www.schlosstirol.it\/wp-content\/uploads\/2021\/12\/068_LG_0017_HlPaulus_RomStPeter_13Jh_SLDA_2_\u00a9JP2020.jpg\" title='068_LG_0017_HlPaulus_RomStPeter_13Jh_SLDA_2_\u00a9JP2020' alt='' srcset=\"https:\/\/www.schlosstirol.it\/wp-content\/uploads\/2021\/12\/068_LG_0017_HlPaulus_RomStPeter_13Jh_SLDA_2_\u00a9JP2020.jpg 275w, https:\/\/www.schlosstirol.it\/wp-content\/uploads\/2021\/12\/068_LG_0017_HlPaulus_RomStPeter_13Jh_SLDA_2_\u00a9JP2020-103x300.jpg 103w, https:\/\/www.schlosstirol.it\/wp-content\/uploads\/2021\/12\/068_LG_0017_HlPaulus_RomStPeter_13Jh_SLDA_2_\u00a9JP2020-242x705.jpg 242w\" sizes=\"auto, (max-width: 275px) 100vw, 275px\" \/><\/div><\/a><\/div><\/div><\/div>\n<style type=\"text\/css\" data-created_by=\"avia_inline_auto\" id=\"style-css-av-tpx6m-3126188880bad624d6609d63ede13e32\">\n.flex_column.av-tpx6m-3126188880bad624d6609d63ede13e32{\nborder-radius:0px 0px 0px 0px;\npadding:30px 0 30px 0;\n}\n<\/style>\n<div  class='flex_column av-tpx6m-3126188880bad624d6609d63ede13e32 av_one_half  avia-builder-el-6  el_after_av_one_fourth  el_before_av_one_fourth  flex_column_div  '     ><p>\n<style type=\"text\/css\" data-created_by=\"avia_inline_auto\" id=\"style-css-av-kwz17uz2-8573f12cc8c5f0a000772d3bd8383d0d\">\n#top .av-special-heading.av-kwz17uz2-8573f12cc8c5f0a000772d3bd8383d0d{\npadding-bottom:20px;\ncolor:#ffffff;\n}\nbody .av-special-heading.av-kwz17uz2-8573f12cc8c5f0a000772d3bd8383d0d .av-special-heading-tag .heading-char{\nfont-size:25px;\n}\n.av-special-heading.av-kwz17uz2-8573f12cc8c5f0a000772d3bd8383d0d .special-heading-inner-border{\nborder-color:#ffffff;\n}\n.av-special-heading.av-kwz17uz2-8573f12cc8c5f0a000772d3bd8383d0d .av-subheading{\nfont-size:21px;\n}\n<\/style>\n<div  class='av-special-heading av-kwz17uz2-8573f12cc8c5f0a000772d3bd8383d0d av-special-heading-h2 custom-color-heading blockquote modern-quote  avia-builder-el-7  el_before_av_textblock  avia-builder-el-first '><h2 class='av-special-heading-tag '  itemprop=\"headline\"  >Die Wallfahrt nach Rom \u2013 Pilgerabzeichen Paulus<\/h2><div class='av_custom_color av-subheading av-subheading_below'><p>13. Jh.<\/p>\n<\/div><div class=\"special-heading-border\"><div class=\"special-heading-inner-border\"><\/div><\/div><\/div><br \/>\n\n<style type=\"text\/css\" data-created_by=\"avia_inline_auto\" id=\"style-css-av-kwz17mi4-2ebda68dcca4fcf0895d0775f3dff135\">\n#top .av_textblock_section.av-kwz17mi4-2ebda68dcca4fcf0895d0775f3dff135 .avia_textblock{\ncolor:#e1e1e1;\n}\n<\/style>\n<section  class='av_textblock_section av-kwz17mi4-2ebda68dcca4fcf0895d0775f3dff135 '   itemscope=\"itemscope\" itemtype=\"https:\/\/schema.org\/CreativeWork\" ><div class='avia_textblock av_inherit_color'  itemprop=\"text\" ><p>Neben Jerusalem und Santiago de Compostela z\u00e4hlte Rom mit dem Apostelgrab des hl.\u00a0Petrus zu den vornehmsten Wallfahrtsorten des Mittelalters. Als Pilgerandenken erwarben die Rompilger aus Elfenbein gefertigte Plaketten der hl. Apostel Petrus und Paulus, die man an der Kleidung, vorwiegend an der Krempe des Pilgerhutes befestigen konnte. Die Romwallfahrt nahm mit dem Heiligen Jahr 1300 einen Aufschwung, brach dann im Avignoneser Exil der P\u00e4pste zusammen und erholte sich erst wieder gegen 1400.<\/p>\n<p>Bei Kirchengrabungen wurden in S\u00fcdtirol je eine Petrus- (Vinschgau; LMST Inv.-Nr. LG\u00a018) und eine Paulusfigur (Unterland) aus geschnitztem Bein gefunden.<\/p>\n<p>Diese Figur ist besch\u00e4digt, wird durch das Schwert als Attribut jedoch als hl.\u00a0Paulus identifiziert. Die Figur d\u00fcrfte urspr\u00fcnglich stehend mit einer Bodenplatte und einer Hintergrundfl\u00e4che aufgebaut gewesen sein \u2013 und mit einem entsprechenden hl. Petrus. Reste von roter Bemalung und Vergoldung deuten auf eine farbige Fassung.<\/p>\n<p>Wahrscheinlich lange als geweihte und wirkm\u00e4chtige Segenszeichen geehrt, wurde die besch\u00e4digte Figur bei Umbauarbeiten an der Kirche unter einem neuen Fu\u00dfboden eingebaut oder \u201ebestattet\u201c.<\/p>\n<\/div><\/section><br \/>\n\n<style type=\"text\/css\" data-created_by=\"avia_inline_auto\" id=\"style-css-av-64n7ge-a8b78b46cb9d236424d3bb099a4b3ba9\">\n#top .hr.hr-invisible.av-64n7ge-a8b78b46cb9d236424d3bb099a4b3ba9{\nheight:40px;\n}\n<\/style>\n<div  class='hr av-64n7ge-a8b78b46cb9d236424d3bb099a4b3ba9 hr-invisible  avia-builder-el-9  el_after_av_textblock  el_before_av_icon_box '><span class='hr-inner '><span class=\"hr-inner-style\"><\/span><\/span><\/div><br \/>\n\n<style type=\"text\/css\" data-created_by=\"avia_inline_auto\" id=\"style-css-av-kwz1atg7-c22bca5435202371f9b789529b8d2e2e\">\n.iconbox.av-kwz1atg7-c22bca5435202371f9b789529b8d2e2e .iconbox_icon{\nbackground-color:#333333;\ncolor:#ffffff;\n}\n.iconbox.av-kwz1atg7-c22bca5435202371f9b789529b8d2e2e .iconbox_icon.avia-svg-icon svg:first-child{\nfill:#ffffff;\nstroke:#ffffff;\n}\n#top #wrap_all .iconbox.av-kwz1atg7-c22bca5435202371f9b789529b8d2e2e .iconbox_content_title{\nfont-size:14px;\ncolor:#ffffff;\n}\n.iconbox.av-kwz1atg7-c22bca5435202371f9b789529b8d2e2e .iconbox_content_container{\nfont-size:16px;\ncolor:#919191;\n}\n<\/style>\n<article  id=\"literatur\"  class='iconbox iconbox_top av-kwz1atg7-c22bca5435202371f9b789529b8d2e2e  avia-builder-el-10  el_after_av_hr  el_before_av_social_share  literatur main_color'  itemscope=\"itemscope\" itemtype=\"https:\/\/schema.org\/CreativeWork\" ><div class=\"iconbox_content\"><header class=\"entry-content-header\" aria-label=\"Icon: Literatur\"><div class='iconbox_icon heading-color avia-svg-icon avia-font-svg_entypo-fontello' data-av_svg_icon='feather' data-av_iconset='svg_entypo-fontello' ><svg version=\"1.1\" xmlns=\"http:\/\/www.w3.org\/2000\/svg\" width=\"22\" height=\"32\" viewBox=\"0 0 22 32\" preserveAspectRatio=\"xMidYMid meet\" aria-labelledby='av-svg-title-2' aria-describedby='av-svg-desc-2' role=\"graphics-symbol\">\n<title id='av-svg-title-2'>Feather<\/title>\n<desc id='av-svg-desc-2'>Feather<\/desc>\n<path d=\"M1.92 31.616q-0.192 0.64-0.832 0.256-0.576-0.256-0.512-1.088 0.128-3.2 1.6-7.232-3.2-4.928-1.664-10.112 0.32 1.024 1.024 2.496t1.408 2.56 1.024 0.96q0.256-0.128 0-2.656t-0.352-5.312 0.8-5.024q0.704-1.408 2.56-3.008t3.328-2.24q-0.768 1.472-1.056 3.008t-0.128 2.496 0.672 1.024q0.384 0 2.688-3.84t3.392-3.904q1.472-0.128 3.648 0.928t2.624 2.080q0.384 0.768 0 2.528t-1.28 2.656q-1.408 1.408-4.672 1.984t-3.648 0.768q-0.512 0.32 0.384 1.088 1.728 1.536 5.632 0.64-1.792 2.56-4.352 3.648t-4.224 1.216-1.728 0.32q-0.128 0.768 1.568 1.728t3.232 0.448q-0.96 1.792-2.016 2.688t-1.728 1.12-2.432 0.352-2.72 0.256z\"><\/path>\n<\/svg><\/div><h3 class='iconbox_content_title literatur-title'  itemprop=\"headline\" >Literatur<\/h3><\/header><div class='iconbox_content_container av_inherit_color'  itemprop=\"text\" ><p style=\"text-align: left;\">Karl GRUBER\/Hans NOTHDURFTER, Vor-Romanik in S\u00fcdtirol, Bozen 2017, S. 164\u2013165, bes. S. 165.<\/p>\n<p style=\"text-align: left;\">Hans NOTHDURFTER, Die Pfarrkirche St. Blasius in Truden, in: Gemeinde Truden (Hg.), Truden, Truden 2005, S. 119\u2013159, bes. S. 150.<\/p>\n<\/div><\/div><footer class=\"entry-footer\"><\/footer><\/article><br \/>\n<div  class='av-social-sharing-box av-4skgcu-7ed158f161940cab79931a50be888513 av-social-sharing-box-default  avia-builder-el-11  el_after_av_icon_box  avia-builder-el-last  av-social-sharing-box-fullwidth'><div class=\"av-share-box\"><h5 class='av-share-link-description av-no-toc '>Eintrag teilen<\/h5><ul class=\"av-share-box-list noLightbox\"><li class='av-share-link av-social-link-facebook avia_social_svg_icon avia-svg-icon avia-font-svg_entypo-fontello' ><a target=\"_blank\" aria-label=\"Share on Facebook\" href='https:\/\/www.facebook.com\/sharer.php?u=https:\/\/www.schlosstirol.it\/en\/south-tyrolean-museum\/die-wallfahrt-nach-rom-pilgerabzeichen-paulus\/&#038;t=68%20%2F%20Die%20Wallfahrt%20nach%20Rom%20%E2%80%93%20Pilgerabzeichen%20Paulus' data-av_svg_icon='facebook' data-av_iconset='svg_entypo-fontello' title='' data-avia-related-tooltip='Share on Facebook'><svg version=\"1.1\" xmlns=\"http:\/\/www.w3.org\/2000\/svg\" width=\"16\" height=\"32\" viewBox=\"0 0 16 32\" preserveAspectRatio=\"xMidYMid meet\" aria-labelledby='av-svg-title-3' aria-describedby='av-svg-desc-3' role=\"graphics-symbol\">\n<title id='av-svg-title-3'>Facebook<\/title>\n<desc id='av-svg-desc-3'>Facebook<\/desc>\n<path d=\"M16 6.592h-4.544q-0.448 0-0.8 0.48t-0.352 1.184v3.264h5.696v4.736h-5.696v14.144h-5.44v-14.144h-4.864v-4.736h4.864v-2.752q0-3.008 1.888-5.088t4.704-2.080h4.544v4.992z\"><\/path>\n<\/svg><span class='avia_hidden_link_text'>Share on Facebook<\/span><\/a><\/li><li class='av-share-link av-social-link-twitter avia_social_svg_icon avia-svg-icon avia-font-svg_entypo-fontello' ><a target=\"_blank\" aria-label=\"Share on X\" href='https:\/\/twitter.com\/share?text=68%20%2F%20Die%20Wallfahrt%20nach%20Rom%20%E2%80%93%20Pilgerabzeichen%20Paulus&#038;url=https:\/\/www.schlosstirol.it\/en\/?p=8270' data-av_svg_icon='x-twitter' data-av_iconset='svg_entypo-fontello' title='' data-avia-related-tooltip='Share on X'><svg version=\"1.1\" xmlns=\"http:\/\/www.w3.org\/2000\/svg\" width=\"32\" height=\"32\" viewBox=\"0 0 32 32\" preserveAspectRatio=\"xMidYMid meet\" aria-labelledby='av-svg-title-4' aria-describedby='av-svg-desc-4' role=\"graphics-symbol\">\n<title id='av-svg-title-4'>X-twitter<\/title>\n<desc id='av-svg-desc-4'>X-twitter<\/desc>\n<path d=\"M24.32 3.008h4.416l-9.632 11.008 11.328 14.976h-8.864l-6.976-9.088-7.936 9.088h-4.416l10.304-11.776-10.88-14.208h9.12l6.272 8.288 7.264-8.288zM22.784 26.368h2.432l-15.776-20.864h-2.624l15.968 20.864z\"><\/path>\n<\/svg><span class='avia_hidden_link_text'>Share on X<\/span><\/a><\/li><li class='av-share-link av-social-link-whatsapp avia_social_svg_icon avia-svg-icon avia-font-svg_entypo-fontello' ><a target=\"_blank\" aria-label=\"Share on WhatsApp\" href='https:\/\/api.whatsapp.com\/send?text=https:\/\/www.schlosstirol.it\/en\/south-tyrolean-museum\/die-wallfahrt-nach-rom-pilgerabzeichen-paulus\/' data-av_svg_icon='whatsapp' data-av_iconset='svg_entypo-fontello' title='' data-avia-related-tooltip='Share on WhatsApp'><svg version=\"1.1\" xmlns=\"http:\/\/www.w3.org\/2000\/svg\" width=\"27\" height=\"32\" viewBox=\"0 0 27 32\" preserveAspectRatio=\"xMidYMid meet\" aria-labelledby='av-svg-title-5' aria-describedby='av-svg-desc-5' role=\"graphics-symbol\">\n<title id='av-svg-title-5'>Whatsapp<\/title>\n<desc id='av-svg-desc-5'>Whatsapp<\/desc>\n<path d=\"M17.6 17.376q0.224 0 1.728 0.8t1.6 0.96q0.032 0.064 0.032 0.256 0 0.576-0.288 1.344-0.288 0.704-1.28 1.184t-1.824 0.48q-1.024 0-3.392-1.12-1.76-0.8-3.040-2.112t-2.624-3.296q-1.312-1.92-1.28-3.456v-0.16q0.064-1.6 1.312-2.816 0.448-0.384 0.928-0.384 0.128 0 0.32 0.032t0.352 0.032q0.352 0 0.48 0.096t0.256 0.512q0.16 0.352 0.608 1.568t0.448 1.312q0 0.384-0.608 1.056t-0.64 0.832q0 0.096 0.096 0.256 0.608 1.312 1.824 2.432 0.992 0.96 2.688 1.824 0.224 0.128 0.416 0.128 0.256 0 0.96-0.864t0.928-0.896zM13.952 26.848q2.272 0 4.352-0.896t3.584-2.368 2.4-3.584 0.896-4.352-0.896-4.352-2.4-3.584-3.584-2.4-4.352-0.896-4.32 0.896-3.584 2.4-2.4 3.584-0.896 4.352q0 3.616 2.144 6.56l-1.408 4.16 4.32-1.376q2.816 1.856 6.144 1.856zM13.952 2.176q2.752 0 5.248 1.088t4.288 2.848 2.88 4.32 1.056 5.216-1.056 5.216-2.88 4.288-4.288 2.88-5.248 1.088q-3.456 0-6.496-1.696l-7.456 2.4 2.432-7.232q-1.92-3.168-1.92-6.944 0-2.752 1.056-5.216t2.88-4.32 4.288-2.848 5.216-1.088z\"><\/path>\n<\/svg><span class='avia_hidden_link_text'>Share on WhatsApp<\/span><\/a><\/li><li class='av-share-link av-social-link-mail avia_social_svg_icon avia-svg-icon avia-font-svg_entypo-fontello' ><a  aria-label=\"Share by Mail\" href='mailto:?subject=68%20%2F%20Die%20Wallfahrt%20nach%20Rom%20%E2%80%93%20Pilgerabzeichen%20Paulus&#038;body=https:\/\/www.schlosstirol.it\/en\/south-tyrolean-museum\/die-wallfahrt-nach-rom-pilgerabzeichen-paulus\/' data-av_svg_icon='mail' data-av_iconset='svg_entypo-fontello' title='' data-avia-related-tooltip='Share by Mail'><svg version=\"1.1\" xmlns=\"http:\/\/www.w3.org\/2000\/svg\" width=\"29\" height=\"32\" viewBox=\"0 0 29 32\" preserveAspectRatio=\"xMidYMid meet\" aria-labelledby='av-svg-title-6' aria-describedby='av-svg-desc-6' role=\"graphics-symbol\">\n<title id='av-svg-title-6'>Mail<\/title>\n<desc id='av-svg-desc-6'>Mail<\/desc>\n<path d=\"M0.96 8.448q-1.024-0.576-0.896-1.28 0.064-0.448 0.832-0.448h27.072q1.216 0 0.64 1.024-0.256 0.448-0.768 0.704-0.448 0.192-6.144 3.264t-5.824 3.136q-0.512 0.32-1.472 0.32-0.896 0-1.472-0.32-0.128-0.064-5.824-3.136t-6.144-3.264zM28.16 11.648q0.64-0.32 0.64 0.32v11.776q0 0.512-0.544 1.024t-1.056 0.512h-25.6q-0.512 0-1.056-0.512t-0.544-1.024v-11.776q0-0.64 0.64-0.32l12.288 6.4q0.576 0.32 1.472 0.32t1.472-0.32z\"><\/path>\n<\/svg><span class='avia_hidden_link_text'>Share by Mail<\/span><\/a><\/li><li class='av-share-link av-social-link-instagram avia_social_svg_icon avia-svg-icon avia-font-svg_entypo-fontello' ><a target=\"_blank\" aria-label=\"Link to Instagram\" href='https:\/\/www.instagram.com\/schlosstirol_casteltirolo\/' data-av_svg_icon='instagram-1' data-av_iconset='svg_entypo-fontello' title='' data-avia-related-tooltip='Link to Instagram'><svg version=\"1.1\" xmlns=\"http:\/\/www.w3.org\/2000\/svg\" width=\"27\" height=\"32\" viewBox=\"0 0 27 32\" preserveAspectRatio=\"xMidYMid meet\" aria-labelledby='av-svg-title-7' aria-describedby='av-svg-desc-7' role=\"graphics-symbol\">\n<title id='av-svg-title-7'>Instagram-1<\/title>\n<desc id='av-svg-desc-7'>Instagram-1<\/desc>\n<path d=\"M18.272 16q0-1.888-1.312-3.232t-3.232-1.344-3.232 1.344-1.344 3.232 1.344 3.232 3.232 1.344 3.232-1.344 1.312-3.232zM20.736 16q0 2.912-2.048 4.992t-4.96 2.048-4.992-2.048-2.048-4.992 2.048-4.992 4.992-2.048 4.96 2.048 2.048 4.992zM22.688 8.672q0 0.672-0.48 1.152t-1.184 0.48-1.152-0.48-0.48-1.152 0.48-1.152 1.152-0.48 1.184 0.48 0.48 1.152zM13.728 4.736q-0.128 0-1.376 0t-1.888 0-1.728 0.064-1.824 0.16-1.28 0.352q-0.896 0.352-1.568 1.024t-1.056 1.568q-0.192 0.512-0.32 1.28t-0.192 1.856-0.032 1.696 0 1.888 0 1.376 0 1.376 0 1.888 0.032 1.696 0.192 1.856 0.32 1.28q0.384 0.896 1.056 1.568t1.568 1.024q0.512 0.192 1.28 0.352t1.824 0.16 1.728 0.064 1.888 0 1.376 0 1.344 0 1.888 0 1.728-0.064 1.856-0.16 1.248-0.352q0.896-0.352 1.6-1.024t1.024-1.568q0.192-0.512 0.32-1.28t0.192-1.856 0.032-1.696 0-1.888 0-1.376 0-1.376 0-1.888-0.032-1.696-0.192-1.856-0.32-1.28q-0.352-0.896-1.024-1.568t-1.6-1.024q-0.512-0.192-1.248-0.352t-1.856-0.16-1.728-0.064-1.888 0-1.344 0zM27.424 16q0 4.096-0.096 5.664-0.16 3.712-2.208 5.76t-5.728 2.208q-1.6 0.096-5.664 0.096t-5.664-0.096q-3.712-0.192-5.76-2.208t-2.208-5.76q-0.096-1.568-0.096-5.664t0.096-5.664q0.16-3.712 2.208-5.76t5.76-2.208q1.568-0.096 5.664-0.096t5.664 0.096q3.712 0.192 5.728 2.208t2.208 5.76q0.096 1.568 0.096 5.664z\"><\/path>\n<\/svg><span class='avia_hidden_link_text'>Link to Instagram<\/span><\/a><\/li><\/ul><\/div><\/div><\/p><\/div>\n<style type=\"text\/css\" data-created_by=\"avia_inline_auto\" id=\"style-css-av-2w6e3i-2c0388f9e6a3d5963bfca46c0db60570\">\n.flex_column.av-2w6e3i-2c0388f9e6a3d5963bfca46c0db60570{\nborder-radius:0px 0px 0px 0px;\npadding:0px 0px 0px 0px;\n}\n<\/style>\n<div  class='flex_column av-2w6e3i-2c0388f9e6a3d5963bfca46c0db60570 av_one_fourth  avia-builder-el-12  el_after_av_one_half  avia-builder-el-last  flex_column_div av-zero-column-padding  '     ><style type=\"text\/css\" data-created_by=\"avia_inline_auto\" id=\"style-css-av-kwz19doc-74ad373873bbaae72a23493a6013407e\">\n#top .avia-icon-list-container.av-kwz19doc-74ad373873bbaae72a23493a6013407e .iconlist_icon{\nbackground-color:#333333;\n}\n#top #wrap_all .avia-icon-list-container.av-kwz19doc-74ad373873bbaae72a23493a6013407e .av_iconlist_title{\nfont-size:14px;\n}\n.avia-icon-list-container.av-kwz19doc-74ad373873bbaae72a23493a6013407e .iconlist_content{\nfont-size:18px;\n}\n<\/style>\n<div  class='avia-icon-list-container av-kwz19doc-74ad373873bbaae72a23493a6013407e  avia-builder-el-13  avia-builder-el-no-sibling '><ul class='avia-icon-list avia_animate_when_almost_visible avia-icon-list-left av-iconlist-big av-kwz19doc-74ad373873bbaae72a23493a6013407e avia-iconlist-animate'>\n<li><div class='iconlist_icon av-kwz1akuj-c6520d26014cc8ea14efa9d1be6ebb2d avia-font-svg_entypo-fontello avia-svg-icon avia-font-svg_entypo-fontello'><span class='av-icon-char' data-av_svg_icon='location' data-av_iconset='svg_entypo-fontello'><svg version=\"1.1\" xmlns=\"http:\/\/www.w3.org\/2000\/svg\" width=\"16\" height=\"32\" viewBox=\"0 0 16 32\" preserveAspectRatio=\"xMidYMid meet\" aria-labelledby='av-svg-title-8' aria-describedby='av-svg-desc-8' role=\"graphics-symbol\" aria-hidden=\"true\">\n<title id='av-svg-title-8'>Location<\/title>\n<desc id='av-svg-desc-8'>Location<\/desc>\n<path d=\"M8 3.2q3.328 0 5.664 2.336t2.336 5.664q0 3.392-1.984 7.776t-4.032 7.136l-1.984 2.688q-0.32-0.384-0.864-1.12t-1.92-2.848-2.432-4.16-1.92-4.704-0.864-4.768q0-3.328 2.336-5.664t5.664-2.336zM8 15.616q1.792 0 3.072-1.28t1.28-3.072-1.28-3.040-3.072-1.248-3.040 1.248-1.248 3.040 1.248 3.072 3.040 1.28z\"><\/path>\n<\/svg><\/span><\/div><article class=\"article-icon-entry \"  itemscope=\"itemscope\" itemtype=\"https:\/\/schema.org\/CreativeWork\" ><div class=\"iconlist_content_wrap\"><header class=\"entry-content-header\" aria-label=\"Icon: Standort\"><h4 class='av_iconlist_title iconlist_title  '  itemprop=\"headline\" >Standort<\/h4><\/header><div class='iconlist_content '  itemprop=\"text\" ><p><a href=\"\/?p=65#kaisersaal\" target=\"_blank\" rel=\"noopener\">Kaisersaal,<\/a><br \/>\nVitrine Menschen auf dem Land<\/p>\n<p>Fundort: Truden, St. Blasius<\/p>\n<\/div><\/div><footer class=\"entry-footer\"><\/footer><\/article><div class=\"iconlist-timeline\"><\/div><\/li>\n<li><div class='iconlist_icon av-kwz18o7e-97b37196a36a00a7006f77785a07a9fa avia-font-svg_entypo-fontello avia-svg-icon avia-font-svg_entypo-fontello'><span class='av-icon-char' data-av_svg_icon='info' data-av_iconset='svg_entypo-fontello'><svg version=\"1.1\" xmlns=\"http:\/\/www.w3.org\/2000\/svg\" width=\"15\" height=\"32\" viewBox=\"0 0 15 32\" preserveAspectRatio=\"xMidYMid meet\" aria-labelledby='av-svg-title-9' aria-describedby='av-svg-desc-9' role=\"graphics-symbol\" aria-hidden=\"true\">\n<title id='av-svg-title-9'>Info<\/title>\n<desc id='av-svg-desc-9'>Info<\/desc>\n<path d=\"M11.264 0q1.536 0 2.368 0.864t0.832 2.208q0 1.6-1.248 2.816t-3.040 1.216q-1.536 0-2.368-0.832t-0.768-2.304q0-1.472 1.12-2.72t3.104-1.248zM4.672 32q-3.2 0-1.728-5.696l1.92-8.128q0.448-1.792 0-1.792-0.384 0-1.728 0.576t-2.304 1.216l-0.832-1.408q2.88-2.496 6.048-4.032t4.832-1.536q2.496 0 1.152 5.184l-2.24 8.512q-0.512 2.048 0.192 2.048 1.408 0 3.776-1.92l0.96 1.28q-2.688 2.752-5.6 4.224t-4.448 1.472z\"><\/path>\n<\/svg><\/span><\/div><article class=\"article-icon-entry \"  itemscope=\"itemscope\" itemtype=\"https:\/\/schema.org\/CreativeWork\" ><div class=\"iconlist_content_wrap\"><header class=\"entry-content-header\" aria-label=\"Icon: Material &amp; Technik\"><h4 class='av_iconlist_title iconlist_title  '  itemprop=\"headline\" >Material &amp; Technik<\/h4><\/header><div class='iconlist_content '  itemprop=\"text\" ><p>Bein<\/p>\n<\/div><\/div><footer class=\"entry-footer\"><\/footer><\/article><div class=\"iconlist-timeline\"><\/div><\/li>\n<li><div class='iconlist_icon av-kwz18u0i-a635a714febecbca555cacf4430fd01e avia-font-svg_entypo-fontello avia-svg-icon avia-font-svg_entypo-fontello'><span class='av-icon-char' data-av_svg_icon='doc-text' data-av_iconset='svg_entypo-fontello'><svg version=\"1.1\" xmlns=\"http:\/\/www.w3.org\/2000\/svg\" width=\"22\" height=\"32\" viewBox=\"0 0 22 32\" preserveAspectRatio=\"xMidYMid meet\" aria-labelledby='av-svg-title-10' aria-describedby='av-svg-desc-10' role=\"graphics-symbol\" aria-hidden=\"true\">\n<title id='av-svg-title-10'>Doc-text<\/title>\n<desc id='av-svg-desc-10'>Doc-text<\/desc>\n<path d=\"M6.784 17.344v-2.88h8.96v2.88h-8.96zM19.2 1.6q1.344 0 2.272 0.928t0.928 2.272v22.4q0 1.28-0.928 2.24t-2.272 0.96h-16q-1.28 0-2.24-0.96t-0.96-2.24v-22.4q0-1.344 0.96-2.272t2.24-0.928h16zM19.2 27.2v-22.4h-16v22.4h16zM15.68 8.256v2.816h-8.96v-2.816h8.96zM15.68 20.8v2.816h-8.96v-2.816h8.96z\"><\/path>\n<\/svg><\/span><\/div><article class=\"article-icon-entry \"  itemscope=\"itemscope\" itemtype=\"https:\/\/schema.org\/CreativeWork\" ><div class=\"iconlist_content_wrap\"><header class=\"entry-content-header\" aria-label=\"Icon: Ma\u00dfe\"><h4 class='av_iconlist_title iconlist_title  '  itemprop=\"headline\" >Ma\u00dfe<\/h4><\/header><div class='iconlist_content '  itemprop=\"text\" ><p>5,7 cm x 1,7 cm x 0,6 cm<\/p>\n<\/div><\/div><footer class=\"entry-footer\"><\/footer><\/article><div class=\"iconlist-timeline\"><\/div><\/li>\n<li><div class='iconlist_icon av-kwz19bwm-cb73ae5222cb2948952cd63920c9ca8d avia-font-svg_entypo-fontello avia-svg-icon avia-font-svg_entypo-fontello'><span class='av-icon-char' data-av_svg_icon='link' data-av_iconset='svg_entypo-fontello'><svg version=\"1.1\" xmlns=\"http:\/\/www.w3.org\/2000\/svg\" width=\"26\" height=\"32\" viewBox=\"0 0 26 32\" preserveAspectRatio=\"xMidYMid meet\" aria-labelledby='av-svg-title-11' aria-describedby='av-svg-desc-11' role=\"graphics-symbol\" aria-hidden=\"true\">\n<title id='av-svg-title-11'>Link<\/title>\n<desc id='av-svg-desc-11'>Link<\/desc>\n<path d=\"M9.408 23.488q0.448-0.448 1.088-0.448t1.152 0.448q1.024 1.088 0 2.24l-1.344 1.28q-1.792 1.792-4.224 1.792-2.496 0-4.288-1.792t-1.792-4.224q0-2.496 1.792-4.288l4.736-4.736q2.24-2.176 4.608-2.464t4.096 1.376q0.512 0.512 0.512 1.152t-0.512 1.152q-1.152 1.024-2.24 0-1.6-1.536-4.224 1.088l-4.736 4.672q-0.832 0.832-0.832 2.048t0.832 1.984q0.832 0.832 2.016 0.832t2.016-0.832zM23.808 5.12q1.792 1.792 1.792 4.224 0 2.496-1.792 4.288l-5.056 5.056q-2.368 2.304-4.8 2.304-1.984 0-3.584-1.6-0.448-0.448-0.448-1.088t0.448-1.152q0.448-0.448 1.12-0.448t1.12 0.448q1.6 1.536 3.904-0.768l5.056-4.992q0.896-0.896 0.896-2.048 0-1.216-0.896-1.984-0.768-0.832-1.792-0.992t-1.92 0.672l-1.6 1.6q-0.512 0.448-1.152 0.448t-1.088-0.448q-1.088-1.088 0-2.24l1.6-1.6q1.728-1.728 4.064-1.632t4.128 1.952z\"><\/path>\n<\/svg><\/span><\/div><article class=\"article-icon-entry \"  itemscope=\"itemscope\" itemtype=\"https:\/\/schema.org\/CreativeWork\" ><div class=\"iconlist_content_wrap\"><header class=\"entry-content-header\" aria-label=\"Icon: LMST Inv.-Nr.\"><h4 class='av_iconlist_title iconlist_title  '  itemprop=\"headline\" >LMST Inv.-Nr.<\/h4><\/header><div class='iconlist_content '  itemprop=\"text\" ><p>LG 17<\/p>\n<p>S\u00fcdtiroler Landesdenkmalamt<\/p>\n<\/div><\/div><footer class=\"entry-footer\"><\/footer><\/article><div class=\"iconlist-timeline\"><\/div><\/li>\n<\/ul><\/div><\/div>\n","protected":false},"excerpt":{"rendered":"","protected":false},"author":1,"featured_media":8271,"comment_status":"closed","ping_status":"closed","template":"","meta":{"footnotes":""},"tags":[],"portfolio_entries":[129],"class_list":["post-8270","portfolio","type-portfolio","status-publish","has-post-thumbnail","hentry","portfolio_entries-sammlung"],"yoast_head":"<!-- This site is optimized with the Yoast SEO plugin v27.5 - https:\/\/yoast.com\/product\/yoast-seo-wordpress\/ -->\n<title>68 \/ Die Wallfahrt nach Rom \u2013 Pilgerabzeichen Paulus - Castle Tyrol - South Tyrolean Museum of Culture<\/title>\n<meta name=\"robots\" content=\"index, follow, max-snippet:-1, max-image-preview:large, max-video-preview:-1\" \/>\n<link rel=\"canonical\" href=\"https:\/\/www.schlosstirol.it\/en\/south-tyrolean-museum\/die-wallfahrt-nach-rom-pilgerabzeichen-paulus\/\" \/>\n<meta property=\"og:locale\" content=\"en_US\" \/>\n<meta property=\"og:type\" content=\"article\" \/>\n<meta property=\"og:title\" content=\"68 \/ Die Wallfahrt nach Rom \u2013 Pilgerabzeichen Paulus - Castle Tyrol - South Tyrolean Museum of Culture\" \/>\n<meta property=\"og:url\" content=\"https:\/\/www.schlosstirol.it\/en\/south-tyrolean-museum\/die-wallfahrt-nach-rom-pilgerabzeichen-paulus\/\" \/>\n<meta property=\"og:site_name\" content=\"Castle Tyrol - South Tyrolean Museum of Culture\" \/>\n<meta property=\"article:publisher\" content=\"https:\/\/www.facebook.com\/schlosstirol.casteltirolo\" \/>\n<meta property=\"article:modified_time\" content=\"2022-01-20T08:43:50+00:00\" \/>\n<meta property=\"og:image\" content=\"https:\/\/www.schlosstirol.it\/wp-content\/uploads\/2021\/12\/068_LG_0017_HlPaulus_RomStPeter_13Jh_SLDA_1_\u00a9JP2020.jpg\" \/>\n\t<meta property=\"og:image:width\" content=\"275\" \/>\n\t<meta property=\"og:image:height\" content=\"800\" \/>\n\t<meta property=\"og:image:type\" content=\"image\/jpeg\" \/>\n<meta name=\"twitter:card\" content=\"summary_large_image\" \/>\n<meta name=\"twitter:label1\" content=\"Est. reading time\" \/>\n\t<meta name=\"twitter:data1\" content=\"4 minutes\" \/>\n<script type=\"application\/ld+json\" class=\"yoast-schema-graph\">{\"@context\":\"https:\\\/\\\/schema.org\",\"@graph\":[{\"@type\":\"WebPage\",\"@id\":\"https:\\\/\\\/www.schlosstirol.it\\\/en\\\/south-tyrolean-museum\\\/die-wallfahrt-nach-rom-pilgerabzeichen-paulus\\\/\",\"url\":\"https:\\\/\\\/www.schlosstirol.it\\\/en\\\/south-tyrolean-museum\\\/die-wallfahrt-nach-rom-pilgerabzeichen-paulus\\\/\",\"name\":\"68 \\\/ Die Wallfahrt nach Rom \u2013 Pilgerabzeichen Paulus - Castle Tyrol - South Tyrolean Museum of Culture\",\"isPartOf\":{\"@id\":\"https:\\\/\\\/www.schlosstirol.it\\\/en\\\/#website\"},\"primaryImageOfPage\":{\"@id\":\"https:\\\/\\\/www.schlosstirol.it\\\/en\\\/south-tyrolean-museum\\\/die-wallfahrt-nach-rom-pilgerabzeichen-paulus\\\/#primaryimage\"},\"image\":{\"@id\":\"https:\\\/\\\/www.schlosstirol.it\\\/en\\\/south-tyrolean-museum\\\/die-wallfahrt-nach-rom-pilgerabzeichen-paulus\\\/#primaryimage\"},\"thumbnailUrl\":\"https:\\\/\\\/www.schlosstirol.it\\\/wp-content\\\/uploads\\\/2021\\\/12\\\/068_LG_0017_HlPaulus_RomStPeter_13Jh_SLDA_1_\u00a9JP2020.jpg\",\"datePublished\":\"2021-12-09T14:12:16+00:00\",\"dateModified\":\"2022-01-20T08:43:50+00:00\",\"breadcrumb\":{\"@id\":\"https:\\\/\\\/www.schlosstirol.it\\\/en\\\/south-tyrolean-museum\\\/die-wallfahrt-nach-rom-pilgerabzeichen-paulus\\\/#breadcrumb\"},\"inLanguage\":\"en-US\",\"potentialAction\":[{\"@type\":\"ReadAction\",\"target\":[\"https:\\\/\\\/www.schlosstirol.it\\\/en\\\/south-tyrolean-museum\\\/die-wallfahrt-nach-rom-pilgerabzeichen-paulus\\\/\"]}]},{\"@type\":\"ImageObject\",\"inLanguage\":\"en-US\",\"@id\":\"https:\\\/\\\/www.schlosstirol.it\\\/en\\\/south-tyrolean-museum\\\/die-wallfahrt-nach-rom-pilgerabzeichen-paulus\\\/#primaryimage\",\"url\":\"https:\\\/\\\/www.schlosstirol.it\\\/wp-content\\\/uploads\\\/2021\\\/12\\\/068_LG_0017_HlPaulus_RomStPeter_13Jh_SLDA_1_\u00a9JP2020.jpg\",\"contentUrl\":\"https:\\\/\\\/www.schlosstirol.it\\\/wp-content\\\/uploads\\\/2021\\\/12\\\/068_LG_0017_HlPaulus_RomStPeter_13Jh_SLDA_1_\u00a9JP2020.jpg\",\"width\":275,\"height\":800},{\"@type\":\"BreadcrumbList\",\"@id\":\"https:\\\/\\\/www.schlosstirol.it\\\/en\\\/south-tyrolean-museum\\\/die-wallfahrt-nach-rom-pilgerabzeichen-paulus\\\/#breadcrumb\",\"itemListElement\":[{\"@type\":\"ListItem\",\"position\":1,\"name\":\"Startseite\",\"item\":\"https:\\\/\\\/www.schlosstirol.it\\\/en\\\/castle-tyrol\\\/\"},{\"@type\":\"ListItem\",\"position\":2,\"name\":\"68 \\\/ Die Wallfahrt nach Rom \u2013 Pilgerabzeichen Paulus\"}]},{\"@type\":\"WebSite\",\"@id\":\"https:\\\/\\\/www.schlosstirol.it\\\/en\\\/#website\",\"url\":\"https:\\\/\\\/www.schlosstirol.it\\\/en\\\/\",\"name\":\"Castle Tyrol - South Tyrolean Museum of Culture\",\"description\":\"South Tyrolean Museum of Culture and Provincial History\",\"publisher\":{\"@id\":\"https:\\\/\\\/www.schlosstirol.it\\\/en\\\/#organization\"},\"potentialAction\":[{\"@type\":\"SearchAction\",\"target\":{\"@type\":\"EntryPoint\",\"urlTemplate\":\"https:\\\/\\\/www.schlosstirol.it\\\/en\\\/?s={search_term_string}\"},\"query-input\":{\"@type\":\"PropertyValueSpecification\",\"valueRequired\":true,\"valueName\":\"search_term_string\"}}],\"inLanguage\":\"en-US\"},{\"@type\":\"Organization\",\"@id\":\"https:\\\/\\\/www.schlosstirol.it\\\/en\\\/#organization\",\"name\":\"Castle Tyrol\",\"url\":\"https:\\\/\\\/www.schlosstirol.it\\\/en\\\/\",\"logo\":{\"@type\":\"ImageObject\",\"inLanguage\":\"en-US\",\"@id\":\"https:\\\/\\\/www.schlosstirol.it\\\/en\\\/#\\\/schema\\\/logo\\\/image\\\/\",\"url\":\"https:\\\/\\\/www.schlosstirol.it\\\/wp-content\\\/uploads\\\/2018\\\/09\\\/schloss-tirol_logo-impressum.png\",\"contentUrl\":\"https:\\\/\\\/www.schlosstirol.it\\\/wp-content\\\/uploads\\\/2018\\\/09\\\/schloss-tirol_logo-impressum.png\",\"width\":1030,\"height\":687,\"caption\":\"Castle Tyrol\"},\"image\":{\"@id\":\"https:\\\/\\\/www.schlosstirol.it\\\/en\\\/#\\\/schema\\\/logo\\\/image\\\/\"},\"sameAs\":[\"https:\\\/\\\/www.facebook.com\\\/schlosstirol.casteltirolo\"]}]}<\/script>\n<!-- \/ Yoast SEO plugin. -->","yoast_head_json":{"title":"68 \/ Die Wallfahrt nach Rom \u2013 Pilgerabzeichen Paulus - Castle Tyrol - South Tyrolean Museum of Culture","robots":{"index":"index","follow":"follow","max-snippet":"max-snippet:-1","max-image-preview":"max-image-preview:large","max-video-preview":"max-video-preview:-1"},"canonical":"https:\/\/www.schlosstirol.it\/en\/south-tyrolean-museum\/die-wallfahrt-nach-rom-pilgerabzeichen-paulus\/","og_locale":"en_US","og_type":"article","og_title":"68 \/ Die Wallfahrt nach Rom \u2013 Pilgerabzeichen Paulus - Castle Tyrol - South Tyrolean Museum of Culture","og_url":"https:\/\/www.schlosstirol.it\/en\/south-tyrolean-museum\/die-wallfahrt-nach-rom-pilgerabzeichen-paulus\/","og_site_name":"Castle Tyrol - South Tyrolean Museum of Culture","article_publisher":"https:\/\/www.facebook.com\/schlosstirol.casteltirolo","article_modified_time":"2022-01-20T08:43:50+00:00","og_image":[{"width":275,"height":800,"url":"https:\/\/www.schlosstirol.it\/wp-content\/uploads\/2021\/12\/068_LG_0017_HlPaulus_RomStPeter_13Jh_SLDA_1_\u00a9JP2020.jpg","type":"image\/jpeg"}],"twitter_card":"summary_large_image","twitter_misc":{"Est. reading time":"4 minutes"},"schema":{"@context":"https:\/\/schema.org","@graph":[{"@type":"WebPage","@id":"https:\/\/www.schlosstirol.it\/en\/south-tyrolean-museum\/die-wallfahrt-nach-rom-pilgerabzeichen-paulus\/","url":"https:\/\/www.schlosstirol.it\/en\/south-tyrolean-museum\/die-wallfahrt-nach-rom-pilgerabzeichen-paulus\/","name":"68 \/ Die Wallfahrt nach Rom \u2013 Pilgerabzeichen Paulus - Castle Tyrol - South Tyrolean Museum of Culture","isPartOf":{"@id":"https:\/\/www.schlosstirol.it\/en\/#website"},"primaryImageOfPage":{"@id":"https:\/\/www.schlosstirol.it\/en\/south-tyrolean-museum\/die-wallfahrt-nach-rom-pilgerabzeichen-paulus\/#primaryimage"},"image":{"@id":"https:\/\/www.schlosstirol.it\/en\/south-tyrolean-museum\/die-wallfahrt-nach-rom-pilgerabzeichen-paulus\/#primaryimage"},"thumbnailUrl":"https:\/\/www.schlosstirol.it\/wp-content\/uploads\/2021\/12\/068_LG_0017_HlPaulus_RomStPeter_13Jh_SLDA_1_\u00a9JP2020.jpg","datePublished":"2021-12-09T14:12:16+00:00","dateModified":"2022-01-20T08:43:50+00:00","breadcrumb":{"@id":"https:\/\/www.schlosstirol.it\/en\/south-tyrolean-museum\/die-wallfahrt-nach-rom-pilgerabzeichen-paulus\/#breadcrumb"},"inLanguage":"en-US","potentialAction":[{"@type":"ReadAction","target":["https:\/\/www.schlosstirol.it\/en\/south-tyrolean-museum\/die-wallfahrt-nach-rom-pilgerabzeichen-paulus\/"]}]},{"@type":"ImageObject","inLanguage":"en-US","@id":"https:\/\/www.schlosstirol.it\/en\/south-tyrolean-museum\/die-wallfahrt-nach-rom-pilgerabzeichen-paulus\/#primaryimage","url":"https:\/\/www.schlosstirol.it\/wp-content\/uploads\/2021\/12\/068_LG_0017_HlPaulus_RomStPeter_13Jh_SLDA_1_\u00a9JP2020.jpg","contentUrl":"https:\/\/www.schlosstirol.it\/wp-content\/uploads\/2021\/12\/068_LG_0017_HlPaulus_RomStPeter_13Jh_SLDA_1_\u00a9JP2020.jpg","width":275,"height":800},{"@type":"BreadcrumbList","@id":"https:\/\/www.schlosstirol.it\/en\/south-tyrolean-museum\/die-wallfahrt-nach-rom-pilgerabzeichen-paulus\/#breadcrumb","itemListElement":[{"@type":"ListItem","position":1,"name":"Startseite","item":"https:\/\/www.schlosstirol.it\/en\/castle-tyrol\/"},{"@type":"ListItem","position":2,"name":"68 \/ Die Wallfahrt nach Rom \u2013 Pilgerabzeichen Paulus"}]},{"@type":"WebSite","@id":"https:\/\/www.schlosstirol.it\/en\/#website","url":"https:\/\/www.schlosstirol.it\/en\/","name":"Castle Tyrol - South Tyrolean Museum of Culture","description":"South Tyrolean Museum of Culture and Provincial History","publisher":{"@id":"https:\/\/www.schlosstirol.it\/en\/#organization"},"potentialAction":[{"@type":"SearchAction","target":{"@type":"EntryPoint","urlTemplate":"https:\/\/www.schlosstirol.it\/en\/?s={search_term_string}"},"query-input":{"@type":"PropertyValueSpecification","valueRequired":true,"valueName":"search_term_string"}}],"inLanguage":"en-US"},{"@type":"Organization","@id":"https:\/\/www.schlosstirol.it\/en\/#organization","name":"Castle Tyrol","url":"https:\/\/www.schlosstirol.it\/en\/","logo":{"@type":"ImageObject","inLanguage":"en-US","@id":"https:\/\/www.schlosstirol.it\/en\/#\/schema\/logo\/image\/","url":"https:\/\/www.schlosstirol.it\/wp-content\/uploads\/2018\/09\/schloss-tirol_logo-impressum.png","contentUrl":"https:\/\/www.schlosstirol.it\/wp-content\/uploads\/2018\/09\/schloss-tirol_logo-impressum.png","width":1030,"height":687,"caption":"Castle Tyrol"},"image":{"@id":"https:\/\/www.schlosstirol.it\/en\/#\/schema\/logo\/image\/"},"sameAs":["https:\/\/www.facebook.com\/schlosstirol.casteltirolo"]}]}},"_links":{"self":[{"href":"https:\/\/www.schlosstirol.it\/en\/wp-json\/wp\/v2\/portfolio\/8270","targetHints":{"allow":["GET"]}}],"collection":[{"href":"https:\/\/www.schlosstirol.it\/en\/wp-json\/wp\/v2\/portfolio"}],"about":[{"href":"https:\/\/www.schlosstirol.it\/en\/wp-json\/wp\/v2\/types\/portfolio"}],"author":[{"embeddable":true,"href":"https:\/\/www.schlosstirol.it\/en\/wp-json\/wp\/v2\/users\/1"}],"replies":[{"embeddable":true,"href":"https:\/\/www.schlosstirol.it\/en\/wp-json\/wp\/v2\/comments?post=8270"}],"version-history":[{"count":0,"href":"https:\/\/www.schlosstirol.it\/en\/wp-json\/wp\/v2\/portfolio\/8270\/revisions"}],"wp:featuredmedia":[{"embeddable":true,"href":"https:\/\/www.schlosstirol.it\/en\/wp-json\/wp\/v2\/media\/8271"}],"wp:attachment":[{"href":"https:\/\/www.schlosstirol.it\/en\/wp-json\/wp\/v2\/media?parent=8270"}],"wp:term":[{"taxonomy":"post_tag","embeddable":true,"href":"https:\/\/www.schlosstirol.it\/en\/wp-json\/wp\/v2\/tags?post=8270"},{"taxonomy":"portfolio_entries","embeddable":true,"href":"https:\/\/www.schlosstirol.it\/en\/wp-json\/wp\/v2\/portfolio_entries?post=8270"}],"curies":[{"name":"wp","href":"https:\/\/api.w.org\/{rel}","templated":true}]}}