{"id":8317,"date":"2021-12-10T11:28:32","date_gmt":"2021-12-10T10:28:32","guid":{"rendered":"https:\/\/www.schlosstirol.it\/?post_type=portfolio&#038;p=8317"},"modified":"2022-02-10T09:13:03","modified_gmt":"2022-02-10T08:13:03","slug":"muschel-2","status":"publish","type":"portfolio","link":"https:\/\/www.schlosstirol.it\/en\/south-tyrolean-museum\/muschel-2\/","title":{"rendered":"73 \/ Muschel"},"content":{"rendered":"\n<style type=\"text\/css\" data-created_by=\"avia_inline_auto\" id=\"style-css-av-f984jh-6d1cc73199d1b34e93f5bb268dc1dc76\">\n.avia-section.av-f984jh-6d1cc73199d1b34e93f5bb268dc1dc76{\nbackground-color:#000000;\nbackground-image:unset;\n}\n<\/style>\n<div id='av_section_1'  class='avia-section av-f984jh-6d1cc73199d1b34e93f5bb268dc1dc76 main_color avia-section-default avia-no-border-styling  avia-builder-el-0  avia-builder-el-no-sibling  avia-bg-style-scroll container_wrap fullsize'  ><div class='container av-section-cont-open' ><main  role=\"main\" itemprop=\"mainContentOfPage\"  class='template-page content  av-content-full alpha units'><div class='post-entry post-entry-type-page post-entry-8317'><div class='entry-content-wrapper clearfix'>\n\n<style type=\"text\/css\" data-created_by=\"avia_inline_auto\" id=\"style-css-av-esykal-1a5c7812d8e20e7cc0c38c82eb01a6fa\">\n#top .hr.hr-invisible.av-esykal-1a5c7812d8e20e7cc0c38c82eb01a6fa{\nheight:120px;\n}\n<\/style>\n<div  class='hr av-esykal-1a5c7812d8e20e7cc0c38c82eb01a6fa hr-invisible  avia-builder-el-1  el_before_av_button_big  avia-builder-el-no-sibling  av-medium-hide av-small-hide av-mini-hide'><span class='hr-inner '><span class=\"hr-inner-style\"><\/span><\/span><\/div>\n<div  class='avia-button-wrap avia-button-center  avia-builder-el-2  el_after_av_hr  el_before_av_hr '>\n<style type=\"text\/css\" data-created_by=\"avia_inline_auto\" id=\"style-css-av-bqyaul-1d3ec97e528cf4bb1598afb5b1e43214\">\n#top #wrap_all .avia-button.av-bqyaul-1d3ec97e528cf4bb1598afb5b1e43214{\nbackground-color:#222222;\nborder-color:#222222;\ntransition:all 0.4s ease-in-out;\n}\n#top #wrap_all .avia-button.av-bqyaul-1d3ec97e528cf4bb1598afb5b1e43214:hover{\ncolor:white;\ntransition:all 0.4s ease-in-out;\n}\n#top #wrap_all .avia-button.av-bqyaul-1d3ec97e528cf4bb1598afb5b1e43214:hover .avia-svg-icon svg:first-child{\nfill:white;\nstroke:white;\n}\n<\/style>\n<a href='https:\/\/www.schlosstirol.it\/it\/la-collezione\/' class='avia-font-color-theme-color avia-button avia-button-fullwidth av-bqyaul-1d3ec97e528cf4bb1598afb5b1e43214 avia-icon_select-yes-left-icon avia-color-custom'   aria-label=\"SAMMLUNG\"><span class='avia_button_icon avia_button_icon_left avia-svg-icon avia-font-svg_entypo-fontello' data-av_svg_icon='book' data-av_iconset='svg_entypo-fontello'><svg version=\"1.1\" xmlns=\"http:\/\/www.w3.org\/2000\/svg\" width=\"22\" height=\"32\" viewBox=\"0 0 22 32\" preserveAspectRatio=\"xMidYMid meet\" aria-labelledby='av-svg-title-1' aria-describedby='av-svg-desc-1' role=\"graphics-symbol\">\n<title id='av-svg-title-1'>Book<\/title>\n<desc id='av-svg-desc-1'>Book<\/desc>\n<path d=\"M21.824 8.192q0.576 0.256 0.576 0.896v17.984q0 0.448-0.384 0.8t-0.896 0.352q-1.472 0-1.472-1.152v-16.704q0-0.384-0.384-0.576l-12.928-6.912q-1.024-0.32-2.176 0.32-1.408 0.64-1.792 1.408l13.056 7.296q0.576 0.256 0.576 0.896v17.6q0 0.704-0.576 0.896-0.192 0.128-0.512 0.128-0.448 0-0.64-0.128-0.256-0.192-6.464-4.064t-6.784-4.192q-0.832-0.576-0.832-1.088l-0.192-16.768q0-0.896 0.448-1.664 0.896-1.472 3.264-2.464t3.712-0.288z\"><\/path>\n<\/svg><\/span><span class='avia_iconbox_title' >SAMMLUNG<\/span><span class='avia_button_background avia-button avia-button-fullwidth avia-color-theme-color-highlight'><\/span><\/a><\/div>\n\n<style type=\"text\/css\" data-created_by=\"avia_inline_auto\" id=\"style-css-av-141d4t-4f303cf6463a2ebd6777dcad2d85e9b8\">\n#top .hr.hr-invisible.av-141d4t-4f303cf6463a2ebd6777dcad2d85e9b8{\nheight:30px;\n}\n<\/style>\n<div  class='hr av-141d4t-4f303cf6463a2ebd6777dcad2d85e9b8 hr-invisible  avia-builder-el-3  el_after_av_button_big  el_before_av_one_fourth  avia-builder-el-first '><span class='hr-inner '><span class=\"hr-inner-style\"><\/span><\/span><\/div>\n\n<style type=\"text\/css\" data-created_by=\"avia_inline_auto\" id=\"style-css-av-9a6zzh-04ac40c37f7a4119ccb857f6a5a8ee58\">\n.flex_column.av-9a6zzh-04ac40c37f7a4119ccb857f6a5a8ee58{\nborder-radius:0px 0px 0px 0px;\npadding:0px 0px 0px 0px;\n}\n<\/style>\n<div  class='flex_column av-9a6zzh-04ac40c37f7a4119ccb857f6a5a8ee58 av_one_fourth  avia-builder-el-4  el_after_av_hr  el_before_av_one_half  first flex_column_div av-zero-column-padding  '     ><style type=\"text\/css\" data-created_by=\"avia_inline_auto\" id=\"style-css-av-kx08ex0c-fe52ea622d8ee3123152fe2d074fac9c\">\n#top .avia-gallery.av-kx08ex0c-fe52ea622d8ee3123152fe2d074fac9c .avia-gallery-thumb a{\nwidth:100%;\n}\n<\/style>\n<div  class='avia-gallery av-kx08ex0c-fe52ea622d8ee3123152fe2d074fac9c avia_animate_when_visible  avia-builder-el-5  avia-builder-el-no-sibling  deactivate_avia_lazyload avia-gallery-animate avia-gallery-1'  itemprop=\"image\" itemscope=\"itemscope\" itemtype=\"https:\/\/schema.org\/ImageObject\" ><meta itemprop=\"contentURL\" content=\"https:\/\/www.schlosstirol.it\/en\/south-tyrolean-museum\/muschel-2\/\"><div class='avia-gallery-thumb'><a href=\"https:\/\/www.schlosstirol.it\/wp-content\/uploads\/2021\/12\/073_LG_0020_MuschelHerzmuschelTruden_15JhA_SLDA_\u00a9JP2020.jpg\" data-srcset=\"https:\/\/www.schlosstirol.it\/wp-content\/uploads\/2021\/12\/073_LG_0020_MuschelHerzmuschelTruden_15JhA_SLDA_\u00a9JP2020.jpg 797w, https:\/\/www.schlosstirol.it\/wp-content\/uploads\/2021\/12\/073_LG_0020_MuschelHerzmuschelTruden_15JhA_SLDA_\u00a9JP2020-300x300.jpg 300w, https:\/\/www.schlosstirol.it\/wp-content\/uploads\/2021\/12\/073_LG_0020_MuschelHerzmuschelTruden_15JhA_SLDA_\u00a9JP2020-80x80.jpg 80w, https:\/\/www.schlosstirol.it\/wp-content\/uploads\/2021\/12\/073_LG_0020_MuschelHerzmuschelTruden_15JhA_SLDA_\u00a9JP2020-768x771.jpg 768w, https:\/\/www.schlosstirol.it\/wp-content\/uploads\/2021\/12\/073_LG_0020_MuschelHerzmuschelTruden_15JhA_SLDA_\u00a9JP2020-36x36.jpg 36w, https:\/\/www.schlosstirol.it\/wp-content\/uploads\/2021\/12\/073_LG_0020_MuschelHerzmuschelTruden_15JhA_SLDA_\u00a9JP2020-180x180.jpg 180w, https:\/\/www.schlosstirol.it\/wp-content\/uploads\/2021\/12\/073_LG_0020_MuschelHerzmuschelTruden_15JhA_SLDA_\u00a9JP2020-702x705.jpg 702w\" data-sizes=\"(max-width: 797px) 100vw, 797px\" data-rel='gallery-1' data-prev-img='https:\/\/www.schlosstirol.it\/wp-content\/uploads\/2021\/12\/073_LG_0020_MuschelHerzmuschelTruden_15JhA_SLDA_\u00a9JP2020.jpg' class='first_thumb lightbox ' data-onclick='1' title='073_LG_0020_MuschelHerzmuschel(Truden)_15JhA_SLDA_\u00a9JP2020'  itemprop=\"thumbnailUrl\"  ><img decoding=\"async\" fetchpriority=\"high\" class=\"wp-image-8319 avia-img-lazy-loading-not-8319\"   src=\"https:\/\/www.schlosstirol.it\/wp-content\/uploads\/2021\/12\/073_LG_0020_MuschelHerzmuschelTruden_15JhA_SLDA_\u00a9JP2020.jpg\" width=\"797\" height=\"800\"  title='073_LG_0020_MuschelHerzmuschel(Truden)_15JhA_SLDA_\u00a9JP2020' alt='' srcset=\"https:\/\/www.schlosstirol.it\/wp-content\/uploads\/2021\/12\/073_LG_0020_MuschelHerzmuschelTruden_15JhA_SLDA_\u00a9JP2020.jpg 797w, https:\/\/www.schlosstirol.it\/wp-content\/uploads\/2021\/12\/073_LG_0020_MuschelHerzmuschelTruden_15JhA_SLDA_\u00a9JP2020-300x300.jpg 300w, https:\/\/www.schlosstirol.it\/wp-content\/uploads\/2021\/12\/073_LG_0020_MuschelHerzmuschelTruden_15JhA_SLDA_\u00a9JP2020-80x80.jpg 80w, https:\/\/www.schlosstirol.it\/wp-content\/uploads\/2021\/12\/073_LG_0020_MuschelHerzmuschelTruden_15JhA_SLDA_\u00a9JP2020-768x771.jpg 768w, https:\/\/www.schlosstirol.it\/wp-content\/uploads\/2021\/12\/073_LG_0020_MuschelHerzmuschelTruden_15JhA_SLDA_\u00a9JP2020-36x36.jpg 36w, https:\/\/www.schlosstirol.it\/wp-content\/uploads\/2021\/12\/073_LG_0020_MuschelHerzmuschelTruden_15JhA_SLDA_\u00a9JP2020-180x180.jpg 180w, https:\/\/www.schlosstirol.it\/wp-content\/uploads\/2021\/12\/073_LG_0020_MuschelHerzmuschelTruden_15JhA_SLDA_\u00a9JP2020-702x705.jpg 702w\" sizes=\"(max-width: 797px) 100vw, 797px\" \/><div class='big-prev-fake'><img decoding=\"async\" loading=\"lazy\" class=\"wp-image-8319 avia-img-lazy-loading-8319\"  width=\"797\" height=\"800\" src=\"https:\/\/www.schlosstirol.it\/wp-content\/uploads\/2021\/12\/073_LG_0020_MuschelHerzmuschelTruden_15JhA_SLDA_\u00a9JP2020.jpg\" title='073_LG_0020_MuschelHerzmuschel(Truden)_15JhA_SLDA_\u00a9JP2020' alt='' srcset=\"https:\/\/www.schlosstirol.it\/wp-content\/uploads\/2021\/12\/073_LG_0020_MuschelHerzmuschelTruden_15JhA_SLDA_\u00a9JP2020.jpg 797w, https:\/\/www.schlosstirol.it\/wp-content\/uploads\/2021\/12\/073_LG_0020_MuschelHerzmuschelTruden_15JhA_SLDA_\u00a9JP2020-300x300.jpg 300w, https:\/\/www.schlosstirol.it\/wp-content\/uploads\/2021\/12\/073_LG_0020_MuschelHerzmuschelTruden_15JhA_SLDA_\u00a9JP2020-80x80.jpg 80w, https:\/\/www.schlosstirol.it\/wp-content\/uploads\/2021\/12\/073_LG_0020_MuschelHerzmuschelTruden_15JhA_SLDA_\u00a9JP2020-768x771.jpg 768w, https:\/\/www.schlosstirol.it\/wp-content\/uploads\/2021\/12\/073_LG_0020_MuschelHerzmuschelTruden_15JhA_SLDA_\u00a9JP2020-36x36.jpg 36w, https:\/\/www.schlosstirol.it\/wp-content\/uploads\/2021\/12\/073_LG_0020_MuschelHerzmuschelTruden_15JhA_SLDA_\u00a9JP2020-180x180.jpg 180w, https:\/\/www.schlosstirol.it\/wp-content\/uploads\/2021\/12\/073_LG_0020_MuschelHerzmuschelTruden_15JhA_SLDA_\u00a9JP2020-702x705.jpg 702w\" sizes=\"auto, (max-width: 797px) 100vw, 797px\" \/><\/div><\/a><\/div><\/div><\/div>\n<style type=\"text\/css\" data-created_by=\"avia_inline_auto\" id=\"style-css-av-884ra5-c47e3d8c0cbe0586fc6c1056606a1542\">\n.flex_column.av-884ra5-c47e3d8c0cbe0586fc6c1056606a1542{\nborder-radius:0px 0px 0px 0px;\npadding:30px 0 30px 0;\n}\n<\/style>\n<div  class='flex_column av-884ra5-c47e3d8c0cbe0586fc6c1056606a1542 av_one_half  avia-builder-el-6  el_after_av_one_fourth  el_before_av_one_fourth  flex_column_div  '     ><p>\n<style type=\"text\/css\" data-created_by=\"avia_inline_auto\" id=\"style-css-av-kx08fvey-096e21cfb374413f5ce99392c2234ea2\">\n#top .av-special-heading.av-kx08fvey-096e21cfb374413f5ce99392c2234ea2{\npadding-bottom:20px;\ncolor:#ffffff;\n}\nbody .av-special-heading.av-kx08fvey-096e21cfb374413f5ce99392c2234ea2 .av-special-heading-tag .heading-char{\nfont-size:25px;\n}\n.av-special-heading.av-kx08fvey-096e21cfb374413f5ce99392c2234ea2 .special-heading-inner-border{\nborder-color:#ffffff;\n}\n.av-special-heading.av-kx08fvey-096e21cfb374413f5ce99392c2234ea2 .av-subheading{\nfont-size:21px;\n}\n<\/style>\n<div  class='av-special-heading av-kx08fvey-096e21cfb374413f5ce99392c2234ea2 av-special-heading-h2 custom-color-heading blockquote modern-quote  avia-builder-el-7  el_before_av_textblock  avia-builder-el-first '><h2 class='av-special-heading-tag '  itemprop=\"headline\"  >Muschel<\/h2><div class='av_custom_color av-subheading av-subheading_below'><p>Anfang 15. Jh.<\/p>\n<\/div><div class=\"special-heading-border\"><div class=\"special-heading-inner-border\"><\/div><\/div><\/div><br \/>\n\n<style type=\"text\/css\" data-created_by=\"avia_inline_auto\" id=\"style-css-av-kx08fggq-b1099b28bcb6f5ad8f744ca41f982fdb\">\n#top .av_textblock_section.av-kx08fggq-b1099b28bcb6f5ad8f744ca41f982fdb .avia_textblock{\ncolor:#e1e1e1;\n}\n<\/style>\n<section  class='av_textblock_section av-kx08fggq-b1099b28bcb6f5ad8f744ca41f982fdb '   itemscope=\"itemscope\" itemtype=\"https:\/\/schema.org\/CreativeWork\" ><div class='avia_textblock av_inherit_color'  itemprop=\"text\" ><p>Bei der Muschel aus der Kirche St. Blasius in Truden handelt es sich um eine Herzmuschel (Cardiidae). Die Schale ist am Wirbel gelocht, wohl, um sie irgendwo befestigen zu k\u00f6nnen. Alles deutet darauf hin, dass sie nicht verloren wurde, sondern als geweihtes, aber besch\u00e4digtes Objekt bei Umbauarbeiten der Kirche im gotischen Stil unter dem neuen Fu\u00dfboden entsorgt wurde.<\/p>\n<p>Die Muschelschale k\u00f6nnte von einem Pilger als Ersatz f\u00fcr eine gestohlene oder verlorene Jakobsmuschel getragen worden sein, oder in der Kirche als Dekoration einer Heiligenfigur gedient haben.<\/p>\n<p>Die Schale der Jakobsmuschel (Pecten maximus) war das Erkennungszeichen jener, die nach Santiago de Compostela zum Grab des hl. Apostels Jakob gepilgert waren. Ihr wurde magische Wirkung zugesprochen: Sie heilte Kranke, brachte Gl\u00fcck und Schutz. Daneben dienten die gro\u00dfen Muschelschalen ganz praktisch zum Sch\u00f6pfen von Trinkwasser.<\/p>\n<\/div><\/section><br \/>\n\n<style type=\"text\/css\" data-created_by=\"avia_inline_auto\" id=\"style-css-av-5w6mzh-f9e532a62733088e904a1f877c1d1968\">\n#top .hr.hr-invisible.av-5w6mzh-f9e532a62733088e904a1f877c1d1968{\nheight:40px;\n}\n<\/style>\n<div  class='hr av-5w6mzh-f9e532a62733088e904a1f877c1d1968 hr-invisible  avia-builder-el-9  el_after_av_textblock  el_before_av_social_share '><span class='hr-inner '><span class=\"hr-inner-style\"><\/span><\/span><\/div><br \/>\n<div  class='av-social-sharing-box av-4svlml-278dd238989334ca3a6c71ac75c98714 av-social-sharing-box-default  avia-builder-el-10  el_after_av_hr  avia-builder-el-last  av-social-sharing-box-fullwidth'><div class=\"av-share-box\"><h5 class='av-share-link-description av-no-toc '>Eintrag teilen<\/h5><ul class=\"av-share-box-list noLightbox\"><li class='av-share-link av-social-link-facebook avia_social_svg_icon avia-svg-icon avia-font-svg_entypo-fontello' ><a target=\"_blank\" aria-label=\"Share on Facebook\" href='https:\/\/www.facebook.com\/sharer.php?u=https:\/\/www.schlosstirol.it\/en\/south-tyrolean-museum\/muschel-2\/&#038;t=73%20%2F%20Muschel' data-av_svg_icon='facebook' data-av_iconset='svg_entypo-fontello' title='' data-avia-related-tooltip='Share on Facebook'><svg version=\"1.1\" xmlns=\"http:\/\/www.w3.org\/2000\/svg\" width=\"16\" height=\"32\" viewBox=\"0 0 16 32\" preserveAspectRatio=\"xMidYMid meet\" aria-labelledby='av-svg-title-2' aria-describedby='av-svg-desc-2' role=\"graphics-symbol\">\n<title id='av-svg-title-2'>Facebook<\/title>\n<desc id='av-svg-desc-2'>Facebook<\/desc>\n<path d=\"M16 6.592h-4.544q-0.448 0-0.8 0.48t-0.352 1.184v3.264h5.696v4.736h-5.696v14.144h-5.44v-14.144h-4.864v-4.736h4.864v-2.752q0-3.008 1.888-5.088t4.704-2.080h4.544v4.992z\"><\/path>\n<\/svg><span class='avia_hidden_link_text'>Share on Facebook<\/span><\/a><\/li><li class='av-share-link av-social-link-twitter avia_social_svg_icon avia-svg-icon avia-font-svg_entypo-fontello' ><a target=\"_blank\" aria-label=\"Share on X\" href='https:\/\/twitter.com\/share?text=73%20%2F%20Muschel&#038;url=https:\/\/www.schlosstirol.it\/en\/?p=8317' data-av_svg_icon='x-twitter' data-av_iconset='svg_entypo-fontello' title='' data-avia-related-tooltip='Share on X'><svg version=\"1.1\" xmlns=\"http:\/\/www.w3.org\/2000\/svg\" width=\"32\" height=\"32\" viewBox=\"0 0 32 32\" preserveAspectRatio=\"xMidYMid meet\" aria-labelledby='av-svg-title-3' aria-describedby='av-svg-desc-3' role=\"graphics-symbol\">\n<title id='av-svg-title-3'>X-twitter<\/title>\n<desc id='av-svg-desc-3'>X-twitter<\/desc>\n<path d=\"M24.32 3.008h4.416l-9.632 11.008 11.328 14.976h-8.864l-6.976-9.088-7.936 9.088h-4.416l10.304-11.776-10.88-14.208h9.12l6.272 8.288 7.264-8.288zM22.784 26.368h2.432l-15.776-20.864h-2.624l15.968 20.864z\"><\/path>\n<\/svg><span class='avia_hidden_link_text'>Share on X<\/span><\/a><\/li><li class='av-share-link av-social-link-whatsapp avia_social_svg_icon avia-svg-icon avia-font-svg_entypo-fontello' ><a target=\"_blank\" aria-label=\"Share on WhatsApp\" href='https:\/\/api.whatsapp.com\/send?text=https:\/\/www.schlosstirol.it\/en\/south-tyrolean-museum\/muschel-2\/' data-av_svg_icon='whatsapp' data-av_iconset='svg_entypo-fontello' title='' data-avia-related-tooltip='Share on WhatsApp'><svg version=\"1.1\" xmlns=\"http:\/\/www.w3.org\/2000\/svg\" width=\"27\" height=\"32\" viewBox=\"0 0 27 32\" preserveAspectRatio=\"xMidYMid meet\" aria-labelledby='av-svg-title-4' aria-describedby='av-svg-desc-4' role=\"graphics-symbol\">\n<title id='av-svg-title-4'>Whatsapp<\/title>\n<desc id='av-svg-desc-4'>Whatsapp<\/desc>\n<path d=\"M17.6 17.376q0.224 0 1.728 0.8t1.6 0.96q0.032 0.064 0.032 0.256 0 0.576-0.288 1.344-0.288 0.704-1.28 1.184t-1.824 0.48q-1.024 0-3.392-1.12-1.76-0.8-3.040-2.112t-2.624-3.296q-1.312-1.92-1.28-3.456v-0.16q0.064-1.6 1.312-2.816 0.448-0.384 0.928-0.384 0.128 0 0.32 0.032t0.352 0.032q0.352 0 0.48 0.096t0.256 0.512q0.16 0.352 0.608 1.568t0.448 1.312q0 0.384-0.608 1.056t-0.64 0.832q0 0.096 0.096 0.256 0.608 1.312 1.824 2.432 0.992 0.96 2.688 1.824 0.224 0.128 0.416 0.128 0.256 0 0.96-0.864t0.928-0.896zM13.952 26.848q2.272 0 4.352-0.896t3.584-2.368 2.4-3.584 0.896-4.352-0.896-4.352-2.4-3.584-3.584-2.4-4.352-0.896-4.32 0.896-3.584 2.4-2.4 3.584-0.896 4.352q0 3.616 2.144 6.56l-1.408 4.16 4.32-1.376q2.816 1.856 6.144 1.856zM13.952 2.176q2.752 0 5.248 1.088t4.288 2.848 2.88 4.32 1.056 5.216-1.056 5.216-2.88 4.288-4.288 2.88-5.248 1.088q-3.456 0-6.496-1.696l-7.456 2.4 2.432-7.232q-1.92-3.168-1.92-6.944 0-2.752 1.056-5.216t2.88-4.32 4.288-2.848 5.216-1.088z\"><\/path>\n<\/svg><span class='avia_hidden_link_text'>Share on WhatsApp<\/span><\/a><\/li><li class='av-share-link av-social-link-mail avia_social_svg_icon avia-svg-icon avia-font-svg_entypo-fontello' ><a  aria-label=\"Share by Mail\" href='mailto:?subject=73%20%2F%20Muschel&#038;body=https:\/\/www.schlosstirol.it\/en\/south-tyrolean-museum\/muschel-2\/' data-av_svg_icon='mail' data-av_iconset='svg_entypo-fontello' title='' data-avia-related-tooltip='Share by Mail'><svg version=\"1.1\" xmlns=\"http:\/\/www.w3.org\/2000\/svg\" width=\"29\" height=\"32\" viewBox=\"0 0 29 32\" preserveAspectRatio=\"xMidYMid meet\" aria-labelledby='av-svg-title-5' aria-describedby='av-svg-desc-5' role=\"graphics-symbol\">\n<title id='av-svg-title-5'>Mail<\/title>\n<desc id='av-svg-desc-5'>Mail<\/desc>\n<path d=\"M0.96 8.448q-1.024-0.576-0.896-1.28 0.064-0.448 0.832-0.448h27.072q1.216 0 0.64 1.024-0.256 0.448-0.768 0.704-0.448 0.192-6.144 3.264t-5.824 3.136q-0.512 0.32-1.472 0.32-0.896 0-1.472-0.32-0.128-0.064-5.824-3.136t-6.144-3.264zM28.16 11.648q0.64-0.32 0.64 0.32v11.776q0 0.512-0.544 1.024t-1.056 0.512h-25.6q-0.512 0-1.056-0.512t-0.544-1.024v-11.776q0-0.64 0.64-0.32l12.288 6.4q0.576 0.32 1.472 0.32t1.472-0.32z\"><\/path>\n<\/svg><span class='avia_hidden_link_text'>Share by Mail<\/span><\/a><\/li><li class='av-share-link av-social-link-instagram avia_social_svg_icon avia-svg-icon avia-font-svg_entypo-fontello' ><a target=\"_blank\" aria-label=\"Link to Instagram\" href='https:\/\/www.instagram.com\/schlosstirol_casteltirolo\/' data-av_svg_icon='instagram-1' data-av_iconset='svg_entypo-fontello' title='' data-avia-related-tooltip='Link to Instagram'><svg version=\"1.1\" xmlns=\"http:\/\/www.w3.org\/2000\/svg\" width=\"27\" height=\"32\" viewBox=\"0 0 27 32\" preserveAspectRatio=\"xMidYMid meet\" aria-labelledby='av-svg-title-6' aria-describedby='av-svg-desc-6' role=\"graphics-symbol\">\n<title id='av-svg-title-6'>Instagram-1<\/title>\n<desc id='av-svg-desc-6'>Instagram-1<\/desc>\n<path d=\"M18.272 16q0-1.888-1.312-3.232t-3.232-1.344-3.232 1.344-1.344 3.232 1.344 3.232 3.232 1.344 3.232-1.344 1.312-3.232zM20.736 16q0 2.912-2.048 4.992t-4.96 2.048-4.992-2.048-2.048-4.992 2.048-4.992 4.992-2.048 4.96 2.048 2.048 4.992zM22.688 8.672q0 0.672-0.48 1.152t-1.184 0.48-1.152-0.48-0.48-1.152 0.48-1.152 1.152-0.48 1.184 0.48 0.48 1.152zM13.728 4.736q-0.128 0-1.376 0t-1.888 0-1.728 0.064-1.824 0.16-1.28 0.352q-0.896 0.352-1.568 1.024t-1.056 1.568q-0.192 0.512-0.32 1.28t-0.192 1.856-0.032 1.696 0 1.888 0 1.376 0 1.376 0 1.888 0.032 1.696 0.192 1.856 0.32 1.28q0.384 0.896 1.056 1.568t1.568 1.024q0.512 0.192 1.28 0.352t1.824 0.16 1.728 0.064 1.888 0 1.376 0 1.344 0 1.888 0 1.728-0.064 1.856-0.16 1.248-0.352q0.896-0.352 1.6-1.024t1.024-1.568q0.192-0.512 0.32-1.28t0.192-1.856 0.032-1.696 0-1.888 0-1.376 0-1.376 0-1.888-0.032-1.696-0.192-1.856-0.32-1.28q-0.352-0.896-1.024-1.568t-1.6-1.024q-0.512-0.192-1.248-0.352t-1.856-0.16-1.728-0.064-1.888 0-1.344 0zM27.424 16q0 4.096-0.096 5.664-0.16 3.712-2.208 5.76t-5.728 2.208q-1.6 0.096-5.664 0.096t-5.664-0.096q-3.712-0.192-5.76-2.208t-2.208-5.76q-0.096-1.568-0.096-5.664t0.096-5.664q0.16-3.712 2.208-5.76t5.76-2.208q1.568-0.096 5.664-0.096t5.664 0.096q3.712 0.192 5.728 2.208t2.208 5.76q0.096 1.568 0.096 5.664z\"><\/path>\n<\/svg><span class='avia_hidden_link_text'>Link to Instagram<\/span><\/a><\/li><\/ul><\/div><\/div><\/p><\/div>\n<style type=\"text\/css\" data-created_by=\"avia_inline_auto\" id=\"style-css-av-242inx-9583fc86f9063b3c99f1fc2d9124a3d2\">\n.flex_column.av-242inx-9583fc86f9063b3c99f1fc2d9124a3d2{\nborder-radius:0px 0px 0px 0px;\npadding:0px 0px 0px 0px;\n}\n<\/style>\n<div  class='flex_column av-242inx-9583fc86f9063b3c99f1fc2d9124a3d2 av_one_fourth  avia-builder-el-11  el_after_av_one_half  avia-builder-el-last  flex_column_div av-zero-column-padding  '     ><style type=\"text\/css\" data-created_by=\"avia_inline_auto\" id=\"style-css-av-kx08vh08-edee122d633d3bc58352dca81f6fc0ba\">\n#top .avia-icon-list-container.av-kx08vh08-edee122d633d3bc58352dca81f6fc0ba .iconlist_icon{\nbackground-color:#333333;\n}\n#top #wrap_all .avia-icon-list-container.av-kx08vh08-edee122d633d3bc58352dca81f6fc0ba .av_iconlist_title{\nfont-size:14px;\n}\n.avia-icon-list-container.av-kx08vh08-edee122d633d3bc58352dca81f6fc0ba .iconlist_content{\nfont-size:18px;\n}\n<\/style>\n<div  class='avia-icon-list-container av-kx08vh08-edee122d633d3bc58352dca81f6fc0ba  avia-builder-el-12  avia-builder-el-no-sibling '><ul class='avia-icon-list avia_animate_when_almost_visible avia-icon-list-left av-iconlist-big av-kx08vh08-edee122d633d3bc58352dca81f6fc0ba avia-iconlist-animate'>\n<li><div class='iconlist_icon av-kx08v3xd-3b697334b94ab076229100bccc16d6b2 avia-font-svg_entypo-fontello avia-svg-icon avia-font-svg_entypo-fontello'><span class='av-icon-char' data-av_svg_icon='location' data-av_iconset='svg_entypo-fontello'><svg version=\"1.1\" xmlns=\"http:\/\/www.w3.org\/2000\/svg\" width=\"16\" height=\"32\" viewBox=\"0 0 16 32\" preserveAspectRatio=\"xMidYMid meet\" aria-labelledby='av-svg-title-7' aria-describedby='av-svg-desc-7' role=\"graphics-symbol\" aria-hidden=\"true\">\n<title id='av-svg-title-7'>Location<\/title>\n<desc id='av-svg-desc-7'>Location<\/desc>\n<path d=\"M8 3.2q3.328 0 5.664 2.336t2.336 5.664q0 3.392-1.984 7.776t-4.032 7.136l-1.984 2.688q-0.32-0.384-0.864-1.12t-1.92-2.848-2.432-4.16-1.92-4.704-0.864-4.768q0-3.328 2.336-5.664t5.664-2.336zM8 15.616q1.792 0 3.072-1.28t1.28-3.072-1.28-3.040-3.072-1.248-3.040 1.248-1.248 3.040 1.248 3.072 3.040 1.28z\"><\/path>\n<\/svg><\/span><\/div><article class=\"article-icon-entry \"  itemscope=\"itemscope\" itemtype=\"https:\/\/schema.org\/CreativeWork\" ><div class=\"iconlist_content_wrap\"><header class=\"entry-content-header\" aria-label=\"Icon: Standort\"><h4 class='av_iconlist_title iconlist_title  '  itemprop=\"headline\" >Standort<\/h4><\/header><div class='iconlist_content '  itemprop=\"text\" ><p><a href=\"\/?p=65#kaisersaal\" target=\"_blank\" rel=\"noopener\">Kaisersaal,<\/a><br \/>\nVitrine Menschen auf dem Land<\/p>\n<p class=\"p1\">Fundort: Truden, St. Blasius<\/p>\n<\/div><\/div><footer class=\"entry-footer\"><\/footer><\/article><div class=\"iconlist-timeline\"><\/div><\/li>\n<li><div class='iconlist_icon av-kx08hj2l-26b11584594509a2c60bae956fd6f317 avia-font-svg_entypo-fontello avia-svg-icon avia-font-svg_entypo-fontello'><span class='av-icon-char' data-av_svg_icon='doc-text' data-av_iconset='svg_entypo-fontello'><svg version=\"1.1\" xmlns=\"http:\/\/www.w3.org\/2000\/svg\" width=\"22\" height=\"32\" viewBox=\"0 0 22 32\" preserveAspectRatio=\"xMidYMid meet\" aria-labelledby='av-svg-title-8' aria-describedby='av-svg-desc-8' role=\"graphics-symbol\" aria-hidden=\"true\">\n<title id='av-svg-title-8'>Doc-text<\/title>\n<desc id='av-svg-desc-8'>Doc-text<\/desc>\n<path d=\"M6.784 17.344v-2.88h8.96v2.88h-8.96zM19.2 1.6q1.344 0 2.272 0.928t0.928 2.272v22.4q0 1.28-0.928 2.24t-2.272 0.96h-16q-1.28 0-2.24-0.96t-0.96-2.24v-22.4q0-1.344 0.96-2.272t2.24-0.928h16zM19.2 27.2v-22.4h-16v22.4h16zM15.68 8.256v2.816h-8.96v-2.816h8.96zM15.68 20.8v2.816h-8.96v-2.816h8.96z\"><\/path>\n<\/svg><\/span><\/div><article class=\"article-icon-entry \"  itemscope=\"itemscope\" itemtype=\"https:\/\/schema.org\/CreativeWork\" ><div class=\"iconlist_content_wrap\"><header class=\"entry-content-header\" aria-label=\"Icon: Ma\u00dfe\"><h4 class='av_iconlist_title iconlist_title  '  itemprop=\"headline\" >Ma\u00dfe<\/h4><\/header><div class='iconlist_content '  itemprop=\"text\" ><p>3,7 cm x 3,6 cm x 1,7 cm<\/p>\n<\/div><\/div><footer class=\"entry-footer\"><\/footer><\/article><div class=\"iconlist-timeline\"><\/div><\/li>\n<li><div class='iconlist_icon av-kx08vdv0-b4a81ba4b8a4f9c8081ed5eb24d9fb81 avia-font-svg_entypo-fontello avia-svg-icon avia-font-svg_entypo-fontello'><span class='av-icon-char' data-av_svg_icon='link' data-av_iconset='svg_entypo-fontello'><svg version=\"1.1\" xmlns=\"http:\/\/www.w3.org\/2000\/svg\" width=\"26\" height=\"32\" viewBox=\"0 0 26 32\" preserveAspectRatio=\"xMidYMid meet\" aria-labelledby='av-svg-title-9' aria-describedby='av-svg-desc-9' role=\"graphics-symbol\" aria-hidden=\"true\">\n<title id='av-svg-title-9'>Link<\/title>\n<desc id='av-svg-desc-9'>Link<\/desc>\n<path d=\"M9.408 23.488q0.448-0.448 1.088-0.448t1.152 0.448q1.024 1.088 0 2.24l-1.344 1.28q-1.792 1.792-4.224 1.792-2.496 0-4.288-1.792t-1.792-4.224q0-2.496 1.792-4.288l4.736-4.736q2.24-2.176 4.608-2.464t4.096 1.376q0.512 0.512 0.512 1.152t-0.512 1.152q-1.152 1.024-2.24 0-1.6-1.536-4.224 1.088l-4.736 4.672q-0.832 0.832-0.832 2.048t0.832 1.984q0.832 0.832 2.016 0.832t2.016-0.832zM23.808 5.12q1.792 1.792 1.792 4.224 0 2.496-1.792 4.288l-5.056 5.056q-2.368 2.304-4.8 2.304-1.984 0-3.584-1.6-0.448-0.448-0.448-1.088t0.448-1.152q0.448-0.448 1.12-0.448t1.12 0.448q1.6 1.536 3.904-0.768l5.056-4.992q0.896-0.896 0.896-2.048 0-1.216-0.896-1.984-0.768-0.832-1.792-0.992t-1.92 0.672l-1.6 1.6q-0.512 0.448-1.152 0.448t-1.088-0.448q-1.088-1.088 0-2.24l1.6-1.6q1.728-1.728 4.064-1.632t4.128 1.952z\"><\/path>\n<\/svg><\/span><\/div><article class=\"article-icon-entry \"  itemscope=\"itemscope\" itemtype=\"https:\/\/schema.org\/CreativeWork\" ><div class=\"iconlist_content_wrap\"><header class=\"entry-content-header\" aria-label=\"Icon: LMST Inv.-Nr.\"><h4 class='av_iconlist_title iconlist_title  '  itemprop=\"headline\" >LMST Inv.-Nr.<\/h4><\/header><div class='iconlist_content '  itemprop=\"text\" ><p>LG 20<\/p>\n<p>S\u00fcdtiroler Landesdenkmalamt<\/p>\n<\/div><\/div><footer class=\"entry-footer\"><\/footer><\/article><div class=\"iconlist-timeline\"><\/div><\/li>\n<\/ul><\/div><\/div>\n","protected":false},"excerpt":{"rendered":"","protected":false},"author":1,"featured_media":8318,"comment_status":"closed","ping_status":"closed","template":"","meta":{"footnotes":""},"tags":[],"portfolio_entries":[129],"class_list":["post-8317","portfolio","type-portfolio","status-publish","has-post-thumbnail","hentry","portfolio_entries-sammlung"],"yoast_head":"<!-- This site is optimized with the Yoast SEO plugin v27.5 - https:\/\/yoast.com\/product\/yoast-seo-wordpress\/ -->\n<title>73 \/ Muschel - Castle Tyrol - South Tyrolean Museum of Culture<\/title>\n<meta name=\"robots\" content=\"index, follow, max-snippet:-1, max-image-preview:large, max-video-preview:-1\" \/>\n<link rel=\"canonical\" href=\"https:\/\/www.schlosstirol.it\/en\/south-tyrolean-museum\/muschel-2\/\" \/>\n<meta property=\"og:locale\" content=\"en_US\" \/>\n<meta property=\"og:type\" content=\"article\" \/>\n<meta property=\"og:title\" content=\"73 \/ Muschel - Castle Tyrol - South Tyrolean Museum of Culture\" \/>\n<meta property=\"og:url\" content=\"https:\/\/www.schlosstirol.it\/en\/south-tyrolean-museum\/muschel-2\/\" \/>\n<meta property=\"og:site_name\" content=\"Castle Tyrol - South Tyrolean Museum of Culture\" \/>\n<meta property=\"article:publisher\" content=\"https:\/\/www.facebook.com\/schlosstirol.casteltirolo\" \/>\n<meta property=\"article:modified_time\" content=\"2022-02-10T08:13:03+00:00\" \/>\n<meta property=\"og:image\" content=\"https:\/\/www.schlosstirol.it\/wp-content\/uploads\/2021\/12\/073_LG_0020_MuschelHerzmuschelTruden_15JhA_SLDA_\u00a9JP2020.jpg\" \/>\n\t<meta property=\"og:image:width\" content=\"797\" \/>\n\t<meta property=\"og:image:height\" content=\"800\" \/>\n\t<meta property=\"og:image:type\" content=\"image\/jpeg\" \/>\n<meta name=\"twitter:card\" content=\"summary_large_image\" \/>\n<script type=\"application\/ld+json\" class=\"yoast-schema-graph\">{\"@context\":\"https:\\\/\\\/schema.org\",\"@graph\":[{\"@type\":\"WebPage\",\"@id\":\"https:\\\/\\\/www.schlosstirol.it\\\/en\\\/south-tyrolean-museum\\\/muschel-2\\\/\",\"url\":\"https:\\\/\\\/www.schlosstirol.it\\\/en\\\/south-tyrolean-museum\\\/muschel-2\\\/\",\"name\":\"73 \\\/ Muschel - Castle Tyrol - South Tyrolean Museum of Culture\",\"isPartOf\":{\"@id\":\"https:\\\/\\\/www.schlosstirol.it\\\/en\\\/#website\"},\"primaryImageOfPage\":{\"@id\":\"https:\\\/\\\/www.schlosstirol.it\\\/en\\\/south-tyrolean-museum\\\/muschel-2\\\/#primaryimage\"},\"image\":{\"@id\":\"https:\\\/\\\/www.schlosstirol.it\\\/en\\\/south-tyrolean-museum\\\/muschel-2\\\/#primaryimage\"},\"thumbnailUrl\":\"https:\\\/\\\/www.schlosstirol.it\\\/wp-content\\\/uploads\\\/2021\\\/12\\\/073_LG_0020_MuschelHerzmuschelTruden_15JhA_SLDA_\u00a9JP2020.jpg\",\"datePublished\":\"2021-12-10T10:28:32+00:00\",\"dateModified\":\"2022-02-10T08:13:03+00:00\",\"breadcrumb\":{\"@id\":\"https:\\\/\\\/www.schlosstirol.it\\\/en\\\/south-tyrolean-museum\\\/muschel-2\\\/#breadcrumb\"},\"inLanguage\":\"en-US\",\"potentialAction\":[{\"@type\":\"ReadAction\",\"target\":[\"https:\\\/\\\/www.schlosstirol.it\\\/en\\\/south-tyrolean-museum\\\/muschel-2\\\/\"]}]},{\"@type\":\"ImageObject\",\"inLanguage\":\"en-US\",\"@id\":\"https:\\\/\\\/www.schlosstirol.it\\\/en\\\/south-tyrolean-museum\\\/muschel-2\\\/#primaryimage\",\"url\":\"https:\\\/\\\/www.schlosstirol.it\\\/wp-content\\\/uploads\\\/2021\\\/12\\\/073_LG_0020_MuschelHerzmuschelTruden_15JhA_SLDA_\u00a9JP2020.jpg\",\"contentUrl\":\"https:\\\/\\\/www.schlosstirol.it\\\/wp-content\\\/uploads\\\/2021\\\/12\\\/073_LG_0020_MuschelHerzmuschelTruden_15JhA_SLDA_\u00a9JP2020.jpg\",\"width\":797,\"height\":800},{\"@type\":\"BreadcrumbList\",\"@id\":\"https:\\\/\\\/www.schlosstirol.it\\\/en\\\/south-tyrolean-museum\\\/muschel-2\\\/#breadcrumb\",\"itemListElement\":[{\"@type\":\"ListItem\",\"position\":1,\"name\":\"Startseite\",\"item\":\"https:\\\/\\\/www.schlosstirol.it\\\/en\\\/castle-tyrol\\\/\"},{\"@type\":\"ListItem\",\"position\":2,\"name\":\"73 \\\/ Muschel\"}]},{\"@type\":\"WebSite\",\"@id\":\"https:\\\/\\\/www.schlosstirol.it\\\/en\\\/#website\",\"url\":\"https:\\\/\\\/www.schlosstirol.it\\\/en\\\/\",\"name\":\"Castle Tyrol - South Tyrolean Museum of Culture\",\"description\":\"South Tyrolean Museum of Culture and Provincial History\",\"publisher\":{\"@id\":\"https:\\\/\\\/www.schlosstirol.it\\\/en\\\/#organization\"},\"potentialAction\":[{\"@type\":\"SearchAction\",\"target\":{\"@type\":\"EntryPoint\",\"urlTemplate\":\"https:\\\/\\\/www.schlosstirol.it\\\/en\\\/?s={search_term_string}\"},\"query-input\":{\"@type\":\"PropertyValueSpecification\",\"valueRequired\":true,\"valueName\":\"search_term_string\"}}],\"inLanguage\":\"en-US\"},{\"@type\":\"Organization\",\"@id\":\"https:\\\/\\\/www.schlosstirol.it\\\/en\\\/#organization\",\"name\":\"Castle Tyrol\",\"url\":\"https:\\\/\\\/www.schlosstirol.it\\\/en\\\/\",\"logo\":{\"@type\":\"ImageObject\",\"inLanguage\":\"en-US\",\"@id\":\"https:\\\/\\\/www.schlosstirol.it\\\/en\\\/#\\\/schema\\\/logo\\\/image\\\/\",\"url\":\"https:\\\/\\\/www.schlosstirol.it\\\/wp-content\\\/uploads\\\/2018\\\/09\\\/schloss-tirol_logo-impressum.png\",\"contentUrl\":\"https:\\\/\\\/www.schlosstirol.it\\\/wp-content\\\/uploads\\\/2018\\\/09\\\/schloss-tirol_logo-impressum.png\",\"width\":1030,\"height\":687,\"caption\":\"Castle Tyrol\"},\"image\":{\"@id\":\"https:\\\/\\\/www.schlosstirol.it\\\/en\\\/#\\\/schema\\\/logo\\\/image\\\/\"},\"sameAs\":[\"https:\\\/\\\/www.facebook.com\\\/schlosstirol.casteltirolo\"]}]}<\/script>\n<!-- \/ Yoast SEO plugin. -->","yoast_head_json":{"title":"73 \/ Muschel - Castle Tyrol - South Tyrolean Museum of Culture","robots":{"index":"index","follow":"follow","max-snippet":"max-snippet:-1","max-image-preview":"max-image-preview:large","max-video-preview":"max-video-preview:-1"},"canonical":"https:\/\/www.schlosstirol.it\/en\/south-tyrolean-museum\/muschel-2\/","og_locale":"en_US","og_type":"article","og_title":"73 \/ Muschel - Castle Tyrol - South Tyrolean Museum of Culture","og_url":"https:\/\/www.schlosstirol.it\/en\/south-tyrolean-museum\/muschel-2\/","og_site_name":"Castle Tyrol - South Tyrolean Museum of Culture","article_publisher":"https:\/\/www.facebook.com\/schlosstirol.casteltirolo","article_modified_time":"2022-02-10T08:13:03+00:00","og_image":[{"width":797,"height":800,"url":"https:\/\/www.schlosstirol.it\/wp-content\/uploads\/2021\/12\/073_LG_0020_MuschelHerzmuschelTruden_15JhA_SLDA_\u00a9JP2020.jpg","type":"image\/jpeg"}],"twitter_card":"summary_large_image","schema":{"@context":"https:\/\/schema.org","@graph":[{"@type":"WebPage","@id":"https:\/\/www.schlosstirol.it\/en\/south-tyrolean-museum\/muschel-2\/","url":"https:\/\/www.schlosstirol.it\/en\/south-tyrolean-museum\/muschel-2\/","name":"73 \/ Muschel - Castle Tyrol - South Tyrolean Museum of Culture","isPartOf":{"@id":"https:\/\/www.schlosstirol.it\/en\/#website"},"primaryImageOfPage":{"@id":"https:\/\/www.schlosstirol.it\/en\/south-tyrolean-museum\/muschel-2\/#primaryimage"},"image":{"@id":"https:\/\/www.schlosstirol.it\/en\/south-tyrolean-museum\/muschel-2\/#primaryimage"},"thumbnailUrl":"https:\/\/www.schlosstirol.it\/wp-content\/uploads\/2021\/12\/073_LG_0020_MuschelHerzmuschelTruden_15JhA_SLDA_\u00a9JP2020.jpg","datePublished":"2021-12-10T10:28:32+00:00","dateModified":"2022-02-10T08:13:03+00:00","breadcrumb":{"@id":"https:\/\/www.schlosstirol.it\/en\/south-tyrolean-museum\/muschel-2\/#breadcrumb"},"inLanguage":"en-US","potentialAction":[{"@type":"ReadAction","target":["https:\/\/www.schlosstirol.it\/en\/south-tyrolean-museum\/muschel-2\/"]}]},{"@type":"ImageObject","inLanguage":"en-US","@id":"https:\/\/www.schlosstirol.it\/en\/south-tyrolean-museum\/muschel-2\/#primaryimage","url":"https:\/\/www.schlosstirol.it\/wp-content\/uploads\/2021\/12\/073_LG_0020_MuschelHerzmuschelTruden_15JhA_SLDA_\u00a9JP2020.jpg","contentUrl":"https:\/\/www.schlosstirol.it\/wp-content\/uploads\/2021\/12\/073_LG_0020_MuschelHerzmuschelTruden_15JhA_SLDA_\u00a9JP2020.jpg","width":797,"height":800},{"@type":"BreadcrumbList","@id":"https:\/\/www.schlosstirol.it\/en\/south-tyrolean-museum\/muschel-2\/#breadcrumb","itemListElement":[{"@type":"ListItem","position":1,"name":"Startseite","item":"https:\/\/www.schlosstirol.it\/en\/castle-tyrol\/"},{"@type":"ListItem","position":2,"name":"73 \/ Muschel"}]},{"@type":"WebSite","@id":"https:\/\/www.schlosstirol.it\/en\/#website","url":"https:\/\/www.schlosstirol.it\/en\/","name":"Castle Tyrol - South Tyrolean Museum of Culture","description":"South Tyrolean Museum of Culture and Provincial History","publisher":{"@id":"https:\/\/www.schlosstirol.it\/en\/#organization"},"potentialAction":[{"@type":"SearchAction","target":{"@type":"EntryPoint","urlTemplate":"https:\/\/www.schlosstirol.it\/en\/?s={search_term_string}"},"query-input":{"@type":"PropertyValueSpecification","valueRequired":true,"valueName":"search_term_string"}}],"inLanguage":"en-US"},{"@type":"Organization","@id":"https:\/\/www.schlosstirol.it\/en\/#organization","name":"Castle Tyrol","url":"https:\/\/www.schlosstirol.it\/en\/","logo":{"@type":"ImageObject","inLanguage":"en-US","@id":"https:\/\/www.schlosstirol.it\/en\/#\/schema\/logo\/image\/","url":"https:\/\/www.schlosstirol.it\/wp-content\/uploads\/2018\/09\/schloss-tirol_logo-impressum.png","contentUrl":"https:\/\/www.schlosstirol.it\/wp-content\/uploads\/2018\/09\/schloss-tirol_logo-impressum.png","width":1030,"height":687,"caption":"Castle Tyrol"},"image":{"@id":"https:\/\/www.schlosstirol.it\/en\/#\/schema\/logo\/image\/"},"sameAs":["https:\/\/www.facebook.com\/schlosstirol.casteltirolo"]}]}},"_links":{"self":[{"href":"https:\/\/www.schlosstirol.it\/en\/wp-json\/wp\/v2\/portfolio\/8317","targetHints":{"allow":["GET"]}}],"collection":[{"href":"https:\/\/www.schlosstirol.it\/en\/wp-json\/wp\/v2\/portfolio"}],"about":[{"href":"https:\/\/www.schlosstirol.it\/en\/wp-json\/wp\/v2\/types\/portfolio"}],"author":[{"embeddable":true,"href":"https:\/\/www.schlosstirol.it\/en\/wp-json\/wp\/v2\/users\/1"}],"replies":[{"embeddable":true,"href":"https:\/\/www.schlosstirol.it\/en\/wp-json\/wp\/v2\/comments?post=8317"}],"version-history":[{"count":0,"href":"https:\/\/www.schlosstirol.it\/en\/wp-json\/wp\/v2\/portfolio\/8317\/revisions"}],"wp:featuredmedia":[{"embeddable":true,"href":"https:\/\/www.schlosstirol.it\/en\/wp-json\/wp\/v2\/media\/8318"}],"wp:attachment":[{"href":"https:\/\/www.schlosstirol.it\/en\/wp-json\/wp\/v2\/media?parent=8317"}],"wp:term":[{"taxonomy":"post_tag","embeddable":true,"href":"https:\/\/www.schlosstirol.it\/en\/wp-json\/wp\/v2\/tags?post=8317"},{"taxonomy":"portfolio_entries","embeddable":true,"href":"https:\/\/www.schlosstirol.it\/en\/wp-json\/wp\/v2\/portfolio_entries?post=8317"}],"curies":[{"name":"wp","href":"https:\/\/api.w.org\/{rel}","templated":true}]}}