{"id":10588,"date":"2022-01-12T15:14:05","date_gmt":"2022-01-12T14:14:05","guid":{"rendered":"https:\/\/www.schlosstirol.it\/landesmuseum-suedtirol\/ausstellungen-2021\/"},"modified":"2023-02-07T15:02:54","modified_gmt":"2023-02-07T14:02:54","slug":"mostre-2021","status":"publish","type":"portfolio","link":"https:\/\/www.schlosstirol.it\/it\/museo-provinciale-alto-adige\/mostre-2021\/","title":{"rendered":"Mostre 2021"},"content":{"rendered":"<div id='full_slider_1'  class='avia-fullwidth-slider main_color avia-shadow   avia-builder-el-0  el_before_av_section  avia-builder-el-first   container_wrap fullsize'  >\n<style type=\"text\/css\" data-created_by=\"avia_inline_auto\" id=\"style-css-av-ldubak6f-2698f6a354bb6150b210e8e3bb4d7b2a\">\n#top #wrap_all .avia-slideshow .av-slideshow-caption.av-ldubak6f-2698f6a354bb6150b210e8e3bb4d7b2a__0 .avia-caption-title{\nfont-size:50px;\n}\n<\/style>\n<div  class='avia-slideshow av-ldubak6f-2698f6a354bb6150b210e8e3bb4d7b2a avia-slideshow-featured_large av_slideshow_full avia-fade-slider av-slideshow-ui av-control-hidden av-no-slider-navigation av-hide-nav-arrows av-slideshow-autoplay av-loop-endless av-loop-manual-endless av-default-height-applied   avia-slideshow-1' data-slideshow-options=\"{&quot;animation&quot;:&quot;fade&quot;,&quot;autoplay&quot;:true,&quot;loop_autoplay&quot;:&quot;endless&quot;,&quot;interval&quot;:5,&quot;loop_manual&quot;:&quot;manual-endless&quot;,&quot;autoplay_stopper&quot;:false,&quot;noNavigation&quot;:true,&quot;bg_slider&quot;:false,&quot;keep_padding&quot;:false,&quot;hoverpause&quot;:false,&quot;show_slide_delay&quot;:0}\"  itemprop=\"image\" itemscope=\"itemscope\" itemtype=\"https:\/\/schema.org\/ImageObject\" ><ul class='avia-slideshow-inner ' style='padding-bottom: 42%;'><li  class='avia-slideshow-slide av-ldubak6f-2698f6a354bb6150b210e8e3bb4d7b2a__0  av-single-slide slide-1 slide-odd'><a href=\"#mostre\"  data-rel='slideshow-1' class='avia-slide-wrap '   ><div class='av-slideshow-caption av-ldubak6f-2698f6a354bb6150b210e8e3bb4d7b2a__0 caption_fullwidth caption_left'><div class=\"container caption_container\"><div class=\"slideshow_caption\"><div class=\"slideshow_inner_caption\"><div class=\"slideshow_align_caption\"><h2 class='avia-caption-title '  itemprop=\"name\" >Mostre 2021<\/h2><\/div><\/div><\/div><\/div><\/div><img decoding=\"async\" fetchpriority=\"high\" class=\"wp-image-6981 avia-img-lazy-loading-not-6981\"  src=\"https:\/\/www.schlosstirol.it\/wp-content\/uploads\/2020\/01\/symbol-macht-bewegung-titel.jpg\" width=\"1500\" height=\"630\" title='symbol-macht-bewegung-titel' alt=''  itemprop=\"thumbnailUrl\"  style='min-height:300px; min-width:715px; ' srcset=\"https:\/\/www.schlosstirol.it\/wp-content\/uploads\/2020\/01\/symbol-macht-bewegung-titel.jpg 1500w, https:\/\/www.schlosstirol.it\/wp-content\/uploads\/2020\/01\/symbol-macht-bewegung-titel-300x126.jpg 300w, https:\/\/www.schlosstirol.it\/wp-content\/uploads\/2020\/01\/symbol-macht-bewegung-titel-1030x433.jpg 1030w, https:\/\/www.schlosstirol.it\/wp-content\/uploads\/2020\/01\/symbol-macht-bewegung-titel-768x323.jpg 768w, https:\/\/www.schlosstirol.it\/wp-content\/uploads\/2020\/01\/symbol-macht-bewegung-titel-705x296.jpg 705w\" sizes=\"(max-width: 1500px) 100vw, 1500px\" \/><\/a><\/li><\/ul><\/div><\/div>\n<div id='mostre'  class='avia-section av-av_section-9dc0f99c9194bf4e960a7ef2635fbfcd main_color avia-section-default avia-no-border-styling  avia-builder-el-1  el_after_av_slideshow_full  el_before_av_section  avia-bg-style-scroll container_wrap fullsize'  ><div class='container av-section-cont-open' ><div class='template-page content  av-content-full alpha units'><div class='post-entry post-entry-type-page post-entry-10588'><div class='entry-content-wrapper clearfix'>\n\n<style type=\"text\/css\" data-created_by=\"avia_inline_auto\" id=\"style-css-av-av_one_third-abf61815a02831d116b1aaa4a1b0ed13\">\n.flex_column.av-av_one_third-abf61815a02831d116b1aaa4a1b0ed13{\nborder-radius:0px 0px 0px 0px;\npadding:0px 0px 0px 0px;\n}\n<\/style>\n<div  class='flex_column av-av_one_third-abf61815a02831d116b1aaa4a1b0ed13 av_one_third  avia-builder-el-2  el_before_av_two_third  avia-builder-el-first  first flex_column_div av-zero-column-padding  '     ><style type=\"text\/css\" data-created_by=\"avia_inline_auto\" id=\"style-css-av-av_gallery-5c4457515cb2e7d4cac9a28f13cf8420\">\n#top .avia-gallery.av-av_gallery-5c4457515cb2e7d4cac9a28f13cf8420 .avia-gallery-thumb a{\nwidth:100%;\n}\n<\/style>\n<div  class='avia-gallery av-av_gallery-5c4457515cb2e7d4cac9a28f13cf8420 avia_animate_when_visible  avia-builder-el-3  avia-builder-el-no-sibling  deactivate_avia_lazyload avia-gallery-animate avia-gallery-1'  itemprop=\"image\" itemscope=\"itemscope\" itemtype=\"https:\/\/schema.org\/ImageObject\" ><meta itemprop=\"contentURL\" content=\"https:\/\/www.schlosstirol.it\/it\/museo-provinciale-alto-adige\/mostre-2021\/\"><div class='avia-gallery-thumb'><a href=\"https:\/\/www.schlosstirol.it\/wp-content\/uploads\/2020\/01\/701734_G.-Bodenehr-d.-Ae._BotzenBozen_um1720_Kopie.jpg\" data-srcset=\"https:\/\/www.schlosstirol.it\/wp-content\/uploads\/2020\/01\/701734_G.-Bodenehr-d.-Ae._BotzenBozen_um1720_Kopie.jpg 1030w, https:\/\/www.schlosstirol.it\/wp-content\/uploads\/2020\/01\/701734_G.-Bodenehr-d.-Ae._BotzenBozen_um1720_Kopie-300x224.jpg 300w, https:\/\/www.schlosstirol.it\/wp-content\/uploads\/2020\/01\/701734_G.-Bodenehr-d.-Ae._BotzenBozen_um1720_Kopie-768x573.jpg 768w, https:\/\/www.schlosstirol.it\/wp-content\/uploads\/2020\/01\/701734_G.-Bodenehr-d.-Ae._BotzenBozen_um1720_Kopie-705x526.jpg 705w\" data-sizes=\"(max-width: 1030px) 100vw, 1030px\" data-rel='gallery-1' data-prev-img='https:\/\/www.schlosstirol.it\/wp-content\/uploads\/2020\/01\/701734_G.-Bodenehr-d.-Ae._BotzenBozen_um1720_Kopie.jpg' class='first_thumb lightbox ' data-onclick='1' title='G. Bodenehr il V., Botzen, ca. 1720'  itemprop=\"thumbnailUrl\"  ><img decoding=\"async\" fetchpriority=\"high\" class=\"wp-image-5998 avia-img-lazy-loading-not-5998\"  data-avia-tooltip='G. Bodenehr il V., Botzen, ca. 1720' src=\"https:\/\/www.schlosstirol.it\/wp-content\/uploads\/2020\/01\/701734_G.-Bodenehr-d.-Ae._BotzenBozen_um1720_Kopie.jpg\" width=\"1030\" height=\"768\"  title='' alt='' srcset=\"https:\/\/www.schlosstirol.it\/wp-content\/uploads\/2020\/01\/701734_G.-Bodenehr-d.-Ae._BotzenBozen_um1720_Kopie.jpg 1030w, https:\/\/www.schlosstirol.it\/wp-content\/uploads\/2020\/01\/701734_G.-Bodenehr-d.-Ae._BotzenBozen_um1720_Kopie-300x224.jpg 300w, https:\/\/www.schlosstirol.it\/wp-content\/uploads\/2020\/01\/701734_G.-Bodenehr-d.-Ae._BotzenBozen_um1720_Kopie-768x573.jpg 768w, https:\/\/www.schlosstirol.it\/wp-content\/uploads\/2020\/01\/701734_G.-Bodenehr-d.-Ae._BotzenBozen_um1720_Kopie-705x526.jpg 705w\" sizes=\"(max-width: 1030px) 100vw, 1030px\" \/><div class='big-prev-fake'><img decoding=\"async\" loading=\"lazy\" class=\"wp-image-5998 avia-img-lazy-loading-5998\"  width=\"1030\" height=\"768\" src=\"https:\/\/www.schlosstirol.it\/wp-content\/uploads\/2020\/01\/701734_G.-Bodenehr-d.-Ae._BotzenBozen_um1720_Kopie.jpg\" title='' alt='' srcset=\"https:\/\/www.schlosstirol.it\/wp-content\/uploads\/2020\/01\/701734_G.-Bodenehr-d.-Ae._BotzenBozen_um1720_Kopie.jpg 1030w, https:\/\/www.schlosstirol.it\/wp-content\/uploads\/2020\/01\/701734_G.-Bodenehr-d.-Ae._BotzenBozen_um1720_Kopie-300x224.jpg 300w, https:\/\/www.schlosstirol.it\/wp-content\/uploads\/2020\/01\/701734_G.-Bodenehr-d.-Ae._BotzenBozen_um1720_Kopie-768x573.jpg 768w, https:\/\/www.schlosstirol.it\/wp-content\/uploads\/2020\/01\/701734_G.-Bodenehr-d.-Ae._BotzenBozen_um1720_Kopie-705x526.jpg 705w\" sizes=\"auto, (max-width: 1030px) 100vw, 1030px\" \/><\/div><\/a><a href=\"https:\/\/www.schlosstirol.it\/wp-content\/uploads\/2021\/08\/Kartenbild_Ausstellungsraum-1-1030x578.jpg\" data-srcset=\"https:\/\/www.schlosstirol.it\/wp-content\/uploads\/2021\/08\/Kartenbild_Ausstellungsraum-1-1030x578.jpg 1030w, https:\/\/www.schlosstirol.it\/wp-content\/uploads\/2021\/08\/Kartenbild_Ausstellungsraum-1-300x168.jpg 300w, https:\/\/www.schlosstirol.it\/wp-content\/uploads\/2021\/08\/Kartenbild_Ausstellungsraum-1-768x431.jpg 768w, https:\/\/www.schlosstirol.it\/wp-content\/uploads\/2021\/08\/Kartenbild_Ausstellungsraum-1-705x396.jpg 705w, https:\/\/www.schlosstirol.it\/wp-content\/uploads\/2021\/08\/Kartenbild_Ausstellungsraum-1.jpg 1122w\" data-sizes=\"(max-width: 1030px) 100vw, 1030px\" data-rel='gallery-1' data-prev-img='https:\/\/www.schlosstirol.it\/wp-content\/uploads\/2021\/08\/Kartenbild_Ausstellungsraum-1.jpg' class='first_thumb lightbox ' data-onclick='2' title='Sala espositiva 1'  itemprop=\"thumbnailUrl\"  ><img decoding=\"async\" fetchpriority=\"high\" class=\"wp-image-7135 avia-img-lazy-loading-not-7135\"  data-avia-tooltip='Sala espositiva 1' src=\"https:\/\/www.schlosstirol.it\/wp-content\/uploads\/2021\/08\/Kartenbild_Ausstellungsraum-1.jpg\" width=\"1122\" height=\"630\"  title='' alt='' srcset=\"https:\/\/www.schlosstirol.it\/wp-content\/uploads\/2021\/08\/Kartenbild_Ausstellungsraum-1.jpg 1122w, https:\/\/www.schlosstirol.it\/wp-content\/uploads\/2021\/08\/Kartenbild_Ausstellungsraum-1-300x168.jpg 300w, https:\/\/www.schlosstirol.it\/wp-content\/uploads\/2021\/08\/Kartenbild_Ausstellungsraum-1-1030x578.jpg 1030w, https:\/\/www.schlosstirol.it\/wp-content\/uploads\/2021\/08\/Kartenbild_Ausstellungsraum-1-768x431.jpg 768w, https:\/\/www.schlosstirol.it\/wp-content\/uploads\/2021\/08\/Kartenbild_Ausstellungsraum-1-705x396.jpg 705w\" sizes=\"(max-width: 1122px) 100vw, 1122px\" \/><div class='big-prev-fake'><img decoding=\"async\" loading=\"lazy\" class=\"wp-image-7135 avia-img-lazy-loading-7135\"  width=\"1122\" height=\"630\" src=\"https:\/\/www.schlosstirol.it\/wp-content\/uploads\/2021\/08\/Kartenbild_Ausstellungsraum-1.jpg\" title='' alt='' srcset=\"https:\/\/www.schlosstirol.it\/wp-content\/uploads\/2021\/08\/Kartenbild_Ausstellungsraum-1.jpg 1122w, https:\/\/www.schlosstirol.it\/wp-content\/uploads\/2021\/08\/Kartenbild_Ausstellungsraum-1-300x168.jpg 300w, https:\/\/www.schlosstirol.it\/wp-content\/uploads\/2021\/08\/Kartenbild_Ausstellungsraum-1-1030x578.jpg 1030w, https:\/\/www.schlosstirol.it\/wp-content\/uploads\/2021\/08\/Kartenbild_Ausstellungsraum-1-768x431.jpg 768w, https:\/\/www.schlosstirol.it\/wp-content\/uploads\/2021\/08\/Kartenbild_Ausstellungsraum-1-705x396.jpg 705w\" sizes=\"auto, (max-width: 1122px) 100vw, 1122px\" \/><\/div><\/a><a href=\"https:\/\/www.schlosstirol.it\/wp-content\/uploads\/2021\/08\/Kartenbild_Ausstellungsraum-2-1030x578.jpg\" data-srcset=\"https:\/\/www.schlosstirol.it\/wp-content\/uploads\/2021\/08\/Kartenbild_Ausstellungsraum-2-1030x578.jpg 1030w, https:\/\/www.schlosstirol.it\/wp-content\/uploads\/2021\/08\/Kartenbild_Ausstellungsraum-2-300x168.jpg 300w, https:\/\/www.schlosstirol.it\/wp-content\/uploads\/2021\/08\/Kartenbild_Ausstellungsraum-2-768x431.jpg 768w, https:\/\/www.schlosstirol.it\/wp-content\/uploads\/2021\/08\/Kartenbild_Ausstellungsraum-2-705x396.jpg 705w, https:\/\/www.schlosstirol.it\/wp-content\/uploads\/2021\/08\/Kartenbild_Ausstellungsraum-2.jpg 1123w\" data-sizes=\"(max-width: 1030px) 100vw, 1030px\" data-rel='gallery-1' data-prev-img='https:\/\/www.schlosstirol.it\/wp-content\/uploads\/2021\/08\/Kartenbild_Ausstellungsraum-2.jpg' class='first_thumb lightbox ' data-onclick='3' title='Sala espositiva 2'  itemprop=\"thumbnailUrl\"  ><img decoding=\"async\" fetchpriority=\"high\" class=\"wp-image-7138 avia-img-lazy-loading-not-7138\"  data-avia-tooltip='Sala espositiva 2' src=\"https:\/\/www.schlosstirol.it\/wp-content\/uploads\/2021\/08\/Kartenbild_Ausstellungsraum-2.jpg\" width=\"1123\" height=\"630\"  title='' alt='' srcset=\"https:\/\/www.schlosstirol.it\/wp-content\/uploads\/2021\/08\/Kartenbild_Ausstellungsraum-2.jpg 1123w, https:\/\/www.schlosstirol.it\/wp-content\/uploads\/2021\/08\/Kartenbild_Ausstellungsraum-2-300x168.jpg 300w, https:\/\/www.schlosstirol.it\/wp-content\/uploads\/2021\/08\/Kartenbild_Ausstellungsraum-2-1030x578.jpg 1030w, https:\/\/www.schlosstirol.it\/wp-content\/uploads\/2021\/08\/Kartenbild_Ausstellungsraum-2-768x431.jpg 768w, https:\/\/www.schlosstirol.it\/wp-content\/uploads\/2021\/08\/Kartenbild_Ausstellungsraum-2-705x396.jpg 705w\" sizes=\"(max-width: 1123px) 100vw, 1123px\" \/><div class='big-prev-fake'><img decoding=\"async\" loading=\"lazy\" class=\"wp-image-7138 avia-img-lazy-loading-7138\"  width=\"1123\" height=\"630\" src=\"https:\/\/www.schlosstirol.it\/wp-content\/uploads\/2021\/08\/Kartenbild_Ausstellungsraum-2.jpg\" title='' alt='' srcset=\"https:\/\/www.schlosstirol.it\/wp-content\/uploads\/2021\/08\/Kartenbild_Ausstellungsraum-2.jpg 1123w, https:\/\/www.schlosstirol.it\/wp-content\/uploads\/2021\/08\/Kartenbild_Ausstellungsraum-2-300x168.jpg 300w, https:\/\/www.schlosstirol.it\/wp-content\/uploads\/2021\/08\/Kartenbild_Ausstellungsraum-2-1030x578.jpg 1030w, https:\/\/www.schlosstirol.it\/wp-content\/uploads\/2021\/08\/Kartenbild_Ausstellungsraum-2-768x431.jpg 768w, https:\/\/www.schlosstirol.it\/wp-content\/uploads\/2021\/08\/Kartenbild_Ausstellungsraum-2-705x396.jpg 705w\" sizes=\"auto, (max-width: 1123px) 100vw, 1123px\" \/><\/div><\/a><\/div><\/div><\/div>\n<style type=\"text\/css\" data-created_by=\"avia_inline_auto\" id=\"style-css-av-av_two_third-304ee5f7fcc078b0df93dd9c2a84aaed\">\n.flex_column.av-av_two_third-304ee5f7fcc078b0df93dd9c2a84aaed{\nborder-radius:0px 0px 0px 0px;\npadding:30px 0 30px 0;\n}\n<\/style>\n<div  class='flex_column av-av_two_third-304ee5f7fcc078b0df93dd9c2a84aaed av_two_third  avia-builder-el-4  el_after_av_one_third  avia-builder-el-last  flex_column_div  '     ><p>\n<style type=\"text\/css\" data-created_by=\"avia_inline_auto\" id=\"style-css-av-av_heading-a96c13ee8787e2de613c4407294e27b7\">\n#top .av-special-heading.av-av_heading-a96c13ee8787e2de613c4407294e27b7{\npadding-bottom:20px;\n}\nbody .av-special-heading.av-av_heading-a96c13ee8787e2de613c4407294e27b7 .av-special-heading-tag .heading-char{\nfont-size:25px;\n}\n.av-special-heading.av-av_heading-a96c13ee8787e2de613c4407294e27b7 .av-subheading{\nfont-size:21px;\n}\n<\/style>\n<div  class='av-special-heading av-av_heading-a96c13ee8787e2de613c4407294e27b7 av-special-heading-h2 blockquote modern-quote  avia-builder-el-5  el_before_av_textblock  avia-builder-el-first  av-linked-heading'><h2 class='av-special-heading-tag '  itemprop=\"headline\"  >Simbolo, potere, mobilit\u00e0. Il Tirolo nelle mappe storiche<\/h2><div class='av-subheading av-subheading_below'><p>dal 3 luglio al 21 novembre 2021<\/p>\n<\/div><div class=\"special-heading-border\"><div class=\"special-heading-inner-border\"><\/div><\/div><\/div><br \/>\n<section  class='av_textblock_section av-av_textblock-32af9c344aeda5838e62bcf702809feb '   itemscope=\"itemscope\" itemtype=\"https:\/\/schema.org\/CreativeWork\" ><div class='avia_textblock'  itemprop=\"text\" ><p>Negli ultimi decenni le antiche carte geografiche sono diventate una base indispensabile per la ricerca. Esse infatti non riportano informazioni neutrali, ma documentano le condizioni politiche ed economiche di un determinato periodo storico. Non va quindi sottovalutata la loro importanza come strumento di propaganda: con esse venivano condotte e pianificate le battaglie, visualizzati i confini e i territori, risolte le dispute di confine e amministrati gli Stati. Molte carte mostrano tra l\u2019altro anche zone minerarie, terreni agricoli e forestali, aree industrializzate, la rete stradale e ferroviaria, cos\u00ec come percorsi escursionistici e piste da sci. Questa mostra, in oltre ottanta tra carte geografiche e parti di esse provenienti principalmente da archivi e biblioteche tirolesi, porta alla luce nel contesto dello sviluppo generale della cartografia dall\u2019Antichit\u00e0 al XX secolo l\u2019esempio del Tirolo quale collegamento tra cartografia, politica ed economia.<\/p>\n<p>Tematiche principali: Gli albori della cartografia (XVI\/XVII secolo); Il Tirolo rappresentato dai cartografi tedeschi, olandesi e francesi; Le catastrofi naturali \u2013 la regolazione dei fiumi; L\u2019inizio dei rilievi; Peter Anich e il suo tempo; La ricognizione topografica; I trasporti; Il turismo; L\u2019industria mineraria e l\u2019agricoltura; La guerra e la propaganda.<\/p>\n<p>Curatrice: Petra Svatek, Akademie der Wissenschaften, Vienna<\/p>\n<\/div><\/section><\/p><\/div>\n\n<\/div><\/div><\/div><!-- close content main div --><\/div><\/div><div id='mostre'  class='avia-section av-av_section-9dc0f99c9194bf4e960a7ef2635fbfcd main_color avia-section-default avia-no-border-styling  avia-builder-el-7  el_after_av_section  el_before_av_section  avia-bg-style-scroll container_wrap fullsize'  ><div class='container av-section-cont-open' ><div class='template-page content  av-content-full alpha units'><div class='post-entry post-entry-type-page post-entry-10588'><div class='entry-content-wrapper clearfix'>\n\n<style type=\"text\/css\" data-created_by=\"avia_inline_auto\" id=\"style-css-av-av_one_third-abf61815a02831d116b1aaa4a1b0ed13\">\n.flex_column.av-av_one_third-abf61815a02831d116b1aaa4a1b0ed13{\nborder-radius:0px 0px 0px 0px;\npadding:0px 0px 0px 0px;\n}\n<\/style>\n<div  class='flex_column av-av_one_third-abf61815a02831d116b1aaa4a1b0ed13 av_one_third  avia-builder-el-8  el_before_av_two_third  avia-builder-el-first  first flex_column_div av-zero-column-padding  '     ><style type=\"text\/css\" data-created_by=\"avia_inline_auto\" id=\"style-css-av-av_gallery-fcce576e7aa566e1f48f789ebf662e92\">\n#top .avia-gallery.av-av_gallery-fcce576e7aa566e1f48f789ebf662e92 .avia-gallery-thumb a{\nwidth:100%;\n}\n<\/style>\n<div  class='avia-gallery av-av_gallery-fcce576e7aa566e1f48f789ebf662e92 avia_animate_when_visible  avia-builder-el-9  avia-builder-el-no-sibling  deactivate_avia_lazyload avia-gallery-animate avia-gallery-2'  itemprop=\"image\" itemscope=\"itemscope\" itemtype=\"https:\/\/schema.org\/ImageObject\" ><meta itemprop=\"contentURL\" content=\"https:\/\/www.schlosstirol.it\/it\/museo-provinciale-alto-adige\/mostre-2021\/\"><div class='avia-gallery-thumb'><a href=\"https:\/\/www.schlosstirol.it\/wp-content\/uploads\/2021\/10\/Gestaltung-Assmann-1.jpg\" data-srcset=\"https:\/\/www.schlosstirol.it\/wp-content\/uploads\/2021\/10\/Gestaltung-Assmann-1.jpg 945w, https:\/\/www.schlosstirol.it\/wp-content\/uploads\/2021\/10\/Gestaltung-Assmann-1-300x200.jpg 300w, https:\/\/www.schlosstirol.it\/wp-content\/uploads\/2021\/10\/Gestaltung-Assmann-1-768x512.jpg 768w, https:\/\/www.schlosstirol.it\/wp-content\/uploads\/2021\/10\/Gestaltung-Assmann-1-705x470.jpg 705w\" data-sizes=\"(max-width: 945px) 100vw, 945px\" data-rel='gallery-2' data-prev-img='https:\/\/www.schlosstirol.it\/wp-content\/uploads\/2021\/10\/Gestaltung-Assmann-1.jpg' class='first_thumb lightbox ' data-onclick='1' title='Peter Assmann &#8211; Spazi espositivi'  itemprop=\"thumbnailUrl\"  ><img decoding=\"async\" fetchpriority=\"high\" class=\"wp-image-7383 avia-img-lazy-loading-not-7383\"  data-avia-tooltip='Peter Assmann &#8211; Spazi espositivi' src=\"https:\/\/www.schlosstirol.it\/wp-content\/uploads\/2021\/10\/Gestaltung-Assmann-1.jpg\" width=\"945\" height=\"630\"  title='' alt='' srcset=\"https:\/\/www.schlosstirol.it\/wp-content\/uploads\/2021\/10\/Gestaltung-Assmann-1.jpg 945w, https:\/\/www.schlosstirol.it\/wp-content\/uploads\/2021\/10\/Gestaltung-Assmann-1-300x200.jpg 300w, https:\/\/www.schlosstirol.it\/wp-content\/uploads\/2021\/10\/Gestaltung-Assmann-1-768x512.jpg 768w, https:\/\/www.schlosstirol.it\/wp-content\/uploads\/2021\/10\/Gestaltung-Assmann-1-705x470.jpg 705w\" sizes=\"(max-width: 945px) 100vw, 945px\" \/><div class='big-prev-fake'><img decoding=\"async\" loading=\"lazy\" class=\"wp-image-7383 avia-img-lazy-loading-7383\"  width=\"945\" height=\"630\" src=\"https:\/\/www.schlosstirol.it\/wp-content\/uploads\/2021\/10\/Gestaltung-Assmann-1.jpg\" title='' alt='' srcset=\"https:\/\/www.schlosstirol.it\/wp-content\/uploads\/2021\/10\/Gestaltung-Assmann-1.jpg 945w, https:\/\/www.schlosstirol.it\/wp-content\/uploads\/2021\/10\/Gestaltung-Assmann-1-300x200.jpg 300w, https:\/\/www.schlosstirol.it\/wp-content\/uploads\/2021\/10\/Gestaltung-Assmann-1-768x512.jpg 768w, https:\/\/www.schlosstirol.it\/wp-content\/uploads\/2021\/10\/Gestaltung-Assmann-1-705x470.jpg 705w\" sizes=\"auto, (max-width: 945px) 100vw, 945px\" \/><\/div><\/a><a href=\"https:\/\/www.schlosstirol.it\/wp-content\/uploads\/2021\/10\/Gestaltung-Assmann-4.jpg\" data-srcset=\"https:\/\/www.schlosstirol.it\/wp-content\/uploads\/2021\/10\/Gestaltung-Assmann-4.jpg 945w, https:\/\/www.schlosstirol.it\/wp-content\/uploads\/2021\/10\/Gestaltung-Assmann-4-300x200.jpg 300w, https:\/\/www.schlosstirol.it\/wp-content\/uploads\/2021\/10\/Gestaltung-Assmann-4-768x512.jpg 768w, https:\/\/www.schlosstirol.it\/wp-content\/uploads\/2021\/10\/Gestaltung-Assmann-4-705x470.jpg 705w\" data-sizes=\"(max-width: 945px) 100vw, 945px\" data-rel='gallery-2' data-prev-img='https:\/\/www.schlosstirol.it\/wp-content\/uploads\/2021\/10\/Gestaltung-Assmann-4.jpg' class='first_thumb lightbox ' data-onclick='2' title='Peter Assmann &#8211; Spazi espositivi'  itemprop=\"thumbnailUrl\"  ><img decoding=\"async\" fetchpriority=\"high\" class=\"wp-image-7386 avia-img-lazy-loading-not-7386\"  data-avia-tooltip='Peter Assmann &#8211; Spazi espositivi' src=\"https:\/\/www.schlosstirol.it\/wp-content\/uploads\/2021\/10\/Gestaltung-Assmann-4.jpg\" width=\"945\" height=\"630\"  title='' alt='' srcset=\"https:\/\/www.schlosstirol.it\/wp-content\/uploads\/2021\/10\/Gestaltung-Assmann-4.jpg 945w, https:\/\/www.schlosstirol.it\/wp-content\/uploads\/2021\/10\/Gestaltung-Assmann-4-300x200.jpg 300w, https:\/\/www.schlosstirol.it\/wp-content\/uploads\/2021\/10\/Gestaltung-Assmann-4-768x512.jpg 768w, https:\/\/www.schlosstirol.it\/wp-content\/uploads\/2021\/10\/Gestaltung-Assmann-4-705x470.jpg 705w\" sizes=\"(max-width: 945px) 100vw, 945px\" \/><div class='big-prev-fake'><img decoding=\"async\" loading=\"lazy\" class=\"wp-image-7386 avia-img-lazy-loading-7386\"  width=\"945\" height=\"630\" src=\"https:\/\/www.schlosstirol.it\/wp-content\/uploads\/2021\/10\/Gestaltung-Assmann-4.jpg\" title='' alt='' srcset=\"https:\/\/www.schlosstirol.it\/wp-content\/uploads\/2021\/10\/Gestaltung-Assmann-4.jpg 945w, https:\/\/www.schlosstirol.it\/wp-content\/uploads\/2021\/10\/Gestaltung-Assmann-4-300x200.jpg 300w, https:\/\/www.schlosstirol.it\/wp-content\/uploads\/2021\/10\/Gestaltung-Assmann-4-768x512.jpg 768w, https:\/\/www.schlosstirol.it\/wp-content\/uploads\/2021\/10\/Gestaltung-Assmann-4-705x470.jpg 705w\" sizes=\"auto, (max-width: 945px) 100vw, 945px\" \/><\/div><\/a><a href=\"https:\/\/www.schlosstirol.it\/wp-content\/uploads\/2021\/09\/Peter-Assmann-transferteppich1.jpg\" data-srcset=\"https:\/\/www.schlosstirol.it\/wp-content\/uploads\/2021\/09\/Peter-Assmann-transferteppich1.jpg 446w, https:\/\/www.schlosstirol.it\/wp-content\/uploads\/2021\/09\/Peter-Assmann-transferteppich1-212x300.jpg 212w\" data-sizes=\"(max-width: 446px) 100vw, 446px\" data-rel='gallery-2' data-prev-img='https:\/\/www.schlosstirol.it\/wp-content\/uploads\/2021\/09\/Peter-Assmann-transferteppich1.jpg' class='first_thumb lightbox ' data-onclick='3' title='Peter Assmann &#8211; Transferteppich'  itemprop=\"thumbnailUrl\"  ><img decoding=\"async\" fetchpriority=\"high\" class=\"wp-image-7225 avia-img-lazy-loading-not-7225\"  data-avia-tooltip='Peter Assmann &#8211; Transferteppich' src=\"https:\/\/www.schlosstirol.it\/wp-content\/uploads\/2021\/09\/Peter-Assmann-transferteppich1.jpg\" width=\"446\" height=\"630\"  title='' alt='' srcset=\"https:\/\/www.schlosstirol.it\/wp-content\/uploads\/2021\/09\/Peter-Assmann-transferteppich1.jpg 446w, https:\/\/www.schlosstirol.it\/wp-content\/uploads\/2021\/09\/Peter-Assmann-transferteppich1-212x300.jpg 212w\" sizes=\"(max-width: 446px) 100vw, 446px\" \/><div class='big-prev-fake'><img decoding=\"async\" loading=\"lazy\" class=\"wp-image-7225 avia-img-lazy-loading-7225\"  width=\"446\" height=\"630\" src=\"https:\/\/www.schlosstirol.it\/wp-content\/uploads\/2021\/09\/Peter-Assmann-transferteppich1.jpg\" title='' alt='' srcset=\"https:\/\/www.schlosstirol.it\/wp-content\/uploads\/2021\/09\/Peter-Assmann-transferteppich1.jpg 446w, https:\/\/www.schlosstirol.it\/wp-content\/uploads\/2021\/09\/Peter-Assmann-transferteppich1-212x300.jpg 212w\" sizes=\"auto, (max-width: 446px) 100vw, 446px\" \/><\/div><\/a><a href=\"https:\/\/www.schlosstirol.it\/wp-content\/uploads\/2021\/09\/Peter-Assmann-transferteppich2.jpg\" data-srcset=\"https:\/\/www.schlosstirol.it\/wp-content\/uploads\/2021\/09\/Peter-Assmann-transferteppich2.jpg 445w, https:\/\/www.schlosstirol.it\/wp-content\/uploads\/2021\/09\/Peter-Assmann-transferteppich2-212x300.jpg 212w\" data-sizes=\"(max-width: 445px) 100vw, 445px\" data-rel='gallery-2' data-prev-img='https:\/\/www.schlosstirol.it\/wp-content\/uploads\/2021\/09\/Peter-Assmann-transferteppich2.jpg' class='first_thumb lightbox ' data-onclick='4' title='Peter Assmann &#8211; Transferteppich'  itemprop=\"thumbnailUrl\"  ><img decoding=\"async\" fetchpriority=\"high\" class=\"wp-image-7228 avia-img-lazy-loading-not-7228\"  data-avia-tooltip='Peter Assmann &#8211; Transferteppich' src=\"https:\/\/www.schlosstirol.it\/wp-content\/uploads\/2021\/09\/Peter-Assmann-transferteppich2.jpg\" width=\"445\" height=\"630\"  title='Peter Assmann transferteppich2' alt='' srcset=\"https:\/\/www.schlosstirol.it\/wp-content\/uploads\/2021\/09\/Peter-Assmann-transferteppich2.jpg 445w, https:\/\/www.schlosstirol.it\/wp-content\/uploads\/2021\/09\/Peter-Assmann-transferteppich2-212x300.jpg 212w\" sizes=\"(max-width: 445px) 100vw, 445px\" \/><div class='big-prev-fake'><img decoding=\"async\" loading=\"lazy\" class=\"wp-image-7228 avia-img-lazy-loading-7228\"  width=\"445\" height=\"630\" src=\"https:\/\/www.schlosstirol.it\/wp-content\/uploads\/2021\/09\/Peter-Assmann-transferteppich2.jpg\" title='Peter Assmann transferteppich2' alt='' srcset=\"https:\/\/www.schlosstirol.it\/wp-content\/uploads\/2021\/09\/Peter-Assmann-transferteppich2.jpg 445w, https:\/\/www.schlosstirol.it\/wp-content\/uploads\/2021\/09\/Peter-Assmann-transferteppich2-212x300.jpg 212w\" sizes=\"auto, (max-width: 445px) 100vw, 445px\" \/><\/div><\/a><\/div><\/div><\/div>\n<style type=\"text\/css\" data-created_by=\"avia_inline_auto\" id=\"style-css-av-av_two_third-304ee5f7fcc078b0df93dd9c2a84aaed\">\n.flex_column.av-av_two_third-304ee5f7fcc078b0df93dd9c2a84aaed{\nborder-radius:0px 0px 0px 0px;\npadding:30px 0 30px 0;\n}\n<\/style>\n<div  class='flex_column av-av_two_third-304ee5f7fcc078b0df93dd9c2a84aaed av_two_third  avia-builder-el-10  el_after_av_one_third  avia-builder-el-last  flex_column_div  '     ><p>\n<style type=\"text\/css\" data-created_by=\"avia_inline_auto\" id=\"style-css-av-av_heading-a2d939978a719d5b74a8fbecbc9ff5b8\">\n#top .av-special-heading.av-av_heading-a2d939978a719d5b74a8fbecbc9ff5b8{\npadding-bottom:20px;\n}\nbody .av-special-heading.av-av_heading-a2d939978a719d5b74a8fbecbc9ff5b8 .av-special-heading-tag .heading-char{\nfont-size:25px;\n}\n.av-special-heading.av-av_heading-a2d939978a719d5b74a8fbecbc9ff5b8 .av-subheading{\nfont-size:21px;\n}\n<\/style>\n<div  class='av-special-heading av-av_heading-a2d939978a719d5b74a8fbecbc9ff5b8 av-special-heading-h2 blockquote modern-quote  avia-builder-el-11  el_before_av_textblock  avia-builder-el-first  av-linked-heading'><h2 class='av-special-heading-tag '  itemprop=\"headline\"  >Peter Assmann &#8211; Transferteppich<\/h2><div class='av-subheading av-subheading_below'><p>dal 11 settembre al 21 novembre 2021<\/p>\n<\/div><div class=\"special-heading-border\"><div class=\"special-heading-inner-border\"><\/div><\/div><\/div><br \/>\n<section  class='av_textblock_section av-av_textblock-32af9c344aeda5838e62bcf702809feb '   itemscope=\"itemscope\" itemtype=\"https:\/\/schema.org\/CreativeWork\" ><div class='avia_textblock'  itemprop=\"text\" ><p>Con la sua installazione espositiva Peter Assmann trasforma l\u2019ultimo piano del mastio di Castel Tirolo in un luogo artistico di atterraggio e di decollo per il superamento di situazioni limitanti legate al trasporto terrestre. Cos\u00ec si crea un punto d\u2019incontro concentrato e visivamente efficace per viaggiatori di ogni tipo, per sviluppare ulteriori situazioni d\u2019incontro e scambi interpersonali. I temi toccati simulano i fondamentali movimenti umani: SOLLEVARSI, PIEGARSI IN AVANTI, ANCORA \u2013 SMETTERE E PROSEGUIRE LASCIANDO ANDARE, PARTENDO, RESTANDO CON I PIEDI PER TERRA SUL TAPPETO, QUELLO VOLANTE. Intorno a un tappeto realizzato artisticamente (serigrafia su tessuto) e posto al centro dello spazio espositivo, sulle pareti metalliche sono collocati lavori su carta incorniciati e realizzati in diverse dimensioni, che mostrano esperienze legate a spostamenti, in relazione alle immagini di incontri mediatici, con particolare riferimento ai mondi mediatici (sud)tirolesi.<\/p>\n<p>Peter Assmann, nato nel 1963 a Zams in Austria, \u00e8 storico dell\u2019arte, direttore dei Tiroler Landesmuseen, scrittore e artista figurativo.<\/p>\n<\/div><\/section><\/p><\/div>\n\n<\/div><\/div><\/div><!-- close content main div --><\/div><\/div><div id='mostre'  class='avia-section av-av_section-9dc0f99c9194bf4e960a7ef2635fbfcd main_color avia-section-default avia-no-border-styling  avia-builder-el-13  el_after_av_section  el_before_av_section  avia-bg-style-scroll container_wrap fullsize'  ><div class='container av-section-cont-open' ><div class='template-page content  av-content-full alpha units'><div class='post-entry post-entry-type-page post-entry-10588'><div class='entry-content-wrapper clearfix'>\n\n<style type=\"text\/css\" data-created_by=\"avia_inline_auto\" id=\"style-css-av-av_one_third-abf61815a02831d116b1aaa4a1b0ed13\">\n.flex_column.av-av_one_third-abf61815a02831d116b1aaa4a1b0ed13{\nborder-radius:0px 0px 0px 0px;\npadding:0px 0px 0px 0px;\n}\n<\/style>\n<div  class='flex_column av-av_one_third-abf61815a02831d116b1aaa4a1b0ed13 av_one_third  avia-builder-el-14  el_before_av_two_third  avia-builder-el-first  first flex_column_div av-zero-column-padding  '     ><style type=\"text\/css\" data-created_by=\"avia_inline_auto\" id=\"style-css-av-av_gallery-bf2100c77422ef8d3fbbdab1f598fbb1\">\n#top .avia-gallery.av-av_gallery-bf2100c77422ef8d3fbbdab1f598fbb1 .avia-gallery-thumb a{\nwidth:100%;\n}\n<\/style>\n<div  class='avia-gallery av-av_gallery-bf2100c77422ef8d3fbbdab1f598fbb1 avia_animate_when_visible  avia-builder-el-15  avia-builder-el-no-sibling  deactivate_avia_lazyload avia-gallery-animate avia-gallery-3'  itemprop=\"image\" itemscope=\"itemscope\" itemtype=\"https:\/\/schema.org\/ImageObject\" ><meta itemprop=\"contentURL\" content=\"https:\/\/www.schlosstirol.it\/it\/museo-provinciale-alto-adige\/mostre-2021\/\"><div class='avia-gallery-thumb'><a href=\"https:\/\/www.schlosstirol.it\/wp-content\/uploads\/2021\/06\/211908.jpg\" data-srcset=\"https:\/\/www.schlosstirol.it\/wp-content\/uploads\/2021\/06\/211908.jpg 923w, https:\/\/www.schlosstirol.it\/wp-content\/uploads\/2021\/06\/211908-300x205.jpg 300w, https:\/\/www.schlosstirol.it\/wp-content\/uploads\/2021\/06\/211908-768x524.jpg 768w, https:\/\/www.schlosstirol.it\/wp-content\/uploads\/2021\/06\/211908-705x481.jpg 705w\" data-sizes=\"(max-width: 923px) 100vw, 923px\" data-rel='gallery-3' data-prev-img='https:\/\/www.schlosstirol.it\/wp-content\/uploads\/2021\/06\/211908.jpg' class='first_thumb lightbox ' data-onclick='1' title='Spazi espositivi'  itemprop=\"thumbnailUrl\"  ><img decoding=\"async\" fetchpriority=\"high\" class=\"wp-image-6851 avia-img-lazy-loading-not-6851\"  data-avia-tooltip='Spazi espositivi' src=\"https:\/\/www.schlosstirol.it\/wp-content\/uploads\/2021\/06\/211908.jpg\" width=\"923\" height=\"630\"  title='' alt='' srcset=\"https:\/\/www.schlosstirol.it\/wp-content\/uploads\/2021\/06\/211908.jpg 923w, https:\/\/www.schlosstirol.it\/wp-content\/uploads\/2021\/06\/211908-300x205.jpg 300w, https:\/\/www.schlosstirol.it\/wp-content\/uploads\/2021\/06\/211908-768x524.jpg 768w, https:\/\/www.schlosstirol.it\/wp-content\/uploads\/2021\/06\/211908-705x481.jpg 705w\" sizes=\"(max-width: 923px) 100vw, 923px\" \/><div class='big-prev-fake'><img decoding=\"async\" loading=\"lazy\" class=\"wp-image-6851 avia-img-lazy-loading-6851\"  width=\"923\" height=\"630\" src=\"https:\/\/www.schlosstirol.it\/wp-content\/uploads\/2021\/06\/211908.jpg\" title='' alt='' srcset=\"https:\/\/www.schlosstirol.it\/wp-content\/uploads\/2021\/06\/211908.jpg 923w, https:\/\/www.schlosstirol.it\/wp-content\/uploads\/2021\/06\/211908-300x205.jpg 300w, https:\/\/www.schlosstirol.it\/wp-content\/uploads\/2021\/06\/211908-768x524.jpg 768w, https:\/\/www.schlosstirol.it\/wp-content\/uploads\/2021\/06\/211908-705x481.jpg 705w\" sizes=\"auto, (max-width: 923px) 100vw, 923px\" \/><\/div><\/a><a href=\"https:\/\/www.schlosstirol.it\/wp-content\/uploads\/2021\/06\/211946.jpg\" data-srcset=\"https:\/\/www.schlosstirol.it\/wp-content\/uploads\/2021\/06\/211946.jpg 946w, https:\/\/www.schlosstirol.it\/wp-content\/uploads\/2021\/06\/211946-300x200.jpg 300w, https:\/\/www.schlosstirol.it\/wp-content\/uploads\/2021\/06\/211946-768x511.jpg 768w, https:\/\/www.schlosstirol.it\/wp-content\/uploads\/2021\/06\/211946-705x470.jpg 705w\" data-sizes=\"(max-width: 946px) 100vw, 946px\" data-rel='gallery-3' data-prev-img='https:\/\/www.schlosstirol.it\/wp-content\/uploads\/2021\/06\/211946.jpg' class='first_thumb lightbox ' data-onclick='2' title='Spazi espositivi'  itemprop=\"thumbnailUrl\"  ><img decoding=\"async\" fetchpriority=\"high\" class=\"wp-image-6854 avia-img-lazy-loading-not-6854\"  data-avia-tooltip='Spazi espositivi' src=\"https:\/\/www.schlosstirol.it\/wp-content\/uploads\/2021\/06\/211946.jpg\" width=\"946\" height=\"630\"  title='' alt='' srcset=\"https:\/\/www.schlosstirol.it\/wp-content\/uploads\/2021\/06\/211946.jpg 946w, https:\/\/www.schlosstirol.it\/wp-content\/uploads\/2021\/06\/211946-300x200.jpg 300w, https:\/\/www.schlosstirol.it\/wp-content\/uploads\/2021\/06\/211946-768x511.jpg 768w, https:\/\/www.schlosstirol.it\/wp-content\/uploads\/2021\/06\/211946-705x470.jpg 705w\" sizes=\"(max-width: 946px) 100vw, 946px\" \/><div class='big-prev-fake'><img decoding=\"async\" loading=\"lazy\" class=\"wp-image-6854 avia-img-lazy-loading-6854\"  width=\"946\" height=\"630\" src=\"https:\/\/www.schlosstirol.it\/wp-content\/uploads\/2021\/06\/211946.jpg\" title='' alt='' srcset=\"https:\/\/www.schlosstirol.it\/wp-content\/uploads\/2021\/06\/211946.jpg 946w, https:\/\/www.schlosstirol.it\/wp-content\/uploads\/2021\/06\/211946-300x200.jpg 300w, https:\/\/www.schlosstirol.it\/wp-content\/uploads\/2021\/06\/211946-768x511.jpg 768w, https:\/\/www.schlosstirol.it\/wp-content\/uploads\/2021\/06\/211946-705x470.jpg 705w\" sizes=\"auto, (max-width: 946px) 100vw, 946px\" \/><\/div><\/a><a href=\"https:\/\/www.schlosstirol.it\/wp-content\/uploads\/2021\/02\/Rimpf-Atlas_Schnitt-1030x584.jpg\" data-srcset=\"https:\/\/www.schlosstirol.it\/wp-content\/uploads\/2021\/02\/Rimpf-Atlas_Schnitt-1030x584.jpg 1030w, https:\/\/www.schlosstirol.it\/wp-content\/uploads\/2021\/02\/Rimpf-Atlas_Schnitt-300x170.jpg 300w, https:\/\/www.schlosstirol.it\/wp-content\/uploads\/2021\/02\/Rimpf-Atlas_Schnitt-768x435.jpg 768w, https:\/\/www.schlosstirol.it\/wp-content\/uploads\/2021\/02\/Rimpf-Atlas_Schnitt-705x400.jpg 705w, https:\/\/www.schlosstirol.it\/wp-content\/uploads\/2021\/02\/Rimpf-Atlas_Schnitt.jpg 1111w\" data-sizes=\"(max-width: 1030px) 100vw, 1030px\" data-rel='gallery-3' data-prev-img='https:\/\/www.schlosstirol.it\/wp-content\/uploads\/2021\/02\/Rimpf-Atlas_Schnitt.jpg' class='first_thumb lightbox ' data-onclick='3' title='Rimpf Atlas'  itemprop=\"thumbnailUrl\"  ><img decoding=\"async\" fetchpriority=\"high\" class=\"wp-image-5956 avia-img-lazy-loading-not-5956\"  data-avia-tooltip='Rimpf Atlas' src=\"https:\/\/www.schlosstirol.it\/wp-content\/uploads\/2021\/02\/Rimpf-Atlas_Schnitt.jpg\" width=\"1111\" height=\"630\"  title='Rimpf Atlas' alt='' srcset=\"https:\/\/www.schlosstirol.it\/wp-content\/uploads\/2021\/02\/Rimpf-Atlas_Schnitt.jpg 1111w, https:\/\/www.schlosstirol.it\/wp-content\/uploads\/2021\/02\/Rimpf-Atlas_Schnitt-300x170.jpg 300w, https:\/\/www.schlosstirol.it\/wp-content\/uploads\/2021\/02\/Rimpf-Atlas_Schnitt-1030x584.jpg 1030w, https:\/\/www.schlosstirol.it\/wp-content\/uploads\/2021\/02\/Rimpf-Atlas_Schnitt-768x435.jpg 768w, https:\/\/www.schlosstirol.it\/wp-content\/uploads\/2021\/02\/Rimpf-Atlas_Schnitt-705x400.jpg 705w\" sizes=\"(max-width: 1111px) 100vw, 1111px\" \/><div class='big-prev-fake'><img decoding=\"async\" loading=\"lazy\" class=\"wp-image-5956 avia-img-lazy-loading-5956\"  width=\"1111\" height=\"630\" src=\"https:\/\/www.schlosstirol.it\/wp-content\/uploads\/2021\/02\/Rimpf-Atlas_Schnitt.jpg\" title='Rimpf Atlas' alt='' srcset=\"https:\/\/www.schlosstirol.it\/wp-content\/uploads\/2021\/02\/Rimpf-Atlas_Schnitt.jpg 1111w, https:\/\/www.schlosstirol.it\/wp-content\/uploads\/2021\/02\/Rimpf-Atlas_Schnitt-300x170.jpg 300w, https:\/\/www.schlosstirol.it\/wp-content\/uploads\/2021\/02\/Rimpf-Atlas_Schnitt-1030x584.jpg 1030w, https:\/\/www.schlosstirol.it\/wp-content\/uploads\/2021\/02\/Rimpf-Atlas_Schnitt-768x435.jpg 768w, https:\/\/www.schlosstirol.it\/wp-content\/uploads\/2021\/02\/Rimpf-Atlas_Schnitt-705x400.jpg 705w\" sizes=\"auto, (max-width: 1111px) 100vw, 1111px\" \/><\/div><\/a><\/div><\/div><\/div>\n<style type=\"text\/css\" data-created_by=\"avia_inline_auto\" id=\"style-css-av-av_two_third-304ee5f7fcc078b0df93dd9c2a84aaed\">\n.flex_column.av-av_two_third-304ee5f7fcc078b0df93dd9c2a84aaed{\nborder-radius:0px 0px 0px 0px;\npadding:30px 0 30px 0;\n}\n<\/style>\n<div  class='flex_column av-av_two_third-304ee5f7fcc078b0df93dd9c2a84aaed av_two_third  avia-builder-el-16  el_after_av_one_third  avia-builder-el-last  flex_column_div  '     ><p>\n<style type=\"text\/css\" data-created_by=\"avia_inline_auto\" id=\"style-css-av-av_heading-9bb463b279bdc2c4f0e0fc612acf4986\">\n#top .av-special-heading.av-av_heading-9bb463b279bdc2c4f0e0fc612acf4986{\npadding-bottom:20px;\n}\nbody .av-special-heading.av-av_heading-9bb463b279bdc2c4f0e0fc612acf4986 .av-special-heading-tag .heading-char{\nfont-size:25px;\n}\n.av-special-heading.av-av_heading-9bb463b279bdc2c4f0e0fc612acf4986 .av-subheading{\nfont-size:21px;\n}\n<\/style>\n<div  class='av-special-heading av-av_heading-9bb463b279bdc2c4f0e0fc612acf4986 av-special-heading-h2 blockquote modern-quote  avia-builder-el-17  el_before_av_textblock  avia-builder-el-first  av-linked-heading'><h2 class='av-special-heading-tag '  itemprop=\"headline\"  >Elisabeth Oberrauch: Atlas<\/h2><div class='av-subheading av-subheading_below'><p>dal 22 maggio al 29 agosto 2021<\/p>\n<\/div><div class=\"special-heading-border\"><div class=\"special-heading-inner-border\"><\/div><\/div><\/div><br \/>\n<section  class='av_textblock_section av-av_textblock-32af9c344aeda5838e62bcf702809feb '   itemscope=\"itemscope\" itemtype=\"https:\/\/schema.org\/CreativeWork\" ><div class='avia_textblock'  itemprop=\"text\" ><p>La mostra presenta il cosiddetto \u201cRimpf-Atlas\u201d della collezione d\u2019arte della Fondazione Museion, un\u2019opera composta di sei parti eseguita nel 2000, che si basa sull\u2019utilizzo contemporaneo di due diverse tecniche di disegno. Elisabeth Oberrauch combina su carta frammenti di carte geografiche dell\u2019alta Val Venosta con quella che pu\u00f2 essere descritta al meglio come pittura informale. Le opere si basano sul dialogo tra il linguaggio estremamente codificato delle carte geografiche e il movimento libero del pennello. Al contempo il recto e il verso dei fogli dialogano tra loro in maniera raffinata. L\u2019astrazione del paesaggio operato nella cartografia conosce una rinascita attraverso i movimenti pittorici. A questo si aggiungono altri lavori dell\u2019artista, sempre realizzati con frammenti di carte geografiche.<\/p>\n<p>Per Elisabeth Oberrauch, nata nel 1950 a Merano dove tuttora vive e lavora, la carta riveste un ruolo importante in tutte le sue forme, soprattutto quella autoprodotta. Serve come supporto per il disegno e la pittura, ma anche per le applicazioni di vari materiali. I libri hanno un ruolo importante, soprattutto quelli concepiti come opere. Buona parte di questi <em>artist\u2019s books<\/em> \u00e8 legata a luoghi che l\u2019artista ha visitato durante i suoi lunghi viaggi. Elisabeth Oberrauch ha allestito numerose mostre in Alto Adige, ma anche in luoghi ben pi\u00f9 lontani.<\/p>\n<p>La mostra \u00e8 stata realizzata in collaborazione con la Fondazione Museion. Autore dei testi: Andreas Hapkemayer.<\/p>\n<p>Foto: Gerhard Watzek<\/p>\n<\/div><\/section><\/p><\/div>\n\n<\/div><\/div><\/div><!-- close content main div --><\/div><\/div><div id='mostre'  class='avia-section av-av_section-9dc0f99c9194bf4e960a7ef2635fbfcd main_color avia-section-default avia-no-border-styling  avia-builder-el-19  el_after_av_section  el_before_av_section  avia-bg-style-scroll container_wrap fullsize'  ><div class='container av-section-cont-open' ><div class='template-page content  av-content-full alpha units'><div class='post-entry post-entry-type-page post-entry-10588'><div class='entry-content-wrapper clearfix'>\n\n<style type=\"text\/css\" data-created_by=\"avia_inline_auto\" id=\"style-css-av-av_one_third-abf61815a02831d116b1aaa4a1b0ed13\">\n.flex_column.av-av_one_third-abf61815a02831d116b1aaa4a1b0ed13{\nborder-radius:0px 0px 0px 0px;\npadding:0px 0px 0px 0px;\n}\n<\/style>\n<div  class='flex_column av-av_one_third-abf61815a02831d116b1aaa4a1b0ed13 av_one_third  avia-builder-el-20  el_before_av_two_third  avia-builder-el-first  first flex_column_div av-zero-column-padding  '     ><style type=\"text\/css\" data-created_by=\"avia_inline_auto\" id=\"style-css-av-av_gallery-f71ef17ed526381ffc2beeaac88016e3\">\n#top .avia-gallery.av-av_gallery-f71ef17ed526381ffc2beeaac88016e3 .avia-gallery-thumb a{\nwidth:100%;\n}\n<\/style>\n<div  class='avia-gallery av-av_gallery-f71ef17ed526381ffc2beeaac88016e3 avia_animate_when_visible  avia-builder-el-21  avia-builder-el-no-sibling  deactivate_avia_lazyload avia-gallery-animate avia-gallery-4'  itemprop=\"image\" itemscope=\"itemscope\" itemtype=\"https:\/\/schema.org\/ImageObject\" ><meta itemprop=\"contentURL\" content=\"https:\/\/www.schlosstirol.it\/it\/museo-provinciale-alto-adige\/mostre-2021\/\"><div class='avia-gallery-thumb'><a href=\"https:\/\/www.schlosstirol.it\/wp-content\/uploads\/2021\/03\/01_Kunst-kann-1030x579.jpg\" data-srcset=\"https:\/\/www.schlosstirol.it\/wp-content\/uploads\/2021\/03\/01_Kunst-kann-1030x579.jpg 1030w, https:\/\/www.schlosstirol.it\/wp-content\/uploads\/2021\/03\/01_Kunst-kann-300x169.jpg 300w, https:\/\/www.schlosstirol.it\/wp-content\/uploads\/2021\/03\/01_Kunst-kann-768x432.jpg 768w, https:\/\/www.schlosstirol.it\/wp-content\/uploads\/2021\/03\/01_Kunst-kann-705x397.jpg 705w, https:\/\/www.schlosstirol.it\/wp-content\/uploads\/2021\/03\/01_Kunst-kann.jpg 1120w\" data-sizes=\"(max-width: 1030px) 100vw, 1030px\" data-rel='gallery-4' data-prev-img='https:\/\/www.schlosstirol.it\/wp-content\/uploads\/2021\/03\/01_Kunst-kann.jpg' class='first_thumb lightbox ' data-onclick='1' title='L&#8217;arte pu\u00f2 &#8211; sale espositive'  itemprop=\"thumbnailUrl\"  ><img decoding=\"async\" fetchpriority=\"high\" class=\"wp-image-6102 avia-img-lazy-loading-not-6102\"  data-avia-tooltip='L&#8217;arte pu\u00f2 &#8211; sale espositive' src=\"https:\/\/www.schlosstirol.it\/wp-content\/uploads\/2021\/03\/01_Kunst-kann.jpg\" width=\"1120\" height=\"630\"  title='L&#039;arte pu\u00f2' alt='' srcset=\"https:\/\/www.schlosstirol.it\/wp-content\/uploads\/2021\/03\/01_Kunst-kann.jpg 1120w, https:\/\/www.schlosstirol.it\/wp-content\/uploads\/2021\/03\/01_Kunst-kann-300x169.jpg 300w, https:\/\/www.schlosstirol.it\/wp-content\/uploads\/2021\/03\/01_Kunst-kann-1030x579.jpg 1030w, https:\/\/www.schlosstirol.it\/wp-content\/uploads\/2021\/03\/01_Kunst-kann-768x432.jpg 768w, https:\/\/www.schlosstirol.it\/wp-content\/uploads\/2021\/03\/01_Kunst-kann-705x397.jpg 705w\" sizes=\"(max-width: 1120px) 100vw, 1120px\" \/><div class='big-prev-fake'><img decoding=\"async\" loading=\"lazy\" class=\"wp-image-6102 avia-img-lazy-loading-6102\"  width=\"1120\" height=\"630\" src=\"https:\/\/www.schlosstirol.it\/wp-content\/uploads\/2021\/03\/01_Kunst-kann.jpg\" title='L&#039;arte pu\u00f2' alt='' srcset=\"https:\/\/www.schlosstirol.it\/wp-content\/uploads\/2021\/03\/01_Kunst-kann.jpg 1120w, https:\/\/www.schlosstirol.it\/wp-content\/uploads\/2021\/03\/01_Kunst-kann-300x169.jpg 300w, https:\/\/www.schlosstirol.it\/wp-content\/uploads\/2021\/03\/01_Kunst-kann-1030x579.jpg 1030w, https:\/\/www.schlosstirol.it\/wp-content\/uploads\/2021\/03\/01_Kunst-kann-768x432.jpg 768w, https:\/\/www.schlosstirol.it\/wp-content\/uploads\/2021\/03\/01_Kunst-kann-705x397.jpg 705w\" sizes=\"auto, (max-width: 1120px) 100vw, 1120px\" \/><\/div><\/a><a href=\"https:\/\/www.schlosstirol.it\/wp-content\/uploads\/2021\/03\/11_Kunst-kann-1030x579.jpg\" data-srcset=\"https:\/\/www.schlosstirol.it\/wp-content\/uploads\/2021\/03\/11_Kunst-kann-1030x579.jpg 1030w, https:\/\/www.schlosstirol.it\/wp-content\/uploads\/2021\/03\/11_Kunst-kann-300x169.jpg 300w, https:\/\/www.schlosstirol.it\/wp-content\/uploads\/2021\/03\/11_Kunst-kann-768x432.jpg 768w, https:\/\/www.schlosstirol.it\/wp-content\/uploads\/2021\/03\/11_Kunst-kann-705x397.jpg 705w, https:\/\/www.schlosstirol.it\/wp-content\/uploads\/2021\/03\/11_Kunst-kann.jpg 1120w\" data-sizes=\"(max-width: 1030px) 100vw, 1030px\" data-rel='gallery-4' data-prev-img='https:\/\/www.schlosstirol.it\/wp-content\/uploads\/2021\/03\/11_Kunst-kann.jpg' class='first_thumb lightbox ' data-onclick='2' title='L&#8217;arte pu\u00f2 &#8211; sale espositive'  itemprop=\"thumbnailUrl\"  ><img decoding=\"async\" fetchpriority=\"high\" class=\"wp-image-6105 avia-img-lazy-loading-not-6105\"  data-avia-tooltip='L&#8217;arte pu\u00f2 &#8211; sale espositive' src=\"https:\/\/www.schlosstirol.it\/wp-content\/uploads\/2021\/03\/11_Kunst-kann.jpg\" width=\"1120\" height=\"630\"  title='L&#039;arte pu\u00f2' alt='' srcset=\"https:\/\/www.schlosstirol.it\/wp-content\/uploads\/2021\/03\/11_Kunst-kann.jpg 1120w, https:\/\/www.schlosstirol.it\/wp-content\/uploads\/2021\/03\/11_Kunst-kann-300x169.jpg 300w, https:\/\/www.schlosstirol.it\/wp-content\/uploads\/2021\/03\/11_Kunst-kann-1030x579.jpg 1030w, https:\/\/www.schlosstirol.it\/wp-content\/uploads\/2021\/03\/11_Kunst-kann-768x432.jpg 768w, https:\/\/www.schlosstirol.it\/wp-content\/uploads\/2021\/03\/11_Kunst-kann-705x397.jpg 705w\" sizes=\"(max-width: 1120px) 100vw, 1120px\" \/><div class='big-prev-fake'><img decoding=\"async\" loading=\"lazy\" class=\"wp-image-6105 avia-img-lazy-loading-6105\"  width=\"1120\" height=\"630\" src=\"https:\/\/www.schlosstirol.it\/wp-content\/uploads\/2021\/03\/11_Kunst-kann.jpg\" title='L&#039;arte pu\u00f2' alt='' srcset=\"https:\/\/www.schlosstirol.it\/wp-content\/uploads\/2021\/03\/11_Kunst-kann.jpg 1120w, https:\/\/www.schlosstirol.it\/wp-content\/uploads\/2021\/03\/11_Kunst-kann-300x169.jpg 300w, https:\/\/www.schlosstirol.it\/wp-content\/uploads\/2021\/03\/11_Kunst-kann-1030x579.jpg 1030w, https:\/\/www.schlosstirol.it\/wp-content\/uploads\/2021\/03\/11_Kunst-kann-768x432.jpg 768w, https:\/\/www.schlosstirol.it\/wp-content\/uploads\/2021\/03\/11_Kunst-kann-705x397.jpg 705w\" sizes=\"auto, (max-width: 1120px) 100vw, 1120px\" \/><\/div><\/a><a href=\"https:\/\/www.schlosstirol.it\/wp-content\/uploads\/2021\/03\/13_Kunst-kann-1030x579.jpg\" data-srcset=\"https:\/\/www.schlosstirol.it\/wp-content\/uploads\/2021\/03\/13_Kunst-kann-1030x579.jpg 1030w, https:\/\/www.schlosstirol.it\/wp-content\/uploads\/2021\/03\/13_Kunst-kann-300x169.jpg 300w, https:\/\/www.schlosstirol.it\/wp-content\/uploads\/2021\/03\/13_Kunst-kann-768x432.jpg 768w, https:\/\/www.schlosstirol.it\/wp-content\/uploads\/2021\/03\/13_Kunst-kann-705x397.jpg 705w, https:\/\/www.schlosstirol.it\/wp-content\/uploads\/2021\/03\/13_Kunst-kann.jpg 1120w\" data-sizes=\"(max-width: 1030px) 100vw, 1030px\" data-rel='gallery-4' data-prev-img='https:\/\/www.schlosstirol.it\/wp-content\/uploads\/2021\/03\/13_Kunst-kann.jpg' class='first_thumb lightbox ' data-onclick='3' title='L&#8217;arte pu\u00f2 &#8211; sale espositive'  itemprop=\"thumbnailUrl\"  ><img decoding=\"async\" fetchpriority=\"high\" class=\"wp-image-6108 avia-img-lazy-loading-not-6108\"  data-avia-tooltip='L&#8217;arte pu\u00f2 &#8211; sale espositive' src=\"https:\/\/www.schlosstirol.it\/wp-content\/uploads\/2021\/03\/13_Kunst-kann.jpg\" width=\"1120\" height=\"630\"  title='L&#039;arte pu\u00f2' alt='' srcset=\"https:\/\/www.schlosstirol.it\/wp-content\/uploads\/2021\/03\/13_Kunst-kann.jpg 1120w, https:\/\/www.schlosstirol.it\/wp-content\/uploads\/2021\/03\/13_Kunst-kann-300x169.jpg 300w, https:\/\/www.schlosstirol.it\/wp-content\/uploads\/2021\/03\/13_Kunst-kann-1030x579.jpg 1030w, https:\/\/www.schlosstirol.it\/wp-content\/uploads\/2021\/03\/13_Kunst-kann-768x432.jpg 768w, https:\/\/www.schlosstirol.it\/wp-content\/uploads\/2021\/03\/13_Kunst-kann-705x397.jpg 705w\" sizes=\"(max-width: 1120px) 100vw, 1120px\" \/><div class='big-prev-fake'><img decoding=\"async\" loading=\"lazy\" class=\"wp-image-6108 avia-img-lazy-loading-6108\"  width=\"1120\" height=\"630\" src=\"https:\/\/www.schlosstirol.it\/wp-content\/uploads\/2021\/03\/13_Kunst-kann.jpg\" title='L&#039;arte pu\u00f2' alt='' srcset=\"https:\/\/www.schlosstirol.it\/wp-content\/uploads\/2021\/03\/13_Kunst-kann.jpg 1120w, https:\/\/www.schlosstirol.it\/wp-content\/uploads\/2021\/03\/13_Kunst-kann-300x169.jpg 300w, https:\/\/www.schlosstirol.it\/wp-content\/uploads\/2021\/03\/13_Kunst-kann-1030x579.jpg 1030w, https:\/\/www.schlosstirol.it\/wp-content\/uploads\/2021\/03\/13_Kunst-kann-768x432.jpg 768w, https:\/\/www.schlosstirol.it\/wp-content\/uploads\/2021\/03\/13_Kunst-kann-705x397.jpg 705w\" sizes=\"auto, (max-width: 1120px) 100vw, 1120px\" \/><\/div><\/a><\/div><\/div><\/div>\n<style type=\"text\/css\" data-created_by=\"avia_inline_auto\" id=\"style-css-av-av_two_third-304ee5f7fcc078b0df93dd9c2a84aaed\">\n.flex_column.av-av_two_third-304ee5f7fcc078b0df93dd9c2a84aaed{\nborder-radius:0px 0px 0px 0px;\npadding:30px 0 30px 0;\n}\n<\/style>\n<div  class='flex_column av-av_two_third-304ee5f7fcc078b0df93dd9c2a84aaed av_two_third  avia-builder-el-22  el_after_av_one_third  avia-builder-el-last  flex_column_div  '     ><p>\n<style type=\"text\/css\" data-created_by=\"avia_inline_auto\" id=\"style-css-av-av_heading-02688380317923cbc1da63cdbad2e814\">\n#top .av-special-heading.av-av_heading-02688380317923cbc1da63cdbad2e814{\npadding-bottom:20px;\n}\nbody .av-special-heading.av-av_heading-02688380317923cbc1da63cdbad2e814 .av-special-heading-tag .heading-char{\nfont-size:25px;\n}\n.av-special-heading.av-av_heading-02688380317923cbc1da63cdbad2e814 .av-subheading{\nfont-size:21px;\n}\n<\/style>\n<div  class='av-special-heading av-av_heading-02688380317923cbc1da63cdbad2e814 av-special-heading-h2 blockquote modern-quote  avia-builder-el-23  el_before_av_textblock  avia-builder-el-first  av-linked-heading'><h2 class='av-special-heading-tag '  itemprop=\"headline\"  >L\u2019ARTE PU\u00d2. Excursus su atteggiamenti artistici contemporanei<\/h2><div class='av-subheading av-subheading_below'><p>fino al 6 giugno 2021 online e dal 4 maggio dal vivo<\/p>\n<\/div><div class=\"special-heading-border\"><div class=\"special-heading-inner-border\"><\/div><\/div><\/div><br \/>\n<section  class='av_textblock_section av-av_textblock-32af9c344aeda5838e62bcf702809feb '   itemscope=\"itemscope\" itemtype=\"https:\/\/schema.org\/CreativeWork\" ><div class='avia_textblock'  itemprop=\"text\" ><p><a href=\"https:\/\/www.schlosstirol.it\/it\/museo-provinciale-alto-adige\/larte-puo\/\" target=\"_blank\" rel=\"noopener\"><strong>Clicca qui per i video, le interviste, i download e molto altro<\/strong><\/a><\/p>\n<p>Dalla collaborazione con quattro partner e dodici posizioni artistiche appartenenti alle arti figurative, alla musica e alla letteratura e provenienti dal Liechtenstein, dalla Germania, dall\u2019Austria e dall\u2019Italia \u00e8 nata questa esposizione sviluppata in forma di piattaforma di mediazione e formazione che visualizza e comunica atteggiamenti artistici nel lavoro e nel pensiero.<\/p>\n<p>Dal punto di vista professionale sono prevalentemente artisti e artiste a spingersi volutamente in territori dominati dell\u2019incertezza. Cercano il nuovo e non possono trovarlo sulle vie battute. La loro ricerca porta con s\u00e9 imprevisti e risultati incerti, cela rischi ed errori. Le peculiarit\u00e0 e capacit\u00e0 artistiche nell\u2019approccio all\u2019inesplorato possono essere interessanti e arricchenti per altre persone.<\/p>\n<p>L\u2019ARTE PU\u00d2, questo il titolo della piattaforma di mediazione e formazione, presenta dodici <strong>opere d\u2019arte<\/strong>, dodici <strong>estratti da videointerviste con le artiste e gli artisti coinvolti<\/strong> e un <strong>percorso formativo con dodici postazioni<\/strong>, nelle quali i visitatori e le visitatrici possono sperimentare le pratiche artistiche e fare delle esperienze. L\u2019ARTE PU\u00d2 lascia che siano gli artisti e le artiste stesse a raccontare qual \u00e8 il loro approccio, come pilotano i loro processi artistici, che ruolo svolgono l\u2019apertura, la curiosit\u00e0 e la percezione, il piacere del gioco e dell\u2019improvvisazione, il coraggio e la disponibilit\u00e0 a rischiare, la comunicazione e la collaborazione, come affrontano la sorpresa, le crisi e i fallimenti, in che cosa consiste per loro il successo.<\/p>\n<p>Si tratta di atteggiamenti, caratteristiche artistiche, impostazioni, modi di lavorare che trasmettono ai visitatori e alle visitatrici visioni e impulsi per pensare in modo alternativo e per ampliare cos\u00ec anche il proprio margine d\u2019azione personale. E questo \u00e8 il nocciolo della piattaforma di mediazione e formazione elaborata da Kubus Kulturvermittlung di Balzers nel Liechtenstein, Haus am L\u00fctzowplatz di Berlino in Germania, Bildungshaus St. Hippolyt di St. P\u00f6lten in Austria e dal Museo storico-culturale della Provincia di Bolzano Castel Tirolo di Tirolo in Italia. Iniziatrice e coordinatrice del progetto complessivo e anche curatrice presso il Kunstraum Engl\u00e4nderbau \u00e8 Dagmar Frick-Islitzer. Alla piattaforma di mediazione e formazione, co-finanziata da Erasmus+ e da Kulturstiftung Liechtenstein, vengono dedicate delle mostre in successione a Berlino, St. P\u00f6lten e Tirolo.<\/p>\n<p>La piattaforma di mediazione e formazione \u00e8 accompagnata da un accurato manuale.<\/p>\n<p>Con il sostegno del Programma Erasmus+ dell\u2019Unione Europea.<\/p>\n<\/div><\/section><\/p><\/div>\n\n<\/div><\/div><\/div><!-- close content main div --><\/div><\/div><div id='av_section_5'  class='avia-section av-av_section-45c85d333346a9bee5c5b92761d55729 main_color avia-section-default avia-no-border-styling  avia-builder-el-25  el_after_av_section  el_before_av_button_big  avia-bg-style-scroll container_wrap fullsize'  ><div class='container av-section-cont-open' ><div class='template-page content  av-content-full alpha units'><div class='post-entry post-entry-type-page post-entry-10588'><div class='entry-content-wrapper clearfix'>\n\n<style type=\"text\/css\" data-created_by=\"avia_inline_auto\" id=\"style-css-av-av_one_third-abf61815a02831d116b1aaa4a1b0ed13\">\n.flex_column.av-av_one_third-abf61815a02831d116b1aaa4a1b0ed13{\nborder-radius:0px 0px 0px 0px;\npadding:0px 0px 0px 0px;\n}\n<\/style>\n<div  class='flex_column av-av_one_third-abf61815a02831d116b1aaa4a1b0ed13 av_one_third  avia-builder-el-26  el_before_av_two_third  avia-builder-el-first  first flex_column_div av-zero-column-padding  '     ><style type=\"text\/css\" data-created_by=\"avia_inline_auto\" id=\"style-css-av-av_gallery-cf72cb2a22a74b2ca8e2f633c1c28a3d\">\n#top .avia-gallery.av-av_gallery-cf72cb2a22a74b2ca8e2f633c1c28a3d .avia-gallery-thumb a{\nwidth:100%;\n}\n<\/style>\n<div  class='avia-gallery av-av_gallery-cf72cb2a22a74b2ca8e2f633c1c28a3d avia_animate_when_visible  avia-builder-el-27  avia-builder-el-no-sibling  deactivate_avia_lazyload avia-gallery-animate avia-gallery-5'  itemprop=\"image\" itemscope=\"itemscope\" itemtype=\"https:\/\/schema.org\/ImageObject\" ><meta itemprop=\"contentURL\" content=\"https:\/\/www.schlosstirol.it\/it\/museo-provinciale-alto-adige\/mostre-2021\/\"><div class='avia-gallery-thumb'><a href=\"https:\/\/www.schlosstirol.it\/wp-content\/uploads\/2018\/01\/option-propaganda-opzioni_Propagandaplakat_\u00a9-Schloss-Tirol-1-729x1030.jpg\" data-srcset=\"https:\/\/www.schlosstirol.it\/wp-content\/uploads\/2018\/01\/option-propaganda-opzioni_Propagandaplakat_\u00a9-Schloss-Tirol-1-729x1030.jpg 729w, https:\/\/www.schlosstirol.it\/wp-content\/uploads\/2018\/01\/option-propaganda-opzioni_Propagandaplakat_\u00a9-Schloss-Tirol-1-212x300.jpg 212w, https:\/\/www.schlosstirol.it\/wp-content\/uploads\/2018\/01\/option-propaganda-opzioni_Propagandaplakat_\u00a9-Schloss-Tirol-1-768x1086.jpg 768w, https:\/\/www.schlosstirol.it\/wp-content\/uploads\/2018\/01\/option-propaganda-opzioni_Propagandaplakat_\u00a9-Schloss-Tirol-1-1087x1536.jpg 1087w, https:\/\/www.schlosstirol.it\/wp-content\/uploads\/2018\/01\/option-propaganda-opzioni_Propagandaplakat_\u00a9-Schloss-Tirol-1-1061x1500.jpg 1061w, https:\/\/www.schlosstirol.it\/wp-content\/uploads\/2018\/01\/option-propaganda-opzioni_Propagandaplakat_\u00a9-Schloss-Tirol-1-499x705.jpg 499w, https:\/\/www.schlosstirol.it\/wp-content\/uploads\/2018\/01\/option-propaganda-opzioni_Propagandaplakat_\u00a9-Schloss-Tirol-1.jpg 1226w\" data-sizes=\"(max-width: 729px) 100vw, 729px\" data-rel='gallery-5' data-prev-img='https:\/\/www.schlosstirol.it\/wp-content\/uploads\/2018\/01\/option-propaganda-opzioni_Propagandaplakat_\u00a9-Schloss-Tirol-1.jpg' class='first_thumb lightbox ' data-onclick='1' title='Manifesto di propaganda \u00a9 Museo storico-culturale della Provincia di Bolzano Castel Tirolo'  itemprop=\"thumbnailUrl\"  ><img decoding=\"async\" fetchpriority=\"high\" class=\"wp-image-4709 avia-img-lazy-loading-not-4709\"  data-avia-tooltip='Manifesto di propaganda \u00a9 Museo storico-culturale della Provincia di Bolzano Castel Tirolo' src=\"https:\/\/www.schlosstirol.it\/wp-content\/uploads\/2018\/01\/option-propaganda-opzioni_Propagandaplakat_\u00a9-Schloss-Tirol-1.jpg\" width=\"1226\" height=\"1733\"  title='option propaganda opzioni_Propagandaplakat_\u00a9 Schloss Tirol' alt='' srcset=\"https:\/\/www.schlosstirol.it\/wp-content\/uploads\/2018\/01\/option-propaganda-opzioni_Propagandaplakat_\u00a9-Schloss-Tirol-1.jpg 1226w, https:\/\/www.schlosstirol.it\/wp-content\/uploads\/2018\/01\/option-propaganda-opzioni_Propagandaplakat_\u00a9-Schloss-Tirol-1-212x300.jpg 212w, https:\/\/www.schlosstirol.it\/wp-content\/uploads\/2018\/01\/option-propaganda-opzioni_Propagandaplakat_\u00a9-Schloss-Tirol-1-729x1030.jpg 729w, https:\/\/www.schlosstirol.it\/wp-content\/uploads\/2018\/01\/option-propaganda-opzioni_Propagandaplakat_\u00a9-Schloss-Tirol-1-768x1086.jpg 768w, https:\/\/www.schlosstirol.it\/wp-content\/uploads\/2018\/01\/option-propaganda-opzioni_Propagandaplakat_\u00a9-Schloss-Tirol-1-1087x1536.jpg 1087w, https:\/\/www.schlosstirol.it\/wp-content\/uploads\/2018\/01\/option-propaganda-opzioni_Propagandaplakat_\u00a9-Schloss-Tirol-1-1061x1500.jpg 1061w, https:\/\/www.schlosstirol.it\/wp-content\/uploads\/2018\/01\/option-propaganda-opzioni_Propagandaplakat_\u00a9-Schloss-Tirol-1-499x705.jpg 499w\" sizes=\"(max-width: 1226px) 100vw, 1226px\" \/><div class='big-prev-fake'><img decoding=\"async\" loading=\"lazy\" class=\"wp-image-4709 avia-img-lazy-loading-4709\"  width=\"1226\" height=\"1733\" src=\"https:\/\/www.schlosstirol.it\/wp-content\/uploads\/2018\/01\/option-propaganda-opzioni_Propagandaplakat_\u00a9-Schloss-Tirol-1.jpg\" title='option propaganda opzioni_Propagandaplakat_\u00a9 Schloss Tirol' alt='' srcset=\"https:\/\/www.schlosstirol.it\/wp-content\/uploads\/2018\/01\/option-propaganda-opzioni_Propagandaplakat_\u00a9-Schloss-Tirol-1.jpg 1226w, https:\/\/www.schlosstirol.it\/wp-content\/uploads\/2018\/01\/option-propaganda-opzioni_Propagandaplakat_\u00a9-Schloss-Tirol-1-212x300.jpg 212w, https:\/\/www.schlosstirol.it\/wp-content\/uploads\/2018\/01\/option-propaganda-opzioni_Propagandaplakat_\u00a9-Schloss-Tirol-1-729x1030.jpg 729w, https:\/\/www.schlosstirol.it\/wp-content\/uploads\/2018\/01\/option-propaganda-opzioni_Propagandaplakat_\u00a9-Schloss-Tirol-1-768x1086.jpg 768w, https:\/\/www.schlosstirol.it\/wp-content\/uploads\/2018\/01\/option-propaganda-opzioni_Propagandaplakat_\u00a9-Schloss-Tirol-1-1087x1536.jpg 1087w, https:\/\/www.schlosstirol.it\/wp-content\/uploads\/2018\/01\/option-propaganda-opzioni_Propagandaplakat_\u00a9-Schloss-Tirol-1-1061x1500.jpg 1061w, https:\/\/www.schlosstirol.it\/wp-content\/uploads\/2018\/01\/option-propaganda-opzioni_Propagandaplakat_\u00a9-Schloss-Tirol-1-499x705.jpg 499w\" sizes=\"auto, (max-width: 1226px) 100vw, 1226px\" \/><\/div><\/a><a href=\"https:\/\/www.schlosstirol.it\/wp-content\/uploads\/2021\/03\/Grossdeutschland-ruft-2-1030x579.jpg\" data-srcset=\"https:\/\/www.schlosstirol.it\/wp-content\/uploads\/2021\/03\/Grossdeutschland-ruft-2-1030x579.jpg 1030w, https:\/\/www.schlosstirol.it\/wp-content\/uploads\/2021\/03\/Grossdeutschland-ruft-2-300x169.jpg 300w, https:\/\/www.schlosstirol.it\/wp-content\/uploads\/2021\/03\/Grossdeutschland-ruft-2-768x432.jpg 768w, https:\/\/www.schlosstirol.it\/wp-content\/uploads\/2021\/03\/Grossdeutschland-ruft-2-705x396.jpg 705w, https:\/\/www.schlosstirol.it\/wp-content\/uploads\/2021\/03\/Grossdeutschland-ruft-2.jpg 1121w\" data-sizes=\"(max-width: 1030px) 100vw, 1030px\" data-rel='gallery-5' data-prev-img='https:\/\/www.schlosstirol.it\/wp-content\/uploads\/2021\/03\/Grossdeutschland-ruft-2.jpg' class='first_thumb lightbox ' data-onclick='2' title='Spazio espositivo nel mastio'  itemprop=\"thumbnailUrl\"  ><img decoding=\"async\" fetchpriority=\"high\" class=\"wp-image-6186 avia-img-lazy-loading-not-6186\"  data-avia-tooltip='Spazio espositivo nel mastio' src=\"https:\/\/www.schlosstirol.it\/wp-content\/uploads\/2021\/03\/Grossdeutschland-ruft-2.jpg\" width=\"1121\" height=\"630\"  title='' alt='' srcset=\"https:\/\/www.schlosstirol.it\/wp-content\/uploads\/2021\/03\/Grossdeutschland-ruft-2.jpg 1121w, https:\/\/www.schlosstirol.it\/wp-content\/uploads\/2021\/03\/Grossdeutschland-ruft-2-300x169.jpg 300w, https:\/\/www.schlosstirol.it\/wp-content\/uploads\/2021\/03\/Grossdeutschland-ruft-2-1030x579.jpg 1030w, https:\/\/www.schlosstirol.it\/wp-content\/uploads\/2021\/03\/Grossdeutschland-ruft-2-768x432.jpg 768w, https:\/\/www.schlosstirol.it\/wp-content\/uploads\/2021\/03\/Grossdeutschland-ruft-2-705x396.jpg 705w\" sizes=\"(max-width: 1121px) 100vw, 1121px\" \/><div class='big-prev-fake'><img decoding=\"async\" loading=\"lazy\" class=\"wp-image-6186 avia-img-lazy-loading-6186\"  width=\"1121\" height=\"630\" src=\"https:\/\/www.schlosstirol.it\/wp-content\/uploads\/2021\/03\/Grossdeutschland-ruft-2.jpg\" title='' alt='' srcset=\"https:\/\/www.schlosstirol.it\/wp-content\/uploads\/2021\/03\/Grossdeutschland-ruft-2.jpg 1121w, https:\/\/www.schlosstirol.it\/wp-content\/uploads\/2021\/03\/Grossdeutschland-ruft-2-300x169.jpg 300w, https:\/\/www.schlosstirol.it\/wp-content\/uploads\/2021\/03\/Grossdeutschland-ruft-2-1030x579.jpg 1030w, https:\/\/www.schlosstirol.it\/wp-content\/uploads\/2021\/03\/Grossdeutschland-ruft-2-768x432.jpg 768w, https:\/\/www.schlosstirol.it\/wp-content\/uploads\/2021\/03\/Grossdeutschland-ruft-2-705x396.jpg 705w\" sizes=\"auto, (max-width: 1121px) 100vw, 1121px\" \/><\/div><\/a><a href=\"https:\/\/www.schlosstirol.it\/wp-content\/uploads\/2021\/03\/Grossdeutschland-ruft-1-1030x579.jpg\" data-srcset=\"https:\/\/www.schlosstirol.it\/wp-content\/uploads\/2021\/03\/Grossdeutschland-ruft-1-1030x579.jpg 1030w, https:\/\/www.schlosstirol.it\/wp-content\/uploads\/2021\/03\/Grossdeutschland-ruft-1-300x169.jpg 300w, https:\/\/www.schlosstirol.it\/wp-content\/uploads\/2021\/03\/Grossdeutschland-ruft-1-768x432.jpg 768w, https:\/\/www.schlosstirol.it\/wp-content\/uploads\/2021\/03\/Grossdeutschland-ruft-1-705x396.jpg 705w, https:\/\/www.schlosstirol.it\/wp-content\/uploads\/2021\/03\/Grossdeutschland-ruft-1.jpg 1121w\" data-sizes=\"(max-width: 1030px) 100vw, 1030px\" data-rel='gallery-5' data-prev-img='https:\/\/www.schlosstirol.it\/wp-content\/uploads\/2021\/03\/Grossdeutschland-ruft-1.jpg' class='first_thumb lightbox ' data-onclick='3' title='Spazio espositivo nel mastio'  itemprop=\"thumbnailUrl\"  ><img decoding=\"async\" fetchpriority=\"high\" class=\"wp-image-6183 avia-img-lazy-loading-not-6183\"  data-avia-tooltip='Spazio espositivo nel mastio' src=\"https:\/\/www.schlosstirol.it\/wp-content\/uploads\/2021\/03\/Grossdeutschland-ruft-1.jpg\" width=\"1121\" height=\"630\"  title='' alt='' srcset=\"https:\/\/www.schlosstirol.it\/wp-content\/uploads\/2021\/03\/Grossdeutschland-ruft-1.jpg 1121w, https:\/\/www.schlosstirol.it\/wp-content\/uploads\/2021\/03\/Grossdeutschland-ruft-1-300x169.jpg 300w, https:\/\/www.schlosstirol.it\/wp-content\/uploads\/2021\/03\/Grossdeutschland-ruft-1-1030x579.jpg 1030w, https:\/\/www.schlosstirol.it\/wp-content\/uploads\/2021\/03\/Grossdeutschland-ruft-1-768x432.jpg 768w, https:\/\/www.schlosstirol.it\/wp-content\/uploads\/2021\/03\/Grossdeutschland-ruft-1-705x396.jpg 705w\" sizes=\"(max-width: 1121px) 100vw, 1121px\" \/><div class='big-prev-fake'><img decoding=\"async\" loading=\"lazy\" class=\"wp-image-6183 avia-img-lazy-loading-6183\"  width=\"1121\" height=\"630\" src=\"https:\/\/www.schlosstirol.it\/wp-content\/uploads\/2021\/03\/Grossdeutschland-ruft-1.jpg\" title='' alt='' srcset=\"https:\/\/www.schlosstirol.it\/wp-content\/uploads\/2021\/03\/Grossdeutschland-ruft-1.jpg 1121w, https:\/\/www.schlosstirol.it\/wp-content\/uploads\/2021\/03\/Grossdeutschland-ruft-1-300x169.jpg 300w, https:\/\/www.schlosstirol.it\/wp-content\/uploads\/2021\/03\/Grossdeutschland-ruft-1-1030x579.jpg 1030w, https:\/\/www.schlosstirol.it\/wp-content\/uploads\/2021\/03\/Grossdeutschland-ruft-1-768x432.jpg 768w, https:\/\/www.schlosstirol.it\/wp-content\/uploads\/2021\/03\/Grossdeutschland-ruft-1-705x396.jpg 705w\" sizes=\"auto, (max-width: 1121px) 100vw, 1121px\" \/><\/div><\/a><\/div><\/div><\/div>\n<style type=\"text\/css\" data-created_by=\"avia_inline_auto\" id=\"style-css-av-av_two_third-304ee5f7fcc078b0df93dd9c2a84aaed\">\n.flex_column.av-av_two_third-304ee5f7fcc078b0df93dd9c2a84aaed{\nborder-radius:0px 0px 0px 0px;\npadding:30px 0 30px 0;\n}\n<\/style>\n<div  class='flex_column av-av_two_third-304ee5f7fcc078b0df93dd9c2a84aaed av_two_third  avia-builder-el-28  el_after_av_one_third  avia-builder-el-last  flex_column_div  '     ><p>\n<style type=\"text\/css\" data-created_by=\"avia_inline_auto\" id=\"style-css-av-av_heading-2ee999ffd0140c0d707cac560c73a79e\">\n#top .av-special-heading.av-av_heading-2ee999ffd0140c0d707cac560c73a79e{\npadding-bottom:20px;\n}\nbody .av-special-heading.av-av_heading-2ee999ffd0140c0d707cac560c73a79e .av-special-heading-tag .heading-char{\nfont-size:25px;\n}\n.av-special-heading.av-av_heading-2ee999ffd0140c0d707cac560c73a79e .av-subheading{\nfont-size:21px;\n}\n<\/style>\n<div  class='av-special-heading av-av_heading-2ee999ffd0140c0d707cac560c73a79e av-special-heading-h2 blockquote modern-quote  avia-builder-el-29  el_before_av_textblock  avia-builder-el-first  av-linked-heading'><h2 class='av-special-heading-tag '  itemprop=\"headline\"  ><span class='special_amp'>\u201c<\/span>La grande Germania chiama!<span class='special_amp'>\u201d<\/span> La propaganda nazionalsocialista sulle Opzioni in Alto Adige e la socializzazione v\u00f6lkisch<\/h2><div class='av-subheading av-subheading_below'><p>fino al 2 maggio 2021<\/p>\n<\/div><div class=\"special-heading-border\"><div class=\"special-heading-inner-border\"><\/div><\/div><\/div><br \/>\n<section  class='av_textblock_section av-av_textblock-32af9c344aeda5838e62bcf702809feb '   itemscope=\"itemscope\" itemtype=\"https:\/\/schema.org\/CreativeWork\" ><div class='avia_textblock'  itemprop=\"text\" ><p>Circa 80 anni dopo l\u2019apice delle cosiddette \u201cOpzioni\u201d sudtirolesi, la mostra a Castel Tirolo si interroga sulla collocazione storica degli eventi che cos\u00ec traumaticamente segnarono la storia regionale.<\/p>\n<p>Nel 1940, quando i treni che trasportavano le persone emigrate nel \u201cTerzo Reich\u201d attraversarono il Brennero, in Alto Adige era in corso una battaglia di propaganda \u2013 parallelamente alla guerra reale appena scatenata dal fascismo tedesco \u2013 che ecliss\u00f2 la fase totalitaria gi\u00e0 in atto.<\/p>\n<p>I cittadini di lingua tedesca e ladina erano combattuti tra le incredibili affermazioni del fascismo italiano secondo cui si poteva rimanere tranquilli in una patria da tempo divenuta estranea a loro, grazie alle severe politiche di snazionalizzazione del regime, e le futili promesse nazionalsocialiste di un futuro brillante all\u2019interno della \u201cVolksgemeinschaft\u201d germanica.<\/p>\n<p>Grazie a nuovi sensazionali ritrovamenti, gi\u00e0 acquisiti dal Museo Provinciale di Castel Tirolo, sar\u00e0 possibile per la prima volta dare uno sguardo dietro le quinte degli sforzi nazisti per conquistare le menti e i cuori del \u201cmateriale umano\u201d sudtirolese.<\/p>\n<p>Il materiale propagandistico proviene dal fondo di un volontario sudtirolese delle SS che era diventato membro della famigerata \u201cLeibstandarte Adolf Hitler\u201d e che perse la vita nella guerra di aggressione contro l\u2019Unione Sovietica nel 1944. Dalla fase centrale delle Opzioni sono sopravvissuti alcuni manifesti o bozze che aggressivamente promuovono la \u201cHeimkehr ins Reich\u201d dei sudtirolesi.<\/p>\n<p>Il materiale, in precedenza completamente sconosciuto, sar\u00e0 presentato e storiograficamente contestualizzato per il pubblico dal curatore Hannes Obermair e inoltre commentato attraverso un contributo estetico-politico attuale dell\u2019artista Riccardo Giacconi.<\/p>\n<p>Testi alla mostra:<br \/>\n<strong><a href=\"https:\/\/www.schlosstirol.it\/wp-content\/uploads\/2021\/03\/GrossdeutschlandRuft_RaumtextBlock_fuer-web3.pdf\" target=\"_blank\" rel=\"noopener\">Testo introduttivo<\/a><\/strong><br \/>\n<a href=\"https:\/\/www.schlosstirol.it\/wp-content\/uploads\/2021\/03\/Grossdeutschland_Ruft_Katalog_Zweite-Auflage_compressed.pdf\" target=\"_blank\" rel=\"noopener\"><strong>Catalogo della mostra<\/strong><\/a><\/p>\n<\/div><\/section><\/p><\/div>\n\n<div  class='avia-button-wrap avia-button-center  avia-builder-el-31  el_after_av_section  avia-builder-el-last '>\n<style type=\"text\/css\" data-created_by=\"avia_inline_auto\" id=\"style-css-av-av_button_big-9724d40975d201ed9e454bc2dcfbb3f4\">\n#top #wrap_all .avia-button.av-av_button_big-9724d40975d201ed9e454bc2dcfbb3f4{\ncolor:#ffffff;\ntransition:all 0.4s ease-in-out;\n}\n#top #wrap_all .avia-button.av-av_button_big-9724d40975d201ed9e454bc2dcfbb3f4:hover{\ncolor:#ffffff;\ntransition:all 0.4s ease-in-out;\n}\n#top #wrap_all .avia-button.av-av_button_big-9724d40975d201ed9e454bc2dcfbb3f4 .avia-svg-icon svg:first-child{\nfill:#ffffff;\nstroke:#ffffff;\n}\n#top #wrap_all .avia-button.av-av_button_big-9724d40975d201ed9e454bc2dcfbb3f4:hover .avia-svg-icon svg:first-child{\nfill:#ffffff;\nstroke:#ffffff;\n}\n<\/style>\n<a href='' class='avia-color-theme-color avia-button avia-button-fullwidth av-av_button_big-9724d40975d201ed9e454bc2dcfbb3f4 avia-icon_select-yes-left-icon avia-color-theme-color'   aria-label=\"ARCHIVIO MOSTRE\"><span class='avia_button_icon avia_button_icon_left avia-svg-icon avia-font-svg_entypo-fontello' data-av_svg_icon='archive' data-av_iconset='svg_entypo-fontello'><svg version=\"1.1\" xmlns=\"http:\/\/www.w3.org\/2000\/svg\" width=\"31\" height=\"32\" viewBox=\"0 0 31 32\" preserveAspectRatio=\"xMidYMid meet\" aria-labelledby='av-svg-title-1' aria-describedby='av-svg-desc-1' role=\"graphics-symbol\">\n<title id='av-svg-title-1'>Archive<\/title>\n<desc id='av-svg-desc-1'>Archive<\/desc>\n<path d=\"M26.88 8v1.6h-22.272v-1.6q0-0.704 0.416-1.12t0.8-0.48h19.456q0.192 0 0.448 0.032t0.704 0.448 0.448 1.12zM22.144 3.2q0.192 0 0.448 0.032t0.704 0.448 0.448 1.12h-15.936q0-0.704 0.416-1.12t0.8-0.48h13.12zM30.080 9.6q1.088 1.024 1.216 1.472 0.192 0.576 0 1.728l-2.432 14.4q-0.128 0.704-0.64 1.12t-0.896 0.48h-22.72q-1.664 0-1.92-1.6-0.192-0.832-1.248-7.136t-1.248-7.264q-0.32-0.704-0.096-1.408t0.32-0.832 0.672-0.64l1.28-1.28v2.56h26.752v-2.56zM22.144 18.24v-3.2h-2.24v2.56h-8.32v-2.56h-2.176v3.2q0 1.6 1.536 1.6h9.6q0.704 0 1.12-0.384t0.416-0.768z\"><\/path>\n<\/svg><\/span><span class='avia_iconbox_title' >ARCHIVIO MOSTRE<\/span><span class='avia_button_background avia-button avia-button-fullwidth avia-color-theme-color-highlight'><\/span><\/a><\/div>\n","protected":false},"excerpt":{"rendered":"","protected":false},"author":1,"featured_media":6986,"comment_status":"closed","ping_status":"closed","template":"","meta":{"footnotes":""},"tags":[],"portfolio_entries":[143],"class_list":["post-10588","portfolio","type-portfolio","status-publish","has-post-thumbnail","hentry","portfolio_entries-ausstellungen-2021-it"],"yoast_head":"<!-- This site is optimized with the Yoast SEO plugin v27.5 - https:\/\/yoast.com\/product\/yoast-seo-wordpress\/ -->\n<title>Mostre 2021 - Castel Tirolo - Museo storico-culturale (BZ)<\/title>\n<meta name=\"description\" content=\"Castel Tirolo Mostre 2021\" \/>\n<meta name=\"robots\" content=\"index, follow, max-snippet:-1, max-image-preview:large, max-video-preview:-1\" \/>\n<link rel=\"canonical\" href=\"https:\/\/www.schlosstirol.it\/it\/museo-provinciale-alto-adige\/mostre-2021\/\" \/>\n<meta property=\"og:locale\" content=\"it_IT\" \/>\n<meta property=\"og:type\" content=\"article\" \/>\n<meta property=\"og:title\" content=\"Mostre 2021 - Castel Tirolo - Museo storico-culturale (BZ)\" \/>\n<meta property=\"og:description\" content=\"Castel Tirolo Mostre 2021\" \/>\n<meta property=\"og:url\" content=\"https:\/\/www.schlosstirol.it\/it\/museo-provinciale-alto-adige\/mostre-2021\/\" \/>\n<meta property=\"og:site_name\" content=\"Castel Tirolo - Museo storico-culturale (BZ)\" \/>\n<meta property=\"article:publisher\" content=\"https:\/\/www.facebook.com\/schlosstirol.casteltirolo\" \/>\n<meta property=\"article:modified_time\" content=\"2023-02-07T14:02:54+00:00\" \/>\n<meta property=\"og:image\" content=\"https:\/\/www.schlosstirol.it\/wp-content\/uploads\/2020\/01\/symbol-macht-bewegung-thumb.jpg\" \/>\n\t<meta property=\"og:image:width\" content=\"1030\" \/>\n\t<meta property=\"og:image:height\" content=\"687\" \/>\n\t<meta property=\"og:image:type\" content=\"image\/jpeg\" \/>\n<meta name=\"twitter:card\" content=\"summary_large_image\" \/>\n<meta name=\"twitter:label1\" content=\"Tempo di lettura stimato\" \/>\n\t<meta name=\"twitter:data1\" content=\"12 minuti\" \/>\n<script type=\"application\/ld+json\" class=\"yoast-schema-graph\">{\"@context\":\"https:\\\/\\\/schema.org\",\"@graph\":[{\"@type\":\"WebPage\",\"@id\":\"https:\\\/\\\/www.schlosstirol.it\\\/it\\\/museo-provinciale-alto-adige\\\/mostre-2021\\\/\",\"url\":\"https:\\\/\\\/www.schlosstirol.it\\\/it\\\/museo-provinciale-alto-adige\\\/mostre-2021\\\/\",\"name\":\"Mostre 2021 - Castel Tirolo - Museo storico-culturale (BZ)\",\"isPartOf\":{\"@id\":\"https:\\\/\\\/www.schlosstirol.it\\\/it\\\/#website\"},\"primaryImageOfPage\":{\"@id\":\"https:\\\/\\\/www.schlosstirol.it\\\/it\\\/museo-provinciale-alto-adige\\\/mostre-2021\\\/#primaryimage\"},\"image\":{\"@id\":\"https:\\\/\\\/www.schlosstirol.it\\\/it\\\/museo-provinciale-alto-adige\\\/mostre-2021\\\/#primaryimage\"},\"thumbnailUrl\":\"https:\\\/\\\/www.schlosstirol.it\\\/wp-content\\\/uploads\\\/2020\\\/01\\\/symbol-macht-bewegung-thumb.jpg\",\"datePublished\":\"2022-01-12T14:14:05+00:00\",\"dateModified\":\"2023-02-07T14:02:54+00:00\",\"description\":\"Castel Tirolo Mostre 2021\",\"breadcrumb\":{\"@id\":\"https:\\\/\\\/www.schlosstirol.it\\\/it\\\/museo-provinciale-alto-adige\\\/mostre-2021\\\/#breadcrumb\"},\"inLanguage\":\"it-IT\",\"potentialAction\":[{\"@type\":\"ReadAction\",\"target\":[\"https:\\\/\\\/www.schlosstirol.it\\\/it\\\/museo-provinciale-alto-adige\\\/mostre-2021\\\/\"]}]},{\"@type\":\"ImageObject\",\"inLanguage\":\"it-IT\",\"@id\":\"https:\\\/\\\/www.schlosstirol.it\\\/it\\\/museo-provinciale-alto-adige\\\/mostre-2021\\\/#primaryimage\",\"url\":\"https:\\\/\\\/www.schlosstirol.it\\\/wp-content\\\/uploads\\\/2020\\\/01\\\/symbol-macht-bewegung-thumb.jpg\",\"contentUrl\":\"https:\\\/\\\/www.schlosstirol.it\\\/wp-content\\\/uploads\\\/2020\\\/01\\\/symbol-macht-bewegung-thumb.jpg\",\"width\":1030,\"height\":687,\"caption\":\"Mostre 2021\"},{\"@type\":\"BreadcrumbList\",\"@id\":\"https:\\\/\\\/www.schlosstirol.it\\\/it\\\/museo-provinciale-alto-adige\\\/mostre-2021\\\/#breadcrumb\",\"itemListElement\":[{\"@type\":\"ListItem\",\"position\":1,\"name\":\"Startseite\",\"item\":\"https:\\\/\\\/www.schlosstirol.it\\\/it\\\/castel-tirolo\\\/\"},{\"@type\":\"ListItem\",\"position\":2,\"name\":\"Mostre 2021\"}]},{\"@type\":\"WebSite\",\"@id\":\"https:\\\/\\\/www.schlosstirol.it\\\/it\\\/#website\",\"url\":\"https:\\\/\\\/www.schlosstirol.it\\\/it\\\/\",\"name\":\"Castel Tirolo - Museo storico-culturale (BZ)\",\"description\":\"Museo storico-culturale della Provincia di Bolzano\",\"publisher\":{\"@id\":\"https:\\\/\\\/www.schlosstirol.it\\\/it\\\/#organization\"},\"potentialAction\":[{\"@type\":\"SearchAction\",\"target\":{\"@type\":\"EntryPoint\",\"urlTemplate\":\"https:\\\/\\\/www.schlosstirol.it\\\/it\\\/?s={search_term_string}\"},\"query-input\":{\"@type\":\"PropertyValueSpecification\",\"valueRequired\":true,\"valueName\":\"search_term_string\"}}],\"inLanguage\":\"it-IT\"},{\"@type\":\"Organization\",\"@id\":\"https:\\\/\\\/www.schlosstirol.it\\\/it\\\/#organization\",\"name\":\"Castel Tirolo\",\"url\":\"https:\\\/\\\/www.schlosstirol.it\\\/it\\\/\",\"logo\":{\"@type\":\"ImageObject\",\"inLanguage\":\"it-IT\",\"@id\":\"https:\\\/\\\/www.schlosstirol.it\\\/it\\\/#\\\/schema\\\/logo\\\/image\\\/\",\"url\":\"https:\\\/\\\/www.schlosstirol.it\\\/wp-content\\\/uploads\\\/2018\\\/09\\\/schloss-tirol_logo-impressum.png\",\"contentUrl\":\"https:\\\/\\\/www.schlosstirol.it\\\/wp-content\\\/uploads\\\/2018\\\/09\\\/schloss-tirol_logo-impressum.png\",\"width\":1030,\"height\":687,\"caption\":\"Castel Tirolo\"},\"image\":{\"@id\":\"https:\\\/\\\/www.schlosstirol.it\\\/it\\\/#\\\/schema\\\/logo\\\/image\\\/\"},\"sameAs\":[\"https:\\\/\\\/www.facebook.com\\\/schlosstirol.casteltirolo\"]}]}<\/script>\n<!-- \/ Yoast SEO plugin. -->","yoast_head_json":{"title":"Mostre 2021 - Castel Tirolo - Museo storico-culturale (BZ)","description":"Castel Tirolo Mostre 2021","robots":{"index":"index","follow":"follow","max-snippet":"max-snippet:-1","max-image-preview":"max-image-preview:large","max-video-preview":"max-video-preview:-1"},"canonical":"https:\/\/www.schlosstirol.it\/it\/museo-provinciale-alto-adige\/mostre-2021\/","og_locale":"it_IT","og_type":"article","og_title":"Mostre 2021 - Castel Tirolo - Museo storico-culturale (BZ)","og_description":"Castel Tirolo Mostre 2021","og_url":"https:\/\/www.schlosstirol.it\/it\/museo-provinciale-alto-adige\/mostre-2021\/","og_site_name":"Castel Tirolo - Museo storico-culturale (BZ)","article_publisher":"https:\/\/www.facebook.com\/schlosstirol.casteltirolo","article_modified_time":"2023-02-07T14:02:54+00:00","og_image":[{"width":1030,"height":687,"url":"https:\/\/www.schlosstirol.it\/wp-content\/uploads\/2020\/01\/symbol-macht-bewegung-thumb.jpg","type":"image\/jpeg"}],"twitter_card":"summary_large_image","twitter_misc":{"Tempo di lettura stimato":"12 minuti"},"schema":{"@context":"https:\/\/schema.org","@graph":[{"@type":"WebPage","@id":"https:\/\/www.schlosstirol.it\/it\/museo-provinciale-alto-adige\/mostre-2021\/","url":"https:\/\/www.schlosstirol.it\/it\/museo-provinciale-alto-adige\/mostre-2021\/","name":"Mostre 2021 - Castel Tirolo - Museo storico-culturale (BZ)","isPartOf":{"@id":"https:\/\/www.schlosstirol.it\/it\/#website"},"primaryImageOfPage":{"@id":"https:\/\/www.schlosstirol.it\/it\/museo-provinciale-alto-adige\/mostre-2021\/#primaryimage"},"image":{"@id":"https:\/\/www.schlosstirol.it\/it\/museo-provinciale-alto-adige\/mostre-2021\/#primaryimage"},"thumbnailUrl":"https:\/\/www.schlosstirol.it\/wp-content\/uploads\/2020\/01\/symbol-macht-bewegung-thumb.jpg","datePublished":"2022-01-12T14:14:05+00:00","dateModified":"2023-02-07T14:02:54+00:00","description":"Castel Tirolo Mostre 2021","breadcrumb":{"@id":"https:\/\/www.schlosstirol.it\/it\/museo-provinciale-alto-adige\/mostre-2021\/#breadcrumb"},"inLanguage":"it-IT","potentialAction":[{"@type":"ReadAction","target":["https:\/\/www.schlosstirol.it\/it\/museo-provinciale-alto-adige\/mostre-2021\/"]}]},{"@type":"ImageObject","inLanguage":"it-IT","@id":"https:\/\/www.schlosstirol.it\/it\/museo-provinciale-alto-adige\/mostre-2021\/#primaryimage","url":"https:\/\/www.schlosstirol.it\/wp-content\/uploads\/2020\/01\/symbol-macht-bewegung-thumb.jpg","contentUrl":"https:\/\/www.schlosstirol.it\/wp-content\/uploads\/2020\/01\/symbol-macht-bewegung-thumb.jpg","width":1030,"height":687,"caption":"Mostre 2021"},{"@type":"BreadcrumbList","@id":"https:\/\/www.schlosstirol.it\/it\/museo-provinciale-alto-adige\/mostre-2021\/#breadcrumb","itemListElement":[{"@type":"ListItem","position":1,"name":"Startseite","item":"https:\/\/www.schlosstirol.it\/it\/castel-tirolo\/"},{"@type":"ListItem","position":2,"name":"Mostre 2021"}]},{"@type":"WebSite","@id":"https:\/\/www.schlosstirol.it\/it\/#website","url":"https:\/\/www.schlosstirol.it\/it\/","name":"Castel Tirolo - Museo storico-culturale (BZ)","description":"Museo storico-culturale della Provincia di Bolzano","publisher":{"@id":"https:\/\/www.schlosstirol.it\/it\/#organization"},"potentialAction":[{"@type":"SearchAction","target":{"@type":"EntryPoint","urlTemplate":"https:\/\/www.schlosstirol.it\/it\/?s={search_term_string}"},"query-input":{"@type":"PropertyValueSpecification","valueRequired":true,"valueName":"search_term_string"}}],"inLanguage":"it-IT"},{"@type":"Organization","@id":"https:\/\/www.schlosstirol.it\/it\/#organization","name":"Castel Tirolo","url":"https:\/\/www.schlosstirol.it\/it\/","logo":{"@type":"ImageObject","inLanguage":"it-IT","@id":"https:\/\/www.schlosstirol.it\/it\/#\/schema\/logo\/image\/","url":"https:\/\/www.schlosstirol.it\/wp-content\/uploads\/2018\/09\/schloss-tirol_logo-impressum.png","contentUrl":"https:\/\/www.schlosstirol.it\/wp-content\/uploads\/2018\/09\/schloss-tirol_logo-impressum.png","width":1030,"height":687,"caption":"Castel Tirolo"},"image":{"@id":"https:\/\/www.schlosstirol.it\/it\/#\/schema\/logo\/image\/"},"sameAs":["https:\/\/www.facebook.com\/schlosstirol.casteltirolo"]}]}},"_links":{"self":[{"href":"https:\/\/www.schlosstirol.it\/it\/wp-json\/wp\/v2\/portfolio\/10588","targetHints":{"allow":["GET"]}}],"collection":[{"href":"https:\/\/www.schlosstirol.it\/it\/wp-json\/wp\/v2\/portfolio"}],"about":[{"href":"https:\/\/www.schlosstirol.it\/it\/wp-json\/wp\/v2\/types\/portfolio"}],"author":[{"embeddable":true,"href":"https:\/\/www.schlosstirol.it\/it\/wp-json\/wp\/v2\/users\/1"}],"replies":[{"embeddable":true,"href":"https:\/\/www.schlosstirol.it\/it\/wp-json\/wp\/v2\/comments?post=10588"}],"version-history":[{"count":0,"href":"https:\/\/www.schlosstirol.it\/it\/wp-json\/wp\/v2\/portfolio\/10588\/revisions"}],"wp:featuredmedia":[{"embeddable":true,"href":"https:\/\/www.schlosstirol.it\/it\/wp-json\/wp\/v2\/media\/6986"}],"wp:attachment":[{"href":"https:\/\/www.schlosstirol.it\/it\/wp-json\/wp\/v2\/media?parent=10588"}],"wp:term":[{"taxonomy":"post_tag","embeddable":true,"href":"https:\/\/www.schlosstirol.it\/it\/wp-json\/wp\/v2\/tags?post=10588"},{"taxonomy":"portfolio_entries","embeddable":true,"href":"https:\/\/www.schlosstirol.it\/it\/wp-json\/wp\/v2\/portfolio_entries?post=10588"}],"curies":[{"name":"wp","href":"https:\/\/api.w.org\/{rel}","templated":true}]}}