{"id":13491,"date":"2023-02-07T14:59:27","date_gmt":"2023-02-07T13:59:27","guid":{"rendered":"https:\/\/www.schlosstirol.it\/landesmuseum-suedtirol\/ausstellungen-2022\/"},"modified":"2023-02-07T15:15:41","modified_gmt":"2023-02-07T14:15:41","slug":"mostre-2022","status":"publish","type":"portfolio","link":"https:\/\/www.schlosstirol.it\/it\/museo-provinciale-alto-adige\/mostre-2022\/","title":{"rendered":"Mostre 2022"},"content":{"rendered":"<div id='full_slider_1'  class='avia-fullwidth-slider main_color avia-shadow   avia-builder-el-0  el_before_av_section  avia-builder-el-first   container_wrap fullsize'  >\n<style type=\"text\/css\" data-created_by=\"avia_inline_auto\" id=\"style-css-av-ldubpz5n-c2d2d88853ca2ac9ba9a73704bbc5ae0\">\n#top #wrap_all .avia-slideshow .av-slideshow-caption.av-ldubpz5n-c2d2d88853ca2ac9ba9a73704bbc5ae0__0 .avia-caption-title{\nfont-size:50px;\n}\n<\/style>\n<div  class='avia-slideshow av-ldubpz5n-c2d2d88853ca2ac9ba9a73704bbc5ae0 avia-slideshow-featured_large av_slideshow_full avia-fade-slider av-slideshow-ui av-control-hidden av-no-slider-navigation av-hide-nav-arrows av-slideshow-autoplay av-loop-endless av-loop-manual-endless av-default-height-applied   avia-slideshow-1' data-slideshow-options=\"{&quot;animation&quot;:&quot;fade&quot;,&quot;autoplay&quot;:true,&quot;loop_autoplay&quot;:&quot;endless&quot;,&quot;interval&quot;:5,&quot;loop_manual&quot;:&quot;manual-endless&quot;,&quot;autoplay_stopper&quot;:false,&quot;noNavigation&quot;:true,&quot;bg_slider&quot;:false,&quot;keep_padding&quot;:false,&quot;hoverpause&quot;:false,&quot;show_slide_delay&quot;:0}\"  itemprop=\"image\" itemscope=\"itemscope\" itemtype=\"https:\/\/schema.org\/ImageObject\" ><ul class='avia-slideshow-inner ' style='padding-bottom: 42%;'><li  class='avia-slideshow-slide av-ldubpz5n-c2d2d88853ca2ac9ba9a73704bbc5ae0__0  av-single-slide slide-1 slide-odd'><a href=\"#mostre\"  data-rel='slideshow-1' class='avia-slide-wrap '   ><div class='av-slideshow-caption av-ldubpz5n-c2d2d88853ca2ac9ba9a73704bbc5ae0__0 caption_fullwidth caption_left'><div class=\"container caption_container\"><div class=\"slideshow_caption\"><div class=\"slideshow_inner_caption\"><div class=\"slideshow_align_caption\"><h2 class='avia-caption-title '  itemprop=\"name\" >Mostre 2022<\/h2><\/div><\/div><\/div><\/div><\/div><img decoding=\"async\" fetchpriority=\"high\" class=\"wp-image-12505 avia-img-lazy-loading-not-12505\"  src=\"https:\/\/www.schlosstirol.it\/wp-content\/uploads\/2020\/01\/Eduard-Gurk_ausstellungen-titel-2022.jpg\" width=\"1500\" height=\"630\" title='Eduard-Gurk_ausstellungen-titel-2022' alt=''  itemprop=\"thumbnailUrl\"  style='min-height:300px; min-width:715px; ' srcset=\"https:\/\/www.schlosstirol.it\/wp-content\/uploads\/2020\/01\/Eduard-Gurk_ausstellungen-titel-2022.jpg 1500w, https:\/\/www.schlosstirol.it\/wp-content\/uploads\/2020\/01\/Eduard-Gurk_ausstellungen-titel-2022-300x126.jpg 300w, https:\/\/www.schlosstirol.it\/wp-content\/uploads\/2020\/01\/Eduard-Gurk_ausstellungen-titel-2022-1030x433.jpg 1030w, https:\/\/www.schlosstirol.it\/wp-content\/uploads\/2020\/01\/Eduard-Gurk_ausstellungen-titel-2022-768x323.jpg 768w, https:\/\/www.schlosstirol.it\/wp-content\/uploads\/2020\/01\/Eduard-Gurk_ausstellungen-titel-2022-705x296.jpg 705w\" sizes=\"(max-width: 1500px) 100vw, 1500px\" \/><\/a><\/li><\/ul><\/div><\/div>\n<div id='av_section_1'  class='avia-section av-av_section-fc8ee61cf9e9e615d578bee4b1753d20 main_color avia-section-default avia-no-border-styling  avia-builder-el-1  el_after_av_slideshow_full  el_before_av_section  avia-bg-style-scroll container_wrap fullsize'  ><div class='container av-section-cont-open' ><div class='template-page content  av-content-full alpha units'><div class='post-entry post-entry-type-page post-entry-13491'><div class='entry-content-wrapper clearfix'>\n\n<style type=\"text\/css\" data-created_by=\"avia_inline_auto\" id=\"style-css-av-av_one_third-abf61815a02831d116b1aaa4a1b0ed13\">\n.flex_column.av-av_one_third-abf61815a02831d116b1aaa4a1b0ed13{\nborder-radius:0px 0px 0px 0px;\npadding:0px 0px 0px 0px;\n}\n<\/style>\n<div  class='flex_column av-av_one_third-abf61815a02831d116b1aaa4a1b0ed13 av_one_third  avia-builder-el-2  el_before_av_two_third  avia-builder-el-first  first flex_column_div av-zero-column-padding  '     ><style type=\"text\/css\" data-created_by=\"avia_inline_auto\" id=\"style-css-av-av_gallery-888aa205d6b7e898b492475b6fa4d27c\">\n#top .avia-gallery.av-av_gallery-888aa205d6b7e898b492475b6fa4d27c .avia-gallery-thumb a{\nwidth:100%;\n}\n<\/style>\n<div  class='avia-gallery av-av_gallery-888aa205d6b7e898b492475b6fa4d27c avia_animate_when_visible  avia-builder-el-3  avia-builder-el-no-sibling  deactivate_avia_lazyload avia-gallery-animate avia-gallery-1'  itemprop=\"image\" itemscope=\"itemscope\" itemtype=\"https:\/\/schema.org\/ImageObject\" ><meta itemprop=\"contentURL\" content=\"https:\/\/www.schlosstirol.it\/it\/museo-provinciale-alto-adige\/mostre-2022\/\"><div class='avia-gallery-thumb'><a href=\"https:\/\/www.schlosstirol.it\/wp-content\/uploads\/2022\/06\/9.06_Theater-in-Tirol.jpg\" data-srcset=\"https:\/\/www.schlosstirol.it\/wp-content\/uploads\/2022\/06\/9.06_Theater-in-Tirol.jpg 819w, https:\/\/www.schlosstirol.it\/wp-content\/uploads\/2022\/06\/9.06_Theater-in-Tirol-300x231.jpg 300w, https:\/\/www.schlosstirol.it\/wp-content\/uploads\/2022\/06\/9.06_Theater-in-Tirol-768x591.jpg 768w, https:\/\/www.schlosstirol.it\/wp-content\/uploads\/2022\/06\/9.06_Theater-in-Tirol-705x542.jpg 705w\" data-sizes=\"(max-width: 819px) 100vw, 819px\" data-rel='gallery-1' data-prev-img='https:\/\/www.schlosstirol.it\/wp-content\/uploads\/2022\/06\/9.06_Theater-in-Tirol.jpg' class='first_thumb lightbox ' data-onclick='1' title='Eduard Gurk, Ferdinando I assiste allo spettacolo popolare Das Jahr 1809 alla H\u00f6ttinger Au, 1838, Provincia autonoma di Bolzano \u2013 Alto Adige'  itemprop=\"thumbnailUrl\"  ><img decoding=\"async\" fetchpriority=\"high\" class=\"wp-image-12486 avia-img-lazy-loading-not-12486\"  data-avia-tooltip='Eduard Gurk, Ferdinando I assiste allo spettacolo popolare Das Jahr 1809 alla H\u00f6ttinger Au, 1838, Provincia autonoma di Bolzano \u2013 Alto Adige' src=\"https:\/\/www.schlosstirol.it\/wp-content\/uploads\/2022\/06\/9.06_Theater-in-Tirol.jpg\" width=\"819\" height=\"630\"  title='' alt='' srcset=\"https:\/\/www.schlosstirol.it\/wp-content\/uploads\/2022\/06\/9.06_Theater-in-Tirol.jpg 819w, https:\/\/www.schlosstirol.it\/wp-content\/uploads\/2022\/06\/9.06_Theater-in-Tirol-300x231.jpg 300w, https:\/\/www.schlosstirol.it\/wp-content\/uploads\/2022\/06\/9.06_Theater-in-Tirol-768x591.jpg 768w, https:\/\/www.schlosstirol.it\/wp-content\/uploads\/2022\/06\/9.06_Theater-in-Tirol-705x542.jpg 705w\" sizes=\"(max-width: 819px) 100vw, 819px\" \/><div class='big-prev-fake'><img decoding=\"async\" loading=\"lazy\" class=\"wp-image-12486 avia-img-lazy-loading-12486\"  width=\"819\" height=\"630\" src=\"https:\/\/www.schlosstirol.it\/wp-content\/uploads\/2022\/06\/9.06_Theater-in-Tirol.jpg\" title='' alt='' srcset=\"https:\/\/www.schlosstirol.it\/wp-content\/uploads\/2022\/06\/9.06_Theater-in-Tirol.jpg 819w, https:\/\/www.schlosstirol.it\/wp-content\/uploads\/2022\/06\/9.06_Theater-in-Tirol-300x231.jpg 300w, https:\/\/www.schlosstirol.it\/wp-content\/uploads\/2022\/06\/9.06_Theater-in-Tirol-768x591.jpg 768w, https:\/\/www.schlosstirol.it\/wp-content\/uploads\/2022\/06\/9.06_Theater-in-Tirol-705x542.jpg 705w\" sizes=\"auto, (max-width: 819px) 100vw, 819px\" \/><\/div><\/a><a href=\"https:\/\/www.schlosstirol.it\/wp-content\/uploads\/2022\/08\/Theater-1-1030x683.jpg\" data-srcset=\"https:\/\/www.schlosstirol.it\/wp-content\/uploads\/2022\/08\/Theater-1-1030x683.jpg 1030w, https:\/\/www.schlosstirol.it\/wp-content\/uploads\/2022\/08\/Theater-1-300x199.jpg 300w, https:\/\/www.schlosstirol.it\/wp-content\/uploads\/2022\/08\/Theater-1-768x509.jpg 768w, https:\/\/www.schlosstirol.it\/wp-content\/uploads\/2022\/08\/Theater-1-1536x1018.jpg 1536w, https:\/\/www.schlosstirol.it\/wp-content\/uploads\/2022\/08\/Theater-1-2048x1358.jpg 2048w, https:\/\/www.schlosstirol.it\/wp-content\/uploads\/2022\/08\/Theater-1-1500x995.jpg 1500w, https:\/\/www.schlosstirol.it\/wp-content\/uploads\/2022\/08\/Theater-1-705x467.jpg 705w\" data-sizes=\"(max-width: 1030px) 100vw, 1030px\" data-rel='gallery-1' data-prev-img='https:\/\/www.schlosstirol.it\/wp-content\/uploads\/2022\/08\/Theater-1-scaled.jpg' class='first_thumb lightbox ' data-onclick='2' title='Sale espositive'  itemprop=\"thumbnailUrl\"  ><img decoding=\"async\" fetchpriority=\"high\" class=\"wp-image-13084 avia-img-lazy-loading-not-13084\"  data-avia-tooltip='Sale espositive' src=\"https:\/\/www.schlosstirol.it\/wp-content\/uploads\/2022\/08\/Theater-1-scaled.jpg\" width=\"2560\" height=\"1697\"  title='' alt='' srcset=\"https:\/\/www.schlosstirol.it\/wp-content\/uploads\/2022\/08\/Theater-1-scaled.jpg 2560w, https:\/\/www.schlosstirol.it\/wp-content\/uploads\/2022\/08\/Theater-1-300x199.jpg 300w, https:\/\/www.schlosstirol.it\/wp-content\/uploads\/2022\/08\/Theater-1-1030x683.jpg 1030w, https:\/\/www.schlosstirol.it\/wp-content\/uploads\/2022\/08\/Theater-1-768x509.jpg 768w, https:\/\/www.schlosstirol.it\/wp-content\/uploads\/2022\/08\/Theater-1-1536x1018.jpg 1536w, https:\/\/www.schlosstirol.it\/wp-content\/uploads\/2022\/08\/Theater-1-2048x1358.jpg 2048w, https:\/\/www.schlosstirol.it\/wp-content\/uploads\/2022\/08\/Theater-1-1500x995.jpg 1500w, https:\/\/www.schlosstirol.it\/wp-content\/uploads\/2022\/08\/Theater-1-705x467.jpg 705w\" sizes=\"(max-width: 2560px) 100vw, 2560px\" \/><div class='big-prev-fake'><img decoding=\"async\" loading=\"lazy\" class=\"wp-image-13084 avia-img-lazy-loading-13084\"  width=\"2560\" height=\"1697\" src=\"https:\/\/www.schlosstirol.it\/wp-content\/uploads\/2022\/08\/Theater-1-scaled.jpg\" title='' alt='' srcset=\"https:\/\/www.schlosstirol.it\/wp-content\/uploads\/2022\/08\/Theater-1-scaled.jpg 2560w, https:\/\/www.schlosstirol.it\/wp-content\/uploads\/2022\/08\/Theater-1-300x199.jpg 300w, https:\/\/www.schlosstirol.it\/wp-content\/uploads\/2022\/08\/Theater-1-1030x683.jpg 1030w, https:\/\/www.schlosstirol.it\/wp-content\/uploads\/2022\/08\/Theater-1-768x509.jpg 768w, https:\/\/www.schlosstirol.it\/wp-content\/uploads\/2022\/08\/Theater-1-1536x1018.jpg 1536w, https:\/\/www.schlosstirol.it\/wp-content\/uploads\/2022\/08\/Theater-1-2048x1358.jpg 2048w, https:\/\/www.schlosstirol.it\/wp-content\/uploads\/2022\/08\/Theater-1-1500x995.jpg 1500w, https:\/\/www.schlosstirol.it\/wp-content\/uploads\/2022\/08\/Theater-1-705x467.jpg 705w\" sizes=\"auto, (max-width: 2560px) 100vw, 2560px\" \/><\/div><\/a><a href=\"https:\/\/www.schlosstirol.it\/wp-content\/uploads\/2022\/08\/Theater-3-1030x579.jpg\" data-srcset=\"https:\/\/www.schlosstirol.it\/wp-content\/uploads\/2022\/08\/Theater-3-1030x579.jpg 1030w, https:\/\/www.schlosstirol.it\/wp-content\/uploads\/2022\/08\/Theater-3-300x169.jpg 300w, https:\/\/www.schlosstirol.it\/wp-content\/uploads\/2022\/08\/Theater-3-768x431.jpg 768w, https:\/\/www.schlosstirol.it\/wp-content\/uploads\/2022\/08\/Theater-3-1536x863.jpg 1536w, https:\/\/www.schlosstirol.it\/wp-content\/uploads\/2022\/08\/Theater-3-2048x1150.jpg 2048w, https:\/\/www.schlosstirol.it\/wp-content\/uploads\/2022\/08\/Theater-3-1500x843.jpg 1500w, https:\/\/www.schlosstirol.it\/wp-content\/uploads\/2022\/08\/Theater-3-705x396.jpg 705w\" data-sizes=\"(max-width: 1030px) 100vw, 1030px\" data-rel='gallery-1' data-prev-img='https:\/\/www.schlosstirol.it\/wp-content\/uploads\/2022\/08\/Theater-3-scaled.jpg' class='first_thumb lightbox ' data-onclick='3' title='Sale espositive'  itemprop=\"thumbnailUrl\"  ><img decoding=\"async\" fetchpriority=\"high\" class=\"wp-image-13087 avia-img-lazy-loading-not-13087\"  data-avia-tooltip='Sale espositive' src=\"https:\/\/www.schlosstirol.it\/wp-content\/uploads\/2022\/08\/Theater-3-scaled.jpg\" width=\"2560\" height=\"1438\"  title='' alt='' srcset=\"https:\/\/www.schlosstirol.it\/wp-content\/uploads\/2022\/08\/Theater-3-scaled.jpg 2560w, https:\/\/www.schlosstirol.it\/wp-content\/uploads\/2022\/08\/Theater-3-300x169.jpg 300w, https:\/\/www.schlosstirol.it\/wp-content\/uploads\/2022\/08\/Theater-3-1030x579.jpg 1030w, https:\/\/www.schlosstirol.it\/wp-content\/uploads\/2022\/08\/Theater-3-768x431.jpg 768w, https:\/\/www.schlosstirol.it\/wp-content\/uploads\/2022\/08\/Theater-3-1536x863.jpg 1536w, https:\/\/www.schlosstirol.it\/wp-content\/uploads\/2022\/08\/Theater-3-2048x1150.jpg 2048w, https:\/\/www.schlosstirol.it\/wp-content\/uploads\/2022\/08\/Theater-3-1500x843.jpg 1500w, https:\/\/www.schlosstirol.it\/wp-content\/uploads\/2022\/08\/Theater-3-705x396.jpg 705w\" sizes=\"(max-width: 2560px) 100vw, 2560px\" \/><div class='big-prev-fake'><img decoding=\"async\" loading=\"lazy\" class=\"wp-image-13087 avia-img-lazy-loading-13087\"  width=\"2560\" height=\"1438\" src=\"https:\/\/www.schlosstirol.it\/wp-content\/uploads\/2022\/08\/Theater-3-scaled.jpg\" title='' alt='' srcset=\"https:\/\/www.schlosstirol.it\/wp-content\/uploads\/2022\/08\/Theater-3-scaled.jpg 2560w, https:\/\/www.schlosstirol.it\/wp-content\/uploads\/2022\/08\/Theater-3-300x169.jpg 300w, https:\/\/www.schlosstirol.it\/wp-content\/uploads\/2022\/08\/Theater-3-1030x579.jpg 1030w, https:\/\/www.schlosstirol.it\/wp-content\/uploads\/2022\/08\/Theater-3-768x431.jpg 768w, https:\/\/www.schlosstirol.it\/wp-content\/uploads\/2022\/08\/Theater-3-1536x863.jpg 1536w, https:\/\/www.schlosstirol.it\/wp-content\/uploads\/2022\/08\/Theater-3-2048x1150.jpg 2048w, https:\/\/www.schlosstirol.it\/wp-content\/uploads\/2022\/08\/Theater-3-1500x843.jpg 1500w, https:\/\/www.schlosstirol.it\/wp-content\/uploads\/2022\/08\/Theater-3-705x396.jpg 705w\" sizes=\"auto, (max-width: 2560px) 100vw, 2560px\" \/><\/div><\/a><a href=\"https:\/\/www.schlosstirol.it\/wp-content\/uploads\/2022\/08\/Theater-4-1030x579.jpg\" data-srcset=\"https:\/\/www.schlosstirol.it\/wp-content\/uploads\/2022\/08\/Theater-4-1030x579.jpg 1030w, https:\/\/www.schlosstirol.it\/wp-content\/uploads\/2022\/08\/Theater-4-300x169.jpg 300w, https:\/\/www.schlosstirol.it\/wp-content\/uploads\/2022\/08\/Theater-4-768x431.jpg 768w, https:\/\/www.schlosstirol.it\/wp-content\/uploads\/2022\/08\/Theater-4-1536x863.jpg 1536w, https:\/\/www.schlosstirol.it\/wp-content\/uploads\/2022\/08\/Theater-4-2048x1150.jpg 2048w, https:\/\/www.schlosstirol.it\/wp-content\/uploads\/2022\/08\/Theater-4-1500x843.jpg 1500w, https:\/\/www.schlosstirol.it\/wp-content\/uploads\/2022\/08\/Theater-4-705x396.jpg 705w\" data-sizes=\"(max-width: 1030px) 100vw, 1030px\" data-rel='gallery-1' data-prev-img='https:\/\/www.schlosstirol.it\/wp-content\/uploads\/2022\/08\/Theater-4-scaled.jpg' class='first_thumb lightbox ' data-onclick='4' title='Sale espositive'  itemprop=\"thumbnailUrl\"  ><img decoding=\"async\" fetchpriority=\"high\" class=\"wp-image-13090 avia-img-lazy-loading-not-13090\"  data-avia-tooltip='Sale espositive' src=\"https:\/\/www.schlosstirol.it\/wp-content\/uploads\/2022\/08\/Theater-4-scaled.jpg\" width=\"2560\" height=\"1438\"  title='' alt='' srcset=\"https:\/\/www.schlosstirol.it\/wp-content\/uploads\/2022\/08\/Theater-4-scaled.jpg 2560w, https:\/\/www.schlosstirol.it\/wp-content\/uploads\/2022\/08\/Theater-4-300x169.jpg 300w, https:\/\/www.schlosstirol.it\/wp-content\/uploads\/2022\/08\/Theater-4-1030x579.jpg 1030w, https:\/\/www.schlosstirol.it\/wp-content\/uploads\/2022\/08\/Theater-4-768x431.jpg 768w, https:\/\/www.schlosstirol.it\/wp-content\/uploads\/2022\/08\/Theater-4-1536x863.jpg 1536w, https:\/\/www.schlosstirol.it\/wp-content\/uploads\/2022\/08\/Theater-4-2048x1150.jpg 2048w, https:\/\/www.schlosstirol.it\/wp-content\/uploads\/2022\/08\/Theater-4-1500x843.jpg 1500w, https:\/\/www.schlosstirol.it\/wp-content\/uploads\/2022\/08\/Theater-4-705x396.jpg 705w\" sizes=\"(max-width: 2560px) 100vw, 2560px\" \/><div class='big-prev-fake'><img decoding=\"async\" loading=\"lazy\" class=\"wp-image-13090 avia-img-lazy-loading-13090\"  width=\"2560\" height=\"1438\" src=\"https:\/\/www.schlosstirol.it\/wp-content\/uploads\/2022\/08\/Theater-4-scaled.jpg\" title='' alt='' srcset=\"https:\/\/www.schlosstirol.it\/wp-content\/uploads\/2022\/08\/Theater-4-scaled.jpg 2560w, https:\/\/www.schlosstirol.it\/wp-content\/uploads\/2022\/08\/Theater-4-300x169.jpg 300w, https:\/\/www.schlosstirol.it\/wp-content\/uploads\/2022\/08\/Theater-4-1030x579.jpg 1030w, https:\/\/www.schlosstirol.it\/wp-content\/uploads\/2022\/08\/Theater-4-768x431.jpg 768w, https:\/\/www.schlosstirol.it\/wp-content\/uploads\/2022\/08\/Theater-4-1536x863.jpg 1536w, https:\/\/www.schlosstirol.it\/wp-content\/uploads\/2022\/08\/Theater-4-2048x1150.jpg 2048w, https:\/\/www.schlosstirol.it\/wp-content\/uploads\/2022\/08\/Theater-4-1500x843.jpg 1500w, https:\/\/www.schlosstirol.it\/wp-content\/uploads\/2022\/08\/Theater-4-705x396.jpg 705w\" sizes=\"auto, (max-width: 2560px) 100vw, 2560px\" \/><\/div><\/a><\/div><\/div><\/div>\n<style type=\"text\/css\" data-created_by=\"avia_inline_auto\" id=\"style-css-av-av_two_third-304ee5f7fcc078b0df93dd9c2a84aaed\">\n.flex_column.av-av_two_third-304ee5f7fcc078b0df93dd9c2a84aaed{\nborder-radius:0px 0px 0px 0px;\npadding:30px 0 30px 0;\n}\n<\/style>\n<div  class='flex_column av-av_two_third-304ee5f7fcc078b0df93dd9c2a84aaed av_two_third  avia-builder-el-4  el_after_av_one_third  avia-builder-el-last  flex_column_div  '     ><p>\n<style type=\"text\/css\" data-created_by=\"avia_inline_auto\" id=\"style-css-av-av_heading-333868d0413588f35c658368e4c7128d\">\n#top .av-special-heading.av-av_heading-333868d0413588f35c658368e4c7128d{\npadding-bottom:20px;\n}\nbody .av-special-heading.av-av_heading-333868d0413588f35c658368e4c7128d .av-special-heading-tag .heading-char{\nfont-size:25px;\n}\n.av-special-heading.av-av_heading-333868d0413588f35c658368e4c7128d .av-subheading{\nfont-size:21px;\n}\n<\/style>\n<div  class='av-special-heading av-av_heading-333868d0413588f35c658368e4c7128d av-special-heading-h2 blockquote modern-quote  avia-builder-el-5  el_before_av_textblock  avia-builder-el-first  av-linked-heading'><h2 class='av-special-heading-tag '  itemprop=\"headline\"  >Amore, Morte e Demonio. Il teatro in Tirolo<\/h2><div class='av-subheading av-subheading_below'><p>dal 2 luglio al 20 novembre 2022<\/p>\n<\/div><div class=\"special-heading-border\"><div class=\"special-heading-inner-border\"><\/div><\/div><\/div><br \/>\n<section  class='av_textblock_section av-av_textblock-7a1af7d8f9790576b1769c0a9f0449ed '   itemscope=\"itemscope\" itemtype=\"https:\/\/schema.org\/CreativeWork\" ><div class='avia_textblock'  itemprop=\"text\" ><p>La mostra tematica verte sulla storia della produzione teatrale nel Tirolo storico, e sulle sue \u201cstorie\u201d. Lo sguardo non \u00e8 puntato soltanto sulla nascita del teatro, piuttosto, attraverso l\u2019avvicendarsi di nuclei tematici, la mostra intende ripercorrere in maniera sintetica le linee di sviluppo della produzione teatrale. Il percorso espositivo conduce dal teatro sacro e profano del Medioevo al dramma gesuitico e al teatro di corte dell\u2019Et\u00e0 moderna, passando per il teatro scolastico nei collegi religiosi di epoca barocca, le processioni con figuranti, le rappresentazioni popolari, per terminare con l\u2019avvento dei grandi teatri stabili. Non pu\u00f2 mancare, naturalmente, una sezione dedicata alla sacra rappresentazione della Passione di Cristo di Erl, n\u00e9 una panoramica sugli spettacoli teatrali all\u2019aperto e sull\u2019offerta teatrale in italiano a Bolzano.<\/p>\n<p>Il risultato \u00e8 un affresco variopinto e movimentato che arriva fino all\u2019oggi. La nostra scommessa di storia culturale punta sulla ricchezza e variet\u00e0 dei materiali in mostra, molti dei quali esposti per la prima volta. Un\u2019esposizione sulla storia del teatro in Tirolo non si era ancora vista, il progetto che qui presentiamo far\u00e0 da battistrada.<\/p>\n<\/div><\/section><\/p><\/div>\n\n<\/div><\/div><\/div><!-- close content main div --><\/div><\/div><div id='av_section_2'  class='avia-section av-av_section-fc8ee61cf9e9e615d578bee4b1753d20 main_color avia-section-default avia-no-border-styling  avia-builder-el-7  el_after_av_section  el_before_av_section  avia-bg-style-scroll container_wrap fullsize'  ><div class='container av-section-cont-open' ><div class='template-page content  av-content-full alpha units'><div class='post-entry post-entry-type-page post-entry-13491'><div class='entry-content-wrapper clearfix'>\n\n<style type=\"text\/css\" data-created_by=\"avia_inline_auto\" id=\"style-css-av-av_one_third-abf61815a02831d116b1aaa4a1b0ed13\">\n.flex_column.av-av_one_third-abf61815a02831d116b1aaa4a1b0ed13{\nborder-radius:0px 0px 0px 0px;\npadding:0px 0px 0px 0px;\n}\n<\/style>\n<div  class='flex_column av-av_one_third-abf61815a02831d116b1aaa4a1b0ed13 av_one_third  avia-builder-el-8  el_before_av_two_third  avia-builder-el-first  first flex_column_div av-zero-column-padding  '     ><style type=\"text\/css\" data-created_by=\"avia_inline_auto\" id=\"style-css-av-av_gallery-102693959bf169734a0e0557df0bfe59\">\n#top .avia-gallery.av-av_gallery-102693959bf169734a0e0557df0bfe59 .avia-gallery-thumb a{\nwidth:100%;\n}\n<\/style>\n<div  class='avia-gallery av-av_gallery-102693959bf169734a0e0557df0bfe59 avia_animate_when_visible  avia-builder-el-9  avia-builder-el-no-sibling  deactivate_avia_lazyload avia-gallery-animate avia-gallery-2'  itemprop=\"image\" itemscope=\"itemscope\" itemtype=\"https:\/\/schema.org\/ImageObject\" ><meta itemprop=\"contentURL\" content=\"https:\/\/www.schlosstirol.it\/it\/museo-provinciale-alto-adige\/mostre-2022\/\"><div class='avia-gallery-thumb'><a href=\"https:\/\/www.schlosstirol.it\/wp-content\/uploads\/2022\/08\/Senoner-4-1030x738.jpg\" data-srcset=\"https:\/\/www.schlosstirol.it\/wp-content\/uploads\/2022\/08\/Senoner-4-1030x738.jpg 1030w, https:\/\/www.schlosstirol.it\/wp-content\/uploads\/2022\/08\/Senoner-4-300x215.jpg 300w, https:\/\/www.schlosstirol.it\/wp-content\/uploads\/2022\/08\/Senoner-4-768x550.jpg 768w, https:\/\/www.schlosstirol.it\/wp-content\/uploads\/2022\/08\/Senoner-4-1536x1100.jpg 1536w, https:\/\/www.schlosstirol.it\/wp-content\/uploads\/2022\/08\/Senoner-4-2048x1467.jpg 2048w, https:\/\/www.schlosstirol.it\/wp-content\/uploads\/2022\/08\/Senoner-4-1500x1074.jpg 1500w, https:\/\/www.schlosstirol.it\/wp-content\/uploads\/2022\/08\/Senoner-4-260x185.jpg 260w, https:\/\/www.schlosstirol.it\/wp-content\/uploads\/2022\/08\/Senoner-4-705x505.jpg 705w\" data-sizes=\"(max-width: 1030px) 100vw, 1030px\" data-rel='gallery-2' data-prev-img='https:\/\/www.schlosstirol.it\/wp-content\/uploads\/2022\/08\/Senoner-4-scaled.jpg' class='first_thumb lightbox ' data-onclick='1' title='Sale espositive'  itemprop=\"thumbnailUrl\"  ><img decoding=\"async\" fetchpriority=\"high\" class=\"wp-image-13099 avia-img-lazy-loading-not-13099\"  data-avia-tooltip='Sale espositive' src=\"https:\/\/www.schlosstirol.it\/wp-content\/uploads\/2022\/08\/Senoner-4-scaled.jpg\" width=\"2560\" height=\"1834\"  title='' alt='' srcset=\"https:\/\/www.schlosstirol.it\/wp-content\/uploads\/2022\/08\/Senoner-4-scaled.jpg 2560w, https:\/\/www.schlosstirol.it\/wp-content\/uploads\/2022\/08\/Senoner-4-300x215.jpg 300w, https:\/\/www.schlosstirol.it\/wp-content\/uploads\/2022\/08\/Senoner-4-1030x738.jpg 1030w, https:\/\/www.schlosstirol.it\/wp-content\/uploads\/2022\/08\/Senoner-4-768x550.jpg 768w, https:\/\/www.schlosstirol.it\/wp-content\/uploads\/2022\/08\/Senoner-4-1536x1100.jpg 1536w, https:\/\/www.schlosstirol.it\/wp-content\/uploads\/2022\/08\/Senoner-4-2048x1467.jpg 2048w, https:\/\/www.schlosstirol.it\/wp-content\/uploads\/2022\/08\/Senoner-4-1500x1074.jpg 1500w, https:\/\/www.schlosstirol.it\/wp-content\/uploads\/2022\/08\/Senoner-4-260x185.jpg 260w, https:\/\/www.schlosstirol.it\/wp-content\/uploads\/2022\/08\/Senoner-4-705x505.jpg 705w\" sizes=\"(max-width: 2560px) 100vw, 2560px\" \/><div class='big-prev-fake'><img decoding=\"async\" loading=\"lazy\" class=\"wp-image-13099 avia-img-lazy-loading-13099\"  width=\"2560\" height=\"1834\" src=\"https:\/\/www.schlosstirol.it\/wp-content\/uploads\/2022\/08\/Senoner-4-scaled.jpg\" title='' alt='' srcset=\"https:\/\/www.schlosstirol.it\/wp-content\/uploads\/2022\/08\/Senoner-4-scaled.jpg 2560w, https:\/\/www.schlosstirol.it\/wp-content\/uploads\/2022\/08\/Senoner-4-300x215.jpg 300w, https:\/\/www.schlosstirol.it\/wp-content\/uploads\/2022\/08\/Senoner-4-1030x738.jpg 1030w, https:\/\/www.schlosstirol.it\/wp-content\/uploads\/2022\/08\/Senoner-4-768x550.jpg 768w, https:\/\/www.schlosstirol.it\/wp-content\/uploads\/2022\/08\/Senoner-4-1536x1100.jpg 1536w, https:\/\/www.schlosstirol.it\/wp-content\/uploads\/2022\/08\/Senoner-4-2048x1467.jpg 2048w, https:\/\/www.schlosstirol.it\/wp-content\/uploads\/2022\/08\/Senoner-4-1500x1074.jpg 1500w, https:\/\/www.schlosstirol.it\/wp-content\/uploads\/2022\/08\/Senoner-4-260x185.jpg 260w, https:\/\/www.schlosstirol.it\/wp-content\/uploads\/2022\/08\/Senoner-4-705x505.jpg 705w\" sizes=\"auto, (max-width: 2560px) 100vw, 2560px\" \/><\/div><\/a><a href=\"https:\/\/www.schlosstirol.it\/wp-content\/uploads\/2022\/08\/Senoner-3-706x1030.jpg\" data-srcset=\"https:\/\/www.schlosstirol.it\/wp-content\/uploads\/2022\/08\/Senoner-3-706x1030.jpg 706w, https:\/\/www.schlosstirol.it\/wp-content\/uploads\/2022\/08\/Senoner-3-206x300.jpg 206w, https:\/\/www.schlosstirol.it\/wp-content\/uploads\/2022\/08\/Senoner-3-768x1121.jpg 768w, https:\/\/www.schlosstirol.it\/wp-content\/uploads\/2022\/08\/Senoner-3-1053x1536.jpg 1053w, https:\/\/www.schlosstirol.it\/wp-content\/uploads\/2022\/08\/Senoner-3-1404x2048.jpg 1404w, https:\/\/www.schlosstirol.it\/wp-content\/uploads\/2022\/08\/Senoner-3-1028x1500.jpg 1028w, https:\/\/www.schlosstirol.it\/wp-content\/uploads\/2022\/08\/Senoner-3-483x705.jpg 483w, https:\/\/www.schlosstirol.it\/wp-content\/uploads\/2022\/08\/Senoner-3-scaled.jpg 1755w\" data-sizes=\"(max-width: 706px) 100vw, 706px\" data-rel='gallery-2' data-prev-img='https:\/\/www.schlosstirol.it\/wp-content\/uploads\/2022\/08\/Senoner-3-scaled.jpg' class='first_thumb lightbox ' data-onclick='2' title='Sale espositive'  itemprop=\"thumbnailUrl\"  ><img decoding=\"async\" fetchpriority=\"high\" class=\"wp-image-13096 avia-img-lazy-loading-not-13096\"  data-avia-tooltip='Sale espositive' src=\"https:\/\/www.schlosstirol.it\/wp-content\/uploads\/2022\/08\/Senoner-3-scaled.jpg\" width=\"1755\" height=\"2560\"  title='' alt='' srcset=\"https:\/\/www.schlosstirol.it\/wp-content\/uploads\/2022\/08\/Senoner-3-scaled.jpg 1755w, https:\/\/www.schlosstirol.it\/wp-content\/uploads\/2022\/08\/Senoner-3-206x300.jpg 206w, https:\/\/www.schlosstirol.it\/wp-content\/uploads\/2022\/08\/Senoner-3-706x1030.jpg 706w, https:\/\/www.schlosstirol.it\/wp-content\/uploads\/2022\/08\/Senoner-3-768x1121.jpg 768w, https:\/\/www.schlosstirol.it\/wp-content\/uploads\/2022\/08\/Senoner-3-1053x1536.jpg 1053w, https:\/\/www.schlosstirol.it\/wp-content\/uploads\/2022\/08\/Senoner-3-1404x2048.jpg 1404w, https:\/\/www.schlosstirol.it\/wp-content\/uploads\/2022\/08\/Senoner-3-1028x1500.jpg 1028w, https:\/\/www.schlosstirol.it\/wp-content\/uploads\/2022\/08\/Senoner-3-483x705.jpg 483w\" sizes=\"(max-width: 1755px) 100vw, 1755px\" \/><div class='big-prev-fake'><img decoding=\"async\" loading=\"lazy\" class=\"wp-image-13096 avia-img-lazy-loading-13096\"  width=\"1755\" height=\"2560\" src=\"https:\/\/www.schlosstirol.it\/wp-content\/uploads\/2022\/08\/Senoner-3-scaled.jpg\" title='' alt='' srcset=\"https:\/\/www.schlosstirol.it\/wp-content\/uploads\/2022\/08\/Senoner-3-scaled.jpg 1755w, https:\/\/www.schlosstirol.it\/wp-content\/uploads\/2022\/08\/Senoner-3-206x300.jpg 206w, https:\/\/www.schlosstirol.it\/wp-content\/uploads\/2022\/08\/Senoner-3-706x1030.jpg 706w, https:\/\/www.schlosstirol.it\/wp-content\/uploads\/2022\/08\/Senoner-3-768x1121.jpg 768w, https:\/\/www.schlosstirol.it\/wp-content\/uploads\/2022\/08\/Senoner-3-1053x1536.jpg 1053w, https:\/\/www.schlosstirol.it\/wp-content\/uploads\/2022\/08\/Senoner-3-1404x2048.jpg 1404w, https:\/\/www.schlosstirol.it\/wp-content\/uploads\/2022\/08\/Senoner-3-1028x1500.jpg 1028w, https:\/\/www.schlosstirol.it\/wp-content\/uploads\/2022\/08\/Senoner-3-483x705.jpg 483w\" sizes=\"auto, (max-width: 1755px) 100vw, 1755px\" \/><\/div><\/a><a href=\"https:\/\/www.schlosstirol.it\/wp-content\/uploads\/2022\/08\/Senoner-1-1030x579.jpg\" data-srcset=\"https:\/\/www.schlosstirol.it\/wp-content\/uploads\/2022\/08\/Senoner-1-1030x579.jpg 1030w, https:\/\/www.schlosstirol.it\/wp-content\/uploads\/2022\/08\/Senoner-1-300x169.jpg 300w, https:\/\/www.schlosstirol.it\/wp-content\/uploads\/2022\/08\/Senoner-1-768x431.jpg 768w, https:\/\/www.schlosstirol.it\/wp-content\/uploads\/2022\/08\/Senoner-1-1536x863.jpg 1536w, https:\/\/www.schlosstirol.it\/wp-content\/uploads\/2022\/08\/Senoner-1-2048x1150.jpg 2048w, https:\/\/www.schlosstirol.it\/wp-content\/uploads\/2022\/08\/Senoner-1-1500x843.jpg 1500w, https:\/\/www.schlosstirol.it\/wp-content\/uploads\/2022\/08\/Senoner-1-705x396.jpg 705w\" data-sizes=\"(max-width: 1030px) 100vw, 1030px\" data-rel='gallery-2' data-prev-img='https:\/\/www.schlosstirol.it\/wp-content\/uploads\/2022\/08\/Senoner-1-scaled.jpg' class='first_thumb lightbox ' data-onclick='3' title='Sale espositive'  itemprop=\"thumbnailUrl\"  ><img decoding=\"async\" fetchpriority=\"high\" class=\"wp-image-13093 avia-img-lazy-loading-not-13093\"  data-avia-tooltip='Sale espositive' src=\"https:\/\/www.schlosstirol.it\/wp-content\/uploads\/2022\/08\/Senoner-1-scaled.jpg\" width=\"2560\" height=\"1438\"  title='' alt='' srcset=\"https:\/\/www.schlosstirol.it\/wp-content\/uploads\/2022\/08\/Senoner-1-scaled.jpg 2560w, https:\/\/www.schlosstirol.it\/wp-content\/uploads\/2022\/08\/Senoner-1-300x169.jpg 300w, https:\/\/www.schlosstirol.it\/wp-content\/uploads\/2022\/08\/Senoner-1-1030x579.jpg 1030w, https:\/\/www.schlosstirol.it\/wp-content\/uploads\/2022\/08\/Senoner-1-768x431.jpg 768w, https:\/\/www.schlosstirol.it\/wp-content\/uploads\/2022\/08\/Senoner-1-1536x863.jpg 1536w, https:\/\/www.schlosstirol.it\/wp-content\/uploads\/2022\/08\/Senoner-1-2048x1150.jpg 2048w, https:\/\/www.schlosstirol.it\/wp-content\/uploads\/2022\/08\/Senoner-1-1500x843.jpg 1500w, https:\/\/www.schlosstirol.it\/wp-content\/uploads\/2022\/08\/Senoner-1-705x396.jpg 705w\" sizes=\"(max-width: 2560px) 100vw, 2560px\" \/><div class='big-prev-fake'><img decoding=\"async\" loading=\"lazy\" class=\"wp-image-13093 avia-img-lazy-loading-13093\"  width=\"2560\" height=\"1438\" src=\"https:\/\/www.schlosstirol.it\/wp-content\/uploads\/2022\/08\/Senoner-1-scaled.jpg\" title='' alt='' srcset=\"https:\/\/www.schlosstirol.it\/wp-content\/uploads\/2022\/08\/Senoner-1-scaled.jpg 2560w, https:\/\/www.schlosstirol.it\/wp-content\/uploads\/2022\/08\/Senoner-1-300x169.jpg 300w, https:\/\/www.schlosstirol.it\/wp-content\/uploads\/2022\/08\/Senoner-1-1030x579.jpg 1030w, https:\/\/www.schlosstirol.it\/wp-content\/uploads\/2022\/08\/Senoner-1-768x431.jpg 768w, https:\/\/www.schlosstirol.it\/wp-content\/uploads\/2022\/08\/Senoner-1-1536x863.jpg 1536w, https:\/\/www.schlosstirol.it\/wp-content\/uploads\/2022\/08\/Senoner-1-2048x1150.jpg 2048w, https:\/\/www.schlosstirol.it\/wp-content\/uploads\/2022\/08\/Senoner-1-1500x843.jpg 1500w, https:\/\/www.schlosstirol.it\/wp-content\/uploads\/2022\/08\/Senoner-1-705x396.jpg 705w\" sizes=\"auto, (max-width: 2560px) 100vw, 2560px\" \/><\/div><\/a><\/div><\/div><\/div>\n<style type=\"text\/css\" data-created_by=\"avia_inline_auto\" id=\"style-css-av-av_two_third-304ee5f7fcc078b0df93dd9c2a84aaed\">\n.flex_column.av-av_two_third-304ee5f7fcc078b0df93dd9c2a84aaed{\nborder-radius:0px 0px 0px 0px;\npadding:30px 0 30px 0;\n}\n<\/style>\n<div  class='flex_column av-av_two_third-304ee5f7fcc078b0df93dd9c2a84aaed av_two_third  avia-builder-el-10  el_after_av_one_third  avia-builder-el-last  flex_column_div  '     ><p>\n<style type=\"text\/css\" data-created_by=\"avia_inline_auto\" id=\"style-css-av-av_heading-349e42211b36ccb77762bb30bfa41af1\">\n#top .av-special-heading.av-av_heading-349e42211b36ccb77762bb30bfa41af1{\npadding-bottom:20px;\n}\nbody .av-special-heading.av-av_heading-349e42211b36ccb77762bb30bfa41af1 .av-special-heading-tag .heading-char{\nfont-size:25px;\n}\n.av-special-heading.av-av_heading-349e42211b36ccb77762bb30bfa41af1 .av-subheading{\nfont-size:21px;\n}\n<\/style>\n<div  class='av-special-heading av-av_heading-349e42211b36ccb77762bb30bfa41af1 av-special-heading-h2 blockquote modern-quote  avia-builder-el-11  el_before_av_textblock  avia-builder-el-first  av-linked-heading'><h2 class='av-special-heading-tag '  itemprop=\"headline\"  >Wilhelm Senoner. Persona<\/h2><div class='av-subheading av-subheading_below'><p>dal 2 luglio al 20 novembre 2022<\/p>\n<\/div><div class=\"special-heading-border\"><div class=\"special-heading-inner-border\"><\/div><\/div><\/div><br \/>\n<section  class='av_textblock_section av-av_textblock-e878f05c31dff72941bf1e49a00d9ff5 '   itemscope=\"itemscope\" itemtype=\"https:\/\/schema.org\/CreativeWork\" ><div class='avia_textblock'  itemprop=\"text\" ><p>Nel 2022 Wilhelm Senoner compie 75 anni. Non ha mai lasciato il suo paese d\u2019origine, Ortisei in Val Gardena, ed \u00e8 cresciuto in un laboratorio di scultura tradizionale, dove ha imparato a dare valore alla riproduzione di modelli storici caratterizzata da uno stile puro e di qualit\u00e0. Solo gradualmente si \u00e8 liberato da questo vincolo formale, trovando uno stile figurativo proprio. A integrazione della mostra tematica sulla storia del teatro nel Tirolo storico, il riferimento alla <em>persona<\/em> pare appropriato. Dal 1995 ormai, il lavoro di Senoner \u00e8 incentrato su figure che si assomigliano nella posa e nella forma, sculture che si differenziano solo in dettagli minimi \u2013 se tralasciamo gli elementi distintivi tra uomo e donna \u2013 e che esprimono una nota di teatralit\u00e0 e di arcaicit\u00e0 delle forme.<\/p>\n<p>Anche l\u2019arte di Wilhelm Senoner sfiora lo stereotipo quando esprime l\u2019umanit\u00e0. L\u2019artista punta il suo sguardo sulle molteplici caratteristiche e indoli umane. Col passare del tempo Senoner d\u00e0 maggiore valore alla possibilit\u00e0 di lettura. E lo fa arricchendo le sculture di qualit\u00e0 pittoriche. Blocchi di legno di tiglio intagliati grossolanamente a richiamare alla mente le aspre pareti rocciose della sua terra e tele sulle quali ogni messaggio cromatico \u00e8 adagiato su uno sfondo in rilievo, tutte mere espressioni della sua sensibilit\u00e0 plastica. La scelta delle sculture in mostra \u00e8 stata curata dallo stesso Wilhelm Senoner e a lui si deve anche la loro disposizione nel percorso espositivo: uno sguardo che ripercorre la sua evoluzione degli ultimi anni.<\/p>\n<\/div><\/section><\/p><\/div>\n\n<\/div><\/div><\/div><!-- close content main div --><\/div><\/div><div id='mostre'  class='avia-section av-av_section-56e52bd055b9f3e6ff49ae90e0b5b369 main_color avia-section-default avia-no-border-styling  avia-builder-el-13  el_after_av_section  el_before_av_section  avia-bg-style-scroll container_wrap fullsize'  ><div class='container av-section-cont-open' ><div class='template-page content  av-content-full alpha units'><div class='post-entry post-entry-type-page post-entry-13491'><div class='entry-content-wrapper clearfix'>\n\n<style type=\"text\/css\" data-created_by=\"avia_inline_auto\" id=\"style-css-av-av_one_third-abf61815a02831d116b1aaa4a1b0ed13\">\n.flex_column.av-av_one_third-abf61815a02831d116b1aaa4a1b0ed13{\nborder-radius:0px 0px 0px 0px;\npadding:0px 0px 0px 0px;\n}\n<\/style>\n<div  class='flex_column av-av_one_third-abf61815a02831d116b1aaa4a1b0ed13 av_one_third  avia-builder-el-14  el_before_av_two_third  avia-builder-el-first  first flex_column_div av-zero-column-padding  '     ><style type=\"text\/css\" data-created_by=\"avia_inline_auto\" id=\"style-css-av-av_gallery-ba187ac9c1530ab6aa36300281d2a3ea\">\n#top .avia-gallery.av-av_gallery-ba187ac9c1530ab6aa36300281d2a3ea .avia-gallery-thumb a{\nwidth:100%;\n}\n<\/style>\n<div  class='avia-gallery av-av_gallery-ba187ac9c1530ab6aa36300281d2a3ea avia_animate_when_visible  avia-builder-el-15  avia-builder-el-no-sibling  deactivate_avia_lazyload avia-gallery-animate avia-gallery-3'  itemprop=\"image\" itemscope=\"itemscope\" itemtype=\"https:\/\/schema.org\/ImageObject\" ><meta itemprop=\"contentURL\" content=\"https:\/\/www.schlosstirol.it\/it\/museo-provinciale-alto-adige\/mostre-2022\/\"><div class='avia-gallery-thumb'><a href=\"https:\/\/www.schlosstirol.it\/wp-content\/uploads\/2022\/03\/Vinzentinum_Peter_Daldos_Global-500.jpg\" data-srcset=\"https:\/\/www.schlosstirol.it\/wp-content\/uploads\/2022\/03\/Vinzentinum_Peter_Daldos_Global-500.jpg 811w, https:\/\/www.schlosstirol.it\/wp-content\/uploads\/2022\/03\/Vinzentinum_Peter_Daldos_Global-500-300x233.jpg 300w, https:\/\/www.schlosstirol.it\/wp-content\/uploads\/2022\/03\/Vinzentinum_Peter_Daldos_Global-500-768x597.jpg 768w, https:\/\/www.schlosstirol.it\/wp-content\/uploads\/2022\/03\/Vinzentinum_Peter_Daldos_Global-500-705x548.jpg 705w\" data-sizes=\"(max-width: 811px) 100vw, 811px\" data-rel='gallery-3' data-prev-img='https:\/\/www.schlosstirol.it\/wp-content\/uploads\/2022\/03\/Vinzentinum_Peter_Daldos_Global-500.jpg' class='first_thumb lightbox ' data-onclick='1' title='Cartina \u201cOrbis terrarum\u201d, 1662\u20121665, Bressanone, Vinzentinum (Foto Peter Daldos, spherea3D)'  itemprop=\"thumbnailUrl\"  ><img decoding=\"async\" fetchpriority=\"high\" class=\"wp-image-11575 avia-img-lazy-loading-not-11575\"  data-avia-tooltip='Cartina \u201cOrbis terrarum\u201d, 1662\u20121665, Bressanone, Vinzentinum (Foto Peter Daldos, spherea3D)' src=\"https:\/\/www.schlosstirol.it\/wp-content\/uploads\/2022\/03\/Vinzentinum_Peter_Daldos_Global-500.jpg\" width=\"811\" height=\"630\"  title='' alt='' srcset=\"https:\/\/www.schlosstirol.it\/wp-content\/uploads\/2022\/03\/Vinzentinum_Peter_Daldos_Global-500.jpg 811w, https:\/\/www.schlosstirol.it\/wp-content\/uploads\/2022\/03\/Vinzentinum_Peter_Daldos_Global-500-300x233.jpg 300w, https:\/\/www.schlosstirol.it\/wp-content\/uploads\/2022\/03\/Vinzentinum_Peter_Daldos_Global-500-768x597.jpg 768w, https:\/\/www.schlosstirol.it\/wp-content\/uploads\/2022\/03\/Vinzentinum_Peter_Daldos_Global-500-705x548.jpg 705w\" sizes=\"(max-width: 811px) 100vw, 811px\" \/><div class='big-prev-fake'><img decoding=\"async\" loading=\"lazy\" class=\"wp-image-11575 avia-img-lazy-loading-11575\"  width=\"811\" height=\"630\" src=\"https:\/\/www.schlosstirol.it\/wp-content\/uploads\/2022\/03\/Vinzentinum_Peter_Daldos_Global-500.jpg\" title='' alt='' srcset=\"https:\/\/www.schlosstirol.it\/wp-content\/uploads\/2022\/03\/Vinzentinum_Peter_Daldos_Global-500.jpg 811w, https:\/\/www.schlosstirol.it\/wp-content\/uploads\/2022\/03\/Vinzentinum_Peter_Daldos_Global-500-300x233.jpg 300w, https:\/\/www.schlosstirol.it\/wp-content\/uploads\/2022\/03\/Vinzentinum_Peter_Daldos_Global-500-768x597.jpg 768w, https:\/\/www.schlosstirol.it\/wp-content\/uploads\/2022\/03\/Vinzentinum_Peter_Daldos_Global-500-705x548.jpg 705w\" sizes=\"auto, (max-width: 811px) 100vw, 811px\" \/><\/div><\/a><a href=\"https:\/\/www.schlosstirol.it\/wp-content\/uploads\/2022\/05\/Lois_Fasching_Peter_Daldos_500_0536.jpg\" data-srcset=\"https:\/\/www.schlosstirol.it\/wp-content\/uploads\/2022\/05\/Lois_Fasching_Peter_Daldos_500_0536.jpg 776w, https:\/\/www.schlosstirol.it\/wp-content\/uploads\/2022\/05\/Lois_Fasching_Peter_Daldos_500_0536-300x244.jpg 300w, https:\/\/www.schlosstirol.it\/wp-content\/uploads\/2022\/05\/Lois_Fasching_Peter_Daldos_500_0536-768x624.jpg 768w, https:\/\/www.schlosstirol.it\/wp-content\/uploads\/2022\/05\/Lois_Fasching_Peter_Daldos_500_0536-705x572.jpg 705w\" data-sizes=\"(max-width: 776px) 100vw, 776px\" data-rel='gallery-3' data-prev-img='https:\/\/www.schlosstirol.it\/wp-content\/uploads\/2022\/05\/Lois_Fasching_Peter_Daldos_500_0536.jpg' class='first_thumb lightbox ' data-onclick='2' title='Sale espositive, Opere di Lois Fasching (Foto Peter Daldos, spherea3D)'  itemprop=\"thumbnailUrl\"  ><img decoding=\"async\" fetchpriority=\"high\" class=\"wp-image-12385 avia-img-lazy-loading-not-12385\"  data-avia-tooltip='Sale espositive, Opere di Lois Fasching (Foto Peter Daldos, spherea3D)' src=\"https:\/\/www.schlosstirol.it\/wp-content\/uploads\/2022\/05\/Lois_Fasching_Peter_Daldos_500_0536.jpg\" width=\"776\" height=\"630\"  title='' alt='' srcset=\"https:\/\/www.schlosstirol.it\/wp-content\/uploads\/2022\/05\/Lois_Fasching_Peter_Daldos_500_0536.jpg 776w, https:\/\/www.schlosstirol.it\/wp-content\/uploads\/2022\/05\/Lois_Fasching_Peter_Daldos_500_0536-300x244.jpg 300w, https:\/\/www.schlosstirol.it\/wp-content\/uploads\/2022\/05\/Lois_Fasching_Peter_Daldos_500_0536-768x624.jpg 768w, https:\/\/www.schlosstirol.it\/wp-content\/uploads\/2022\/05\/Lois_Fasching_Peter_Daldos_500_0536-705x572.jpg 705w\" sizes=\"(max-width: 776px) 100vw, 776px\" \/><div class='big-prev-fake'><img decoding=\"async\" loading=\"lazy\" class=\"wp-image-12385 avia-img-lazy-loading-12385\"  width=\"776\" height=\"630\" src=\"https:\/\/www.schlosstirol.it\/wp-content\/uploads\/2022\/05\/Lois_Fasching_Peter_Daldos_500_0536.jpg\" title='' alt='' srcset=\"https:\/\/www.schlosstirol.it\/wp-content\/uploads\/2022\/05\/Lois_Fasching_Peter_Daldos_500_0536.jpg 776w, https:\/\/www.schlosstirol.it\/wp-content\/uploads\/2022\/05\/Lois_Fasching_Peter_Daldos_500_0536-300x244.jpg 300w, https:\/\/www.schlosstirol.it\/wp-content\/uploads\/2022\/05\/Lois_Fasching_Peter_Daldos_500_0536-768x624.jpg 768w, https:\/\/www.schlosstirol.it\/wp-content\/uploads\/2022\/05\/Lois_Fasching_Peter_Daldos_500_0536-705x572.jpg 705w\" sizes=\"auto, (max-width: 776px) 100vw, 776px\" \/><\/div><\/a><a href=\"https:\/\/www.schlosstirol.it\/wp-content\/uploads\/2022\/05\/Gaismair-Knappe_Lois_Fasching_Peter_Daldos_500_0488.jpg\" data-srcset=\"https:\/\/www.schlosstirol.it\/wp-content\/uploads\/2022\/05\/Gaismair-Knappe_Lois_Fasching_Peter_Daldos_500_0488.jpg 944w, https:\/\/www.schlosstirol.it\/wp-content\/uploads\/2022\/05\/Gaismair-Knappe_Lois_Fasching_Peter_Daldos_500_0488-300x200.jpg 300w, https:\/\/www.schlosstirol.it\/wp-content\/uploads\/2022\/05\/Gaismair-Knappe_Lois_Fasching_Peter_Daldos_500_0488-768x513.jpg 768w, https:\/\/www.schlosstirol.it\/wp-content\/uploads\/2022\/05\/Gaismair-Knappe_Lois_Fasching_Peter_Daldos_500_0488-705x470.jpg 705w\" data-sizes=\"(max-width: 944px) 100vw, 944px\" data-rel='gallery-3' data-prev-img='https:\/\/www.schlosstirol.it\/wp-content\/uploads\/2022\/05\/Gaismair-Knappe_Lois_Fasching_Peter_Daldos_500_0488.jpg' class='first_thumb lightbox ' data-onclick='3' title='Sale espositive, Opere di Lois Fasching (Foto Peter Daldos, spherea3D)'  itemprop=\"thumbnailUrl\"  ><img decoding=\"async\" fetchpriority=\"high\" class=\"wp-image-12382 avia-img-lazy-loading-not-12382\"  data-avia-tooltip='Sale espositive, Opere di Lois Fasching (Foto Peter Daldos, spherea3D)' src=\"https:\/\/www.schlosstirol.it\/wp-content\/uploads\/2022\/05\/Gaismair-Knappe_Lois_Fasching_Peter_Daldos_500_0488.jpg\" width=\"944\" height=\"630\"  title='' alt='' srcset=\"https:\/\/www.schlosstirol.it\/wp-content\/uploads\/2022\/05\/Gaismair-Knappe_Lois_Fasching_Peter_Daldos_500_0488.jpg 944w, https:\/\/www.schlosstirol.it\/wp-content\/uploads\/2022\/05\/Gaismair-Knappe_Lois_Fasching_Peter_Daldos_500_0488-300x200.jpg 300w, https:\/\/www.schlosstirol.it\/wp-content\/uploads\/2022\/05\/Gaismair-Knappe_Lois_Fasching_Peter_Daldos_500_0488-768x513.jpg 768w, https:\/\/www.schlosstirol.it\/wp-content\/uploads\/2022\/05\/Gaismair-Knappe_Lois_Fasching_Peter_Daldos_500_0488-705x470.jpg 705w\" sizes=\"(max-width: 944px) 100vw, 944px\" \/><div class='big-prev-fake'><img decoding=\"async\" loading=\"lazy\" class=\"wp-image-12382 avia-img-lazy-loading-12382\"  width=\"944\" height=\"630\" src=\"https:\/\/www.schlosstirol.it\/wp-content\/uploads\/2022\/05\/Gaismair-Knappe_Lois_Fasching_Peter_Daldos_500_0488.jpg\" title='' alt='' srcset=\"https:\/\/www.schlosstirol.it\/wp-content\/uploads\/2022\/05\/Gaismair-Knappe_Lois_Fasching_Peter_Daldos_500_0488.jpg 944w, https:\/\/www.schlosstirol.it\/wp-content\/uploads\/2022\/05\/Gaismair-Knappe_Lois_Fasching_Peter_Daldos_500_0488-300x200.jpg 300w, https:\/\/www.schlosstirol.it\/wp-content\/uploads\/2022\/05\/Gaismair-Knappe_Lois_Fasching_Peter_Daldos_500_0488-768x513.jpg 768w, https:\/\/www.schlosstirol.it\/wp-content\/uploads\/2022\/05\/Gaismair-Knappe_Lois_Fasching_Peter_Daldos_500_0488-705x470.jpg 705w\" sizes=\"auto, (max-width: 944px) 100vw, 944px\" \/><\/div><\/a><a href=\"https:\/\/www.schlosstirol.it\/wp-content\/uploads\/2022\/05\/Arnold-Mario-DallO-Mein-Handatlas2.jpg\" data-srcset=\"https:\/\/www.schlosstirol.it\/wp-content\/uploads\/2022\/05\/Arnold-Mario-DallO-Mein-Handatlas2.jpg 753w, https:\/\/www.schlosstirol.it\/wp-content\/uploads\/2022\/05\/Arnold-Mario-DallO-Mein-Handatlas2-300x251.jpg 300w, https:\/\/www.schlosstirol.it\/wp-content\/uploads\/2022\/05\/Arnold-Mario-DallO-Mein-Handatlas2-705x590.jpg 705w\" data-sizes=\"(max-width: 753px) 100vw, 753px\" data-rel='gallery-3' data-prev-img='https:\/\/www.schlosstirol.it\/wp-content\/uploads\/2022\/05\/Arnold-Mario-DallO-Mein-Handatlas2.jpg' class='first_thumb lightbox ' data-onclick='4' title='Arnold Mario Dall\u2019O, Mein Handatlas'  itemprop=\"thumbnailUrl\"  ><img decoding=\"async\" fetchpriority=\"high\" class=\"wp-image-12379 avia-img-lazy-loading-not-12379\"  data-avia-tooltip='Arnold Mario Dall\u2019O, Mein Handatlas' src=\"https:\/\/www.schlosstirol.it\/wp-content\/uploads\/2022\/05\/Arnold-Mario-DallO-Mein-Handatlas2.jpg\" width=\"753\" height=\"630\"  title='' alt='' srcset=\"https:\/\/www.schlosstirol.it\/wp-content\/uploads\/2022\/05\/Arnold-Mario-DallO-Mein-Handatlas2.jpg 753w, https:\/\/www.schlosstirol.it\/wp-content\/uploads\/2022\/05\/Arnold-Mario-DallO-Mein-Handatlas2-300x251.jpg 300w, https:\/\/www.schlosstirol.it\/wp-content\/uploads\/2022\/05\/Arnold-Mario-DallO-Mein-Handatlas2-705x590.jpg 705w\" sizes=\"(max-width: 753px) 100vw, 753px\" \/><div class='big-prev-fake'><img decoding=\"async\" loading=\"lazy\" class=\"wp-image-12379 avia-img-lazy-loading-12379\"  width=\"753\" height=\"630\" src=\"https:\/\/www.schlosstirol.it\/wp-content\/uploads\/2022\/05\/Arnold-Mario-DallO-Mein-Handatlas2.jpg\" title='' alt='' srcset=\"https:\/\/www.schlosstirol.it\/wp-content\/uploads\/2022\/05\/Arnold-Mario-DallO-Mein-Handatlas2.jpg 753w, https:\/\/www.schlosstirol.it\/wp-content\/uploads\/2022\/05\/Arnold-Mario-DallO-Mein-Handatlas2-300x251.jpg 300w, https:\/\/www.schlosstirol.it\/wp-content\/uploads\/2022\/05\/Arnold-Mario-DallO-Mein-Handatlas2-705x590.jpg 705w\" sizes=\"auto, (max-width: 753px) 100vw, 753px\" \/><\/div><\/a><a href=\"https:\/\/www.schlosstirol.it\/wp-content\/uploads\/2022\/05\/Arnold-Mario-DallO-Mein-Handatlas.jpg\" data-srcset=\"https:\/\/www.schlosstirol.it\/wp-content\/uploads\/2022\/05\/Arnold-Mario-DallO-Mein-Handatlas.jpg 735w, https:\/\/www.schlosstirol.it\/wp-content\/uploads\/2022\/05\/Arnold-Mario-DallO-Mein-Handatlas-300x257.jpg 300w, https:\/\/www.schlosstirol.it\/wp-content\/uploads\/2022\/05\/Arnold-Mario-DallO-Mein-Handatlas-705x604.jpg 705w\" data-sizes=\"(max-width: 735px) 100vw, 735px\" data-rel='gallery-3' data-prev-img='https:\/\/www.schlosstirol.it\/wp-content\/uploads\/2022\/05\/Arnold-Mario-DallO-Mein-Handatlas.jpg' class='first_thumb lightbox ' data-onclick='5' title='Arnold Mario Dall\u2019O, Mein Handatlas'  itemprop=\"thumbnailUrl\"  ><img decoding=\"async\" fetchpriority=\"high\" class=\"wp-image-12376 avia-img-lazy-loading-not-12376\"  data-avia-tooltip='Arnold Mario Dall\u2019O, Mein Handatlas' src=\"https:\/\/www.schlosstirol.it\/wp-content\/uploads\/2022\/05\/Arnold-Mario-DallO-Mein-Handatlas.jpg\" width=\"735\" height=\"630\"  title='' alt='' srcset=\"https:\/\/www.schlosstirol.it\/wp-content\/uploads\/2022\/05\/Arnold-Mario-DallO-Mein-Handatlas.jpg 735w, https:\/\/www.schlosstirol.it\/wp-content\/uploads\/2022\/05\/Arnold-Mario-DallO-Mein-Handatlas-300x257.jpg 300w, https:\/\/www.schlosstirol.it\/wp-content\/uploads\/2022\/05\/Arnold-Mario-DallO-Mein-Handatlas-705x604.jpg 705w\" sizes=\"(max-width: 735px) 100vw, 735px\" \/><div class='big-prev-fake'><img decoding=\"async\" loading=\"lazy\" class=\"wp-image-12376 avia-img-lazy-loading-12376\"  width=\"735\" height=\"630\" src=\"https:\/\/www.schlosstirol.it\/wp-content\/uploads\/2022\/05\/Arnold-Mario-DallO-Mein-Handatlas.jpg\" title='' alt='' srcset=\"https:\/\/www.schlosstirol.it\/wp-content\/uploads\/2022\/05\/Arnold-Mario-DallO-Mein-Handatlas.jpg 735w, https:\/\/www.schlosstirol.it\/wp-content\/uploads\/2022\/05\/Arnold-Mario-DallO-Mein-Handatlas-300x257.jpg 300w, https:\/\/www.schlosstirol.it\/wp-content\/uploads\/2022\/05\/Arnold-Mario-DallO-Mein-Handatlas-705x604.jpg 705w\" sizes=\"auto, (max-width: 735px) 100vw, 735px\" \/><\/div><\/a><\/div><\/div><\/div>\n<style type=\"text\/css\" data-created_by=\"avia_inline_auto\" id=\"style-css-av-av_two_third-304ee5f7fcc078b0df93dd9c2a84aaed\">\n.flex_column.av-av_two_third-304ee5f7fcc078b0df93dd9c2a84aaed{\nborder-radius:0px 0px 0px 0px;\npadding:30px 0 30px 0;\n}\n<\/style>\n<div  class='flex_column av-av_two_third-304ee5f7fcc078b0df93dd9c2a84aaed av_two_third  avia-builder-el-16  el_after_av_one_third  avia-builder-el-last  flex_column_div  '     ><p>\n<style type=\"text\/css\" data-created_by=\"avia_inline_auto\" id=\"style-css-av-av_heading-2427f5d5cf7d9f7a93caf3cc5fd5a5b4\">\n#top .av-special-heading.av-av_heading-2427f5d5cf7d9f7a93caf3cc5fd5a5b4{\npadding-bottom:20px;\n}\nbody .av-special-heading.av-av_heading-2427f5d5cf7d9f7a93caf3cc5fd5a5b4 .av-special-heading-tag .heading-char{\nfont-size:25px;\n}\n.av-special-heading.av-av_heading-2427f5d5cf7d9f7a93caf3cc5fd5a5b4 .av-subheading{\nfont-size:21px;\n}\n<\/style>\n<div  class='av-special-heading av-av_heading-2427f5d5cf7d9f7a93caf3cc5fd5a5b4 av-special-heading-h2 blockquote modern-quote  avia-builder-el-17  el_before_av_textblock  avia-builder-el-first  av-linked-heading'><h2 class='av-special-heading-tag '  itemprop=\"headline\"  >Global \u2019500<\/h2><div class='av-subheading av-subheading_below'><p>1522 \u2013 2022<br \/>\nDalla circumnavigazione del globo alla percezione del mondo<br \/>\nLois Fasching &amp; Arnold Mario Dall\u2019O<\/p>\n<p>dal 26 marzo al 5 giugno 2022<\/p>\n<\/div><div class=\"special-heading-border\"><div class=\"special-heading-inner-border\"><\/div><\/div><\/div><br \/>\n<section  class='av_textblock_section av-av_textblock-e878f05c31dff72941bf1e49a00d9ff5 '   itemscope=\"itemscope\" itemtype=\"https:\/\/schema.org\/CreativeWork\" ><div class='avia_textblock'  itemprop=\"text\" ><p>Cinquecento anni dopo la prima circumnavigazione del globo da parte di Ferdinando Magellano, il Museo provinciale di Castel Tirolo presenta questo importante evento storico attraverso un\u2019installazione artistica di Lois Fasching. A questa si aggiunge la prima esposizione di fogli originali tratti dall\u2019opera di Arnold Mario Dall\u2019O <em>Mein Handatlas<\/em>, costituiti da carte geografiche impresse con linoleografie. Ursula Stampfer ha selezionato diciannove mappe del mondo e i resoconti di viaggio pi\u00f9 significativi dal ricco patrimonio bibliografico delle biblioteche tirolesi. La mostra si propone come un percorso alla scoperta del fenomeno della globalizzazione, legato a figure storiche, a vecchie mappe storiche e al modo in cui l\u2019arte affronta un mondo in continua evoluzione, anche sulle carte geografiche.<\/p>\n<p>Come si \u00e8 giunti a questa esposizione, che ricorda i cinquecento anni dalla circumnavigazione del globo da parte di Magellano? Lo scultore del Tirolo orientale Lois Fasching ci ha portato per primo la \u201csua\u201d idea. A lui \u00e8 stato chiaro fin dal principio che non doveva passare sotto silenzio la partecipazione del Tirolo all\u2019impresa, finanziata indirettamente e tra l\u2019altro con l\u2019argento di Schwaz. \u00c8 cruciale che venga gettato uno sguardo sugli inizi del passato coloniale europeo. Le riflessioni di Fasching mirano a non porre in evidenza i personaggi noti. Come reagisce infatti l\u2019imperatore Carlo V di fronte a Michael Gaismair? Come si presenta Jakob Fugger al cospetto del giovane imperatore? Sono presenti anche le vittime di quest\u2019impresa. Gli abitanti delle Molucche vengono colti nella loro dignit\u00e0 personale. Dalle immagini delle isole, che segnano le varie stazioni, si stagliano le navi ricavate dall\u2019alluminio e munite tutte di canne di cannone.<\/p>\n<p>Pu\u00f2 considerarsi pi\u00f9 che una coincidenza che, contemporaneamente, Arnold Mario Dall\u2019O abbia affrontato l\u2019argomento nel suo <em>Weltaltas<\/em> (Atlante universale). Nel 2020 Dall\u2019O ha preparato il suo <em>Weltaltas<\/em>, in cui ha unito un atlante storico alla sua vena narrativa del momento, rappresentata dalle sue linoleografie. Anche le cento linoleografie dell\u2019Atlante di Stieler introducono una tridimensionalit\u00e0. Il volume <em>Mein Handatlas <\/em>(Il mio atlante portatile), ideato e realizzato da Dall\u2019O ed edito dal Folio Verlag nel 2022, sperimenta cos\u00ec una composizione nello spazio e l\u2019esposizione degli \u201coriginali\u201d.<\/p>\n<p>A quel punto mancava soltanto un collante, se cos\u00ec si pu\u00f2 dire, connesso alla storia regionale, che riguardasse la storia e fosse al tempo stesso un aspetto finora sconosciuto o su cui era stata fatta meno chiarezza: la traccia delle \u201cscoperte\u201d nei cimeli dei bibliofili presenti nelle biblioteche del Tirolo. Ursula Stampfer, storica e grande conoscitrice delle biblioteche storiche e dei loro fondi, ha operato una selezione sull\u2019argomento nei patrimoni librari esistenti che riflette la ricezione locale delle scoperte. I tesori librari dei bibliofili fanno affiorare materiali finora trascurati e permettono di indagare il modo in cui i nuovi mondi scoperti sono stati recepiti attraverso testo e immagine nei libri a stampa pubblicati fra la fine del Quattrocento e il Settecento.<\/p>\n<\/div><\/section><\/p><\/div>\n\n<\/div><\/div><\/div><!-- close content main div --><\/div><\/div><div id='av_section_4'  class='avia-section av-av_section-fc8ee61cf9e9e615d578bee4b1753d20 main_color avia-section-default avia-no-border-styling  avia-builder-el-19  el_after_av_section  el_before_av_button_big  avia-bg-style-scroll container_wrap fullsize'  ><div class='container av-section-cont-open' ><div class='template-page content  av-content-full alpha units'><div class='post-entry post-entry-type-page post-entry-13491'><div class='entry-content-wrapper clearfix'>\n\n<style type=\"text\/css\" data-created_by=\"avia_inline_auto\" id=\"style-css-av-av_one_third-abf61815a02831d116b1aaa4a1b0ed13\">\n.flex_column.av-av_one_third-abf61815a02831d116b1aaa4a1b0ed13{\nborder-radius:0px 0px 0px 0px;\npadding:0px 0px 0px 0px;\n}\n<\/style>\n<div  class='flex_column av-av_one_third-abf61815a02831d116b1aaa4a1b0ed13 av_one_third  avia-builder-el-20  el_before_av_two_third  avia-builder-el-first  first flex_column_div av-zero-column-padding  '     ><style type=\"text\/css\" data-created_by=\"avia_inline_auto\" id=\"style-css-av-av_gallery-d4187b686e9742c818b12ef44c24a1dd\">\n#top .avia-gallery.av-av_gallery-d4187b686e9742c818b12ef44c24a1dd .avia-gallery-thumb a{\nwidth:100%;\n}\n<\/style>\n<div  class='avia-gallery av-av_gallery-d4187b686e9742c818b12ef44c24a1dd avia_animate_when_visible  avia-builder-el-21  avia-builder-el-no-sibling  deactivate_avia_lazyload avia-gallery-animate avia-gallery-4'  itemprop=\"image\" itemscope=\"itemscope\" itemtype=\"https:\/\/schema.org\/ImageObject\" ><meta itemprop=\"contentURL\" content=\"https:\/\/www.schlosstirol.it\/it\/museo-provinciale-alto-adige\/mostre-2022\/\"><div class='avia-gallery-thumb'><a href=\"https:\/\/www.schlosstirol.it\/wp-content\/uploads\/2022\/03\/12_Georg_Thuille_Peter_Daldos_500_0319.jpg\" data-srcset=\"https:\/\/www.schlosstirol.it\/wp-content\/uploads\/2022\/03\/12_Georg_Thuille_Peter_Daldos_500_0319.jpg 637w, https:\/\/www.schlosstirol.it\/wp-content\/uploads\/2022\/03\/12_Georg_Thuille_Peter_Daldos_500_0319-300x297.jpg 300w, https:\/\/www.schlosstirol.it\/wp-content\/uploads\/2022\/03\/12_Georg_Thuille_Peter_Daldos_500_0319-80x80.jpg 80w, https:\/\/www.schlosstirol.it\/wp-content\/uploads\/2022\/03\/12_Georg_Thuille_Peter_Daldos_500_0319-36x36.jpg 36w\" data-sizes=\"(max-width: 637px) 100vw, 637px\" data-rel='gallery-4' data-prev-img='https:\/\/www.schlosstirol.it\/wp-content\/uploads\/2022\/03\/12_Georg_Thuille_Peter_Daldos_500_0319.jpg' class='first_thumb lightbox ' data-onclick='1' title='Foto Peter Daldos, spherea3D'  itemprop=\"thumbnailUrl\"  ><img decoding=\"async\" fetchpriority=\"high\" class=\"wp-image-11590 avia-img-lazy-loading-not-11590\"  data-avia-tooltip='Foto Peter Daldos, spherea3D' src=\"https:\/\/www.schlosstirol.it\/wp-content\/uploads\/2022\/03\/12_Georg_Thuille_Peter_Daldos_500_0319.jpg\" width=\"637\" height=\"630\"  title='' alt='' srcset=\"https:\/\/www.schlosstirol.it\/wp-content\/uploads\/2022\/03\/12_Georg_Thuille_Peter_Daldos_500_0319.jpg 637w, https:\/\/www.schlosstirol.it\/wp-content\/uploads\/2022\/03\/12_Georg_Thuille_Peter_Daldos_500_0319-300x297.jpg 300w, https:\/\/www.schlosstirol.it\/wp-content\/uploads\/2022\/03\/12_Georg_Thuille_Peter_Daldos_500_0319-80x80.jpg 80w, https:\/\/www.schlosstirol.it\/wp-content\/uploads\/2022\/03\/12_Georg_Thuille_Peter_Daldos_500_0319-36x36.jpg 36w\" sizes=\"(max-width: 637px) 100vw, 637px\" \/><div class='big-prev-fake'><img decoding=\"async\" loading=\"lazy\" class=\"wp-image-11590 avia-img-lazy-loading-11590\"  width=\"637\" height=\"630\" src=\"https:\/\/www.schlosstirol.it\/wp-content\/uploads\/2022\/03\/12_Georg_Thuille_Peter_Daldos_500_0319.jpg\" title='' alt='' srcset=\"https:\/\/www.schlosstirol.it\/wp-content\/uploads\/2022\/03\/12_Georg_Thuille_Peter_Daldos_500_0319.jpg 637w, https:\/\/www.schlosstirol.it\/wp-content\/uploads\/2022\/03\/12_Georg_Thuille_Peter_Daldos_500_0319-300x297.jpg 300w, https:\/\/www.schlosstirol.it\/wp-content\/uploads\/2022\/03\/12_Georg_Thuille_Peter_Daldos_500_0319-80x80.jpg 80w, https:\/\/www.schlosstirol.it\/wp-content\/uploads\/2022\/03\/12_Georg_Thuille_Peter_Daldos_500_0319-36x36.jpg 36w\" sizes=\"auto, (max-width: 637px) 100vw, 637px\" \/><\/div><\/a><a href=\"https:\/\/www.schlosstirol.it\/wp-content\/uploads\/2022\/05\/DSC00038_Georg-Thuille.jpg\" data-srcset=\"https:\/\/www.schlosstirol.it\/wp-content\/uploads\/2022\/05\/DSC00038_Georg-Thuille.jpg 943w, https:\/\/www.schlosstirol.it\/wp-content\/uploads\/2022\/05\/DSC00038_Georg-Thuille-300x200.jpg 300w, https:\/\/www.schlosstirol.it\/wp-content\/uploads\/2022\/05\/DSC00038_Georg-Thuille-768x513.jpg 768w, https:\/\/www.schlosstirol.it\/wp-content\/uploads\/2022\/05\/DSC00038_Georg-Thuille-705x471.jpg 705w\" data-sizes=\"(max-width: 943px) 100vw, 943px\" data-rel='gallery-4' data-prev-img='https:\/\/www.schlosstirol.it\/wp-content\/uploads\/2022\/05\/DSC00038_Georg-Thuille.jpg' class='first_thumb lightbox ' data-onclick='2' title='Spazi espositivi'  itemprop=\"thumbnailUrl\"  ><img decoding=\"async\" fetchpriority=\"high\" class=\"wp-image-12416 avia-img-lazy-loading-not-12416\"  data-avia-tooltip='Spazi espositivi' src=\"https:\/\/www.schlosstirol.it\/wp-content\/uploads\/2022\/05\/DSC00038_Georg-Thuille.jpg\" width=\"943\" height=\"630\"  title='' alt='' srcset=\"https:\/\/www.schlosstirol.it\/wp-content\/uploads\/2022\/05\/DSC00038_Georg-Thuille.jpg 943w, https:\/\/www.schlosstirol.it\/wp-content\/uploads\/2022\/05\/DSC00038_Georg-Thuille-300x200.jpg 300w, https:\/\/www.schlosstirol.it\/wp-content\/uploads\/2022\/05\/DSC00038_Georg-Thuille-768x513.jpg 768w, https:\/\/www.schlosstirol.it\/wp-content\/uploads\/2022\/05\/DSC00038_Georg-Thuille-705x471.jpg 705w\" sizes=\"(max-width: 943px) 100vw, 943px\" \/><div class='big-prev-fake'><img decoding=\"async\" loading=\"lazy\" class=\"wp-image-12416 avia-img-lazy-loading-12416\"  width=\"943\" height=\"630\" src=\"https:\/\/www.schlosstirol.it\/wp-content\/uploads\/2022\/05\/DSC00038_Georg-Thuille.jpg\" title='' alt='' srcset=\"https:\/\/www.schlosstirol.it\/wp-content\/uploads\/2022\/05\/DSC00038_Georg-Thuille.jpg 943w, https:\/\/www.schlosstirol.it\/wp-content\/uploads\/2022\/05\/DSC00038_Georg-Thuille-300x200.jpg 300w, https:\/\/www.schlosstirol.it\/wp-content\/uploads\/2022\/05\/DSC00038_Georg-Thuille-768x513.jpg 768w, https:\/\/www.schlosstirol.it\/wp-content\/uploads\/2022\/05\/DSC00038_Georg-Thuille-705x471.jpg 705w\" sizes=\"auto, (max-width: 943px) 100vw, 943px\" \/><\/div><\/a><a href=\"https:\/\/www.schlosstirol.it\/wp-content\/uploads\/2022\/05\/DSC00028_Georg-Thuille.jpg\" data-srcset=\"https:\/\/www.schlosstirol.it\/wp-content\/uploads\/2022\/05\/DSC00028_Georg-Thuille.jpg 943w, https:\/\/www.schlosstirol.it\/wp-content\/uploads\/2022\/05\/DSC00028_Georg-Thuille-300x200.jpg 300w, https:\/\/www.schlosstirol.it\/wp-content\/uploads\/2022\/05\/DSC00028_Georg-Thuille-768x513.jpg 768w, https:\/\/www.schlosstirol.it\/wp-content\/uploads\/2022\/05\/DSC00028_Georg-Thuille-705x471.jpg 705w\" data-sizes=\"(max-width: 943px) 100vw, 943px\" data-rel='gallery-4' data-prev-img='https:\/\/www.schlosstirol.it\/wp-content\/uploads\/2022\/05\/DSC00028_Georg-Thuille.jpg' class='first_thumb lightbox ' data-onclick='3' title='Spazi espositivi'  itemprop=\"thumbnailUrl\"  ><img decoding=\"async\" fetchpriority=\"high\" class=\"wp-image-12413 avia-img-lazy-loading-not-12413\"  data-avia-tooltip='Spazi espositivi' src=\"https:\/\/www.schlosstirol.it\/wp-content\/uploads\/2022\/05\/DSC00028_Georg-Thuille.jpg\" width=\"943\" height=\"630\"  title='' alt='' srcset=\"https:\/\/www.schlosstirol.it\/wp-content\/uploads\/2022\/05\/DSC00028_Georg-Thuille.jpg 943w, https:\/\/www.schlosstirol.it\/wp-content\/uploads\/2022\/05\/DSC00028_Georg-Thuille-300x200.jpg 300w, https:\/\/www.schlosstirol.it\/wp-content\/uploads\/2022\/05\/DSC00028_Georg-Thuille-768x513.jpg 768w, https:\/\/www.schlosstirol.it\/wp-content\/uploads\/2022\/05\/DSC00028_Georg-Thuille-705x471.jpg 705w\" sizes=\"(max-width: 943px) 100vw, 943px\" \/><div class='big-prev-fake'><img decoding=\"async\" loading=\"lazy\" class=\"wp-image-12413 avia-img-lazy-loading-12413\"  width=\"943\" height=\"630\" src=\"https:\/\/www.schlosstirol.it\/wp-content\/uploads\/2022\/05\/DSC00028_Georg-Thuille.jpg\" title='' alt='' srcset=\"https:\/\/www.schlosstirol.it\/wp-content\/uploads\/2022\/05\/DSC00028_Georg-Thuille.jpg 943w, https:\/\/www.schlosstirol.it\/wp-content\/uploads\/2022\/05\/DSC00028_Georg-Thuille-300x200.jpg 300w, https:\/\/www.schlosstirol.it\/wp-content\/uploads\/2022\/05\/DSC00028_Georg-Thuille-768x513.jpg 768w, https:\/\/www.schlosstirol.it\/wp-content\/uploads\/2022\/05\/DSC00028_Georg-Thuille-705x471.jpg 705w\" sizes=\"auto, (max-width: 943px) 100vw, 943px\" \/><\/div><\/a><\/div><\/div><\/div>\n<style type=\"text\/css\" data-created_by=\"avia_inline_auto\" id=\"style-css-av-av_two_third-304ee5f7fcc078b0df93dd9c2a84aaed\">\n.flex_column.av-av_two_third-304ee5f7fcc078b0df93dd9c2a84aaed{\nborder-radius:0px 0px 0px 0px;\npadding:30px 0 30px 0;\n}\n<\/style>\n<div  class='flex_column av-av_two_third-304ee5f7fcc078b0df93dd9c2a84aaed av_two_third  avia-builder-el-22  el_after_av_one_third  avia-builder-el-last  flex_column_div  '     ><p>\n<style type=\"text\/css\" data-created_by=\"avia_inline_auto\" id=\"style-css-av-av_heading-8e79c05eaca6e050aa930be364f07fcc\">\n#top .av-special-heading.av-av_heading-8e79c05eaca6e050aa930be364f07fcc{\npadding-bottom:20px;\n}\nbody .av-special-heading.av-av_heading-8e79c05eaca6e050aa930be364f07fcc .av-special-heading-tag .heading-char{\nfont-size:25px;\n}\n.av-special-heading.av-av_heading-8e79c05eaca6e050aa930be364f07fcc .av-subheading{\nfont-size:21px;\n}\n<\/style>\n<div  class='av-special-heading av-av_heading-8e79c05eaca6e050aa930be364f07fcc av-special-heading-h2 blockquote modern-quote  avia-builder-el-23  el_before_av_textblock  avia-builder-el-first  av-linked-heading'><h2 class='av-special-heading-tag '  itemprop=\"headline\"  >Georg Thuille. Visioni dell\u2019uomo<\/h2><div class='av-subheading av-subheading_below'><p>dal 26 marzo al 5 giugno 2022<\/p>\n<\/div><div class=\"special-heading-border\"><div class=\"special-heading-inner-border\"><\/div><\/div><\/div><br \/>\n<section  class='av_textblock_section av-av_textblock-e878f05c31dff72941bf1e49a00d9ff5 '   itemscope=\"itemscope\" itemtype=\"https:\/\/schema.org\/CreativeWork\" ><div class='avia_textblock'  itemprop=\"text\" ><p>La posizione artistica nel mastio \u00e8 dedicata all\u2019attivit\u00e0 artistica di Georg Thuille. Georg Thuille \u00e8 nato nel 1946 nel Vorarlberg; i suoi genitori avevano lasciato l\u2019Alto Adige nel 1939 a seguito delle Opzioni. La famiglia fece ritorno a Tubre in Val Monastero solo nel 1950. La sua formazione alla scuola professionale di pittura e grafica, frequentata a Innsbruck agli inizi degli anni Sessanta \u00e8 stata decisiva. La scuola offriva la possibilit\u00e0 di sperimentare tutta una serie di tecniche diverse. Qui Thuille si esercit\u00f2 anche nel <em>buon fresco<\/em>. E fu proprio questo il requisito tecnico per cui Karl Plattner, nel 1964, scelse il giovane Thuille quale aiutante per la realizzazione degli affreschi della cappella del ponte Europa. La pennellata libera, la precisione del tratto, la rapidit\u00e0 nell\u2019esecuzione, Thuille non le ha imparate a scuola, bens\u00ec da Plattner.<\/p>\n<p>Thuille si presenta come un creativo quieto e riservato. Nella sua autonomia d\u00e0 liberamente vita a mondi di forme nei quali si ritira e che gli offrono rifugio, utilizzando per lo pi\u00f9 la tecnica dell\u2019acquaforte (incisione su lastra metallica tramite morsura). Nelle \u201cvisioni dell\u2019uomo\u201d si trovano corpi statici e in movimento, parti superiori del busto con teste, spesso in profili perduti, spesso senza particolari interni, forme senza voce n\u00e9 parola, nudi, torsi. Nel quadro la libert\u00e0 \u00e8 data dal movimento che appare quasi acrobatico, scaturito chiaramente da un immaginario dovuto a un nuovo cosmo.<\/p>\n<p>I quadri di Thuille generalmente non hanno titolo. Cos\u00ec facendo si d\u00e0 ampio spazio all\u2019interpretazione, le possibilit\u00e0 di lettura si ampliano, la dialettica d\u00e0 vita a un passo a tre fra idea, quadro e osservatore. Determinanti sono ancora la forma grafica e i contorni chiusi, non uno sviluppo leggibile nel dettaglio, non \u00e8 questo che Thuille pretende da se stesso, egli lascia molto spazio all\u2019immaginazione.<\/p>\n<p>Thuille non ha fatto dell\u2019arte la sua fonte di sussistenza. L\u2019arte rimane espressione della parte pi\u00f9 intima della sua anima, \u00e8 il processo dialogico che permette il passaggio dal soliloquio al dialogo fittizio a due. Georg Thuille \u00e8 un artista insolito. Il fatto che le sue opere non siano in vendita e che pertanto lui non sia presente sul mercato espositivo stimola la curiosit\u00e0 sulla sua persona, celata come quella di un eremita. In ogni caso le sue opere possono essere considerate risposte silenziose agli interrogativi ricorrenti dell\u2019uomo sul suo essere, divenire e perire.<\/p>\n<\/div><\/section><\/p><\/div>\n\n<div  class='avia-button-wrap avia-button-center  avia-builder-el-25  el_after_av_section  avia-builder-el-last '>\n<style type=\"text\/css\" data-created_by=\"avia_inline_auto\" id=\"style-css-av-av_button_big-9724d40975d201ed9e454bc2dcfbb3f4\">\n#top #wrap_all .avia-button.av-av_button_big-9724d40975d201ed9e454bc2dcfbb3f4{\ncolor:#ffffff;\ntransition:all 0.4s ease-in-out;\n}\n#top #wrap_all .avia-button.av-av_button_big-9724d40975d201ed9e454bc2dcfbb3f4:hover{\ncolor:#ffffff;\ntransition:all 0.4s ease-in-out;\n}\n#top #wrap_all .avia-button.av-av_button_big-9724d40975d201ed9e454bc2dcfbb3f4 .avia-svg-icon svg:first-child{\nfill:#ffffff;\nstroke:#ffffff;\n}\n#top #wrap_all .avia-button.av-av_button_big-9724d40975d201ed9e454bc2dcfbb3f4:hover .avia-svg-icon svg:first-child{\nfill:#ffffff;\nstroke:#ffffff;\n}\n<\/style>\n<a href='' class='avia-color-theme-color avia-button avia-button-fullwidth av-av_button_big-9724d40975d201ed9e454bc2dcfbb3f4 avia-icon_select-yes-left-icon avia-color-theme-color'   aria-label=\"ARCHIVIO MOSTRE\"><span class='avia_button_icon avia_button_icon_left avia-svg-icon avia-font-svg_entypo-fontello' data-av_svg_icon='archive' data-av_iconset='svg_entypo-fontello'><svg version=\"1.1\" xmlns=\"http:\/\/www.w3.org\/2000\/svg\" width=\"31\" height=\"32\" viewBox=\"0 0 31 32\" preserveAspectRatio=\"xMidYMid meet\" aria-labelledby='av-svg-title-1' aria-describedby='av-svg-desc-1' role=\"graphics-symbol\">\n<title id='av-svg-title-1'>Archive<\/title>\n<desc id='av-svg-desc-1'>Archive<\/desc>\n<path d=\"M26.88 8v1.6h-22.272v-1.6q0-0.704 0.416-1.12t0.8-0.48h19.456q0.192 0 0.448 0.032t0.704 0.448 0.448 1.12zM22.144 3.2q0.192 0 0.448 0.032t0.704 0.448 0.448 1.12h-15.936q0-0.704 0.416-1.12t0.8-0.48h13.12zM30.080 9.6q1.088 1.024 1.216 1.472 0.192 0.576 0 1.728l-2.432 14.4q-0.128 0.704-0.64 1.12t-0.896 0.48h-22.72q-1.664 0-1.92-1.6-0.192-0.832-1.248-7.136t-1.248-7.264q-0.32-0.704-0.096-1.408t0.32-0.832 0.672-0.64l1.28-1.28v2.56h26.752v-2.56zM22.144 18.24v-3.2h-2.24v2.56h-8.32v-2.56h-2.176v3.2q0 1.6 1.536 1.6h9.6q0.704 0 1.12-0.384t0.416-0.768z\"><\/path>\n<\/svg><\/span><span class='avia_iconbox_title' >ARCHIVIO MOSTRE<\/span><span class='avia_button_background avia-button avia-button-fullwidth avia-color-theme-color-highlight'><\/span><\/a><\/div>\n","protected":false},"excerpt":{"rendered":"","protected":false},"author":1,"featured_media":12510,"comment_status":"closed","ping_status":"closed","template":"","meta":{"footnotes":""},"tags":[],"portfolio_entries":[148],"class_list":["post-13491","portfolio","type-portfolio","status-publish","has-post-thumbnail","hentry","portfolio_entries-ausstellungen-2022-it"],"yoast_head":"<!-- This site is optimized with the Yoast SEO plugin v27.5 - https:\/\/yoast.com\/product\/yoast-seo-wordpress\/ -->\n<title>Mostre 2022 - Castel Tirolo - Museo storico-culturale (BZ)<\/title>\n<meta name=\"description\" content=\"Castel Tirolo Mostre 2022\" \/>\n<meta name=\"robots\" content=\"index, follow, max-snippet:-1, max-image-preview:large, max-video-preview:-1\" \/>\n<link rel=\"canonical\" href=\"https:\/\/www.schlosstirol.it\/it\/museo-provinciale-alto-adige\/mostre-2022\/\" \/>\n<meta property=\"og:locale\" content=\"it_IT\" \/>\n<meta property=\"og:type\" content=\"article\" \/>\n<meta property=\"og:title\" content=\"Mostre 2022 - Castel Tirolo - Museo storico-culturale (BZ)\" \/>\n<meta property=\"og:description\" content=\"Castel Tirolo Mostre 2022\" \/>\n<meta property=\"og:url\" content=\"https:\/\/www.schlosstirol.it\/it\/museo-provinciale-alto-adige\/mostre-2022\/\" \/>\n<meta property=\"og:site_name\" content=\"Castel Tirolo - Museo storico-culturale (BZ)\" \/>\n<meta property=\"article:publisher\" content=\"https:\/\/www.facebook.com\/schlosstirol.casteltirolo\" \/>\n<meta property=\"article:modified_time\" content=\"2023-02-07T14:15:41+00:00\" \/>\n<meta property=\"og:image\" content=\"https:\/\/www.schlosstirol.it\/wp-content\/uploads\/2022\/06\/Eduard-Gurk_ausstellungen-2022.jpg\" \/>\n\t<meta property=\"og:image:width\" content=\"1030\" \/>\n\t<meta property=\"og:image:height\" content=\"687\" \/>\n\t<meta property=\"og:image:type\" content=\"image\/jpeg\" \/>\n<meta name=\"twitter:card\" content=\"summary_large_image\" \/>\n<meta name=\"twitter:label1\" content=\"Tempo di lettura stimato\" \/>\n\t<meta name=\"twitter:data1\" content=\"11 minuti\" \/>\n<script type=\"application\/ld+json\" class=\"yoast-schema-graph\">{\"@context\":\"https:\\\/\\\/schema.org\",\"@graph\":[{\"@type\":\"WebPage\",\"@id\":\"https:\\\/\\\/www.schlosstirol.it\\\/it\\\/museo-provinciale-alto-adige\\\/mostre-2022\\\/\",\"url\":\"https:\\\/\\\/www.schlosstirol.it\\\/it\\\/museo-provinciale-alto-adige\\\/mostre-2022\\\/\",\"name\":\"Mostre 2022 - Castel Tirolo - Museo storico-culturale (BZ)\",\"isPartOf\":{\"@id\":\"https:\\\/\\\/www.schlosstirol.it\\\/it\\\/#website\"},\"primaryImageOfPage\":{\"@id\":\"https:\\\/\\\/www.schlosstirol.it\\\/it\\\/museo-provinciale-alto-adige\\\/mostre-2022\\\/#primaryimage\"},\"image\":{\"@id\":\"https:\\\/\\\/www.schlosstirol.it\\\/it\\\/museo-provinciale-alto-adige\\\/mostre-2022\\\/#primaryimage\"},\"thumbnailUrl\":\"https:\\\/\\\/www.schlosstirol.it\\\/wp-content\\\/uploads\\\/2022\\\/06\\\/Eduard-Gurk_ausstellungen-2022.jpg\",\"datePublished\":\"2023-02-07T13:59:27+00:00\",\"dateModified\":\"2023-02-07T14:15:41+00:00\",\"description\":\"Castel Tirolo Mostre 2022\",\"breadcrumb\":{\"@id\":\"https:\\\/\\\/www.schlosstirol.it\\\/it\\\/museo-provinciale-alto-adige\\\/mostre-2022\\\/#breadcrumb\"},\"inLanguage\":\"it-IT\",\"potentialAction\":[{\"@type\":\"ReadAction\",\"target\":[\"https:\\\/\\\/www.schlosstirol.it\\\/it\\\/museo-provinciale-alto-adige\\\/mostre-2022\\\/\"]}]},{\"@type\":\"ImageObject\",\"inLanguage\":\"it-IT\",\"@id\":\"https:\\\/\\\/www.schlosstirol.it\\\/it\\\/museo-provinciale-alto-adige\\\/mostre-2022\\\/#primaryimage\",\"url\":\"https:\\\/\\\/www.schlosstirol.it\\\/wp-content\\\/uploads\\\/2022\\\/06\\\/Eduard-Gurk_ausstellungen-2022.jpg\",\"contentUrl\":\"https:\\\/\\\/www.schlosstirol.it\\\/wp-content\\\/uploads\\\/2022\\\/06\\\/Eduard-Gurk_ausstellungen-2022.jpg\",\"width\":1030,\"height\":687,\"caption\":\"Mostre 2022\"},{\"@type\":\"BreadcrumbList\",\"@id\":\"https:\\\/\\\/www.schlosstirol.it\\\/it\\\/museo-provinciale-alto-adige\\\/mostre-2022\\\/#breadcrumb\",\"itemListElement\":[{\"@type\":\"ListItem\",\"position\":1,\"name\":\"Startseite\",\"item\":\"https:\\\/\\\/www.schlosstirol.it\\\/it\\\/castel-tirolo\\\/\"},{\"@type\":\"ListItem\",\"position\":2,\"name\":\"Mostre 2022\"}]},{\"@type\":\"WebSite\",\"@id\":\"https:\\\/\\\/www.schlosstirol.it\\\/it\\\/#website\",\"url\":\"https:\\\/\\\/www.schlosstirol.it\\\/it\\\/\",\"name\":\"Castel Tirolo - Museo storico-culturale (BZ)\",\"description\":\"Museo storico-culturale della Provincia di Bolzano\",\"publisher\":{\"@id\":\"https:\\\/\\\/www.schlosstirol.it\\\/it\\\/#organization\"},\"potentialAction\":[{\"@type\":\"SearchAction\",\"target\":{\"@type\":\"EntryPoint\",\"urlTemplate\":\"https:\\\/\\\/www.schlosstirol.it\\\/it\\\/?s={search_term_string}\"},\"query-input\":{\"@type\":\"PropertyValueSpecification\",\"valueRequired\":true,\"valueName\":\"search_term_string\"}}],\"inLanguage\":\"it-IT\"},{\"@type\":\"Organization\",\"@id\":\"https:\\\/\\\/www.schlosstirol.it\\\/it\\\/#organization\",\"name\":\"Castel Tirolo\",\"url\":\"https:\\\/\\\/www.schlosstirol.it\\\/it\\\/\",\"logo\":{\"@type\":\"ImageObject\",\"inLanguage\":\"it-IT\",\"@id\":\"https:\\\/\\\/www.schlosstirol.it\\\/it\\\/#\\\/schema\\\/logo\\\/image\\\/\",\"url\":\"https:\\\/\\\/www.schlosstirol.it\\\/wp-content\\\/uploads\\\/2018\\\/09\\\/schloss-tirol_logo-impressum.png\",\"contentUrl\":\"https:\\\/\\\/www.schlosstirol.it\\\/wp-content\\\/uploads\\\/2018\\\/09\\\/schloss-tirol_logo-impressum.png\",\"width\":1030,\"height\":687,\"caption\":\"Castel Tirolo\"},\"image\":{\"@id\":\"https:\\\/\\\/www.schlosstirol.it\\\/it\\\/#\\\/schema\\\/logo\\\/image\\\/\"},\"sameAs\":[\"https:\\\/\\\/www.facebook.com\\\/schlosstirol.casteltirolo\"]}]}<\/script>\n<!-- \/ Yoast SEO plugin. -->","yoast_head_json":{"title":"Mostre 2022 - Castel Tirolo - Museo storico-culturale (BZ)","description":"Castel Tirolo Mostre 2022","robots":{"index":"index","follow":"follow","max-snippet":"max-snippet:-1","max-image-preview":"max-image-preview:large","max-video-preview":"max-video-preview:-1"},"canonical":"https:\/\/www.schlosstirol.it\/it\/museo-provinciale-alto-adige\/mostre-2022\/","og_locale":"it_IT","og_type":"article","og_title":"Mostre 2022 - Castel Tirolo - Museo storico-culturale (BZ)","og_description":"Castel Tirolo Mostre 2022","og_url":"https:\/\/www.schlosstirol.it\/it\/museo-provinciale-alto-adige\/mostre-2022\/","og_site_name":"Castel Tirolo - Museo storico-culturale (BZ)","article_publisher":"https:\/\/www.facebook.com\/schlosstirol.casteltirolo","article_modified_time":"2023-02-07T14:15:41+00:00","og_image":[{"width":1030,"height":687,"url":"https:\/\/www.schlosstirol.it\/wp-content\/uploads\/2022\/06\/Eduard-Gurk_ausstellungen-2022.jpg","type":"image\/jpeg"}],"twitter_card":"summary_large_image","twitter_misc":{"Tempo di lettura stimato":"11 minuti"},"schema":{"@context":"https:\/\/schema.org","@graph":[{"@type":"WebPage","@id":"https:\/\/www.schlosstirol.it\/it\/museo-provinciale-alto-adige\/mostre-2022\/","url":"https:\/\/www.schlosstirol.it\/it\/museo-provinciale-alto-adige\/mostre-2022\/","name":"Mostre 2022 - Castel Tirolo - Museo storico-culturale (BZ)","isPartOf":{"@id":"https:\/\/www.schlosstirol.it\/it\/#website"},"primaryImageOfPage":{"@id":"https:\/\/www.schlosstirol.it\/it\/museo-provinciale-alto-adige\/mostre-2022\/#primaryimage"},"image":{"@id":"https:\/\/www.schlosstirol.it\/it\/museo-provinciale-alto-adige\/mostre-2022\/#primaryimage"},"thumbnailUrl":"https:\/\/www.schlosstirol.it\/wp-content\/uploads\/2022\/06\/Eduard-Gurk_ausstellungen-2022.jpg","datePublished":"2023-02-07T13:59:27+00:00","dateModified":"2023-02-07T14:15:41+00:00","description":"Castel Tirolo Mostre 2022","breadcrumb":{"@id":"https:\/\/www.schlosstirol.it\/it\/museo-provinciale-alto-adige\/mostre-2022\/#breadcrumb"},"inLanguage":"it-IT","potentialAction":[{"@type":"ReadAction","target":["https:\/\/www.schlosstirol.it\/it\/museo-provinciale-alto-adige\/mostre-2022\/"]}]},{"@type":"ImageObject","inLanguage":"it-IT","@id":"https:\/\/www.schlosstirol.it\/it\/museo-provinciale-alto-adige\/mostre-2022\/#primaryimage","url":"https:\/\/www.schlosstirol.it\/wp-content\/uploads\/2022\/06\/Eduard-Gurk_ausstellungen-2022.jpg","contentUrl":"https:\/\/www.schlosstirol.it\/wp-content\/uploads\/2022\/06\/Eduard-Gurk_ausstellungen-2022.jpg","width":1030,"height":687,"caption":"Mostre 2022"},{"@type":"BreadcrumbList","@id":"https:\/\/www.schlosstirol.it\/it\/museo-provinciale-alto-adige\/mostre-2022\/#breadcrumb","itemListElement":[{"@type":"ListItem","position":1,"name":"Startseite","item":"https:\/\/www.schlosstirol.it\/it\/castel-tirolo\/"},{"@type":"ListItem","position":2,"name":"Mostre 2022"}]},{"@type":"WebSite","@id":"https:\/\/www.schlosstirol.it\/it\/#website","url":"https:\/\/www.schlosstirol.it\/it\/","name":"Castel Tirolo - Museo storico-culturale (BZ)","description":"Museo storico-culturale della Provincia di Bolzano","publisher":{"@id":"https:\/\/www.schlosstirol.it\/it\/#organization"},"potentialAction":[{"@type":"SearchAction","target":{"@type":"EntryPoint","urlTemplate":"https:\/\/www.schlosstirol.it\/it\/?s={search_term_string}"},"query-input":{"@type":"PropertyValueSpecification","valueRequired":true,"valueName":"search_term_string"}}],"inLanguage":"it-IT"},{"@type":"Organization","@id":"https:\/\/www.schlosstirol.it\/it\/#organization","name":"Castel Tirolo","url":"https:\/\/www.schlosstirol.it\/it\/","logo":{"@type":"ImageObject","inLanguage":"it-IT","@id":"https:\/\/www.schlosstirol.it\/it\/#\/schema\/logo\/image\/","url":"https:\/\/www.schlosstirol.it\/wp-content\/uploads\/2018\/09\/schloss-tirol_logo-impressum.png","contentUrl":"https:\/\/www.schlosstirol.it\/wp-content\/uploads\/2018\/09\/schloss-tirol_logo-impressum.png","width":1030,"height":687,"caption":"Castel Tirolo"},"image":{"@id":"https:\/\/www.schlosstirol.it\/it\/#\/schema\/logo\/image\/"},"sameAs":["https:\/\/www.facebook.com\/schlosstirol.casteltirolo"]}]}},"_links":{"self":[{"href":"https:\/\/www.schlosstirol.it\/it\/wp-json\/wp\/v2\/portfolio\/13491","targetHints":{"allow":["GET"]}}],"collection":[{"href":"https:\/\/www.schlosstirol.it\/it\/wp-json\/wp\/v2\/portfolio"}],"about":[{"href":"https:\/\/www.schlosstirol.it\/it\/wp-json\/wp\/v2\/types\/portfolio"}],"author":[{"embeddable":true,"href":"https:\/\/www.schlosstirol.it\/it\/wp-json\/wp\/v2\/users\/1"}],"replies":[{"embeddable":true,"href":"https:\/\/www.schlosstirol.it\/it\/wp-json\/wp\/v2\/comments?post=13491"}],"version-history":[{"count":0,"href":"https:\/\/www.schlosstirol.it\/it\/wp-json\/wp\/v2\/portfolio\/13491\/revisions"}],"wp:featuredmedia":[{"embeddable":true,"href":"https:\/\/www.schlosstirol.it\/it\/wp-json\/wp\/v2\/media\/12510"}],"wp:attachment":[{"href":"https:\/\/www.schlosstirol.it\/it\/wp-json\/wp\/v2\/media?parent=13491"}],"wp:term":[{"taxonomy":"post_tag","embeddable":true,"href":"https:\/\/www.schlosstirol.it\/it\/wp-json\/wp\/v2\/tags?post=13491"},{"taxonomy":"portfolio_entries","embeddable":true,"href":"https:\/\/www.schlosstirol.it\/it\/wp-json\/wp\/v2\/portfolio_entries?post=13491"}],"curies":[{"name":"wp","href":"https:\/\/api.w.org\/{rel}","templated":true}]}}