{"id":15071,"date":"2023-11-27T17:38:56","date_gmt":"2023-11-27T16:38:56","guid":{"rendered":"https:\/\/www.schlosstirol.it\/landesmuseum-suedtirol\/die-obere-kapelle\/"},"modified":"2023-12-22T10:19:14","modified_gmt":"2023-12-22T09:19:14","slug":"cappella-superiore","status":"publish","type":"portfolio","link":"https:\/\/www.schlosstirol.it\/it\/museo-provinciale-alto-adige\/cappella-superiore\/","title":{"rendered":"Cappella superiore"},"content":{"rendered":"<div id='obere-kapelle'  class='av-layout-grid-container av-3hy0rm9-3234bd593a03b3ece80dbb5f766d2347 entry-content-wrapper alternate_color av-flex-cells  avia-builder-el-0  avia-builder-el-no-sibling   container_wrap fullsize'  >\n\n<style type=\"text\/css\" data-created_by=\"avia_inline_auto\" id=\"style-css-av-2v0lej5-f72e4a39e7d639f952a377ec1bdf3b01\">\n.flex_cell.av-2v0lej5-f72e4a39e7d639f952a377ec1bdf3b01{\nvertical-align:middle;\n}\n.responsive #top #wrap_all .flex_cell.av-2v0lej5-f72e4a39e7d639f952a377ec1bdf3b01{\npadding:90px 90px 90px 90px !important;\n}\n\n@media only screen and (max-width: 479px){ \n.responsive #top #wrap_all .flex_cell.av-2v0lej5-f72e4a39e7d639f952a377ec1bdf3b01{\npadding:30px 30px 30px 30px !important;\n}\n}\n<\/style>\n<div class='flex_cell av-2v0lej5-f72e4a39e7d639f952a377ec1bdf3b01 av-gridrow-cell av_one_half no_margin  avia-builder-el-1  el_before_av_cell_one_half  avia-builder-el-first  content-align-middle'  ><div class='flex_cell_inner'><p>\n<style type=\"text\/css\" data-created_by=\"avia_inline_auto\" id=\"style-css-av-2mlq73l-17c9bf48173367168187cac96643b21e\">\n#top .av-special-heading.av-2mlq73l-17c9bf48173367168187cac96643b21e{\npadding-bottom:20px;\n}\nbody .av-special-heading.av-2mlq73l-17c9bf48173367168187cac96643b21e .av-special-heading-tag .heading-char{\nfont-size:25px;\n}\n.av-special-heading.av-2mlq73l-17c9bf48173367168187cac96643b21e .av-subheading{\nfont-size:18px;\n}\n<\/style>\n<div  class='av-special-heading av-2mlq73l-17c9bf48173367168187cac96643b21e av-special-heading-h2 blockquote modern-quote  avia-builder-el-2  el_before_av_textblock  avia-builder-el-first '><h2 class='av-special-heading-tag '  itemprop=\"headline\"  >Cappella superiore<\/h2><div class=\"special-heading-border\"><div class=\"special-heading-inner-border\"><\/div><\/div><\/div><br \/>\n<section  class='av_textblock_section av-7h6dyp-b4f8837027981459db09447a93ca0ab4 '   itemscope=\"itemscope\" itemtype=\"https:\/\/schema.org\/CreativeWork\" ><div class='avia_textblock'  itemprop=\"text\" ><p><strong>La cappella superiore.<\/strong>\u00a0Intorno al 1285 il conte di Tirolo Mainardo II fece sopraelevare di un piano la cappella, cos\u00ec da creare un luogo riservato alla nobilt\u00e0. Questa cappella fu consacrata nel giorno della santa della carit\u00e0 Elisabetta di Turingia (1207-1231), una lontana parente dei conti di Tirolo.<br \/>\nLe pitture gotiche a secco che adornano le pareti della cappella inferiore e superiore, sono databili al 1330 circa, all\u2019epoca dell\u2019ex re Enrico, padre di Margarete. Accanto alle rappresentazioni di santi, sono riconoscibili soprattutto tematiche riconducibili alla Vergine Maria. Qui \u00e8 possibile ammirare anche la pi\u00f9 antica rappresentazione a colori giunta fino a noi dello stemma dei conti di Tirolo, oltre allo stemma del ducato di Carinzia, titolo di fatto appartenuto anche ad Enrico.<\/p>\n<p><strong>L\u2019altare di Castel Tirolo, 1370<\/strong>\u00a0ca. L\u2019altare a portelle pi\u00f9 antico dell\u2019arco alpino fu realizzato a Vienna e donato nel 1370 ca. dai fratelli Leopoldo III e Alberto III d\u2019Asburgo. Entrambi i duchi sono raffigurati con le rispettive consorti sui pannelli esterni, nella tipica posa dei donatori. L\u2019originale \u00e8 conservato dal 1938 presso il Museo Ferdinandeum di Innsbruck, mentre sulla mensa in muratura della cappella superiore \u00e8 collocata una copia fedelmente riprodotta, realizzata nel 2001 dal gruppo Unika di Ortisei. L\u2019altare aperto mostra sei scene tratte dalla vita di Maria, tra le quali l\u2019Annunciazione, la Nascita di Cristo, l\u2019Adorazione dei Re Magi e la Morte di Maria.<\/p>\n<\/div><\/section><br \/>\n\n<style type=\"text\/css\" data-created_by=\"avia_inline_auto\" id=\"style-css-av-1keplht-e736321876ce7230d5a3bc6ff7919ab0\">\n#top .hr.hr-invisible.av-1keplht-e736321876ce7230d5a3bc6ff7919ab0{\nheight:30px;\n}\n<\/style>\n<div  class='hr av-1keplht-e736321876ce7230d5a3bc6ff7919ab0 hr-invisible  avia-builder-el-4  el_after_av_textblock  el_before_av_masonry_gallery  avia-builder-el-last '><span class='hr-inner '><span class=\"hr-inner-style\"><\/span><\/span><\/div><br \/>\n\n<style type=\"text\/css\" data-created_by=\"avia_inline_auto\" id=\"style-css-av-1cmckq9-e3556c997b3d46254b3c21845b13a8af\">\n#top .av-masonry.av-1cmckq9-e3556c997b3d46254b3c21845b13a8af{\nbackground-color:#ffffff;\n}\n<\/style>\n<div id='av-masonry-1' class='av-masonry av-1cmckq9-e3556c997b3d46254b3c21845b13a8af noHover av-fixed-size av-large-gap av-hover-overlay-active av-masonry-animation-active av-masonry-col-6 av-caption-always av-caption-style- av-masonry-gallery ' data-post_id=\"15071\"><div class=\"av-masonry-container isotope av-js-disabled\"><div class='av-masonry-entry isotope-item av-masonry-item-no-image '><\/div><a href=\"https:\/\/www.schlosstirol.it\/wp-content\/uploads\/2018\/01\/schloss-tirol_KapelleSchlossTirol-43-1030x687.jpg\" data-srcset=\"https:\/\/www.schlosstirol.it\/wp-content\/uploads\/2018\/01\/schloss-tirol_KapelleSchlossTirol-43.jpg 1030w, https:\/\/www.schlosstirol.it\/wp-content\/uploads\/2018\/01\/schloss-tirol_KapelleSchlossTirol-43-300x200.jpg 300w, https:\/\/www.schlosstirol.it\/wp-content\/uploads\/2018\/01\/schloss-tirol_KapelleSchlossTirol-43-768x512.jpg 768w, https:\/\/www.schlosstirol.it\/wp-content\/uploads\/2018\/01\/schloss-tirol_KapelleSchlossTirol-43-705x470.jpg 705w, https:\/\/www.schlosstirol.it\/wp-content\/uploads\/2018\/01\/schloss-tirol_KapelleSchlossTirol-43-450x300.jpg 450w\" data-sizes=\"(max-width: 1030px) 100vw, 1030px\"  aria-label=\"immagine Pitture murali con i SS. Elisabetta e Pancrazio, 1330 ca.\"  id='av-masonry-1-item-812' data-av-masonry-item='812' class='av-masonry-entry isotope-item post-812 attachment type-attachment status-inherit hentry  av-masonry-item-with-image av-grid-img' title=\"Pitture murali con i SS. Elisabetta e Pancrazio, 1330 ca.\" alt=\"\"    itemprop=\"thumbnailUrl\" ><div class='av-inner-masonry-sizer'><\/div><figure class='av-inner-masonry main_color'><div class=\"av-masonry-outerimage-container\"><div class='av-masonry-image-container' style=\"background-image: url(https:\/\/www.schlosstirol.it\/wp-content\/uploads\/2018\/01\/schloss-tirol_KapelleSchlossTirol-43-705x470.jpg);\"  title=\"Pitture murali con i SS. Elisabetta e Pancrazio, 1330 ca.\" ><\/div><\/div><\/figure><\/a><!--end av-masonry entry--><a href=\"https:\/\/www.schlosstirol.it\/wp-content\/uploads\/2018\/01\/schloss-tirol_obere-KapelleSchlossTirol-41-1030x687.jpg\" data-srcset=\"https:\/\/www.schlosstirol.it\/wp-content\/uploads\/2018\/01\/schloss-tirol_obere-KapelleSchlossTirol-41.jpg 1030w, https:\/\/www.schlosstirol.it\/wp-content\/uploads\/2018\/01\/schloss-tirol_obere-KapelleSchlossTirol-41-300x200.jpg 300w, https:\/\/www.schlosstirol.it\/wp-content\/uploads\/2018\/01\/schloss-tirol_obere-KapelleSchlossTirol-41-768x512.jpg 768w, https:\/\/www.schlosstirol.it\/wp-content\/uploads\/2018\/01\/schloss-tirol_obere-KapelleSchlossTirol-41-705x470.jpg 705w, https:\/\/www.schlosstirol.it\/wp-content\/uploads\/2018\/01\/schloss-tirol_obere-KapelleSchlossTirol-41-450x300.jpg 450w\" data-sizes=\"(max-width: 1030px) 100vw, 1030px\"  aria-label=\"immagine Pitture murali con Adorazione dei Magi, 1330 ca.\"  id='av-masonry-1-item-815' data-av-masonry-item='815' class='av-masonry-entry isotope-item post-815 attachment type-attachment status-inherit hentry  av-masonry-item-with-image av-grid-img' title=\"Pitture murali con Adorazione dei Magi, 1330 ca.\" alt=\"\"    itemprop=\"thumbnailUrl\" ><div class='av-inner-masonry-sizer'><\/div><figure class='av-inner-masonry main_color'><div class=\"av-masonry-outerimage-container\"><div class='av-masonry-image-container' style=\"background-image: url(https:\/\/www.schlosstirol.it\/wp-content\/uploads\/2018\/01\/schloss-tirol_obere-KapelleSchlossTirol-41-705x470.jpg);\"  title=\"Pitture murali con Adorazione dei Magi, 1330 ca.\" ><\/div><\/div><\/figure><\/a><!--end av-masonry entry--><a href=\"https:\/\/www.schlosstirol.it\/wp-content\/uploads\/2018\/01\/schloss-tirol_obere-KapelleSchlossTirol-42.jpg\" data-srcset=\"https:\/\/www.schlosstirol.it\/wp-content\/uploads\/2018\/01\/schloss-tirol_obere-KapelleSchlossTirol-42.jpg 533w, https:\/\/www.schlosstirol.it\/wp-content\/uploads\/2018\/01\/schloss-tirol_obere-KapelleSchlossTirol-42-200x300.jpg 200w, https:\/\/www.schlosstirol.it\/wp-content\/uploads\/2018\/01\/schloss-tirol_obere-KapelleSchlossTirol-42-470x705.jpg 470w, https:\/\/www.schlosstirol.it\/wp-content\/uploads\/2018\/01\/schloss-tirol_obere-KapelleSchlossTirol-42-450x675.jpg 450w\" data-sizes=\"(max-width: 533px) 100vw, 533px\"  aria-label=\"immagine Crocifissione di Cristo, 1330 ca.\"  id='av-masonry-1-item-818' data-av-masonry-item='818' class='av-masonry-entry isotope-item post-818 attachment type-attachment status-inherit hentry  av-masonry-item-with-image av-grid-img' title=\"Crocifissione di Cristo, 1330 ca.\" alt=\"\"    itemprop=\"thumbnailUrl\" ><div class='av-inner-masonry-sizer'><\/div><figure class='av-inner-masonry main_color'><div class=\"av-masonry-outerimage-container\"><div class='av-masonry-image-container' style=\"background-image: url(https:\/\/www.schlosstirol.it\/wp-content\/uploads\/2018\/01\/schloss-tirol_obere-KapelleSchlossTirol-42-470x705.jpg);\"  title=\"Crocifissione di Cristo, 1330 ca.\" ><\/div><\/div><\/figure><\/a><!--end av-masonry entry--><a href=\"https:\/\/www.schlosstirol.it\/wp-content\/uploads\/2018\/01\/schloss-tirol_obere-KapelleSchlossTirol-64.jpg\" data-srcset=\"https:\/\/www.schlosstirol.it\/wp-content\/uploads\/2018\/01\/schloss-tirol_obere-KapelleSchlossTirol-64.jpg 533w, https:\/\/www.schlosstirol.it\/wp-content\/uploads\/2018\/01\/schloss-tirol_obere-KapelleSchlossTirol-64-200x300.jpg 200w, https:\/\/www.schlosstirol.it\/wp-content\/uploads\/2018\/01\/schloss-tirol_obere-KapelleSchlossTirol-64-470x705.jpg 470w, https:\/\/www.schlosstirol.it\/wp-content\/uploads\/2018\/01\/schloss-tirol_obere-KapelleSchlossTirol-64-450x675.jpg 450w\" data-sizes=\"(max-width: 533px) 100vw, 533px\"  aria-label=\"immagine Pitture murali, 1330 ca.\"  id='av-masonry-1-item-830' data-av-masonry-item='830' class='av-masonry-entry isotope-item post-830 attachment type-attachment status-inherit hentry  av-masonry-item-with-image av-grid-img' title=\"Pitture murali, 1330 ca.\" alt=\"\"    itemprop=\"thumbnailUrl\" ><div class='av-inner-masonry-sizer'><\/div><figure class='av-inner-masonry main_color'><div class=\"av-masonry-outerimage-container\"><div class='av-masonry-image-container' style=\"background-image: url(https:\/\/www.schlosstirol.it\/wp-content\/uploads\/2018\/01\/schloss-tirol_obere-KapelleSchlossTirol-64-470x705.jpg);\"  title=\"Pitture murali, 1330 ca.\" ><\/div><\/div><\/figure><\/a><!--end av-masonry entry--><a href=\"https:\/\/www.schlosstirol.it\/wp-content\/uploads\/2018\/01\/schloss-tirol_obere-KapelleSchlossTirol-71.jpg\" data-srcset=\"https:\/\/www.schlosstirol.it\/wp-content\/uploads\/2018\/01\/schloss-tirol_obere-KapelleSchlossTirol-71.jpg 533w, https:\/\/www.schlosstirol.it\/wp-content\/uploads\/2018\/01\/schloss-tirol_obere-KapelleSchlossTirol-71-200x300.jpg 200w, https:\/\/www.schlosstirol.it\/wp-content\/uploads\/2018\/01\/schloss-tirol_obere-KapelleSchlossTirol-71-470x705.jpg 470w, https:\/\/www.schlosstirol.it\/wp-content\/uploads\/2018\/01\/schloss-tirol_obere-KapelleSchlossTirol-71-450x675.jpg 450w\" data-sizes=\"(max-width: 533px) 100vw, 533px\"  aria-label=\"immagine Stemma del Tirolo, 1330 ca.\"  id='av-masonry-1-item-833' data-av-masonry-item='833' class='av-masonry-entry isotope-item post-833 attachment type-attachment status-inherit hentry  av-masonry-item-with-image av-grid-img' title=\"Stemma del Tirolo, 1330 ca.\" alt=\"\"    itemprop=\"thumbnailUrl\" ><div class='av-inner-masonry-sizer'><\/div><figure class='av-inner-masonry main_color'><div class=\"av-masonry-outerimage-container\"><div class='av-masonry-image-container' style=\"background-image: url(https:\/\/www.schlosstirol.it\/wp-content\/uploads\/2018\/01\/schloss-tirol_obere-KapelleSchlossTirol-71-470x705.jpg);\"  title=\"Stemma del Tirolo, 1330 ca.\" ><\/div><\/div><\/figure><\/a><!--end av-masonry entry--><a href=\"https:\/\/www.schlosstirol.it\/wp-content\/uploads\/2018\/01\/schloss-tirol_obere-kapelle-Hl.-Christophorus-Gesamtansicht.jpg\" data-srcset=\"https:\/\/www.schlosstirol.it\/wp-content\/uploads\/2018\/01\/schloss-tirol_obere-kapelle-Hl.-Christophorus-Gesamtansicht.jpg 544w, https:\/\/www.schlosstirol.it\/wp-content\/uploads\/2018\/01\/schloss-tirol_obere-kapelle-Hl.-Christophorus-Gesamtansicht-204x300.jpg 204w, https:\/\/www.schlosstirol.it\/wp-content\/uploads\/2018\/01\/schloss-tirol_obere-kapelle-Hl.-Christophorus-Gesamtansicht-479x705.jpg 479w, https:\/\/www.schlosstirol.it\/wp-content\/uploads\/2018\/01\/schloss-tirol_obere-kapelle-Hl.-Christophorus-Gesamtansicht-450x663.jpg 450w\" data-sizes=\"(max-width: 544px) 100vw, 544px\"  aria-label=\"immagine S. Cristoforo, 1330 ca.\"  id='av-masonry-1-item-1920' data-av-masonry-item='1920' class='av-masonry-entry isotope-item post-1920 attachment type-attachment status-inherit hentry  av-masonry-item-with-image av-grid-img' title=\"S. Cristoforo, 1330 ca.\" alt=\"\"    itemprop=\"thumbnailUrl\" ><div class='av-inner-masonry-sizer'><\/div><figure class='av-inner-masonry main_color'><div class=\"av-masonry-outerimage-container\"><div class='av-masonry-image-container' style=\"background-image: url(https:\/\/www.schlosstirol.it\/wp-content\/uploads\/2018\/01\/schloss-tirol_obere-kapelle-Hl.-Christophorus-Gesamtansicht-479x705.jpg);\"  title=\"S. Cristoforo, 1330 ca.\" ><\/div><\/div><\/figure><\/a><!--end av-masonry entry--><\/div><\/div><\/p>\n<\/div><\/div>\n<style type=\"text\/css\" data-created_by=\"avia_inline_auto\" id=\"style-css-av-m61qmp-874f6260062bffb9d1966c32781b8efa\">\n.flex_cell.av-m61qmp-874f6260062bffb9d1966c32781b8efa{\nvertical-align:top;\nbackground:url(https:\/\/www.schlosstirol.it\/wp-content\/uploads\/2018\/01\/schloss-tirol_obere-kapelle-Seitliche-Gesamtansicht-1-1700x800.jpg) 50% 50% no-repeat scroll ;\n}\n.responsive #top #wrap_all .flex_cell.av-m61qmp-874f6260062bffb9d1966c32781b8efa{\npadding:90px 90px 90px 90px !important;\n}\n<\/style>\n<div class='flex_cell av-m61qmp-874f6260062bffb9d1966c32781b8efa av-gridrow-cell av_one_half no_margin  avia-builder-el-6  el_after_av_cell_one_half  avia-builder-el-last  content-align-top'  ><div class='flex_cell_inner'><\/div><\/div><\/div>\n","protected":false},"excerpt":{"rendered":"","protected":false},"author":1,"featured_media":905,"comment_status":"closed","ping_status":"closed","template":"","meta":{"footnotes":""},"tags":[],"portfolio_entries":[159],"class_list":["post-15071","portfolio","type-portfolio","status-publish","has-post-thumbnail","hentry","portfolio_entries-burg-museum-it"],"yoast_head":"<!-- This site is optimized with the Yoast SEO plugin v27.5 - https:\/\/yoast.com\/product\/yoast-seo-wordpress\/ -->\n<title>Cappella superiore - Castel Tirolo - Museo storico-culturale (BZ)<\/title>\n<meta name=\"robots\" content=\"index, follow, max-snippet:-1, max-image-preview:large, max-video-preview:-1\" \/>\n<link rel=\"canonical\" href=\"https:\/\/www.schlosstirol.it\/it\/museo-provinciale-alto-adige\/cappella-superiore\/\" \/>\n<meta property=\"og:locale\" content=\"it_IT\" \/>\n<meta property=\"og:type\" content=\"article\" \/>\n<meta property=\"og:title\" content=\"Cappella superiore - Castel Tirolo - Museo storico-culturale (BZ)\" \/>\n<meta property=\"og:url\" content=\"https:\/\/www.schlosstirol.it\/it\/museo-provinciale-alto-adige\/cappella-superiore\/\" \/>\n<meta property=\"og:site_name\" content=\"Castel Tirolo - Museo storico-culturale (BZ)\" \/>\n<meta property=\"article:publisher\" content=\"https:\/\/www.facebook.com\/schlosstirol.casteltirolo\" \/>\n<meta property=\"article:modified_time\" content=\"2023-12-22T09:19:14+00:00\" \/>\n<meta property=\"og:image\" content=\"https:\/\/www.schlosstirol.it\/wp-content\/uploads\/2018\/01\/schloss-tirol_obere-kapelle-Seitliche-Gesamtansicht-1-1700x800.jpg\" \/>\n\t<meta property=\"og:image:width\" content=\"1700\" \/>\n\t<meta property=\"og:image:height\" content=\"800\" \/>\n\t<meta property=\"og:image:type\" content=\"image\/jpeg\" \/>\n<meta name=\"twitter:card\" content=\"summary_large_image\" \/>\n<meta name=\"twitter:label1\" content=\"Tempo di lettura stimato\" \/>\n\t<meta name=\"twitter:data1\" content=\"4 minuti\" \/>\n<script type=\"application\/ld+json\" class=\"yoast-schema-graph\">{\"@context\":\"https:\\\/\\\/schema.org\",\"@graph\":[{\"@type\":\"WebPage\",\"@id\":\"https:\\\/\\\/www.schlosstirol.it\\\/it\\\/museo-provinciale-alto-adige\\\/cappella-superiore\\\/\",\"url\":\"https:\\\/\\\/www.schlosstirol.it\\\/it\\\/museo-provinciale-alto-adige\\\/cappella-superiore\\\/\",\"name\":\"Cappella superiore - Castel Tirolo - Museo storico-culturale (BZ)\",\"isPartOf\":{\"@id\":\"https:\\\/\\\/www.schlosstirol.it\\\/it\\\/#website\"},\"primaryImageOfPage\":{\"@id\":\"https:\\\/\\\/www.schlosstirol.it\\\/it\\\/museo-provinciale-alto-adige\\\/cappella-superiore\\\/#primaryimage\"},\"image\":{\"@id\":\"https:\\\/\\\/www.schlosstirol.it\\\/it\\\/museo-provinciale-alto-adige\\\/cappella-superiore\\\/#primaryimage\"},\"thumbnailUrl\":\"https:\\\/\\\/www.schlosstirol.it\\\/wp-content\\\/uploads\\\/2018\\\/01\\\/schloss-tirol_obere-kapelle-Seitliche-Gesamtansicht-1-1700x800.jpg\",\"datePublished\":\"2023-11-27T16:38:56+00:00\",\"dateModified\":\"2023-12-22T09:19:14+00:00\",\"breadcrumb\":{\"@id\":\"https:\\\/\\\/www.schlosstirol.it\\\/it\\\/museo-provinciale-alto-adige\\\/cappella-superiore\\\/#breadcrumb\"},\"inLanguage\":\"it-IT\",\"potentialAction\":[{\"@type\":\"ReadAction\",\"target\":[\"https:\\\/\\\/www.schlosstirol.it\\\/it\\\/museo-provinciale-alto-adige\\\/cappella-superiore\\\/\"]}]},{\"@type\":\"ImageObject\",\"inLanguage\":\"it-IT\",\"@id\":\"https:\\\/\\\/www.schlosstirol.it\\\/it\\\/museo-provinciale-alto-adige\\\/cappella-superiore\\\/#primaryimage\",\"url\":\"https:\\\/\\\/www.schlosstirol.it\\\/wp-content\\\/uploads\\\/2018\\\/01\\\/schloss-tirol_obere-kapelle-Seitliche-Gesamtansicht-1-1700x800.jpg\",\"contentUrl\":\"https:\\\/\\\/www.schlosstirol.it\\\/wp-content\\\/uploads\\\/2018\\\/01\\\/schloss-tirol_obere-kapelle-Seitliche-Gesamtansicht-1-1700x800.jpg\",\"width\":1700,\"height\":800},{\"@type\":\"BreadcrumbList\",\"@id\":\"https:\\\/\\\/www.schlosstirol.it\\\/it\\\/museo-provinciale-alto-adige\\\/cappella-superiore\\\/#breadcrumb\",\"itemListElement\":[{\"@type\":\"ListItem\",\"position\":1,\"name\":\"Startseite\",\"item\":\"https:\\\/\\\/www.schlosstirol.it\\\/it\\\/castel-tirolo\\\/\"},{\"@type\":\"ListItem\",\"position\":2,\"name\":\"Cappella superiore\"}]},{\"@type\":\"WebSite\",\"@id\":\"https:\\\/\\\/www.schlosstirol.it\\\/it\\\/#website\",\"url\":\"https:\\\/\\\/www.schlosstirol.it\\\/it\\\/\",\"name\":\"Castel Tirolo - Museo storico-culturale (BZ)\",\"description\":\"Museo storico-culturale della Provincia di Bolzano\",\"publisher\":{\"@id\":\"https:\\\/\\\/www.schlosstirol.it\\\/it\\\/#organization\"},\"potentialAction\":[{\"@type\":\"SearchAction\",\"target\":{\"@type\":\"EntryPoint\",\"urlTemplate\":\"https:\\\/\\\/www.schlosstirol.it\\\/it\\\/?s={search_term_string}\"},\"query-input\":{\"@type\":\"PropertyValueSpecification\",\"valueRequired\":true,\"valueName\":\"search_term_string\"}}],\"inLanguage\":\"it-IT\"},{\"@type\":\"Organization\",\"@id\":\"https:\\\/\\\/www.schlosstirol.it\\\/it\\\/#organization\",\"name\":\"Castel Tirolo\",\"url\":\"https:\\\/\\\/www.schlosstirol.it\\\/it\\\/\",\"logo\":{\"@type\":\"ImageObject\",\"inLanguage\":\"it-IT\",\"@id\":\"https:\\\/\\\/www.schlosstirol.it\\\/it\\\/#\\\/schema\\\/logo\\\/image\\\/\",\"url\":\"https:\\\/\\\/www.schlosstirol.it\\\/wp-content\\\/uploads\\\/2018\\\/09\\\/schloss-tirol_logo-impressum.png\",\"contentUrl\":\"https:\\\/\\\/www.schlosstirol.it\\\/wp-content\\\/uploads\\\/2018\\\/09\\\/schloss-tirol_logo-impressum.png\",\"width\":1030,\"height\":687,\"caption\":\"Castel Tirolo\"},\"image\":{\"@id\":\"https:\\\/\\\/www.schlosstirol.it\\\/it\\\/#\\\/schema\\\/logo\\\/image\\\/\"},\"sameAs\":[\"https:\\\/\\\/www.facebook.com\\\/schlosstirol.casteltirolo\"]}]}<\/script>\n<!-- \/ Yoast SEO plugin. -->","yoast_head_json":{"title":"Cappella superiore - Castel Tirolo - Museo storico-culturale (BZ)","robots":{"index":"index","follow":"follow","max-snippet":"max-snippet:-1","max-image-preview":"max-image-preview:large","max-video-preview":"max-video-preview:-1"},"canonical":"https:\/\/www.schlosstirol.it\/it\/museo-provinciale-alto-adige\/cappella-superiore\/","og_locale":"it_IT","og_type":"article","og_title":"Cappella superiore - Castel Tirolo - Museo storico-culturale (BZ)","og_url":"https:\/\/www.schlosstirol.it\/it\/museo-provinciale-alto-adige\/cappella-superiore\/","og_site_name":"Castel Tirolo - Museo storico-culturale (BZ)","article_publisher":"https:\/\/www.facebook.com\/schlosstirol.casteltirolo","article_modified_time":"2023-12-22T09:19:14+00:00","og_image":[{"width":1700,"height":800,"url":"https:\/\/www.schlosstirol.it\/wp-content\/uploads\/2018\/01\/schloss-tirol_obere-kapelle-Seitliche-Gesamtansicht-1-1700x800.jpg","type":"image\/jpeg"}],"twitter_card":"summary_large_image","twitter_misc":{"Tempo di lettura stimato":"4 minuti"},"schema":{"@context":"https:\/\/schema.org","@graph":[{"@type":"WebPage","@id":"https:\/\/www.schlosstirol.it\/it\/museo-provinciale-alto-adige\/cappella-superiore\/","url":"https:\/\/www.schlosstirol.it\/it\/museo-provinciale-alto-adige\/cappella-superiore\/","name":"Cappella superiore - Castel Tirolo - Museo storico-culturale (BZ)","isPartOf":{"@id":"https:\/\/www.schlosstirol.it\/it\/#website"},"primaryImageOfPage":{"@id":"https:\/\/www.schlosstirol.it\/it\/museo-provinciale-alto-adige\/cappella-superiore\/#primaryimage"},"image":{"@id":"https:\/\/www.schlosstirol.it\/it\/museo-provinciale-alto-adige\/cappella-superiore\/#primaryimage"},"thumbnailUrl":"https:\/\/www.schlosstirol.it\/wp-content\/uploads\/2018\/01\/schloss-tirol_obere-kapelle-Seitliche-Gesamtansicht-1-1700x800.jpg","datePublished":"2023-11-27T16:38:56+00:00","dateModified":"2023-12-22T09:19:14+00:00","breadcrumb":{"@id":"https:\/\/www.schlosstirol.it\/it\/museo-provinciale-alto-adige\/cappella-superiore\/#breadcrumb"},"inLanguage":"it-IT","potentialAction":[{"@type":"ReadAction","target":["https:\/\/www.schlosstirol.it\/it\/museo-provinciale-alto-adige\/cappella-superiore\/"]}]},{"@type":"ImageObject","inLanguage":"it-IT","@id":"https:\/\/www.schlosstirol.it\/it\/museo-provinciale-alto-adige\/cappella-superiore\/#primaryimage","url":"https:\/\/www.schlosstirol.it\/wp-content\/uploads\/2018\/01\/schloss-tirol_obere-kapelle-Seitliche-Gesamtansicht-1-1700x800.jpg","contentUrl":"https:\/\/www.schlosstirol.it\/wp-content\/uploads\/2018\/01\/schloss-tirol_obere-kapelle-Seitliche-Gesamtansicht-1-1700x800.jpg","width":1700,"height":800},{"@type":"BreadcrumbList","@id":"https:\/\/www.schlosstirol.it\/it\/museo-provinciale-alto-adige\/cappella-superiore\/#breadcrumb","itemListElement":[{"@type":"ListItem","position":1,"name":"Startseite","item":"https:\/\/www.schlosstirol.it\/it\/castel-tirolo\/"},{"@type":"ListItem","position":2,"name":"Cappella superiore"}]},{"@type":"WebSite","@id":"https:\/\/www.schlosstirol.it\/it\/#website","url":"https:\/\/www.schlosstirol.it\/it\/","name":"Castel Tirolo - Museo storico-culturale (BZ)","description":"Museo storico-culturale della Provincia di Bolzano","publisher":{"@id":"https:\/\/www.schlosstirol.it\/it\/#organization"},"potentialAction":[{"@type":"SearchAction","target":{"@type":"EntryPoint","urlTemplate":"https:\/\/www.schlosstirol.it\/it\/?s={search_term_string}"},"query-input":{"@type":"PropertyValueSpecification","valueRequired":true,"valueName":"search_term_string"}}],"inLanguage":"it-IT"},{"@type":"Organization","@id":"https:\/\/www.schlosstirol.it\/it\/#organization","name":"Castel Tirolo","url":"https:\/\/www.schlosstirol.it\/it\/","logo":{"@type":"ImageObject","inLanguage":"it-IT","@id":"https:\/\/www.schlosstirol.it\/it\/#\/schema\/logo\/image\/","url":"https:\/\/www.schlosstirol.it\/wp-content\/uploads\/2018\/09\/schloss-tirol_logo-impressum.png","contentUrl":"https:\/\/www.schlosstirol.it\/wp-content\/uploads\/2018\/09\/schloss-tirol_logo-impressum.png","width":1030,"height":687,"caption":"Castel Tirolo"},"image":{"@id":"https:\/\/www.schlosstirol.it\/it\/#\/schema\/logo\/image\/"},"sameAs":["https:\/\/www.facebook.com\/schlosstirol.casteltirolo"]}]}},"_links":{"self":[{"href":"https:\/\/www.schlosstirol.it\/it\/wp-json\/wp\/v2\/portfolio\/15071","targetHints":{"allow":["GET"]}}],"collection":[{"href":"https:\/\/www.schlosstirol.it\/it\/wp-json\/wp\/v2\/portfolio"}],"about":[{"href":"https:\/\/www.schlosstirol.it\/it\/wp-json\/wp\/v2\/types\/portfolio"}],"author":[{"embeddable":true,"href":"https:\/\/www.schlosstirol.it\/it\/wp-json\/wp\/v2\/users\/1"}],"replies":[{"embeddable":true,"href":"https:\/\/www.schlosstirol.it\/it\/wp-json\/wp\/v2\/comments?post=15071"}],"version-history":[{"count":0,"href":"https:\/\/www.schlosstirol.it\/it\/wp-json\/wp\/v2\/portfolio\/15071\/revisions"}],"wp:featuredmedia":[{"embeddable":true,"href":"https:\/\/www.schlosstirol.it\/it\/wp-json\/wp\/v2\/media\/905"}],"wp:attachment":[{"href":"https:\/\/www.schlosstirol.it\/it\/wp-json\/wp\/v2\/media?parent=15071"}],"wp:term":[{"taxonomy":"post_tag","embeddable":true,"href":"https:\/\/www.schlosstirol.it\/it\/wp-json\/wp\/v2\/tags?post=15071"},{"taxonomy":"portfolio_entries","embeddable":true,"href":"https:\/\/www.schlosstirol.it\/it\/wp-json\/wp\/v2\/portfolio_entries?post=15071"}],"curies":[{"name":"wp","href":"https:\/\/api.w.org\/{rel}","templated":true}]}}