{"id":15088,"date":"2023-11-27T17:45:30","date_gmt":"2023-11-27T16:45:30","guid":{"rendered":"https:\/\/www.schlosstirol.it\/landesmuseum-suedtirol\/burggrafensaal\/"},"modified":"2023-12-22T10:26:52","modified_gmt":"2023-12-22T09:26:52","slug":"sala-del-burgravio","status":"publish","type":"portfolio","link":"https:\/\/www.schlosstirol.it\/it\/museo-provinciale-alto-adige\/sala-del-burgravio\/","title":{"rendered":"Sala del Burgravio"},"content":{"rendered":"<div id='burggrafensaal'  class='av-layout-grid-container av-3du8z9z-154dc9ed60382cbb2abf52bdf199e8cf entry-content-wrapper alternate_color av-flex-cells  avia-builder-el-0  avia-builder-el-no-sibling   container_wrap fullsize'  >\n\n<style type=\"text\/css\" data-created_by=\"avia_inline_auto\" id=\"style-css-av-34d1ghj-5d82038355e7e52ceb7368927d000a97\">\n.flex_cell.av-34d1ghj-5d82038355e7e52ceb7368927d000a97{\nvertical-align:middle;\n}\n.responsive #top #wrap_all .flex_cell.av-34d1ghj-5d82038355e7e52ceb7368927d000a97{\npadding:90px 90px 90px 90px !important;\n}\n\n@media only screen and (max-width: 479px){ \n.responsive #top #wrap_all .flex_cell.av-34d1ghj-5d82038355e7e52ceb7368927d000a97{\npadding:30px 30px 30px 30px !important;\n}\n}\n<\/style>\n<div class='flex_cell av-34d1ghj-5d82038355e7e52ceb7368927d000a97 av-gridrow-cell av_one_half no_margin  avia-builder-el-1  el_before_av_cell_one_half  avia-builder-el-first  content-align-middle'  ><div class='flex_cell_inner'><p>\n<style type=\"text\/css\" data-created_by=\"avia_inline_auto\" id=\"style-css-av-2h9pwif-b46bdabe076f20dc595835c2a4ba85bd\">\n#top .av-special-heading.av-2h9pwif-b46bdabe076f20dc595835c2a4ba85bd{\npadding-bottom:20px;\n}\nbody .av-special-heading.av-2h9pwif-b46bdabe076f20dc595835c2a4ba85bd .av-special-heading-tag .heading-char{\nfont-size:25px;\n}\n.av-special-heading.av-2h9pwif-b46bdabe076f20dc595835c2a4ba85bd .av-subheading{\nfont-size:18px;\n}\n<\/style>\n<div  class='av-special-heading av-2h9pwif-b46bdabe076f20dc595835c2a4ba85bd av-special-heading-h2 blockquote modern-quote  avia-builder-el-2  el_before_av_textblock  avia-builder-el-first '><h2 class='av-special-heading-tag '  itemprop=\"headline\"  >Sala del Burgravio<\/h2><div class=\"special-heading-border\"><div class=\"special-heading-inner-border\"><\/div><\/div><\/div><br \/>\n<section  class='av_textblock_section av-1za0fhz-8593c49e0121115771c2389660c61f1a '   itemscope=\"itemscope\" itemtype=\"https:\/\/schema.org\/CreativeWork\" ><div class='avia_textblock'  itemprop=\"text\" ><p><strong>La Sala del Burgravio<\/strong>\u00a0al terzo piano del palazzo orientale \u00e8 per lo pi\u00f9 rimasta nel suo stato originale. Il soffitto a travi e le pitture parietali con le raffigurazioni araldiche, solo in parte giunte fino a noi, risalgono al XIII e al XIV secolo. Il palazzo orientale ospitava nel Medioevo l\u2019ala residenziale, i locali riscaldati per la famiglia del conte. Di particolare rilevanza una stufa in ceramica smaltata verde della fine del XV secolo.<\/p>\n<p>Oggi la Sala del Burgravio \u00e8 uno spazio utilizzato per convegni o riunioni. Pu\u00f2 essere affittata su richiesta e in caso di disponibilit\u00e0.<\/p>\n<p>Fotos: J\u00fcrgen Eheim<\/p>\n<\/div><\/section><br \/>\n\n<style type=\"text\/css\" data-created_by=\"avia_inline_auto\" id=\"style-css-av-1iw8fnb-ef98ebdc8a47d7a8cfd8abcebb3de145\">\n#top .hr.hr-invisible.av-1iw8fnb-ef98ebdc8a47d7a8cfd8abcebb3de145{\nheight:30px;\n}\n<\/style>\n<div  class='hr av-1iw8fnb-ef98ebdc8a47d7a8cfd8abcebb3de145 hr-invisible  avia-builder-el-4  el_after_av_textblock  el_before_av_masonry_gallery  avia-builder-el-last '><span class='hr-inner '><span class=\"hr-inner-style\"><\/span><\/span><\/div><br \/>\n\n<style type=\"text\/css\" data-created_by=\"avia_inline_auto\" id=\"style-css-av-1a99qdz-977f8f1a00ae86d0945e10396672c3a4\">\n#top .av-masonry.av-1a99qdz-977f8f1a00ae86d0945e10396672c3a4{\nbackground-color:#ffffff;\n}\n<\/style>\n<div id='av-masonry-1' class='av-masonry av-1a99qdz-977f8f1a00ae86d0945e10396672c3a4 noHover av-fixed-size av-large-gap av-hover-overlay-active av-masonry-animation-active av-masonry-col-3 av-caption-always av-caption-style- av-masonry-gallery ' data-post_id=\"15088\"><div class=\"av-masonry-container isotope av-js-disabled\"><div class='av-masonry-entry isotope-item av-masonry-item-no-image '><\/div><a href=\"https:\/\/www.schlosstirol.it\/wp-content\/uploads\/2018\/01\/schloss-tirol_Burggrafensaal2_Juergen-Eheim-1030x687.jpg\" data-srcset=\"https:\/\/www.schlosstirol.it\/wp-content\/uploads\/2018\/01\/schloss-tirol_Burggrafensaal2_Juergen-Eheim.jpg 1030w, https:\/\/www.schlosstirol.it\/wp-content\/uploads\/2018\/01\/schloss-tirol_Burggrafensaal2_Juergen-Eheim-300x200.jpg 300w, https:\/\/www.schlosstirol.it\/wp-content\/uploads\/2018\/01\/schloss-tirol_Burggrafensaal2_Juergen-Eheim-768x512.jpg 768w, https:\/\/www.schlosstirol.it\/wp-content\/uploads\/2018\/01\/schloss-tirol_Burggrafensaal2_Juergen-Eheim-705x470.jpg 705w, https:\/\/www.schlosstirol.it\/wp-content\/uploads\/2018\/01\/schloss-tirol_Burggrafensaal2_Juergen-Eheim-450x300.jpg 450w\" data-sizes=\"(max-width: 1030px) 100vw, 1030px\"  aria-label=\"immagine immagine senza titolo\"  id='av-masonry-1-item-968' data-av-masonry-item='968' class='av-masonry-entry isotope-item post-968 attachment type-attachment status-inherit hentry  av-masonry-item-with-image av-grid-img' title=\"\" alt=\"\"    itemprop=\"thumbnailUrl\" ><div class='av-inner-masonry-sizer'><\/div><figure class='av-inner-masonry main_color'><div class=\"av-masonry-outerimage-container\"><div class='av-masonry-image-container' style=\"background-image: url(https:\/\/www.schlosstirol.it\/wp-content\/uploads\/2018\/01\/schloss-tirol_Burggrafensaal2_Juergen-Eheim-705x470.jpg);\" ><\/div><\/div><\/figure><\/a><!--end av-masonry entry--><a href=\"https:\/\/www.schlosstirol.it\/wp-content\/uploads\/2018\/01\/schloss-tirol_burggrafensaal-Ofen_Juergen-Eheim.jpg\" data-srcset=\"https:\/\/www.schlosstirol.it\/wp-content\/uploads\/2018\/01\/schloss-tirol_burggrafensaal-Ofen_Juergen-Eheim.jpg 591w, https:\/\/www.schlosstirol.it\/wp-content\/uploads\/2018\/01\/schloss-tirol_burggrafensaal-Ofen_Juergen-Eheim-222x300.jpg 222w, https:\/\/www.schlosstirol.it\/wp-content\/uploads\/2018\/01\/schloss-tirol_burggrafensaal-Ofen_Juergen-Eheim-521x705.jpg 521w, https:\/\/www.schlosstirol.it\/wp-content\/uploads\/2018\/01\/schloss-tirol_burggrafensaal-Ofen_Juergen-Eheim-450x609.jpg 450w\" data-sizes=\"(max-width: 591px) 100vw, 591px\"  aria-label=\"immagine immagine senza titolo\"  id='av-masonry-1-item-974' data-av-masonry-item='974' class='av-masonry-entry isotope-item post-974 attachment type-attachment status-inherit hentry  av-masonry-item-with-image av-grid-img' title=\"\" alt=\"\"    itemprop=\"thumbnailUrl\" ><div class='av-inner-masonry-sizer'><\/div><figure class='av-inner-masonry main_color'><div class=\"av-masonry-outerimage-container\"><div class='av-masonry-image-container' style=\"background-image: url(https:\/\/www.schlosstirol.it\/wp-content\/uploads\/2018\/01\/schloss-tirol_burggrafensaal-Ofen_Juergen-Eheim-521x705.jpg);\" ><\/div><\/div><\/figure><\/a><!--end av-masonry entry--><a href=\"https:\/\/www.schlosstirol.it\/wp-content\/uploads\/2018\/01\/schloss-tirol_Burggrafensaal1_Juergen-Eheim-1030x687.jpg\" data-srcset=\"https:\/\/www.schlosstirol.it\/wp-content\/uploads\/2018\/01\/schloss-tirol_Burggrafensaal1_Juergen-Eheim.jpg 1030w, https:\/\/www.schlosstirol.it\/wp-content\/uploads\/2018\/01\/schloss-tirol_Burggrafensaal1_Juergen-Eheim-300x200.jpg 300w, https:\/\/www.schlosstirol.it\/wp-content\/uploads\/2018\/01\/schloss-tirol_Burggrafensaal1_Juergen-Eheim-768x512.jpg 768w, https:\/\/www.schlosstirol.it\/wp-content\/uploads\/2018\/01\/schloss-tirol_Burggrafensaal1_Juergen-Eheim-705x470.jpg 705w, https:\/\/www.schlosstirol.it\/wp-content\/uploads\/2018\/01\/schloss-tirol_Burggrafensaal1_Juergen-Eheim-450x300.jpg 450w\" data-sizes=\"(max-width: 1030px) 100vw, 1030px\"  aria-label=\"immagine immagine senza titolo\"  id='av-masonry-1-item-971' data-av-masonry-item='971' class='av-masonry-entry isotope-item post-971 attachment type-attachment status-inherit hentry  av-masonry-item-with-image av-grid-img' title=\"\" alt=\"\"    itemprop=\"thumbnailUrl\" ><div class='av-inner-masonry-sizer'><\/div><figure class='av-inner-masonry main_color'><div class=\"av-masonry-outerimage-container\"><div class='av-masonry-image-container' style=\"background-image: url(https:\/\/www.schlosstirol.it\/wp-content\/uploads\/2018\/01\/schloss-tirol_Burggrafensaal1_Juergen-Eheim-705x470.jpg);\" ><\/div><\/div><\/figure><\/a><!--end av-masonry entry--><\/div><\/div><\/p>\n<\/div><\/div>\n<style type=\"text\/css\" data-created_by=\"avia_inline_auto\" id=\"style-css-av-umitef-51c9f60d840f38f9a8b6dafb05250ba8\">\n.flex_cell.av-umitef-51c9f60d840f38f9a8b6dafb05250ba8{\nvertical-align:top;\nbackground:url(https:\/\/www.schlosstirol.it\/wp-content\/uploads\/2018\/01\/schloss-tirol_Burggrafensaal2_juergen-Eheim-1700x800.jpg.jpg) 50% 50% no-repeat scroll ;\n}\n.responsive #top #wrap_all .flex_cell.av-umitef-51c9f60d840f38f9a8b6dafb05250ba8{\npadding:90px 90px 90px 90px !important;\n}\n<\/style>\n<div class='flex_cell av-umitef-51c9f60d840f38f9a8b6dafb05250ba8 av-gridrow-cell av_one_half no_margin  avia-builder-el-6  el_after_av_cell_one_half  avia-builder-el-last  content-align-top'  ><div class='flex_cell_inner'><\/div><\/div><\/div>\n","protected":false},"excerpt":{"rendered":"","protected":false},"author":1,"featured_media":968,"comment_status":"closed","ping_status":"closed","template":"","meta":{"footnotes":""},"tags":[],"portfolio_entries":[159],"class_list":["post-15088","portfolio","type-portfolio","status-publish","has-post-thumbnail","hentry","portfolio_entries-burg-museum-it"],"yoast_head":"<!-- This site is optimized with the Yoast SEO plugin v27.5 - https:\/\/yoast.com\/product\/yoast-seo-wordpress\/ -->\n<title>Sala del Burgravio - Castel Tirolo - Museo storico-culturale (BZ)<\/title>\n<meta name=\"robots\" content=\"index, follow, max-snippet:-1, max-image-preview:large, max-video-preview:-1\" \/>\n<link rel=\"canonical\" href=\"https:\/\/www.schlosstirol.it\/it\/museo-provinciale-alto-adige\/sala-del-burgravio\/\" \/>\n<meta property=\"og:locale\" content=\"it_IT\" \/>\n<meta property=\"og:type\" content=\"article\" \/>\n<meta property=\"og:title\" content=\"Sala del Burgravio - Castel Tirolo - Museo storico-culturale (BZ)\" \/>\n<meta property=\"og:url\" content=\"https:\/\/www.schlosstirol.it\/it\/museo-provinciale-alto-adige\/sala-del-burgravio\/\" \/>\n<meta property=\"og:site_name\" content=\"Castel Tirolo - Museo storico-culturale (BZ)\" \/>\n<meta property=\"article:publisher\" content=\"https:\/\/www.facebook.com\/schlosstirol.casteltirolo\" \/>\n<meta property=\"article:modified_time\" content=\"2023-12-22T09:26:52+00:00\" \/>\n<meta property=\"og:image\" content=\"https:\/\/www.schlosstirol.it\/wp-content\/uploads\/2018\/01\/schloss-tirol_Burggrafensaal2_Juergen-Eheim.jpg\" \/>\n\t<meta property=\"og:image:width\" content=\"1030\" \/>\n\t<meta property=\"og:image:height\" content=\"687\" \/>\n\t<meta property=\"og:image:type\" content=\"image\/jpeg\" \/>\n<meta name=\"twitter:card\" content=\"summary_large_image\" \/>\n<meta name=\"twitter:label1\" content=\"Tempo di lettura stimato\" \/>\n\t<meta name=\"twitter:data1\" content=\"4 minuti\" \/>\n<script type=\"application\/ld+json\" class=\"yoast-schema-graph\">{\"@context\":\"https:\\\/\\\/schema.org\",\"@graph\":[{\"@type\":\"WebPage\",\"@id\":\"https:\\\/\\\/www.schlosstirol.it\\\/it\\\/museo-provinciale-alto-adige\\\/sala-del-burgravio\\\/\",\"url\":\"https:\\\/\\\/www.schlosstirol.it\\\/it\\\/museo-provinciale-alto-adige\\\/sala-del-burgravio\\\/\",\"name\":\"Sala del Burgravio - Castel Tirolo - Museo storico-culturale (BZ)\",\"isPartOf\":{\"@id\":\"https:\\\/\\\/www.schlosstirol.it\\\/it\\\/#website\"},\"primaryImageOfPage\":{\"@id\":\"https:\\\/\\\/www.schlosstirol.it\\\/it\\\/museo-provinciale-alto-adige\\\/sala-del-burgravio\\\/#primaryimage\"},\"image\":{\"@id\":\"https:\\\/\\\/www.schlosstirol.it\\\/it\\\/museo-provinciale-alto-adige\\\/sala-del-burgravio\\\/#primaryimage\"},\"thumbnailUrl\":\"https:\\\/\\\/www.schlosstirol.it\\\/wp-content\\\/uploads\\\/2018\\\/01\\\/schloss-tirol_Burggrafensaal2_Juergen-Eheim.jpg\",\"datePublished\":\"2023-11-27T16:45:30+00:00\",\"dateModified\":\"2023-12-22T09:26:52+00:00\",\"breadcrumb\":{\"@id\":\"https:\\\/\\\/www.schlosstirol.it\\\/it\\\/museo-provinciale-alto-adige\\\/sala-del-burgravio\\\/#breadcrumb\"},\"inLanguage\":\"it-IT\",\"potentialAction\":[{\"@type\":\"ReadAction\",\"target\":[\"https:\\\/\\\/www.schlosstirol.it\\\/it\\\/museo-provinciale-alto-adige\\\/sala-del-burgravio\\\/\"]}]},{\"@type\":\"ImageObject\",\"inLanguage\":\"it-IT\",\"@id\":\"https:\\\/\\\/www.schlosstirol.it\\\/it\\\/museo-provinciale-alto-adige\\\/sala-del-burgravio\\\/#primaryimage\",\"url\":\"https:\\\/\\\/www.schlosstirol.it\\\/wp-content\\\/uploads\\\/2018\\\/01\\\/schloss-tirol_Burggrafensaal2_Juergen-Eheim.jpg\",\"contentUrl\":\"https:\\\/\\\/www.schlosstirol.it\\\/wp-content\\\/uploads\\\/2018\\\/01\\\/schloss-tirol_Burggrafensaal2_Juergen-Eheim.jpg\",\"width\":1030,\"height\":687},{\"@type\":\"BreadcrumbList\",\"@id\":\"https:\\\/\\\/www.schlosstirol.it\\\/it\\\/museo-provinciale-alto-adige\\\/sala-del-burgravio\\\/#breadcrumb\",\"itemListElement\":[{\"@type\":\"ListItem\",\"position\":1,\"name\":\"Startseite\",\"item\":\"https:\\\/\\\/www.schlosstirol.it\\\/it\\\/castel-tirolo\\\/\"},{\"@type\":\"ListItem\",\"position\":2,\"name\":\"Sala del Burgravio\"}]},{\"@type\":\"WebSite\",\"@id\":\"https:\\\/\\\/www.schlosstirol.it\\\/it\\\/#website\",\"url\":\"https:\\\/\\\/www.schlosstirol.it\\\/it\\\/\",\"name\":\"Castel Tirolo - Museo storico-culturale (BZ)\",\"description\":\"Museo storico-culturale della Provincia di Bolzano\",\"publisher\":{\"@id\":\"https:\\\/\\\/www.schlosstirol.it\\\/it\\\/#organization\"},\"potentialAction\":[{\"@type\":\"SearchAction\",\"target\":{\"@type\":\"EntryPoint\",\"urlTemplate\":\"https:\\\/\\\/www.schlosstirol.it\\\/it\\\/?s={search_term_string}\"},\"query-input\":{\"@type\":\"PropertyValueSpecification\",\"valueRequired\":true,\"valueName\":\"search_term_string\"}}],\"inLanguage\":\"it-IT\"},{\"@type\":\"Organization\",\"@id\":\"https:\\\/\\\/www.schlosstirol.it\\\/it\\\/#organization\",\"name\":\"Castel Tirolo\",\"url\":\"https:\\\/\\\/www.schlosstirol.it\\\/it\\\/\",\"logo\":{\"@type\":\"ImageObject\",\"inLanguage\":\"it-IT\",\"@id\":\"https:\\\/\\\/www.schlosstirol.it\\\/it\\\/#\\\/schema\\\/logo\\\/image\\\/\",\"url\":\"https:\\\/\\\/www.schlosstirol.it\\\/wp-content\\\/uploads\\\/2018\\\/09\\\/schloss-tirol_logo-impressum.png\",\"contentUrl\":\"https:\\\/\\\/www.schlosstirol.it\\\/wp-content\\\/uploads\\\/2018\\\/09\\\/schloss-tirol_logo-impressum.png\",\"width\":1030,\"height\":687,\"caption\":\"Castel Tirolo\"},\"image\":{\"@id\":\"https:\\\/\\\/www.schlosstirol.it\\\/it\\\/#\\\/schema\\\/logo\\\/image\\\/\"},\"sameAs\":[\"https:\\\/\\\/www.facebook.com\\\/schlosstirol.casteltirolo\"]}]}<\/script>\n<!-- \/ Yoast SEO plugin. -->","yoast_head_json":{"title":"Sala del Burgravio - Castel Tirolo - Museo storico-culturale (BZ)","robots":{"index":"index","follow":"follow","max-snippet":"max-snippet:-1","max-image-preview":"max-image-preview:large","max-video-preview":"max-video-preview:-1"},"canonical":"https:\/\/www.schlosstirol.it\/it\/museo-provinciale-alto-adige\/sala-del-burgravio\/","og_locale":"it_IT","og_type":"article","og_title":"Sala del Burgravio - Castel Tirolo - Museo storico-culturale (BZ)","og_url":"https:\/\/www.schlosstirol.it\/it\/museo-provinciale-alto-adige\/sala-del-burgravio\/","og_site_name":"Castel Tirolo - Museo storico-culturale (BZ)","article_publisher":"https:\/\/www.facebook.com\/schlosstirol.casteltirolo","article_modified_time":"2023-12-22T09:26:52+00:00","og_image":[{"width":1030,"height":687,"url":"https:\/\/www.schlosstirol.it\/wp-content\/uploads\/2018\/01\/schloss-tirol_Burggrafensaal2_Juergen-Eheim.jpg","type":"image\/jpeg"}],"twitter_card":"summary_large_image","twitter_misc":{"Tempo di lettura stimato":"4 minuti"},"schema":{"@context":"https:\/\/schema.org","@graph":[{"@type":"WebPage","@id":"https:\/\/www.schlosstirol.it\/it\/museo-provinciale-alto-adige\/sala-del-burgravio\/","url":"https:\/\/www.schlosstirol.it\/it\/museo-provinciale-alto-adige\/sala-del-burgravio\/","name":"Sala del Burgravio - Castel Tirolo - Museo storico-culturale (BZ)","isPartOf":{"@id":"https:\/\/www.schlosstirol.it\/it\/#website"},"primaryImageOfPage":{"@id":"https:\/\/www.schlosstirol.it\/it\/museo-provinciale-alto-adige\/sala-del-burgravio\/#primaryimage"},"image":{"@id":"https:\/\/www.schlosstirol.it\/it\/museo-provinciale-alto-adige\/sala-del-burgravio\/#primaryimage"},"thumbnailUrl":"https:\/\/www.schlosstirol.it\/wp-content\/uploads\/2018\/01\/schloss-tirol_Burggrafensaal2_Juergen-Eheim.jpg","datePublished":"2023-11-27T16:45:30+00:00","dateModified":"2023-12-22T09:26:52+00:00","breadcrumb":{"@id":"https:\/\/www.schlosstirol.it\/it\/museo-provinciale-alto-adige\/sala-del-burgravio\/#breadcrumb"},"inLanguage":"it-IT","potentialAction":[{"@type":"ReadAction","target":["https:\/\/www.schlosstirol.it\/it\/museo-provinciale-alto-adige\/sala-del-burgravio\/"]}]},{"@type":"ImageObject","inLanguage":"it-IT","@id":"https:\/\/www.schlosstirol.it\/it\/museo-provinciale-alto-adige\/sala-del-burgravio\/#primaryimage","url":"https:\/\/www.schlosstirol.it\/wp-content\/uploads\/2018\/01\/schloss-tirol_Burggrafensaal2_Juergen-Eheim.jpg","contentUrl":"https:\/\/www.schlosstirol.it\/wp-content\/uploads\/2018\/01\/schloss-tirol_Burggrafensaal2_Juergen-Eheim.jpg","width":1030,"height":687},{"@type":"BreadcrumbList","@id":"https:\/\/www.schlosstirol.it\/it\/museo-provinciale-alto-adige\/sala-del-burgravio\/#breadcrumb","itemListElement":[{"@type":"ListItem","position":1,"name":"Startseite","item":"https:\/\/www.schlosstirol.it\/it\/castel-tirolo\/"},{"@type":"ListItem","position":2,"name":"Sala del Burgravio"}]},{"@type":"WebSite","@id":"https:\/\/www.schlosstirol.it\/it\/#website","url":"https:\/\/www.schlosstirol.it\/it\/","name":"Castel Tirolo - Museo storico-culturale (BZ)","description":"Museo storico-culturale della Provincia di Bolzano","publisher":{"@id":"https:\/\/www.schlosstirol.it\/it\/#organization"},"potentialAction":[{"@type":"SearchAction","target":{"@type":"EntryPoint","urlTemplate":"https:\/\/www.schlosstirol.it\/it\/?s={search_term_string}"},"query-input":{"@type":"PropertyValueSpecification","valueRequired":true,"valueName":"search_term_string"}}],"inLanguage":"it-IT"},{"@type":"Organization","@id":"https:\/\/www.schlosstirol.it\/it\/#organization","name":"Castel Tirolo","url":"https:\/\/www.schlosstirol.it\/it\/","logo":{"@type":"ImageObject","inLanguage":"it-IT","@id":"https:\/\/www.schlosstirol.it\/it\/#\/schema\/logo\/image\/","url":"https:\/\/www.schlosstirol.it\/wp-content\/uploads\/2018\/09\/schloss-tirol_logo-impressum.png","contentUrl":"https:\/\/www.schlosstirol.it\/wp-content\/uploads\/2018\/09\/schloss-tirol_logo-impressum.png","width":1030,"height":687,"caption":"Castel Tirolo"},"image":{"@id":"https:\/\/www.schlosstirol.it\/it\/#\/schema\/logo\/image\/"},"sameAs":["https:\/\/www.facebook.com\/schlosstirol.casteltirolo"]}]}},"_links":{"self":[{"href":"https:\/\/www.schlosstirol.it\/it\/wp-json\/wp\/v2\/portfolio\/15088","targetHints":{"allow":["GET"]}}],"collection":[{"href":"https:\/\/www.schlosstirol.it\/it\/wp-json\/wp\/v2\/portfolio"}],"about":[{"href":"https:\/\/www.schlosstirol.it\/it\/wp-json\/wp\/v2\/types\/portfolio"}],"author":[{"embeddable":true,"href":"https:\/\/www.schlosstirol.it\/it\/wp-json\/wp\/v2\/users\/1"}],"replies":[{"embeddable":true,"href":"https:\/\/www.schlosstirol.it\/it\/wp-json\/wp\/v2\/comments?post=15088"}],"version-history":[{"count":0,"href":"https:\/\/www.schlosstirol.it\/it\/wp-json\/wp\/v2\/portfolio\/15088\/revisions"}],"wp:featuredmedia":[{"embeddable":true,"href":"https:\/\/www.schlosstirol.it\/it\/wp-json\/wp\/v2\/media\/968"}],"wp:attachment":[{"href":"https:\/\/www.schlosstirol.it\/it\/wp-json\/wp\/v2\/media?parent=15088"}],"wp:term":[{"taxonomy":"post_tag","embeddable":true,"href":"https:\/\/www.schlosstirol.it\/it\/wp-json\/wp\/v2\/tags?post=15088"},{"taxonomy":"portfolio_entries","embeddable":true,"href":"https:\/\/www.schlosstirol.it\/it\/wp-json\/wp\/v2\/portfolio_entries?post=15088"}],"curies":[{"name":"wp","href":"https:\/\/api.w.org\/{rel}","templated":true}]}}