{"id":15656,"date":"2024-02-05T17:30:20","date_gmt":"2024-02-05T16:30:20","guid":{"rendered":"https:\/\/www.schlosstirol.it\/landesmuseum-suedtirol\/publikationen\/"},"modified":"2026-04-20T08:13:01","modified_gmt":"2026-04-20T06:13:01","slug":"pubblicazioni","status":"publish","type":"portfolio","link":"https:\/\/www.schlosstirol.it\/it\/museo-provinciale-alto-adige\/pubblicazioni\/","title":{"rendered":"Pubblicazioni"},"content":{"rendered":"<div  id=\"publikationen-kataloge\"  class='flex_column av-m0nmwnw6-d147e66de8c8804bc87769ae63ade048 av_one_full  avia-builder-el-0  avia-builder-el-no-sibling  first flex_column_div  '     ><p>\n<style type=\"text\/css\" data-created_by=\"avia_inline_auto\" id=\"style-css-av-m0nhu0ou-25e8e2b21c55ae90812de53a4f8bae00\">\n#top .av-special-heading.av-m0nhu0ou-25e8e2b21c55ae90812de53a4f8bae00{\npadding-bottom:80px;\nfont-size:50px;\n}\nbody .av-special-heading.av-m0nhu0ou-25e8e2b21c55ae90812de53a4f8bae00 .av-special-heading-tag .heading-char{\nfont-size:25px;\n}\n#top #wrap_all .av-special-heading.av-m0nhu0ou-25e8e2b21c55ae90812de53a4f8bae00 .av-special-heading-tag{\nfont-size:50px;\n}\n.av-special-heading.av-m0nhu0ou-25e8e2b21c55ae90812de53a4f8bae00 .av-subheading{\nfont-size:24px;\n}\n\n@media only screen and (min-width: 480px) and (max-width: 767px){ \n#top #wrap_all .av-special-heading.av-m0nhu0ou-25e8e2b21c55ae90812de53a4f8bae00 .av-special-heading-tag{\nfont-size:0.8em;\n}\n}\n\n@media only screen and (max-width: 479px){ \n#top #wrap_all .av-special-heading.av-m0nhu0ou-25e8e2b21c55ae90812de53a4f8bae00 .av-special-heading-tag{\nfont-size:0.8em;\n}\n}\n<\/style>\n<div  id=\"publikationen-kataloge\"  class='av-special-heading av-m0nhu0ou-25e8e2b21c55ae90812de53a4f8bae00 av-special-heading-h2 blockquote modern-quote  avia-builder-el-1  el_before_av_masonry_gallery  avia-builder-el-no-sibling  av-inherit-size'><h2 class='av-special-heading-tag '  itemprop=\"headline\"  >Pubblicazioni <span class='special_amp'>&amp;<\/span> cataloghi<\/h2><div class='av-subheading av-subheading_below'><p>Nello shop del museo \u00e8 possibile acquistare tutte le nostre pubblicazioni<\/p>\n<\/div><div class=\"special-heading-border\"><div class=\"special-heading-inner-border\"><\/div><\/div><\/div><br \/>\n\n<style type=\"text\/css\" data-created_by=\"avia_inline_auto\" id=\"style-css-av-lw8w75s1-12a21192f43b623867eb39e5d9c882e2\">\n#top .av-masonry.av-lw8w75s1-12a21192f43b623867eb39e5d9c882e2{\nbackground-color:#ffffff;\n}\n<\/style>\n<div id='publikationen-kataloge' class='av-masonry av-lw8w75s1-12a21192f43b623867eb39e5d9c882e2 noHover av-flex-size av-large-gap av-hover-overlay- av-masonry-animation-active av-masonry-col-4 av-caption-on-hover av-caption-style- av-masonry-gallery ' data-post_id=\"15656\"><div class=\"av-masonry-container isotope av-js-disabled\"><div class='av-masonry-entry isotope-item av-masonry-item-no-image '><\/div><a href=\"https:\/\/www.schlosstirol.it\/wp-content\/uploads\/2024\/02\/Prankratius_klein.jpg\" data-srcset=\"https:\/\/www.schlosstirol.it\/wp-content\/uploads\/2024\/02\/Prankratius_klein.jpg 557w, https:\/\/www.schlosstirol.it\/wp-content\/uploads\/2024\/02\/Prankratius_klein-209x300.jpg 209w, https:\/\/www.schlosstirol.it\/wp-content\/uploads\/2024\/02\/Prankratius_klein-491x705.jpg 491w\" data-sizes=\"(max-width: 557px) 100vw, 557px\"  aria-label=\"immagine immagine senza titolo\"  id='av-masonry-1-item-23044' data-av-masonry-item='23044' class='av-masonry-entry isotope-item post-23044 attachment type-attachment status-inherit hentry  av-masonry-item-with-image' title=\"\" alt=\"\"    itemprop=\"thumbnailUrl\" ><div class='av-inner-masonry-sizer'><\/div><figure class='av-inner-masonry main_color'><div class=\"av-masonry-outerimage-container\"><div class='av-masonry-image-container'  ><img decoding=\"async\" width=\"491\" height=\"705\" fetchpriority=\"high\" class=\"wp-image-23044 avia-img-lazy-loading-not-23044\"  src=\"https:\/\/www.schlosstirol.it\/wp-content\/uploads\/2024\/02\/Prankratius_klein-491x705.jpg\" title=\"\" alt=\"\" srcset=\"https:\/\/www.schlosstirol.it\/wp-content\/uploads\/2024\/02\/Prankratius_klein-491x705.jpg 491w, https:\/\/www.schlosstirol.it\/wp-content\/uploads\/2024\/02\/Prankratius_klein-209x300.jpg 209w, https:\/\/www.schlosstirol.it\/wp-content\/uploads\/2024\/02\/Prankratius_klein.jpg 557w\" sizes=\"(max-width: 491px) 100vw, 491px\" \/><\/div><\/div><figcaption class='av-inner-masonry-content site-background'><div class='av-inner-masonry-content-pos'><div class='av-inner-masonry-content-pos-content'><div class='avia-arrow'><\/div><div class='av-masonry-entry-content entry-content'  itemprop=\"text\" >DIE PANKRATIUSSKULPTUR AUS DER BURGKAPELLE VON SCHLOSS TIROL - Heft 9 - LA SCULTURA DI SAN PANCRAZIO DALLA CAPPELLA DI CASTEL TIROLO - Quaderno 9, Schloss Tirol\/Castel Tirolo 2026, bilingue<\/div><\/div><\/div><\/figcaption><\/figure><\/a><!--end av-masonry entry--><a href=\"https:\/\/www.schlosstirol.it\/wp-content\/uploads\/2018\/01\/schloss-tirol_publikation-it-Castel-T.-la-residenza.jpg\" data-srcset=\"https:\/\/www.schlosstirol.it\/wp-content\/uploads\/2018\/01\/schloss-tirol_publikation-it-Castel-T.-la-residenza.jpg 556w, https:\/\/www.schlosstirol.it\/wp-content\/uploads\/2018\/01\/schloss-tirol_publikation-it-Castel-T.-la-residenza-209x300.jpg 209w, https:\/\/www.schlosstirol.it\/wp-content\/uploads\/2018\/01\/schloss-tirol_publikation-it-Castel-T.-la-residenza-490x705.jpg 490w, https:\/\/www.schlosstirol.it\/wp-content\/uploads\/2018\/01\/schloss-tirol_publikation-it-Castel-T.-la-residenza-450x647.jpg 450w\" data-sizes=\"(max-width: 556px) 100vw, 556px\"  aria-label=\"immagine immagine senza titolo\"  id='av-masonry-1-item-2747' data-av-masonry-item='2747' class='av-masonry-entry isotope-item post-2747 attachment type-attachment status-inherit hentry  av-masonry-item-with-image' title=\"\" alt=\"\"    itemprop=\"thumbnailUrl\" ><div class='av-inner-masonry-sizer'><\/div><figure class='av-inner-masonry main_color'><div class=\"av-masonry-outerimage-container\"><div class='av-masonry-image-container'  ><img decoding=\"async\" width=\"490\" height=\"705\" fetchpriority=\"high\" class=\"wp-image-2747 avia-img-lazy-loading-not-2747\"  src=\"https:\/\/www.schlosstirol.it\/wp-content\/uploads\/2018\/01\/schloss-tirol_publikation-it-Castel-T.-la-residenza-490x705.jpg\" title=\"\" alt=\"\" srcset=\"https:\/\/www.schlosstirol.it\/wp-content\/uploads\/2018\/01\/schloss-tirol_publikation-it-Castel-T.-la-residenza-490x705.jpg 490w, https:\/\/www.schlosstirol.it\/wp-content\/uploads\/2018\/01\/schloss-tirol_publikation-it-Castel-T.-la-residenza-209x300.jpg 209w, https:\/\/www.schlosstirol.it\/wp-content\/uploads\/2018\/01\/schloss-tirol_publikation-it-Castel-T.-la-residenza-450x647.jpg 450w, https:\/\/www.schlosstirol.it\/wp-content\/uploads\/2018\/01\/schloss-tirol_publikation-it-Castel-T.-la-residenza.jpg 556w\" sizes=\"(max-width: 490px) 100vw, 490px\" \/><\/div><\/div><figcaption class='av-inner-masonry-content site-background'><div class='av-inner-masonry-content-pos'><div class='av-inner-masonry-content-pos-content'><div class='avia-arrow'><\/div><div class='av-masonry-entry-content entry-content'  itemprop=\"text\" >CASTEL TIROLO - La residenza dei conti di Tirolo, Andergassen Leo, Schnell & Steiner 2015<\/div><\/div><\/div><\/figcaption><\/figure><\/a><!--end av-masonry entry--><a href=\"https:\/\/www.schlosstirol.it\/wp-content\/uploads\/2018\/01\/schloss-tirol_publikation-it-Castel-Tirolo-con-un-saggio.jpg\" data-srcset=\"https:\/\/www.schlosstirol.it\/wp-content\/uploads\/2018\/01\/schloss-tirol_publikation-it-Castel-Tirolo-con-un-saggio.jpg 552w, https:\/\/www.schlosstirol.it\/wp-content\/uploads\/2018\/01\/schloss-tirol_publikation-it-Castel-Tirolo-con-un-saggio-207x300.jpg 207w, https:\/\/www.schlosstirol.it\/wp-content\/uploads\/2018\/01\/schloss-tirol_publikation-it-Castel-Tirolo-con-un-saggio-486x705.jpg 486w, https:\/\/www.schlosstirol.it\/wp-content\/uploads\/2018\/01\/schloss-tirol_publikation-it-Castel-Tirolo-con-un-saggio-450x652.jpg 450w\" data-sizes=\"(max-width: 552px) 100vw, 552px\"  aria-label=\"immagine immagine senza titolo\"  id='av-masonry-1-item-2753' data-av-masonry-item='2753' class='av-masonry-entry isotope-item post-2753 attachment type-attachment status-inherit hentry  av-masonry-item-with-image' title=\"\" alt=\"\"    itemprop=\"thumbnailUrl\" ><div class='av-inner-masonry-sizer'><\/div><figure class='av-inner-masonry main_color'><div class=\"av-masonry-outerimage-container\"><div class='av-masonry-image-container'  ><img decoding=\"async\" width=\"486\" height=\"705\" fetchpriority=\"high\" class=\"wp-image-2753 avia-img-lazy-loading-not-2753\"  src=\"https:\/\/www.schlosstirol.it\/wp-content\/uploads\/2018\/01\/schloss-tirol_publikation-it-Castel-Tirolo-con-un-saggio-486x705.jpg\" title=\"\" alt=\"\" srcset=\"https:\/\/www.schlosstirol.it\/wp-content\/uploads\/2018\/01\/schloss-tirol_publikation-it-Castel-Tirolo-con-un-saggio-486x705.jpg 486w, https:\/\/www.schlosstirol.it\/wp-content\/uploads\/2018\/01\/schloss-tirol_publikation-it-Castel-Tirolo-con-un-saggio-207x300.jpg 207w, https:\/\/www.schlosstirol.it\/wp-content\/uploads\/2018\/01\/schloss-tirol_publikation-it-Castel-Tirolo-con-un-saggio-450x652.jpg 450w, https:\/\/www.schlosstirol.it\/wp-content\/uploads\/2018\/01\/schloss-tirol_publikation-it-Castel-Tirolo-con-un-saggio.jpg 552w\" sizes=\"(max-width: 486px) 100vw, 486px\" \/><\/div><\/div><figcaption class='av-inner-masonry-content site-background'><div class='av-inner-masonry-content-pos'><div class='av-inner-masonry-content-pos-content'><div class='avia-arrow'><\/div><div class='av-masonry-entry-content entry-content'  itemprop=\"text\" >CASTEL TIROLO - Con un saggio introduttivo ai portali di Siegfried de Rachewiltz, H\u00f6rmann Julia, II ed. leggermente riveduta, Tappeiner 2008<\/div><\/div><\/div><\/figcaption><\/figure><\/a><!--end av-masonry entry--><a href=\"https:\/\/www.schlosstirol.it\/wp-content\/uploads\/2018\/01\/schloss-tirol_publikation-it-Tra-Sud-e-Nord-1030x541.jpg\" data-srcset=\"https:\/\/www.schlosstirol.it\/wp-content\/uploads\/2018\/01\/schloss-tirol_publikation-it-Tra-Sud-e-Nord.jpg 1030w, https:\/\/www.schlosstirol.it\/wp-content\/uploads\/2018\/01\/schloss-tirol_publikation-it-Tra-Sud-e-Nord-300x158.jpg 300w, https:\/\/www.schlosstirol.it\/wp-content\/uploads\/2018\/01\/schloss-tirol_publikation-it-Tra-Sud-e-Nord-768x403.jpg 768w, https:\/\/www.schlosstirol.it\/wp-content\/uploads\/2018\/01\/schloss-tirol_publikation-it-Tra-Sud-e-Nord-705x370.jpg 705w, https:\/\/www.schlosstirol.it\/wp-content\/uploads\/2018\/01\/schloss-tirol_publikation-it-Tra-Sud-e-Nord-450x236.jpg 450w\" data-sizes=\"(max-width: 1030px) 100vw, 1030px\"  aria-label=\"immagine immagine senza titolo\"  id='av-masonry-1-item-2870' data-av-masonry-item='2870' class='av-masonry-entry isotope-item post-2870 attachment type-attachment status-inherit hentry  av-masonry-item-with-image' title=\"\" alt=\"\"    itemprop=\"thumbnailUrl\" ><div class='av-inner-masonry-sizer'><\/div><figure class='av-inner-masonry main_color'><div class=\"av-masonry-outerimage-container\"><div class='av-masonry-image-container'  ><img decoding=\"async\" width=\"705\" height=\"370\" fetchpriority=\"high\" class=\"wp-image-2870 avia-img-lazy-loading-not-2870\"  src=\"https:\/\/www.schlosstirol.it\/wp-content\/uploads\/2018\/01\/schloss-tirol_publikation-it-Tra-Sud-e-Nord-705x370.jpg\" title=\"\" alt=\"\" srcset=\"https:\/\/www.schlosstirol.it\/wp-content\/uploads\/2018\/01\/schloss-tirol_publikation-it-Tra-Sud-e-Nord-705x370.jpg 705w, https:\/\/www.schlosstirol.it\/wp-content\/uploads\/2018\/01\/schloss-tirol_publikation-it-Tra-Sud-e-Nord-300x158.jpg 300w, https:\/\/www.schlosstirol.it\/wp-content\/uploads\/2018\/01\/schloss-tirol_publikation-it-Tra-Sud-e-Nord-768x403.jpg 768w, https:\/\/www.schlosstirol.it\/wp-content\/uploads\/2018\/01\/schloss-tirol_publikation-it-Tra-Sud-e-Nord.jpg 1030w, https:\/\/www.schlosstirol.it\/wp-content\/uploads\/2018\/01\/schloss-tirol_publikation-it-Tra-Sud-e-Nord-450x236.jpg 450w\" sizes=\"(max-width: 705px) 100vw, 705px\" \/><\/div><\/div><figcaption class='av-inner-masonry-content site-background'><div class='av-inner-masonry-content-pos'><div class='av-inner-masonry-content-pos-content'><div class='avia-arrow'><\/div><div class='av-masonry-entry-content entry-content'  itemprop=\"text\" >TRA SUD E NORD - Lineamenti di storia del Tirolo, Riedmann Josef, Castel Tirolo 2003 (esaurito)<\/div><\/div><\/div><\/figcaption><\/figure><\/a><!--end av-masonry entry--><a href=\"https:\/\/www.schlosstirol.it\/wp-content\/uploads\/2018\/01\/schloss-tirol_publikation-it-50-oggetti.jpg\" data-srcset=\"https:\/\/www.schlosstirol.it\/wp-content\/uploads\/2018\/01\/schloss-tirol_publikation-it-50-oggetti.jpg 647w, https:\/\/www.schlosstirol.it\/wp-content\/uploads\/2018\/01\/schloss-tirol_publikation-it-50-oggetti-243x300.jpg 243w, https:\/\/www.schlosstirol.it\/wp-content\/uploads\/2018\/01\/schloss-tirol_publikation-it-50-oggetti-570x705.jpg 570w, https:\/\/www.schlosstirol.it\/wp-content\/uploads\/2018\/01\/schloss-tirol_publikation-it-50-oggetti-450x556.jpg 450w\" data-sizes=\"(max-width: 647px) 100vw, 647px\"  aria-label=\"immagine immagine senza titolo\"  id='av-masonry-1-item-2720' data-av-masonry-item='2720' class='av-masonry-entry isotope-item post-2720 attachment type-attachment status-inherit hentry  av-masonry-item-with-image' title=\"\" alt=\"\"    itemprop=\"thumbnailUrl\" ><div class='av-inner-masonry-sizer'><\/div><figure class='av-inner-masonry main_color'><div class=\"av-masonry-outerimage-container\"><div class='av-masonry-image-container'  ><img decoding=\"async\" width=\"570\" height=\"705\" fetchpriority=\"high\" class=\"wp-image-2720 avia-img-lazy-loading-not-2720\"  src=\"https:\/\/www.schlosstirol.it\/wp-content\/uploads\/2018\/01\/schloss-tirol_publikation-it-50-oggetti-570x705.jpg\" title=\"\" alt=\"\" srcset=\"https:\/\/www.schlosstirol.it\/wp-content\/uploads\/2018\/01\/schloss-tirol_publikation-it-50-oggetti-570x705.jpg 570w, https:\/\/www.schlosstirol.it\/wp-content\/uploads\/2018\/01\/schloss-tirol_publikation-it-50-oggetti-243x300.jpg 243w, https:\/\/www.schlosstirol.it\/wp-content\/uploads\/2018\/01\/schloss-tirol_publikation-it-50-oggetti-450x556.jpg 450w, https:\/\/www.schlosstirol.it\/wp-content\/uploads\/2018\/01\/schloss-tirol_publikation-it-50-oggetti.jpg 647w\" sizes=\"(max-width: 570px) 100vw, 570px\" \/><\/div><\/div><figcaption class='av-inner-masonry-content site-background'><div class='av-inner-masonry-content-pos'><div class='av-inner-masonry-content-pos-content'><div class='avia-arrow'><\/div><div class='av-masonry-entry-content entry-content'  itemprop=\"text\" >50 OGGETTI, 100 ANNI - La Torre della Memoria. L'Alto Adige-Sudtirolo e il XX secolo nel Mastio di Castel Tirolo, Pirchner Esther et al., Castel Tirolo 2016<\/div><\/div><\/div><\/figcaption><\/figure><\/a><!--end av-masonry entry--><a href=\"https:\/\/www.schlosstirol.it\/wp-content\/uploads\/2024\/02\/Esther-Stocker_Katalog.jpg\" data-srcset=\"https:\/\/www.schlosstirol.it\/wp-content\/uploads\/2024\/02\/Esther-Stocker_Katalog.jpg 800w, https:\/\/www.schlosstirol.it\/wp-content\/uploads\/2024\/02\/Esther-Stocker_Katalog-300x300.jpg 300w, https:\/\/www.schlosstirol.it\/wp-content\/uploads\/2024\/02\/Esther-Stocker_Katalog-80x80.jpg 80w, https:\/\/www.schlosstirol.it\/wp-content\/uploads\/2024\/02\/Esther-Stocker_Katalog-768x768.jpg 768w, https:\/\/www.schlosstirol.it\/wp-content\/uploads\/2024\/02\/Esther-Stocker_Katalog-36x36.jpg 36w, https:\/\/www.schlosstirol.it\/wp-content\/uploads\/2024\/02\/Esther-Stocker_Katalog-180x180.jpg 180w, https:\/\/www.schlosstirol.it\/wp-content\/uploads\/2024\/02\/Esther-Stocker_Katalog-705x705.jpg 705w\" data-sizes=\"(max-width: 800px) 100vw, 800px\"  aria-label=\"immagine immagine senza titolo\"  id='av-masonry-1-item-23448' data-av-masonry-item='23448' class='av-masonry-entry isotope-item post-23448 attachment type-attachment status-inherit hentry  av-masonry-item-with-image' title=\"\" alt=\"\"    itemprop=\"thumbnailUrl\" ><div class='av-inner-masonry-sizer'><\/div><figure class='av-inner-masonry main_color'><div class=\"av-masonry-outerimage-container\"><div class='av-masonry-image-container'  ><img decoding=\"async\" width=\"705\" height=\"705\" fetchpriority=\"high\" class=\"wp-image-23448 avia-img-lazy-loading-not-23448\"  src=\"https:\/\/www.schlosstirol.it\/wp-content\/uploads\/2024\/02\/Esther-Stocker_Katalog-705x705.jpg\" title=\"\" alt=\"\" srcset=\"https:\/\/www.schlosstirol.it\/wp-content\/uploads\/2024\/02\/Esther-Stocker_Katalog-705x705.jpg 705w, https:\/\/www.schlosstirol.it\/wp-content\/uploads\/2024\/02\/Esther-Stocker_Katalog-300x300.jpg 300w, https:\/\/www.schlosstirol.it\/wp-content\/uploads\/2024\/02\/Esther-Stocker_Katalog-80x80.jpg 80w, https:\/\/www.schlosstirol.it\/wp-content\/uploads\/2024\/02\/Esther-Stocker_Katalog-768x768.jpg 768w, https:\/\/www.schlosstirol.it\/wp-content\/uploads\/2024\/02\/Esther-Stocker_Katalog-36x36.jpg 36w, https:\/\/www.schlosstirol.it\/wp-content\/uploads\/2024\/02\/Esther-Stocker_Katalog-180x180.jpg 180w, https:\/\/www.schlosstirol.it\/wp-content\/uploads\/2024\/02\/Esther-Stocker_Katalog.jpg 800w\" sizes=\"(max-width: 705px) 100vw, 705px\" \/><\/div><\/div><figcaption class='av-inner-masonry-content site-background'><div class='av-inner-masonry-content-pos'><div class='av-inner-masonry-content-pos-content'><div class='avia-arrow'><\/div><div class='av-masonry-entry-content entry-content'  itemprop=\"text\" >ESTHER STOCKER - Atlas, Schloss Tirol\/Castel Tirolo, 2026, catalogo della mostra, bilingue<\/div><\/div><\/div><\/figcaption><\/figure><\/a><!--end av-masonry entry--><a href=\"https:\/\/www.schlosstirol.it\/wp-content\/uploads\/2021\/01\/Elisabeth-Frei_Ausstellungskatalog1.jpg\" data-srcset=\"https:\/\/www.schlosstirol.it\/wp-content\/uploads\/2021\/01\/Elisabeth-Frei_Ausstellungskatalog1.jpg 882w, https:\/\/www.schlosstirol.it\/wp-content\/uploads\/2021\/01\/Elisabeth-Frei_Ausstellungskatalog1-300x272.jpg 300w, https:\/\/www.schlosstirol.it\/wp-content\/uploads\/2021\/01\/Elisabeth-Frei_Ausstellungskatalog1-768x697.jpg 768w, https:\/\/www.schlosstirol.it\/wp-content\/uploads\/2021\/01\/Elisabeth-Frei_Ausstellungskatalog1-705x639.jpg 705w\" data-sizes=\"(max-width: 882px) 100vw, 882px\"  aria-label=\"immagine immagine senza titolo\"  id='av-masonry-1-item-22494' data-av-masonry-item='22494' class='av-masonry-entry isotope-item post-22494 attachment type-attachment status-inherit hentry  av-masonry-item-with-image' title=\"\" alt=\"\"    itemprop=\"thumbnailUrl\" ><div class='av-inner-masonry-sizer'><\/div><figure class='av-inner-masonry main_color'><div class=\"av-masonry-outerimage-container\"><div class='av-masonry-image-container'  ><img decoding=\"async\" width=\"705\" height=\"639\" fetchpriority=\"high\" class=\"wp-image-22494 avia-img-lazy-loading-not-22494\"  src=\"https:\/\/www.schlosstirol.it\/wp-content\/uploads\/2021\/01\/Elisabeth-Frei_Ausstellungskatalog1-705x639.jpg\" title=\"\" alt=\"\" srcset=\"https:\/\/www.schlosstirol.it\/wp-content\/uploads\/2021\/01\/Elisabeth-Frei_Ausstellungskatalog1-705x639.jpg 705w, https:\/\/www.schlosstirol.it\/wp-content\/uploads\/2021\/01\/Elisabeth-Frei_Ausstellungskatalog1-300x272.jpg 300w, https:\/\/www.schlosstirol.it\/wp-content\/uploads\/2021\/01\/Elisabeth-Frei_Ausstellungskatalog1-768x697.jpg 768w, https:\/\/www.schlosstirol.it\/wp-content\/uploads\/2021\/01\/Elisabeth-Frei_Ausstellungskatalog1.jpg 882w\" sizes=\"(max-width: 705px) 100vw, 705px\" \/><\/div><\/div><figcaption class='av-inner-masonry-content site-background'><div class='av-inner-masonry-content-pos'><div class='av-inner-masonry-content-pos-content'><div class='avia-arrow'><\/div><div class='av-masonry-entry-content entry-content'  itemprop=\"text\" >ELISABETH FREI - Was kriegt der Bauer? Cosa ne trae il contadino?, Schloss Tirol\/Castel Tirolo, 2025, catalogo della mostra, bilingue (esaurito)<\/div><\/div><\/div><\/figcaption><\/figure><\/a><!--end av-masonry entry--><a href=\"https:\/\/www.schlosstirol.it\/wp-content\/uploads\/2022\/03\/Bauern-Power_Ausstellungskatalog1.jpg\" data-srcset=\"https:\/\/www.schlosstirol.it\/wp-content\/uploads\/2022\/03\/Bauern-Power_Ausstellungskatalog1.jpg 711w, https:\/\/www.schlosstirol.it\/wp-content\/uploads\/2022\/03\/Bauern-Power_Ausstellungskatalog1-267x300.jpg 267w, https:\/\/www.schlosstirol.it\/wp-content\/uploads\/2022\/03\/Bauern-Power_Ausstellungskatalog1-627x705.jpg 627w\" data-sizes=\"(max-width: 711px) 100vw, 711px\"  aria-label=\"immagine immagine senza titolo\"  id='av-masonry-1-item-22457' data-av-masonry-item='22457' class='av-masonry-entry isotope-item post-22457 attachment type-attachment status-inherit hentry  av-masonry-item-with-image' title=\"\" alt=\"\"    itemprop=\"thumbnailUrl\" ><div class='av-inner-masonry-sizer'><\/div><figure class='av-inner-masonry main_color'><div class=\"av-masonry-outerimage-container\"><div class='av-masonry-image-container'  ><img decoding=\"async\" width=\"627\" height=\"705\" fetchpriority=\"high\" class=\"wp-image-22457 avia-img-lazy-loading-not-22457\"  src=\"https:\/\/www.schlosstirol.it\/wp-content\/uploads\/2022\/03\/Bauern-Power_Ausstellungskatalog1-627x705.jpg\" title=\"\" alt=\"\" srcset=\"https:\/\/www.schlosstirol.it\/wp-content\/uploads\/2022\/03\/Bauern-Power_Ausstellungskatalog1-627x705.jpg 627w, https:\/\/www.schlosstirol.it\/wp-content\/uploads\/2022\/03\/Bauern-Power_Ausstellungskatalog1-267x300.jpg 267w, https:\/\/www.schlosstirol.it\/wp-content\/uploads\/2022\/03\/Bauern-Power_Ausstellungskatalog1.jpg 711w\" sizes=\"(max-width: 627px) 100vw, 627px\" \/><\/div><\/div><figcaption class='av-inner-masonry-content site-background'><div class='av-inner-masonry-content-pos'><div class='av-inner-masonry-content-pos-content'><div class='avia-arrow'><\/div><div class='av-masonry-entry-content entry-content'  itemprop=\"text\" >BAUERN POWER. Handwerk, List und Lebenskunst. Manualit\u00e0, Ingegno, Arte di vivere, Schloss Tirol\/Castel Tirolo, 2025, catalogo della mostra, bilingue<\/div><\/div><\/div><\/figcaption><\/figure><\/a><!--end av-masonry entry--><a href=\"https:\/\/www.schlosstirol.it\/wp-content\/uploads\/2021\/01\/Laurenz-Stockner-HYLE.png\" data-srcset=\"https:\/\/www.schlosstirol.it\/wp-content\/uploads\/2021\/01\/Laurenz-Stockner-HYLE.png 621w, https:\/\/www.schlosstirol.it\/wp-content\/uploads\/2021\/01\/Laurenz-Stockner-HYLE-300x265.png 300w\" data-sizes=\"(max-width: 621px) 100vw, 621px\"  aria-label=\"immagine immagine senza titolo\"  id='av-masonry-1-item-21956' data-av-masonry-item='21956' class='av-masonry-entry isotope-item post-21956 attachment type-attachment status-inherit hentry  av-masonry-item-with-image' title=\"\" alt=\"\"    itemprop=\"thumbnailUrl\" ><div class='av-inner-masonry-sizer'><\/div><figure class='av-inner-masonry main_color'><div class=\"av-masonry-outerimage-container\"><div class='av-masonry-image-container'  ><img decoding=\"async\" width=\"621\" height=\"549\" fetchpriority=\"high\" class=\"wp-image-21956 avia-img-lazy-loading-not-21956\"  src=\"https:\/\/www.schlosstirol.it\/wp-content\/uploads\/2021\/01\/Laurenz-Stockner-HYLE.png\" title=\"\" alt=\"\" srcset=\"https:\/\/www.schlosstirol.it\/wp-content\/uploads\/2021\/01\/Laurenz-Stockner-HYLE.png 621w, https:\/\/www.schlosstirol.it\/wp-content\/uploads\/2021\/01\/Laurenz-Stockner-HYLE-300x265.png 300w\" sizes=\"(max-width: 621px) 100vw, 621px\" \/><\/div><\/div><figcaption class='av-inner-masonry-content site-background'><div class='av-inner-masonry-content-pos'><div class='av-inner-masonry-content-pos-content'><div class='avia-arrow'><\/div><div class='av-masonry-entry-content entry-content'  itemprop=\"text\" >LAURENZ STOCKNER - Hyle, Schloss Tirol\/Castel Tirolo, 2025, catalogo della mostra, bilingue<\/div><\/div><\/div><\/figcaption><\/figure><\/a><!--end av-masonry entry--><a href=\"https:\/\/www.schlosstirol.it\/wp-content\/uploads\/2024\/02\/Der-Barockmaler-Wengenmayr.jpg\" data-srcset=\"https:\/\/www.schlosstirol.it\/wp-content\/uploads\/2024\/02\/Der-Barockmaler-Wengenmayr.jpg 559w, https:\/\/www.schlosstirol.it\/wp-content\/uploads\/2024\/02\/Der-Barockmaler-Wengenmayr-210x300.jpg 210w, https:\/\/www.schlosstirol.it\/wp-content\/uploads\/2024\/02\/Der-Barockmaler-Wengenmayr-493x705.jpg 493w\" data-sizes=\"(max-width: 559px) 100vw, 559px\"  aria-label=\"immagine immagine senza titolo\"  id='av-masonry-1-item-17812' data-av-masonry-item='17812' class='av-masonry-entry isotope-item post-17812 attachment type-attachment status-inherit hentry  av-masonry-item-with-image' title=\"\" alt=\"\"    itemprop=\"thumbnailUrl\" ><div class='av-inner-masonry-sizer'><\/div><figure class='av-inner-masonry main_color'><div class=\"av-masonry-outerimage-container\"><div class='av-masonry-image-container'  ><img decoding=\"async\" width=\"493\" height=\"705\" fetchpriority=\"high\" class=\"wp-image-17812 avia-img-lazy-loading-not-17812\"  src=\"https:\/\/www.schlosstirol.it\/wp-content\/uploads\/2024\/02\/Der-Barockmaler-Wengenmayr-493x705.jpg\" title=\"\" alt=\"\" srcset=\"https:\/\/www.schlosstirol.it\/wp-content\/uploads\/2024\/02\/Der-Barockmaler-Wengenmayr-493x705.jpg 493w, https:\/\/www.schlosstirol.it\/wp-content\/uploads\/2024\/02\/Der-Barockmaler-Wengenmayr-210x300.jpg 210w, https:\/\/www.schlosstirol.it\/wp-content\/uploads\/2024\/02\/Der-Barockmaler-Wengenmayr.jpg 559w\" sizes=\"(max-width: 493px) 100vw, 493px\" \/><\/div><\/div><figcaption class='av-inner-masonry-content site-background'><div class='av-inner-masonry-content-pos'><div class='av-inner-masonry-content-pos-content'><div class='avia-arrow'><\/div><div class='av-masonry-entry-content entry-content'  itemprop=\"text\" >DER BAROCKMALER JOSEPH WENGENMAYR - Lauingen 1724-Meran 1804, Leo Andergassen (a cura di), Universit\u00e4tsverlag Wagner 2024<\/div><\/div><\/div><\/figcaption><\/figure><\/a><!--end av-masonry entry--><a href=\"https:\/\/www.schlosstirol.it\/wp-content\/uploads\/2024\/02\/Katalog-Pozza.jpg\" data-srcset=\"https:\/\/www.schlosstirol.it\/wp-content\/uploads\/2024\/02\/Katalog-Pozza.jpg 935w, https:\/\/www.schlosstirol.it\/wp-content\/uploads\/2024\/02\/Katalog-Pozza-300x257.jpg 300w, https:\/\/www.schlosstirol.it\/wp-content\/uploads\/2024\/02\/Katalog-Pozza-768x657.jpg 768w, https:\/\/www.schlosstirol.it\/wp-content\/uploads\/2024\/02\/Katalog-Pozza-705x603.jpg 705w\" data-sizes=\"(max-width: 935px) 100vw, 935px\"  aria-label=\"immagine immagine senza titolo\"  id='av-masonry-1-item-17169' data-av-masonry-item='17169' class='av-masonry-entry isotope-item post-17169 attachment type-attachment status-inherit hentry  av-masonry-item-with-image' title=\"\" alt=\"\"    itemprop=\"thumbnailUrl\" ><div class='av-inner-masonry-sizer'><\/div><figure class='av-inner-masonry main_color'><div class=\"av-masonry-outerimage-container\"><div class='av-masonry-image-container'  ><img decoding=\"async\" width=\"705\" height=\"603\" fetchpriority=\"high\" class=\"wp-image-17169 avia-img-lazy-loading-not-17169\"  src=\"https:\/\/www.schlosstirol.it\/wp-content\/uploads\/2024\/02\/Katalog-Pozza-705x603.jpg\" title=\"\" alt=\"\" srcset=\"https:\/\/www.schlosstirol.it\/wp-content\/uploads\/2024\/02\/Katalog-Pozza-705x603.jpg 705w, https:\/\/www.schlosstirol.it\/wp-content\/uploads\/2024\/02\/Katalog-Pozza-300x257.jpg 300w, https:\/\/www.schlosstirol.it\/wp-content\/uploads\/2024\/02\/Katalog-Pozza-768x657.jpg 768w, https:\/\/www.schlosstirol.it\/wp-content\/uploads\/2024\/02\/Katalog-Pozza.jpg 935w\" sizes=\"(max-width: 705px) 100vw, 705px\" \/><\/div><\/div><figcaption class='av-inner-masonry-content site-background'><div class='av-inner-masonry-content-pos'><div class='av-inner-masonry-content-pos-content'><div class='avia-arrow'><\/div><div class='av-masonry-entry-content entry-content'  itemprop=\"text\" >ANDREA POZZA. Memoria e Tempo \u2013 Zeit und Erinnerung, Schloss Tirol\/Castel Tirolo, 2024, catalogo della mostra, bilingue<\/div><\/div><\/div><\/figcaption><\/figure><\/a><!--end av-masonry entry--><a href=\"https:\/\/www.schlosstirol.it\/wp-content\/uploads\/2024\/02\/IntraExtra.jpg\" data-srcset=\"https:\/\/www.schlosstirol.it\/wp-content\/uploads\/2024\/02\/IntraExtra.jpg 703w, https:\/\/www.schlosstirol.it\/wp-content\/uploads\/2024\/02\/IntraExtra-264x300.jpg 264w, https:\/\/www.schlosstirol.it\/wp-content\/uploads\/2024\/02\/IntraExtra-620x705.jpg 620w\" data-sizes=\"(max-width: 703px) 100vw, 703px\"  aria-label=\"immagine immagine senza titolo\"  id='av-masonry-1-item-16674' data-av-masonry-item='16674' class='av-masonry-entry isotope-item post-16674 attachment type-attachment status-inherit hentry  av-masonry-item-with-image' title=\"\" alt=\"\"    itemprop=\"thumbnailUrl\" ><div class='av-inner-masonry-sizer'><\/div><figure class='av-inner-masonry main_color'><div class=\"av-masonry-outerimage-container\"><div class='av-masonry-image-container'  ><img decoding=\"async\" width=\"620\" height=\"705\" fetchpriority=\"high\" class=\"wp-image-16674 avia-img-lazy-loading-not-16674\"  src=\"https:\/\/www.schlosstirol.it\/wp-content\/uploads\/2024\/02\/IntraExtra-620x705.jpg\" title=\"\" alt=\"\" srcset=\"https:\/\/www.schlosstirol.it\/wp-content\/uploads\/2024\/02\/IntraExtra-620x705.jpg 620w, https:\/\/www.schlosstirol.it\/wp-content\/uploads\/2024\/02\/IntraExtra-264x300.jpg 264w, https:\/\/www.schlosstirol.it\/wp-content\/uploads\/2024\/02\/IntraExtra.jpg 703w\" sizes=\"(max-width: 620px) 100vw, 620px\" \/><\/div><\/div><figcaption class='av-inner-masonry-content site-background'><div class='av-inner-masonry-content-pos'><div class='av-inner-masonry-content-pos-content'><div class='avia-arrow'><\/div><div class='av-masonry-entry-content entry-content'  itemprop=\"text\" >INTRA\/EXTRA. K\u00fcnstlermigration in der fr\u00fchen Neuzeit \u2013 La migrazione degli artisti 1500-1800, Leo Andergassen\/Hanns-Paul Ties (a cura di), Schloss Tirol\/Castel Tirolo, 2024, catalogo della mostra, bilingue<\/div><\/div><\/div><\/figcaption><\/figure><\/a><!--end av-masonry entry--><a href=\"https:\/\/www.schlosstirol.it\/wp-content\/uploads\/2023\/07\/Katalog_Andacht-und-Herrschaft.jpg\" data-srcset=\"https:\/\/www.schlosstirol.it\/wp-content\/uploads\/2023\/07\/Katalog_Andacht-und-Herrschaft.jpg 558w, https:\/\/www.schlosstirol.it\/wp-content\/uploads\/2023\/07\/Katalog_Andacht-und-Herrschaft-266x300.jpg 266w\" data-sizes=\"(max-width: 558px) 100vw, 558px\"  aria-label=\"immagine immagine senza titolo\"  id='av-masonry-1-item-14073' data-av-masonry-item='14073' class='av-masonry-entry isotope-item post-14073 attachment type-attachment status-inherit hentry  av-masonry-item-with-image' title=\"\" alt=\"\"    itemprop=\"thumbnailUrl\" ><div class='av-inner-masonry-sizer'><\/div><figure class='av-inner-masonry main_color'><div class=\"av-masonry-outerimage-container\"><div class='av-masonry-image-container'  ><img decoding=\"async\" width=\"558\" height=\"630\" fetchpriority=\"high\" class=\"wp-image-14073 avia-img-lazy-loading-not-14073\"  src=\"https:\/\/www.schlosstirol.it\/wp-content\/uploads\/2023\/07\/Katalog_Andacht-und-Herrschaft.jpg\" title=\"\" alt=\"\" srcset=\"https:\/\/www.schlosstirol.it\/wp-content\/uploads\/2023\/07\/Katalog_Andacht-und-Herrschaft.jpg 558w, https:\/\/www.schlosstirol.it\/wp-content\/uploads\/2023\/07\/Katalog_Andacht-und-Herrschaft-266x300.jpg 266w\" sizes=\"(max-width: 558px) 100vw, 558px\" \/><\/div><\/div><figcaption class='av-inner-masonry-content site-background'><div class='av-inner-masonry-content-pos'><div class='av-inner-masonry-content-pos-content'><div class='avia-arrow'><\/div><div class='av-masonry-entry-content entry-content'  itemprop=\"text\" >ANDACHT UND HERRSCHAFT - DEVOZIONE E POTERE. Der Altar von Schloss Tirol - L\u2019altare di Castel Tirolo, Leo Andergassen (a cura di), Schloss Tirol\/Castel Tirolo 2023, catalogo della mostra, bilingue<\/div><\/div><\/div><\/figcaption><\/figure><\/a><!--end av-masonry entry--><a href=\"https:\/\/www.schlosstirol.it\/wp-content\/uploads\/2023\/05\/Katalog-Arnold-Holzknecht.jpg\" data-srcset=\"https:\/\/www.schlosstirol.it\/wp-content\/uploads\/2023\/05\/Katalog-Arnold-Holzknecht.jpg 716w, https:\/\/www.schlosstirol.it\/wp-content\/uploads\/2023\/05\/Katalog-Arnold-Holzknecht-300x264.jpg 300w, https:\/\/www.schlosstirol.it\/wp-content\/uploads\/2023\/05\/Katalog-Arnold-Holzknecht-705x620.jpg 705w\" data-sizes=\"(max-width: 716px) 100vw, 716px\"  aria-label=\"immagine immagine senza titolo\"  id='av-masonry-1-item-13952' data-av-masonry-item='13952' class='av-masonry-entry isotope-item post-13952 attachment type-attachment status-inherit hentry  av-masonry-item-with-image' title=\"\" alt=\"\"    itemprop=\"thumbnailUrl\" ><div class='av-inner-masonry-sizer'><\/div><figure class='av-inner-masonry main_color'><div class=\"av-masonry-outerimage-container\"><div class='av-masonry-image-container'  ><img decoding=\"async\" width=\"705\" height=\"620\" fetchpriority=\"high\" class=\"wp-image-13952 avia-img-lazy-loading-not-13952\"  src=\"https:\/\/www.schlosstirol.it\/wp-content\/uploads\/2023\/05\/Katalog-Arnold-Holzknecht-705x620.jpg\" title=\"\" alt=\"\" srcset=\"https:\/\/www.schlosstirol.it\/wp-content\/uploads\/2023\/05\/Katalog-Arnold-Holzknecht-705x620.jpg 705w, https:\/\/www.schlosstirol.it\/wp-content\/uploads\/2023\/05\/Katalog-Arnold-Holzknecht-300x264.jpg 300w, https:\/\/www.schlosstirol.it\/wp-content\/uploads\/2023\/05\/Katalog-Arnold-Holzknecht.jpg 716w\" sizes=\"(max-width: 705px) 100vw, 705px\" \/><\/div><\/div><figcaption class='av-inner-masonry-content site-background'><div class='av-inner-masonry-content-pos'><div class='av-inner-masonry-content-pos-content'><div class='avia-arrow'><\/div><div class='av-masonry-entry-content entry-content'  itemprop=\"text\" >RONDOOSTINATO - Arnold Holzknecht, con testi di Heinrich Schwazer, Schloss Tirol\/Castel Tirolo 2023, catalogo della mostra, bilingue<\/div><\/div><\/div><\/figcaption><\/figure><\/a><!--end av-masonry entry--><a href=\"https:\/\/www.schlosstirol.it\/wp-content\/uploads\/2018\/01\/smart-histories_kl.jpg\" data-srcset=\"https:\/\/www.schlosstirol.it\/wp-content\/uploads\/2018\/01\/smart-histories_kl.jpg 583w, https:\/\/www.schlosstirol.it\/wp-content\/uploads\/2018\/01\/smart-histories_kl-219x300.jpg 219w, https:\/\/www.schlosstirol.it\/wp-content\/uploads\/2018\/01\/smart-histories_kl-514x705.jpg 514w\" data-sizes=\"(max-width: 583px) 100vw, 583px\"  aria-label=\"immagine immagine senza titolo\"  id='av-masonry-1-item-13722' data-av-masonry-item='13722' class='av-masonry-entry isotope-item post-13722 attachment type-attachment status-inherit hentry  av-masonry-item-with-image' title=\"\" alt=\"\"    itemprop=\"thumbnailUrl\" ><div class='av-inner-masonry-sizer'><\/div><figure class='av-inner-masonry main_color'><div class=\"av-masonry-outerimage-container\"><div class='av-masonry-image-container'  ><img decoding=\"async\" width=\"514\" height=\"705\" fetchpriority=\"high\" class=\"wp-image-13722 avia-img-lazy-loading-not-13722\"  src=\"https:\/\/www.schlosstirol.it\/wp-content\/uploads\/2018\/01\/smart-histories_kl-514x705.jpg\" title=\"\" alt=\"\" srcset=\"https:\/\/www.schlosstirol.it\/wp-content\/uploads\/2018\/01\/smart-histories_kl-514x705.jpg 514w, https:\/\/www.schlosstirol.it\/wp-content\/uploads\/2018\/01\/smart-histories_kl-219x300.jpg 219w, https:\/\/www.schlosstirol.it\/wp-content\/uploads\/2018\/01\/smart-histories_kl.jpg 583w\" sizes=\"(max-width: 514px) 100vw, 514px\" \/><\/div><\/div><figcaption class='av-inner-masonry-content site-background'><div class='av-inner-masonry-content-pos'><div class='av-inner-masonry-content-pos-content'><div class='avia-arrow'><\/div><div class='av-masonry-entry-content entry-content'  itemprop=\"text\" >SCHLOSS TIROL\/CASTEL TIROLO\/SMART HISTORIES. MITTELALTER\/MEDIOEVO, Tanja Cassitti, Sonja Steger, Mirko Frainer (a cura di), Castel Tirolo, 2023, Casa editrice Athesia, bilingue<\/div><\/div><\/div><\/figcaption><\/figure><\/a><!--end av-masonry entry--><a href=\"https:\/\/www.schlosstirol.it\/wp-content\/uploads\/2018\/01\/Katalog309.jpg\" data-srcset=\"https:\/\/www.schlosstirol.it\/wp-content\/uploads\/2018\/01\/Katalog309.jpg 696w, https:\/\/www.schlosstirol.it\/wp-content\/uploads\/2018\/01\/Katalog309-261x300.jpg 261w, https:\/\/www.schlosstirol.it\/wp-content\/uploads\/2018\/01\/Katalog309-613x705.jpg 613w\" data-sizes=\"(max-width: 696px) 100vw, 696px\"  aria-label=\"immagine Katalog309\"  id='av-masonry-1-item-13604' data-av-masonry-item='13604' class='av-masonry-entry isotope-item post-13604 attachment type-attachment status-inherit hentry  av-masonry-item-with-image' title=\"Katalog309\" alt=\"Veduten. Schloss Tirol in der Kunst. \nVedute. Castel Tirolo nell&#039;arte. \nAndergassen, Kraus, von Miller (Hgg.) \nSchloss Tirol\/Castel Tirolo, 2023. \nAusstellungskatalog, zweisprachig\"    itemprop=\"thumbnailUrl\" ><div class='av-inner-masonry-sizer'><\/div><figure class='av-inner-masonry main_color'><div class=\"av-masonry-outerimage-container\"><div class='av-masonry-image-container'  ><img decoding=\"async\" width=\"613\" height=\"705\" fetchpriority=\"high\" class=\"wp-image-13604 avia-img-lazy-loading-not-13604\"  src=\"https:\/\/www.schlosstirol.it\/wp-content\/uploads\/2018\/01\/Katalog309-613x705.jpg\" title=\"Katalog309\" alt=\"Veduten. Schloss Tirol in der Kunst. \nVedute. Castel Tirolo nell&#039;arte. \nAndergassen, Kraus, von Miller (Hgg.) \nSchloss Tirol\/Castel Tirolo, 2023. \nAusstellungskatalog, zweisprachig\" srcset=\"https:\/\/www.schlosstirol.it\/wp-content\/uploads\/2018\/01\/Katalog309-613x705.jpg 613w, https:\/\/www.schlosstirol.it\/wp-content\/uploads\/2018\/01\/Katalog309-261x300.jpg 261w, https:\/\/www.schlosstirol.it\/wp-content\/uploads\/2018\/01\/Katalog309.jpg 696w\" sizes=\"(max-width: 613px) 100vw, 613px\" \/><\/div><\/div><figcaption class='av-inner-masonry-content site-background'><div class='av-inner-masonry-content-pos'><div class='av-inner-masonry-content-pos-content'><div class='avia-arrow'><\/div><div class='av-masonry-entry-content entry-content'  itemprop=\"text\" >VEDUTE(N). Schloss Tirol in der Kunst. Castel Tirolo nell\u2019arte, Leo Andergassen, Carl Kraus, Dorothea von Miller (Hgg.), Schloss Tirol\/Castel Tirolo 2023, catalogo della mostra, bilingue<\/div><\/div><\/div><\/figcaption><\/figure><\/a><!--end av-masonry entry--><a href=\"https:\/\/www.schlosstirol.it\/wp-content\/uploads\/2022\/07\/Theater-in-Tirol-ital-897x1030.jpg\" data-srcset=\"https:\/\/www.schlosstirol.it\/wp-content\/uploads\/2022\/07\/Theater-in-Tirol-ital-897x1030.jpg 897w, https:\/\/www.schlosstirol.it\/wp-content\/uploads\/2022\/07\/Theater-in-Tirol-ital-261x300.jpg 261w, https:\/\/www.schlosstirol.it\/wp-content\/uploads\/2022\/07\/Theater-in-Tirol-ital-768x882.jpg 768w, https:\/\/www.schlosstirol.it\/wp-content\/uploads\/2022\/07\/Theater-in-Tirol-ital-614x705.jpg 614w, https:\/\/www.schlosstirol.it\/wp-content\/uploads\/2022\/07\/Theater-in-Tirol-ital.jpg 697w\" data-sizes=\"(max-width: 897px) 100vw, 897px\"  aria-label=\"immagine immagine senza titolo\"  id='av-masonry-1-item-12564' data-av-masonry-item='12564' class='av-masonry-entry isotope-item post-12564 attachment type-attachment status-inherit hentry  av-masonry-item-with-image' title=\"\" alt=\"\"    itemprop=\"thumbnailUrl\" ><div class='av-inner-masonry-sizer'><\/div><figure class='av-inner-masonry main_color'><div class=\"av-masonry-outerimage-container\"><div class='av-masonry-image-container'  ><img decoding=\"async\" width=\"614\" height=\"705\" fetchpriority=\"high\" class=\"wp-image-12564 avia-img-lazy-loading-not-12564\"  src=\"https:\/\/www.schlosstirol.it\/wp-content\/uploads\/2022\/07\/Theater-in-Tirol-ital-614x705.jpg\" title=\"\" alt=\"\" srcset=\"https:\/\/www.schlosstirol.it\/wp-content\/uploads\/2022\/07\/Theater-in-Tirol-ital-614x705.jpg 614w, https:\/\/www.schlosstirol.it\/wp-content\/uploads\/2022\/07\/Theater-in-Tirol-ital-261x300.jpg 261w, https:\/\/www.schlosstirol.it\/wp-content\/uploads\/2022\/07\/Theater-in-Tirol-ital-897x1030.jpg 897w, https:\/\/www.schlosstirol.it\/wp-content\/uploads\/2022\/07\/Theater-in-Tirol-ital-768x882.jpg 768w, https:\/\/www.schlosstirol.it\/wp-content\/uploads\/2022\/07\/Theater-in-Tirol-ital.jpg 697w\" sizes=\"(max-width: 614px) 100vw, 614px\" \/><\/div><\/div><figcaption class='av-inner-masonry-content site-background'><div class='av-inner-masonry-content-pos'><div class='av-inner-masonry-content-pos-content'><div class='avia-arrow'><\/div><div class='av-masonry-entry-content entry-content'  itemprop=\"text\" >AMORE, MORTE E DEMONIO - Il teatro in Tirolo, Leo Andergassen (a cura di), Castel Tirolo 2022, catalogo della mostra<\/div><\/div><\/div><\/figcaption><\/figure><\/a><!--end av-masonry entry--><a href=\"https:\/\/www.schlosstirol.it\/wp-content\/uploads\/2022\/07\/Wilhelm-Senoner-1030x907.jpg\" data-srcset=\"https:\/\/www.schlosstirol.it\/wp-content\/uploads\/2022\/07\/Wilhelm-Senoner-1030x907.jpg 1030w, https:\/\/www.schlosstirol.it\/wp-content\/uploads\/2022\/07\/Wilhelm-Senoner-300x264.jpg 300w, https:\/\/www.schlosstirol.it\/wp-content\/uploads\/2022\/07\/Wilhelm-Senoner-768x677.jpg 768w, https:\/\/www.schlosstirol.it\/wp-content\/uploads\/2022\/07\/Wilhelm-Senoner-705x621.jpg 705w, https:\/\/www.schlosstirol.it\/wp-content\/uploads\/2022\/07\/Wilhelm-Senoner.jpg 908w\" data-sizes=\"(max-width: 1030px) 100vw, 1030px\"  aria-label=\"immagine immagine senza titolo\"  id='av-masonry-1-item-12561' data-av-masonry-item='12561' class='av-masonry-entry isotope-item post-12561 attachment type-attachment status-inherit hentry  av-masonry-item-with-image' title=\"\" alt=\"\"    itemprop=\"thumbnailUrl\" ><div class='av-inner-masonry-sizer'><\/div><figure class='av-inner-masonry main_color'><div class=\"av-masonry-outerimage-container\"><div class='av-masonry-image-container'  ><img decoding=\"async\" width=\"705\" height=\"621\" fetchpriority=\"high\" class=\"wp-image-12561 avia-img-lazy-loading-not-12561\"  src=\"https:\/\/www.schlosstirol.it\/wp-content\/uploads\/2022\/07\/Wilhelm-Senoner-705x621.jpg\" title=\"\" alt=\"\" srcset=\"https:\/\/www.schlosstirol.it\/wp-content\/uploads\/2022\/07\/Wilhelm-Senoner-705x621.jpg 705w, https:\/\/www.schlosstirol.it\/wp-content\/uploads\/2022\/07\/Wilhelm-Senoner-300x264.jpg 300w, https:\/\/www.schlosstirol.it\/wp-content\/uploads\/2022\/07\/Wilhelm-Senoner-1030x907.jpg 1030w, https:\/\/www.schlosstirol.it\/wp-content\/uploads\/2022\/07\/Wilhelm-Senoner-768x677.jpg 768w, https:\/\/www.schlosstirol.it\/wp-content\/uploads\/2022\/07\/Wilhelm-Senoner.jpg 908w\" sizes=\"(max-width: 705px) 100vw, 705px\" \/><\/div><\/div><figcaption class='av-inner-masonry-content site-background'><div class='av-inner-masonry-content-pos'><div class='av-inner-masonry-content-pos-content'><div class='avia-arrow'><\/div><div class='av-masonry-entry-content entry-content'  itemprop=\"text\" >PERSONA - Wilhelm Senoner, Schloss Tirol\/Castel Tirolo 2022, catalogo della mostra, bilingue<\/div><\/div><\/div><\/figcaption><\/figure><\/a><!--end av-masonry entry--><a href=\"https:\/\/www.schlosstirol.it\/wp-content\/uploads\/2022\/01\/Archaeologische-Sondierungen_Bombonato.jpg\" data-srcset=\"https:\/\/www.schlosstirol.it\/wp-content\/uploads\/2022\/01\/Archaeologische-Sondierungen_Bombonato.jpg 448w, https:\/\/www.schlosstirol.it\/wp-content\/uploads\/2022\/01\/Archaeologische-Sondierungen_Bombonato-213x300.jpg 213w\" data-sizes=\"(max-width: 448px) 100vw, 448px\"  aria-label=\"immagine immagine senza titolo\"  id='av-masonry-1-item-10547' data-av-masonry-item='10547' class='av-masonry-entry isotope-item post-10547 attachment type-attachment status-inherit hentry  av-masonry-item-with-image' title=\"\" alt=\"\"    itemprop=\"thumbnailUrl\" ><div class='av-inner-masonry-sizer'><\/div><figure class='av-inner-masonry main_color'><div class=\"av-masonry-outerimage-container\"><div class='av-masonry-image-container'  ><img decoding=\"async\" width=\"448\" height=\"630\" fetchpriority=\"high\" class=\"wp-image-10547 avia-img-lazy-loading-not-10547\"  src=\"https:\/\/www.schlosstirol.it\/wp-content\/uploads\/2022\/01\/Archaeologische-Sondierungen_Bombonato.jpg\" title=\"\" alt=\"\" srcset=\"https:\/\/www.schlosstirol.it\/wp-content\/uploads\/2022\/01\/Archaeologische-Sondierungen_Bombonato.jpg 448w, https:\/\/www.schlosstirol.it\/wp-content\/uploads\/2022\/01\/Archaeologische-Sondierungen_Bombonato-213x300.jpg 213w\" sizes=\"(max-width: 448px) 100vw, 448px\" \/><\/div><\/div><figcaption class='av-inner-masonry-content site-background'><div class='av-inner-masonry-content-pos'><div class='av-inner-masonry-content-pos-content'><div class='avia-arrow'><\/div><div class='av-masonry-entry-content entry-content'  itemprop=\"text\" >ARCH\u00c4OLOGISCHE SONDIERUNGEN AUSSERHALB DER BURG - Bauforschung - Heft 7 - SONDAGGI ARCHEOLOGICI INTORNO AL CASTELLO - Studi di storia edilizia - Quaderno 7, Schloss Tirol\/Castel Tirolo 2021, bilingue<\/div><\/div><\/div><\/figcaption><\/figure><\/a><!--end av-masonry entry--><a href=\"https:\/\/www.schlosstirol.it\/wp-content\/uploads\/2022\/11\/Stuckfragmente-St.-Peter.jpg\" data-srcset=\"https:\/\/www.schlosstirol.it\/wp-content\/uploads\/2022\/11\/Stuckfragmente-St.-Peter.jpg 446w, https:\/\/www.schlosstirol.it\/wp-content\/uploads\/2022\/11\/Stuckfragmente-St.-Peter-212x300.jpg 212w\" data-sizes=\"(max-width: 446px) 100vw, 446px\"  aria-label=\"immagine immagine senza titolo\"  id='av-masonry-1-item-13376' data-av-masonry-item='13376' class='av-masonry-entry isotope-item post-13376 attachment type-attachment status-inherit hentry  av-masonry-item-with-image' title=\"\" alt=\"\"    itemprop=\"thumbnailUrl\" ><div class='av-inner-masonry-sizer'><\/div><figure class='av-inner-masonry main_color'><div class=\"av-masonry-outerimage-container\"><div class='av-masonry-image-container'  ><img decoding=\"async\" width=\"446\" height=\"630\" fetchpriority=\"high\" class=\"wp-image-13376 avia-img-lazy-loading-not-13376\"  src=\"https:\/\/www.schlosstirol.it\/wp-content\/uploads\/2022\/11\/Stuckfragmente-St.-Peter.jpg\" title=\"\" alt=\"\" srcset=\"https:\/\/www.schlosstirol.it\/wp-content\/uploads\/2022\/11\/Stuckfragmente-St.-Peter.jpg 446w, https:\/\/www.schlosstirol.it\/wp-content\/uploads\/2022\/11\/Stuckfragmente-St.-Peter-212x300.jpg 212w\" sizes=\"(max-width: 446px) 100vw, 446px\" \/><\/div><\/div><figcaption class='av-inner-masonry-content site-background'><div class='av-inner-masonry-content-pos'><div class='av-inner-masonry-content-pos-content'><div class='avia-arrow'><\/div><div class='av-masonry-entry-content entry-content'  itemprop=\"text\" >DIE STUCKFRAGMENTE VON ST. PETER OB GRATSCH - Heft 8 - I FRAMMENTI DI STUCCO DI SAN PIETRO A QUARAZZE - quaderno 8, Petra Dariz, Thomas Schmid, Luca Villa, Schloss Tirol\/Castel Tirolo 2022, bilingue<\/div><\/div><\/div><\/figcaption><\/figure><\/a><!--end av-masonry entry--><a href=\"https:\/\/www.schlosstirol.it\/wp-content\/uploads\/2022\/03\/Georg-Thuille.jpg\" data-srcset=\"https:\/\/www.schlosstirol.it\/wp-content\/uploads\/2022\/03\/Georg-Thuille.jpg 705w, https:\/\/www.schlosstirol.it\/wp-content\/uploads\/2022\/03\/Georg-Thuille-300x268.jpg 300w\" data-sizes=\"(max-width: 705px) 100vw, 705px\"  aria-label=\"immagine Georg Thuille\"  id='av-masonry-1-item-11697' data-av-masonry-item='11697' class='av-masonry-entry isotope-item post-11697 attachment type-attachment status-inherit hentry  av-masonry-item-with-image' title=\"Georg Thuille\" alt=\"\"    itemprop=\"thumbnailUrl\" ><div class='av-inner-masonry-sizer'><\/div><figure class='av-inner-masonry main_color'><div class=\"av-masonry-outerimage-container\"><div class='av-masonry-image-container'  ><img decoding=\"async\" width=\"705\" height=\"630\" fetchpriority=\"high\" class=\"wp-image-11697 avia-img-lazy-loading-not-11697\"  src=\"https:\/\/www.schlosstirol.it\/wp-content\/uploads\/2022\/03\/Georg-Thuille.jpg\" title=\"Georg Thuille\" alt=\"\" srcset=\"https:\/\/www.schlosstirol.it\/wp-content\/uploads\/2022\/03\/Georg-Thuille.jpg 705w, https:\/\/www.schlosstirol.it\/wp-content\/uploads\/2022\/03\/Georg-Thuille-300x268.jpg 300w\" sizes=\"(max-width: 705px) 100vw, 705px\" \/><\/div><\/div><figcaption class='av-inner-masonry-content site-background'><div class='av-inner-masonry-content-pos'><div class='av-inner-masonry-content-pos-content'><div class='avia-arrow'><\/div><div class='av-masonry-entry-content entry-content'  itemprop=\"text\" >MENSCHENBILDER. VISIONI DELL\u2019UOMO - Georg Thuille, Schloss Tirol\/Castel Tirolo, 2022, Catalogo della mostra, bilingue<\/div><\/div><\/div><\/figcaption><\/figure><\/a><!--end av-masonry entry--><a href=\"https:\/\/www.schlosstirol.it\/wp-content\/uploads\/2022\/03\/Global-500.jpg\" data-srcset=\"https:\/\/www.schlosstirol.it\/wp-content\/uploads\/2022\/03\/Global-500.jpg 555w, https:\/\/www.schlosstirol.it\/wp-content\/uploads\/2022\/03\/Global-500-264x300.jpg 264w\" data-sizes=\"(max-width: 555px) 100vw, 555px\"  aria-label=\"immagine immagine senza titolo\"  id='av-masonry-1-item-11694' data-av-masonry-item='11694' class='av-masonry-entry isotope-item post-11694 attachment type-attachment status-inherit hentry  av-masonry-item-with-image' title=\"\" alt=\"\"    itemprop=\"thumbnailUrl\" ><div class='av-inner-masonry-sizer'><\/div><figure class='av-inner-masonry main_color'><div class=\"av-masonry-outerimage-container\"><div class='av-masonry-image-container'  ><img decoding=\"async\" width=\"555\" height=\"630\" fetchpriority=\"high\" class=\"wp-image-11694 avia-img-lazy-loading-not-11694\"  src=\"https:\/\/www.schlosstirol.it\/wp-content\/uploads\/2022\/03\/Global-500.jpg\" title=\"\" alt=\"\" srcset=\"https:\/\/www.schlosstirol.it\/wp-content\/uploads\/2022\/03\/Global-500.jpg 555w, https:\/\/www.schlosstirol.it\/wp-content\/uploads\/2022\/03\/Global-500-264x300.jpg 264w\" sizes=\"(max-width: 555px) 100vw, 555px\" \/><\/div><\/div><figcaption class='av-inner-masonry-content site-background'><div class='av-inner-masonry-content-pos'><div class='av-inner-masonry-content-pos-content'><div class='avia-arrow'><\/div><div class='av-masonry-entry-content entry-content'  itemprop=\"text\" >GLOBAL \u2019500. 1522-2022 - Von der Umsegelung der Erde zur Wahrnehmung des Globalen. Dalla circumnavigazione del globo alla percezione del mondo. Lois Fasching & Arnold Mario Dall\u2019O, Schloss Tirol\/Castel Tirolo, 2022, catalogo della mostra, bilingue<\/div><\/div><\/div><\/figcaption><\/figure><\/a><!--end av-masonry entry--><a href=\"https:\/\/www.schlosstirol.it\/wp-content\/uploads\/2021\/09\/Katalog_Transferteppich.jpg\" data-srcset=\"https:\/\/www.schlosstirol.it\/wp-content\/uploads\/2021\/09\/Katalog_Transferteppich.jpg 688w, https:\/\/www.schlosstirol.it\/wp-content\/uploads\/2021\/09\/Katalog_Transferteppich-300x275.jpg 300w\" data-sizes=\"(max-width: 688px) 100vw, 688px\"  aria-label=\"immagine immagine senza titolo\"  id='av-masonry-1-item-7260' data-av-masonry-item='7260' class='av-masonry-entry isotope-item post-7260 attachment type-attachment status-inherit hentry  av-masonry-item-with-image' title=\"\" alt=\"\"    itemprop=\"thumbnailUrl\" ><div class='av-inner-masonry-sizer'><\/div><figure class='av-inner-masonry main_color'><div class=\"av-masonry-outerimage-container\"><div class='av-masonry-image-container'  ><img decoding=\"async\" width=\"688\" height=\"630\" fetchpriority=\"high\" class=\"wp-image-7260 avia-img-lazy-loading-not-7260\"  src=\"https:\/\/www.schlosstirol.it\/wp-content\/uploads\/2021\/09\/Katalog_Transferteppich.jpg\" title=\"\" alt=\"\" srcset=\"https:\/\/www.schlosstirol.it\/wp-content\/uploads\/2021\/09\/Katalog_Transferteppich.jpg 688w, https:\/\/www.schlosstirol.it\/wp-content\/uploads\/2021\/09\/Katalog_Transferteppich-300x275.jpg 300w\" sizes=\"(max-width: 688px) 100vw, 688px\" \/><\/div><\/div><figcaption class='av-inner-masonry-content site-background'><div class='av-inner-masonry-content-pos'><div class='av-inner-masonry-content-pos-content'><div class='avia-arrow'><\/div><div class='av-masonry-entry-content entry-content'  itemprop=\"text\" >TRANSFERTEPPICH - Peter Assmann, Schloss Tirol\/Castel Tirolo 2021, Catalogo della mostra, bilingue<\/div><\/div><\/div><\/figcaption><\/figure><\/a><!--end av-masonry entry--><a href=\"https:\/\/www.schlosstirol.it\/wp-content\/uploads\/2021\/07\/Katalog_Simbolo-Potere-Mobilita.jpg\" data-srcset=\"https:\/\/www.schlosstirol.it\/wp-content\/uploads\/2021\/07\/Katalog_Simbolo-Potere-Mobilita.jpg 559w, https:\/\/www.schlosstirol.it\/wp-content\/uploads\/2021\/07\/Katalog_Simbolo-Potere-Mobilita-266x300.jpg 266w\" data-sizes=\"(max-width: 559px) 100vw, 559px\"  aria-label=\"immagine immagine senza titolo\"  id='av-masonry-1-item-7000' data-av-masonry-item='7000' class='av-masonry-entry isotope-item post-7000 attachment type-attachment status-inherit hentry  av-masonry-item-with-image' title=\"\" alt=\"\"    itemprop=\"thumbnailUrl\" ><div class='av-inner-masonry-sizer'><\/div><figure class='av-inner-masonry main_color'><div class=\"av-masonry-outerimage-container\"><div class='av-masonry-image-container'  ><img decoding=\"async\" width=\"559\" height=\"630\" fetchpriority=\"high\" class=\"wp-image-7000 avia-img-lazy-loading-not-7000\"  src=\"https:\/\/www.schlosstirol.it\/wp-content\/uploads\/2021\/07\/Katalog_Simbolo-Potere-Mobilita.jpg\" title=\"\" alt=\"\" srcset=\"https:\/\/www.schlosstirol.it\/wp-content\/uploads\/2021\/07\/Katalog_Simbolo-Potere-Mobilita.jpg 559w, https:\/\/www.schlosstirol.it\/wp-content\/uploads\/2021\/07\/Katalog_Simbolo-Potere-Mobilita-266x300.jpg 266w\" sizes=\"(max-width: 559px) 100vw, 559px\" \/><\/div><\/div><figcaption class='av-inner-masonry-content site-background'><div class='av-inner-masonry-content-pos'><div class='av-inner-masonry-content-pos-content'><div class='avia-arrow'><\/div><div class='av-masonry-entry-content entry-content'  itemprop=\"text\" >SIMBOLO, POTERE, MOBILIT\u00c0 - Il Tirolo nelle mappe storiche, Petra Svatek (a cura di), Castel Tirolo 2021, Catalogo della mostra<\/div><\/div><\/div><\/figcaption><\/figure><\/a><!--end av-masonry entry--><a href=\"https:\/\/www.schlosstirol.it\/wp-content\/uploads\/2021\/05\/Katalog_Elisabeth-Oberrauch.jpg\" data-srcset=\"https:\/\/www.schlosstirol.it\/wp-content\/uploads\/2021\/05\/Katalog_Elisabeth-Oberrauch.jpg 710w, https:\/\/www.schlosstirol.it\/wp-content\/uploads\/2021\/05\/Katalog_Elisabeth-Oberrauch-300x266.jpg 300w, https:\/\/www.schlosstirol.it\/wp-content\/uploads\/2021\/05\/Katalog_Elisabeth-Oberrauch-705x626.jpg 705w\" data-sizes=\"(max-width: 710px) 100vw, 710px\"  aria-label=\"immagine immagine senza titolo\"  id='av-masonry-1-item-6806' data-av-masonry-item='6806' class='av-masonry-entry isotope-item post-6806 attachment type-attachment status-inherit hentry  av-masonry-item-with-image' title=\"\" alt=\"\"    itemprop=\"thumbnailUrl\" ><div class='av-inner-masonry-sizer'><\/div><figure class='av-inner-masonry main_color'><div class=\"av-masonry-outerimage-container\"><div class='av-masonry-image-container'  ><img decoding=\"async\" width=\"705\" height=\"626\" fetchpriority=\"high\" class=\"wp-image-6806 avia-img-lazy-loading-not-6806\"  src=\"https:\/\/www.schlosstirol.it\/wp-content\/uploads\/2021\/05\/Katalog_Elisabeth-Oberrauch-705x626.jpg\" title=\"\" alt=\"\" srcset=\"https:\/\/www.schlosstirol.it\/wp-content\/uploads\/2021\/05\/Katalog_Elisabeth-Oberrauch-705x626.jpg 705w, https:\/\/www.schlosstirol.it\/wp-content\/uploads\/2021\/05\/Katalog_Elisabeth-Oberrauch-300x266.jpg 300w, https:\/\/www.schlosstirol.it\/wp-content\/uploads\/2021\/05\/Katalog_Elisabeth-Oberrauch.jpg 710w\" sizes=\"(max-width: 705px) 100vw, 705px\" \/><\/div><\/div><figcaption class='av-inner-masonry-content site-background'><div class='av-inner-masonry-content-pos'><div class='av-inner-masonry-content-pos-content'><div class='avia-arrow'><\/div><div class='av-masonry-entry-content entry-content'  itemprop=\"text\" >ATLAS - Elisabeth Oberrauch, Schloss Tirol\/Castel Tirolo 2021, catalogo della mostra, bilingue<\/div><\/div><\/div><\/figcaption><\/figure><\/a><!--end av-masonry entry--><a href=\"https:\/\/www.schlosstirol.it\/wp-content\/uploads\/2021\/06\/MAPS.jpg\" data-srcset=\"https:\/\/www.schlosstirol.it\/wp-content\/uploads\/2021\/06\/MAPS.jpg 552w, https:\/\/www.schlosstirol.it\/wp-content\/uploads\/2021\/06\/MAPS-263x300.jpg 263w\" data-sizes=\"(max-width: 552px) 100vw, 552px\"  aria-label=\"immagine immagine senza titolo\"  id='av-masonry-1-item-6952' data-av-masonry-item='6952' class='av-masonry-entry isotope-item post-6952 attachment type-attachment status-inherit hentry  av-masonry-item-with-image' title=\"\" alt=\"\"    itemprop=\"thumbnailUrl\" ><div class='av-inner-masonry-sizer'><\/div><figure class='av-inner-masonry main_color'><div class=\"av-masonry-outerimage-container\"><div class='av-masonry-image-container'  ><img decoding=\"async\" width=\"552\" height=\"630\" fetchpriority=\"high\" class=\"wp-image-6952 avia-img-lazy-loading-not-6952\"  src=\"https:\/\/www.schlosstirol.it\/wp-content\/uploads\/2021\/06\/MAPS.jpg\" title=\"\" alt=\"\" srcset=\"https:\/\/www.schlosstirol.it\/wp-content\/uploads\/2021\/06\/MAPS.jpg 552w, https:\/\/www.schlosstirol.it\/wp-content\/uploads\/2021\/06\/MAPS-263x300.jpg 263w\" sizes=\"(max-width: 552px) 100vw, 552px\" \/><\/div><\/div><figcaption class='av-inner-masonry-content site-background'><div class='av-inner-masonry-content-pos'><div class='av-inner-masonry-content-pos-content'><div class='avia-arrow'><\/div><div class='av-masonry-entry-content entry-content'  itemprop=\"text\" >MAPS. Aus der Sammlung Museion \/ dalla Collezione Museion, Museion e Castel Tirolo (a cura di), 2021, catalogo della mostra, bilingue<\/div><\/div><\/div><\/figcaption><\/figure><\/a><!--end av-masonry entry--><a href=\"https:\/\/www.schlosstirol.it\/wp-content\/uploads\/2021\/04\/katalog_Larte-puo.jpg\" data-srcset=\"https:\/\/www.schlosstirol.it\/wp-content\/uploads\/2021\/04\/katalog_Larte-puo.jpg 489w, https:\/\/www.schlosstirol.it\/wp-content\/uploads\/2021\/04\/katalog_Larte-puo-233x300.jpg 233w\" data-sizes=\"(max-width: 489px) 100vw, 489px\"  aria-label=\"immagine immagine senza titolo\"  id='av-masonry-1-item-6670' data-av-masonry-item='6670' class='av-masonry-entry isotope-item post-6670 attachment type-attachment status-inherit hentry  av-masonry-item-with-image' title=\"\" alt=\"\"    itemprop=\"thumbnailUrl\" ><div class='av-inner-masonry-sizer'><\/div><figure class='av-inner-masonry main_color'><div class=\"av-masonry-outerimage-container\"><div class='av-masonry-image-container'  ><img decoding=\"async\" width=\"489\" height=\"630\" fetchpriority=\"high\" class=\"wp-image-6670 avia-img-lazy-loading-not-6670\"  src=\"https:\/\/www.schlosstirol.it\/wp-content\/uploads\/2021\/04\/katalog_Larte-puo.jpg\" title=\"\" alt=\"\" srcset=\"https:\/\/www.schlosstirol.it\/wp-content\/uploads\/2021\/04\/katalog_Larte-puo.jpg 489w, https:\/\/www.schlosstirol.it\/wp-content\/uploads\/2021\/04\/katalog_Larte-puo-233x300.jpg 233w\" sizes=\"(max-width: 489px) 100vw, 489px\" \/><\/div><\/div><figcaption class='av-inner-masonry-content site-background'><div class='av-inner-masonry-content-pos'><div class='av-inner-masonry-content-pos-content'><div class='avia-arrow'><\/div><div class='av-masonry-entry-content entry-content'  itemprop=\"text\" >L\u2019ARTE PU\u00d2. Excursus su atteggiamenti artistici contemporanei, Dagmar Frick-Islitzer, Marc Wellmann, Franz Moser, Leo Andergassen (a cura di), Castel Tirolo 2021, Catalogo della mostra (esaurito)<\/div><\/div><\/div><\/figcaption><\/figure><\/a><!--end av-masonry entry--><a href=\"https:\/\/www.schlosstirol.it\/wp-content\/uploads\/2021\/01\/Grossdeutschland-ruft.jpg\" data-srcset=\"https:\/\/www.schlosstirol.it\/wp-content\/uploads\/2021\/01\/Grossdeutschland-ruft.jpg 701w, https:\/\/www.schlosstirol.it\/wp-content\/uploads\/2021\/01\/Grossdeutschland-ruft-300x270.jpg 300w\" data-sizes=\"(max-width: 701px) 100vw, 701px\"  aria-label=\"immagine immagine senza titolo\"  id='av-masonry-1-item-5898' data-av-masonry-item='5898' class='av-masonry-entry isotope-item post-5898 attachment type-attachment status-inherit hentry  av-masonry-item-with-image' title=\"\" alt=\"\"    itemprop=\"thumbnailUrl\" ><div class='av-inner-masonry-sizer'><\/div><figure class='av-inner-masonry main_color'><div class=\"av-masonry-outerimage-container\"><div class='av-masonry-image-container'  ><img decoding=\"async\" width=\"701\" height=\"630\" fetchpriority=\"high\" class=\"wp-image-5898 avia-img-lazy-loading-not-5898\"  src=\"https:\/\/www.schlosstirol.it\/wp-content\/uploads\/2021\/01\/Grossdeutschland-ruft.jpg\" title=\"\" alt=\"\" srcset=\"https:\/\/www.schlosstirol.it\/wp-content\/uploads\/2021\/01\/Grossdeutschland-ruft.jpg 701w, https:\/\/www.schlosstirol.it\/wp-content\/uploads\/2021\/01\/Grossdeutschland-ruft-300x270.jpg 300w\" sizes=\"(max-width: 701px) 100vw, 701px\" \/><\/div><\/div><figcaption class='av-inner-masonry-content site-background'><div class='av-inner-masonry-content-pos'><div class='av-inner-masonry-content-pos-content'><div class='avia-arrow'><\/div><div class='av-masonry-entry-content entry-content'  itemprop=\"text\" >\u201eGROSSDEUTSCHLAND RUFT!\u201c - \u201cLA GRANDE GERMANIA CHIAMA!\u201d - S\u00fcdtiroler NS-Optionspropaganda und v\u00f6lkische Sozialisation - La propaganda nazionalsocialista sulle Opzioni in Alto Adige e la socializzazione v\u00f6lkisch, Hannes Obermair (a cura di), 2a edizione ampliata, Schloss Tirol\/Castel Tirolo 2021, Catalogo della mostra, bilingue<\/div><\/div><\/div><\/figcaption><\/figure><\/a><!--end av-masonry entry--><a href=\"https:\/\/www.schlosstirol.it\/wp-content\/uploads\/2018\/01\/katalog_Grossdeutschland-ruft.jpg\" data-srcset=\"https:\/\/www.schlosstirol.it\/wp-content\/uploads\/2018\/01\/katalog_Grossdeutschland-ruft.jpg 901w, https:\/\/www.schlosstirol.it\/wp-content\/uploads\/2018\/01\/katalog_Grossdeutschland-ruft-300x266.jpg 300w, https:\/\/www.schlosstirol.it\/wp-content\/uploads\/2018\/01\/katalog_Grossdeutschland-ruft-768x682.jpg 768w, https:\/\/www.schlosstirol.it\/wp-content\/uploads\/2018\/01\/katalog_Grossdeutschland-ruft-705x626.jpg 705w\" data-sizes=\"(max-width: 901px) 100vw, 901px\"  aria-label=\"immagine immagine senza titolo\"  id='av-masonry-1-item-5570' data-av-masonry-item='5570' class='av-masonry-entry isotope-item post-5570 attachment type-attachment status-inherit hentry  av-masonry-item-with-image' title=\"\" alt=\"\"    itemprop=\"thumbnailUrl\" ><div class='av-inner-masonry-sizer'><\/div><figure class='av-inner-masonry main_color'><div class=\"av-masonry-outerimage-container\"><div class='av-masonry-image-container'  ><img decoding=\"async\" width=\"705\" height=\"626\" fetchpriority=\"high\" class=\"wp-image-5570 avia-img-lazy-loading-not-5570\"  src=\"https:\/\/www.schlosstirol.it\/wp-content\/uploads\/2018\/01\/katalog_Grossdeutschland-ruft-705x626.jpg\" title=\"\" alt=\"\" srcset=\"https:\/\/www.schlosstirol.it\/wp-content\/uploads\/2018\/01\/katalog_Grossdeutschland-ruft-705x626.jpg 705w, https:\/\/www.schlosstirol.it\/wp-content\/uploads\/2018\/01\/katalog_Grossdeutschland-ruft-300x266.jpg 300w, https:\/\/www.schlosstirol.it\/wp-content\/uploads\/2018\/01\/katalog_Grossdeutschland-ruft-768x682.jpg 768w, https:\/\/www.schlosstirol.it\/wp-content\/uploads\/2018\/01\/katalog_Grossdeutschland-ruft.jpg 901w\" sizes=\"(max-width: 705px) 100vw, 705px\" \/><\/div><\/div><figcaption class='av-inner-masonry-content site-background'><div class='av-inner-masonry-content-pos'><div class='av-inner-masonry-content-pos-content'><div class='avia-arrow'><\/div><div class='av-masonry-entry-content entry-content'  itemprop=\"text\" >\u201eGROSSDEUTSCHLAND RUFT!\u201c - \u201cLA GRANDE GERMANIA CHIAMA!\u201d - S\u00fcdtiroler NS-Optionspropaganda und v\u00f6lkische Sozialisation - La propaganda nazionalsocialista sulle Opzioni in Alto Adige e la socializzazione v\u00f6lkisch, Hannes Obermair (a cura di), Schloss Tirol\/Castel Tirolo 2020, Catalogo della mostra, bilingue (esaurito)<\/div><\/div><\/div><\/figcaption><\/figure><\/a><!--end av-masonry entry--><a href=\"https:\/\/www.schlosstirol.it\/wp-content\/uploads\/2018\/01\/schloss-tirol_katalog_Die-Passeirer-Malerschule.jpg\" data-srcset=\"https:\/\/www.schlosstirol.it\/wp-content\/uploads\/2018\/01\/schloss-tirol_katalog_Die-Passeirer-Malerschule.jpg 706w, https:\/\/www.schlosstirol.it\/wp-content\/uploads\/2018\/01\/schloss-tirol_katalog_Die-Passeirer-Malerschule-265x300.jpg 265w, https:\/\/www.schlosstirol.it\/wp-content\/uploads\/2018\/01\/schloss-tirol_katalog_Die-Passeirer-Malerschule-622x705.jpg 622w\" data-sizes=\"(max-width: 706px) 100vw, 706px\"  aria-label=\"immagine immagine senza titolo\"  id='av-masonry-1-item-5010' data-av-masonry-item='5010' class='av-masonry-entry isotope-item post-5010 attachment type-attachment status-inherit hentry  av-masonry-item-with-image' title=\"\" alt=\"\"    itemprop=\"thumbnailUrl\" ><div class='av-inner-masonry-sizer'><\/div><figure class='av-inner-masonry main_color'><div class=\"av-masonry-outerimage-container\"><div class='av-masonry-image-container'  ><img decoding=\"async\" width=\"622\" height=\"705\" fetchpriority=\"high\" class=\"wp-image-5010 avia-img-lazy-loading-not-5010\"  src=\"https:\/\/www.schlosstirol.it\/wp-content\/uploads\/2018\/01\/schloss-tirol_katalog_Die-Passeirer-Malerschule-622x705.jpg\" title=\"\" alt=\"\" srcset=\"https:\/\/www.schlosstirol.it\/wp-content\/uploads\/2018\/01\/schloss-tirol_katalog_Die-Passeirer-Malerschule-622x705.jpg 622w, https:\/\/www.schlosstirol.it\/wp-content\/uploads\/2018\/01\/schloss-tirol_katalog_Die-Passeirer-Malerschule-265x300.jpg 265w, https:\/\/www.schlosstirol.it\/wp-content\/uploads\/2018\/01\/schloss-tirol_katalog_Die-Passeirer-Malerschule.jpg 706w\" sizes=\"(max-width: 622px) 100vw, 622px\" \/><\/div><\/div><figcaption class='av-inner-masonry-content site-background'><div class='av-inner-masonry-content-pos'><div class='av-inner-masonry-content-pos-content'><div class='avia-arrow'><\/div><div class='av-masonry-entry-content entry-content'  itemprop=\"text\" >DIE PASSEIRER MALERSCHULE \u2013 LA SCUOLA PITTORICA DELLA VAL PASSIRIA - Zwischen Augsburg und Venedig - Tra Augusta e Venezia, Hanns-Paul Ties\/Leo Andergassen (a cura di), Schloss Tirol\/Castel Tirolo 2020, Catalogo della mostra, bilingue<\/div><\/div><\/div><\/figcaption><\/figure><\/a><!--end av-masonry entry--><a href=\"https:\/\/www.schlosstirol.it\/wp-content\/uploads\/2019\/08\/schloss-tirol_katalog_Maximilianus_IT.jpg\" data-srcset=\"https:\/\/www.schlosstirol.it\/wp-content\/uploads\/2019\/08\/schloss-tirol_katalog_Maximilianus_IT.jpg 556w, https:\/\/www.schlosstirol.it\/wp-content\/uploads\/2019\/08\/schloss-tirol_katalog_Maximilianus_IT-265x300.jpg 265w, https:\/\/www.schlosstirol.it\/wp-content\/uploads\/2019\/08\/schloss-tirol_katalog_Maximilianus_IT-450x510.jpg 450w\" data-sizes=\"(max-width: 556px) 100vw, 556px\"  aria-label=\"immagine immagine senza titolo\"  id='av-masonry-1-item-4229' data-av-masonry-item='4229' class='av-masonry-entry isotope-item post-4229 attachment type-attachment status-inherit hentry  av-masonry-item-with-image' title=\"\" alt=\"\"    itemprop=\"thumbnailUrl\" ><div class='av-inner-masonry-sizer'><\/div><figure class='av-inner-masonry main_color'><div class=\"av-masonry-outerimage-container\"><div class='av-masonry-image-container'  ><img decoding=\"async\" width=\"556\" height=\"630\" fetchpriority=\"high\" class=\"wp-image-4229 avia-img-lazy-loading-not-4229\"  src=\"https:\/\/www.schlosstirol.it\/wp-content\/uploads\/2019\/08\/schloss-tirol_katalog_Maximilianus_IT.jpg\" title=\"\" alt=\"\" srcset=\"https:\/\/www.schlosstirol.it\/wp-content\/uploads\/2019\/08\/schloss-tirol_katalog_Maximilianus_IT.jpg 556w, https:\/\/www.schlosstirol.it\/wp-content\/uploads\/2019\/08\/schloss-tirol_katalog_Maximilianus_IT-265x300.jpg 265w, https:\/\/www.schlosstirol.it\/wp-content\/uploads\/2019\/08\/schloss-tirol_katalog_Maximilianus_IT-450x510.jpg 450w\" sizes=\"(max-width: 556px) 100vw, 556px\" \/><\/div><\/div><figcaption class='av-inner-masonry-content site-background'><div class='av-inner-masonry-content-pos'><div class='av-inner-masonry-content-pos-content'><div class='avia-arrow'><\/div><div class='av-masonry-entry-content entry-content'  itemprop=\"text\" >MAXIMILIANUS - L'arte dell'imperatore, Lukas Madersbacher ed Erwin Pokorny (a cura di), Castel Tirolo 2019, Catalogo della mostra <\/div><\/div><\/div><\/figcaption><\/figure><\/a><!--end av-masonry entry--><a href=\"https:\/\/www.schlosstirol.it\/wp-content\/uploads\/2019\/04\/schloss-tirol_katalog_Mythen-der-Diktaturen.jpg\" data-srcset=\"https:\/\/www.schlosstirol.it\/wp-content\/uploads\/2019\/04\/schloss-tirol_katalog_Mythen-der-Diktaturen.jpg 529w, https:\/\/www.schlosstirol.it\/wp-content\/uploads\/2019\/04\/schloss-tirol_katalog_Mythen-der-Diktaturen-252x300.jpg 252w, https:\/\/www.schlosstirol.it\/wp-content\/uploads\/2019\/04\/schloss-tirol_katalog_Mythen-der-Diktaturen-450x536.jpg 450w\" data-sizes=\"(max-width: 529px) 100vw, 529px\"  aria-label=\"immagine immagine senza titolo\"  id='av-masonry-1-item-3791' data-av-masonry-item='3791' class='av-masonry-entry isotope-item post-3791 attachment type-attachment status-inherit hentry  av-masonry-item-with-image' title=\"\" alt=\"\"    itemprop=\"thumbnailUrl\" ><div class='av-inner-masonry-sizer'><\/div><figure class='av-inner-masonry main_color'><div class=\"av-masonry-outerimage-container\"><div class='av-masonry-image-container'  ><img decoding=\"async\" width=\"529\" height=\"630\" fetchpriority=\"high\" class=\"wp-image-3791 avia-img-lazy-loading-not-3791\"  src=\"https:\/\/www.schlosstirol.it\/wp-content\/uploads\/2019\/04\/schloss-tirol_katalog_Mythen-der-Diktaturen.jpg\" title=\"\" alt=\"\" srcset=\"https:\/\/www.schlosstirol.it\/wp-content\/uploads\/2019\/04\/schloss-tirol_katalog_Mythen-der-Diktaturen.jpg 529w, https:\/\/www.schlosstirol.it\/wp-content\/uploads\/2019\/04\/schloss-tirol_katalog_Mythen-der-Diktaturen-252x300.jpg 252w, https:\/\/www.schlosstirol.it\/wp-content\/uploads\/2019\/04\/schloss-tirol_katalog_Mythen-der-Diktaturen-450x536.jpg 450w\" sizes=\"(max-width: 529px) 100vw, 529px\" \/><\/div><\/div><figcaption class='av-inner-masonry-content site-background'><div class='av-inner-masonry-content-pos'><div class='av-inner-masonry-content-pos-content'><div class='avia-arrow'><\/div><div class='av-masonry-entry-content entry-content'  itemprop=\"text\" >MYTHEN DER DIKTATUREN - MITI DELLE DITTATURE - Kunst in Faschismus und Nationalsozialismus - Arte nel fascismo e nazionalsocialismo, Carl Kraus, Hannes Obermair (a cura di), Schloss Tirol\/Castel Tirolo 2019, Catalogo della mostra, bilingue (esaurito)<\/div><\/div><\/div><\/figcaption><\/figure><\/a><!--end av-masonry entry--><a href=\"https:\/\/www.schlosstirol.it\/wp-content\/uploads\/2019\/04\/schloss-tirol_katalog_Optionskoffer.jpg\" data-srcset=\"https:\/\/www.schlosstirol.it\/wp-content\/uploads\/2019\/04\/schloss-tirol_katalog_Optionskoffer.jpg 707w, https:\/\/www.schlosstirol.it\/wp-content\/uploads\/2019\/04\/schloss-tirol_katalog_Optionskoffer-300x267.jpg 300w, https:\/\/www.schlosstirol.it\/wp-content\/uploads\/2019\/04\/schloss-tirol_katalog_Optionskoffer-705x628.jpg 705w, https:\/\/www.schlosstirol.it\/wp-content\/uploads\/2019\/04\/schloss-tirol_katalog_Optionskoffer-450x401.jpg 450w\" data-sizes=\"(max-width: 707px) 100vw, 707px\"  aria-label=\"immagine immagine senza titolo\"  id='av-masonry-1-item-3801' data-av-masonry-item='3801' class='av-masonry-entry isotope-item post-3801 attachment type-attachment status-inherit hentry  av-masonry-item-with-image' title=\"\" alt=\"\"    itemprop=\"thumbnailUrl\" ><div class='av-inner-masonry-sizer'><\/div><figure class='av-inner-masonry main_color'><div class=\"av-masonry-outerimage-container\"><div class='av-masonry-image-container'  ><img decoding=\"async\" width=\"705\" height=\"628\" fetchpriority=\"high\" class=\"wp-image-3801 avia-img-lazy-loading-not-3801\"  src=\"https:\/\/www.schlosstirol.it\/wp-content\/uploads\/2019\/04\/schloss-tirol_katalog_Optionskoffer-705x628.jpg\" title=\"\" alt=\"\" srcset=\"https:\/\/www.schlosstirol.it\/wp-content\/uploads\/2019\/04\/schloss-tirol_katalog_Optionskoffer-705x628.jpg 705w, https:\/\/www.schlosstirol.it\/wp-content\/uploads\/2019\/04\/schloss-tirol_katalog_Optionskoffer-300x267.jpg 300w, https:\/\/www.schlosstirol.it\/wp-content\/uploads\/2019\/04\/schloss-tirol_katalog_Optionskoffer.jpg 707w, https:\/\/www.schlosstirol.it\/wp-content\/uploads\/2019\/04\/schloss-tirol_katalog_Optionskoffer-450x401.jpg 450w\" sizes=\"(max-width: 705px) 100vw, 705px\" \/><\/div><\/div><figcaption class='av-inner-masonry-content site-background'><div class='av-inner-masonry-content-pos'><div class='av-inner-masonry-content-pos-content'><div class='avia-arrow'><\/div><div class='av-masonry-entry-content entry-content'  itemprop=\"text\" >OPTIONSKOFFER \u2013 LA VALIGIA DELLE OPZIONI - Die Geschichte der Familie Brugnoli\/Bruggnaller - La storia della famiglia Brugnoli\/Bruggnaller, Schloss Tirol\/Castel Tirolo 2019, Catalogo della mostra, bilingue<\/div><\/div><\/div><\/figcaption><\/figure><\/a><!--end av-masonry entry--><a href=\"https:\/\/www.schlosstirol.it\/wp-content\/uploads\/2018\/01\/schloss-tirol_publikation-Eccehomo_Katalog.jpg\" data-srcset=\"https:\/\/www.schlosstirol.it\/wp-content\/uploads\/2018\/01\/schloss-tirol_publikation-Eccehomo_Katalog.jpg 718w, https:\/\/www.schlosstirol.it\/wp-content\/uploads\/2018\/01\/schloss-tirol_publikation-Eccehomo_Katalog-269x300.jpg 269w, https:\/\/www.schlosstirol.it\/wp-content\/uploads\/2018\/01\/schloss-tirol_publikation-Eccehomo_Katalog-633x705.jpg 633w, https:\/\/www.schlosstirol.it\/wp-content\/uploads\/2018\/01\/schloss-tirol_publikation-Eccehomo_Katalog-450x501.jpg 450w\" data-sizes=\"(max-width: 718px) 100vw, 718px\"  aria-label=\"immagine immagine senza titolo\"  id='av-masonry-1-item-2277' data-av-masonry-item='2277' class='av-masonry-entry isotope-item post-2277 attachment type-attachment status-inherit hentry  av-masonry-item-with-image' title=\"\" alt=\"\"    itemprop=\"thumbnailUrl\" ><div class='av-inner-masonry-sizer'><\/div><figure class='av-inner-masonry main_color'><div class=\"av-masonry-outerimage-container\"><div class='av-masonry-image-container'  ><img decoding=\"async\" width=\"633\" height=\"705\" fetchpriority=\"high\" class=\"wp-image-2277 avia-img-lazy-loading-not-2277\"  src=\"https:\/\/www.schlosstirol.it\/wp-content\/uploads\/2018\/01\/schloss-tirol_publikation-Eccehomo_Katalog-633x705.jpg\" title=\"\" alt=\"\" srcset=\"https:\/\/www.schlosstirol.it\/wp-content\/uploads\/2018\/01\/schloss-tirol_publikation-Eccehomo_Katalog-633x705.jpg 633w, https:\/\/www.schlosstirol.it\/wp-content\/uploads\/2018\/01\/schloss-tirol_publikation-Eccehomo_Katalog-269x300.jpg 269w, https:\/\/www.schlosstirol.it\/wp-content\/uploads\/2018\/01\/schloss-tirol_publikation-Eccehomo_Katalog-450x501.jpg 450w, https:\/\/www.schlosstirol.it\/wp-content\/uploads\/2018\/01\/schloss-tirol_publikation-Eccehomo_Katalog.jpg 718w\" sizes=\"(max-width: 633px) 100vw, 633px\" \/><\/div><\/div><figcaption class='av-inner-masonry-content site-background'><div class='av-inner-masonry-content-pos'><div class='av-inner-masonry-content-pos-content'><div class='avia-arrow'><\/div><div class='av-masonry-entry-content entry-content'  itemprop=\"text\" >ECCEHOMO - Brigitte Niedermair, Schloss Tirol\/Castel Tirolo 2018, Catalogo della mostra, bilingue<\/div><\/div><\/div><\/figcaption><\/figure><\/a><!--end av-masonry entry--><a href=\"https:\/\/www.schlosstirol.it\/wp-content\/uploads\/2018\/01\/schloss-tirol_publikation-peter-senoner.jpg\" data-srcset=\"https:\/\/www.schlosstirol.it\/wp-content\/uploads\/2018\/01\/schloss-tirol_publikation-peter-senoner.jpg 623w, https:\/\/www.schlosstirol.it\/wp-content\/uploads\/2018\/01\/schloss-tirol_publikation-peter-senoner-234x300.jpg 234w, https:\/\/www.schlosstirol.it\/wp-content\/uploads\/2018\/01\/schloss-tirol_publikation-peter-senoner-549x705.jpg 549w, https:\/\/www.schlosstirol.it\/wp-content\/uploads\/2018\/01\/schloss-tirol_publikation-peter-senoner-450x578.jpg 450w\" data-sizes=\"(max-width: 623px) 100vw, 623px\"  aria-label=\"immagine immagine senza titolo\"  id='av-masonry-1-item-2911' data-av-masonry-item='2911' class='av-masonry-entry isotope-item post-2911 attachment type-attachment status-inherit hentry  av-masonry-item-with-image' title=\"\" alt=\"\"    itemprop=\"thumbnailUrl\" ><div class='av-inner-masonry-sizer'><\/div><figure class='av-inner-masonry main_color'><div class=\"av-masonry-outerimage-container\"><div class='av-masonry-image-container'  ><img decoding=\"async\" width=\"549\" height=\"705\" fetchpriority=\"high\" class=\"wp-image-2911 avia-img-lazy-loading-not-2911\"  src=\"https:\/\/www.schlosstirol.it\/wp-content\/uploads\/2018\/01\/schloss-tirol_publikation-peter-senoner-549x705.jpg\" title=\"\" alt=\"\" srcset=\"https:\/\/www.schlosstirol.it\/wp-content\/uploads\/2018\/01\/schloss-tirol_publikation-peter-senoner-549x705.jpg 549w, https:\/\/www.schlosstirol.it\/wp-content\/uploads\/2018\/01\/schloss-tirol_publikation-peter-senoner-234x300.jpg 234w, https:\/\/www.schlosstirol.it\/wp-content\/uploads\/2018\/01\/schloss-tirol_publikation-peter-senoner-450x578.jpg 450w, https:\/\/www.schlosstirol.it\/wp-content\/uploads\/2018\/01\/schloss-tirol_publikation-peter-senoner.jpg 623w\" sizes=\"(max-width: 549px) 100vw, 549px\" \/><\/div><\/div><figcaption class='av-inner-masonry-content site-background'><div class='av-inner-masonry-content-pos'><div class='av-inner-masonry-content-pos-content'><div class='avia-arrow'><\/div><div class='av-masonry-entry-content entry-content'  itemprop=\"text\" >BOTANICALIRIOUS - Peter Senoner, Schloss Tirol\/Castel Tirolo, 2018, Catalogo della mostra, bilingue<\/div><\/div><\/div><\/figcaption><\/figure><\/a><!--end av-masonry entry--><a href=\"https:\/\/www.schlosstirol.it\/wp-content\/uploads\/2018\/01\/schloss-tirol_publikation-it-Fridericus-IT.jpg\" data-srcset=\"https:\/\/www.schlosstirol.it\/wp-content\/uploads\/2018\/01\/schloss-tirol_publikation-it-Fridericus-IT.jpg 707w, https:\/\/www.schlosstirol.it\/wp-content\/uploads\/2018\/01\/schloss-tirol_publikation-it-Fridericus-IT-265x300.jpg 265w, https:\/\/www.schlosstirol.it\/wp-content\/uploads\/2018\/01\/schloss-tirol_publikation-it-Fridericus-IT-623x705.jpg 623w, https:\/\/www.schlosstirol.it\/wp-content\/uploads\/2018\/01\/schloss-tirol_publikation-it-Fridericus-IT-450x509.jpg 450w\" data-sizes=\"(max-width: 707px) 100vw, 707px\"  aria-label=\"immagine immagine senza titolo\"  id='av-masonry-1-item-2780' data-av-masonry-item='2780' class='av-masonry-entry isotope-item post-2780 attachment type-attachment status-inherit hentry  av-masonry-item-with-image' title=\"\" alt=\"\"    itemprop=\"thumbnailUrl\" ><div class='av-inner-masonry-sizer'><\/div><figure class='av-inner-masonry main_color'><div class=\"av-masonry-outerimage-container\"><div class='av-masonry-image-container'  ><img decoding=\"async\" width=\"623\" height=\"705\" fetchpriority=\"high\" class=\"wp-image-2780 avia-img-lazy-loading-not-2780\"  src=\"https:\/\/www.schlosstirol.it\/wp-content\/uploads\/2018\/01\/schloss-tirol_publikation-it-Fridericus-IT-623x705.jpg\" title=\"\" alt=\"\" srcset=\"https:\/\/www.schlosstirol.it\/wp-content\/uploads\/2018\/01\/schloss-tirol_publikation-it-Fridericus-IT-623x705.jpg 623w, https:\/\/www.schlosstirol.it\/wp-content\/uploads\/2018\/01\/schloss-tirol_publikation-it-Fridericus-IT-265x300.jpg 265w, https:\/\/www.schlosstirol.it\/wp-content\/uploads\/2018\/01\/schloss-tirol_publikation-it-Fridericus-IT-450x509.jpg 450w, https:\/\/www.schlosstirol.it\/wp-content\/uploads\/2018\/01\/schloss-tirol_publikation-it-Fridericus-IT.jpg 707w\" sizes=\"(max-width: 623px) 100vw, 623px\" \/><\/div><\/div><figcaption class='av-inner-masonry-content site-background'><div class='av-inner-masonry-content-pos'><div class='av-inner-masonry-content-pos-content'><div class='avia-arrow'><\/div><div class='av-masonry-entry-content entry-content'  itemprop=\"text\" >FRIDERICUS DUX AUSTRIAE - Il duca Tascavuota, Andergassen Leo (a cura di), Catalogo della mostra, Athesia Druck 2018<\/div><\/div><\/div><\/figcaption><\/figure><\/a><!--end av-masonry entry--><a href=\"https:\/\/www.schlosstirol.it\/wp-content\/uploads\/2018\/01\/schloss-tirol_publikation-Nikodem_Katalog.jpg\" data-srcset=\"https:\/\/www.schlosstirol.it\/wp-content\/uploads\/2018\/01\/schloss-tirol_publikation-Nikodem_Katalog.jpg 707w, https:\/\/www.schlosstirol.it\/wp-content\/uploads\/2018\/01\/schloss-tirol_publikation-Nikodem_Katalog-265x300.jpg 265w, https:\/\/www.schlosstirol.it\/wp-content\/uploads\/2018\/01\/schloss-tirol_publikation-Nikodem_Katalog-623x705.jpg 623w, https:\/\/www.schlosstirol.it\/wp-content\/uploads\/2018\/01\/schloss-tirol_publikation-Nikodem_Katalog-450x509.jpg 450w\" data-sizes=\"(max-width: 707px) 100vw, 707px\"  aria-label=\"immagine immagine senza titolo\"  id='av-masonry-1-item-2280' data-av-masonry-item='2280' class='av-masonry-entry isotope-item post-2280 attachment type-attachment status-inherit hentry  av-masonry-item-with-image' title=\"\" alt=\"\"    itemprop=\"thumbnailUrl\" ><div class='av-inner-masonry-sizer'><\/div><figure class='av-inner-masonry main_color'><div class=\"av-masonry-outerimage-container\"><div class='av-masonry-image-container'  ><img decoding=\"async\" width=\"623\" height=\"705\" fetchpriority=\"high\" class=\"wp-image-2280 avia-img-lazy-loading-not-2280\"  src=\"https:\/\/www.schlosstirol.it\/wp-content\/uploads\/2018\/01\/schloss-tirol_publikation-Nikodem_Katalog-623x705.jpg\" title=\"\" alt=\"\" srcset=\"https:\/\/www.schlosstirol.it\/wp-content\/uploads\/2018\/01\/schloss-tirol_publikation-Nikodem_Katalog-623x705.jpg 623w, https:\/\/www.schlosstirol.it\/wp-content\/uploads\/2018\/01\/schloss-tirol_publikation-Nikodem_Katalog-265x300.jpg 265w, https:\/\/www.schlosstirol.it\/wp-content\/uploads\/2018\/01\/schloss-tirol_publikation-Nikodem_Katalog-450x509.jpg 450w, https:\/\/www.schlosstirol.it\/wp-content\/uploads\/2018\/01\/schloss-tirol_publikation-Nikodem_Katalog.jpg 707w\" sizes=\"(max-width: 623px) 100vw, 623px\" \/><\/div><\/div><figcaption class='av-inner-masonry-content site-background'><div class='av-inner-masonry-content-pos'><div class='av-inner-masonry-content-pos-content'><div class='avia-arrow'><\/div><div class='av-masonry-entry-content entry-content'  itemprop=\"text\" >ARTUR NIKODEM - Zwischen Stadt und Land - Tra citt\u00e0 e periferia, Testi: G\u00fcnther Dankl e Elio Krivdi\u0107, Schloss Tirol\/Castel Tirolo 2018, Catalogo della mostra, bilingue<\/div><\/div><\/div><\/figcaption><\/figure><\/a><!--end av-masonry entry--><a href=\"https:\/\/www.schlosstirol.it\/wp-content\/uploads\/2018\/01\/schloss-tirol_publikation-it-Lutero.jpg\" data-srcset=\"https:\/\/www.schlosstirol.it\/wp-content\/uploads\/2018\/01\/schloss-tirol_publikation-it-Lutero.jpg 685w, https:\/\/www.schlosstirol.it\/wp-content\/uploads\/2018\/01\/schloss-tirol_publikation-it-Lutero-257x300.jpg 257w, https:\/\/www.schlosstirol.it\/wp-content\/uploads\/2018\/01\/schloss-tirol_publikation-it-Lutero-604x705.jpg 604w, https:\/\/www.schlosstirol.it\/wp-content\/uploads\/2018\/01\/schloss-tirol_publikation-it-Lutero-450x526.jpg 450w\" data-sizes=\"(max-width: 685px) 100vw, 685px\"  aria-label=\"immagine immagine senza titolo\"  id='av-masonry-1-item-2825' data-av-masonry-item='2825' class='av-masonry-entry isotope-item post-2825 attachment type-attachment status-inherit hentry  av-masonry-item-with-image' title=\"\" alt=\"\"    itemprop=\"thumbnailUrl\" ><div class='av-inner-masonry-sizer'><\/div><figure class='av-inner-masonry main_color'><div class=\"av-masonry-outerimage-container\"><div class='av-masonry-image-container'  ><img decoding=\"async\" width=\"604\" height=\"705\" fetchpriority=\"high\" class=\"wp-image-2825 avia-img-lazy-loading-not-2825\"  src=\"https:\/\/www.schlosstirol.it\/wp-content\/uploads\/2018\/01\/schloss-tirol_publikation-it-Lutero-604x705.jpg\" title=\"\" alt=\"\" srcset=\"https:\/\/www.schlosstirol.it\/wp-content\/uploads\/2018\/01\/schloss-tirol_publikation-it-Lutero-604x705.jpg 604w, https:\/\/www.schlosstirol.it\/wp-content\/uploads\/2018\/01\/schloss-tirol_publikation-it-Lutero-257x300.jpg 257w, https:\/\/www.schlosstirol.it\/wp-content\/uploads\/2018\/01\/schloss-tirol_publikation-it-Lutero-450x526.jpg 450w, https:\/\/www.schlosstirol.it\/wp-content\/uploads\/2018\/01\/schloss-tirol_publikation-it-Lutero.jpg 685w\" sizes=\"(max-width: 604px) 100vw, 604px\" \/><\/div><\/div><figcaption class='av-inner-masonry-content site-background'><div class='av-inner-masonry-content-pos'><div class='av-inner-masonry-content-pos-content'><div class='avia-arrow'><\/div><div class='av-masonry-entry-content entry-content'  itemprop=\"text\" >LUTERO E IL TIROLO - Religione tra Riforma, emarginazione e accettazione, Andergassen Leo (a cura di), Castel Tirolo 2017, Catalogo della mostra<\/div><\/div><\/div><\/figcaption><\/figure><\/a><!--end av-masonry entry--><a href=\"https:\/\/www.schlosstirol.it\/wp-content\/uploads\/2018\/01\/schloss-tirol_publikation-it-Cardo-zweisprachig.jpg\" data-srcset=\"https:\/\/www.schlosstirol.it\/wp-content\/uploads\/2018\/01\/schloss-tirol_publikation-it-Cardo-zweisprachig.jpg 647w, https:\/\/www.schlosstirol.it\/wp-content\/uploads\/2018\/01\/schloss-tirol_publikation-it-Cardo-zweisprachig-243x300.jpg 243w, https:\/\/www.schlosstirol.it\/wp-content\/uploads\/2018\/01\/schloss-tirol_publikation-it-Cardo-zweisprachig-570x705.jpg 570w, https:\/\/www.schlosstirol.it\/wp-content\/uploads\/2018\/01\/schloss-tirol_publikation-it-Cardo-zweisprachig-450x556.jpg 450w\" data-sizes=\"(max-width: 647px) 100vw, 647px\"  aria-label=\"immagine immagine senza titolo\"  id='av-masonry-1-item-2744' data-av-masonry-item='2744' class='av-masonry-entry isotope-item post-2744 attachment type-attachment status-inherit hentry  av-masonry-item-with-image' title=\"\" alt=\"\"    itemprop=\"thumbnailUrl\" ><div class='av-inner-masonry-sizer'><\/div><figure class='av-inner-masonry main_color'><div class=\"av-masonry-outerimage-container\"><div class='av-masonry-image-container'  ><img decoding=\"async\" width=\"570\" height=\"705\" fetchpriority=\"high\" class=\"wp-image-2744 avia-img-lazy-loading-not-2744\"  src=\"https:\/\/www.schlosstirol.it\/wp-content\/uploads\/2018\/01\/schloss-tirol_publikation-it-Cardo-zweisprachig-570x705.jpg\" title=\"\" alt=\"\" srcset=\"https:\/\/www.schlosstirol.it\/wp-content\/uploads\/2018\/01\/schloss-tirol_publikation-it-Cardo-zweisprachig-570x705.jpg 570w, https:\/\/www.schlosstirol.it\/wp-content\/uploads\/2018\/01\/schloss-tirol_publikation-it-Cardo-zweisprachig-243x300.jpg 243w, https:\/\/www.schlosstirol.it\/wp-content\/uploads\/2018\/01\/schloss-tirol_publikation-it-Cardo-zweisprachig-450x556.jpg 450w, https:\/\/www.schlosstirol.it\/wp-content\/uploads\/2018\/01\/schloss-tirol_publikation-it-Cardo-zweisprachig.jpg 647w\" sizes=\"(max-width: 570px) 100vw, 570px\" \/><\/div><\/div><figcaption class='av-inner-masonry-content site-background'><div class='av-inner-masonry-content-pos'><div class='av-inner-masonry-content-pos-content'><div class='avia-arrow'><\/div><div class='av-masonry-entry-content entry-content'  itemprop=\"text\" >CAR[D]O - Lois Anvidalfarei, Roberta Dapunt, Gotthard Bonell - Schloss Tirol\/Castel Tirolo 2017, Catalogo della mostra, bilingue (esaurito)<\/div><\/div><\/div><\/figcaption><\/figure><\/a><!--end av-masonry entry--><a href=\"https:\/\/www.schlosstirol.it\/wp-content\/uploads\/2018\/01\/schloss-tirol_publikation-it-Michael-Hoellrigl-zweisprachig.jpg\" data-srcset=\"https:\/\/www.schlosstirol.it\/wp-content\/uploads\/2018\/01\/schloss-tirol_publikation-it-Michael-Hoellrigl-zweisprachig.jpg 863w, https:\/\/www.schlosstirol.it\/wp-content\/uploads\/2018\/01\/schloss-tirol_publikation-it-Michael-Hoellrigl-zweisprachig-300x278.jpg 300w, https:\/\/www.schlosstirol.it\/wp-content\/uploads\/2018\/01\/schloss-tirol_publikation-it-Michael-Hoellrigl-zweisprachig-768x712.jpg 768w, https:\/\/www.schlosstirol.it\/wp-content\/uploads\/2018\/01\/schloss-tirol_publikation-it-Michael-Hoellrigl-zweisprachig-705x654.jpg 705w, https:\/\/www.schlosstirol.it\/wp-content\/uploads\/2018\/01\/schloss-tirol_publikation-it-Michael-Hoellrigl-zweisprachig-450x417.jpg 450w\" data-sizes=\"(max-width: 863px) 100vw, 863px\"  aria-label=\"immagine immagine senza titolo\"  id='av-masonry-1-item-2840' data-av-masonry-item='2840' class='av-masonry-entry isotope-item post-2840 attachment type-attachment status-inherit hentry  av-masonry-item-with-image' title=\"\" alt=\"\"    itemprop=\"thumbnailUrl\" ><div class='av-inner-masonry-sizer'><\/div><figure class='av-inner-masonry main_color'><div class=\"av-masonry-outerimage-container\"><div class='av-masonry-image-container'  ><img decoding=\"async\" width=\"705\" height=\"654\" fetchpriority=\"high\" class=\"wp-image-2840 avia-img-lazy-loading-not-2840\"  src=\"https:\/\/www.schlosstirol.it\/wp-content\/uploads\/2018\/01\/schloss-tirol_publikation-it-Michael-Hoellrigl-zweisprachig-705x654.jpg\" title=\"\" alt=\"\" srcset=\"https:\/\/www.schlosstirol.it\/wp-content\/uploads\/2018\/01\/schloss-tirol_publikation-it-Michael-Hoellrigl-zweisprachig-705x654.jpg 705w, https:\/\/www.schlosstirol.it\/wp-content\/uploads\/2018\/01\/schloss-tirol_publikation-it-Michael-Hoellrigl-zweisprachig-300x278.jpg 300w, https:\/\/www.schlosstirol.it\/wp-content\/uploads\/2018\/01\/schloss-tirol_publikation-it-Michael-Hoellrigl-zweisprachig-768x712.jpg 768w, https:\/\/www.schlosstirol.it\/wp-content\/uploads\/2018\/01\/schloss-tirol_publikation-it-Michael-Hoellrigl-zweisprachig-450x417.jpg 450w, https:\/\/www.schlosstirol.it\/wp-content\/uploads\/2018\/01\/schloss-tirol_publikation-it-Michael-Hoellrigl-zweisprachig.jpg 863w\" sizes=\"(max-width: 705px) 100vw, 705px\" \/><\/div><\/div><figcaption class='av-inner-masonry-content site-background'><div class='av-inner-masonry-content-pos'><div class='av-inner-masonry-content-pos-content'><div class='avia-arrow'><\/div><div class='av-masonry-entry-content entry-content'  itemprop=\"text\" >MICHAEL H\u00d6LLRIGL - Bildhauer, Zeichner, Radierer - Scultore, disegnatore, incisore - Schwazer Heinrich, Andergassen Leo, Schloss Tirol\/Castel Tirolo 2016, Catalogo della mostra, bilingue<\/div><\/div><\/div><\/figcaption><\/figure><\/a><!--end av-masonry entry--><a href=\"https:\/\/www.schlosstirol.it\/wp-content\/uploads\/2018\/01\/schloss-tirol_publikation-it-Muri-in-vista.jpg\" data-srcset=\"https:\/\/www.schlosstirol.it\/wp-content\/uploads\/2018\/01\/schloss-tirol_publikation-it-Muri-in-vista.jpg 560w, https:\/\/www.schlosstirol.it\/wp-content\/uploads\/2018\/01\/schloss-tirol_publikation-it-Muri-in-vista-210x300.jpg 210w, https:\/\/www.schlosstirol.it\/wp-content\/uploads\/2018\/01\/schloss-tirol_publikation-it-Muri-in-vista-494x705.jpg 494w, https:\/\/www.schlosstirol.it\/wp-content\/uploads\/2018\/01\/schloss-tirol_publikation-it-Muri-in-vista-450x643.jpg 450w\" data-sizes=\"(max-width: 560px) 100vw, 560px\"  aria-label=\"immagine immagine senza titolo\"  id='av-masonry-1-item-2846' data-av-masonry-item='2846' class='av-masonry-entry isotope-item post-2846 attachment type-attachment status-inherit hentry  av-masonry-item-with-image' title=\"\" alt=\"\"    itemprop=\"thumbnailUrl\" ><div class='av-inner-masonry-sizer'><\/div><figure class='av-inner-masonry main_color'><div class=\"av-masonry-outerimage-container\"><div class='av-masonry-image-container'  ><img decoding=\"async\" width=\"494\" height=\"705\" fetchpriority=\"high\" class=\"wp-image-2846 avia-img-lazy-loading-not-2846\"  src=\"https:\/\/www.schlosstirol.it\/wp-content\/uploads\/2018\/01\/schloss-tirol_publikation-it-Muri-in-vista-494x705.jpg\" title=\"\" alt=\"\" srcset=\"https:\/\/www.schlosstirol.it\/wp-content\/uploads\/2018\/01\/schloss-tirol_publikation-it-Muri-in-vista-494x705.jpg 494w, https:\/\/www.schlosstirol.it\/wp-content\/uploads\/2018\/01\/schloss-tirol_publikation-it-Muri-in-vista-210x300.jpg 210w, https:\/\/www.schlosstirol.it\/wp-content\/uploads\/2018\/01\/schloss-tirol_publikation-it-Muri-in-vista-450x643.jpg 450w, https:\/\/www.schlosstirol.it\/wp-content\/uploads\/2018\/01\/schloss-tirol_publikation-it-Muri-in-vista.jpg 560w\" sizes=\"(max-width: 494px) 100vw, 494px\" \/><\/div><\/div><figcaption class='av-inner-masonry-content site-background'><div class='av-inner-masonry-content-pos'><div class='av-inner-masonry-content-pos-content'><div class='avia-arrow'><\/div><div class='av-masonry-entry-content entry-content'  itemprop=\"text\" >MURI IN VISTA - Monumento e maniero Castel Tirolo, Terzer Christian, Andergassen Leo, Goll J\u00fcrg et al., Castel Tirolo 2016, Catalogo della mostra<\/div><\/div><\/div><\/figcaption><\/figure><\/a><!--end av-masonry entry--><a href=\"https:\/\/www.schlosstirol.it\/wp-content\/uploads\/2018\/01\/schloss-tirol_publikation-it-Fine-del-bel-mondo.jpg\" data-srcset=\"https:\/\/www.schlosstirol.it\/wp-content\/uploads\/2018\/01\/schloss-tirol_publikation-it-Fine-del-bel-mondo.jpg 696w, https:\/\/www.schlosstirol.it\/wp-content\/uploads\/2018\/01\/schloss-tirol_publikation-it-Fine-del-bel-mondo-261x300.jpg 261w, https:\/\/www.schlosstirol.it\/wp-content\/uploads\/2018\/01\/schloss-tirol_publikation-it-Fine-del-bel-mondo-613x705.jpg 613w, https:\/\/www.schlosstirol.it\/wp-content\/uploads\/2018\/01\/schloss-tirol_publikation-it-Fine-del-bel-mondo-450x517.jpg 450w\" data-sizes=\"(max-width: 696px) 100vw, 696px\"  aria-label=\"immagine immagine senza titolo\"  id='av-masonry-1-item-2777' data-av-masonry-item='2777' class='av-masonry-entry isotope-item post-2777 attachment type-attachment status-inherit hentry  av-masonry-item-with-image' title=\"\" alt=\"\"    itemprop=\"thumbnailUrl\" ><div class='av-inner-masonry-sizer'><\/div><figure class='av-inner-masonry main_color'><div class=\"av-masonry-outerimage-container\"><div class='av-masonry-image-container'  ><img decoding=\"async\" width=\"613\" height=\"705\" fetchpriority=\"high\" class=\"wp-image-2777 avia-img-lazy-loading-not-2777\"  src=\"https:\/\/www.schlosstirol.it\/wp-content\/uploads\/2018\/01\/schloss-tirol_publikation-it-Fine-del-bel-mondo-613x705.jpg\" title=\"\" alt=\"\" srcset=\"https:\/\/www.schlosstirol.it\/wp-content\/uploads\/2018\/01\/schloss-tirol_publikation-it-Fine-del-bel-mondo-613x705.jpg 613w, https:\/\/www.schlosstirol.it\/wp-content\/uploads\/2018\/01\/schloss-tirol_publikation-it-Fine-del-bel-mondo-261x300.jpg 261w, https:\/\/www.schlosstirol.it\/wp-content\/uploads\/2018\/01\/schloss-tirol_publikation-it-Fine-del-bel-mondo-450x517.jpg 450w, https:\/\/www.schlosstirol.it\/wp-content\/uploads\/2018\/01\/schloss-tirol_publikation-it-Fine-del-bel-mondo.jpg 696w\" sizes=\"(max-width: 613px) 100vw, 613px\" \/><\/div><\/div><figcaption class='av-inner-masonry-content site-background'><div class='av-inner-masonry-content-pos'><div class='av-inner-masonry-content-pos-content'><div class='avia-arrow'><\/div><div class='av-masonry-entry-content entry-content'  itemprop=\"text\" >LA FINE DEL BEL MONDO - La stampa paesaggistica in Tirolo prima del '900, Andergassen Leo (a cura di) et al., Castel Tirolo 2016, Catalogo della mostra<\/div><\/div><\/div><\/figcaption><\/figure><\/a><!--end av-masonry entry--><a href=\"https:\/\/www.schlosstirol.it\/wp-content\/uploads\/2018\/01\/schloss-tirol_publikation-it-Il-sogno-della-vita.jpg\" data-srcset=\"https:\/\/www.schlosstirol.it\/wp-content\/uploads\/2018\/01\/schloss-tirol_publikation-it-Il-sogno-della-vita.jpg 656w, https:\/\/www.schlosstirol.it\/wp-content\/uploads\/2018\/01\/schloss-tirol_publikation-it-Il-sogno-della-vita-246x300.jpg 246w, https:\/\/www.schlosstirol.it\/wp-content\/uploads\/2018\/01\/schloss-tirol_publikation-it-Il-sogno-della-vita-578x705.jpg 578w, https:\/\/www.schlosstirol.it\/wp-content\/uploads\/2018\/01\/schloss-tirol_publikation-it-Il-sogno-della-vita-450x549.jpg 450w\" data-sizes=\"(max-width: 656px) 100vw, 656px\"  aria-label=\"immagine immagine senza titolo\"  id='av-masonry-1-item-2801' data-av-masonry-item='2801' class='av-masonry-entry isotope-item post-2801 attachment type-attachment status-inherit hentry  av-masonry-item-with-image' title=\"\" alt=\"\"    itemprop=\"thumbnailUrl\" ><div class='av-inner-masonry-sizer'><\/div><figure class='av-inner-masonry main_color'><div class=\"av-masonry-outerimage-container\"><div class='av-masonry-image-container'  ><img decoding=\"async\" width=\"578\" height=\"705\" fetchpriority=\"high\" class=\"wp-image-2801 avia-img-lazy-loading-not-2801\"  src=\"https:\/\/www.schlosstirol.it\/wp-content\/uploads\/2018\/01\/schloss-tirol_publikation-it-Il-sogno-della-vita-578x705.jpg\" title=\"\" alt=\"\" srcset=\"https:\/\/www.schlosstirol.it\/wp-content\/uploads\/2018\/01\/schloss-tirol_publikation-it-Il-sogno-della-vita-578x705.jpg 578w, https:\/\/www.schlosstirol.it\/wp-content\/uploads\/2018\/01\/schloss-tirol_publikation-it-Il-sogno-della-vita-246x300.jpg 246w, https:\/\/www.schlosstirol.it\/wp-content\/uploads\/2018\/01\/schloss-tirol_publikation-it-Il-sogno-della-vita-450x549.jpg 450w, https:\/\/www.schlosstirol.it\/wp-content\/uploads\/2018\/01\/schloss-tirol_publikation-it-Il-sogno-della-vita.jpg 656w\" sizes=\"(max-width: 578px) 100vw, 578px\" \/><\/div><\/div><figcaption class='av-inner-masonry-content site-background'><div class='av-inner-masonry-content-pos'><div class='av-inner-masonry-content-pos-content'><div class='avia-arrow'><\/div><div class='av-masonry-entry-content entry-content'  itemprop=\"text\" >IL SOGNO DELLA VITA CHE VERR\u00c0 - La ritrattistica infantile dal 1500 a oggi, Castel Tirolo 2015, Catalogo della mostra (esaurito)<\/div><\/div><\/div><\/figcaption><\/figure><\/a><!--end av-masonry entry--><a href=\"https:\/\/www.schlosstirol.it\/wp-content\/uploads\/2018\/01\/schloss-tirol_publikation-it-Bauforschung-6-zweisprachig.jpg\" data-srcset=\"https:\/\/www.schlosstirol.it\/wp-content\/uploads\/2018\/01\/schloss-tirol_publikation-it-Bauforschung-6-zweisprachig.jpg 555w, https:\/\/www.schlosstirol.it\/wp-content\/uploads\/2018\/01\/schloss-tirol_publikation-it-Bauforschung-6-zweisprachig-208x300.jpg 208w, https:\/\/www.schlosstirol.it\/wp-content\/uploads\/2018\/01\/schloss-tirol_publikation-it-Bauforschung-6-zweisprachig-490x705.jpg 490w, https:\/\/www.schlosstirol.it\/wp-content\/uploads\/2018\/01\/schloss-tirol_publikation-it-Bauforschung-6-zweisprachig-450x648.jpg 450w\" data-sizes=\"(max-width: 555px) 100vw, 555px\"  aria-label=\"immagine immagine senza titolo\"  id='av-masonry-1-item-2735' data-av-masonry-item='2735' class='av-masonry-entry isotope-item post-2735 attachment type-attachment status-inherit hentry  av-masonry-item-with-image' title=\"\" alt=\"\"    itemprop=\"thumbnailUrl\" ><div class='av-inner-masonry-sizer'><\/div><figure class='av-inner-masonry main_color'><div class=\"av-masonry-outerimage-container\"><div class='av-masonry-image-container'  ><img decoding=\"async\" width=\"490\" height=\"705\" fetchpriority=\"high\" class=\"wp-image-2735 avia-img-lazy-loading-not-2735\"  src=\"https:\/\/www.schlosstirol.it\/wp-content\/uploads\/2018\/01\/schloss-tirol_publikation-it-Bauforschung-6-zweisprachig-490x705.jpg\" title=\"\" alt=\"\" srcset=\"https:\/\/www.schlosstirol.it\/wp-content\/uploads\/2018\/01\/schloss-tirol_publikation-it-Bauforschung-6-zweisprachig-490x705.jpg 490w, https:\/\/www.schlosstirol.it\/wp-content\/uploads\/2018\/01\/schloss-tirol_publikation-it-Bauforschung-6-zweisprachig-208x300.jpg 208w, https:\/\/www.schlosstirol.it\/wp-content\/uploads\/2018\/01\/schloss-tirol_publikation-it-Bauforschung-6-zweisprachig-450x648.jpg 450w, https:\/\/www.schlosstirol.it\/wp-content\/uploads\/2018\/01\/schloss-tirol_publikation-it-Bauforschung-6-zweisprachig.jpg 555w\" sizes=\"(max-width: 490px) 100vw, 490px\" \/><\/div><\/div><figcaption class='av-inner-masonry-content site-background'><div class='av-inner-masonry-content-pos'><div class='av-inner-masonry-content-pos-content'><div class='avia-arrow'><\/div><div class='av-masonry-entry-content entry-content'  itemprop=\"text\" >GER\u00dcSTL\u00d6CHER ALS TRESORE F\u00dcR ARCH\u00c4OLOGISCHE TEXTILIEN - Bauforschung - Heft 6 - FORI PONTAI COME CASSEFORTI PER TESSUTI ARCHEOLOGICI - Studi di storia edilizia - Quaderno 6, Schloss Tirol\/Castel Tirolo 2015, bilingue<\/div><\/div><\/div><\/figcaption><\/figure><\/a><!--end av-masonry entry--><a href=\"https:\/\/www.schlosstirol.it\/wp-content\/uploads\/2018\/01\/schloss-tirol_publikation-it-Robert-Sterl-zweisprachig.jpg\" data-srcset=\"https:\/\/www.schlosstirol.it\/wp-content\/uploads\/2018\/01\/schloss-tirol_publikation-it-Robert-Sterl-zweisprachig.jpg 794w, https:\/\/www.schlosstirol.it\/wp-content\/uploads\/2018\/01\/schloss-tirol_publikation-it-Robert-Sterl-zweisprachig-80x80.jpg 80w, https:\/\/www.schlosstirol.it\/wp-content\/uploads\/2018\/01\/schloss-tirol_publikation-it-Robert-Sterl-zweisprachig-298x300.jpg 298w, https:\/\/www.schlosstirol.it\/wp-content\/uploads\/2018\/01\/schloss-tirol_publikation-it-Robert-Sterl-zweisprachig-768x774.jpg 768w, https:\/\/www.schlosstirol.it\/wp-content\/uploads\/2018\/01\/schloss-tirol_publikation-it-Robert-Sterl-zweisprachig-36x36.jpg 36w, https:\/\/www.schlosstirol.it\/wp-content\/uploads\/2018\/01\/schloss-tirol_publikation-it-Robert-Sterl-zweisprachig-180x180.jpg 180w, https:\/\/www.schlosstirol.it\/wp-content\/uploads\/2018\/01\/schloss-tirol_publikation-it-Robert-Sterl-zweisprachig-700x705.jpg 700w, https:\/\/www.schlosstirol.it\/wp-content\/uploads\/2018\/01\/schloss-tirol_publikation-it-Robert-Sterl-zweisprachig-120x120.jpg 120w, https:\/\/www.schlosstirol.it\/wp-content\/uploads\/2018\/01\/schloss-tirol_publikation-it-Robert-Sterl-zweisprachig-450x453.jpg 450w\" data-sizes=\"(max-width: 794px) 100vw, 794px\"  aria-label=\"immagine immagine senza titolo\"  id='av-masonry-1-item-2858' data-av-masonry-item='2858' class='av-masonry-entry isotope-item post-2858 attachment type-attachment status-inherit hentry  av-masonry-item-with-image' title=\"\" alt=\"\"    itemprop=\"thumbnailUrl\" ><div class='av-inner-masonry-sizer'><\/div><figure class='av-inner-masonry main_color'><div class=\"av-masonry-outerimage-container\"><div class='av-masonry-image-container'  ><img decoding=\"async\" width=\"700\" height=\"705\" fetchpriority=\"high\" class=\"wp-image-2858 avia-img-lazy-loading-not-2858\"  src=\"https:\/\/www.schlosstirol.it\/wp-content\/uploads\/2018\/01\/schloss-tirol_publikation-it-Robert-Sterl-zweisprachig-700x705.jpg\" title=\"\" alt=\"\" srcset=\"https:\/\/www.schlosstirol.it\/wp-content\/uploads\/2018\/01\/schloss-tirol_publikation-it-Robert-Sterl-zweisprachig-700x705.jpg 700w, https:\/\/www.schlosstirol.it\/wp-content\/uploads\/2018\/01\/schloss-tirol_publikation-it-Robert-Sterl-zweisprachig-80x80.jpg 80w, https:\/\/www.schlosstirol.it\/wp-content\/uploads\/2018\/01\/schloss-tirol_publikation-it-Robert-Sterl-zweisprachig-298x300.jpg 298w, https:\/\/www.schlosstirol.it\/wp-content\/uploads\/2018\/01\/schloss-tirol_publikation-it-Robert-Sterl-zweisprachig-768x774.jpg 768w, https:\/\/www.schlosstirol.it\/wp-content\/uploads\/2018\/01\/schloss-tirol_publikation-it-Robert-Sterl-zweisprachig-36x36.jpg 36w, https:\/\/www.schlosstirol.it\/wp-content\/uploads\/2018\/01\/schloss-tirol_publikation-it-Robert-Sterl-zweisprachig-180x180.jpg 180w, https:\/\/www.schlosstirol.it\/wp-content\/uploads\/2018\/01\/schloss-tirol_publikation-it-Robert-Sterl-zweisprachig-120x120.jpg 120w, https:\/\/www.schlosstirol.it\/wp-content\/uploads\/2018\/01\/schloss-tirol_publikation-it-Robert-Sterl-zweisprachig-450x453.jpg 450w, https:\/\/www.schlosstirol.it\/wp-content\/uploads\/2018\/01\/schloss-tirol_publikation-it-Robert-Sterl-zweisprachig.jpg 794w\" sizes=\"(max-width: 700px) 100vw, 700px\" \/><\/div><\/div><figcaption class='av-inner-masonry-content site-background'><div class='av-inner-masonry-content-pos'><div class='av-inner-masonry-content-pos-content'><div class='avia-arrow'><\/div><div class='av-masonry-entry-content entry-content'  itemprop=\"text\" >MALKISTE AM PULVERFASS - COLORI E POLVERE DA SPARO - Robert Sterl malt in S\u00fcdtirol den Ersten Weltkrieg - Robert Sterl dipinge la Grande Guerra in Sudtirolo, Schloss Tirol\/Castel Tirolo 2015, Catalogo della mostra, bilingue (esaurito)<\/div><\/div><\/div><\/figcaption><\/figure><\/a><!--end av-masonry entry--><a href=\"https:\/\/www.schlosstirol.it\/wp-content\/uploads\/2018\/01\/schloss-tirol_publikation-it-Robert-Musil-zweisprachig.jpg\" data-srcset=\"https:\/\/www.schlosstirol.it\/wp-content\/uploads\/2018\/01\/schloss-tirol_publikation-it-Robert-Musil-zweisprachig.jpg 801w, https:\/\/www.schlosstirol.it\/wp-content\/uploads\/2018\/01\/schloss-tirol_publikation-it-Robert-Musil-zweisprachig-80x80.jpg 80w, https:\/\/www.schlosstirol.it\/wp-content\/uploads\/2018\/01\/schloss-tirol_publikation-it-Robert-Musil-zweisprachig-300x300.jpg 300w, https:\/\/www.schlosstirol.it\/wp-content\/uploads\/2018\/01\/schloss-tirol_publikation-it-Robert-Musil-zweisprachig-768x767.jpg 768w, https:\/\/www.schlosstirol.it\/wp-content\/uploads\/2018\/01\/schloss-tirol_publikation-it-Robert-Musil-zweisprachig-36x36.jpg 36w, https:\/\/www.schlosstirol.it\/wp-content\/uploads\/2018\/01\/schloss-tirol_publikation-it-Robert-Musil-zweisprachig-180x180.jpg 180w, https:\/\/www.schlosstirol.it\/wp-content\/uploads\/2018\/01\/schloss-tirol_publikation-it-Robert-Musil-zweisprachig-705x705.jpg 705w, https:\/\/www.schlosstirol.it\/wp-content\/uploads\/2018\/01\/schloss-tirol_publikation-it-Robert-Musil-zweisprachig-120x120.jpg 120w, https:\/\/www.schlosstirol.it\/wp-content\/uploads\/2018\/01\/schloss-tirol_publikation-it-Robert-Musil-zweisprachig-450x449.jpg 450w\" data-sizes=\"(max-width: 801px) 100vw, 801px\"  aria-label=\"immagine immagine senza titolo\"  id='av-masonry-1-item-2855' data-av-masonry-item='2855' class='av-masonry-entry isotope-item post-2855 attachment type-attachment status-inherit hentry  av-masonry-item-with-image' title=\"\" alt=\"\"    itemprop=\"thumbnailUrl\" ><div class='av-inner-masonry-sizer'><\/div><figure class='av-inner-masonry main_color'><div class=\"av-masonry-outerimage-container\"><div class='av-masonry-image-container'  ><img decoding=\"async\" width=\"705\" height=\"705\" fetchpriority=\"high\" class=\"wp-image-2855 avia-img-lazy-loading-not-2855\"  src=\"https:\/\/www.schlosstirol.it\/wp-content\/uploads\/2018\/01\/schloss-tirol_publikation-it-Robert-Musil-zweisprachig-705x705.jpg\" title=\"\" alt=\"\" srcset=\"https:\/\/www.schlosstirol.it\/wp-content\/uploads\/2018\/01\/schloss-tirol_publikation-it-Robert-Musil-zweisprachig-705x705.jpg 705w, https:\/\/www.schlosstirol.it\/wp-content\/uploads\/2018\/01\/schloss-tirol_publikation-it-Robert-Musil-zweisprachig-80x80.jpg 80w, https:\/\/www.schlosstirol.it\/wp-content\/uploads\/2018\/01\/schloss-tirol_publikation-it-Robert-Musil-zweisprachig-300x300.jpg 300w, https:\/\/www.schlosstirol.it\/wp-content\/uploads\/2018\/01\/schloss-tirol_publikation-it-Robert-Musil-zweisprachig-768x767.jpg 768w, https:\/\/www.schlosstirol.it\/wp-content\/uploads\/2018\/01\/schloss-tirol_publikation-it-Robert-Musil-zweisprachig-36x36.jpg 36w, https:\/\/www.schlosstirol.it\/wp-content\/uploads\/2018\/01\/schloss-tirol_publikation-it-Robert-Musil-zweisprachig-180x180.jpg 180w, https:\/\/www.schlosstirol.it\/wp-content\/uploads\/2018\/01\/schloss-tirol_publikation-it-Robert-Musil-zweisprachig-120x120.jpg 120w, https:\/\/www.schlosstirol.it\/wp-content\/uploads\/2018\/01\/schloss-tirol_publikation-it-Robert-Musil-zweisprachig-450x449.jpg 450w, https:\/\/www.schlosstirol.it\/wp-content\/uploads\/2018\/01\/schloss-tirol_publikation-it-Robert-Musil-zweisprachig.jpg 801w\" sizes=\"(max-width: 705px) 100vw, 705px\" \/><\/div><\/div><figcaption class='av-inner-masonry-content site-background'><div class='av-inner-masonry-content-pos'><div class='av-inner-masonry-content-pos-content'><div class='avia-arrow'><\/div><div class='av-masonry-entry-content entry-content'  itemprop=\"text\" >DER GESANG DES TODES - IL CANTO DELLA MORTE - Robert Musil und der Erste Weltkrieg - Robert Musil e la Grande Guerra, Schloss Tirol\/Castel Tirolo 2014, Catalogo della mostra, bilingue (esaurito)<\/div><\/div><\/div><\/figcaption><\/figure><\/a><!--end av-masonry entry--><a href=\"https:\/\/www.schlosstirol.it\/wp-content\/uploads\/2018\/01\/schloss-tirol_publikation-it-Heinrich-Kuehn-ital..jpg\" data-srcset=\"https:\/\/www.schlosstirol.it\/wp-content\/uploads\/2018\/01\/schloss-tirol_publikation-it-Heinrich-Kuehn-ital..jpg 789w, https:\/\/www.schlosstirol.it\/wp-content\/uploads\/2018\/01\/schloss-tirol_publikation-it-Heinrich-Kuehn-ital.-80x80.jpg 80w, https:\/\/www.schlosstirol.it\/wp-content\/uploads\/2018\/01\/schloss-tirol_publikation-it-Heinrich-Kuehn-ital.-296x300.jpg 296w, https:\/\/www.schlosstirol.it\/wp-content\/uploads\/2018\/01\/schloss-tirol_publikation-it-Heinrich-Kuehn-ital.-768x779.jpg 768w, https:\/\/www.schlosstirol.it\/wp-content\/uploads\/2018\/01\/schloss-tirol_publikation-it-Heinrich-Kuehn-ital.-36x36.jpg 36w, https:\/\/www.schlosstirol.it\/wp-content\/uploads\/2018\/01\/schloss-tirol_publikation-it-Heinrich-Kuehn-ital.-695x705.jpg 695w, https:\/\/www.schlosstirol.it\/wp-content\/uploads\/2018\/01\/schloss-tirol_publikation-it-Heinrich-Kuehn-ital.-450x456.jpg 450w\" data-sizes=\"(max-width: 789px) 100vw, 789px\"  aria-label=\"immagine immagine senza titolo\"  id='av-masonry-1-item-2789' data-av-masonry-item='2789' class='av-masonry-entry isotope-item post-2789 attachment type-attachment status-inherit hentry  av-masonry-item-with-image' title=\"\" alt=\"\"    itemprop=\"thumbnailUrl\" ><div class='av-inner-masonry-sizer'><\/div><figure class='av-inner-masonry main_color'><div class=\"av-masonry-outerimage-container\"><div class='av-masonry-image-container'  ><img decoding=\"async\" width=\"695\" height=\"705\" fetchpriority=\"high\" class=\"wp-image-2789 avia-img-lazy-loading-not-2789\"  src=\"https:\/\/www.schlosstirol.it\/wp-content\/uploads\/2018\/01\/schloss-tirol_publikation-it-Heinrich-Kuehn-ital.-695x705.jpg\" title=\"\" alt=\"\" srcset=\"https:\/\/www.schlosstirol.it\/wp-content\/uploads\/2018\/01\/schloss-tirol_publikation-it-Heinrich-Kuehn-ital.-695x705.jpg 695w, https:\/\/www.schlosstirol.it\/wp-content\/uploads\/2018\/01\/schloss-tirol_publikation-it-Heinrich-Kuehn-ital.-80x80.jpg 80w, https:\/\/www.schlosstirol.it\/wp-content\/uploads\/2018\/01\/schloss-tirol_publikation-it-Heinrich-Kuehn-ital.-296x300.jpg 296w, https:\/\/www.schlosstirol.it\/wp-content\/uploads\/2018\/01\/schloss-tirol_publikation-it-Heinrich-Kuehn-ital.-768x779.jpg 768w, https:\/\/www.schlosstirol.it\/wp-content\/uploads\/2018\/01\/schloss-tirol_publikation-it-Heinrich-Kuehn-ital.-36x36.jpg 36w, https:\/\/www.schlosstirol.it\/wp-content\/uploads\/2018\/01\/schloss-tirol_publikation-it-Heinrich-Kuehn-ital.-450x456.jpg 450w, https:\/\/www.schlosstirol.it\/wp-content\/uploads\/2018\/01\/schloss-tirol_publikation-it-Heinrich-Kuehn-ital..jpg 789w\" sizes=\"(max-width: 695px) 100vw, 695px\" \/><\/div><\/div><figcaption class='av-inner-masonry-content site-background'><div class='av-inner-masonry-content-pos'><div class='av-inner-masonry-content-pos-content'><div class='avia-arrow'><\/div><div class='av-masonry-entry-content entry-content'  itemprop=\"text\" >IL FRAGILE PARADISO - Heinrich K\u00fchn e la prima Fotografia a colori, Castel Tirolo 2014, Catalogo della mostra (esaurito)<\/div><\/div><\/div><\/figcaption><\/figure><\/a><!--end av-masonry entry--><a href=\"https:\/\/www.schlosstirol.it\/wp-content\/uploads\/2018\/01\/schloss-tirol_publikation-it-E.-Gurk-ital..jpg\" data-srcset=\"https:\/\/www.schlosstirol.it\/wp-content\/uploads\/2018\/01\/schloss-tirol_publikation-it-E.-Gurk-ital..jpg 685w, https:\/\/www.schlosstirol.it\/wp-content\/uploads\/2018\/01\/schloss-tirol_publikation-it-E.-Gurk-ital.-257x300.jpg 257w, https:\/\/www.schlosstirol.it\/wp-content\/uploads\/2018\/01\/schloss-tirol_publikation-it-E.-Gurk-ital.-604x705.jpg 604w, https:\/\/www.schlosstirol.it\/wp-content\/uploads\/2018\/01\/schloss-tirol_publikation-it-E.-Gurk-ital.-450x526.jpg 450w\" data-sizes=\"(max-width: 685px) 100vw, 685px\"  aria-label=\"immagine immagine senza titolo\"  id='av-masonry-1-item-2765' data-av-masonry-item='2765' class='av-masonry-entry isotope-item post-2765 attachment type-attachment status-inherit hentry  av-masonry-item-with-image' title=\"\" alt=\"\"    itemprop=\"thumbnailUrl\" ><div class='av-inner-masonry-sizer'><\/div><figure class='av-inner-masonry main_color'><div class=\"av-masonry-outerimage-container\"><div class='av-masonry-image-container'  ><img decoding=\"async\" width=\"604\" height=\"705\" fetchpriority=\"high\" class=\"wp-image-2765 avia-img-lazy-loading-not-2765\"  src=\"https:\/\/www.schlosstirol.it\/wp-content\/uploads\/2018\/01\/schloss-tirol_publikation-it-E.-Gurk-ital.-604x705.jpg\" title=\"\" alt=\"\" srcset=\"https:\/\/www.schlosstirol.it\/wp-content\/uploads\/2018\/01\/schloss-tirol_publikation-it-E.-Gurk-ital.-604x705.jpg 604w, https:\/\/www.schlosstirol.it\/wp-content\/uploads\/2018\/01\/schloss-tirol_publikation-it-E.-Gurk-ital.-257x300.jpg 257w, https:\/\/www.schlosstirol.it\/wp-content\/uploads\/2018\/01\/schloss-tirol_publikation-it-E.-Gurk-ital.-450x526.jpg 450w, https:\/\/www.schlosstirol.it\/wp-content\/uploads\/2018\/01\/schloss-tirol_publikation-it-E.-Gurk-ital..jpg 685w\" sizes=\"(max-width: 604px) 100vw, 604px\" \/><\/div><\/div><figcaption class='av-inner-masonry-content site-background'><div class='av-inner-masonry-content-pos'><div class='av-inner-masonry-content-pos-content'><div class='avia-arrow'><\/div><div class='av-masonry-entry-content entry-content'  itemprop=\"text\" >EDUARD GURK - I viaggi dell'imperatore Ferdinando I a Praga, Tirolo e Milano, Athesia 2013, Catalogo della mostra<\/div><\/div><\/div><\/figcaption><\/figure><\/a><!--end av-masonry entry--><a href=\"https:\/\/www.schlosstirol.it\/wp-content\/uploads\/2018\/01\/schloss-tirol_publikation-it-Paul-Clemen-zweisprachig.jpg\" data-srcset=\"https:\/\/www.schlosstirol.it\/wp-content\/uploads\/2018\/01\/schloss-tirol_publikation-it-Paul-Clemen-zweisprachig.jpg 798w, https:\/\/www.schlosstirol.it\/wp-content\/uploads\/2018\/01\/schloss-tirol_publikation-it-Paul-Clemen-zweisprachig-80x80.jpg 80w, https:\/\/www.schlosstirol.it\/wp-content\/uploads\/2018\/01\/schloss-tirol_publikation-it-Paul-Clemen-zweisprachig-300x300.jpg 300w, https:\/\/www.schlosstirol.it\/wp-content\/uploads\/2018\/01\/schloss-tirol_publikation-it-Paul-Clemen-zweisprachig-768x770.jpg 768w, https:\/\/www.schlosstirol.it\/wp-content\/uploads\/2018\/01\/schloss-tirol_publikation-it-Paul-Clemen-zweisprachig-36x36.jpg 36w, https:\/\/www.schlosstirol.it\/wp-content\/uploads\/2018\/01\/schloss-tirol_publikation-it-Paul-Clemen-zweisprachig-180x180.jpg 180w, https:\/\/www.schlosstirol.it\/wp-content\/uploads\/2018\/01\/schloss-tirol_publikation-it-Paul-Clemen-zweisprachig-703x705.jpg 703w, https:\/\/www.schlosstirol.it\/wp-content\/uploads\/2018\/01\/schloss-tirol_publikation-it-Paul-Clemen-zweisprachig-120x120.jpg 120w, https:\/\/www.schlosstirol.it\/wp-content\/uploads\/2018\/01\/schloss-tirol_publikation-it-Paul-Clemen-zweisprachig-450x451.jpg 450w\" data-sizes=\"(max-width: 798px) 100vw, 798px\"  aria-label=\"immagine immagine senza titolo\"  id='av-masonry-1-item-2852' data-av-masonry-item='2852' class='av-masonry-entry isotope-item post-2852 attachment type-attachment status-inherit hentry  av-masonry-item-with-image' title=\"\" alt=\"\"    itemprop=\"thumbnailUrl\" ><div class='av-inner-masonry-sizer'><\/div><figure class='av-inner-masonry main_color'><div class=\"av-masonry-outerimage-container\"><div class='av-masonry-image-container'  ><img decoding=\"async\" width=\"703\" height=\"705\" fetchpriority=\"high\" class=\"wp-image-2852 avia-img-lazy-loading-not-2852\"  src=\"https:\/\/www.schlosstirol.it\/wp-content\/uploads\/2018\/01\/schloss-tirol_publikation-it-Paul-Clemen-zweisprachig-703x705.jpg\" title=\"\" alt=\"\" srcset=\"https:\/\/www.schlosstirol.it\/wp-content\/uploads\/2018\/01\/schloss-tirol_publikation-it-Paul-Clemen-zweisprachig-703x705.jpg 703w, https:\/\/www.schlosstirol.it\/wp-content\/uploads\/2018\/01\/schloss-tirol_publikation-it-Paul-Clemen-zweisprachig-80x80.jpg 80w, https:\/\/www.schlosstirol.it\/wp-content\/uploads\/2018\/01\/schloss-tirol_publikation-it-Paul-Clemen-zweisprachig-300x300.jpg 300w, https:\/\/www.schlosstirol.it\/wp-content\/uploads\/2018\/01\/schloss-tirol_publikation-it-Paul-Clemen-zweisprachig-768x770.jpg 768w, https:\/\/www.schlosstirol.it\/wp-content\/uploads\/2018\/01\/schloss-tirol_publikation-it-Paul-Clemen-zweisprachig-36x36.jpg 36w, https:\/\/www.schlosstirol.it\/wp-content\/uploads\/2018\/01\/schloss-tirol_publikation-it-Paul-Clemen-zweisprachig-180x180.jpg 180w, https:\/\/www.schlosstirol.it\/wp-content\/uploads\/2018\/01\/schloss-tirol_publikation-it-Paul-Clemen-zweisprachig-120x120.jpg 120w, https:\/\/www.schlosstirol.it\/wp-content\/uploads\/2018\/01\/schloss-tirol_publikation-it-Paul-Clemen-zweisprachig-450x451.jpg 450w, https:\/\/www.schlosstirol.it\/wp-content\/uploads\/2018\/01\/schloss-tirol_publikation-it-Paul-Clemen-zweisprachig.jpg 798w\" sizes=\"(max-width: 703px) 100vw, 703px\" \/><\/div><\/div><figcaption class='av-inner-masonry-content site-background'><div class='av-inner-masonry-content-pos'><div class='av-inner-masonry-content-pos-content'><div class='avia-arrow'><\/div><div class='av-masonry-entry-content entry-content'  itemprop=\"text\" >PAUL CLEMEN - Reiseskizzen aus Tirol 1887 - Schizzi di viaggio dal Tirolo 1887, Schloss Tirol\/Castel Tirolo 2013, Catalogo della mostra, bilingue (esaurito)<\/div><\/div><\/div><\/figcaption><\/figure><\/a><!--end av-masonry entry--><a href=\"https:\/\/www.schlosstirol.it\/wp-content\/uploads\/2018\/01\/schloss-tirol_publikation-it-Marcello-Jori.jpg\" data-srcset=\"https:\/\/www.schlosstirol.it\/wp-content\/uploads\/2018\/01\/schloss-tirol_publikation-it-Marcello-Jori.jpg 534w, https:\/\/www.schlosstirol.it\/wp-content\/uploads\/2018\/01\/schloss-tirol_publikation-it-Marcello-Jori-200x300.jpg 200w, https:\/\/www.schlosstirol.it\/wp-content\/uploads\/2018\/01\/schloss-tirol_publikation-it-Marcello-Jori-470x705.jpg 470w, https:\/\/www.schlosstirol.it\/wp-content\/uploads\/2018\/01\/schloss-tirol_publikation-it-Marcello-Jori-450x675.jpg 450w\" data-sizes=\"(max-width: 534px) 100vw, 534px\"  aria-label=\"immagine immagine senza titolo\"  id='av-masonry-1-item-2828' data-av-masonry-item='2828' class='av-masonry-entry isotope-item post-2828 attachment type-attachment status-inherit hentry  av-masonry-item-with-image' title=\"\" alt=\"\"    itemprop=\"thumbnailUrl\" ><div class='av-inner-masonry-sizer'><\/div><figure class='av-inner-masonry main_color'><div class=\"av-masonry-outerimage-container\"><div class='av-masonry-image-container'  ><img decoding=\"async\" width=\"470\" height=\"705\" fetchpriority=\"high\" class=\"wp-image-2828 avia-img-lazy-loading-not-2828\"  src=\"https:\/\/www.schlosstirol.it\/wp-content\/uploads\/2018\/01\/schloss-tirol_publikation-it-Marcello-Jori-470x705.jpg\" title=\"\" alt=\"\" srcset=\"https:\/\/www.schlosstirol.it\/wp-content\/uploads\/2018\/01\/schloss-tirol_publikation-it-Marcello-Jori-470x705.jpg 470w, https:\/\/www.schlosstirol.it\/wp-content\/uploads\/2018\/01\/schloss-tirol_publikation-it-Marcello-Jori-200x300.jpg 200w, https:\/\/www.schlosstirol.it\/wp-content\/uploads\/2018\/01\/schloss-tirol_publikation-it-Marcello-Jori-450x675.jpg 450w, https:\/\/www.schlosstirol.it\/wp-content\/uploads\/2018\/01\/schloss-tirol_publikation-it-Marcello-Jori.jpg 534w\" sizes=\"(max-width: 470px) 100vw, 470px\" \/><\/div><\/div><figcaption class='av-inner-masonry-content site-background'><div class='av-inner-masonry-content-pos'><div class='av-inner-masonry-content-pos-content'><div class='avia-arrow'><\/div><div class='av-masonry-entry-content entry-content'  itemprop=\"text\" >MARCELLO JORI - La Citt\u00e0 Meravigliosa degli Artisti Straordinari, Eccher Danilo, Skira 2013, Catalogo della mostra (esaurito)<\/div><\/div><\/div><\/figcaption><\/figure><\/a><!--end av-masonry entry--><a href=\"https:\/\/www.schlosstirol.it\/wp-content\/uploads\/2018\/01\/schloss-tirol_publikation-it-La-citta-meravigliosa.jpg\" data-srcset=\"https:\/\/www.schlosstirol.it\/wp-content\/uploads\/2018\/01\/schloss-tirol_publikation-it-La-citta-meravigliosa.jpg 525w, https:\/\/www.schlosstirol.it\/wp-content\/uploads\/2018\/01\/schloss-tirol_publikation-it-La-citta-meravigliosa-197x300.jpg 197w, https:\/\/www.schlosstirol.it\/wp-content\/uploads\/2018\/01\/schloss-tirol_publikation-it-La-citta-meravigliosa-462x705.jpg 462w, https:\/\/www.schlosstirol.it\/wp-content\/uploads\/2018\/01\/schloss-tirol_publikation-it-La-citta-meravigliosa-450x687.jpg 450w\" data-sizes=\"(max-width: 525px) 100vw, 525px\"  aria-label=\"immagine immagine senza titolo\"  id='av-masonry-1-item-2816' data-av-masonry-item='2816' class='av-masonry-entry isotope-item post-2816 attachment type-attachment status-inherit hentry  av-masonry-item-with-image' title=\"\" alt=\"\"    itemprop=\"thumbnailUrl\" ><div class='av-inner-masonry-sizer'><\/div><figure class='av-inner-masonry main_color'><div class=\"av-masonry-outerimage-container\"><div class='av-masonry-image-container'  ><img decoding=\"async\" width=\"462\" height=\"705\" fetchpriority=\"high\" class=\"wp-image-2816 avia-img-lazy-loading-not-2816\"  src=\"https:\/\/www.schlosstirol.it\/wp-content\/uploads\/2018\/01\/schloss-tirol_publikation-it-La-citta-meravigliosa-462x705.jpg\" title=\"\" alt=\"\" srcset=\"https:\/\/www.schlosstirol.it\/wp-content\/uploads\/2018\/01\/schloss-tirol_publikation-it-La-citta-meravigliosa-462x705.jpg 462w, https:\/\/www.schlosstirol.it\/wp-content\/uploads\/2018\/01\/schloss-tirol_publikation-it-La-citta-meravigliosa-197x300.jpg 197w, https:\/\/www.schlosstirol.it\/wp-content\/uploads\/2018\/01\/schloss-tirol_publikation-it-La-citta-meravigliosa-450x687.jpg 450w, https:\/\/www.schlosstirol.it\/wp-content\/uploads\/2018\/01\/schloss-tirol_publikation-it-La-citta-meravigliosa.jpg 525w\" sizes=\"(max-width: 462px) 100vw, 462px\" \/><\/div><\/div><figcaption class='av-inner-masonry-content site-background'><div class='av-inner-masonry-content-pos'><div class='av-inner-masonry-content-pos-content'><div class='avia-arrow'><\/div><div class='av-masonry-entry-content entry-content'  itemprop=\"text\" >MARCELLO JORI - La Citt\u00e0 Meravigliosa degli Artisti Straordinari, Skira 2013, Libro manoscritto (esaurito)<\/div><\/div><\/div><\/figcaption><\/figure><\/a><!--end av-masonry entry--><a href=\"https:\/\/www.schlosstirol.it\/wp-content\/uploads\/2018\/01\/schloss-tirol_publikation-it-Zachor-zweisprachig.jpg\" data-srcset=\"https:\/\/www.schlosstirol.it\/wp-content\/uploads\/2018\/01\/schloss-tirol_publikation-it-Zachor-zweisprachig.jpg 595w, https:\/\/www.schlosstirol.it\/wp-content\/uploads\/2018\/01\/schloss-tirol_publikation-it-Zachor-zweisprachig-223x300.jpg 223w, https:\/\/www.schlosstirol.it\/wp-content\/uploads\/2018\/01\/schloss-tirol_publikation-it-Zachor-zweisprachig-524x705.jpg 524w, https:\/\/www.schlosstirol.it\/wp-content\/uploads\/2018\/01\/schloss-tirol_publikation-it-Zachor-zweisprachig-450x605.jpg 450w\" data-sizes=\"(max-width: 595px) 100vw, 595px\"  aria-label=\"immagine immagine senza titolo\"  id='av-masonry-1-item-2891' data-av-masonry-item='2891' class='av-masonry-entry isotope-item post-2891 attachment type-attachment status-inherit hentry  av-masonry-item-with-image' title=\"\" alt=\"\"    itemprop=\"thumbnailUrl\" ><div class='av-inner-masonry-sizer'><\/div><figure class='av-inner-masonry main_color'><div class=\"av-masonry-outerimage-container\"><div class='av-masonry-image-container'  ><img decoding=\"async\" width=\"524\" height=\"705\" fetchpriority=\"high\" class=\"wp-image-2891 avia-img-lazy-loading-not-2891\"  src=\"https:\/\/www.schlosstirol.it\/wp-content\/uploads\/2018\/01\/schloss-tirol_publikation-it-Zachor-zweisprachig-524x705.jpg\" title=\"\" alt=\"\" srcset=\"https:\/\/www.schlosstirol.it\/wp-content\/uploads\/2018\/01\/schloss-tirol_publikation-it-Zachor-zweisprachig-524x705.jpg 524w, https:\/\/www.schlosstirol.it\/wp-content\/uploads\/2018\/01\/schloss-tirol_publikation-it-Zachor-zweisprachig-223x300.jpg 223w, https:\/\/www.schlosstirol.it\/wp-content\/uploads\/2018\/01\/schloss-tirol_publikation-it-Zachor-zweisprachig-450x605.jpg 450w, https:\/\/www.schlosstirol.it\/wp-content\/uploads\/2018\/01\/schloss-tirol_publikation-it-Zachor-zweisprachig.jpg 595w\" sizes=\"(max-width: 524px) 100vw, 524px\" \/><\/div><\/div><figcaption class='av-inner-masonry-content site-background'><div class='av-inner-masonry-content-pos'><div class='av-inner-masonry-content-pos-content'><div class='avia-arrow'><\/div><div class='av-masonry-entry-content entry-content'  itemprop=\"text\" >ZACHOR - Juden im s\u00fcdlichen Tirol im 19. und 20. Jahrhundert - Ebrei nel Tirolo meridionale fra Otto e Novecento, Schloss Tirol\/Castel Tirolo, Tappeiner 2012, Catalogo della mostra, bilingue<\/div><\/div><\/div><\/figcaption><\/figure><\/a><!--end av-masonry entry--><a href=\"https:\/\/www.schlosstirol.it\/wp-content\/uploads\/2018\/01\/schloss-tirol_publikation-it-Walter-Pichler-zweisprachig.jpg\" data-srcset=\"https:\/\/www.schlosstirol.it\/wp-content\/uploads\/2018\/01\/schloss-tirol_publikation-it-Walter-Pichler-zweisprachig.jpg 651w, https:\/\/www.schlosstirol.it\/wp-content\/uploads\/2018\/01\/schloss-tirol_publikation-it-Walter-Pichler-zweisprachig-244x300.jpg 244w, https:\/\/www.schlosstirol.it\/wp-content\/uploads\/2018\/01\/schloss-tirol_publikation-it-Walter-Pichler-zweisprachig-574x705.jpg 574w, https:\/\/www.schlosstirol.it\/wp-content\/uploads\/2018\/01\/schloss-tirol_publikation-it-Walter-Pichler-zweisprachig-450x553.jpg 450w\" data-sizes=\"(max-width: 651px) 100vw, 651px\"  aria-label=\"immagine immagine senza titolo\"  id='av-masonry-1-item-2882' data-av-masonry-item='2882' class='av-masonry-entry isotope-item post-2882 attachment type-attachment status-inherit hentry  av-masonry-item-with-image' title=\"\" alt=\"\"    itemprop=\"thumbnailUrl\" ><div class='av-inner-masonry-sizer'><\/div><figure class='av-inner-masonry main_color'><div class=\"av-masonry-outerimage-container\"><div class='av-masonry-image-container'  ><img decoding=\"async\" width=\"574\" height=\"705\" fetchpriority=\"high\" class=\"wp-image-2882 avia-img-lazy-loading-not-2882\"  src=\"https:\/\/www.schlosstirol.it\/wp-content\/uploads\/2018\/01\/schloss-tirol_publikation-it-Walter-Pichler-zweisprachig-574x705.jpg\" title=\"\" alt=\"\" srcset=\"https:\/\/www.schlosstirol.it\/wp-content\/uploads\/2018\/01\/schloss-tirol_publikation-it-Walter-Pichler-zweisprachig-574x705.jpg 574w, https:\/\/www.schlosstirol.it\/wp-content\/uploads\/2018\/01\/schloss-tirol_publikation-it-Walter-Pichler-zweisprachig-244x300.jpg 244w, https:\/\/www.schlosstirol.it\/wp-content\/uploads\/2018\/01\/schloss-tirol_publikation-it-Walter-Pichler-zweisprachig-450x553.jpg 450w, https:\/\/www.schlosstirol.it\/wp-content\/uploads\/2018\/01\/schloss-tirol_publikation-it-Walter-Pichler-zweisprachig.jpg 651w\" sizes=\"(max-width: 574px) 100vw, 574px\" \/><\/div><\/div><figcaption class='av-inner-masonry-content site-background'><div class='av-inner-masonry-content-pos'><div class='av-inner-masonry-content-pos-content'><div class='avia-arrow'><\/div><div class='av-masonry-entry-content entry-content'  itemprop=\"text\" >WALTER PICHLER - Zeichnungen: F\u00fcr meine Mutter - Disegni: per mia madre, Schloss Tirol\/Castel Tirolo, Jung und Jung Verlag, Salzburg und Wien 2010, Catalogo della mostra, bilingue (esaurito)<\/div><\/div><\/div><\/figcaption><\/figure><\/a><!--end av-masonry entry--><a href=\"https:\/\/www.schlosstirol.it\/wp-content\/uploads\/2018\/01\/schloss-tirol_publikation-it-Fuer-Freiheit-zweisprachig.jpg\" data-srcset=\"https:\/\/www.schlosstirol.it\/wp-content\/uploads\/2018\/01\/schloss-tirol_publikation-it-Fuer-Freiheit-zweisprachig.jpg 600w, https:\/\/www.schlosstirol.it\/wp-content\/uploads\/2018\/01\/schloss-tirol_publikation-it-Fuer-Freiheit-zweisprachig-225x300.jpg 225w, https:\/\/www.schlosstirol.it\/wp-content\/uploads\/2018\/01\/schloss-tirol_publikation-it-Fuer-Freiheit-zweisprachig-528x705.jpg 528w, https:\/\/www.schlosstirol.it\/wp-content\/uploads\/2018\/01\/schloss-tirol_publikation-it-Fuer-Freiheit-zweisprachig-450x601.jpg 450w\" data-sizes=\"(max-width: 600px) 100vw, 600px\"  aria-label=\"immagine immagine senza titolo\"  id='av-masonry-1-item-2783' data-av-masonry-item='2783' class='av-masonry-entry isotope-item post-2783 attachment type-attachment status-inherit hentry  av-masonry-item-with-image' title=\"\" alt=\"\"    itemprop=\"thumbnailUrl\" ><div class='av-inner-masonry-sizer'><\/div><figure class='av-inner-masonry main_color'><div class=\"av-masonry-outerimage-container\"><div class='av-masonry-image-container'  ><img decoding=\"async\" width=\"528\" height=\"705\" fetchpriority=\"high\" class=\"wp-image-2783 avia-img-lazy-loading-not-2783\"  src=\"https:\/\/www.schlosstirol.it\/wp-content\/uploads\/2018\/01\/schloss-tirol_publikation-it-Fuer-Freiheit-zweisprachig-528x705.jpg\" title=\"\" alt=\"\" srcset=\"https:\/\/www.schlosstirol.it\/wp-content\/uploads\/2018\/01\/schloss-tirol_publikation-it-Fuer-Freiheit-zweisprachig-528x705.jpg 528w, https:\/\/www.schlosstirol.it\/wp-content\/uploads\/2018\/01\/schloss-tirol_publikation-it-Fuer-Freiheit-zweisprachig-225x300.jpg 225w, https:\/\/www.schlosstirol.it\/wp-content\/uploads\/2018\/01\/schloss-tirol_publikation-it-Fuer-Freiheit-zweisprachig-450x601.jpg 450w, https:\/\/www.schlosstirol.it\/wp-content\/uploads\/2018\/01\/schloss-tirol_publikation-it-Fuer-Freiheit-zweisprachig.jpg 600w\" sizes=\"(max-width: 528px) 100vw, 528px\" \/><\/div><\/div><figcaption class='av-inner-masonry-content site-background'><div class='av-inner-masonry-content-pos'><div class='av-inner-masonry-content-pos-content'><div class='avia-arrow'><\/div><div class='av-masonry-entry-content entry-content'  itemprop=\"text\" >F\u00dcR FREIHEIT, WAHRHEIT UND RECHT! - LIBERT\u00c1, VERIT\u00c1, GIUSTIZIA! - Joseph Ennemoser & Jakob Philipp Fallmerayer - Tirol von 1809 bis 1848\/49 - Tirolo dal 1809 al 1848\/49, Schloss Tirol\/Castel Tirolo & Haymon Verlag, Innsbruck-Wien 2009, Catalogo della mostra, bilingue (esaurito)<\/div><\/div><\/div><\/figcaption><\/figure><\/a><!--end av-masonry entry--><a href=\"https:\/\/www.schlosstirol.it\/wp-content\/uploads\/2018\/01\/schloss-tirol_publikation-it-Bauforschung-5-zweisprachig.jpg\" data-srcset=\"https:\/\/www.schlosstirol.it\/wp-content\/uploads\/2018\/01\/schloss-tirol_publikation-it-Bauforschung-5-zweisprachig.jpg 558w, https:\/\/www.schlosstirol.it\/wp-content\/uploads\/2018\/01\/schloss-tirol_publikation-it-Bauforschung-5-zweisprachig-209x300.jpg 209w, https:\/\/www.schlosstirol.it\/wp-content\/uploads\/2018\/01\/schloss-tirol_publikation-it-Bauforschung-5-zweisprachig-492x705.jpg 492w, https:\/\/www.schlosstirol.it\/wp-content\/uploads\/2018\/01\/schloss-tirol_publikation-it-Bauforschung-5-zweisprachig-450x645.jpg 450w\" data-sizes=\"(max-width: 558px) 100vw, 558px\"  aria-label=\"immagine immagine senza titolo\"  id='av-masonry-1-item-2732' data-av-masonry-item='2732' class='av-masonry-entry isotope-item post-2732 attachment type-attachment status-inherit hentry  av-masonry-item-with-image' title=\"\" alt=\"\"    itemprop=\"thumbnailUrl\" ><div class='av-inner-masonry-sizer'><\/div><figure class='av-inner-masonry main_color'><div class=\"av-masonry-outerimage-container\"><div class='av-masonry-image-container'  ><img decoding=\"async\" width=\"492\" height=\"705\" fetchpriority=\"high\" class=\"wp-image-2732 avia-img-lazy-loading-not-2732\"  src=\"https:\/\/www.schlosstirol.it\/wp-content\/uploads\/2018\/01\/schloss-tirol_publikation-it-Bauforschung-5-zweisprachig-492x705.jpg\" title=\"\" alt=\"\" srcset=\"https:\/\/www.schlosstirol.it\/wp-content\/uploads\/2018\/01\/schloss-tirol_publikation-it-Bauforschung-5-zweisprachig-492x705.jpg 492w, https:\/\/www.schlosstirol.it\/wp-content\/uploads\/2018\/01\/schloss-tirol_publikation-it-Bauforschung-5-zweisprachig-209x300.jpg 209w, https:\/\/www.schlosstirol.it\/wp-content\/uploads\/2018\/01\/schloss-tirol_publikation-it-Bauforschung-5-zweisprachig-450x645.jpg 450w, https:\/\/www.schlosstirol.it\/wp-content\/uploads\/2018\/01\/schloss-tirol_publikation-it-Bauforschung-5-zweisprachig.jpg 558w\" sizes=\"(max-width: 492px) 100vw, 492px\" \/><\/div><\/div><figcaption class='av-inner-masonry-content site-background'><div class='av-inner-masonry-content-pos'><div class='av-inner-masonry-content-pos-content'><div class='avia-arrow'><\/div><div class='av-masonry-entry-content entry-content'  itemprop=\"text\" >BAUFORSCHUNG AUF SCHLOSS TIROL - Heft 5 - STUDI DI STORIA EDILIZIA A CASTEL TIROLO - Quaderno 5, Schloss Tirol\/Castel Tirolo 2008, bilingue<\/div><\/div><\/div><\/figcaption><\/figure><\/a><!--end av-masonry entry--><a href=\"https:\/\/www.schlosstirol.it\/wp-content\/uploads\/2018\/01\/schloss-tirol_publikation-it-tesori-ritrovati.jpg\" data-srcset=\"https:\/\/www.schlosstirol.it\/wp-content\/uploads\/2018\/01\/schloss-tirol_publikation-it-tesori-ritrovati.jpg 616w, https:\/\/www.schlosstirol.it\/wp-content\/uploads\/2018\/01\/schloss-tirol_publikation-it-tesori-ritrovati-231x300.jpg 231w, https:\/\/www.schlosstirol.it\/wp-content\/uploads\/2018\/01\/schloss-tirol_publikation-it-tesori-ritrovati-543x705.jpg 543w, https:\/\/www.schlosstirol.it\/wp-content\/uploads\/2018\/01\/schloss-tirol_publikation-it-tesori-ritrovati-450x584.jpg 450w\" data-sizes=\"(max-width: 616px) 100vw, 616px\"  aria-label=\"immagine immagine senza titolo\"  id='av-masonry-1-item-2867' data-av-masonry-item='2867' class='av-masonry-entry isotope-item post-2867 attachment type-attachment status-inherit hentry  av-masonry-item-with-image' title=\"\" alt=\"\"    itemprop=\"thumbnailUrl\" ><div class='av-inner-masonry-sizer'><\/div><figure class='av-inner-masonry main_color'><div class=\"av-masonry-outerimage-container\"><div class='av-masonry-image-container'  ><img decoding=\"async\" width=\"543\" height=\"705\" fetchpriority=\"high\" class=\"wp-image-2867 avia-img-lazy-loading-not-2867\"  src=\"https:\/\/www.schlosstirol.it\/wp-content\/uploads\/2018\/01\/schloss-tirol_publikation-it-tesori-ritrovati-543x705.jpg\" title=\"\" alt=\"\" srcset=\"https:\/\/www.schlosstirol.it\/wp-content\/uploads\/2018\/01\/schloss-tirol_publikation-it-tesori-ritrovati-543x705.jpg 543w, https:\/\/www.schlosstirol.it\/wp-content\/uploads\/2018\/01\/schloss-tirol_publikation-it-tesori-ritrovati-231x300.jpg 231w, https:\/\/www.schlosstirol.it\/wp-content\/uploads\/2018\/01\/schloss-tirol_publikation-it-tesori-ritrovati-450x584.jpg 450w, https:\/\/www.schlosstirol.it\/wp-content\/uploads\/2018\/01\/schloss-tirol_publikation-it-tesori-ritrovati.jpg 616w\" sizes=\"(max-width: 543px) 100vw, 543px\" \/><\/div><\/div><figcaption class='av-inner-masonry-content site-background'><div class='av-inner-masonry-content-pos'><div class='av-inner-masonry-content-pos-content'><div class='avia-arrow'><\/div><div class='av-masonry-entry-content entry-content'  itemprop=\"text\" >TESORI RITROVATI - Arte dell'Ottocento nelle raccolte del Ferdinandeum, Castel Tirolo 2008, Catalogo della mostra (esaurito)<\/div><\/div><\/div><\/figcaption><\/figure><\/a><!--end av-masonry entry--><a href=\"https:\/\/www.schlosstirol.it\/wp-content\/uploads\/2018\/01\/schloss-tirol_publikation-it-Margarete-Geschichte-eine-D.-zweisprachig.jpg\" data-srcset=\"https:\/\/www.schlosstirol.it\/wp-content\/uploads\/2018\/01\/schloss-tirol_publikation-it-Margarete-Geschichte-eine-D.-zweisprachig.jpg 698w, https:\/\/www.schlosstirol.it\/wp-content\/uploads\/2018\/01\/schloss-tirol_publikation-it-Margarete-Geschichte-eine-D.-zweisprachig-262x300.jpg 262w, https:\/\/www.schlosstirol.it\/wp-content\/uploads\/2018\/01\/schloss-tirol_publikation-it-Margarete-Geschichte-eine-D.-zweisprachig-615x705.jpg 615w, https:\/\/www.schlosstirol.it\/wp-content\/uploads\/2018\/01\/schloss-tirol_publikation-it-Margarete-Geschichte-eine-D.-zweisprachig-450x516.jpg 450w\" data-sizes=\"(max-width: 698px) 100vw, 698px\"  aria-label=\"immagine immagine senza titolo\"  id='av-masonry-1-item-2831' data-av-masonry-item='2831' class='av-masonry-entry isotope-item post-2831 attachment type-attachment status-inherit hentry  av-masonry-item-with-image' title=\"\" alt=\"\"    itemprop=\"thumbnailUrl\" ><div class='av-inner-masonry-sizer'><\/div><figure class='av-inner-masonry main_color'><div class=\"av-masonry-outerimage-container\"><div class='av-masonry-image-container'  ><img decoding=\"async\" width=\"615\" height=\"705\" fetchpriority=\"high\" class=\"wp-image-2831 avia-img-lazy-loading-not-2831\"  src=\"https:\/\/www.schlosstirol.it\/wp-content\/uploads\/2018\/01\/schloss-tirol_publikation-it-Margarete-Geschichte-eine-D.-zweisprachig-615x705.jpg\" title=\"\" alt=\"\" srcset=\"https:\/\/www.schlosstirol.it\/wp-content\/uploads\/2018\/01\/schloss-tirol_publikation-it-Margarete-Geschichte-eine-D.-zweisprachig-615x705.jpg 615w, https:\/\/www.schlosstirol.it\/wp-content\/uploads\/2018\/01\/schloss-tirol_publikation-it-Margarete-Geschichte-eine-D.-zweisprachig-262x300.jpg 262w, https:\/\/www.schlosstirol.it\/wp-content\/uploads\/2018\/01\/schloss-tirol_publikation-it-Margarete-Geschichte-eine-D.-zweisprachig-450x516.jpg 450w, https:\/\/www.schlosstirol.it\/wp-content\/uploads\/2018\/01\/schloss-tirol_publikation-it-Margarete-Geschichte-eine-D.-zweisprachig.jpg 698w\" sizes=\"(max-width: 615px) 100vw, 615px\" \/><\/div><\/div><figcaption class='av-inner-masonry-content site-background'><div class='av-inner-masonry-content-pos'><div class='av-inner-masonry-content-pos-content'><div class='avia-arrow'><\/div><div class='av-masonry-entry-content entry-content'  itemprop=\"text\" >MARGARETE MAULTASCH - Geschichte einer D\u00e4monisierung - Storia di una demonizzazione, Schloss Tirol\/Castel Tirolo 2007, Catalogo della mostra, bilingue (esaurito)<\/div><\/div><\/div><\/figcaption><\/figure><\/a><!--end av-masonry entry--><a href=\"https:\/\/www.schlosstirol.it\/wp-content\/uploads\/2018\/01\/schloss-tirol_publikation-it-Margarete-Graefin-zweisprachig.jpg\" data-srcset=\"https:\/\/www.schlosstirol.it\/wp-content\/uploads\/2018\/01\/schloss-tirol_publikation-it-Margarete-Graefin-zweisprachig.jpg 590w, https:\/\/www.schlosstirol.it\/wp-content\/uploads\/2018\/01\/schloss-tirol_publikation-it-Margarete-Graefin-zweisprachig-221x300.jpg 221w, https:\/\/www.schlosstirol.it\/wp-content\/uploads\/2018\/01\/schloss-tirol_publikation-it-Margarete-Graefin-zweisprachig-520x705.jpg 520w, https:\/\/www.schlosstirol.it\/wp-content\/uploads\/2018\/01\/schloss-tirol_publikation-it-Margarete-Graefin-zweisprachig-450x610.jpg 450w\" data-sizes=\"(max-width: 590px) 100vw, 590px\"  aria-label=\"immagine immagine senza titolo\"  id='av-masonry-1-item-2834' data-av-masonry-item='2834' class='av-masonry-entry isotope-item post-2834 attachment type-attachment status-inherit hentry  av-masonry-item-with-image' title=\"\" alt=\"\"    itemprop=\"thumbnailUrl\" ><div class='av-inner-masonry-sizer'><\/div><figure class='av-inner-masonry main_color'><div class=\"av-masonry-outerimage-container\"><div class='av-masonry-image-container'  ><img decoding=\"async\" width=\"520\" height=\"705\" fetchpriority=\"high\" class=\"wp-image-2834 avia-img-lazy-loading-not-2834\"  src=\"https:\/\/www.schlosstirol.it\/wp-content\/uploads\/2018\/01\/schloss-tirol_publikation-it-Margarete-Graefin-zweisprachig-520x705.jpg\" title=\"\" alt=\"\" srcset=\"https:\/\/www.schlosstirol.it\/wp-content\/uploads\/2018\/01\/schloss-tirol_publikation-it-Margarete-Graefin-zweisprachig-520x705.jpg 520w, https:\/\/www.schlosstirol.it\/wp-content\/uploads\/2018\/01\/schloss-tirol_publikation-it-Margarete-Graefin-zweisprachig-221x300.jpg 221w, https:\/\/www.schlosstirol.it\/wp-content\/uploads\/2018\/01\/schloss-tirol_publikation-it-Margarete-Graefin-zweisprachig-450x610.jpg 450w, https:\/\/www.schlosstirol.it\/wp-content\/uploads\/2018\/01\/schloss-tirol_publikation-it-Margarete-Graefin-zweisprachig.jpg 590w\" sizes=\"(max-width: 520px) 100vw, 520px\" \/><\/div><\/div><figcaption class='av-inner-masonry-content site-background'><div class='av-inner-masonry-content-pos'><div class='av-inner-masonry-content-pos-content'><div class='avia-arrow'><\/div><div class='av-masonry-entry-content entry-content'  itemprop=\"text\" >MARGARETE GR\u00c4FIN VON TIROL - MARGARETA CONTESSA DEL TIROLO, Schloss Tirol\/Castel Tirolo, Studien Verlag 2007, Catalogo della mostra, bilingue (esaurito)<\/div><\/div><\/div><\/figcaption><\/figure><\/a><!--end av-masonry entry--><a href=\"https:\/\/www.schlosstirol.it\/wp-content\/uploads\/2018\/01\/schloss-tirol_publikation-it-Trifter-Floesser-zweisprachig.jpg\" data-srcset=\"https:\/\/www.schlosstirol.it\/wp-content\/uploads\/2018\/01\/schloss-tirol_publikation-it-Trifter-Floesser-zweisprachig.jpg 851w, https:\/\/www.schlosstirol.it\/wp-content\/uploads\/2018\/01\/schloss-tirol_publikation-it-Trifter-Floesser-zweisprachig-300x282.jpg 300w, https:\/\/www.schlosstirol.it\/wp-content\/uploads\/2018\/01\/schloss-tirol_publikation-it-Trifter-Floesser-zweisprachig-768x722.jpg 768w, https:\/\/www.schlosstirol.it\/wp-content\/uploads\/2018\/01\/schloss-tirol_publikation-it-Trifter-Floesser-zweisprachig-705x663.jpg 705w, https:\/\/www.schlosstirol.it\/wp-content\/uploads\/2018\/01\/schloss-tirol_publikation-it-Trifter-Floesser-zweisprachig-450x423.jpg 450w\" data-sizes=\"(max-width: 851px) 100vw, 851px\"  aria-label=\"immagine immagine senza titolo\"  id='av-masonry-1-item-2873' data-av-masonry-item='2873' class='av-masonry-entry isotope-item post-2873 attachment type-attachment status-inherit hentry  av-masonry-item-with-image' title=\"\" alt=\"\"    itemprop=\"thumbnailUrl\" ><div class='av-inner-masonry-sizer'><\/div><figure class='av-inner-masonry main_color'><div class=\"av-masonry-outerimage-container\"><div class='av-masonry-image-container'  ><img decoding=\"async\" width=\"705\" height=\"663\" fetchpriority=\"high\" class=\"wp-image-2873 avia-img-lazy-loading-not-2873\"  src=\"https:\/\/www.schlosstirol.it\/wp-content\/uploads\/2018\/01\/schloss-tirol_publikation-it-Trifter-Floesser-zweisprachig-705x663.jpg\" title=\"\" alt=\"\" srcset=\"https:\/\/www.schlosstirol.it\/wp-content\/uploads\/2018\/01\/schloss-tirol_publikation-it-Trifter-Floesser-zweisprachig-705x663.jpg 705w, https:\/\/www.schlosstirol.it\/wp-content\/uploads\/2018\/01\/schloss-tirol_publikation-it-Trifter-Floesser-zweisprachig-300x282.jpg 300w, https:\/\/www.schlosstirol.it\/wp-content\/uploads\/2018\/01\/schloss-tirol_publikation-it-Trifter-Floesser-zweisprachig-768x722.jpg 768w, https:\/\/www.schlosstirol.it\/wp-content\/uploads\/2018\/01\/schloss-tirol_publikation-it-Trifter-Floesser-zweisprachig-450x423.jpg 450w, https:\/\/www.schlosstirol.it\/wp-content\/uploads\/2018\/01\/schloss-tirol_publikation-it-Trifter-Floesser-zweisprachig.jpg 851w\" sizes=\"(max-width: 705px) 100vw, 705px\" \/><\/div><\/div><figcaption class='av-inner-masonry-content site-background'><div class='av-inner-masonry-content-pos'><div class='av-inner-masonry-content-pos-content'><div class='avia-arrow'><\/div><div class='av-masonry-entry-content entry-content'  itemprop=\"text\" >TRIFTER, FL\u00d6SSER, SCHIFFSLAIT - MENAD\u00c1S, ZATTIERI, BARCARI, Schloss Tirol\/Castel Tirolo 2007, Catalogo della mostra, bilingue (esaurito)<\/div><\/div><\/div><\/figcaption><\/figure><\/a><!--end av-masonry entry--><a href=\"https:\/\/www.schlosstirol.it\/wp-content\/uploads\/2018\/01\/schloss-tirol_publikation-it-Bauforschung-4-zweisprachig.jpg\" data-srcset=\"https:\/\/www.schlosstirol.it\/wp-content\/uploads\/2018\/01\/schloss-tirol_publikation-it-Bauforschung-4-zweisprachig.jpg 552w, https:\/\/www.schlosstirol.it\/wp-content\/uploads\/2018\/01\/schloss-tirol_publikation-it-Bauforschung-4-zweisprachig-207x300.jpg 207w, https:\/\/www.schlosstirol.it\/wp-content\/uploads\/2018\/01\/schloss-tirol_publikation-it-Bauforschung-4-zweisprachig-486x705.jpg 486w, https:\/\/www.schlosstirol.it\/wp-content\/uploads\/2018\/01\/schloss-tirol_publikation-it-Bauforschung-4-zweisprachig-450x652.jpg 450w\" data-sizes=\"(max-width: 552px) 100vw, 552px\"  aria-label=\"immagine immagine senza titolo\"  id='av-masonry-1-item-2729' data-av-masonry-item='2729' class='av-masonry-entry isotope-item post-2729 attachment type-attachment status-inherit hentry  av-masonry-item-with-image' title=\"\" alt=\"\"    itemprop=\"thumbnailUrl\" ><div class='av-inner-masonry-sizer'><\/div><figure class='av-inner-masonry main_color'><div class=\"av-masonry-outerimage-container\"><div class='av-masonry-image-container'  ><img decoding=\"async\" width=\"486\" height=\"705\" fetchpriority=\"high\" class=\"wp-image-2729 avia-img-lazy-loading-not-2729\"  src=\"https:\/\/www.schlosstirol.it\/wp-content\/uploads\/2018\/01\/schloss-tirol_publikation-it-Bauforschung-4-zweisprachig-486x705.jpg\" title=\"\" alt=\"\" srcset=\"https:\/\/www.schlosstirol.it\/wp-content\/uploads\/2018\/01\/schloss-tirol_publikation-it-Bauforschung-4-zweisprachig-486x705.jpg 486w, https:\/\/www.schlosstirol.it\/wp-content\/uploads\/2018\/01\/schloss-tirol_publikation-it-Bauforschung-4-zweisprachig-207x300.jpg 207w, https:\/\/www.schlosstirol.it\/wp-content\/uploads\/2018\/01\/schloss-tirol_publikation-it-Bauforschung-4-zweisprachig-450x652.jpg 450w, https:\/\/www.schlosstirol.it\/wp-content\/uploads\/2018\/01\/schloss-tirol_publikation-it-Bauforschung-4-zweisprachig.jpg 552w\" sizes=\"(max-width: 486px) 100vw, 486px\" \/><\/div><\/div><figcaption class='av-inner-masonry-content site-background'><div class='av-inner-masonry-content-pos'><div class='av-inner-masonry-content-pos-content'><div class='avia-arrow'><\/div><div class='av-masonry-entry-content entry-content'  itemprop=\"text\" >BAUFORSCHUNG AUF SCHLOSS TIROL - Heft 4 - STUDI DI STORIA EDILIZIA A CASTEL TIROLO - Quaderno 4, Schloss Tirol\/Castel Tirolo 2006, bilingue<\/div><\/div><\/div><\/figcaption><\/figure><\/a><!--end av-masonry entry--><a href=\"https:\/\/www.schlosstirol.it\/wp-content\/uploads\/2018\/01\/schloss-tirol_publikation-it-F.Wasmann-und-Pittore.jpg\" data-srcset=\"https:\/\/www.schlosstirol.it\/wp-content\/uploads\/2018\/01\/schloss-tirol_publikation-it-F.Wasmann-und-Pittore.jpg 558w, https:\/\/www.schlosstirol.it\/wp-content\/uploads\/2018\/01\/schloss-tirol_publikation-it-F.Wasmann-und-Pittore-209x300.jpg 209w, https:\/\/www.schlosstirol.it\/wp-content\/uploads\/2018\/01\/schloss-tirol_publikation-it-F.Wasmann-und-Pittore-492x705.jpg 492w, https:\/\/www.schlosstirol.it\/wp-content\/uploads\/2018\/01\/schloss-tirol_publikation-it-F.Wasmann-und-Pittore-450x645.jpg 450w\" data-sizes=\"(max-width: 558px) 100vw, 558px\"  aria-label=\"immagine immagine senza titolo\"  id='av-masonry-1-item-2771' data-av-masonry-item='2771' class='av-masonry-entry isotope-item post-2771 attachment type-attachment status-inherit hentry  av-masonry-item-with-image' title=\"\" alt=\"\"    itemprop=\"thumbnailUrl\" ><div class='av-inner-masonry-sizer'><\/div><figure class='av-inner-masonry main_color'><div class=\"av-masonry-outerimage-container\"><div class='av-masonry-image-container'  ><img decoding=\"async\" width=\"492\" height=\"705\" fetchpriority=\"high\" class=\"wp-image-2771 avia-img-lazy-loading-not-2771\"  src=\"https:\/\/www.schlosstirol.it\/wp-content\/uploads\/2018\/01\/schloss-tirol_publikation-it-F.Wasmann-und-Pittore-492x705.jpg\" title=\"\" alt=\"\" srcset=\"https:\/\/www.schlosstirol.it\/wp-content\/uploads\/2018\/01\/schloss-tirol_publikation-it-F.Wasmann-und-Pittore-492x705.jpg 492w, https:\/\/www.schlosstirol.it\/wp-content\/uploads\/2018\/01\/schloss-tirol_publikation-it-F.Wasmann-und-Pittore-209x300.jpg 209w, https:\/\/www.schlosstirol.it\/wp-content\/uploads\/2018\/01\/schloss-tirol_publikation-it-F.Wasmann-und-Pittore-450x645.jpg 450w, https:\/\/www.schlosstirol.it\/wp-content\/uploads\/2018\/01\/schloss-tirol_publikation-it-F.Wasmann-und-Pittore.jpg 558w\" sizes=\"(max-width: 492px) 100vw, 492px\" \/><\/div><\/div><figcaption class='av-inner-masonry-content site-background'><div class='av-inner-masonry-content-pos'><div class='av-inner-masonry-content-pos-content'><div class='avia-arrow'><\/div><div class='av-masonry-entry-content entry-content'  itemprop=\"text\" >FRIEDRICH WASMANN - Un pittore tedesco tra Roma e Merano, Pruccoli Rosanna, Rosani Tiziano, Castel Tirolo 2006, Catalogo della mostra (esaurito)<\/div><\/div><\/div><\/figcaption><\/figure><\/a><!--end av-masonry entry--><a href=\"https:\/\/www.schlosstirol.it\/wp-content\/uploads\/2018\/01\/schloss-tirol_publikation-it-Die-Duestern-Adler-zweisprachig.jpg\" data-srcset=\"https:\/\/www.schlosstirol.it\/wp-content\/uploads\/2018\/01\/schloss-tirol_publikation-it-Die-Duestern-Adler-zweisprachig.jpg 604w, https:\/\/www.schlosstirol.it\/wp-content\/uploads\/2018\/01\/schloss-tirol_publikation-it-Die-Duestern-Adler-zweisprachig-227x300.jpg 227w, https:\/\/www.schlosstirol.it\/wp-content\/uploads\/2018\/01\/schloss-tirol_publikation-it-Die-Duestern-Adler-zweisprachig-532x705.jpg 532w, https:\/\/www.schlosstirol.it\/wp-content\/uploads\/2018\/01\/schloss-tirol_publikation-it-Die-Duestern-Adler-zweisprachig-450x596.jpg 450w\" data-sizes=\"(max-width: 604px) 100vw, 604px\"  aria-label=\"immagine immagine senza titolo\"  id='av-masonry-1-item-2762' data-av-masonry-item='2762' class='av-masonry-entry isotope-item post-2762 attachment type-attachment status-inherit hentry  av-masonry-item-with-image' title=\"\" alt=\"\"    itemprop=\"thumbnailUrl\" ><div class='av-inner-masonry-sizer'><\/div><figure class='av-inner-masonry main_color'><div class=\"av-masonry-outerimage-container\"><div class='av-masonry-image-container'  ><img decoding=\"async\" width=\"532\" height=\"705\" fetchpriority=\"high\" class=\"wp-image-2762 avia-img-lazy-loading-not-2762\"  src=\"https:\/\/www.schlosstirol.it\/wp-content\/uploads\/2018\/01\/schloss-tirol_publikation-it-Die-Duestern-Adler-zweisprachig-532x705.jpg\" title=\"\" alt=\"\" srcset=\"https:\/\/www.schlosstirol.it\/wp-content\/uploads\/2018\/01\/schloss-tirol_publikation-it-Die-Duestern-Adler-zweisprachig-532x705.jpg 532w, https:\/\/www.schlosstirol.it\/wp-content\/uploads\/2018\/01\/schloss-tirol_publikation-it-Die-Duestern-Adler-zweisprachig-227x300.jpg 227w, https:\/\/www.schlosstirol.it\/wp-content\/uploads\/2018\/01\/schloss-tirol_publikation-it-Die-Duestern-Adler-zweisprachig-450x596.jpg 450w, https:\/\/www.schlosstirol.it\/wp-content\/uploads\/2018\/01\/schloss-tirol_publikation-it-Die-Duestern-Adler-zweisprachig.jpg 604w\" sizes=\"(max-width: 532px) 100vw, 532px\" \/><\/div><\/div><figcaption class='av-inner-masonry-content site-background'><div class='av-inner-masonry-content-pos'><div class='av-inner-masonry-content-pos-content'><div class='avia-arrow'><\/div><div class='av-masonry-entry-content entry-content'  itemprop=\"text\" >DIE D\u00dcSTERN ADLER - AQUILE FUNESTE - Der Erste Weltkrieg in Kunst, Literatur und Alltag. Wahn und Wirklichkeit - Arte, letteratura e vita quotidiana nelle Grande Guerra. Tra delirio e dolore, Schloss Tirol\/Castel Tirolo 2005, Catalogo della mostra, bilingue (esaurito)<\/div><\/div><\/div><\/figcaption><\/figure><\/a><!--end av-masonry entry--><a href=\"https:\/\/www.schlosstirol.it\/wp-content\/uploads\/2018\/01\/schloss-tirol_publikation-it-Da-Merano-al-Messico.jpg\" data-srcset=\"https:\/\/www.schlosstirol.it\/wp-content\/uploads\/2018\/01\/schloss-tirol_publikation-it-Da-Merano-al-Messico.jpg 529w, https:\/\/www.schlosstirol.it\/wp-content\/uploads\/2018\/01\/schloss-tirol_publikation-it-Da-Merano-al-Messico-198x300.jpg 198w, https:\/\/www.schlosstirol.it\/wp-content\/uploads\/2018\/01\/schloss-tirol_publikation-it-Da-Merano-al-Messico-466x705.jpg 466w, https:\/\/www.schlosstirol.it\/wp-content\/uploads\/2018\/01\/schloss-tirol_publikation-it-Da-Merano-al-Messico-450x681.jpg 450w\" data-sizes=\"(max-width: 529px) 100vw, 529px\"  aria-label=\"immagine immagine senza titolo\"  id='av-masonry-1-item-2759' data-av-masonry-item='2759' class='av-masonry-entry isotope-item post-2759 attachment type-attachment status-inherit hentry  av-masonry-item-with-image' title=\"\" alt=\"\"    itemprop=\"thumbnailUrl\" ><div class='av-inner-masonry-sizer'><\/div><figure class='av-inner-masonry main_color'><div class=\"av-masonry-outerimage-container\"><div class='av-masonry-image-container'  ><img decoding=\"async\" width=\"466\" height=\"705\" fetchpriority=\"high\" class=\"wp-image-2759 avia-img-lazy-loading-not-2759\"  src=\"https:\/\/www.schlosstirol.it\/wp-content\/uploads\/2018\/01\/schloss-tirol_publikation-it-Da-Merano-al-Messico-466x705.jpg\" title=\"\" alt=\"\" srcset=\"https:\/\/www.schlosstirol.it\/wp-content\/uploads\/2018\/01\/schloss-tirol_publikation-it-Da-Merano-al-Messico-466x705.jpg 466w, https:\/\/www.schlosstirol.it\/wp-content\/uploads\/2018\/01\/schloss-tirol_publikation-it-Da-Merano-al-Messico-198x300.jpg 198w, https:\/\/www.schlosstirol.it\/wp-content\/uploads\/2018\/01\/schloss-tirol_publikation-it-Da-Merano-al-Messico-450x681.jpg 450w, https:\/\/www.schlosstirol.it\/wp-content\/uploads\/2018\/01\/schloss-tirol_publikation-it-Da-Merano-al-Messico.jpg 529w\" sizes=\"(max-width: 466px) 100vw, 466px\" \/><\/div><\/div><figcaption class='av-inner-masonry-content site-background'><div class='av-inner-masonry-content-pos'><div class='av-inner-masonry-content-pos-content'><div class='avia-arrow'><\/div><div class='av-masonry-entry-content entry-content'  itemprop=\"text\" >VON MERAN NACH MEXIKO - Erzherzog Max in Tirol - DA MERANO AL MESSICO - Massimiliano d'Asburgo e il Tirolo, Mieth Sven - Schriftenreihe historischer Quellen zur Kulturgeschichte Tirols, vol. 1, Schloss Tirol\/Castel Tirolo 2005, bilingue (esaurito)<\/div><\/div><\/div><\/figcaption><\/figure><\/a><!--end av-masonry entry--><a href=\"https:\/\/www.schlosstirol.it\/wp-content\/uploads\/2018\/01\/schloss-tirol_publikation-it-orizzonte-libero.jpg\" data-srcset=\"https:\/\/www.schlosstirol.it\/wp-content\/uploads\/2018\/01\/schloss-tirol_publikation-it-orizzonte-libero.jpg 857w, https:\/\/www.schlosstirol.it\/wp-content\/uploads\/2018\/01\/schloss-tirol_publikation-it-orizzonte-libero-300x280.jpg 300w, https:\/\/www.schlosstirol.it\/wp-content\/uploads\/2018\/01\/schloss-tirol_publikation-it-orizzonte-libero-768x717.jpg 768w, https:\/\/www.schlosstirol.it\/wp-content\/uploads\/2018\/01\/schloss-tirol_publikation-it-orizzonte-libero-705x658.jpg 705w, https:\/\/www.schlosstirol.it\/wp-content\/uploads\/2018\/01\/schloss-tirol_publikation-it-orizzonte-libero-450x420.jpg 450w\" data-sizes=\"(max-width: 857px) 100vw, 857px\"  aria-label=\"immagine immagine senza titolo\"  id='av-masonry-1-item-2849' data-av-masonry-item='2849' class='av-masonry-entry isotope-item post-2849 attachment type-attachment status-inherit hentry  av-masonry-item-with-image' title=\"\" alt=\"\"    itemprop=\"thumbnailUrl\" ><div class='av-inner-masonry-sizer'><\/div><figure class='av-inner-masonry main_color'><div class=\"av-masonry-outerimage-container\"><div class='av-masonry-image-container'  ><img decoding=\"async\" width=\"705\" height=\"658\" fetchpriority=\"high\" class=\"wp-image-2849 avia-img-lazy-loading-not-2849\"  src=\"https:\/\/www.schlosstirol.it\/wp-content\/uploads\/2018\/01\/schloss-tirol_publikation-it-orizzonte-libero-705x658.jpg\" title=\"\" alt=\"\" srcset=\"https:\/\/www.schlosstirol.it\/wp-content\/uploads\/2018\/01\/schloss-tirol_publikation-it-orizzonte-libero-705x658.jpg 705w, https:\/\/www.schlosstirol.it\/wp-content\/uploads\/2018\/01\/schloss-tirol_publikation-it-orizzonte-libero-300x280.jpg 300w, https:\/\/www.schlosstirol.it\/wp-content\/uploads\/2018\/01\/schloss-tirol_publikation-it-orizzonte-libero-768x717.jpg 768w, https:\/\/www.schlosstirol.it\/wp-content\/uploads\/2018\/01\/schloss-tirol_publikation-it-orizzonte-libero-450x420.jpg 450w, https:\/\/www.schlosstirol.it\/wp-content\/uploads\/2018\/01\/schloss-tirol_publikation-it-orizzonte-libero.jpg 857w\" sizes=\"(max-width: 705px) 100vw, 705px\" \/><\/div><\/div><figcaption class='av-inner-masonry-content site-background'><div class='av-inner-masonry-content-pos'><div class='av-inner-masonry-content-pos-content'><div class='avia-arrow'><\/div><div class='av-masonry-entry-content entry-content'  itemprop=\"text\" >L'ORIZZONTE LIBERO E SCONFINATO - La circumnavigazione della Novara e il sogno messicano di Massimiliano, Castel Tirolo 2004, catalogo della mostra (esaurito)<\/div><\/div><\/div><\/figcaption><\/figure><\/a><!--end av-masonry entry--><a href=\"https:\/\/www.schlosstirol.it\/wp-content\/uploads\/2018\/01\/schloss-tirol_publikation-it-Brigantinen-zweisprachig.jpg\" data-srcset=\"https:\/\/www.schlosstirol.it\/wp-content\/uploads\/2018\/01\/schloss-tirol_publikation-it-Brigantinen-zweisprachig.jpg 554w, https:\/\/www.schlosstirol.it\/wp-content\/uploads\/2018\/01\/schloss-tirol_publikation-it-Brigantinen-zweisprachig-208x300.jpg 208w, https:\/\/www.schlosstirol.it\/wp-content\/uploads\/2018\/01\/schloss-tirol_publikation-it-Brigantinen-zweisprachig-488x705.jpg 488w, https:\/\/www.schlosstirol.it\/wp-content\/uploads\/2018\/01\/schloss-tirol_publikation-it-Brigantinen-zweisprachig-450x650.jpg 450w\" data-sizes=\"(max-width: 554px) 100vw, 554px\"  aria-label=\"immagine immagine senza titolo\"  id='av-masonry-1-item-2741' data-av-masonry-item='2741' class='av-masonry-entry isotope-item post-2741 attachment type-attachment status-inherit hentry  av-masonry-item-with-image' title=\"\" alt=\"\"    itemprop=\"thumbnailUrl\" ><div class='av-inner-masonry-sizer'><\/div><figure class='av-inner-masonry main_color'><div class=\"av-masonry-outerimage-container\"><div class='av-masonry-image-container'  ><img decoding=\"async\" width=\"488\" height=\"705\" fetchpriority=\"high\" class=\"wp-image-2741 avia-img-lazy-loading-not-2741\"  src=\"https:\/\/www.schlosstirol.it\/wp-content\/uploads\/2018\/01\/schloss-tirol_publikation-it-Brigantinen-zweisprachig-488x705.jpg\" title=\"\" alt=\"\" srcset=\"https:\/\/www.schlosstirol.it\/wp-content\/uploads\/2018\/01\/schloss-tirol_publikation-it-Brigantinen-zweisprachig-488x705.jpg 488w, https:\/\/www.schlosstirol.it\/wp-content\/uploads\/2018\/01\/schloss-tirol_publikation-it-Brigantinen-zweisprachig-208x300.jpg 208w, https:\/\/www.schlosstirol.it\/wp-content\/uploads\/2018\/01\/schloss-tirol_publikation-it-Brigantinen-zweisprachig-450x650.jpg 450w, https:\/\/www.schlosstirol.it\/wp-content\/uploads\/2018\/01\/schloss-tirol_publikation-it-Brigantinen-zweisprachig.jpg 554w\" sizes=\"(max-width: 488px) 100vw, 488px\" \/><\/div><\/div><figcaption class='av-inner-masonry-content site-background'><div class='av-inner-masonry-content-pos'><div class='av-inner-masonry-content-pos-content'><div class='avia-arrow'><\/div><div class='av-masonry-entry-content entry-content'  itemprop=\"text\" >DAS BRIGANTINEN-SYMPOSIUM AUF SCHLOSS TIROL - Bauforschung - Heft 3 - IL SIMPOSIO SULLA BRIGANTINA A CASTEL TIROLO - Studi di storia edilizia - Quaderno 3 - Schloss Tirol\/Castel Tirolo 2004, bilingue (esaurito)<\/div><\/div><\/div><\/figcaption><\/figure><\/a><!--end av-masonry entry--><a href=\"https:\/\/www.schlosstirol.it\/wp-content\/uploads\/2018\/01\/schloss-tirol_publikation-it-Gruss-von-ST-zweisprachig.jpg\" data-srcset=\"https:\/\/www.schlosstirol.it\/wp-content\/uploads\/2018\/01\/schloss-tirol_publikation-it-Gruss-von-ST-zweisprachig.jpg 873w, https:\/\/www.schlosstirol.it\/wp-content\/uploads\/2018\/01\/schloss-tirol_publikation-it-Gruss-von-ST-zweisprachig-300x275.jpg 300w, https:\/\/www.schlosstirol.it\/wp-content\/uploads\/2018\/01\/schloss-tirol_publikation-it-Gruss-von-ST-zweisprachig-768x704.jpg 768w, https:\/\/www.schlosstirol.it\/wp-content\/uploads\/2018\/01\/schloss-tirol_publikation-it-Gruss-von-ST-zweisprachig-705x646.jpg 705w, https:\/\/www.schlosstirol.it\/wp-content\/uploads\/2018\/01\/schloss-tirol_publikation-it-Gruss-von-ST-zweisprachig-450x412.jpg 450w\" data-sizes=\"(max-width: 873px) 100vw, 873px\"  aria-label=\"immagine immagine senza titolo\"  id='av-masonry-1-item-2786' data-av-masonry-item='2786' class='av-masonry-entry isotope-item post-2786 attachment type-attachment status-inherit hentry  av-masonry-item-with-image' title=\"\" alt=\"\"    itemprop=\"thumbnailUrl\" ><div class='av-inner-masonry-sizer'><\/div><figure class='av-inner-masonry main_color'><div class=\"av-masonry-outerimage-container\"><div class='av-masonry-image-container'  ><img decoding=\"async\" width=\"705\" height=\"646\" fetchpriority=\"high\" class=\"wp-image-2786 avia-img-lazy-loading-not-2786\"  src=\"https:\/\/www.schlosstirol.it\/wp-content\/uploads\/2018\/01\/schloss-tirol_publikation-it-Gruss-von-ST-zweisprachig-705x646.jpg\" title=\"\" alt=\"\" srcset=\"https:\/\/www.schlosstirol.it\/wp-content\/uploads\/2018\/01\/schloss-tirol_publikation-it-Gruss-von-ST-zweisprachig-705x646.jpg 705w, https:\/\/www.schlosstirol.it\/wp-content\/uploads\/2018\/01\/schloss-tirol_publikation-it-Gruss-von-ST-zweisprachig-300x275.jpg 300w, https:\/\/www.schlosstirol.it\/wp-content\/uploads\/2018\/01\/schloss-tirol_publikation-it-Gruss-von-ST-zweisprachig-768x704.jpg 768w, https:\/\/www.schlosstirol.it\/wp-content\/uploads\/2018\/01\/schloss-tirol_publikation-it-Gruss-von-ST-zweisprachig-450x412.jpg 450w, https:\/\/www.schlosstirol.it\/wp-content\/uploads\/2018\/01\/schloss-tirol_publikation-it-Gruss-von-ST-zweisprachig.jpg 873w\" sizes=\"(max-width: 705px) 100vw, 705px\" \/><\/div><\/div><figcaption class='av-inner-masonry-content site-background'><div class='av-inner-masonry-content-pos'><div class='av-inner-masonry-content-pos-content'><div class='avia-arrow'><\/div><div class='av-masonry-entry-content entry-content'  itemprop=\"text\" >GRUSS VON SCHLOSS TIROL - Historische Fotografien und Ansichtskarten - SALUTI DA CASTEL TIROLO - Fotografie e cartoline storiche, Schloss Tirol\/Castel Tirolo 2003, Catalogo della mostra, bilingue (esaurito)<\/div><\/div><\/div><\/figcaption><\/figure><\/a><!--end av-masonry entry--><a href=\"https:\/\/www.schlosstirol.it\/wp-content\/uploads\/2018\/01\/schloss-tirol_publikation-it-Bauforschung-2-zweisprachig.jpg\" data-srcset=\"https:\/\/www.schlosstirol.it\/wp-content\/uploads\/2018\/01\/schloss-tirol_publikation-it-Bauforschung-2-zweisprachig.jpg 555w, https:\/\/www.schlosstirol.it\/wp-content\/uploads\/2018\/01\/schloss-tirol_publikation-it-Bauforschung-2-zweisprachig-208x300.jpg 208w, https:\/\/www.schlosstirol.it\/wp-content\/uploads\/2018\/01\/schloss-tirol_publikation-it-Bauforschung-2-zweisprachig-490x705.jpg 490w, https:\/\/www.schlosstirol.it\/wp-content\/uploads\/2018\/01\/schloss-tirol_publikation-it-Bauforschung-2-zweisprachig-450x648.jpg 450w\" data-sizes=\"(max-width: 555px) 100vw, 555px\"  aria-label=\"immagine immagine senza titolo\"  id='av-masonry-1-item-2726' data-av-masonry-item='2726' class='av-masonry-entry isotope-item post-2726 attachment type-attachment status-inherit hentry  av-masonry-item-with-image' title=\"\" alt=\"\"    itemprop=\"thumbnailUrl\" ><div class='av-inner-masonry-sizer'><\/div><figure class='av-inner-masonry main_color'><div class=\"av-masonry-outerimage-container\"><div class='av-masonry-image-container'  ><img decoding=\"async\" width=\"490\" height=\"705\" fetchpriority=\"high\" class=\"wp-image-2726 avia-img-lazy-loading-not-2726\"  src=\"https:\/\/www.schlosstirol.it\/wp-content\/uploads\/2018\/01\/schloss-tirol_publikation-it-Bauforschung-2-zweisprachig-490x705.jpg\" title=\"\" alt=\"\" srcset=\"https:\/\/www.schlosstirol.it\/wp-content\/uploads\/2018\/01\/schloss-tirol_publikation-it-Bauforschung-2-zweisprachig-490x705.jpg 490w, https:\/\/www.schlosstirol.it\/wp-content\/uploads\/2018\/01\/schloss-tirol_publikation-it-Bauforschung-2-zweisprachig-208x300.jpg 208w, https:\/\/www.schlosstirol.it\/wp-content\/uploads\/2018\/01\/schloss-tirol_publikation-it-Bauforschung-2-zweisprachig-450x648.jpg 450w, https:\/\/www.schlosstirol.it\/wp-content\/uploads\/2018\/01\/schloss-tirol_publikation-it-Bauforschung-2-zweisprachig.jpg 555w\" sizes=\"(max-width: 490px) 100vw, 490px\" \/><\/div><\/div><figcaption class='av-inner-masonry-content site-background'><div class='av-inner-masonry-content-pos'><div class='av-inner-masonry-content-pos-content'><div class='avia-arrow'><\/div><div class='av-masonry-entry-content entry-content'  itemprop=\"text\" >BAUFORSCHUNG AUF SCHLOSS TIROL - Heft 2 - STUDI DI STORIA EDILIZIA A CASTEL TIROLO - Quaderno 2, Schloss Tirol\/Castel Tirolo 2002, bilingue<\/div><\/div><\/div><\/figcaption><\/figure><\/a><!--end av-masonry entry--><a href=\"https:\/\/www.schlosstirol.it\/wp-content\/uploads\/2018\/01\/schloss-tirol_publikation-it-Ferdinand-Runk-zweisprachig.jpg\" data-srcset=\"https:\/\/www.schlosstirol.it\/wp-content\/uploads\/2018\/01\/schloss-tirol_publikation-it-Ferdinand-Runk-zweisprachig.jpg 851w, https:\/\/www.schlosstirol.it\/wp-content\/uploads\/2018\/01\/schloss-tirol_publikation-it-Ferdinand-Runk-zweisprachig-300x282.jpg 300w, https:\/\/www.schlosstirol.it\/wp-content\/uploads\/2018\/01\/schloss-tirol_publikation-it-Ferdinand-Runk-zweisprachig-768x722.jpg 768w, https:\/\/www.schlosstirol.it\/wp-content\/uploads\/2018\/01\/schloss-tirol_publikation-it-Ferdinand-Runk-zweisprachig-705x663.jpg 705w, https:\/\/www.schlosstirol.it\/wp-content\/uploads\/2018\/01\/schloss-tirol_publikation-it-Ferdinand-Runk-zweisprachig-450x423.jpg 450w\" data-sizes=\"(max-width: 851px) 100vw, 851px\"  aria-label=\"immagine immagine senza titolo\"  id='av-masonry-1-item-2774' data-av-masonry-item='2774' class='av-masonry-entry isotope-item post-2774 attachment type-attachment status-inherit hentry  av-masonry-item-with-image' title=\"\" alt=\"\"    itemprop=\"thumbnailUrl\" ><div class='av-inner-masonry-sizer'><\/div><figure class='av-inner-masonry main_color'><div class=\"av-masonry-outerimage-container\"><div class='av-masonry-image-container'  ><img decoding=\"async\" width=\"705\" height=\"663\" fetchpriority=\"high\" class=\"wp-image-2774 avia-img-lazy-loading-not-2774\"  src=\"https:\/\/www.schlosstirol.it\/wp-content\/uploads\/2018\/01\/schloss-tirol_publikation-it-Ferdinand-Runk-zweisprachig-705x663.jpg\" title=\"\" alt=\"\" srcset=\"https:\/\/www.schlosstirol.it\/wp-content\/uploads\/2018\/01\/schloss-tirol_publikation-it-Ferdinand-Runk-zweisprachig-705x663.jpg 705w, https:\/\/www.schlosstirol.it\/wp-content\/uploads\/2018\/01\/schloss-tirol_publikation-it-Ferdinand-Runk-zweisprachig-300x282.jpg 300w, https:\/\/www.schlosstirol.it\/wp-content\/uploads\/2018\/01\/schloss-tirol_publikation-it-Ferdinand-Runk-zweisprachig-768x722.jpg 768w, https:\/\/www.schlosstirol.it\/wp-content\/uploads\/2018\/01\/schloss-tirol_publikation-it-Ferdinand-Runk-zweisprachig-450x423.jpg 450w, https:\/\/www.schlosstirol.it\/wp-content\/uploads\/2018\/01\/schloss-tirol_publikation-it-Ferdinand-Runk-zweisprachig.jpg 851w\" sizes=\"(max-width: 705px) 100vw, 705px\" \/><\/div><\/div><figcaption class='av-inner-masonry-content site-background'><div class='av-inner-masonry-content-pos'><div class='av-inner-masonry-content-pos-content'><div class='avia-arrow'><\/div><div class='av-masonry-entry-content entry-content'  itemprop=\"text\" >FERDINAND RUNK - Sammlung der vorz\u00fcglichsten mahlerischen Gegenden von Tyrol - Raccolta delle pi\u00f9 memorabili vedute del Tirolo, Schloss Tirol\/Castel Tirolo 1999, Catalogo della mostra, bilingue (esaurito)<\/div><\/div><\/div><\/figcaption><\/figure><\/a><!--end av-masonry entry--><a href=\"https:\/\/www.schlosstirol.it\/wp-content\/uploads\/2018\/01\/schloss-tirol_publikation-it-Bauforschung-1-zweisprachig.jpg\" data-srcset=\"https:\/\/www.schlosstirol.it\/wp-content\/uploads\/2018\/01\/schloss-tirol_publikation-it-Bauforschung-1-zweisprachig.jpg 550w, https:\/\/www.schlosstirol.it\/wp-content\/uploads\/2018\/01\/schloss-tirol_publikation-it-Bauforschung-1-zweisprachig-206x300.jpg 206w, https:\/\/www.schlosstirol.it\/wp-content\/uploads\/2018\/01\/schloss-tirol_publikation-it-Bauforschung-1-zweisprachig-485x705.jpg 485w, https:\/\/www.schlosstirol.it\/wp-content\/uploads\/2018\/01\/schloss-tirol_publikation-it-Bauforschung-1-zweisprachig-450x655.jpg 450w\" data-sizes=\"(max-width: 550px) 100vw, 550px\"  aria-label=\"immagine immagine senza titolo\"  id='av-masonry-1-item-2723' data-av-masonry-item='2723' class='av-masonry-entry isotope-item post-2723 attachment type-attachment status-inherit hentry  av-masonry-item-with-image' title=\"\" alt=\"\"    itemprop=\"thumbnailUrl\" ><div class='av-inner-masonry-sizer'><\/div><figure class='av-inner-masonry main_color'><div class=\"av-masonry-outerimage-container\"><div class='av-masonry-image-container'  ><img decoding=\"async\" width=\"485\" height=\"705\" fetchpriority=\"high\" class=\"wp-image-2723 avia-img-lazy-loading-not-2723\"  src=\"https:\/\/www.schlosstirol.it\/wp-content\/uploads\/2018\/01\/schloss-tirol_publikation-it-Bauforschung-1-zweisprachig-485x705.jpg\" title=\"\" alt=\"\" srcset=\"https:\/\/www.schlosstirol.it\/wp-content\/uploads\/2018\/01\/schloss-tirol_publikation-it-Bauforschung-1-zweisprachig-485x705.jpg 485w, https:\/\/www.schlosstirol.it\/wp-content\/uploads\/2018\/01\/schloss-tirol_publikation-it-Bauforschung-1-zweisprachig-206x300.jpg 206w, https:\/\/www.schlosstirol.it\/wp-content\/uploads\/2018\/01\/schloss-tirol_publikation-it-Bauforschung-1-zweisprachig-450x655.jpg 450w, https:\/\/www.schlosstirol.it\/wp-content\/uploads\/2018\/01\/schloss-tirol_publikation-it-Bauforschung-1-zweisprachig.jpg 550w\" sizes=\"(max-width: 485px) 100vw, 485px\" \/><\/div><\/div><figcaption class='av-inner-masonry-content site-background'><div class='av-inner-masonry-content-pos'><div class='av-inner-masonry-content-pos-content'><div class='avia-arrow'><\/div><div class='av-masonry-entry-content entry-content'  itemprop=\"text\" >BAUFORSCHUNG AUF SCHLOSS TIROL - Heft 1 - STUDI DI STORIA EDILIZIA A CASTEL TIROLO - Quaderno 1, Schloss Tirol\/Castel Tirolo 1999, bilingue (esaurito)<\/div><\/div><\/div><\/figcaption><\/figure><\/a><!--end av-masonry entry--><a href=\"https:\/\/www.schlosstirol.it\/wp-content\/uploads\/2018\/01\/schloss-tirol_publikation-it-Il-segreto-della-TP.jpg\" data-srcset=\"https:\/\/www.schlosstirol.it\/wp-content\/uploads\/2018\/01\/schloss-tirol_publikation-it-Il-segreto-della-TP.jpg 559w, https:\/\/www.schlosstirol.it\/wp-content\/uploads\/2018\/01\/schloss-tirol_publikation-it-Il-segreto-della-TP-210x300.jpg 210w, https:\/\/www.schlosstirol.it\/wp-content\/uploads\/2018\/01\/schloss-tirol_publikation-it-Il-segreto-della-TP-493x705.jpg 493w, https:\/\/www.schlosstirol.it\/wp-content\/uploads\/2018\/01\/schloss-tirol_publikation-it-Il-segreto-della-TP-450x644.jpg 450w\" data-sizes=\"(max-width: 559px) 100vw, 559px\"  aria-label=\"immagine immagine senza titolo\"  id='av-masonry-1-item-2798' data-av-masonry-item='2798' class='av-masonry-entry isotope-item post-2798 attachment type-attachment status-inherit hentry  av-masonry-item-with-image' title=\"\" alt=\"\"    itemprop=\"thumbnailUrl\" ><div class='av-inner-masonry-sizer'><\/div><figure class='av-inner-masonry main_color'><div class=\"av-masonry-outerimage-container\"><div class='av-masonry-image-container'  ><img decoding=\"async\" width=\"493\" height=\"705\" fetchpriority=\"high\" class=\"wp-image-2798 avia-img-lazy-loading-not-2798\"  src=\"https:\/\/www.schlosstirol.it\/wp-content\/uploads\/2018\/01\/schloss-tirol_publikation-it-Il-segreto-della-TP-493x705.jpg\" title=\"\" alt=\"\" srcset=\"https:\/\/www.schlosstirol.it\/wp-content\/uploads\/2018\/01\/schloss-tirol_publikation-it-Il-segreto-della-TP-493x705.jpg 493w, https:\/\/www.schlosstirol.it\/wp-content\/uploads\/2018\/01\/schloss-tirol_publikation-it-Il-segreto-della-TP-210x300.jpg 210w, https:\/\/www.schlosstirol.it\/wp-content\/uploads\/2018\/01\/schloss-tirol_publikation-it-Il-segreto-della-TP-450x644.jpg 450w, https:\/\/www.schlosstirol.it\/wp-content\/uploads\/2018\/01\/schloss-tirol_publikation-it-Il-segreto-della-TP.jpg 559w\" sizes=\"(max-width: 493px) 100vw, 493px\" \/><\/div><\/div><figcaption class='av-inner-masonry-content site-background'><div class='av-inner-masonry-content-pos'><div class='av-inner-masonry-content-pos-content'><div class='avia-arrow'><\/div><div class='av-masonry-entry-content entry-content'  itemprop=\"text\" >IL SEGRETO DELLA TURRIS PARVA - Tracce di storia medievale a Castel Tirolo, Castel Tirolo 1998, Catalogo della mostra (esaurito)<\/div><\/div><\/div><\/figcaption><\/figure><\/a><!--end av-masonry entry--><a href=\"https:\/\/www.schlosstirol.it\/wp-content\/uploads\/2018\/01\/schloss-tirol_publikation-it-Weg-in-den-Sueden-zweisprachig.jpg\" data-srcset=\"https:\/\/www.schlosstirol.it\/wp-content\/uploads\/2018\/01\/schloss-tirol_publikation-it-Weg-in-den-Sueden-zweisprachig.jpg 865w, https:\/\/www.schlosstirol.it\/wp-content\/uploads\/2018\/01\/schloss-tirol_publikation-it-Weg-in-den-Sueden-zweisprachig-300x277.jpg 300w, https:\/\/www.schlosstirol.it\/wp-content\/uploads\/2018\/01\/schloss-tirol_publikation-it-Weg-in-den-Sueden-zweisprachig-768x710.jpg 768w, https:\/\/www.schlosstirol.it\/wp-content\/uploads\/2018\/01\/schloss-tirol_publikation-it-Weg-in-den-Sueden-zweisprachig-705x652.jpg 705w, https:\/\/www.schlosstirol.it\/wp-content\/uploads\/2018\/01\/schloss-tirol_publikation-it-Weg-in-den-Sueden-zweisprachig-450x416.jpg 450w\" data-sizes=\"(max-width: 865px) 100vw, 865px\"  aria-label=\"immagine immagine senza titolo\"  id='av-masonry-1-item-2888' data-av-masonry-item='2888' class='av-masonry-entry isotope-item post-2888 attachment type-attachment status-inherit hentry  av-masonry-item-with-image' title=\"\" alt=\"\"    itemprop=\"thumbnailUrl\" ><div class='av-inner-masonry-sizer'><\/div><figure class='av-inner-masonry main_color'><div class=\"av-masonry-outerimage-container\"><div class='av-masonry-image-container'  ><img decoding=\"async\" width=\"705\" height=\"652\" fetchpriority=\"high\" class=\"wp-image-2888 avia-img-lazy-loading-not-2888\"  src=\"https:\/\/www.schlosstirol.it\/wp-content\/uploads\/2018\/01\/schloss-tirol_publikation-it-Weg-in-den-Sueden-zweisprachig-705x652.jpg\" title=\"\" alt=\"\" srcset=\"https:\/\/www.schlosstirol.it\/wp-content\/uploads\/2018\/01\/schloss-tirol_publikation-it-Weg-in-den-Sueden-zweisprachig-705x652.jpg 705w, https:\/\/www.schlosstirol.it\/wp-content\/uploads\/2018\/01\/schloss-tirol_publikation-it-Weg-in-den-Sueden-zweisprachig-300x277.jpg 300w, https:\/\/www.schlosstirol.it\/wp-content\/uploads\/2018\/01\/schloss-tirol_publikation-it-Weg-in-den-Sueden-zweisprachig-768x710.jpg 768w, https:\/\/www.schlosstirol.it\/wp-content\/uploads\/2018\/01\/schloss-tirol_publikation-it-Weg-in-den-Sueden-zweisprachig-450x416.jpg 450w, https:\/\/www.schlosstirol.it\/wp-content\/uploads\/2018\/01\/schloss-tirol_publikation-it-Weg-in-den-Sueden-zweisprachig.jpg 865w\" sizes=\"(max-width: 705px) 100vw, 705px\" \/><\/div><\/div><figcaption class='av-inner-masonry-content site-background'><div class='av-inner-masonry-content-pos'><div class='av-inner-masonry-content-pos-content'><div class='avia-arrow'><\/div><div class='av-masonry-entry-content entry-content'  itemprop=\"text\" >DER WEG IN DEN S\u00dcDEN - Reisen durch Tirol von D\u00fcrer bis Heine - ATTRAVERSO LE ALPI - Appunti di viaggio da D\u00fcrer a Heine, Schloss Tirol\/Castel Tirolo 1998, Catalogo della mostra, bilingue (esaurito)<\/div><\/div><\/div><\/figcaption><\/figure><\/a><!--end av-masonry entry--><a href=\"https:\/\/www.schlosstirol.it\/wp-content\/uploads\/2018\/01\/schloss-tirol_publikation-it-Weg-in-den-Sueden-Essay-zweisprachig.jpg\" data-srcset=\"https:\/\/www.schlosstirol.it\/wp-content\/uploads\/2018\/01\/schloss-tirol_publikation-it-Weg-in-den-Sueden-Essay-zweisprachig.jpg 539w, https:\/\/www.schlosstirol.it\/wp-content\/uploads\/2018\/01\/schloss-tirol_publikation-it-Weg-in-den-Sueden-Essay-zweisprachig-202x300.jpg 202w, https:\/\/www.schlosstirol.it\/wp-content\/uploads\/2018\/01\/schloss-tirol_publikation-it-Weg-in-den-Sueden-Essay-zweisprachig-474x705.jpg 474w, https:\/\/www.schlosstirol.it\/wp-content\/uploads\/2018\/01\/schloss-tirol_publikation-it-Weg-in-den-Sueden-Essay-zweisprachig-450x669.jpg 450w\" data-sizes=\"(max-width: 539px) 100vw, 539px\"  aria-label=\"immagine immagine senza titolo\"  id='av-masonry-1-item-2885' data-av-masonry-item='2885' class='av-masonry-entry isotope-item post-2885 attachment type-attachment status-inherit hentry  av-masonry-item-with-image' title=\"\" alt=\"\"    itemprop=\"thumbnailUrl\" ><div class='av-inner-masonry-sizer'><\/div><figure class='av-inner-masonry main_color'><div class=\"av-masonry-outerimage-container\"><div class='av-masonry-image-container'  ><img decoding=\"async\" width=\"474\" height=\"705\" fetchpriority=\"high\" class=\"wp-image-2885 avia-img-lazy-loading-not-2885\"  src=\"https:\/\/www.schlosstirol.it\/wp-content\/uploads\/2018\/01\/schloss-tirol_publikation-it-Weg-in-den-Sueden-Essay-zweisprachig-474x705.jpg\" title=\"\" alt=\"\" srcset=\"https:\/\/www.schlosstirol.it\/wp-content\/uploads\/2018\/01\/schloss-tirol_publikation-it-Weg-in-den-Sueden-Essay-zweisprachig-474x705.jpg 474w, https:\/\/www.schlosstirol.it\/wp-content\/uploads\/2018\/01\/schloss-tirol_publikation-it-Weg-in-den-Sueden-Essay-zweisprachig-202x300.jpg 202w, https:\/\/www.schlosstirol.it\/wp-content\/uploads\/2018\/01\/schloss-tirol_publikation-it-Weg-in-den-Sueden-Essay-zweisprachig-450x669.jpg 450w, https:\/\/www.schlosstirol.it\/wp-content\/uploads\/2018\/01\/schloss-tirol_publikation-it-Weg-in-den-Sueden-Essay-zweisprachig.jpg 539w\" sizes=\"(max-width: 474px) 100vw, 474px\" \/><\/div><\/div><figcaption class='av-inner-masonry-content site-background'><div class='av-inner-masonry-content-pos'><div class='av-inner-masonry-content-pos-content'><div class='avia-arrow'><\/div><div class='av-masonry-entry-content entry-content'  itemprop=\"text\" >DER WEG IN DEN S\u00dcDEN - ESSAYS - Reisen durch Tirol von D\u00fcrer bis Heine - ATTRAVERSO LE ALPI - SAGGI - Appunti di viaggio da D\u00fcrer a Heine, Schloss Tirol\/Castel Tirolo 1998, bilingue (esaurito)<\/div><\/div><\/div><\/figcaption><\/figure><\/a><!--end av-masonry entry--><a href=\"https:\/\/www.schlosstirol.it\/wp-content\/uploads\/2018\/01\/schloss-tirol_publikation-it-Bestiarium-zweisprachig.jpg\" data-srcset=\"https:\/\/www.schlosstirol.it\/wp-content\/uploads\/2018\/01\/schloss-tirol_publikation-it-Bestiarium-zweisprachig.jpg 600w, https:\/\/www.schlosstirol.it\/wp-content\/uploads\/2018\/01\/schloss-tirol_publikation-it-Bestiarium-zweisprachig-225x300.jpg 225w, https:\/\/www.schlosstirol.it\/wp-content\/uploads\/2018\/01\/schloss-tirol_publikation-it-Bestiarium-zweisprachig-529x705.jpg 529w, https:\/\/www.schlosstirol.it\/wp-content\/uploads\/2018\/01\/schloss-tirol_publikation-it-Bestiarium-zweisprachig-450x600.jpg 450w\" data-sizes=\"(max-width: 600px) 100vw, 600px\"  aria-label=\"immagine immagine senza titolo\"  id='av-masonry-1-item-2738' data-av-masonry-item='2738' class='av-masonry-entry isotope-item post-2738 attachment type-attachment status-inherit hentry  av-masonry-item-with-image' title=\"\" alt=\"\"    itemprop=\"thumbnailUrl\" ><div class='av-inner-masonry-sizer'><\/div><figure class='av-inner-masonry main_color'><div class=\"av-masonry-outerimage-container\"><div class='av-masonry-image-container'  ><img decoding=\"async\" width=\"529\" height=\"705\" fetchpriority=\"high\" class=\"wp-image-2738 avia-img-lazy-loading-not-2738\"  src=\"https:\/\/www.schlosstirol.it\/wp-content\/uploads\/2018\/01\/schloss-tirol_publikation-it-Bestiarium-zweisprachig-529x705.jpg\" title=\"\" alt=\"\" srcset=\"https:\/\/www.schlosstirol.it\/wp-content\/uploads\/2018\/01\/schloss-tirol_publikation-it-Bestiarium-zweisprachig-529x705.jpg 529w, https:\/\/www.schlosstirol.it\/wp-content\/uploads\/2018\/01\/schloss-tirol_publikation-it-Bestiarium-zweisprachig-225x300.jpg 225w, https:\/\/www.schlosstirol.it\/wp-content\/uploads\/2018\/01\/schloss-tirol_publikation-it-Bestiarium-zweisprachig-450x600.jpg 450w, https:\/\/www.schlosstirol.it\/wp-content\/uploads\/2018\/01\/schloss-tirol_publikation-it-Bestiarium-zweisprachig.jpg 600w\" sizes=\"(max-width: 529px) 100vw, 529px\" \/><\/div><\/div><figcaption class='av-inner-masonry-content site-background'><div class='av-inner-masonry-content-pos'><div class='av-inner-masonry-content-pos-content'><div class='avia-arrow'><\/div><div class='av-masonry-entry-content entry-content'  itemprop=\"text\" >ALFRED KUBIN BESTIARIUM, Schloss Tirol\/Castel Tirolo 1998, Catalogo della mostra, bilingue (esaurito)<\/div><\/div><\/div><\/figcaption><\/figure><\/a><!--end av-masonry entry--><a href=\"https:\/\/www.schlosstirol.it\/wp-content\/uploads\/2018\/01\/schloss-tirol_publikation-it-Meisterwerke-zweisprachig.jpg\" data-srcset=\"https:\/\/www.schlosstirol.it\/wp-content\/uploads\/2018\/01\/schloss-tirol_publikation-it-Meisterwerke-zweisprachig.jpg 844w, https:\/\/www.schlosstirol.it\/wp-content\/uploads\/2018\/01\/schloss-tirol_publikation-it-Meisterwerke-zweisprachig-300x284.jpg 300w, https:\/\/www.schlosstirol.it\/wp-content\/uploads\/2018\/01\/schloss-tirol_publikation-it-Meisterwerke-zweisprachig-768x728.jpg 768w, https:\/\/www.schlosstirol.it\/wp-content\/uploads\/2018\/01\/schloss-tirol_publikation-it-Meisterwerke-zweisprachig-705x668.jpg 705w, https:\/\/www.schlosstirol.it\/wp-content\/uploads\/2018\/01\/schloss-tirol_publikation-it-Meisterwerke-zweisprachig-450x427.jpg 450w\" data-sizes=\"(max-width: 844px) 100vw, 844px\"  aria-label=\"immagine immagine senza titolo\"  id='av-masonry-1-item-2837' data-av-masonry-item='2837' class='av-masonry-entry isotope-item post-2837 attachment type-attachment status-inherit hentry  av-masonry-item-with-image' title=\"\" alt=\"\"    itemprop=\"thumbnailUrl\" ><div class='av-inner-masonry-sizer'><\/div><figure class='av-inner-masonry main_color'><div class=\"av-masonry-outerimage-container\"><div class='av-masonry-image-container'  ><img decoding=\"async\" width=\"705\" height=\"668\" fetchpriority=\"high\" class=\"wp-image-2837 avia-img-lazy-loading-not-2837\"  src=\"https:\/\/www.schlosstirol.it\/wp-content\/uploads\/2018\/01\/schloss-tirol_publikation-it-Meisterwerke-zweisprachig-705x668.jpg\" title=\"\" alt=\"\" srcset=\"https:\/\/www.schlosstirol.it\/wp-content\/uploads\/2018\/01\/schloss-tirol_publikation-it-Meisterwerke-zweisprachig-705x668.jpg 705w, https:\/\/www.schlosstirol.it\/wp-content\/uploads\/2018\/01\/schloss-tirol_publikation-it-Meisterwerke-zweisprachig-300x284.jpg 300w, https:\/\/www.schlosstirol.it\/wp-content\/uploads\/2018\/01\/schloss-tirol_publikation-it-Meisterwerke-zweisprachig-768x728.jpg 768w, https:\/\/www.schlosstirol.it\/wp-content\/uploads\/2018\/01\/schloss-tirol_publikation-it-Meisterwerke-zweisprachig-450x427.jpg 450w, https:\/\/www.schlosstirol.it\/wp-content\/uploads\/2018\/01\/schloss-tirol_publikation-it-Meisterwerke-zweisprachig.jpg 844w\" sizes=\"(max-width: 705px) 100vw, 705px\" \/><\/div><\/div><figcaption class='av-inner-masonry-content site-background'><div class='av-inner-masonry-content-pos'><div class='av-inner-masonry-content-pos-content'><div class='avia-arrow'><\/div><div class='av-masonry-entry-content entry-content'  itemprop=\"text\" >MEISTERWERKE AUS S\u00dcDTIROLER SAMMLUNGEN - CAPOLAVORI DA COLLEZIONI ALTOATESINE, Schloss Tirol\/Castel Tirolo 1997, Catalogo della mostra, bilingue (esaurito)<\/div><\/div><\/div><\/figcaption><\/figure><\/a><!--end av-masonry entry--><a href=\"https:\/\/www.schlosstirol.it\/wp-content\/uploads\/2018\/01\/schloss-tirol_publikation-it-L.-Eysen-e-Merano.jpg\" data-srcset=\"https:\/\/www.schlosstirol.it\/wp-content\/uploads\/2018\/01\/schloss-tirol_publikation-it-L.-Eysen-e-Merano.jpg 849w, https:\/\/www.schlosstirol.it\/wp-content\/uploads\/2018\/01\/schloss-tirol_publikation-it-L.-Eysen-e-Merano-300x283.jpg 300w, https:\/\/www.schlosstirol.it\/wp-content\/uploads\/2018\/01\/schloss-tirol_publikation-it-L.-Eysen-e-Merano-768x724.jpg 768w, https:\/\/www.schlosstirol.it\/wp-content\/uploads\/2018\/01\/schloss-tirol_publikation-it-L.-Eysen-e-Merano-705x664.jpg 705w, https:\/\/www.schlosstirol.it\/wp-content\/uploads\/2018\/01\/schloss-tirol_publikation-it-L.-Eysen-e-Merano-450x424.jpg 450w\" data-sizes=\"(max-width: 849px) 100vw, 849px\"  aria-label=\"immagine immagine senza titolo\"  id='av-masonry-1-item-2813' data-av-masonry-item='2813' class='av-masonry-entry isotope-item post-2813 attachment type-attachment status-inherit hentry  av-masonry-item-with-image' title=\"\" alt=\"\"    itemprop=\"thumbnailUrl\" ><div class='av-inner-masonry-sizer'><\/div><figure class='av-inner-masonry main_color'><div class=\"av-masonry-outerimage-container\"><div class='av-masonry-image-container'  ><img decoding=\"async\" width=\"705\" height=\"664\" fetchpriority=\"high\" class=\"wp-image-2813 avia-img-lazy-loading-not-2813\"  src=\"https:\/\/www.schlosstirol.it\/wp-content\/uploads\/2018\/01\/schloss-tirol_publikation-it-L.-Eysen-e-Merano-705x664.jpg\" title=\"\" alt=\"\" srcset=\"https:\/\/www.schlosstirol.it\/wp-content\/uploads\/2018\/01\/schloss-tirol_publikation-it-L.-Eysen-e-Merano-705x664.jpg 705w, https:\/\/www.schlosstirol.it\/wp-content\/uploads\/2018\/01\/schloss-tirol_publikation-it-L.-Eysen-e-Merano-300x283.jpg 300w, https:\/\/www.schlosstirol.it\/wp-content\/uploads\/2018\/01\/schloss-tirol_publikation-it-L.-Eysen-e-Merano-768x724.jpg 768w, https:\/\/www.schlosstirol.it\/wp-content\/uploads\/2018\/01\/schloss-tirol_publikation-it-L.-Eysen-e-Merano-450x424.jpg 450w, https:\/\/www.schlosstirol.it\/wp-content\/uploads\/2018\/01\/schloss-tirol_publikation-it-L.-Eysen-e-Merano.jpg 849w\" sizes=\"(max-width: 705px) 100vw, 705px\" \/><\/div><\/div><figcaption class='av-inner-masonry-content site-background'><div class='av-inner-masonry-content-pos'><div class='av-inner-masonry-content-pos-content'><div class='avia-arrow'><\/div><div class='av-masonry-entry-content entry-content'  itemprop=\"text\" >LOUIS EYSEN (1843-1899) e Merano, Castel Tirolo 1997, Catalogo della mostra (esaurito)<\/div><\/div><\/div><\/figcaption><\/figure><\/a><!--end av-masonry entry--><a href=\"https:\/\/www.schlosstirol.it\/wp-content\/uploads\/2018\/01\/schloss-tirol_publikation-it-Eroi-romantici.jpg\" data-srcset=\"https:\/\/www.schlosstirol.it\/wp-content\/uploads\/2018\/01\/schloss-tirol_publikation-it-Eroi-romantici.jpg 835w, https:\/\/www.schlosstirol.it\/wp-content\/uploads\/2018\/01\/schloss-tirol_publikation-it-Eroi-romantici-300x287.jpg 300w, https:\/\/www.schlosstirol.it\/wp-content\/uploads\/2018\/01\/schloss-tirol_publikation-it-Eroi-romantici-768x736.jpg 768w, https:\/\/www.schlosstirol.it\/wp-content\/uploads\/2018\/01\/schloss-tirol_publikation-it-Eroi-romantici-705x675.jpg 705w, https:\/\/www.schlosstirol.it\/wp-content\/uploads\/2018\/01\/schloss-tirol_publikation-it-Eroi-romantici-450x431.jpg 450w\" data-sizes=\"(max-width: 835px) 100vw, 835px\"  aria-label=\"immagine immagine senza titolo\"  id='av-masonry-1-item-2768' data-av-masonry-item='2768' class='av-masonry-entry isotope-item post-2768 attachment type-attachment status-inherit hentry  av-masonry-item-with-image' title=\"\" alt=\"\"    itemprop=\"thumbnailUrl\" ><div class='av-inner-masonry-sizer'><\/div><figure class='av-inner-masonry main_color'><div class=\"av-masonry-outerimage-container\"><div class='av-masonry-image-container'  ><img decoding=\"async\" width=\"705\" height=\"675\" fetchpriority=\"high\" class=\"wp-image-2768 avia-img-lazy-loading-not-2768\"  src=\"https:\/\/www.schlosstirol.it\/wp-content\/uploads\/2018\/01\/schloss-tirol_publikation-it-Eroi-romantici-705x675.jpg\" title=\"\" alt=\"\" srcset=\"https:\/\/www.schlosstirol.it\/wp-content\/uploads\/2018\/01\/schloss-tirol_publikation-it-Eroi-romantici-705x675.jpg 705w, https:\/\/www.schlosstirol.it\/wp-content\/uploads\/2018\/01\/schloss-tirol_publikation-it-Eroi-romantici-300x287.jpg 300w, https:\/\/www.schlosstirol.it\/wp-content\/uploads\/2018\/01\/schloss-tirol_publikation-it-Eroi-romantici-768x736.jpg 768w, https:\/\/www.schlosstirol.it\/wp-content\/uploads\/2018\/01\/schloss-tirol_publikation-it-Eroi-romantici-450x431.jpg 450w, https:\/\/www.schlosstirol.it\/wp-content\/uploads\/2018\/01\/schloss-tirol_publikation-it-Eroi-romantici.jpg 835w\" sizes=\"(max-width: 705px) 100vw, 705px\" \/><\/div><\/div><figcaption class='av-inner-masonry-content site-background'><div class='av-inner-masonry-content-pos'><div class='av-inner-masonry-content-pos-content'><div class='avia-arrow'><\/div><div class='av-masonry-entry-content entry-content'  itemprop=\"text\" >EROI ROMANTICI - La storia tirolese nei dipinti del XIX secolo da Koch a Defregger - Castel Tirolo, 1996 - Catalogo della mostra (esaurito)<\/div><\/div><\/div><\/figcaption><\/figure><\/a><!--end av-masonry entry--><a href=\"https:\/\/www.schlosstirol.it\/wp-content\/uploads\/2018\/01\/schloss-tirol_publikation-it-Mineralien-zweisprachig.jpg\" data-srcset=\"https:\/\/www.schlosstirol.it\/wp-content\/uploads\/2018\/01\/schloss-tirol_publikation-it-Mineralien-zweisprachig.jpg 554w, https:\/\/www.schlosstirol.it\/wp-content\/uploads\/2018\/01\/schloss-tirol_publikation-it-Mineralien-zweisprachig-208x300.jpg 208w, https:\/\/www.schlosstirol.it\/wp-content\/uploads\/2018\/01\/schloss-tirol_publikation-it-Mineralien-zweisprachig-488x705.jpg 488w, https:\/\/www.schlosstirol.it\/wp-content\/uploads\/2018\/01\/schloss-tirol_publikation-it-Mineralien-zweisprachig-450x650.jpg 450w\" data-sizes=\"(max-width: 554px) 100vw, 554px\"  aria-label=\"immagine immagine senza titolo\"  id='av-masonry-1-item-2843' data-av-masonry-item='2843' class='av-masonry-entry isotope-item post-2843 attachment type-attachment status-inherit hentry  av-masonry-item-with-image' title=\"\" alt=\"\"    itemprop=\"thumbnailUrl\" ><div class='av-inner-masonry-sizer'><\/div><figure class='av-inner-masonry main_color'><div class=\"av-masonry-outerimage-container\"><div class='av-masonry-image-container'  ><img decoding=\"async\" width=\"488\" height=\"705\" fetchpriority=\"high\" class=\"wp-image-2843 avia-img-lazy-loading-not-2843\"  src=\"https:\/\/www.schlosstirol.it\/wp-content\/uploads\/2018\/01\/schloss-tirol_publikation-it-Mineralien-zweisprachig-488x705.jpg\" title=\"\" alt=\"\" srcset=\"https:\/\/www.schlosstirol.it\/wp-content\/uploads\/2018\/01\/schloss-tirol_publikation-it-Mineralien-zweisprachig-488x705.jpg 488w, https:\/\/www.schlosstirol.it\/wp-content\/uploads\/2018\/01\/schloss-tirol_publikation-it-Mineralien-zweisprachig-208x300.jpg 208w, https:\/\/www.schlosstirol.it\/wp-content\/uploads\/2018\/01\/schloss-tirol_publikation-it-Mineralien-zweisprachig-450x650.jpg 450w, https:\/\/www.schlosstirol.it\/wp-content\/uploads\/2018\/01\/schloss-tirol_publikation-it-Mineralien-zweisprachig.jpg 554w\" sizes=\"(max-width: 488px) 100vw, 488px\" \/><\/div><\/div><figcaption class='av-inner-masonry-content site-background'><div class='av-inner-masonry-content-pos'><div class='av-inner-masonry-content-pos-content'><div class='avia-arrow'><\/div><div class='av-masonry-entry-content entry-content'  itemprop=\"text\" >MINERALIEN: ZEITZEUGEN DER ERDGESCHICHTE - MINERALI: TESTIMONIANZE DELLA STORIA DELLA TERRA, Mair Volkmar, Stingl Volkmar, Tappeiner Verlag\/Tappeiner Editore, Lana 1996, Catalogo della mostra, bilingue (esaurito)<\/div><\/div><\/div><\/figcaption><\/figure><\/a><!--end av-masonry entry--><a href=\"https:\/\/www.schlosstirol.it\/wp-content\/uploads\/2018\/01\/schloss-tirol_publikation-it-Il-sogno-di-un-principe.jpg\" data-srcset=\"https:\/\/www.schlosstirol.it\/wp-content\/uploads\/2018\/01\/schloss-tirol_publikation-it-Il-sogno-di-un-principe.jpg 661w, https:\/\/www.schlosstirol.it\/wp-content\/uploads\/2018\/01\/schloss-tirol_publikation-it-Il-sogno-di-un-principe-248x300.jpg 248w, https:\/\/www.schlosstirol.it\/wp-content\/uploads\/2018\/01\/schloss-tirol_publikation-it-Il-sogno-di-un-principe-583x705.jpg 583w, https:\/\/www.schlosstirol.it\/wp-content\/uploads\/2018\/01\/schloss-tirol_publikation-it-Il-sogno-di-un-principe-450x545.jpg 450w\" data-sizes=\"(max-width: 661px) 100vw, 661px\"  aria-label=\"immagine immagine senza titolo\"  id='av-masonry-1-item-2804' data-av-masonry-item='2804' class='av-masonry-entry isotope-item post-2804 attachment type-attachment status-inherit hentry  av-masonry-item-with-image' title=\"\" alt=\"\"    itemprop=\"thumbnailUrl\" ><div class='av-inner-masonry-sizer'><\/div><figure class='av-inner-masonry main_color'><div class=\"av-masonry-outerimage-container\"><div class='av-masonry-image-container'  ><img decoding=\"async\" width=\"583\" height=\"705\" fetchpriority=\"high\" class=\"wp-image-2804 avia-img-lazy-loading-not-2804\"  src=\"https:\/\/www.schlosstirol.it\/wp-content\/uploads\/2018\/01\/schloss-tirol_publikation-it-Il-sogno-di-un-principe-583x705.jpg\" title=\"\" alt=\"\" srcset=\"https:\/\/www.schlosstirol.it\/wp-content\/uploads\/2018\/01\/schloss-tirol_publikation-it-Il-sogno-di-un-principe-583x705.jpg 583w, https:\/\/www.schlosstirol.it\/wp-content\/uploads\/2018\/01\/schloss-tirol_publikation-it-Il-sogno-di-un-principe-248x300.jpg 248w, https:\/\/www.schlosstirol.it\/wp-content\/uploads\/2018\/01\/schloss-tirol_publikation-it-Il-sogno-di-un-principe-450x545.jpg 450w, https:\/\/www.schlosstirol.it\/wp-content\/uploads\/2018\/01\/schloss-tirol_publikation-it-Il-sogno-di-un-principe.jpg 661w\" sizes=\"(max-width: 583px) 100vw, 583px\" \/><\/div><\/div><figcaption class='av-inner-masonry-content site-background'><div class='av-inner-masonry-content-pos'><div class='av-inner-masonry-content-pos-content'><div class='avia-arrow'><\/div><div class='av-masonry-entry-content entry-content'  itemprop=\"text\" >IL SOGNO DI UN PRINCIPE - Mainardo II - La nascita del Tirolo, Mostra storica del Tirolo 1995, Castel Tirolo\/Stift Stams - Castel Tirolo\/Tiroler Landesmuseum Ferdinandeum, 1995, Catalogo della mostra (esaurito)<\/div><\/div><\/div><\/figcaption><\/figure><\/a><!--end av-masonry entry--><a href=\"https:\/\/www.schlosstirol.it\/wp-content\/uploads\/2018\/01\/schloss-tirol_publikation-it-La-spada-e-la-rosa.jpg\" data-srcset=\"https:\/\/www.schlosstirol.it\/wp-content\/uploads\/2018\/01\/schloss-tirol_publikation-it-La-spada-e-la-rosa.jpg 872w, https:\/\/www.schlosstirol.it\/wp-content\/uploads\/2018\/01\/schloss-tirol_publikation-it-La-spada-e-la-rosa-300x275.jpg 300w, https:\/\/www.schlosstirol.it\/wp-content\/uploads\/2018\/01\/schloss-tirol_publikation-it-La-spada-e-la-rosa-768x705.jpg 768w, https:\/\/www.schlosstirol.it\/wp-content\/uploads\/2018\/01\/schloss-tirol_publikation-it-La-spada-e-la-rosa-705x647.jpg 705w, https:\/\/www.schlosstirol.it\/wp-content\/uploads\/2018\/01\/schloss-tirol_publikation-it-La-spada-e-la-rosa-450x413.jpg 450w\" data-sizes=\"(max-width: 872px) 100vw, 872px\"  aria-label=\"immagine immagine senza titolo\"  id='av-masonry-1-item-2822' data-av-masonry-item='2822' class='av-masonry-entry isotope-item post-2822 attachment type-attachment status-inherit hentry  av-masonry-item-with-image' title=\"\" alt=\"\"    itemprop=\"thumbnailUrl\" ><div class='av-inner-masonry-sizer'><\/div><figure class='av-inner-masonry main_color'><div class=\"av-masonry-outerimage-container\"><div class='av-masonry-image-container'  ><img decoding=\"async\" width=\"705\" height=\"647\" fetchpriority=\"high\" class=\"wp-image-2822 avia-img-lazy-loading-not-2822\"  src=\"https:\/\/www.schlosstirol.it\/wp-content\/uploads\/2018\/01\/schloss-tirol_publikation-it-La-spada-e-la-rosa-705x647.jpg\" title=\"\" alt=\"\" srcset=\"https:\/\/www.schlosstirol.it\/wp-content\/uploads\/2018\/01\/schloss-tirol_publikation-it-La-spada-e-la-rosa-705x647.jpg 705w, https:\/\/www.schlosstirol.it\/wp-content\/uploads\/2018\/01\/schloss-tirol_publikation-it-La-spada-e-la-rosa-300x275.jpg 300w, https:\/\/www.schlosstirol.it\/wp-content\/uploads\/2018\/01\/schloss-tirol_publikation-it-La-spada-e-la-rosa-768x705.jpg 768w, https:\/\/www.schlosstirol.it\/wp-content\/uploads\/2018\/01\/schloss-tirol_publikation-it-La-spada-e-la-rosa-450x413.jpg 450w, https:\/\/www.schlosstirol.it\/wp-content\/uploads\/2018\/01\/schloss-tirol_publikation-it-La-spada-e-la-rosa.jpg 872w\" sizes=\"(max-width: 705px) 100vw, 705px\" \/><\/div><\/div><figcaption class='av-inner-masonry-content site-background'><div class='av-inner-masonry-content-pos'><div class='av-inner-masonry-content-pos-content'><div class='avia-arrow'><\/div><div class='av-masonry-entry-content entry-content'  itemprop=\"text\" >LA SPADA E LA ROSA - Iconografia delle leggende e della tradizione epica nel Tirolo, Castel Tirolo 1994, Catalogo della mostra (esaurito)<\/div><\/div><\/div><\/figcaption><\/figure><\/a><!--end av-masonry entry--><a href=\"https:\/\/www.schlosstirol.it\/wp-content\/uploads\/2018\/01\/schloss-tirol_publikation-it-Il-grano-e-le-macine.jpg\" data-srcset=\"https:\/\/www.schlosstirol.it\/wp-content\/uploads\/2018\/01\/schloss-tirol_publikation-it-Il-grano-e-le-macine.jpg 748w, https:\/\/www.schlosstirol.it\/wp-content\/uploads\/2018\/01\/schloss-tirol_publikation-it-Il-grano-e-le-macine-281x300.jpg 281w, https:\/\/www.schlosstirol.it\/wp-content\/uploads\/2018\/01\/schloss-tirol_publikation-it-Il-grano-e-le-macine-659x705.jpg 659w, https:\/\/www.schlosstirol.it\/wp-content\/uploads\/2018\/01\/schloss-tirol_publikation-it-Il-grano-e-le-macine-450x481.jpg 450w\" data-sizes=\"(max-width: 748px) 100vw, 748px\"  aria-label=\"immagine immagine senza titolo\"  id='av-masonry-1-item-2795' data-av-masonry-item='2795' class='av-masonry-entry isotope-item post-2795 attachment type-attachment status-inherit hentry  av-masonry-item-with-image' title=\"\" alt=\"\"    itemprop=\"thumbnailUrl\" ><div class='av-inner-masonry-sizer'><\/div><figure class='av-inner-masonry main_color'><div class=\"av-masonry-outerimage-container\"><div class='av-masonry-image-container'  ><img decoding=\"async\" width=\"659\" height=\"705\" fetchpriority=\"high\" class=\"wp-image-2795 avia-img-lazy-loading-not-2795\"  src=\"https:\/\/www.schlosstirol.it\/wp-content\/uploads\/2018\/01\/schloss-tirol_publikation-it-Il-grano-e-le-macine-659x705.jpg\" title=\"\" alt=\"\" srcset=\"https:\/\/www.schlosstirol.it\/wp-content\/uploads\/2018\/01\/schloss-tirol_publikation-it-Il-grano-e-le-macine-659x705.jpg 659w, https:\/\/www.schlosstirol.it\/wp-content\/uploads\/2018\/01\/schloss-tirol_publikation-it-Il-grano-e-le-macine-281x300.jpg 281w, https:\/\/www.schlosstirol.it\/wp-content\/uploads\/2018\/01\/schloss-tirol_publikation-it-Il-grano-e-le-macine-450x481.jpg 450w, https:\/\/www.schlosstirol.it\/wp-content\/uploads\/2018\/01\/schloss-tirol_publikation-it-Il-grano-e-le-macine.jpg 748w\" sizes=\"(max-width: 659px) 100vw, 659px\" \/><\/div><\/div><figcaption class='av-inner-masonry-content site-background'><div class='av-inner-masonry-content-pos'><div class='av-inner-masonry-content-pos-content'><div class='avia-arrow'><\/div><div class='av-masonry-entry-content entry-content'  itemprop=\"text\" >IL GRANO E LE MACINE - La macinazione di cereali in Alto Adige dall'Antichit\u00e0 al Medioevo, Castel Tirolo 1994, Catalogo della mostra (esaurito)<\/div><\/div><\/div><\/figcaption><\/figure><\/a><!--end av-masonry entry--><a href=\"https:\/\/www.schlosstirol.it\/wp-content\/uploads\/2018\/01\/schloss-tirol_publikation-it-Jakob-Placidus-zweisprachig.jpg\" data-srcset=\"https:\/\/www.schlosstirol.it\/wp-content\/uploads\/2018\/01\/schloss-tirol_publikation-it-Jakob-Placidus-zweisprachig.jpg 856w, https:\/\/www.schlosstirol.it\/wp-content\/uploads\/2018\/01\/schloss-tirol_publikation-it-Jakob-Placidus-zweisprachig-300x280.jpg 300w, https:\/\/www.schlosstirol.it\/wp-content\/uploads\/2018\/01\/schloss-tirol_publikation-it-Jakob-Placidus-zweisprachig-768x718.jpg 768w, https:\/\/www.schlosstirol.it\/wp-content\/uploads\/2018\/01\/schloss-tirol_publikation-it-Jakob-Placidus-zweisprachig-705x659.jpg 705w, https:\/\/www.schlosstirol.it\/wp-content\/uploads\/2018\/01\/schloss-tirol_publikation-it-Jakob-Placidus-zweisprachig-450x421.jpg 450w\" data-sizes=\"(max-width: 856px) 100vw, 856px\"  aria-label=\"immagine immagine senza titolo\"  id='av-masonry-1-item-2810' data-av-masonry-item='2810' class='av-masonry-entry isotope-item post-2810 attachment type-attachment status-inherit hentry  av-masonry-item-with-image' title=\"\" alt=\"\"    itemprop=\"thumbnailUrl\" ><div class='av-inner-masonry-sizer'><\/div><figure class='av-inner-masonry main_color'><div class=\"av-masonry-outerimage-container\"><div class='av-masonry-image-container'  ><img decoding=\"async\" width=\"705\" height=\"659\" fetchpriority=\"high\" class=\"wp-image-2810 avia-img-lazy-loading-not-2810\"  src=\"https:\/\/www.schlosstirol.it\/wp-content\/uploads\/2018\/01\/schloss-tirol_publikation-it-Jakob-Placidus-zweisprachig-705x659.jpg\" title=\"\" alt=\"\" srcset=\"https:\/\/www.schlosstirol.it\/wp-content\/uploads\/2018\/01\/schloss-tirol_publikation-it-Jakob-Placidus-zweisprachig-705x659.jpg 705w, https:\/\/www.schlosstirol.it\/wp-content\/uploads\/2018\/01\/schloss-tirol_publikation-it-Jakob-Placidus-zweisprachig-300x280.jpg 300w, https:\/\/www.schlosstirol.it\/wp-content\/uploads\/2018\/01\/schloss-tirol_publikation-it-Jakob-Placidus-zweisprachig-768x718.jpg 768w, https:\/\/www.schlosstirol.it\/wp-content\/uploads\/2018\/01\/schloss-tirol_publikation-it-Jakob-Placidus-zweisprachig-450x421.jpg 450w, https:\/\/www.schlosstirol.it\/wp-content\/uploads\/2018\/01\/schloss-tirol_publikation-it-Jakob-Placidus-zweisprachig.jpg 856w\" sizes=\"(max-width: 705px) 100vw, 705px\" \/><\/div><\/div><figcaption class='av-inner-masonry-content site-background'><div class='av-inner-masonry-content-pos'><div class='av-inner-masonry-content-pos-content'><div class='avia-arrow'><\/div><div class='av-masonry-entry-content entry-content'  itemprop=\"text\" >Tiroler Freiheitskampf und Volksleben in Werken von JAKOB PLACIDUS ALTMUTTER (1780-1819) - Dai campi di battaglia alla vita dei campi, Schloss Tirol\/Castel Tirolo 1993, Catalogo della mostra, bilingue (esaurito)<\/div><\/div><\/div><\/figcaption><\/figure><\/a><!--end av-masonry entry--><a href=\"https:\/\/www.schlosstirol.it\/wp-content\/uploads\/2018\/01\/schloss-tirol_publikation-it-La-scoperta-del-paessaggio-T..jpg\" data-srcset=\"https:\/\/www.schlosstirol.it\/wp-content\/uploads\/2018\/01\/schloss-tirol_publikation-it-La-scoperta-del-paessaggio-T..jpg 813w, https:\/\/www.schlosstirol.it\/wp-content\/uploads\/2018\/01\/schloss-tirol_publikation-it-La-scoperta-del-paessaggio-T.-80x80.jpg 80w, https:\/\/www.schlosstirol.it\/wp-content\/uploads\/2018\/01\/schloss-tirol_publikation-it-La-scoperta-del-paessaggio-T.-300x295.jpg 300w, https:\/\/www.schlosstirol.it\/wp-content\/uploads\/2018\/01\/schloss-tirol_publikation-it-La-scoperta-del-paessaggio-T.-768x756.jpg 768w, https:\/\/www.schlosstirol.it\/wp-content\/uploads\/2018\/01\/schloss-tirol_publikation-it-La-scoperta-del-paessaggio-T.-36x36.jpg 36w, https:\/\/www.schlosstirol.it\/wp-content\/uploads\/2018\/01\/schloss-tirol_publikation-it-La-scoperta-del-paessaggio-T.-705x694.jpg 705w, https:\/\/www.schlosstirol.it\/wp-content\/uploads\/2018\/01\/schloss-tirol_publikation-it-La-scoperta-del-paessaggio-T.-450x443.jpg 450w\" data-sizes=\"(max-width: 813px) 100vw, 813px\"  aria-label=\"immagine immagine senza titolo\"  id='av-masonry-1-item-2819' data-av-masonry-item='2819' class='av-masonry-entry isotope-item post-2819 attachment type-attachment status-inherit hentry  av-masonry-item-with-image' title=\"\" alt=\"\"    itemprop=\"thumbnailUrl\" ><div class='av-inner-masonry-sizer'><\/div><figure class='av-inner-masonry main_color'><div class=\"av-masonry-outerimage-container\"><div class='av-masonry-image-container'  ><img decoding=\"async\" width=\"705\" height=\"694\" fetchpriority=\"high\" class=\"wp-image-2819 avia-img-lazy-loading-not-2819\"  src=\"https:\/\/www.schlosstirol.it\/wp-content\/uploads\/2018\/01\/schloss-tirol_publikation-it-La-scoperta-del-paessaggio-T.-705x694.jpg\" title=\"\" alt=\"\" srcset=\"https:\/\/www.schlosstirol.it\/wp-content\/uploads\/2018\/01\/schloss-tirol_publikation-it-La-scoperta-del-paessaggio-T.-705x694.jpg 705w, https:\/\/www.schlosstirol.it\/wp-content\/uploads\/2018\/01\/schloss-tirol_publikation-it-La-scoperta-del-paessaggio-T.-80x80.jpg 80w, https:\/\/www.schlosstirol.it\/wp-content\/uploads\/2018\/01\/schloss-tirol_publikation-it-La-scoperta-del-paessaggio-T.-300x295.jpg 300w, https:\/\/www.schlosstirol.it\/wp-content\/uploads\/2018\/01\/schloss-tirol_publikation-it-La-scoperta-del-paessaggio-T.-768x756.jpg 768w, https:\/\/www.schlosstirol.it\/wp-content\/uploads\/2018\/01\/schloss-tirol_publikation-it-La-scoperta-del-paessaggio-T.-36x36.jpg 36w, https:\/\/www.schlosstirol.it\/wp-content\/uploads\/2018\/01\/schloss-tirol_publikation-it-La-scoperta-del-paessaggio-T.-450x443.jpg 450w, https:\/\/www.schlosstirol.it\/wp-content\/uploads\/2018\/01\/schloss-tirol_publikation-it-La-scoperta-del-paessaggio-T..jpg 813w\" sizes=\"(max-width: 705px) 100vw, 705px\" \/><\/div><\/div><figcaption class='av-inner-masonry-content site-background'><div class='av-inner-masonry-content-pos'><div class='av-inner-masonry-content-pos-content'><div class='avia-arrow'><\/div><div class='av-masonry-entry-content entry-content'  itemprop=\"text\" >LA SCOPERTA DEL PAESAGGIO TIROLESE - Dal Romanticismo all'Impressionismo, Tiroler Landesmuseum Ferdinandeum\/Castel Tirolo 1992, Catalogo della mostra (esaurito)<\/div><\/div><\/div><\/figcaption><\/figure><\/a><!--end av-masonry entry--><a href=\"https:\/\/www.schlosstirol.it\/wp-content\/uploads\/2018\/01\/schloss-tirol_publikation-it-I-Reti.jpg\" data-srcset=\"https:\/\/www.schlosstirol.it\/wp-content\/uploads\/2018\/01\/schloss-tirol_publikation-it-I-Reti.jpg 513w, https:\/\/www.schlosstirol.it\/wp-content\/uploads\/2018\/01\/schloss-tirol_publikation-it-I-Reti-192x300.jpg 192w, https:\/\/www.schlosstirol.it\/wp-content\/uploads\/2018\/01\/schloss-tirol_publikation-it-I-Reti-452x705.jpg 452w, https:\/\/www.schlosstirol.it\/wp-content\/uploads\/2018\/01\/schloss-tirol_publikation-it-I-Reti-450x702.jpg 450w\" data-sizes=\"(max-width: 513px) 100vw, 513px\"  aria-label=\"immagine immagine senza titolo\"  id='av-masonry-1-item-2792' data-av-masonry-item='2792' class='av-masonry-entry isotope-item post-2792 attachment type-attachment status-inherit hentry  av-masonry-item-with-image' title=\"\" alt=\"\"    itemprop=\"thumbnailUrl\" ><div class='av-inner-masonry-sizer'><\/div><figure class='av-inner-masonry main_color'><div class=\"av-masonry-outerimage-container\"><div class='av-masonry-image-container'  ><img decoding=\"async\" width=\"452\" height=\"705\" fetchpriority=\"high\" class=\"wp-image-2792 avia-img-lazy-loading-not-2792\"  src=\"https:\/\/www.schlosstirol.it\/wp-content\/uploads\/2018\/01\/schloss-tirol_publikation-it-I-Reti-452x705.jpg\" title=\"\" alt=\"\" srcset=\"https:\/\/www.schlosstirol.it\/wp-content\/uploads\/2018\/01\/schloss-tirol_publikation-it-I-Reti-452x705.jpg 452w, https:\/\/www.schlosstirol.it\/wp-content\/uploads\/2018\/01\/schloss-tirol_publikation-it-I-Reti-192x300.jpg 192w, https:\/\/www.schlosstirol.it\/wp-content\/uploads\/2018\/01\/schloss-tirol_publikation-it-I-Reti-450x702.jpg 450w, https:\/\/www.schlosstirol.it\/wp-content\/uploads\/2018\/01\/schloss-tirol_publikation-it-I-Reti.jpg 513w\" sizes=\"(max-width: 452px) 100vw, 452px\" \/><\/div><\/div><figcaption class='av-inner-masonry-content site-background'><div class='av-inner-masonry-content-pos'><div class='av-inner-masonry-content-pos-content'><div class='avia-arrow'><\/div><div class='av-masonry-entry-content entry-content'  itemprop=\"text\" >I RETI, Gleirscher Paul, Museo Retico Coira, 1991 (esaurito)<\/div><\/div><\/div><\/figcaption><\/figure><\/a><!--end av-masonry entry--><a href=\"https:\/\/www.schlosstirol.it\/wp-content\/uploads\/2018\/01\/schloss-tirol_publikation-it-Invito-a-Cast.-T..jpg\" data-srcset=\"https:\/\/www.schlosstirol.it\/wp-content\/uploads\/2018\/01\/schloss-tirol_publikation-it-Invito-a-Cast.-T..jpg 564w, https:\/\/www.schlosstirol.it\/wp-content\/uploads\/2018\/01\/schloss-tirol_publikation-it-Invito-a-Cast.-T.-212x300.jpg 212w, https:\/\/www.schlosstirol.it\/wp-content\/uploads\/2018\/01\/schloss-tirol_publikation-it-Invito-a-Cast.-T.-497x705.jpg 497w, https:\/\/www.schlosstirol.it\/wp-content\/uploads\/2018\/01\/schloss-tirol_publikation-it-Invito-a-Cast.-T.-450x638.jpg 450w\" data-sizes=\"(max-width: 564px) 100vw, 564px\"  aria-label=\"immagine immagine senza titolo\"  id='av-masonry-1-item-2807' data-av-masonry-item='2807' class='av-masonry-entry isotope-item post-2807 attachment type-attachment status-inherit hentry  av-masonry-item-with-image' title=\"\" alt=\"\"    itemprop=\"thumbnailUrl\" ><div class='av-inner-masonry-sizer'><\/div><figure class='av-inner-masonry main_color'><div class=\"av-masonry-outerimage-container\"><div class='av-masonry-image-container'  ><img decoding=\"async\" width=\"497\" height=\"705\" fetchpriority=\"high\" class=\"wp-image-2807 avia-img-lazy-loading-not-2807\"  src=\"https:\/\/www.schlosstirol.it\/wp-content\/uploads\/2018\/01\/schloss-tirol_publikation-it-Invito-a-Cast.-T.-497x705.jpg\" title=\"\" alt=\"\" srcset=\"https:\/\/www.schlosstirol.it\/wp-content\/uploads\/2018\/01\/schloss-tirol_publikation-it-Invito-a-Cast.-T.-497x705.jpg 497w, https:\/\/www.schlosstirol.it\/wp-content\/uploads\/2018\/01\/schloss-tirol_publikation-it-Invito-a-Cast.-T.-212x300.jpg 212w, https:\/\/www.schlosstirol.it\/wp-content\/uploads\/2018\/01\/schloss-tirol_publikation-it-Invito-a-Cast.-T.-450x638.jpg 450w, https:\/\/www.schlosstirol.it\/wp-content\/uploads\/2018\/01\/schloss-tirol_publikation-it-Invito-a-Cast.-T..jpg 564w\" sizes=\"(max-width: 497px) 100vw, 497px\" \/><\/div><\/div><figcaption class='av-inner-masonry-content site-background'><div class='av-inner-masonry-content-pos'><div class='av-inner-masonry-content-pos-content'><div class='avia-arrow'><\/div><div class='av-masonry-entry-content entry-content'  itemprop=\"text\" >INVITO A CASTEL TIROLO, Romeo Carlo, Pubblicazione a cura della Provincia Autonoma di Bolzano, 1991 (esaurito)<\/div><\/div><\/div><\/figcaption><\/figure><\/a><!--end av-masonry entry--><a href=\"https:\/\/www.schlosstirol.it\/wp-content\/uploads\/2018\/01\/schloss-tirol_publikation-it-San-Procolo-a-Naturno.jpg\" data-srcset=\"https:\/\/www.schlosstirol.it\/wp-content\/uploads\/2018\/01\/schloss-tirol_publikation-it-San-Procolo-a-Naturno.jpg 797w, https:\/\/www.schlosstirol.it\/wp-content\/uploads\/2018\/01\/schloss-tirol_publikation-it-San-Procolo-a-Naturno-80x80.jpg 80w, https:\/\/www.schlosstirol.it\/wp-content\/uploads\/2018\/01\/schloss-tirol_publikation-it-San-Procolo-a-Naturno-300x300.jpg 300w, https:\/\/www.schlosstirol.it\/wp-content\/uploads\/2018\/01\/schloss-tirol_publikation-it-San-Procolo-a-Naturno-768x771.jpg 768w, https:\/\/www.schlosstirol.it\/wp-content\/uploads\/2018\/01\/schloss-tirol_publikation-it-San-Procolo-a-Naturno-36x36.jpg 36w, https:\/\/www.schlosstirol.it\/wp-content\/uploads\/2018\/01\/schloss-tirol_publikation-it-San-Procolo-a-Naturno-180x180.jpg 180w, https:\/\/www.schlosstirol.it\/wp-content\/uploads\/2018\/01\/schloss-tirol_publikation-it-San-Procolo-a-Naturno-702x705.jpg 702w, https:\/\/www.schlosstirol.it\/wp-content\/uploads\/2018\/01\/schloss-tirol_publikation-it-San-Procolo-a-Naturno-120x120.jpg 120w, https:\/\/www.schlosstirol.it\/wp-content\/uploads\/2018\/01\/schloss-tirol_publikation-it-San-Procolo-a-Naturno-450x452.jpg 450w\" data-sizes=\"(max-width: 797px) 100vw, 797px\"  aria-label=\"immagine immagine senza titolo\"  id='av-masonry-1-item-2861' data-av-masonry-item='2861' class='av-masonry-entry isotope-item post-2861 attachment type-attachment status-inherit hentry  av-masonry-item-with-image' title=\"\" alt=\"\"    itemprop=\"thumbnailUrl\" ><div class='av-inner-masonry-sizer'><\/div><figure class='av-inner-masonry main_color'><div class=\"av-masonry-outerimage-container\"><div class='av-masonry-image-container'  ><img decoding=\"async\" width=\"702\" height=\"705\" fetchpriority=\"high\" class=\"wp-image-2861 avia-img-lazy-loading-not-2861\"  src=\"https:\/\/www.schlosstirol.it\/wp-content\/uploads\/2018\/01\/schloss-tirol_publikation-it-San-Procolo-a-Naturno-702x705.jpg\" title=\"\" alt=\"\" srcset=\"https:\/\/www.schlosstirol.it\/wp-content\/uploads\/2018\/01\/schloss-tirol_publikation-it-San-Procolo-a-Naturno-702x705.jpg 702w, https:\/\/www.schlosstirol.it\/wp-content\/uploads\/2018\/01\/schloss-tirol_publikation-it-San-Procolo-a-Naturno-80x80.jpg 80w, https:\/\/www.schlosstirol.it\/wp-content\/uploads\/2018\/01\/schloss-tirol_publikation-it-San-Procolo-a-Naturno-300x300.jpg 300w, https:\/\/www.schlosstirol.it\/wp-content\/uploads\/2018\/01\/schloss-tirol_publikation-it-San-Procolo-a-Naturno-768x771.jpg 768w, https:\/\/www.schlosstirol.it\/wp-content\/uploads\/2018\/01\/schloss-tirol_publikation-it-San-Procolo-a-Naturno-36x36.jpg 36w, https:\/\/www.schlosstirol.it\/wp-content\/uploads\/2018\/01\/schloss-tirol_publikation-it-San-Procolo-a-Naturno-180x180.jpg 180w, https:\/\/www.schlosstirol.it\/wp-content\/uploads\/2018\/01\/schloss-tirol_publikation-it-San-Procolo-a-Naturno-120x120.jpg 120w, https:\/\/www.schlosstirol.it\/wp-content\/uploads\/2018\/01\/schloss-tirol_publikation-it-San-Procolo-a-Naturno-450x452.jpg 450w, https:\/\/www.schlosstirol.it\/wp-content\/uploads\/2018\/01\/schloss-tirol_publikation-it-San-Procolo-a-Naturno.jpg 797w\" sizes=\"(max-width: 702px) 100vw, 702px\" \/><\/div><\/div><figcaption class='av-inner-masonry-content site-background'><div class='av-inner-masonry-content-pos'><div class='av-inner-masonry-content-pos-content'><div class='avia-arrow'><\/div><div class='av-masonry-entry-content entry-content'  itemprop=\"text\" >SAN PROCOLO A NATURNO - La storia attraverso gli scavi. Gli uomini dell'alto medioevo e del tempo della peste, Castel Tirolo 1991, Catalogo della mostra (esaurito)<\/div><\/div><\/div><\/figcaption><\/figure><\/a><!--end av-masonry entry--><a href=\"https:\/\/www.schlosstirol.it\/wp-content\/uploads\/2018\/01\/schloss-tirol_publikation-it-Castel-Tirolo.jpg\" data-srcset=\"https:\/\/www.schlosstirol.it\/wp-content\/uploads\/2018\/01\/schloss-tirol_publikation-it-Castel-Tirolo.jpg 565w, https:\/\/www.schlosstirol.it\/wp-content\/uploads\/2018\/01\/schloss-tirol_publikation-it-Castel-Tirolo-212x300.jpg 212w, https:\/\/www.schlosstirol.it\/wp-content\/uploads\/2018\/01\/schloss-tirol_publikation-it-Castel-Tirolo-498x705.jpg 498w, https:\/\/www.schlosstirol.it\/wp-content\/uploads\/2018\/01\/schloss-tirol_publikation-it-Castel-Tirolo-450x637.jpg 450w\" data-sizes=\"(max-width: 565px) 100vw, 565px\"  aria-label=\"immagine immagine senza titolo\"  id='av-masonry-1-item-2756' data-av-masonry-item='2756' class='av-masonry-entry isotope-item post-2756 attachment type-attachment status-inherit hentry  av-masonry-item-with-image' title=\"\" alt=\"\"    itemprop=\"thumbnailUrl\" ><div class='av-inner-masonry-sizer'><\/div><figure class='av-inner-masonry main_color'><div class=\"av-masonry-outerimage-container\"><div class='av-masonry-image-container'  ><img decoding=\"async\" width=\"498\" height=\"705\" fetchpriority=\"high\" class=\"wp-image-2756 avia-img-lazy-loading-not-2756\"  src=\"https:\/\/www.schlosstirol.it\/wp-content\/uploads\/2018\/01\/schloss-tirol_publikation-it-Castel-Tirolo-498x705.jpg\" title=\"\" alt=\"\" srcset=\"https:\/\/www.schlosstirol.it\/wp-content\/uploads\/2018\/01\/schloss-tirol_publikation-it-Castel-Tirolo-498x705.jpg 498w, https:\/\/www.schlosstirol.it\/wp-content\/uploads\/2018\/01\/schloss-tirol_publikation-it-Castel-Tirolo-212x300.jpg 212w, https:\/\/www.schlosstirol.it\/wp-content\/uploads\/2018\/01\/schloss-tirol_publikation-it-Castel-Tirolo-450x637.jpg 450w, https:\/\/www.schlosstirol.it\/wp-content\/uploads\/2018\/01\/schloss-tirol_publikation-it-Castel-Tirolo.jpg 565w\" sizes=\"(max-width: 498px) 100vw, 498px\" \/><\/div><\/div><figcaption class='av-inner-masonry-content site-background'><div class='av-inner-masonry-content-pos'><div class='av-inner-masonry-content-pos-content'><div class='avia-arrow'><\/div><div class='av-masonry-entry-content entry-content'  itemprop=\"text\" >CASTEL TIROLO, Provincia Autonoma di Bolzano-Alto Adige (a cura di), Sovrintendenza ai Beni culturali, 1986 (esaurito)<\/div><\/div><\/div><\/figcaption><\/figure><\/a><!--end av-masonry entry--><\/div><\/div><\/p><\/div>\n","protected":false},"excerpt":{"rendered":"","protected":false},"author":1,"featured_media":16855,"comment_status":"closed","ping_status":"closed","template":"","meta":{"footnotes":""},"tags":[],"portfolio_entries":[171],"class_list":["post-15656","portfolio","type-portfolio","status-publish","has-post-thumbnail","hentry","portfolio_entries-publikationen-it"],"yoast_head":"<!-- This site is optimized with the Yoast SEO plugin v27.5 - https:\/\/yoast.com\/product\/yoast-seo-wordpress\/ -->\n<title>Pubblicazioni - Castel Tirolo - Museo storico-culturale (BZ)<\/title>\n<meta name=\"robots\" content=\"index, follow, max-snippet:-1, max-image-preview:large, max-video-preview:-1\" \/>\n<link rel=\"canonical\" href=\"https:\/\/www.schlosstirol.it\/it\/museo-provinciale-alto-adige\/pubblicazioni\/\" \/>\n<meta property=\"og:locale\" content=\"it_IT\" \/>\n<meta property=\"og:type\" content=\"article\" \/>\n<meta property=\"og:title\" content=\"Pubblicazioni - Castel Tirolo - Museo storico-culturale (BZ)\" \/>\n<meta property=\"og:url\" content=\"https:\/\/www.schlosstirol.it\/it\/museo-provinciale-alto-adige\/pubblicazioni\/\" \/>\n<meta property=\"og:site_name\" content=\"Castel Tirolo - Museo storico-culturale (BZ)\" \/>\n<meta property=\"article:publisher\" content=\"https:\/\/www.facebook.com\/schlosstirol.casteltirolo\" \/>\n<meta property=\"article:modified_time\" content=\"2026-04-20T06:13:01+00:00\" \/>\n<meta property=\"og:image\" content=\"https:\/\/www.schlosstirol.it\/wp-content\/uploads\/2021\/01\/intra_extra_teaser-1.jpg\" \/>\n\t<meta property=\"og:image:width\" content=\"1030\" \/>\n\t<meta property=\"og:image:height\" content=\"699\" \/>\n\t<meta property=\"og:image:type\" content=\"image\/jpeg\" \/>\n<meta name=\"twitter:card\" content=\"summary_large_image\" \/>\n<meta name=\"twitter:label1\" content=\"Tempo di lettura stimato\" \/>\n\t<meta name=\"twitter:data1\" content=\"28 minuti\" \/>\n<script type=\"application\/ld+json\" class=\"yoast-schema-graph\">{\"@context\":\"https:\\\/\\\/schema.org\",\"@graph\":[{\"@type\":\"WebPage\",\"@id\":\"https:\\\/\\\/www.schlosstirol.it\\\/it\\\/museo-provinciale-alto-adige\\\/pubblicazioni\\\/\",\"url\":\"https:\\\/\\\/www.schlosstirol.it\\\/it\\\/museo-provinciale-alto-adige\\\/pubblicazioni\\\/\",\"name\":\"Pubblicazioni - Castel Tirolo - Museo storico-culturale (BZ)\",\"isPartOf\":{\"@id\":\"https:\\\/\\\/www.schlosstirol.it\\\/it\\\/#website\"},\"primaryImageOfPage\":{\"@id\":\"https:\\\/\\\/www.schlosstirol.it\\\/it\\\/museo-provinciale-alto-adige\\\/pubblicazioni\\\/#primaryimage\"},\"image\":{\"@id\":\"https:\\\/\\\/www.schlosstirol.it\\\/it\\\/museo-provinciale-alto-adige\\\/pubblicazioni\\\/#primaryimage\"},\"thumbnailUrl\":\"https:\\\/\\\/www.schlosstirol.it\\\/wp-content\\\/uploads\\\/2021\\\/01\\\/intra_extra_teaser-1.jpg\",\"datePublished\":\"2024-02-05T16:30:20+00:00\",\"dateModified\":\"2026-04-20T06:13:01+00:00\",\"breadcrumb\":{\"@id\":\"https:\\\/\\\/www.schlosstirol.it\\\/it\\\/museo-provinciale-alto-adige\\\/pubblicazioni\\\/#breadcrumb\"},\"inLanguage\":\"it-IT\",\"potentialAction\":[{\"@type\":\"ReadAction\",\"target\":[\"https:\\\/\\\/www.schlosstirol.it\\\/it\\\/museo-provinciale-alto-adige\\\/pubblicazioni\\\/\"]}]},{\"@type\":\"ImageObject\",\"inLanguage\":\"it-IT\",\"@id\":\"https:\\\/\\\/www.schlosstirol.it\\\/it\\\/museo-provinciale-alto-adige\\\/pubblicazioni\\\/#primaryimage\",\"url\":\"https:\\\/\\\/www.schlosstirol.it\\\/wp-content\\\/uploads\\\/2021\\\/01\\\/intra_extra_teaser-1.jpg\",\"contentUrl\":\"https:\\\/\\\/www.schlosstirol.it\\\/wp-content\\\/uploads\\\/2021\\\/01\\\/intra_extra_teaser-1.jpg\",\"width\":1030,\"height\":699},{\"@type\":\"BreadcrumbList\",\"@id\":\"https:\\\/\\\/www.schlosstirol.it\\\/it\\\/museo-provinciale-alto-adige\\\/pubblicazioni\\\/#breadcrumb\",\"itemListElement\":[{\"@type\":\"ListItem\",\"position\":1,\"name\":\"Startseite\",\"item\":\"https:\\\/\\\/www.schlosstirol.it\\\/it\\\/castel-tirolo\\\/\"},{\"@type\":\"ListItem\",\"position\":2,\"name\":\"Pubblicazioni\"}]},{\"@type\":\"WebSite\",\"@id\":\"https:\\\/\\\/www.schlosstirol.it\\\/it\\\/#website\",\"url\":\"https:\\\/\\\/www.schlosstirol.it\\\/it\\\/\",\"name\":\"Castel Tirolo - Museo storico-culturale (BZ)\",\"description\":\"Museo storico-culturale della Provincia di Bolzano\",\"publisher\":{\"@id\":\"https:\\\/\\\/www.schlosstirol.it\\\/it\\\/#organization\"},\"potentialAction\":[{\"@type\":\"SearchAction\",\"target\":{\"@type\":\"EntryPoint\",\"urlTemplate\":\"https:\\\/\\\/www.schlosstirol.it\\\/it\\\/?s={search_term_string}\"},\"query-input\":{\"@type\":\"PropertyValueSpecification\",\"valueRequired\":true,\"valueName\":\"search_term_string\"}}],\"inLanguage\":\"it-IT\"},{\"@type\":\"Organization\",\"@id\":\"https:\\\/\\\/www.schlosstirol.it\\\/it\\\/#organization\",\"name\":\"Castel Tirolo\",\"url\":\"https:\\\/\\\/www.schlosstirol.it\\\/it\\\/\",\"logo\":{\"@type\":\"ImageObject\",\"inLanguage\":\"it-IT\",\"@id\":\"https:\\\/\\\/www.schlosstirol.it\\\/it\\\/#\\\/schema\\\/logo\\\/image\\\/\",\"url\":\"https:\\\/\\\/www.schlosstirol.it\\\/wp-content\\\/uploads\\\/2018\\\/09\\\/schloss-tirol_logo-impressum.png\",\"contentUrl\":\"https:\\\/\\\/www.schlosstirol.it\\\/wp-content\\\/uploads\\\/2018\\\/09\\\/schloss-tirol_logo-impressum.png\",\"width\":1030,\"height\":687,\"caption\":\"Castel Tirolo\"},\"image\":{\"@id\":\"https:\\\/\\\/www.schlosstirol.it\\\/it\\\/#\\\/schema\\\/logo\\\/image\\\/\"},\"sameAs\":[\"https:\\\/\\\/www.facebook.com\\\/schlosstirol.casteltirolo\"]}]}<\/script>\n<!-- \/ Yoast SEO plugin. -->","yoast_head_json":{"title":"Pubblicazioni - Castel Tirolo - Museo storico-culturale (BZ)","robots":{"index":"index","follow":"follow","max-snippet":"max-snippet:-1","max-image-preview":"max-image-preview:large","max-video-preview":"max-video-preview:-1"},"canonical":"https:\/\/www.schlosstirol.it\/it\/museo-provinciale-alto-adige\/pubblicazioni\/","og_locale":"it_IT","og_type":"article","og_title":"Pubblicazioni - Castel Tirolo - Museo storico-culturale (BZ)","og_url":"https:\/\/www.schlosstirol.it\/it\/museo-provinciale-alto-adige\/pubblicazioni\/","og_site_name":"Castel Tirolo - Museo storico-culturale (BZ)","article_publisher":"https:\/\/www.facebook.com\/schlosstirol.casteltirolo","article_modified_time":"2026-04-20T06:13:01+00:00","og_image":[{"width":1030,"height":699,"url":"https:\/\/www.schlosstirol.it\/wp-content\/uploads\/2021\/01\/intra_extra_teaser-1.jpg","type":"image\/jpeg"}],"twitter_card":"summary_large_image","twitter_misc":{"Tempo di lettura stimato":"28 minuti"},"schema":{"@context":"https:\/\/schema.org","@graph":[{"@type":"WebPage","@id":"https:\/\/www.schlosstirol.it\/it\/museo-provinciale-alto-adige\/pubblicazioni\/","url":"https:\/\/www.schlosstirol.it\/it\/museo-provinciale-alto-adige\/pubblicazioni\/","name":"Pubblicazioni - Castel Tirolo - Museo storico-culturale (BZ)","isPartOf":{"@id":"https:\/\/www.schlosstirol.it\/it\/#website"},"primaryImageOfPage":{"@id":"https:\/\/www.schlosstirol.it\/it\/museo-provinciale-alto-adige\/pubblicazioni\/#primaryimage"},"image":{"@id":"https:\/\/www.schlosstirol.it\/it\/museo-provinciale-alto-adige\/pubblicazioni\/#primaryimage"},"thumbnailUrl":"https:\/\/www.schlosstirol.it\/wp-content\/uploads\/2021\/01\/intra_extra_teaser-1.jpg","datePublished":"2024-02-05T16:30:20+00:00","dateModified":"2026-04-20T06:13:01+00:00","breadcrumb":{"@id":"https:\/\/www.schlosstirol.it\/it\/museo-provinciale-alto-adige\/pubblicazioni\/#breadcrumb"},"inLanguage":"it-IT","potentialAction":[{"@type":"ReadAction","target":["https:\/\/www.schlosstirol.it\/it\/museo-provinciale-alto-adige\/pubblicazioni\/"]}]},{"@type":"ImageObject","inLanguage":"it-IT","@id":"https:\/\/www.schlosstirol.it\/it\/museo-provinciale-alto-adige\/pubblicazioni\/#primaryimage","url":"https:\/\/www.schlosstirol.it\/wp-content\/uploads\/2021\/01\/intra_extra_teaser-1.jpg","contentUrl":"https:\/\/www.schlosstirol.it\/wp-content\/uploads\/2021\/01\/intra_extra_teaser-1.jpg","width":1030,"height":699},{"@type":"BreadcrumbList","@id":"https:\/\/www.schlosstirol.it\/it\/museo-provinciale-alto-adige\/pubblicazioni\/#breadcrumb","itemListElement":[{"@type":"ListItem","position":1,"name":"Startseite","item":"https:\/\/www.schlosstirol.it\/it\/castel-tirolo\/"},{"@type":"ListItem","position":2,"name":"Pubblicazioni"}]},{"@type":"WebSite","@id":"https:\/\/www.schlosstirol.it\/it\/#website","url":"https:\/\/www.schlosstirol.it\/it\/","name":"Castel Tirolo - Museo storico-culturale (BZ)","description":"Museo storico-culturale della Provincia di Bolzano","publisher":{"@id":"https:\/\/www.schlosstirol.it\/it\/#organization"},"potentialAction":[{"@type":"SearchAction","target":{"@type":"EntryPoint","urlTemplate":"https:\/\/www.schlosstirol.it\/it\/?s={search_term_string}"},"query-input":{"@type":"PropertyValueSpecification","valueRequired":true,"valueName":"search_term_string"}}],"inLanguage":"it-IT"},{"@type":"Organization","@id":"https:\/\/www.schlosstirol.it\/it\/#organization","name":"Castel Tirolo","url":"https:\/\/www.schlosstirol.it\/it\/","logo":{"@type":"ImageObject","inLanguage":"it-IT","@id":"https:\/\/www.schlosstirol.it\/it\/#\/schema\/logo\/image\/","url":"https:\/\/www.schlosstirol.it\/wp-content\/uploads\/2018\/09\/schloss-tirol_logo-impressum.png","contentUrl":"https:\/\/www.schlosstirol.it\/wp-content\/uploads\/2018\/09\/schloss-tirol_logo-impressum.png","width":1030,"height":687,"caption":"Castel Tirolo"},"image":{"@id":"https:\/\/www.schlosstirol.it\/it\/#\/schema\/logo\/image\/"},"sameAs":["https:\/\/www.facebook.com\/schlosstirol.casteltirolo"]}]}},"_links":{"self":[{"href":"https:\/\/www.schlosstirol.it\/it\/wp-json\/wp\/v2\/portfolio\/15656","targetHints":{"allow":["GET"]}}],"collection":[{"href":"https:\/\/www.schlosstirol.it\/it\/wp-json\/wp\/v2\/portfolio"}],"about":[{"href":"https:\/\/www.schlosstirol.it\/it\/wp-json\/wp\/v2\/types\/portfolio"}],"author":[{"embeddable":true,"href":"https:\/\/www.schlosstirol.it\/it\/wp-json\/wp\/v2\/users\/1"}],"replies":[{"embeddable":true,"href":"https:\/\/www.schlosstirol.it\/it\/wp-json\/wp\/v2\/comments?post=15656"}],"version-history":[{"count":2,"href":"https:\/\/www.schlosstirol.it\/it\/wp-json\/wp\/v2\/portfolio\/15656\/revisions"}],"predecessor-version":[{"id":23449,"href":"https:\/\/www.schlosstirol.it\/it\/wp-json\/wp\/v2\/portfolio\/15656\/revisions\/23449"}],"wp:featuredmedia":[{"embeddable":true,"href":"https:\/\/www.schlosstirol.it\/it\/wp-json\/wp\/v2\/media\/16855"}],"wp:attachment":[{"href":"https:\/\/www.schlosstirol.it\/it\/wp-json\/wp\/v2\/media?parent=15656"}],"wp:term":[{"taxonomy":"post_tag","embeddable":true,"href":"https:\/\/www.schlosstirol.it\/it\/wp-json\/wp\/v2\/tags?post=15656"},{"taxonomy":"portfolio_entries","embeddable":true,"href":"https:\/\/www.schlosstirol.it\/it\/wp-json\/wp\/v2\/portfolio_entries?post=15656"}],"curies":[{"name":"wp","href":"https:\/\/api.w.org\/{rel}","templated":true}]}}