{"id":16118,"date":"2024-03-14T08:48:22","date_gmt":"2024-03-14T07:48:22","guid":{"rendered":"https:\/\/www.schlosstirol.it\/landesmuseum-suedtirol\/ausstellungen-2023\/"},"modified":"2024-03-14T08:53:50","modified_gmt":"2024-03-14T07:53:50","slug":"mostre-2023","status":"publish","type":"portfolio","link":"https:\/\/www.schlosstirol.it\/it\/museo-provinciale-alto-adige\/mostre-2023\/","title":{"rendered":"Mostre 2023"},"content":{"rendered":"<div id='start'  class='avia-section av-av_section-49c95862ea91de90d8cdd9e82c5cda85 main_color avia-section-default avia-no-border-styling  avia-builder-el-0  el_before_av_section  avia-builder-el-first  avia-bg-style-scroll container_wrap fullsize'  ><div class='container av-section-cont-open' ><main  role=\"main\" itemprop=\"mainContentOfPage\"  class='template-page content  av-content-full alpha units'><div class='post-entry post-entry-type-page post-entry-16118'><div class='entry-content-wrapper clearfix'>\n\n<style type=\"text\/css\" data-created_by=\"avia_inline_auto\" id=\"style-css-av-av_one_third-abf61815a02831d116b1aaa4a1b0ed13\">\n.flex_column.av-av_one_third-abf61815a02831d116b1aaa4a1b0ed13{\nborder-radius:0px 0px 0px 0px;\npadding:0px 0px 0px 0px;\n}\n<\/style>\n<div  class='flex_column av-av_one_third-abf61815a02831d116b1aaa4a1b0ed13 av_one_third  avia-builder-el-1  el_before_av_two_third  avia-builder-el-first  first flex_column_div av-zero-column-padding  '     ><style type=\"text\/css\" data-created_by=\"avia_inline_auto\" id=\"style-css-av-av_gallery-68f76a77e547e369043a4c50a01845c5\">\n#top .avia-gallery.av-av_gallery-68f76a77e547e369043a4c50a01845c5 .avia-gallery-thumb a{\nwidth:100%;\n}\n<\/style>\n<div  class='avia-gallery av-av_gallery-68f76a77e547e369043a4c50a01845c5 avia_animate_when_visible  avia-builder-el-2  avia-builder-el-no-sibling  deactivate_avia_lazyload avia-gallery-animate avia-gallery-1'  itemprop=\"image\" itemscope=\"itemscope\" itemtype=\"https:\/\/schema.org\/ImageObject\" ><meta itemprop=\"contentURL\" content=\"https:\/\/www.schlosstirol.it\/it\/museo-provinciale-alto-adige\/mostre-2023\/\"><div class='avia-gallery-thumb'><a href=\"https:\/\/www.schlosstirol.it\/wp-content\/uploads\/2023\/07\/Andacht-und-Herrschaft_DSC02345.jpg\" data-srcset=\"https:\/\/www.schlosstirol.it\/wp-content\/uploads\/2023\/07\/Andacht-und-Herrschaft_DSC02345.jpg 945w, https:\/\/www.schlosstirol.it\/wp-content\/uploads\/2023\/07\/Andacht-und-Herrschaft_DSC02345-300x200.jpg 300w, https:\/\/www.schlosstirol.it\/wp-content\/uploads\/2023\/07\/Andacht-und-Herrschaft_DSC02345-768x512.jpg 768w, https:\/\/www.schlosstirol.it\/wp-content\/uploads\/2023\/07\/Andacht-und-Herrschaft_DSC02345-705x470.jpg 705w\" data-sizes=\"(max-width: 945px) 100vw, 945px\" data-rel='gallery-1' data-prev-img='https:\/\/www.schlosstirol.it\/wp-content\/uploads\/2023\/07\/Andacht-und-Herrschaft_DSC02345.jpg' class='first_thumb lightbox ' data-onclick='1' title='Spazi espositivi'  itemprop=\"thumbnailUrl\"  ><img decoding=\"async\" fetchpriority=\"high\" class=\"wp-image-14146 avia-img-lazy-loading-not-14146\"  data-avia-tooltip='Spazi espositivi' src=\"https:\/\/www.schlosstirol.it\/wp-content\/uploads\/2023\/07\/Andacht-und-Herrschaft_DSC02345.jpg\" width=\"945\" height=\"630\"  title='' alt='' srcset=\"https:\/\/www.schlosstirol.it\/wp-content\/uploads\/2023\/07\/Andacht-und-Herrschaft_DSC02345.jpg 945w, https:\/\/www.schlosstirol.it\/wp-content\/uploads\/2023\/07\/Andacht-und-Herrschaft_DSC02345-300x200.jpg 300w, https:\/\/www.schlosstirol.it\/wp-content\/uploads\/2023\/07\/Andacht-und-Herrschaft_DSC02345-768x512.jpg 768w, https:\/\/www.schlosstirol.it\/wp-content\/uploads\/2023\/07\/Andacht-und-Herrschaft_DSC02345-705x470.jpg 705w\" sizes=\"(max-width: 945px) 100vw, 945px\" \/><div class='big-prev-fake'><img decoding=\"async\" loading=\"lazy\" class=\"wp-image-14146 avia-img-lazy-loading-14146\"  width=\"945\" height=\"630\" src=\"https:\/\/www.schlosstirol.it\/wp-content\/uploads\/2023\/07\/Andacht-und-Herrschaft_DSC02345.jpg\" title='' alt='' srcset=\"https:\/\/www.schlosstirol.it\/wp-content\/uploads\/2023\/07\/Andacht-und-Herrschaft_DSC02345.jpg 945w, https:\/\/www.schlosstirol.it\/wp-content\/uploads\/2023\/07\/Andacht-und-Herrschaft_DSC02345-300x200.jpg 300w, https:\/\/www.schlosstirol.it\/wp-content\/uploads\/2023\/07\/Andacht-und-Herrschaft_DSC02345-768x512.jpg 768w, https:\/\/www.schlosstirol.it\/wp-content\/uploads\/2023\/07\/Andacht-und-Herrschaft_DSC02345-705x470.jpg 705w\" sizes=\"auto, (max-width: 945px) 100vw, 945px\" \/><\/div><\/a><a href=\"https:\/\/www.schlosstirol.it\/wp-content\/uploads\/2023\/07\/Andacht-und-Herrschaft_IMG_2670.jpg\" data-srcset=\"https:\/\/www.schlosstirol.it\/wp-content\/uploads\/2023\/07\/Andacht-und-Herrschaft_IMG_2670.jpg 840w, https:\/\/www.schlosstirol.it\/wp-content\/uploads\/2023\/07\/Andacht-und-Herrschaft_IMG_2670-300x225.jpg 300w, https:\/\/www.schlosstirol.it\/wp-content\/uploads\/2023\/07\/Andacht-und-Herrschaft_IMG_2670-768x576.jpg 768w, https:\/\/www.schlosstirol.it\/wp-content\/uploads\/2023\/07\/Andacht-und-Herrschaft_IMG_2670-705x529.jpg 705w\" data-sizes=\"(max-width: 840px) 100vw, 840px\" data-rel='gallery-1' data-prev-img='https:\/\/www.schlosstirol.it\/wp-content\/uploads\/2023\/07\/Andacht-und-Herrschaft_IMG_2670.jpg' class='first_thumb lightbox ' data-onclick='2' title='Spazi espositivi'  itemprop=\"thumbnailUrl\"  ><img decoding=\"async\" fetchpriority=\"high\" class=\"wp-image-14149 avia-img-lazy-loading-not-14149\"  data-avia-tooltip='Spazi espositivi' src=\"https:\/\/www.schlosstirol.it\/wp-content\/uploads\/2023\/07\/Andacht-und-Herrschaft_IMG_2670.jpg\" width=\"840\" height=\"630\"  title='' alt='' srcset=\"https:\/\/www.schlosstirol.it\/wp-content\/uploads\/2023\/07\/Andacht-und-Herrschaft_IMG_2670.jpg 840w, https:\/\/www.schlosstirol.it\/wp-content\/uploads\/2023\/07\/Andacht-und-Herrschaft_IMG_2670-300x225.jpg 300w, https:\/\/www.schlosstirol.it\/wp-content\/uploads\/2023\/07\/Andacht-und-Herrschaft_IMG_2670-768x576.jpg 768w, https:\/\/www.schlosstirol.it\/wp-content\/uploads\/2023\/07\/Andacht-und-Herrschaft_IMG_2670-705x529.jpg 705w\" sizes=\"(max-width: 840px) 100vw, 840px\" \/><div class='big-prev-fake'><img decoding=\"async\" loading=\"lazy\" class=\"wp-image-14149 avia-img-lazy-loading-14149\"  width=\"840\" height=\"630\" src=\"https:\/\/www.schlosstirol.it\/wp-content\/uploads\/2023\/07\/Andacht-und-Herrschaft_IMG_2670.jpg\" title='' alt='' srcset=\"https:\/\/www.schlosstirol.it\/wp-content\/uploads\/2023\/07\/Andacht-und-Herrschaft_IMG_2670.jpg 840w, https:\/\/www.schlosstirol.it\/wp-content\/uploads\/2023\/07\/Andacht-und-Herrschaft_IMG_2670-300x225.jpg 300w, https:\/\/www.schlosstirol.it\/wp-content\/uploads\/2023\/07\/Andacht-und-Herrschaft_IMG_2670-768x576.jpg 768w, https:\/\/www.schlosstirol.it\/wp-content\/uploads\/2023\/07\/Andacht-und-Herrschaft_IMG_2670-705x529.jpg 705w\" sizes=\"auto, (max-width: 840px) 100vw, 840px\" \/><\/div><\/a><a href=\"https:\/\/www.schlosstirol.it\/wp-content\/uploads\/2023\/08\/Andacht-und-Herrschaft_DSC02395.jpg\" data-srcset=\"https:\/\/www.schlosstirol.it\/wp-content\/uploads\/2023\/08\/Andacht-und-Herrschaft_DSC02395.jpg 946w, https:\/\/www.schlosstirol.it\/wp-content\/uploads\/2023\/08\/Andacht-und-Herrschaft_DSC02395-300x200.jpg 300w, https:\/\/www.schlosstirol.it\/wp-content\/uploads\/2023\/08\/Andacht-und-Herrschaft_DSC02395-768x511.jpg 768w, https:\/\/www.schlosstirol.it\/wp-content\/uploads\/2023\/08\/Andacht-und-Herrschaft_DSC02395-705x470.jpg 705w\" data-sizes=\"(max-width: 946px) 100vw, 946px\" data-rel='gallery-1' data-prev-img='https:\/\/www.schlosstirol.it\/wp-content\/uploads\/2023\/08\/Andacht-und-Herrschaft_DSC02395.jpg' class='first_thumb lightbox ' data-onclick='3' title='Spazi espositivi'  itemprop=\"thumbnailUrl\"  ><img decoding=\"async\" fetchpriority=\"high\" class=\"wp-image-14199 avia-img-lazy-loading-not-14199\"  data-avia-tooltip='Spazi espositivi' src=\"https:\/\/www.schlosstirol.it\/wp-content\/uploads\/2023\/08\/Andacht-und-Herrschaft_DSC02395.jpg\" width=\"946\" height=\"630\"  title='' alt='' srcset=\"https:\/\/www.schlosstirol.it\/wp-content\/uploads\/2023\/08\/Andacht-und-Herrschaft_DSC02395.jpg 946w, https:\/\/www.schlosstirol.it\/wp-content\/uploads\/2023\/08\/Andacht-und-Herrschaft_DSC02395-300x200.jpg 300w, https:\/\/www.schlosstirol.it\/wp-content\/uploads\/2023\/08\/Andacht-und-Herrschaft_DSC02395-768x511.jpg 768w, https:\/\/www.schlosstirol.it\/wp-content\/uploads\/2023\/08\/Andacht-und-Herrschaft_DSC02395-705x470.jpg 705w\" sizes=\"(max-width: 946px) 100vw, 946px\" \/><div class='big-prev-fake'><img decoding=\"async\" loading=\"lazy\" class=\"wp-image-14199 avia-img-lazy-loading-14199\"  width=\"946\" height=\"630\" src=\"https:\/\/www.schlosstirol.it\/wp-content\/uploads\/2023\/08\/Andacht-und-Herrschaft_DSC02395.jpg\" title='' alt='' srcset=\"https:\/\/www.schlosstirol.it\/wp-content\/uploads\/2023\/08\/Andacht-und-Herrschaft_DSC02395.jpg 946w, https:\/\/www.schlosstirol.it\/wp-content\/uploads\/2023\/08\/Andacht-und-Herrschaft_DSC02395-300x200.jpg 300w, https:\/\/www.schlosstirol.it\/wp-content\/uploads\/2023\/08\/Andacht-und-Herrschaft_DSC02395-768x511.jpg 768w, https:\/\/www.schlosstirol.it\/wp-content\/uploads\/2023\/08\/Andacht-und-Herrschaft_DSC02395-705x470.jpg 705w\" sizes=\"auto, (max-width: 946px) 100vw, 946px\" \/><\/div><\/a><a href=\"https:\/\/www.schlosstirol.it\/wp-content\/uploads\/2023\/08\/Andacht-und-Herrschaft_DSC02408.jpg\" data-srcset=\"https:\/\/www.schlosstirol.it\/wp-content\/uploads\/2023\/08\/Andacht-und-Herrschaft_DSC02408.jpg 945w, https:\/\/www.schlosstirol.it\/wp-content\/uploads\/2023\/08\/Andacht-und-Herrschaft_DSC02408-300x200.jpg 300w, https:\/\/www.schlosstirol.it\/wp-content\/uploads\/2023\/08\/Andacht-und-Herrschaft_DSC02408-768x512.jpg 768w, https:\/\/www.schlosstirol.it\/wp-content\/uploads\/2023\/08\/Andacht-und-Herrschaft_DSC02408-705x470.jpg 705w\" data-sizes=\"(max-width: 945px) 100vw, 945px\" data-rel='gallery-1' data-prev-img='https:\/\/www.schlosstirol.it\/wp-content\/uploads\/2023\/08\/Andacht-und-Herrschaft_DSC02408.jpg' class='first_thumb lightbox ' data-onclick='4' title='Spazi espositivi'  itemprop=\"thumbnailUrl\"  ><img decoding=\"async\" fetchpriority=\"high\" class=\"wp-image-14202 avia-img-lazy-loading-not-14202\"  data-avia-tooltip='Spazi espositivi' src=\"https:\/\/www.schlosstirol.it\/wp-content\/uploads\/2023\/08\/Andacht-und-Herrschaft_DSC02408.jpg\" width=\"945\" height=\"630\"  title='' alt='' srcset=\"https:\/\/www.schlosstirol.it\/wp-content\/uploads\/2023\/08\/Andacht-und-Herrschaft_DSC02408.jpg 945w, https:\/\/www.schlosstirol.it\/wp-content\/uploads\/2023\/08\/Andacht-und-Herrschaft_DSC02408-300x200.jpg 300w, https:\/\/www.schlosstirol.it\/wp-content\/uploads\/2023\/08\/Andacht-und-Herrschaft_DSC02408-768x512.jpg 768w, https:\/\/www.schlosstirol.it\/wp-content\/uploads\/2023\/08\/Andacht-und-Herrschaft_DSC02408-705x470.jpg 705w\" sizes=\"(max-width: 945px) 100vw, 945px\" \/><div class='big-prev-fake'><img decoding=\"async\" loading=\"lazy\" class=\"wp-image-14202 avia-img-lazy-loading-14202\"  width=\"945\" height=\"630\" src=\"https:\/\/www.schlosstirol.it\/wp-content\/uploads\/2023\/08\/Andacht-und-Herrschaft_DSC02408.jpg\" title='' alt='' srcset=\"https:\/\/www.schlosstirol.it\/wp-content\/uploads\/2023\/08\/Andacht-und-Herrschaft_DSC02408.jpg 945w, https:\/\/www.schlosstirol.it\/wp-content\/uploads\/2023\/08\/Andacht-und-Herrschaft_DSC02408-300x200.jpg 300w, https:\/\/www.schlosstirol.it\/wp-content\/uploads\/2023\/08\/Andacht-und-Herrschaft_DSC02408-768x512.jpg 768w, https:\/\/www.schlosstirol.it\/wp-content\/uploads\/2023\/08\/Andacht-und-Herrschaft_DSC02408-705x470.jpg 705w\" sizes=\"auto, (max-width: 945px) 100vw, 945px\" \/><\/div><\/a><\/div><\/div><\/div>\n<style type=\"text\/css\" data-created_by=\"avia_inline_auto\" id=\"style-css-av-av_two_third-304ee5f7fcc078b0df93dd9c2a84aaed\">\n.flex_column.av-av_two_third-304ee5f7fcc078b0df93dd9c2a84aaed{\nborder-radius:0px 0px 0px 0px;\npadding:30px 0 30px 0;\n}\n<\/style>\n<div  class='flex_column av-av_two_third-304ee5f7fcc078b0df93dd9c2a84aaed av_two_third  avia-builder-el-3  el_after_av_one_third  avia-builder-el-last  flex_column_div  '     ><p>\n<style type=\"text\/css\" data-created_by=\"avia_inline_auto\" id=\"style-css-av-av_heading-4240707d9e040b5e38d5ad18c0701715\">\n#top .av-special-heading.av-av_heading-4240707d9e040b5e38d5ad18c0701715{\npadding-bottom:20px;\n}\nbody .av-special-heading.av-av_heading-4240707d9e040b5e38d5ad18c0701715 .av-special-heading-tag .heading-char{\nfont-size:25px;\n}\n.av-special-heading.av-av_heading-4240707d9e040b5e38d5ad18c0701715 .av-subheading{\nfont-size:21px;\n}\n<\/style>\n<div  class='av-special-heading av-av_heading-4240707d9e040b5e38d5ad18c0701715 av-special-heading-h2 blockquote modern-quote  avia-builder-el-4  el_before_av_textblock  avia-builder-el-first  av-linked-heading'><h2 class='av-special-heading-tag '  itemprop=\"headline\"  >Devozione e potere. L\u2019altare di Castel Tirolo<\/h2><div class='av-subheading av-subheading_below'><p>dal 1\u00b0 luglio al 19 novembre 2023<\/p>\n<\/div><div class=\"special-heading-border\"><div class=\"special-heading-inner-border\"><\/div><\/div><\/div><br \/>\n<section  class='av_textblock_section av-av_textblock-92ab5b4c5448b40ef3b82fb3d397e98e '   itemscope=\"itemscope\" itemtype=\"https:\/\/schema.org\/CreativeWork\" ><div class='avia_textblock'  itemprop=\"text\" ><p>La mostra \u201cDevozione e potere. L\u2019altare di Castel Tirolo\u201d riguarda l\u2019oggetto pi\u00f9 importante dell\u2019inventario del castello: l\u2019altare a portelle che gli Asburgo donarono alla cappella intorno al 1370 come <em>signum<\/em> politico. Il destino dell\u2019altare, all\u2019inizio del XIX secolo, non fu dei migliori per la cappella; esso infatti fu portato a Innsbruck, dov\u2019\u00e8 tuttora esposto al Ferdinandeum.<\/p>\n<p>Negli ultimi anni \u00e8 stato interessato da importanti lavori di ricerca e di restauro. In occasione della mostra le portelle dipinte torneranno a Castel Tirolo, certamente un motivo per festeggiare! I contenuti tematici illustrano l\u2019altare in tutte le sue particolarit\u00e0, ne spiegano le basi storiche e presentano i risultati delle analisi dei materiali.<\/p>\n<p>Una conferenza scientifica, tenutasi il 20 e 21 aprile e organizzata insieme al Ferdinandeum, ne ha approfondito le ultime scoperte.<\/p>\n<p>Le portelle originali dell\u2019altare saranno esposte al pubblico solo fino al 10 ottobre 2023.<\/p>\n<\/div><\/section><\/p><\/div>\n\n<\/div><\/div><\/main><!-- close content main element --><\/div><\/div><div id='av_section_2'  class='avia-section av-av_section-13fb3fe17fb0dc739c1bfc7837b2b9ff main_color avia-section-default avia-no-border-styling  avia-builder-el-6  el_after_av_section  el_before_av_section  avia-bg-style-scroll container_wrap fullsize'  ><div class='container av-section-cont-open' ><div class='template-page content  av-content-full alpha units'><div class='post-entry post-entry-type-page post-entry-16118'><div class='entry-content-wrapper clearfix'>\n\n<style type=\"text\/css\" data-created_by=\"avia_inline_auto\" id=\"style-css-av-av_one_third-abf61815a02831d116b1aaa4a1b0ed13\">\n.flex_column.av-av_one_third-abf61815a02831d116b1aaa4a1b0ed13{\nborder-radius:0px 0px 0px 0px;\npadding:0px 0px 0px 0px;\n}\n<\/style>\n<div  class='flex_column av-av_one_third-abf61815a02831d116b1aaa4a1b0ed13 av_one_third  avia-builder-el-7  el_before_av_two_third  avia-builder-el-first  first flex_column_div av-zero-column-padding  '     ><style type=\"text\/css\" data-created_by=\"avia_inline_auto\" id=\"style-css-av-av_gallery-924e1c2c5782edd52b11cac545682d61\">\n#top .avia-gallery.av-av_gallery-924e1c2c5782edd52b11cac545682d61 .avia-gallery-thumb a{\nwidth:100%;\n}\n<\/style>\n<div  class='avia-gallery av-av_gallery-924e1c2c5782edd52b11cac545682d61 avia_animate_when_visible  avia-builder-el-8  avia-builder-el-no-sibling  deactivate_avia_lazyload avia-gallery-animate avia-gallery-2'  itemprop=\"image\" itemscope=\"itemscope\" itemtype=\"https:\/\/schema.org\/ImageObject\" ><meta itemprop=\"contentURL\" content=\"https:\/\/www.schlosstirol.it\/it\/museo-provinciale-alto-adige\/mostre-2023\/\"><div class='avia-gallery-thumb'><a href=\"https:\/\/www.schlosstirol.it\/wp-content\/uploads\/2020\/01\/Arnold_Holzknecht_Schloss_tirol_09-1.jpg\" data-srcset=\"https:\/\/www.schlosstirol.it\/wp-content\/uploads\/2020\/01\/Arnold_Holzknecht_Schloss_tirol_09-1.jpg 533w, https:\/\/www.schlosstirol.it\/wp-content\/uploads\/2020\/01\/Arnold_Holzknecht_Schloss_tirol_09-1-200x300.jpg 200w, https:\/\/www.schlosstirol.it\/wp-content\/uploads\/2020\/01\/Arnold_Holzknecht_Schloss_tirol_09-1-470x705.jpg 470w\" data-sizes=\"(max-width: 533px) 100vw, 533px\" data-rel='gallery-2' data-prev-img='https:\/\/www.schlosstirol.it\/wp-content\/uploads\/2020\/01\/Arnold_Holzknecht_Schloss_tirol_09-1.jpg' class='first_thumb lightbox ' data-onclick='1' title='Arnold Holzknecht, In der Tat, 2023 Gips, 105 x 93 cm    Foto: Karin Schmuck'  itemprop=\"thumbnailUrl\"  ><img decoding=\"async\" fetchpriority=\"high\" class=\"wp-image-13706 avia-img-lazy-loading-not-13706\"  data-avia-tooltip='Arnold Holzknecht, In der Tat, 2023 Gips, 105 x 93 cm    Foto: Karin Schmuck' src=\"https:\/\/www.schlosstirol.it\/wp-content\/uploads\/2020\/01\/Arnold_Holzknecht_Schloss_tirol_09-1.jpg\" width=\"533\" height=\"800\"  title='Arnold_Holzknecht_Schloss_tirol_09' alt='' srcset=\"https:\/\/www.schlosstirol.it\/wp-content\/uploads\/2020\/01\/Arnold_Holzknecht_Schloss_tirol_09-1.jpg 533w, https:\/\/www.schlosstirol.it\/wp-content\/uploads\/2020\/01\/Arnold_Holzknecht_Schloss_tirol_09-1-200x300.jpg 200w, https:\/\/www.schlosstirol.it\/wp-content\/uploads\/2020\/01\/Arnold_Holzknecht_Schloss_tirol_09-1-470x705.jpg 470w\" sizes=\"(max-width: 533px) 100vw, 533px\" \/><div class='big-prev-fake'><img decoding=\"async\" loading=\"lazy\" class=\"wp-image-13706 avia-img-lazy-loading-13706\"  width=\"533\" height=\"800\" src=\"https:\/\/www.schlosstirol.it\/wp-content\/uploads\/2020\/01\/Arnold_Holzknecht_Schloss_tirol_09-1.jpg\" title='Arnold_Holzknecht_Schloss_tirol_09' alt='' srcset=\"https:\/\/www.schlosstirol.it\/wp-content\/uploads\/2020\/01\/Arnold_Holzknecht_Schloss_tirol_09-1.jpg 533w, https:\/\/www.schlosstirol.it\/wp-content\/uploads\/2020\/01\/Arnold_Holzknecht_Schloss_tirol_09-1-200x300.jpg 200w, https:\/\/www.schlosstirol.it\/wp-content\/uploads\/2020\/01\/Arnold_Holzknecht_Schloss_tirol_09-1-470x705.jpg 470w\" sizes=\"auto, (max-width: 533px) 100vw, 533px\" \/><\/div><\/a><a href=\"https:\/\/www.schlosstirol.it\/wp-content\/uploads\/2023\/05\/Arnold-Holzknecht-Dato-di-fatto-III-2020_foto-Karin-Schmuck.jpg\" data-srcset=\"https:\/\/www.schlosstirol.it\/wp-content\/uploads\/2023\/05\/Arnold-Holzknecht-Dato-di-fatto-III-2020_foto-Karin-Schmuck.jpg 420w, https:\/\/www.schlosstirol.it\/wp-content\/uploads\/2023\/05\/Arnold-Holzknecht-Dato-di-fatto-III-2020_foto-Karin-Schmuck-200x300.jpg 200w\" data-sizes=\"(max-width: 420px) 100vw, 420px\" data-rel='gallery-2' data-prev-img='https:\/\/www.schlosstirol.it\/wp-content\/uploads\/2023\/05\/Arnold-Holzknecht-Dato-di-fatto-III-2020_foto-Karin-Schmuck.jpg' class='first_thumb lightbox ' data-onclick='2' title='Dato di fatto III, 2020 (foto Karin Schmuck)'  itemprop=\"thumbnailUrl\"  ><img decoding=\"async\" fetchpriority=\"high\" class=\"wp-image-13852 avia-img-lazy-loading-not-13852\"  data-avia-tooltip='Dato di fatto III, 2020 (foto Karin Schmuck)' src=\"https:\/\/www.schlosstirol.it\/wp-content\/uploads\/2023\/05\/Arnold-Holzknecht-Dato-di-fatto-III-2020_foto-Karin-Schmuck.jpg\" width=\"420\" height=\"630\"  title='' alt='' srcset=\"https:\/\/www.schlosstirol.it\/wp-content\/uploads\/2023\/05\/Arnold-Holzknecht-Dato-di-fatto-III-2020_foto-Karin-Schmuck.jpg 420w, https:\/\/www.schlosstirol.it\/wp-content\/uploads\/2023\/05\/Arnold-Holzknecht-Dato-di-fatto-III-2020_foto-Karin-Schmuck-200x300.jpg 200w\" sizes=\"(max-width: 420px) 100vw, 420px\" \/><div class='big-prev-fake'><img decoding=\"async\" loading=\"lazy\" class=\"wp-image-13852 avia-img-lazy-loading-13852\"  width=\"420\" height=\"630\" src=\"https:\/\/www.schlosstirol.it\/wp-content\/uploads\/2023\/05\/Arnold-Holzknecht-Dato-di-fatto-III-2020_foto-Karin-Schmuck.jpg\" title='' alt='' srcset=\"https:\/\/www.schlosstirol.it\/wp-content\/uploads\/2023\/05\/Arnold-Holzknecht-Dato-di-fatto-III-2020_foto-Karin-Schmuck.jpg 420w, https:\/\/www.schlosstirol.it\/wp-content\/uploads\/2023\/05\/Arnold-Holzknecht-Dato-di-fatto-III-2020_foto-Karin-Schmuck-200x300.jpg 200w\" sizes=\"auto, (max-width: 420px) 100vw, 420px\" \/><\/div><\/a><a href=\"https:\/\/www.schlosstirol.it\/wp-content\/uploads\/2023\/05\/Arnold-Holzknecht-spazi-espositivi_foto-Karin-Schmuck.jpg\" data-srcset=\"https:\/\/www.schlosstirol.it\/wp-content\/uploads\/2023\/05\/Arnold-Holzknecht-spazi-espositivi_foto-Karin-Schmuck.jpg 946w, https:\/\/www.schlosstirol.it\/wp-content\/uploads\/2023\/05\/Arnold-Holzknecht-spazi-espositivi_foto-Karin-Schmuck-300x200.jpg 300w, https:\/\/www.schlosstirol.it\/wp-content\/uploads\/2023\/05\/Arnold-Holzknecht-spazi-espositivi_foto-Karin-Schmuck-768x511.jpg 768w, https:\/\/www.schlosstirol.it\/wp-content\/uploads\/2023\/05\/Arnold-Holzknecht-spazi-espositivi_foto-Karin-Schmuck-705x470.jpg 705w\" data-sizes=\"(max-width: 946px) 100vw, 946px\" data-rel='gallery-2' data-prev-img='https:\/\/www.schlosstirol.it\/wp-content\/uploads\/2023\/05\/Arnold-Holzknecht-spazi-espositivi_foto-Karin-Schmuck.jpg' class='first_thumb lightbox ' data-onclick='3' title='Spazi espositivi (foto Karin Schmuck)'  itemprop=\"thumbnailUrl\"  ><img decoding=\"async\" fetchpriority=\"high\" class=\"wp-image-13855 avia-img-lazy-loading-not-13855\"  data-avia-tooltip='Spazi espositivi (foto Karin Schmuck)' src=\"https:\/\/www.schlosstirol.it\/wp-content\/uploads\/2023\/05\/Arnold-Holzknecht-spazi-espositivi_foto-Karin-Schmuck.jpg\" width=\"946\" height=\"630\"  title='' alt='' srcset=\"https:\/\/www.schlosstirol.it\/wp-content\/uploads\/2023\/05\/Arnold-Holzknecht-spazi-espositivi_foto-Karin-Schmuck.jpg 946w, https:\/\/www.schlosstirol.it\/wp-content\/uploads\/2023\/05\/Arnold-Holzknecht-spazi-espositivi_foto-Karin-Schmuck-300x200.jpg 300w, https:\/\/www.schlosstirol.it\/wp-content\/uploads\/2023\/05\/Arnold-Holzknecht-spazi-espositivi_foto-Karin-Schmuck-768x511.jpg 768w, https:\/\/www.schlosstirol.it\/wp-content\/uploads\/2023\/05\/Arnold-Holzknecht-spazi-espositivi_foto-Karin-Schmuck-705x470.jpg 705w\" sizes=\"(max-width: 946px) 100vw, 946px\" \/><div class='big-prev-fake'><img decoding=\"async\" loading=\"lazy\" class=\"wp-image-13855 avia-img-lazy-loading-13855\"  width=\"946\" height=\"630\" src=\"https:\/\/www.schlosstirol.it\/wp-content\/uploads\/2023\/05\/Arnold-Holzknecht-spazi-espositivi_foto-Karin-Schmuck.jpg\" title='' alt='' srcset=\"https:\/\/www.schlosstirol.it\/wp-content\/uploads\/2023\/05\/Arnold-Holzknecht-spazi-espositivi_foto-Karin-Schmuck.jpg 946w, https:\/\/www.schlosstirol.it\/wp-content\/uploads\/2023\/05\/Arnold-Holzknecht-spazi-espositivi_foto-Karin-Schmuck-300x200.jpg 300w, https:\/\/www.schlosstirol.it\/wp-content\/uploads\/2023\/05\/Arnold-Holzknecht-spazi-espositivi_foto-Karin-Schmuck-768x511.jpg 768w, https:\/\/www.schlosstirol.it\/wp-content\/uploads\/2023\/05\/Arnold-Holzknecht-spazi-espositivi_foto-Karin-Schmuck-705x470.jpg 705w\" sizes=\"auto, (max-width: 946px) 100vw, 946px\" \/><\/div><\/a><\/div><\/div><\/div>\n<style type=\"text\/css\" data-created_by=\"avia_inline_auto\" id=\"style-css-av-av_two_third-304ee5f7fcc078b0df93dd9c2a84aaed\">\n.flex_column.av-av_two_third-304ee5f7fcc078b0df93dd9c2a84aaed{\nborder-radius:0px 0px 0px 0px;\npadding:30px 0 30px 0;\n}\n<\/style>\n<div  class='flex_column av-av_two_third-304ee5f7fcc078b0df93dd9c2a84aaed av_two_third  avia-builder-el-9  el_after_av_one_third  avia-builder-el-last  flex_column_div  '     ><p>\n<style type=\"text\/css\" data-created_by=\"avia_inline_auto\" id=\"style-css-av-av_heading-cb056d1fd5ebf58465bc8ef1c94f16d8\">\n#top .av-special-heading.av-av_heading-cb056d1fd5ebf58465bc8ef1c94f16d8{\npadding-bottom:20px;\n}\nbody .av-special-heading.av-av_heading-cb056d1fd5ebf58465bc8ef1c94f16d8 .av-special-heading-tag .heading-char{\nfont-size:25px;\n}\n.av-special-heading.av-av_heading-cb056d1fd5ebf58465bc8ef1c94f16d8 .av-subheading{\nfont-size:21px;\n}\n<\/style>\n<div  class='av-special-heading av-av_heading-cb056d1fd5ebf58465bc8ef1c94f16d8 av-special-heading-h2 blockquote modern-quote  avia-builder-el-10  el_before_av_textblock  avia-builder-el-first  av-linked-heading'><h2 class='av-special-heading-tag '  itemprop=\"headline\"  >Arnold Holzknecht: RondoOstinato<\/h2><div class='av-subheading av-subheading_below'><p>dal 20 maggio al 19 novembre 2023<\/p>\n<\/div><div class=\"special-heading-border\"><div class=\"special-heading-inner-border\"><\/div><\/div><\/div><br \/>\n<section  class='av_textblock_section av-av_textblock-92ab5b4c5448b40ef3b82fb3d397e98e '   itemscope=\"itemscope\" itemtype=\"https:\/\/schema.org\/CreativeWork\" ><div class='avia_textblock'  itemprop=\"text\" ><p>Lo scultore gardenese Arnold Holzknecht \u00e8 conosciuto dal grande pubblico per l\u2019installazione luminosa realizzata con Michele Bernardi con l\u2019intento di \u00abdepotenziare\u00bb il monumentale fregio fascista di Hans Piffrader in Piazza del Tribunale a Bolzano. Una frase della filosofa Hannah Arendt\u00a0\u2013\u00a0\u00abNessuno ha il diritto di obbedire\u00bb\u00a0\u2013\u00a0sovrascrive e sovraillumina il motto fascista \u00abcredere, obbedire, combattere\u00bb. L\u2019opera \u00e8 giustamente considerata un esempio di trasformazione in memoriale di un monumento divisivo.<\/p>\n<p>Nato a Bressanone nel 1960 e cresciuto a Ortisei, l\u2019artista ha studiato dal 1978 al 1985 scultura all\u2019Accademia di Firenze e di Monaco di Baviera. Nel 2006, dopo una lunga pausa creativa in cui ha lavorato come restauratore per musei e castelli, si \u00e8 dedicato alla produzione artistica con continuit\u00e0, esponendo le proprie opere in mostre personali e collettive in Italia e all\u2019estero.<\/p>\n<p>Dal punto di vista artistico si definisce scultore, pur prendendo le distanze dalla tradizione figurativa della scultura in legno gardenese e sposando un linguaggio di forme astratto-geometriche, il che ne fa, nella sua valle nat\u00eca, un camminatore solitario. Su immagini piane su tavola, che a prima vista sembrano strutture grafiche, ma che sono opere scultoree, sperimenta fino in fondo le possibilit\u00e0 della linea, inoltrandosi in un rond\u00f2 e in un ostinato di variazioni sempre nuove.<\/p>\n<p>Nel mastio di Castel Tirolo espone, accanto ad alcune di queste tavole, anche un\u2019opera espressamente ideata per questo spazio espositivo: una campana muta.<\/p>\n<\/div><\/section><\/p><\/div>\n\n<\/div><\/div><\/div><!-- close content main div --><\/div><\/div><div id='av_section_3'  class='avia-section av-av_section-bc45c75d31f1ef769edd6f5e2369ee92 main_color avia-section-default avia-no-border-styling  avia-builder-el-12  el_after_av_section  avia-builder-el-last  avia-bg-style-scroll container_wrap fullsize'  ><div class='container av-section-cont-open' ><div class='template-page content  av-content-full alpha units'><div class='post-entry post-entry-type-page post-entry-16118'><div class='entry-content-wrapper clearfix'>\n\n<style type=\"text\/css\" data-created_by=\"avia_inline_auto\" id=\"style-css-av-av_one_third-abf61815a02831d116b1aaa4a1b0ed13\">\n.flex_column.av-av_one_third-abf61815a02831d116b1aaa4a1b0ed13{\nborder-radius:0px 0px 0px 0px;\npadding:0px 0px 0px 0px;\n}\n<\/style>\n<div  class='flex_column av-av_one_third-abf61815a02831d116b1aaa4a1b0ed13 av_one_third  avia-builder-el-13  el_before_av_two_third  avia-builder-el-first  first flex_column_div av-zero-column-padding  '     ><style type=\"text\/css\" data-created_by=\"avia_inline_auto\" id=\"style-css-av-av_gallery-b8b56af7d9ba2bbb559cab8b10d8493d\">\n#top .avia-gallery.av-av_gallery-b8b56af7d9ba2bbb559cab8b10d8493d .avia-gallery-thumb a{\nwidth:100%;\n}\n<\/style>\n<div  class='avia-gallery av-av_gallery-b8b56af7d9ba2bbb559cab8b10d8493d avia_animate_when_visible  avia-builder-el-14  avia-builder-el-no-sibling  deactivate_avia_lazyload avia-gallery-animate avia-gallery-3'  itemprop=\"image\" itemscope=\"itemscope\" itemtype=\"https:\/\/schema.org\/ImageObject\" ><meta itemprop=\"contentURL\" content=\"https:\/\/www.schlosstirol.it\/it\/museo-provinciale-alto-adige\/mostre-2023\/\"><div class='avia-gallery-thumb'><a href=\"https:\/\/www.schlosstirol.it\/wp-content\/uploads\/2023\/02\/Gurk_SchlossTirolAussichtVintschgau_1840_ProvBz_246664.jpg\" data-srcset=\"https:\/\/www.schlosstirol.it\/wp-content\/uploads\/2023\/02\/Gurk_SchlossTirolAussichtVintschgau_1840_ProvBz_246664.jpg 777w, https:\/\/www.schlosstirol.it\/wp-content\/uploads\/2023\/02\/Gurk_SchlossTirolAussichtVintschgau_1840_ProvBz_246664-300x243.jpg 300w, https:\/\/www.schlosstirol.it\/wp-content\/uploads\/2023\/02\/Gurk_SchlossTirolAussichtVintschgau_1840_ProvBz_246664-768x623.jpg 768w, https:\/\/www.schlosstirol.it\/wp-content\/uploads\/2023\/02\/Gurk_SchlossTirolAussichtVintschgau_1840_ProvBz_246664-495x400.jpg 495w, https:\/\/www.schlosstirol.it\/wp-content\/uploads\/2023\/02\/Gurk_SchlossTirolAussichtVintschgau_1840_ProvBz_246664-705x572.jpg 705w\" data-sizes=\"(max-width: 777px) 100vw, 777px\" data-rel='gallery-3' data-prev-img='https:\/\/www.schlosstirol.it\/wp-content\/uploads\/2023\/02\/Gurk_SchlossTirolAussichtVintschgau_1840_ProvBz_246664.jpg' class='first_thumb lightbox ' data-onclick='1' title='Eduard Gurk, Castel Tirolo, 1840'  itemprop=\"thumbnailUrl\"  ><img decoding=\"async\" fetchpriority=\"high\" class=\"wp-image-13520 avia-img-lazy-loading-not-13520\"  data-avia-tooltip='Eduard Gurk, Castel Tirolo, 1840' src=\"https:\/\/www.schlosstirol.it\/wp-content\/uploads\/2023\/02\/Gurk_SchlossTirolAussichtVintschgau_1840_ProvBz_246664.jpg\" width=\"777\" height=\"630\"  title='Gurk_SchlossTirol&amp;AussichtVintschgau_1840_ProvBz_246664' alt='' srcset=\"https:\/\/www.schlosstirol.it\/wp-content\/uploads\/2023\/02\/Gurk_SchlossTirolAussichtVintschgau_1840_ProvBz_246664.jpg 777w, https:\/\/www.schlosstirol.it\/wp-content\/uploads\/2023\/02\/Gurk_SchlossTirolAussichtVintschgau_1840_ProvBz_246664-300x243.jpg 300w, https:\/\/www.schlosstirol.it\/wp-content\/uploads\/2023\/02\/Gurk_SchlossTirolAussichtVintschgau_1840_ProvBz_246664-768x623.jpg 768w, https:\/\/www.schlosstirol.it\/wp-content\/uploads\/2023\/02\/Gurk_SchlossTirolAussichtVintschgau_1840_ProvBz_246664-495x400.jpg 495w, https:\/\/www.schlosstirol.it\/wp-content\/uploads\/2023\/02\/Gurk_SchlossTirolAussichtVintschgau_1840_ProvBz_246664-705x572.jpg 705w\" sizes=\"(max-width: 777px) 100vw, 777px\" \/><div class='big-prev-fake'><img decoding=\"async\" loading=\"lazy\" class=\"wp-image-13520 avia-img-lazy-loading-13520\"  width=\"777\" height=\"630\" src=\"https:\/\/www.schlosstirol.it\/wp-content\/uploads\/2023\/02\/Gurk_SchlossTirolAussichtVintschgau_1840_ProvBz_246664.jpg\" title='Gurk_SchlossTirol&amp;AussichtVintschgau_1840_ProvBz_246664' alt='' srcset=\"https:\/\/www.schlosstirol.it\/wp-content\/uploads\/2023\/02\/Gurk_SchlossTirolAussichtVintschgau_1840_ProvBz_246664.jpg 777w, https:\/\/www.schlosstirol.it\/wp-content\/uploads\/2023\/02\/Gurk_SchlossTirolAussichtVintschgau_1840_ProvBz_246664-300x243.jpg 300w, https:\/\/www.schlosstirol.it\/wp-content\/uploads\/2023\/02\/Gurk_SchlossTirolAussichtVintschgau_1840_ProvBz_246664-768x623.jpg 768w, https:\/\/www.schlosstirol.it\/wp-content\/uploads\/2023\/02\/Gurk_SchlossTirolAussichtVintschgau_1840_ProvBz_246664-495x400.jpg 495w, https:\/\/www.schlosstirol.it\/wp-content\/uploads\/2023\/02\/Gurk_SchlossTirolAussichtVintschgau_1840_ProvBz_246664-705x572.jpg 705w\" sizes=\"auto, (max-width: 777px) 100vw, 777px\" \/><\/div><\/a><a href=\"https:\/\/www.schlosstirol.it\/wp-content\/uploads\/2023\/02\/C_IsserGrossrubatscher_SchlossTirolGgOst_1819_ST_702568-14.jpg\" data-srcset=\"https:\/\/www.schlosstirol.it\/wp-content\/uploads\/2023\/02\/C_IsserGrossrubatscher_SchlossTirolGgOst_1819_ST_702568-14.jpg 753w, https:\/\/www.schlosstirol.it\/wp-content\/uploads\/2023\/02\/C_IsserGrossrubatscher_SchlossTirolGgOst_1819_ST_702568-14-300x251.jpg 300w, https:\/\/www.schlosstirol.it\/wp-content\/uploads\/2023\/02\/C_IsserGrossrubatscher_SchlossTirolGgOst_1819_ST_702568-14-705x590.jpg 705w\" data-sizes=\"(max-width: 753px) 100vw, 753px\" data-rel='gallery-3' data-prev-img='https:\/\/www.schlosstirol.it\/wp-content\/uploads\/2023\/02\/C_IsserGrossrubatscher_SchlossTirolGgOst_1819_ST_702568-14.jpg' class='first_thumb lightbox ' data-onclick='2' title='Johanna von Isser-Gro\u00dfrubatscher, Castel Tirolo verso est, 1819'  itemprop=\"thumbnailUrl\"  ><img decoding=\"async\" fetchpriority=\"high\" class=\"wp-image-13514 avia-img-lazy-loading-not-13514\"  data-avia-tooltip='Johanna von Isser-Gro\u00dfrubatscher, Castel Tirolo verso est, 1819' src=\"https:\/\/www.schlosstirol.it\/wp-content\/uploads\/2023\/02\/C_IsserGrossrubatscher_SchlossTirolGgOst_1819_ST_702568-14.jpg\" width=\"753\" height=\"630\"  title='C_IsserGro\u00dfrubatscher_SchlossTirolGgOst_1819_ST_702568-14' alt='' srcset=\"https:\/\/www.schlosstirol.it\/wp-content\/uploads\/2023\/02\/C_IsserGrossrubatscher_SchlossTirolGgOst_1819_ST_702568-14.jpg 753w, https:\/\/www.schlosstirol.it\/wp-content\/uploads\/2023\/02\/C_IsserGrossrubatscher_SchlossTirolGgOst_1819_ST_702568-14-300x251.jpg 300w, https:\/\/www.schlosstirol.it\/wp-content\/uploads\/2023\/02\/C_IsserGrossrubatscher_SchlossTirolGgOst_1819_ST_702568-14-705x590.jpg 705w\" sizes=\"(max-width: 753px) 100vw, 753px\" \/><div class='big-prev-fake'><img decoding=\"async\" loading=\"lazy\" class=\"wp-image-13514 avia-img-lazy-loading-13514\"  width=\"753\" height=\"630\" src=\"https:\/\/www.schlosstirol.it\/wp-content\/uploads\/2023\/02\/C_IsserGrossrubatscher_SchlossTirolGgOst_1819_ST_702568-14.jpg\" title='C_IsserGro\u00dfrubatscher_SchlossTirolGgOst_1819_ST_702568-14' alt='' srcset=\"https:\/\/www.schlosstirol.it\/wp-content\/uploads\/2023\/02\/C_IsserGrossrubatscher_SchlossTirolGgOst_1819_ST_702568-14.jpg 753w, https:\/\/www.schlosstirol.it\/wp-content\/uploads\/2023\/02\/C_IsserGrossrubatscher_SchlossTirolGgOst_1819_ST_702568-14-300x251.jpg 300w, https:\/\/www.schlosstirol.it\/wp-content\/uploads\/2023\/02\/C_IsserGrossrubatscher_SchlossTirolGgOst_1819_ST_702568-14-705x590.jpg 705w\" sizes=\"auto, (max-width: 753px) 100vw, 753px\" \/><\/div><\/a><a href=\"https:\/\/www.schlosstirol.it\/wp-content\/uploads\/2023\/02\/B_Frommel_SchlossTirol_1838_ST_700116_\u00a9JP2020_2.jpg\" data-srcset=\"https:\/\/www.schlosstirol.it\/wp-content\/uploads\/2023\/02\/B_Frommel_SchlossTirol_1838_ST_700116_\u00a9JP2020_2.jpg 833w, https:\/\/www.schlosstirol.it\/wp-content\/uploads\/2023\/02\/B_Frommel_SchlossTirol_1838_ST_700116_\u00a9JP2020_2-300x227.jpg 300w, https:\/\/www.schlosstirol.it\/wp-content\/uploads\/2023\/02\/B_Frommel_SchlossTirol_1838_ST_700116_\u00a9JP2020_2-768x581.jpg 768w, https:\/\/www.schlosstirol.it\/wp-content\/uploads\/2023\/02\/B_Frommel_SchlossTirol_1838_ST_700116_\u00a9JP2020_2-705x533.jpg 705w\" data-sizes=\"(max-width: 833px) 100vw, 833px\" data-rel='gallery-3' data-prev-img='https:\/\/www.schlosstirol.it\/wp-content\/uploads\/2023\/02\/B_Frommel_SchlossTirol_1838_ST_700116_\u00a9JP2020_2.jpg' class='first_thumb lightbox ' data-onclick='3' title='Carl Ludwig Frommel, Castel Tirolo, 1838'  itemprop=\"thumbnailUrl\"  ><img decoding=\"async\" fetchpriority=\"high\" class=\"wp-image-13511 avia-img-lazy-loading-not-13511\"  data-avia-tooltip='Carl Ludwig Frommel, Castel Tirolo, 1838' src=\"https:\/\/www.schlosstirol.it\/wp-content\/uploads\/2023\/02\/B_Frommel_SchlossTirol_1838_ST_700116_\u00a9JP2020_2.jpg\" width=\"833\" height=\"630\"  title='B_Frommel_SchlossTirol_1838_ST_700116_\u00a9JP2020_2' alt='' srcset=\"https:\/\/www.schlosstirol.it\/wp-content\/uploads\/2023\/02\/B_Frommel_SchlossTirol_1838_ST_700116_\u00a9JP2020_2.jpg 833w, https:\/\/www.schlosstirol.it\/wp-content\/uploads\/2023\/02\/B_Frommel_SchlossTirol_1838_ST_700116_\u00a9JP2020_2-300x227.jpg 300w, https:\/\/www.schlosstirol.it\/wp-content\/uploads\/2023\/02\/B_Frommel_SchlossTirol_1838_ST_700116_\u00a9JP2020_2-768x581.jpg 768w, https:\/\/www.schlosstirol.it\/wp-content\/uploads\/2023\/02\/B_Frommel_SchlossTirol_1838_ST_700116_\u00a9JP2020_2-705x533.jpg 705w\" sizes=\"(max-width: 833px) 100vw, 833px\" \/><div class='big-prev-fake'><img decoding=\"async\" loading=\"lazy\" class=\"wp-image-13511 avia-img-lazy-loading-13511\"  width=\"833\" height=\"630\" src=\"https:\/\/www.schlosstirol.it\/wp-content\/uploads\/2023\/02\/B_Frommel_SchlossTirol_1838_ST_700116_\u00a9JP2020_2.jpg\" title='B_Frommel_SchlossTirol_1838_ST_700116_\u00a9JP2020_2' alt='' srcset=\"https:\/\/www.schlosstirol.it\/wp-content\/uploads\/2023\/02\/B_Frommel_SchlossTirol_1838_ST_700116_\u00a9JP2020_2.jpg 833w, https:\/\/www.schlosstirol.it\/wp-content\/uploads\/2023\/02\/B_Frommel_SchlossTirol_1838_ST_700116_\u00a9JP2020_2-300x227.jpg 300w, https:\/\/www.schlosstirol.it\/wp-content\/uploads\/2023\/02\/B_Frommel_SchlossTirol_1838_ST_700116_\u00a9JP2020_2-768x581.jpg 768w, https:\/\/www.schlosstirol.it\/wp-content\/uploads\/2023\/02\/B_Frommel_SchlossTirol_1838_ST_700116_\u00a9JP2020_2-705x533.jpg 705w\" sizes=\"auto, (max-width: 833px) 100vw, 833px\" \/><\/div><\/a><a href=\"https:\/\/www.schlosstirol.it\/wp-content\/uploads\/2023\/06\/Veduten-von-Schloss-Tirol_Raum-1.jpg\" data-srcset=\"https:\/\/www.schlosstirol.it\/wp-content\/uploads\/2023\/06\/Veduten-von-Schloss-Tirol_Raum-1.jpg 945w, https:\/\/www.schlosstirol.it\/wp-content\/uploads\/2023\/06\/Veduten-von-Schloss-Tirol_Raum-1-300x200.jpg 300w, https:\/\/www.schlosstirol.it\/wp-content\/uploads\/2023\/06\/Veduten-von-Schloss-Tirol_Raum-1-768x512.jpg 768w, https:\/\/www.schlosstirol.it\/wp-content\/uploads\/2023\/06\/Veduten-von-Schloss-Tirol_Raum-1-705x470.jpg 705w\" data-sizes=\"(max-width: 945px) 100vw, 945px\" data-rel='gallery-3' data-prev-img='https:\/\/www.schlosstirol.it\/wp-content\/uploads\/2023\/06\/Veduten-von-Schloss-Tirol_Raum-1.jpg' class='first_thumb lightbox ' data-onclick='4' title='Spazi espositivi'  itemprop=\"thumbnailUrl\"  ><img decoding=\"async\" fetchpriority=\"high\" class=\"wp-image-14050 avia-img-lazy-loading-not-14050\"  data-avia-tooltip='Spazi espositivi' src=\"https:\/\/www.schlosstirol.it\/wp-content\/uploads\/2023\/06\/Veduten-von-Schloss-Tirol_Raum-1.jpg\" width=\"945\" height=\"630\"  title='' alt='' srcset=\"https:\/\/www.schlosstirol.it\/wp-content\/uploads\/2023\/06\/Veduten-von-Schloss-Tirol_Raum-1.jpg 945w, https:\/\/www.schlosstirol.it\/wp-content\/uploads\/2023\/06\/Veduten-von-Schloss-Tirol_Raum-1-300x200.jpg 300w, https:\/\/www.schlosstirol.it\/wp-content\/uploads\/2023\/06\/Veduten-von-Schloss-Tirol_Raum-1-768x512.jpg 768w, https:\/\/www.schlosstirol.it\/wp-content\/uploads\/2023\/06\/Veduten-von-Schloss-Tirol_Raum-1-705x470.jpg 705w\" sizes=\"(max-width: 945px) 100vw, 945px\" \/><div class='big-prev-fake'><img decoding=\"async\" loading=\"lazy\" class=\"wp-image-14050 avia-img-lazy-loading-14050\"  width=\"945\" height=\"630\" src=\"https:\/\/www.schlosstirol.it\/wp-content\/uploads\/2023\/06\/Veduten-von-Schloss-Tirol_Raum-1.jpg\" title='' alt='' srcset=\"https:\/\/www.schlosstirol.it\/wp-content\/uploads\/2023\/06\/Veduten-von-Schloss-Tirol_Raum-1.jpg 945w, https:\/\/www.schlosstirol.it\/wp-content\/uploads\/2023\/06\/Veduten-von-Schloss-Tirol_Raum-1-300x200.jpg 300w, https:\/\/www.schlosstirol.it\/wp-content\/uploads\/2023\/06\/Veduten-von-Schloss-Tirol_Raum-1-768x512.jpg 768w, https:\/\/www.schlosstirol.it\/wp-content\/uploads\/2023\/06\/Veduten-von-Schloss-Tirol_Raum-1-705x470.jpg 705w\" sizes=\"auto, (max-width: 945px) 100vw, 945px\" \/><\/div><\/a><a href=\"https:\/\/www.schlosstirol.it\/wp-content\/uploads\/2023\/06\/Veduten-von-Schloss-Tirol_Raum-2.jpg\" data-srcset=\"https:\/\/www.schlosstirol.it\/wp-content\/uploads\/2023\/06\/Veduten-von-Schloss-Tirol_Raum-2.jpg 945w, https:\/\/www.schlosstirol.it\/wp-content\/uploads\/2023\/06\/Veduten-von-Schloss-Tirol_Raum-2-300x200.jpg 300w, https:\/\/www.schlosstirol.it\/wp-content\/uploads\/2023\/06\/Veduten-von-Schloss-Tirol_Raum-2-768x512.jpg 768w, https:\/\/www.schlosstirol.it\/wp-content\/uploads\/2023\/06\/Veduten-von-Schloss-Tirol_Raum-2-705x470.jpg 705w\" data-sizes=\"(max-width: 945px) 100vw, 945px\" data-rel='gallery-3' data-prev-img='https:\/\/www.schlosstirol.it\/wp-content\/uploads\/2023\/06\/Veduten-von-Schloss-Tirol_Raum-2.jpg' class='first_thumb lightbox ' data-onclick='5' title='Spazi espositivi'  itemprop=\"thumbnailUrl\"  ><img decoding=\"async\" fetchpriority=\"high\" class=\"wp-image-14053 avia-img-lazy-loading-not-14053\"  data-avia-tooltip='Spazi espositivi' src=\"https:\/\/www.schlosstirol.it\/wp-content\/uploads\/2023\/06\/Veduten-von-Schloss-Tirol_Raum-2.jpg\" width=\"945\" height=\"630\"  title='' alt='' srcset=\"https:\/\/www.schlosstirol.it\/wp-content\/uploads\/2023\/06\/Veduten-von-Schloss-Tirol_Raum-2.jpg 945w, https:\/\/www.schlosstirol.it\/wp-content\/uploads\/2023\/06\/Veduten-von-Schloss-Tirol_Raum-2-300x200.jpg 300w, https:\/\/www.schlosstirol.it\/wp-content\/uploads\/2023\/06\/Veduten-von-Schloss-Tirol_Raum-2-768x512.jpg 768w, https:\/\/www.schlosstirol.it\/wp-content\/uploads\/2023\/06\/Veduten-von-Schloss-Tirol_Raum-2-705x470.jpg 705w\" sizes=\"(max-width: 945px) 100vw, 945px\" \/><div class='big-prev-fake'><img decoding=\"async\" loading=\"lazy\" class=\"wp-image-14053 avia-img-lazy-loading-14053\"  width=\"945\" height=\"630\" src=\"https:\/\/www.schlosstirol.it\/wp-content\/uploads\/2023\/06\/Veduten-von-Schloss-Tirol_Raum-2.jpg\" title='' alt='' srcset=\"https:\/\/www.schlosstirol.it\/wp-content\/uploads\/2023\/06\/Veduten-von-Schloss-Tirol_Raum-2.jpg 945w, https:\/\/www.schlosstirol.it\/wp-content\/uploads\/2023\/06\/Veduten-von-Schloss-Tirol_Raum-2-300x200.jpg 300w, https:\/\/www.schlosstirol.it\/wp-content\/uploads\/2023\/06\/Veduten-von-Schloss-Tirol_Raum-2-768x512.jpg 768w, https:\/\/www.schlosstirol.it\/wp-content\/uploads\/2023\/06\/Veduten-von-Schloss-Tirol_Raum-2-705x470.jpg 705w\" sizes=\"auto, (max-width: 945px) 100vw, 945px\" \/><\/div><\/a><a href=\"https:\/\/www.schlosstirol.it\/wp-content\/uploads\/2023\/06\/Veduten-von-Schloss-Tirol_Raum-3.jpg\" data-srcset=\"https:\/\/www.schlosstirol.it\/wp-content\/uploads\/2023\/06\/Veduten-von-Schloss-Tirol_Raum-3.jpg 945w, https:\/\/www.schlosstirol.it\/wp-content\/uploads\/2023\/06\/Veduten-von-Schloss-Tirol_Raum-3-300x200.jpg 300w, https:\/\/www.schlosstirol.it\/wp-content\/uploads\/2023\/06\/Veduten-von-Schloss-Tirol_Raum-3-768x512.jpg 768w, https:\/\/www.schlosstirol.it\/wp-content\/uploads\/2023\/06\/Veduten-von-Schloss-Tirol_Raum-3-705x470.jpg 705w\" data-sizes=\"(max-width: 945px) 100vw, 945px\" data-rel='gallery-3' data-prev-img='https:\/\/www.schlosstirol.it\/wp-content\/uploads\/2023\/06\/Veduten-von-Schloss-Tirol_Raum-3.jpg' class='first_thumb lightbox ' data-onclick='6' title='Spazi espositivi'  itemprop=\"thumbnailUrl\"  ><img decoding=\"async\" fetchpriority=\"high\" class=\"wp-image-14056 avia-img-lazy-loading-not-14056\"  data-avia-tooltip='Spazi espositivi' src=\"https:\/\/www.schlosstirol.it\/wp-content\/uploads\/2023\/06\/Veduten-von-Schloss-Tirol_Raum-3.jpg\" width=\"945\" height=\"630\"  title='' alt='' srcset=\"https:\/\/www.schlosstirol.it\/wp-content\/uploads\/2023\/06\/Veduten-von-Schloss-Tirol_Raum-3.jpg 945w, https:\/\/www.schlosstirol.it\/wp-content\/uploads\/2023\/06\/Veduten-von-Schloss-Tirol_Raum-3-300x200.jpg 300w, https:\/\/www.schlosstirol.it\/wp-content\/uploads\/2023\/06\/Veduten-von-Schloss-Tirol_Raum-3-768x512.jpg 768w, https:\/\/www.schlosstirol.it\/wp-content\/uploads\/2023\/06\/Veduten-von-Schloss-Tirol_Raum-3-705x470.jpg 705w\" sizes=\"(max-width: 945px) 100vw, 945px\" \/><div class='big-prev-fake'><img decoding=\"async\" loading=\"lazy\" class=\"wp-image-14056 avia-img-lazy-loading-14056\"  width=\"945\" height=\"630\" src=\"https:\/\/www.schlosstirol.it\/wp-content\/uploads\/2023\/06\/Veduten-von-Schloss-Tirol_Raum-3.jpg\" title='' alt='' srcset=\"https:\/\/www.schlosstirol.it\/wp-content\/uploads\/2023\/06\/Veduten-von-Schloss-Tirol_Raum-3.jpg 945w, https:\/\/www.schlosstirol.it\/wp-content\/uploads\/2023\/06\/Veduten-von-Schloss-Tirol_Raum-3-300x200.jpg 300w, https:\/\/www.schlosstirol.it\/wp-content\/uploads\/2023\/06\/Veduten-von-Schloss-Tirol_Raum-3-768x512.jpg 768w, https:\/\/www.schlosstirol.it\/wp-content\/uploads\/2023\/06\/Veduten-von-Schloss-Tirol_Raum-3-705x470.jpg 705w\" sizes=\"auto, (max-width: 945px) 100vw, 945px\" \/><\/div><\/a><\/div><\/div><\/div>\n<style type=\"text\/css\" data-created_by=\"avia_inline_auto\" id=\"style-css-av-av_two_third-304ee5f7fcc078b0df93dd9c2a84aaed\">\n.flex_column.av-av_two_third-304ee5f7fcc078b0df93dd9c2a84aaed{\nborder-radius:0px 0px 0px 0px;\npadding:30px 0 30px 0;\n}\n<\/style>\n<div  class='flex_column av-av_two_third-304ee5f7fcc078b0df93dd9c2a84aaed av_two_third  avia-builder-el-15  el_after_av_one_third  avia-builder-el-last  flex_column_div  '     ><p>\n<style type=\"text\/css\" data-created_by=\"avia_inline_auto\" id=\"style-css-av-av_heading-c11fb713a34b23942434b789e39816b3\">\n#top .av-special-heading.av-av_heading-c11fb713a34b23942434b789e39816b3{\npadding-bottom:20px;\n}\nbody .av-special-heading.av-av_heading-c11fb713a34b23942434b789e39816b3 .av-special-heading-tag .heading-char{\nfont-size:25px;\n}\n.av-special-heading.av-av_heading-c11fb713a34b23942434b789e39816b3 .av-subheading{\nfont-size:21px;\n}\n<\/style>\n<div  class='av-special-heading av-av_heading-c11fb713a34b23942434b789e39816b3 av-special-heading-h2 blockquote modern-quote  avia-builder-el-16  el_before_av_textblock  avia-builder-el-first  av-linked-heading'><h2 class='av-special-heading-tag '  itemprop=\"headline\"  >Vedute. Castel Tirolo nell\u2019arte<\/h2><div class='av-subheading av-subheading_below'><p>dal 18 marzo al 4 giugno 2023<\/p>\n<\/div><div class=\"special-heading-border\"><div class=\"special-heading-inner-border\"><\/div><\/div><\/div><br \/>\n<section  class='av_textblock_section av-av_textblock-7a1af7d8f9790576b1769c0a9f0449ed '   itemscope=\"itemscope\" itemtype=\"https:\/\/schema.org\/CreativeWork\" ><div class='avia_textblock'  itemprop=\"text\" ><p>Con la mostra \u201cVedute. Castel Tirolo nell\u2019arte\u201d vengono ripercorse le sembianze del castello nel corso della storia. Castel Tirolo \u00e8 il monumento architettonico pi\u00f9 riprodotto della regione e ci\u00f2 \u00e8 dovuto principalmente alla sua funzione di \u201ctempio della patria\u201d, affermatasi all&#8217;inizio del XIX secolo. Innumerevoli artiste e artisti l\u2019hanno riprodotto con l\u2019utilizzo di svariate tecniche e un lavoro di ricerca durato molti anni ha reso possibile la raccolta delle vedute di Castel Tirolo.<\/p>\n<p>La mostra, curata da Carl Kraus e con la collaborazione di Leo Andergassen e Dorothea von Miller, ne espone una selezione e presenta anche un catalogo completo delle vedute finora conosciute.<\/p>\n<\/div><\/section><\/p><\/div>\n\n","protected":false},"excerpt":{"rendered":"","protected":false},"author":1,"featured_media":14161,"comment_status":"closed","ping_status":"closed","template":"","meta":{"footnotes":""},"tags":[],"portfolio_entries":[182],"class_list":["post-16118","portfolio","type-portfolio","status-publish","has-post-thumbnail","hentry","portfolio_entries-ausstellungen-2023-it"],"yoast_head":"<!-- This site is optimized with the Yoast SEO plugin v27.5 - https:\/\/yoast.com\/product\/yoast-seo-wordpress\/ -->\n<title>Mostre 2023 - Castel Tirolo - Museo storico-culturale (BZ)<\/title>\n<meta name=\"robots\" content=\"index, follow, max-snippet:-1, max-image-preview:large, max-video-preview:-1\" \/>\n<link rel=\"canonical\" href=\"https:\/\/www.schlosstirol.it\/it\/museo-provinciale-alto-adige\/mostre-2023\/\" \/>\n<meta property=\"og:locale\" content=\"it_IT\" \/>\n<meta property=\"og:type\" content=\"article\" \/>\n<meta property=\"og:title\" content=\"Mostre 2023 - Castel Tirolo - Museo storico-culturale (BZ)\" \/>\n<meta property=\"og:url\" content=\"https:\/\/www.schlosstirol.it\/it\/museo-provinciale-alto-adige\/mostre-2023\/\" \/>\n<meta property=\"og:site_name\" content=\"Castel Tirolo - Museo storico-culturale (BZ)\" \/>\n<meta property=\"article:publisher\" content=\"https:\/\/www.facebook.com\/schlosstirol.casteltirolo\" \/>\n<meta property=\"article:modified_time\" content=\"2024-03-14T07:53:50+00:00\" \/>\n<meta property=\"og:image\" content=\"https:\/\/www.schlosstirol.it\/wp-content\/uploads\/2020\/01\/Andacht-und-Herrschaft_Altare_LV_Mosaico-web-titel.jpg\" \/>\n\t<meta property=\"og:image:width\" content=\"1030\" \/>\n\t<meta property=\"og:image:height\" content=\"687\" \/>\n\t<meta property=\"og:image:type\" content=\"image\/jpeg\" \/>\n<meta name=\"twitter:card\" content=\"summary_large_image\" \/>\n<meta name=\"twitter:label1\" content=\"Tempo di lettura stimato\" \/>\n\t<meta name=\"twitter:data1\" content=\"14 minuti\" \/>\n<script type=\"application\/ld+json\" class=\"yoast-schema-graph\">{\"@context\":\"https:\\\/\\\/schema.org\",\"@graph\":[{\"@type\":\"WebPage\",\"@id\":\"https:\\\/\\\/www.schlosstirol.it\\\/it\\\/museo-provinciale-alto-adige\\\/mostre-2023\\\/\",\"url\":\"https:\\\/\\\/www.schlosstirol.it\\\/it\\\/museo-provinciale-alto-adige\\\/mostre-2023\\\/\",\"name\":\"Mostre 2023 - Castel Tirolo - Museo storico-culturale (BZ)\",\"isPartOf\":{\"@id\":\"https:\\\/\\\/www.schlosstirol.it\\\/it\\\/#website\"},\"primaryImageOfPage\":{\"@id\":\"https:\\\/\\\/www.schlosstirol.it\\\/it\\\/museo-provinciale-alto-adige\\\/mostre-2023\\\/#primaryimage\"},\"image\":{\"@id\":\"https:\\\/\\\/www.schlosstirol.it\\\/it\\\/museo-provinciale-alto-adige\\\/mostre-2023\\\/#primaryimage\"},\"thumbnailUrl\":\"https:\\\/\\\/www.schlosstirol.it\\\/wp-content\\\/uploads\\\/2020\\\/01\\\/Andacht-und-Herrschaft_Altare_LV_Mosaico-web-titel.jpg\",\"datePublished\":\"2024-03-14T07:48:22+00:00\",\"dateModified\":\"2024-03-14T07:53:50+00:00\",\"breadcrumb\":{\"@id\":\"https:\\\/\\\/www.schlosstirol.it\\\/it\\\/museo-provinciale-alto-adige\\\/mostre-2023\\\/#breadcrumb\"},\"inLanguage\":\"it-IT\",\"potentialAction\":[{\"@type\":\"ReadAction\",\"target\":[\"https:\\\/\\\/www.schlosstirol.it\\\/it\\\/museo-provinciale-alto-adige\\\/mostre-2023\\\/\"]}]},{\"@type\":\"ImageObject\",\"inLanguage\":\"it-IT\",\"@id\":\"https:\\\/\\\/www.schlosstirol.it\\\/it\\\/museo-provinciale-alto-adige\\\/mostre-2023\\\/#primaryimage\",\"url\":\"https:\\\/\\\/www.schlosstirol.it\\\/wp-content\\\/uploads\\\/2020\\\/01\\\/Andacht-und-Herrschaft_Altare_LV_Mosaico-web-titel.jpg\",\"contentUrl\":\"https:\\\/\\\/www.schlosstirol.it\\\/wp-content\\\/uploads\\\/2020\\\/01\\\/Andacht-und-Herrschaft_Altare_LV_Mosaico-web-titel.jpg\",\"width\":1030,\"height\":687,\"caption\":\"Mostre tematiche\"},{\"@type\":\"BreadcrumbList\",\"@id\":\"https:\\\/\\\/www.schlosstirol.it\\\/it\\\/museo-provinciale-alto-adige\\\/mostre-2023\\\/#breadcrumb\",\"itemListElement\":[{\"@type\":\"ListItem\",\"position\":1,\"name\":\"Startseite\",\"item\":\"https:\\\/\\\/www.schlosstirol.it\\\/it\\\/castel-tirolo\\\/\"},{\"@type\":\"ListItem\",\"position\":2,\"name\":\"Mostre 2023\"}]},{\"@type\":\"WebSite\",\"@id\":\"https:\\\/\\\/www.schlosstirol.it\\\/it\\\/#website\",\"url\":\"https:\\\/\\\/www.schlosstirol.it\\\/it\\\/\",\"name\":\"Castel Tirolo - Museo storico-culturale (BZ)\",\"description\":\"Museo storico-culturale della Provincia di Bolzano\",\"publisher\":{\"@id\":\"https:\\\/\\\/www.schlosstirol.it\\\/it\\\/#organization\"},\"potentialAction\":[{\"@type\":\"SearchAction\",\"target\":{\"@type\":\"EntryPoint\",\"urlTemplate\":\"https:\\\/\\\/www.schlosstirol.it\\\/it\\\/?s={search_term_string}\"},\"query-input\":{\"@type\":\"PropertyValueSpecification\",\"valueRequired\":true,\"valueName\":\"search_term_string\"}}],\"inLanguage\":\"it-IT\"},{\"@type\":\"Organization\",\"@id\":\"https:\\\/\\\/www.schlosstirol.it\\\/it\\\/#organization\",\"name\":\"Castel Tirolo\",\"url\":\"https:\\\/\\\/www.schlosstirol.it\\\/it\\\/\",\"logo\":{\"@type\":\"ImageObject\",\"inLanguage\":\"it-IT\",\"@id\":\"https:\\\/\\\/www.schlosstirol.it\\\/it\\\/#\\\/schema\\\/logo\\\/image\\\/\",\"url\":\"https:\\\/\\\/www.schlosstirol.it\\\/wp-content\\\/uploads\\\/2018\\\/09\\\/schloss-tirol_logo-impressum.png\",\"contentUrl\":\"https:\\\/\\\/www.schlosstirol.it\\\/wp-content\\\/uploads\\\/2018\\\/09\\\/schloss-tirol_logo-impressum.png\",\"width\":1030,\"height\":687,\"caption\":\"Castel Tirolo\"},\"image\":{\"@id\":\"https:\\\/\\\/www.schlosstirol.it\\\/it\\\/#\\\/schema\\\/logo\\\/image\\\/\"},\"sameAs\":[\"https:\\\/\\\/www.facebook.com\\\/schlosstirol.casteltirolo\"]}]}<\/script>\n<!-- \/ Yoast SEO plugin. -->","yoast_head_json":{"title":"Mostre 2023 - Castel Tirolo - Museo storico-culturale (BZ)","robots":{"index":"index","follow":"follow","max-snippet":"max-snippet:-1","max-image-preview":"max-image-preview:large","max-video-preview":"max-video-preview:-1"},"canonical":"https:\/\/www.schlosstirol.it\/it\/museo-provinciale-alto-adige\/mostre-2023\/","og_locale":"it_IT","og_type":"article","og_title":"Mostre 2023 - Castel Tirolo - Museo storico-culturale (BZ)","og_url":"https:\/\/www.schlosstirol.it\/it\/museo-provinciale-alto-adige\/mostre-2023\/","og_site_name":"Castel Tirolo - Museo storico-culturale (BZ)","article_publisher":"https:\/\/www.facebook.com\/schlosstirol.casteltirolo","article_modified_time":"2024-03-14T07:53:50+00:00","og_image":[{"width":1030,"height":687,"url":"https:\/\/www.schlosstirol.it\/wp-content\/uploads\/2020\/01\/Andacht-und-Herrschaft_Altare_LV_Mosaico-web-titel.jpg","type":"image\/jpeg"}],"twitter_card":"summary_large_image","twitter_misc":{"Tempo di lettura stimato":"14 minuti"},"schema":{"@context":"https:\/\/schema.org","@graph":[{"@type":"WebPage","@id":"https:\/\/www.schlosstirol.it\/it\/museo-provinciale-alto-adige\/mostre-2023\/","url":"https:\/\/www.schlosstirol.it\/it\/museo-provinciale-alto-adige\/mostre-2023\/","name":"Mostre 2023 - Castel Tirolo - Museo storico-culturale (BZ)","isPartOf":{"@id":"https:\/\/www.schlosstirol.it\/it\/#website"},"primaryImageOfPage":{"@id":"https:\/\/www.schlosstirol.it\/it\/museo-provinciale-alto-adige\/mostre-2023\/#primaryimage"},"image":{"@id":"https:\/\/www.schlosstirol.it\/it\/museo-provinciale-alto-adige\/mostre-2023\/#primaryimage"},"thumbnailUrl":"https:\/\/www.schlosstirol.it\/wp-content\/uploads\/2020\/01\/Andacht-und-Herrschaft_Altare_LV_Mosaico-web-titel.jpg","datePublished":"2024-03-14T07:48:22+00:00","dateModified":"2024-03-14T07:53:50+00:00","breadcrumb":{"@id":"https:\/\/www.schlosstirol.it\/it\/museo-provinciale-alto-adige\/mostre-2023\/#breadcrumb"},"inLanguage":"it-IT","potentialAction":[{"@type":"ReadAction","target":["https:\/\/www.schlosstirol.it\/it\/museo-provinciale-alto-adige\/mostre-2023\/"]}]},{"@type":"ImageObject","inLanguage":"it-IT","@id":"https:\/\/www.schlosstirol.it\/it\/museo-provinciale-alto-adige\/mostre-2023\/#primaryimage","url":"https:\/\/www.schlosstirol.it\/wp-content\/uploads\/2020\/01\/Andacht-und-Herrschaft_Altare_LV_Mosaico-web-titel.jpg","contentUrl":"https:\/\/www.schlosstirol.it\/wp-content\/uploads\/2020\/01\/Andacht-und-Herrschaft_Altare_LV_Mosaico-web-titel.jpg","width":1030,"height":687,"caption":"Mostre tematiche"},{"@type":"BreadcrumbList","@id":"https:\/\/www.schlosstirol.it\/it\/museo-provinciale-alto-adige\/mostre-2023\/#breadcrumb","itemListElement":[{"@type":"ListItem","position":1,"name":"Startseite","item":"https:\/\/www.schlosstirol.it\/it\/castel-tirolo\/"},{"@type":"ListItem","position":2,"name":"Mostre 2023"}]},{"@type":"WebSite","@id":"https:\/\/www.schlosstirol.it\/it\/#website","url":"https:\/\/www.schlosstirol.it\/it\/","name":"Castel Tirolo - Museo storico-culturale (BZ)","description":"Museo storico-culturale della Provincia di Bolzano","publisher":{"@id":"https:\/\/www.schlosstirol.it\/it\/#organization"},"potentialAction":[{"@type":"SearchAction","target":{"@type":"EntryPoint","urlTemplate":"https:\/\/www.schlosstirol.it\/it\/?s={search_term_string}"},"query-input":{"@type":"PropertyValueSpecification","valueRequired":true,"valueName":"search_term_string"}}],"inLanguage":"it-IT"},{"@type":"Organization","@id":"https:\/\/www.schlosstirol.it\/it\/#organization","name":"Castel Tirolo","url":"https:\/\/www.schlosstirol.it\/it\/","logo":{"@type":"ImageObject","inLanguage":"it-IT","@id":"https:\/\/www.schlosstirol.it\/it\/#\/schema\/logo\/image\/","url":"https:\/\/www.schlosstirol.it\/wp-content\/uploads\/2018\/09\/schloss-tirol_logo-impressum.png","contentUrl":"https:\/\/www.schlosstirol.it\/wp-content\/uploads\/2018\/09\/schloss-tirol_logo-impressum.png","width":1030,"height":687,"caption":"Castel Tirolo"},"image":{"@id":"https:\/\/www.schlosstirol.it\/it\/#\/schema\/logo\/image\/"},"sameAs":["https:\/\/www.facebook.com\/schlosstirol.casteltirolo"]}]}},"_links":{"self":[{"href":"https:\/\/www.schlosstirol.it\/it\/wp-json\/wp\/v2\/portfolio\/16118","targetHints":{"allow":["GET"]}}],"collection":[{"href":"https:\/\/www.schlosstirol.it\/it\/wp-json\/wp\/v2\/portfolio"}],"about":[{"href":"https:\/\/www.schlosstirol.it\/it\/wp-json\/wp\/v2\/types\/portfolio"}],"author":[{"embeddable":true,"href":"https:\/\/www.schlosstirol.it\/it\/wp-json\/wp\/v2\/users\/1"}],"replies":[{"embeddable":true,"href":"https:\/\/www.schlosstirol.it\/it\/wp-json\/wp\/v2\/comments?post=16118"}],"version-history":[{"count":0,"href":"https:\/\/www.schlosstirol.it\/it\/wp-json\/wp\/v2\/portfolio\/16118\/revisions"}],"wp:featuredmedia":[{"embeddable":true,"href":"https:\/\/www.schlosstirol.it\/it\/wp-json\/wp\/v2\/media\/14161"}],"wp:attachment":[{"href":"https:\/\/www.schlosstirol.it\/it\/wp-json\/wp\/v2\/media?parent=16118"}],"wp:term":[{"taxonomy":"post_tag","embeddable":true,"href":"https:\/\/www.schlosstirol.it\/it\/wp-json\/wp\/v2\/tags?post=16118"},{"taxonomy":"portfolio_entries","embeddable":true,"href":"https:\/\/www.schlosstirol.it\/it\/wp-json\/wp\/v2\/portfolio_entries?post=16118"}],"curies":[{"name":"wp","href":"https:\/\/api.w.org\/{rel}","templated":true}]}}