{"id":2454,"date":"2018-03-07T14:39:00","date_gmt":"2018-03-07T13:39:00","guid":{"rendered":"http:\/\/andale.info\/schloss2\/?post_type=portfolio&#038;p=2454"},"modified":"2018-10-09T14:47:33","modified_gmt":"2018-10-09T12:47:33","slug":"mostre-2009","status":"publish","type":"portfolio","link":"https:\/\/www.schlosstirol.it\/it\/museo-provinciale-alto-adige\/mostre-2009\/","title":{"rendered":"Mostre 2009"},"content":{"rendered":"<div id='full_slider_1'  class='avia-fullwidth-slider main_color avia-shadow   avia-builder-el-0  el_before_av_section  avia-builder-el-first   container_wrap fullsize'  >\n<style type=\"text\/css\" data-created_by=\"avia_inline_auto\" id=\"style-css-av-uvmwda-2e1a3a709dafc2571862e11674c91c78\">\n#top #wrap_all .avia-slideshow .av-slideshow-caption.av-uvmwda-2e1a3a709dafc2571862e11674c91c78__0 .avia-caption-title{\nfont-size:50px;\n}\n<\/style>\n<div  class='avia-slideshow av-uvmwda-2e1a3a709dafc2571862e11674c91c78 avia-slideshow-featured_large av_slideshow_full avia-fade-slider av-slideshow-ui av-control-hidden av-no-slider-navigation av-hide-nav-arrows av-slideshow-autoplay av-loop-endless av-loop-manual-endless av-default-height-applied   avia-slideshow-1' data-slideshow-options=\"{&quot;animation&quot;:&quot;fade&quot;,&quot;autoplay&quot;:true,&quot;loop_autoplay&quot;:&quot;endless&quot;,&quot;interval&quot;:5,&quot;loop_manual&quot;:&quot;manual-endless&quot;,&quot;autoplay_stopper&quot;:false,&quot;noNavigation&quot;:true,&quot;bg_slider&quot;:false,&quot;keep_padding&quot;:false,&quot;hoverpause&quot;:false,&quot;show_slide_delay&quot;:0}\"  itemprop=\"image\" itemscope=\"itemscope\" itemtype=\"https:\/\/schema.org\/ImageObject\" ><ul class='avia-slideshow-inner ' style='padding-bottom: 42%;'><li  class='avia-slideshow-slide av-uvmwda-2e1a3a709dafc2571862e11674c91c78__0  av-single-slide slide-1 slide-odd'><a href=\"#leo-sebastian-humer\"  data-rel='slideshow-1' class='avia-slide-wrap '   ><div class='av-slideshow-caption av-uvmwda-2e1a3a709dafc2571862e11674c91c78__0 caption_fullwidth caption_left'><div class=\"container caption_container\"><div class=\"slideshow_caption\"><div class=\"slideshow_inner_caption\"><div class=\"slideshow_align_caption\"><h2 class='avia-caption-title '  itemprop=\"name\" >Mostre 2009<\/h2><\/div><\/div><\/div><\/div><\/div><img decoding=\"async\" fetchpriority=\"high\" class=\"wp-image-2120 avia-img-lazy-loading-not-2120\"  src=\"https:\/\/www.schlosstirol.it\/wp-content\/uploads\/2018\/03\/schloss-tirol_ausstellungen-2009-Titelbild_26-Christian-Martinelli.jpg\" width=\"1500\" height=\"630\" title='' alt=''  itemprop=\"thumbnailUrl\"  style='min-height:300px; min-width:715px; ' srcset=\"https:\/\/www.schlosstirol.it\/wp-content\/uploads\/2018\/03\/schloss-tirol_ausstellungen-2009-Titelbild_26-Christian-Martinelli.jpg 1500w, https:\/\/www.schlosstirol.it\/wp-content\/uploads\/2018\/03\/schloss-tirol_ausstellungen-2009-Titelbild_26-Christian-Martinelli-300x126.jpg 300w, https:\/\/www.schlosstirol.it\/wp-content\/uploads\/2018\/03\/schloss-tirol_ausstellungen-2009-Titelbild_26-Christian-Martinelli-768x323.jpg 768w, https:\/\/www.schlosstirol.it\/wp-content\/uploads\/2018\/03\/schloss-tirol_ausstellungen-2009-Titelbild_26-Christian-Martinelli-1030x433.jpg 1030w, https:\/\/www.schlosstirol.it\/wp-content\/uploads\/2018\/03\/schloss-tirol_ausstellungen-2009-Titelbild_26-Christian-Martinelli-705x296.jpg 705w, https:\/\/www.schlosstirol.it\/wp-content\/uploads\/2018\/03\/schloss-tirol_ausstellungen-2009-Titelbild_26-Christian-Martinelli-450x189.jpg 450w\" sizes=\"(max-width: 1500px) 100vw, 1500px\" \/><\/a><\/li><\/ul><\/div><\/div>\n<div id='leo-sebastian-humer'  class='avia-section av-qrjbn2-6b522753575900e84778c9c5791a3ef2 main_color avia-section-default avia-no-border-styling  avia-builder-el-1  el_after_av_slideshow_full  el_before_av_section  avia-bg-style-scroll container_wrap fullsize'  ><div class='container av-section-cont-open' ><div class='template-page content  av-content-full alpha units'><div class='post-entry post-entry-type-page post-entry-2454'><div class='entry-content-wrapper clearfix'>\n\n<style type=\"text\/css\" data-created_by=\"avia_inline_auto\" id=\"style-css-av-el58ba-4f33b36de13197136d0f4bb7638e6598\">\n.flex_column.av-el58ba-4f33b36de13197136d0f4bb7638e6598{\nborder-radius:0px 0px 0px 0px;\npadding:0px 0px 0px 0px;\n}\n<\/style>\n<div  class='flex_column av-el58ba-4f33b36de13197136d0f4bb7638e6598 av_one_third  avia-builder-el-2  el_before_av_two_third  avia-builder-el-first  first flex_column_div av-zero-column-padding  '     ><style type=\"text\/css\" data-created_by=\"avia_inline_auto\" id=\"style-css-av-6ig97-7dd351cfba3f750e0d6a2d8e38cd4b43\">\n#top .avia-gallery.av-6ig97-7dd351cfba3f750e0d6a2d8e38cd4b43 .avia-gallery-thumb a{\nwidth:100%;\n}\n<\/style>\n<div  class='avia-gallery av-6ig97-7dd351cfba3f750e0d6a2d8e38cd4b43 avia_animate_when_visible  avia-builder-el-3  avia-builder-el-no-sibling  deactivate_avia_lazyload avia-gallery-animate avia-gallery-1'  itemprop=\"image\" itemscope=\"itemscope\" itemtype=\"https:\/\/schema.org\/ImageObject\" ><meta itemprop=\"contentURL\" content=\"https:\/\/www.schlosstirol.it\/it\/museo-provinciale-alto-adige\/mostre-2009\/\"><div class='avia-gallery-thumb'><a href=\"https:\/\/www.schlosstirol.it\/wp-content\/uploads\/2018\/03\/schloss-tirol_ausstellungen-2009-LSH_Selbstportraet_1920-klein.jpg\" data-srcset=\"https:\/\/www.schlosstirol.it\/wp-content\/uploads\/2018\/03\/schloss-tirol_ausstellungen-2009-LSH_Selbstportraet_1920-klein.jpg 670w, https:\/\/www.schlosstirol.it\/wp-content\/uploads\/2018\/03\/schloss-tirol_ausstellungen-2009-LSH_Selbstportraet_1920-klein-251x300.jpg 251w, https:\/\/www.schlosstirol.it\/wp-content\/uploads\/2018\/03\/schloss-tirol_ausstellungen-2009-LSH_Selbstportraet_1920-klein-590x705.jpg 590w, https:\/\/www.schlosstirol.it\/wp-content\/uploads\/2018\/03\/schloss-tirol_ausstellungen-2009-LSH_Selbstportraet_1920-klein-450x537.jpg 450w\" data-sizes=\"(max-width: 670px) 100vw, 670px\" data-rel='gallery-1' data-prev-img='https:\/\/www.schlosstirol.it\/wp-content\/uploads\/2018\/03\/schloss-tirol_ausstellungen-2009-LSH_Selbstportraet_1920-klein.jpg' class='first_thumb lightbox ' data-onclick='1' title=''  itemprop=\"thumbnailUrl\"  ><img decoding=\"async\" fetchpriority=\"high\" class=\"wp-image-2142 avia-img-lazy-loading-not-2142\"   src=\"https:\/\/www.schlosstirol.it\/wp-content\/uploads\/2018\/03\/schloss-tirol_ausstellungen-2009-LSH_Selbstportraet_1920-klein.jpg\" width=\"670\" height=\"800\"  title='' alt='' srcset=\"https:\/\/www.schlosstirol.it\/wp-content\/uploads\/2018\/03\/schloss-tirol_ausstellungen-2009-LSH_Selbstportraet_1920-klein.jpg 670w, https:\/\/www.schlosstirol.it\/wp-content\/uploads\/2018\/03\/schloss-tirol_ausstellungen-2009-LSH_Selbstportraet_1920-klein-251x300.jpg 251w, https:\/\/www.schlosstirol.it\/wp-content\/uploads\/2018\/03\/schloss-tirol_ausstellungen-2009-LSH_Selbstportraet_1920-klein-590x705.jpg 590w, https:\/\/www.schlosstirol.it\/wp-content\/uploads\/2018\/03\/schloss-tirol_ausstellungen-2009-LSH_Selbstportraet_1920-klein-450x537.jpg 450w\" sizes=\"(max-width: 670px) 100vw, 670px\" \/><div class='big-prev-fake'><img decoding=\"async\" loading=\"lazy\" class=\"wp-image-2142 avia-img-lazy-loading-2142\"  width=\"670\" height=\"800\" src=\"https:\/\/www.schlosstirol.it\/wp-content\/uploads\/2018\/03\/schloss-tirol_ausstellungen-2009-LSH_Selbstportraet_1920-klein.jpg\" title='' alt='' srcset=\"https:\/\/www.schlosstirol.it\/wp-content\/uploads\/2018\/03\/schloss-tirol_ausstellungen-2009-LSH_Selbstportraet_1920-klein.jpg 670w, https:\/\/www.schlosstirol.it\/wp-content\/uploads\/2018\/03\/schloss-tirol_ausstellungen-2009-LSH_Selbstportraet_1920-klein-251x300.jpg 251w, https:\/\/www.schlosstirol.it\/wp-content\/uploads\/2018\/03\/schloss-tirol_ausstellungen-2009-LSH_Selbstportraet_1920-klein-590x705.jpg 590w, https:\/\/www.schlosstirol.it\/wp-content\/uploads\/2018\/03\/schloss-tirol_ausstellungen-2009-LSH_Selbstportraet_1920-klein-450x537.jpg 450w\" sizes=\"auto, (max-width: 670px) 100vw, 670px\" \/><\/div><\/a><\/div><\/div><\/div>\n<style type=\"text\/css\" data-created_by=\"avia_inline_auto\" id=\"style-css-av-qd7uji-391d48622a7cacbf21e9f72c71d5797e\">\n.flex_column.av-qd7uji-391d48622a7cacbf21e9f72c71d5797e{\nborder-radius:0px 0px 0px 0px;\npadding:30px 0 30px 0;\n}\n<\/style>\n<div  class='flex_column av-qd7uji-391d48622a7cacbf21e9f72c71d5797e av_two_third  avia-builder-el-4  el_after_av_one_third  avia-builder-el-last  flex_column_div  '     ><p>\n<style type=\"text\/css\" data-created_by=\"avia_inline_auto\" id=\"style-css-av-jn1puzfq-4840b2d1dbad77db823214c233e10ec5\">\n#top .av-special-heading.av-jn1puzfq-4840b2d1dbad77db823214c233e10ec5{\npadding-bottom:20px;\n}\nbody .av-special-heading.av-jn1puzfq-4840b2d1dbad77db823214c233e10ec5 .av-special-heading-tag .heading-char{\nfont-size:25px;\n}\n.av-special-heading.av-jn1puzfq-4840b2d1dbad77db823214c233e10ec5 .av-subheading{\nfont-size:21px;\n}\n<\/style>\n<div  class='av-special-heading av-jn1puzfq-4840b2d1dbad77db823214c233e10ec5 av-special-heading-h2 blockquote modern-quote  avia-builder-el-5  el_before_av_textblock  avia-builder-el-first '><h2 class='av-special-heading-tag '  itemprop=\"headline\"  >Leo Sebastian Humer (1896\u20131965). La riscoperta di uno sconosciuto.<\/h2><div class='av-subheading av-subheading_below'><p>13.03.2009 \u2013 17.05.2009<\/p>\n<\/div><div class=\"special-heading-border\"><div class=\"special-heading-inner-border\"><\/div><\/div><\/div><br \/>\n<section  class='av_textblock_section av-m33kvy-c47995226109740feeab5c940167de1d '   itemscope=\"itemscope\" itemtype=\"https:\/\/schema.org\/CreativeWork\" ><div class='avia_textblock'  itemprop=\"text\" ><p>Per la prima volta nello scenario di Castel Tirolo viene presentata una selezione di ritratti realizzati da Leo Sebastian Humer, artista ingiustamente caduto nell\u2019oblio. Uno dei pi\u00f9 importanti rappresentanti della nuova oggettivit\u00e0 nell\u2019Alto Adige degli anni Venti, Humer \u00e8 capace di sorprendere per la sua ecletticit\u00e0.<\/p>\n<p>Nato a Bressanone, Leo Sebastian Humer ha trascorso in Alto Adige e in Tirolo la sua infanzia e giovent\u00f9. Concluso il servizio di leva, ha studiato all\u2019Accademia di Belle Arti di Monaco di Baviera. Tra i suoi compagni di studio si annovera anche il pittore e architetto Wilhelm Nicolaus Prachensky, grazie al quale ha intrattenuto fervidi rapporti con la scena artistica contemporanea tirolese. Gli anni tra il 1923 e il 1925 sono caratterizzati dalla frequentazione del suo amico Robert du Parc in Alto Adige, a Castel Rubein a Maia Alta, e dalla sua cerchia di amici artisti, anni che vedono Humer parte attiva nella fase di rinnovamento e riorientamento della scena culturale tirolese. La sua ritrattistica si concentra prevalentemente sulla rappresentazione di esponenti locali ed internazionali della scena culturale e politica; dipinge personaggi quali Erich Amonn, Lothar Christanell, Alfred Eccher-Eccho e Hubert Mumelter, ma anche Sent M\u2019Ahesa, Cilly Aussem, Hugo Becker, Waldemar Bonsels e Joachim Ringelnatz. I ritratti femminili nello stile della \u201cnuova oggettivit\u00e0\u201d, i ritratti di bambini e gli espressivi ritratti maschili in mostra saranno affiancati da documenti d\u2019archivio, articoli di giornali contemporanei all\u2019attivit\u00e0 dell\u2019artista ed altre rarit\u00e0 provenienti da collezioni private. Questo binomio tra materiale documentario e ritratti del periodo \u201csudtirolese di Humer\u201d illustrano diversi aspetti e sfaccettature degli anni Venti e raccontano di personalit\u00e0 importanti del recente passato altoatesino.<\/p>\n<\/div><\/section><\/p><\/div><\/div><\/div><\/div><!-- close content main div --><\/div><\/div><div id='eduard-habicher'  class='avia-section av-20xmym-3df3272e635bf5ae159df99565995fd4 main_color avia-section-default avia-no-border-styling  avia-builder-el-7  el_after_av_section  el_before_av_section  avia-bg-style-scroll container_wrap fullsize'  ><div class='container av-section-cont-open' ><div class='template-page content  av-content-full alpha units'><div class='post-entry post-entry-type-page post-entry-2454'><div class='entry-content-wrapper clearfix'>\n\n<style type=\"text\/css\" data-created_by=\"avia_inline_auto\" id=\"style-css-av-aitqom-3e05184ec0569397e46ad050052456b5\">\n.flex_column.av-aitqom-3e05184ec0569397e46ad050052456b5{\nborder-radius:0px 0px 0px 0px;\npadding:0px 0px 0px 0px;\n}\n<\/style>\n<div  class='flex_column av-aitqom-3e05184ec0569397e46ad050052456b5 av_one_third  avia-builder-el-8  el_before_av_two_third  avia-builder-el-first  first flex_column_div av-zero-column-padding  '     ><style type=\"text\/css\" data-created_by=\"avia_inline_auto\" id=\"style-css-av-6ig97-86f2519207ab788d78380afc51b61c9c\">\n#top .avia-gallery.av-6ig97-86f2519207ab788d78380afc51b61c9c .avia-gallery-thumb a{\nwidth:100%;\n}\n<\/style>\n<div  class='avia-gallery av-6ig97-86f2519207ab788d78380afc51b61c9c avia_animate_when_visible  avia-builder-el-9  avia-builder-el-no-sibling  deactivate_avia_lazyload avia-gallery-animate avia-gallery-2'  itemprop=\"image\" itemscope=\"itemscope\" itemtype=\"https:\/\/schema.org\/ImageObject\" ><meta itemprop=\"contentURL\" content=\"https:\/\/www.schlosstirol.it\/it\/museo-provinciale-alto-adige\/mostre-2009\/\"><div class='avia-gallery-thumb'><a href=\"https:\/\/www.schlosstirol.it\/wp-content\/uploads\/2018\/03\/schloss-tirol_ausstellungen-2009-21-Christian-Martinelli-1030x723.jpg\" data-srcset=\"https:\/\/www.schlosstirol.it\/wp-content\/uploads\/2018\/03\/schloss-tirol_ausstellungen-2009-21-Christian-Martinelli.jpg 1030w, https:\/\/www.schlosstirol.it\/wp-content\/uploads\/2018\/03\/schloss-tirol_ausstellungen-2009-21-Christian-Martinelli-300x211.jpg 300w, https:\/\/www.schlosstirol.it\/wp-content\/uploads\/2018\/03\/schloss-tirol_ausstellungen-2009-21-Christian-Martinelli-768x539.jpg 768w, https:\/\/www.schlosstirol.it\/wp-content\/uploads\/2018\/03\/schloss-tirol_ausstellungen-2009-21-Christian-Martinelli-705x495.jpg 705w, https:\/\/www.schlosstirol.it\/wp-content\/uploads\/2018\/03\/schloss-tirol_ausstellungen-2009-21-Christian-Martinelli-450x316.jpg 450w\" data-sizes=\"(max-width: 1030px) 100vw, 1030px\" data-rel='gallery-2' data-prev-img='https:\/\/www.schlosstirol.it\/wp-content\/uploads\/2018\/03\/schloss-tirol_ausstellungen-2009-21-Christian-Martinelli.jpg' class='first_thumb lightbox ' data-onclick='1' title=''  itemprop=\"thumbnailUrl\"  ><img decoding=\"async\" fetchpriority=\"high\" class=\"wp-image-2139 avia-img-lazy-loading-not-2139\"   src=\"https:\/\/www.schlosstirol.it\/wp-content\/uploads\/2018\/03\/schloss-tirol_ausstellungen-2009-21-Christian-Martinelli.jpg\" width=\"1030\" height=\"723\"  title='' alt='' srcset=\"https:\/\/www.schlosstirol.it\/wp-content\/uploads\/2018\/03\/schloss-tirol_ausstellungen-2009-21-Christian-Martinelli.jpg 1030w, https:\/\/www.schlosstirol.it\/wp-content\/uploads\/2018\/03\/schloss-tirol_ausstellungen-2009-21-Christian-Martinelli-300x211.jpg 300w, https:\/\/www.schlosstirol.it\/wp-content\/uploads\/2018\/03\/schloss-tirol_ausstellungen-2009-21-Christian-Martinelli-768x539.jpg 768w, https:\/\/www.schlosstirol.it\/wp-content\/uploads\/2018\/03\/schloss-tirol_ausstellungen-2009-21-Christian-Martinelli-705x495.jpg 705w, https:\/\/www.schlosstirol.it\/wp-content\/uploads\/2018\/03\/schloss-tirol_ausstellungen-2009-21-Christian-Martinelli-450x316.jpg 450w\" sizes=\"(max-width: 1030px) 100vw, 1030px\" \/><div class='big-prev-fake'><img decoding=\"async\" loading=\"lazy\" class=\"wp-image-2139 avia-img-lazy-loading-2139\"  width=\"1030\" height=\"723\" src=\"https:\/\/www.schlosstirol.it\/wp-content\/uploads\/2018\/03\/schloss-tirol_ausstellungen-2009-21-Christian-Martinelli.jpg\" title='' alt='' srcset=\"https:\/\/www.schlosstirol.it\/wp-content\/uploads\/2018\/03\/schloss-tirol_ausstellungen-2009-21-Christian-Martinelli.jpg 1030w, https:\/\/www.schlosstirol.it\/wp-content\/uploads\/2018\/03\/schloss-tirol_ausstellungen-2009-21-Christian-Martinelli-300x211.jpg 300w, https:\/\/www.schlosstirol.it\/wp-content\/uploads\/2018\/03\/schloss-tirol_ausstellungen-2009-21-Christian-Martinelli-768x539.jpg 768w, https:\/\/www.schlosstirol.it\/wp-content\/uploads\/2018\/03\/schloss-tirol_ausstellungen-2009-21-Christian-Martinelli-705x495.jpg 705w, https:\/\/www.schlosstirol.it\/wp-content\/uploads\/2018\/03\/schloss-tirol_ausstellungen-2009-21-Christian-Martinelli-450x316.jpg 450w\" sizes=\"auto, (max-width: 1030px) 100vw, 1030px\" \/><\/div><\/a><\/div><\/div><\/div>\n<style type=\"text\/css\" data-created_by=\"avia_inline_auto\" id=\"style-css-av-jqyloe-4e0465e9e1995e458bd363c3d91f4c8a\">\n.flex_column.av-jqyloe-4e0465e9e1995e458bd363c3d91f4c8a{\nborder-radius:0px 0px 0px 0px;\npadding:30px 0 30px 0;\n}\n<\/style>\n<div  class='flex_column av-jqyloe-4e0465e9e1995e458bd363c3d91f4c8a av_two_third  avia-builder-el-10  el_after_av_one_third  avia-builder-el-last  flex_column_div  '     ><p>\n<style type=\"text\/css\" data-created_by=\"avia_inline_auto\" id=\"style-css-av-jn1pyai5-c5d2f1c8aed99ffc18296e9b1678ad41\">\n#top .av-special-heading.av-jn1pyai5-c5d2f1c8aed99ffc18296e9b1678ad41{\npadding-bottom:20px;\n}\nbody .av-special-heading.av-jn1pyai5-c5d2f1c8aed99ffc18296e9b1678ad41 .av-special-heading-tag .heading-char{\nfont-size:25px;\n}\n.av-special-heading.av-jn1pyai5-c5d2f1c8aed99ffc18296e9b1678ad41 .av-subheading{\nfont-size:21px;\n}\n<\/style>\n<div  class='av-special-heading av-jn1pyai5-c5d2f1c8aed99ffc18296e9b1678ad41 av-special-heading-h2 blockquote modern-quote  avia-builder-el-11  el_before_av_textblock  avia-builder-el-first '><h2 class='av-special-heading-tag '  itemprop=\"headline\"  >Eduard Habicher. The rose in the steel dust.<\/h2><div class='av-subheading av-subheading_below'><p>08.04.2009 \u2013 30.10.2009<\/p>\n<\/div><div class=\"special-heading-border\"><div class=\"special-heading-inner-border\"><\/div><\/div><\/div><br \/>\n<section  class='av_textblock_section av-g3caz2-c6af1039490e7d458e044fa72160e4df '   itemscope=\"itemscope\" itemtype=\"https:\/\/schema.org\/CreativeWork\" ><div class='avia_textblock'  itemprop=\"text\" ><p>La produzione artistica di Habicher trova la sua collocazione nel campo della scultura \u201cpesante\u201d, che si avvicina ai materiali tradizionali. Le sue sculture sono libere di muoversi e di inserirsi nello spazio senza drammaticit\u00e0. Cos\u00ec, infatti, \u00e8 l\u2019opera dell\u2019artista meranese nel suo lavoro a Castel Tirolo: segni e monumentalit\u00e0 si uniscono nella loro relazione con la sala espositiva, essa stessa di grande valore storico e architettonico.<\/p>\n<\/div><\/section><\/p><\/div><\/div><\/div><\/div><!-- close content main div --><\/div><\/div><div id='ennemoser-fallmerayer'  class='avia-section av-e6kb66-d0892c1889980c1f31540be0d045c57c main_color avia-section-default avia-no-border-styling  avia-builder-el-13  el_after_av_section  el_before_av_section  avia-bg-style-scroll container_wrap fullsize'  ><div class='container av-section-cont-open' ><div class='template-page content  av-content-full alpha units'><div class='post-entry post-entry-type-page post-entry-2454'><div class='entry-content-wrapper clearfix'>\n\n<style type=\"text\/css\" data-created_by=\"avia_inline_auto\" id=\"style-css-av-7rnzvq-04cea18e4c34b2c47b1e2436c3a03d2a\">\n.flex_column.av-7rnzvq-04cea18e4c34b2c47b1e2436c3a03d2a{\nborder-radius:0px 0px 0px 0px;\npadding:0px 0px 0px 0px;\n}\n<\/style>\n<div  class='flex_column av-7rnzvq-04cea18e4c34b2c47b1e2436c3a03d2a av_one_third  avia-builder-el-14  el_before_av_two_third  avia-builder-el-first  first flex_column_div av-zero-column-padding  '     ><style type=\"text\/css\" data-created_by=\"avia_inline_auto\" id=\"style-css-av-6ig97-fed1572240e9b05a9e19c07c9e628f97\">\n#top .avia-gallery.av-6ig97-fed1572240e9b05a9e19c07c9e628f97 .avia-gallery-thumb a{\nwidth:50%;\n}\n<\/style>\n<div  class='avia-gallery av-6ig97-fed1572240e9b05a9e19c07c9e628f97 avia_animate_when_visible  avia-builder-el-15  avia-builder-el-no-sibling  deactivate_avia_lazyload avia-gallery-animate avia-gallery-3'  itemprop=\"image\" itemscope=\"itemscope\" itemtype=\"https:\/\/schema.org\/ImageObject\" ><meta itemprop=\"contentURL\" content=\"https:\/\/www.schlosstirol.it\/it\/museo-provinciale-alto-adige\/mostre-2009\/\"><div class='avia-gallery-thumb'><a href=\"https:\/\/www.schlosstirol.it\/wp-content\/uploads\/2018\/03\/schloss-tirol_ausstellungen-2009-26-Christian-Martinelli-1030x741.jpg\" data-srcset=\"https:\/\/www.schlosstirol.it\/wp-content\/uploads\/2018\/03\/schloss-tirol_ausstellungen-2009-26-Christian-Martinelli.jpg 1030w, https:\/\/www.schlosstirol.it\/wp-content\/uploads\/2018\/03\/schloss-tirol_ausstellungen-2009-26-Christian-Martinelli-300x216.jpg 300w, https:\/\/www.schlosstirol.it\/wp-content\/uploads\/2018\/03\/schloss-tirol_ausstellungen-2009-26-Christian-Martinelli-768x553.jpg 768w, https:\/\/www.schlosstirol.it\/wp-content\/uploads\/2018\/03\/schloss-tirol_ausstellungen-2009-26-Christian-Martinelli-705x507.jpg 705w, https:\/\/www.schlosstirol.it\/wp-content\/uploads\/2018\/03\/schloss-tirol_ausstellungen-2009-26-Christian-Martinelli-450x324.jpg 450w\" data-sizes=\"(max-width: 1030px) 100vw, 1030px\" data-rel='gallery-3' data-prev-img='https:\/\/www.schlosstirol.it\/wp-content\/uploads\/2018\/03\/schloss-tirol_ausstellungen-2009-26-Christian-Martinelli.jpg' class='first_thumb lightbox ' data-onclick='1' title=''  itemprop=\"thumbnailUrl\"  ><img decoding=\"async\" fetchpriority=\"high\" class=\"wp-image-2136 avia-img-lazy-loading-not-2136\"   src=\"https:\/\/www.schlosstirol.it\/wp-content\/uploads\/2018\/03\/schloss-tirol_ausstellungen-2009-26-Christian-Martinelli-495x400.jpg\" width=\"495\" height=\"400\"  title='' alt='Mostre 2009' srcset=\"https:\/\/www.schlosstirol.it\/wp-content\/uploads\/2018\/03\/schloss-tirol_ausstellungen-2009-26-Christian-Martinelli-495x400.jpg 495w, https:\/\/www.schlosstirol.it\/wp-content\/uploads\/2018\/03\/schloss-tirol_ausstellungen-2009-26-Christian-Martinelli-845x684.jpg 845w\" sizes=\"(max-width: 495px) 100vw, 495px\" \/><div class='big-prev-fake'><img decoding=\"async\" loading=\"lazy\" class=\"wp-image-2136 avia-img-lazy-loading-2136\"  width=\"1030\" height=\"741\" src=\"https:\/\/www.schlosstirol.it\/wp-content\/uploads\/2018\/03\/schloss-tirol_ausstellungen-2009-26-Christian-Martinelli.jpg\" title='' alt='Mostre 2009' srcset=\"https:\/\/www.schlosstirol.it\/wp-content\/uploads\/2018\/03\/schloss-tirol_ausstellungen-2009-26-Christian-Martinelli.jpg 1030w, https:\/\/www.schlosstirol.it\/wp-content\/uploads\/2018\/03\/schloss-tirol_ausstellungen-2009-26-Christian-Martinelli-300x216.jpg 300w, https:\/\/www.schlosstirol.it\/wp-content\/uploads\/2018\/03\/schloss-tirol_ausstellungen-2009-26-Christian-Martinelli-768x553.jpg 768w, https:\/\/www.schlosstirol.it\/wp-content\/uploads\/2018\/03\/schloss-tirol_ausstellungen-2009-26-Christian-Martinelli-705x507.jpg 705w, https:\/\/www.schlosstirol.it\/wp-content\/uploads\/2018\/03\/schloss-tirol_ausstellungen-2009-26-Christian-Martinelli-450x324.jpg 450w\" sizes=\"auto, (max-width: 1030px) 100vw, 1030px\" \/><\/div><\/a><a href=\"https:\/\/www.schlosstirol.it\/wp-content\/uploads\/2018\/03\/schloss-tirol_ausstellungen-2009-9-Christian-Martinelli-1030x687.jpg\" data-srcset=\"https:\/\/www.schlosstirol.it\/wp-content\/uploads\/2018\/03\/schloss-tirol_ausstellungen-2009-9-Christian-Martinelli.jpg 1030w, https:\/\/www.schlosstirol.it\/wp-content\/uploads\/2018\/03\/schloss-tirol_ausstellungen-2009-9-Christian-Martinelli-300x200.jpg 300w, https:\/\/www.schlosstirol.it\/wp-content\/uploads\/2018\/03\/schloss-tirol_ausstellungen-2009-9-Christian-Martinelli-768x512.jpg 768w, https:\/\/www.schlosstirol.it\/wp-content\/uploads\/2018\/03\/schloss-tirol_ausstellungen-2009-9-Christian-Martinelli-705x470.jpg 705w, https:\/\/www.schlosstirol.it\/wp-content\/uploads\/2018\/03\/schloss-tirol_ausstellungen-2009-9-Christian-Martinelli-450x300.jpg 450w\" data-sizes=\"(max-width: 1030px) 100vw, 1030px\" data-rel='gallery-3' data-prev-img='https:\/\/www.schlosstirol.it\/wp-content\/uploads\/2018\/03\/schloss-tirol_ausstellungen-2009-9-Christian-Martinelli.jpg' class='lightbox ' data-onclick='2' title=''  itemprop=\"thumbnailUrl\"  ><img decoding=\"async\" fetchpriority=\"high\" class=\"wp-image-2133 avia-img-lazy-loading-not-2133\"   src=\"https:\/\/www.schlosstirol.it\/wp-content\/uploads\/2018\/03\/schloss-tirol_ausstellungen-2009-9-Christian-Martinelli-495x400.jpg\" width=\"495\" height=\"400\"  title='' alt='' srcset=\"https:\/\/www.schlosstirol.it\/wp-content\/uploads\/2018\/03\/schloss-tirol_ausstellungen-2009-9-Christian-Martinelli-495x400.jpg 495w, https:\/\/www.schlosstirol.it\/wp-content\/uploads\/2018\/03\/schloss-tirol_ausstellungen-2009-9-Christian-Martinelli-845x684.jpg 845w\" sizes=\"(max-width: 495px) 100vw, 495px\" \/><div class='big-prev-fake'><img decoding=\"async\" loading=\"lazy\" class=\"wp-image-2133 avia-img-lazy-loading-2133\"  width=\"1030\" height=\"687\" src=\"https:\/\/www.schlosstirol.it\/wp-content\/uploads\/2018\/03\/schloss-tirol_ausstellungen-2009-9-Christian-Martinelli.jpg\" title='' alt='' srcset=\"https:\/\/www.schlosstirol.it\/wp-content\/uploads\/2018\/03\/schloss-tirol_ausstellungen-2009-9-Christian-Martinelli.jpg 1030w, https:\/\/www.schlosstirol.it\/wp-content\/uploads\/2018\/03\/schloss-tirol_ausstellungen-2009-9-Christian-Martinelli-300x200.jpg 300w, https:\/\/www.schlosstirol.it\/wp-content\/uploads\/2018\/03\/schloss-tirol_ausstellungen-2009-9-Christian-Martinelli-768x512.jpg 768w, https:\/\/www.schlosstirol.it\/wp-content\/uploads\/2018\/03\/schloss-tirol_ausstellungen-2009-9-Christian-Martinelli-705x470.jpg 705w, https:\/\/www.schlosstirol.it\/wp-content\/uploads\/2018\/03\/schloss-tirol_ausstellungen-2009-9-Christian-Martinelli-450x300.jpg 450w\" sizes=\"auto, (max-width: 1030px) 100vw, 1030px\" \/><\/div><\/a><a href=\"https:\/\/www.schlosstirol.it\/wp-content\/uploads\/2018\/03\/schloss-tirol_ausstellungen-2009-6-Christian-Martinelli-1030x698.jpg\" data-srcset=\"https:\/\/www.schlosstirol.it\/wp-content\/uploads\/2018\/03\/schloss-tirol_ausstellungen-2009-6-Christian-Martinelli.jpg 1030w, https:\/\/www.schlosstirol.it\/wp-content\/uploads\/2018\/03\/schloss-tirol_ausstellungen-2009-6-Christian-Martinelli-300x203.jpg 300w, https:\/\/www.schlosstirol.it\/wp-content\/uploads\/2018\/03\/schloss-tirol_ausstellungen-2009-6-Christian-Martinelli-768x520.jpg 768w, https:\/\/www.schlosstirol.it\/wp-content\/uploads\/2018\/03\/schloss-tirol_ausstellungen-2009-6-Christian-Martinelli-705x478.jpg 705w, https:\/\/www.schlosstirol.it\/wp-content\/uploads\/2018\/03\/schloss-tirol_ausstellungen-2009-6-Christian-Martinelli-450x305.jpg 450w\" data-sizes=\"(max-width: 1030px) 100vw, 1030px\" data-rel='gallery-3' data-prev-img='https:\/\/www.schlosstirol.it\/wp-content\/uploads\/2018\/03\/schloss-tirol_ausstellungen-2009-6-Christian-Martinelli.jpg' class='first_thumb lightbox ' data-onclick='3' title=''  itemprop=\"thumbnailUrl\"  ><img decoding=\"async\" fetchpriority=\"high\" class=\"wp-image-2130 avia-img-lazy-loading-not-2130\"   src=\"https:\/\/www.schlosstirol.it\/wp-content\/uploads\/2018\/03\/schloss-tirol_ausstellungen-2009-6-Christian-Martinelli-495x400.jpg\" width=\"495\" height=\"400\"  title='' alt='' srcset=\"https:\/\/www.schlosstirol.it\/wp-content\/uploads\/2018\/03\/schloss-tirol_ausstellungen-2009-6-Christian-Martinelli-495x400.jpg 495w, https:\/\/www.schlosstirol.it\/wp-content\/uploads\/2018\/03\/schloss-tirol_ausstellungen-2009-6-Christian-Martinelli-845x684.jpg 845w\" sizes=\"(max-width: 495px) 100vw, 495px\" \/><div class='big-prev-fake'><img decoding=\"async\" loading=\"lazy\" class=\"wp-image-2130 avia-img-lazy-loading-2130\"  width=\"1030\" height=\"698\" src=\"https:\/\/www.schlosstirol.it\/wp-content\/uploads\/2018\/03\/schloss-tirol_ausstellungen-2009-6-Christian-Martinelli.jpg\" title='' alt='' srcset=\"https:\/\/www.schlosstirol.it\/wp-content\/uploads\/2018\/03\/schloss-tirol_ausstellungen-2009-6-Christian-Martinelli.jpg 1030w, https:\/\/www.schlosstirol.it\/wp-content\/uploads\/2018\/03\/schloss-tirol_ausstellungen-2009-6-Christian-Martinelli-300x203.jpg 300w, https:\/\/www.schlosstirol.it\/wp-content\/uploads\/2018\/03\/schloss-tirol_ausstellungen-2009-6-Christian-Martinelli-768x520.jpg 768w, https:\/\/www.schlosstirol.it\/wp-content\/uploads\/2018\/03\/schloss-tirol_ausstellungen-2009-6-Christian-Martinelli-705x478.jpg 705w, https:\/\/www.schlosstirol.it\/wp-content\/uploads\/2018\/03\/schloss-tirol_ausstellungen-2009-6-Christian-Martinelli-450x305.jpg 450w\" sizes=\"auto, (max-width: 1030px) 100vw, 1030px\" \/><\/div><\/a><a href=\"https:\/\/www.schlosstirol.it\/wp-content\/uploads\/2018\/03\/schloss-tirol_ausstellungen-2009-13-Christian-Martinelli-1030x704.jpg\" data-srcset=\"https:\/\/www.schlosstirol.it\/wp-content\/uploads\/2018\/03\/schloss-tirol_ausstellungen-2009-13-Christian-Martinelli.jpg 1030w, https:\/\/www.schlosstirol.it\/wp-content\/uploads\/2018\/03\/schloss-tirol_ausstellungen-2009-13-Christian-Martinelli-300x205.jpg 300w, https:\/\/www.schlosstirol.it\/wp-content\/uploads\/2018\/03\/schloss-tirol_ausstellungen-2009-13-Christian-Martinelli-768x525.jpg 768w, https:\/\/www.schlosstirol.it\/wp-content\/uploads\/2018\/03\/schloss-tirol_ausstellungen-2009-13-Christian-Martinelli-705x482.jpg 705w, https:\/\/www.schlosstirol.it\/wp-content\/uploads\/2018\/03\/schloss-tirol_ausstellungen-2009-13-Christian-Martinelli-450x308.jpg 450w\" data-sizes=\"(max-width: 1030px) 100vw, 1030px\" data-rel='gallery-3' data-prev-img='https:\/\/www.schlosstirol.it\/wp-content\/uploads\/2018\/03\/schloss-tirol_ausstellungen-2009-13-Christian-Martinelli.jpg' class='lightbox ' data-onclick='4' title=''  itemprop=\"thumbnailUrl\"  ><img decoding=\"async\" fetchpriority=\"high\" class=\"wp-image-2124 avia-img-lazy-loading-not-2124\"   src=\"https:\/\/www.schlosstirol.it\/wp-content\/uploads\/2018\/03\/schloss-tirol_ausstellungen-2009-13-Christian-Martinelli-495x400.jpg\" width=\"495\" height=\"400\"  title='' alt='' srcset=\"https:\/\/www.schlosstirol.it\/wp-content\/uploads\/2018\/03\/schloss-tirol_ausstellungen-2009-13-Christian-Martinelli-495x400.jpg 495w, https:\/\/www.schlosstirol.it\/wp-content\/uploads\/2018\/03\/schloss-tirol_ausstellungen-2009-13-Christian-Martinelli-845x684.jpg 845w\" sizes=\"(max-width: 495px) 100vw, 495px\" \/><div class='big-prev-fake'><img decoding=\"async\" loading=\"lazy\" class=\"wp-image-2124 avia-img-lazy-loading-2124\"  width=\"1030\" height=\"704\" src=\"https:\/\/www.schlosstirol.it\/wp-content\/uploads\/2018\/03\/schloss-tirol_ausstellungen-2009-13-Christian-Martinelli.jpg\" title='' alt='' srcset=\"https:\/\/www.schlosstirol.it\/wp-content\/uploads\/2018\/03\/schloss-tirol_ausstellungen-2009-13-Christian-Martinelli.jpg 1030w, https:\/\/www.schlosstirol.it\/wp-content\/uploads\/2018\/03\/schloss-tirol_ausstellungen-2009-13-Christian-Martinelli-300x205.jpg 300w, https:\/\/www.schlosstirol.it\/wp-content\/uploads\/2018\/03\/schloss-tirol_ausstellungen-2009-13-Christian-Martinelli-768x525.jpg 768w, https:\/\/www.schlosstirol.it\/wp-content\/uploads\/2018\/03\/schloss-tirol_ausstellungen-2009-13-Christian-Martinelli-705x482.jpg 705w, https:\/\/www.schlosstirol.it\/wp-content\/uploads\/2018\/03\/schloss-tirol_ausstellungen-2009-13-Christian-Martinelli-450x308.jpg 450w\" sizes=\"auto, (max-width: 1030px) 100vw, 1030px\" \/><\/div><\/a><a href=\"https:\/\/www.schlosstirol.it\/wp-content\/uploads\/2018\/03\/schloss-tirol_ausstellungen-2009-14-Christian-Martinelli-1030x686.jpg\" data-srcset=\"https:\/\/www.schlosstirol.it\/wp-content\/uploads\/2018\/03\/schloss-tirol_ausstellungen-2009-14-Christian-Martinelli.jpg 1030w, https:\/\/www.schlosstirol.it\/wp-content\/uploads\/2018\/03\/schloss-tirol_ausstellungen-2009-14-Christian-Martinelli-300x200.jpg 300w, https:\/\/www.schlosstirol.it\/wp-content\/uploads\/2018\/03\/schloss-tirol_ausstellungen-2009-14-Christian-Martinelli-768x512.jpg 768w, https:\/\/www.schlosstirol.it\/wp-content\/uploads\/2018\/03\/schloss-tirol_ausstellungen-2009-14-Christian-Martinelli-705x470.jpg 705w, https:\/\/www.schlosstirol.it\/wp-content\/uploads\/2018\/03\/schloss-tirol_ausstellungen-2009-14-Christian-Martinelli-450x300.jpg 450w\" data-sizes=\"(max-width: 1030px) 100vw, 1030px\" data-rel='gallery-3' data-prev-img='https:\/\/www.schlosstirol.it\/wp-content\/uploads\/2018\/03\/schloss-tirol_ausstellungen-2009-14-Christian-Martinelli.jpg' class='first_thumb lightbox ' data-onclick='5' title=''  itemprop=\"thumbnailUrl\"  ><img decoding=\"async\" fetchpriority=\"high\" class=\"wp-image-2127 avia-img-lazy-loading-not-2127\"   src=\"https:\/\/www.schlosstirol.it\/wp-content\/uploads\/2018\/03\/schloss-tirol_ausstellungen-2009-14-Christian-Martinelli-495x400.jpg\" width=\"495\" height=\"400\"  title='' alt='' srcset=\"https:\/\/www.schlosstirol.it\/wp-content\/uploads\/2018\/03\/schloss-tirol_ausstellungen-2009-14-Christian-Martinelli-495x400.jpg 495w, https:\/\/www.schlosstirol.it\/wp-content\/uploads\/2018\/03\/schloss-tirol_ausstellungen-2009-14-Christian-Martinelli-845x684.jpg 845w\" sizes=\"(max-width: 495px) 100vw, 495px\" \/><div class='big-prev-fake'><img decoding=\"async\" loading=\"lazy\" class=\"wp-image-2127 avia-img-lazy-loading-2127\"  width=\"1030\" height=\"686\" src=\"https:\/\/www.schlosstirol.it\/wp-content\/uploads\/2018\/03\/schloss-tirol_ausstellungen-2009-14-Christian-Martinelli.jpg\" title='' alt='' srcset=\"https:\/\/www.schlosstirol.it\/wp-content\/uploads\/2018\/03\/schloss-tirol_ausstellungen-2009-14-Christian-Martinelli.jpg 1030w, https:\/\/www.schlosstirol.it\/wp-content\/uploads\/2018\/03\/schloss-tirol_ausstellungen-2009-14-Christian-Martinelli-300x200.jpg 300w, https:\/\/www.schlosstirol.it\/wp-content\/uploads\/2018\/03\/schloss-tirol_ausstellungen-2009-14-Christian-Martinelli-768x512.jpg 768w, https:\/\/www.schlosstirol.it\/wp-content\/uploads\/2018\/03\/schloss-tirol_ausstellungen-2009-14-Christian-Martinelli-705x470.jpg 705w, https:\/\/www.schlosstirol.it\/wp-content\/uploads\/2018\/03\/schloss-tirol_ausstellungen-2009-14-Christian-Martinelli-450x300.jpg 450w\" sizes=\"auto, (max-width: 1030px) 100vw, 1030px\" \/><\/div><\/a><\/div><\/div><\/div>\n<style type=\"text\/css\" data-created_by=\"avia_inline_auto\" id=\"style-css-av-186m5q-8e917e651f3c21ab6207405031e717cd\">\n.flex_column.av-186m5q-8e917e651f3c21ab6207405031e717cd{\nborder-radius:0px 0px 0px 0px;\npadding:30px 0 30px 0;\n}\n<\/style>\n<div  class='flex_column av-186m5q-8e917e651f3c21ab6207405031e717cd av_two_third  avia-builder-el-16  el_after_av_one_third  avia-builder-el-last  flex_column_div  '     ><p>\n<style type=\"text\/css\" data-created_by=\"avia_inline_auto\" id=\"style-css-av-jn1pyv8a-1cdb2e0af3e2d484d818f9000a60a897\">\n#top .av-special-heading.av-jn1pyv8a-1cdb2e0af3e2d484d818f9000a60a897{\npadding-bottom:20px;\n}\nbody .av-special-heading.av-jn1pyv8a-1cdb2e0af3e2d484d818f9000a60a897 .av-special-heading-tag .heading-char{\nfont-size:25px;\n}\n.av-special-heading.av-jn1pyv8a-1cdb2e0af3e2d484d818f9000a60a897 .av-subheading{\nfont-size:21px;\n}\n<\/style>\n<div  class='av-special-heading av-jn1pyv8a-1cdb2e0af3e2d484d818f9000a60a897 av-special-heading-h2 blockquote modern-quote  avia-builder-el-17  el_before_av_textblock  avia-builder-el-first '><h2 class='av-special-heading-tag '  itemprop=\"headline\"  >Libert\u00e0, verit\u00e0 e giustizia! Joseph Ennemoser <span class='special_amp'>&amp;<\/span> Jakob Philipp Fallmerayer: il Tirolo dal 1809 al 1848\/49.<\/h2><div class='av-subheading av-subheading_below'><p>27.06.2009 \u2013 29.11.2009<\/p>\n<\/div><div class=\"special-heading-border\"><div class=\"special-heading-inner-border\"><\/div><\/div><\/div><br \/>\n<section  class='av_textblock_section av-8mrnzi-4d4c43b259adbd0bea3c29f2c82359c7 '   itemscope=\"itemscope\" itemtype=\"https:\/\/schema.org\/CreativeWork\" ><div class='avia_textblock'  itemprop=\"text\" ><p>In occasione dell\u2019Anno Giubilare 2009 Castel Tirolo ha voluto strappare all\u2019obl\u00eco due grandi personalit\u00e0 tirolesi di grande spirito critico, finora trascurate, allestendo una mostra dove le loro vite hanno funto da filo conduttore tematizzando gli avvenimenti dal 1809 fino agli anni della rivoluzione del 1848\/49. Si tratta di un\u2019epoca molto complessa e orientata al futuro, che merita di essere portata all\u2019attenzione di un vasto pubblico, soprattutto quello dei giovani, per sviluppare una pi\u00f9 profonda consapevolezza in se stessi.<\/p>\n<\/div><\/section><\/p><\/div><\/div><\/div><\/div><!-- close content main div --><\/div><\/div><div id='die-hutterer'  class='avia-section av-87xrb2-1832fe0ba7f70c8e0bbced82fe8eb70b main_color avia-section-default avia-no-border-styling  avia-builder-el-19  el_after_av_section  el_before_av_button_big  avia-bg-style-scroll container_wrap fullsize'  ><div class='container av-section-cont-open' ><div class='template-page content  av-content-full alpha units'><div class='post-entry post-entry-type-page post-entry-2454'><div class='entry-content-wrapper clearfix'>\n\n<style type=\"text\/css\" data-created_by=\"avia_inline_auto\" id=\"style-css-av-g1wd2-c00b106a9523df69a42051fc0ed562e2\">\n.flex_column.av-g1wd2-c00b106a9523df69a42051fc0ed562e2{\nborder-radius:0px 0px 0px 0px;\npadding:0px 0px 0px 0px;\n}\n<\/style>\n<div  class='flex_column av-g1wd2-c00b106a9523df69a42051fc0ed562e2 av_one_third  avia-builder-el-20  el_before_av_two_third  avia-builder-el-first  first flex_column_div av-zero-column-padding  '     ><\/div>\n<style type=\"text\/css\" data-created_by=\"avia_inline_auto\" id=\"style-css-av-6aywla-3009f8033e1004213bd1931359a271d9\">\n.flex_column.av-6aywla-3009f8033e1004213bd1931359a271d9{\nborder-radius:0px 0px 0px 0px;\npadding:30px 0 30px 0;\n}\n<\/style>\n<div  class='flex_column av-6aywla-3009f8033e1004213bd1931359a271d9 av_two_third  avia-builder-el-21  el_after_av_one_third  avia-builder-el-last  flex_column_div  '     ><p>\n<style type=\"text\/css\" data-created_by=\"avia_inline_auto\" id=\"style-css-av-jn1pzjoi-5fbf3cf24bbbc9f4be4dad035fcfd5c9\">\n#top .av-special-heading.av-jn1pzjoi-5fbf3cf24bbbc9f4be4dad035fcfd5c9{\npadding-bottom:20px;\n}\nbody .av-special-heading.av-jn1pzjoi-5fbf3cf24bbbc9f4be4dad035fcfd5c9 .av-special-heading-tag .heading-char{\nfont-size:25px;\n}\n.av-special-heading.av-jn1pzjoi-5fbf3cf24bbbc9f4be4dad035fcfd5c9 .av-subheading{\nfont-size:21px;\n}\n<\/style>\n<div  class='av-special-heading av-jn1pzjoi-5fbf3cf24bbbc9f4be4dad035fcfd5c9 av-special-heading-h2 blockquote modern-quote  avia-builder-el-22  el_before_av_textblock  avia-builder-el-first '><h2 class='av-special-heading-tag '  itemprop=\"headline\"  >Visioni al rogo? Gli hutteriti.<\/h2><div class='av-subheading av-subheading_below'><p>04.09.2009 \u2013 29.11.2009<\/p>\n<\/div><div class=\"special-heading-border\"><div class=\"special-heading-inner-border\"><\/div><\/div><\/div><br \/>\n<section  class='av_textblock_section av-92om6-3fe4322330dc22d482bb9a2aabd8d633 '   itemscope=\"itemscope\" itemtype=\"https:\/\/schema.org\/CreativeWork\" ><div class='avia_textblock'  itemprop=\"text\" ><p>Nella mostra di Castel Tirolo viene ripreso e presentato al pubblico un capitolo della storia tirolese molto importante e spesso trascurato. La situazione sociale, politica e religiosa del XVI secolo offre un momento di riflessione sui fondamentali quesiti che regolano l\u2019organizzazione e la vita sociale, irrinunciabili anche per la formazione della coscienza comune nel XXI secolo. A fare da sfondo non c\u2019\u00e9 solo l\u2019isolamento e la persecuzione delle minoranze, ma anche la pluralit\u00e0 e l\u2019apertura nei confronti delle ideologie \u201cstraniere\u201d che hanno dominato nel Tirolo del XVI secolo.<\/p>\n<\/div><\/section><\/p><\/div><div  class='avia-button-wrap avia-button-center  avia-builder-el-24  el_after_av_section  avia-builder-el-last '>\n<style type=\"text\/css\" data-created_by=\"avia_inline_auto\" id=\"style-css-av-jlxtewdk-e9f249e147dddbb9f473678bd4929010\">\n#top #wrap_all .avia-button.av-jlxtewdk-e9f249e147dddbb9f473678bd4929010{\ncolor:#ffffff;\ntransition:all 0.4s ease-in-out;\n}\n#top #wrap_all .avia-button.av-jlxtewdk-e9f249e147dddbb9f473678bd4929010:hover{\ncolor:#ffffff;\ntransition:all 0.4s ease-in-out;\n}\n#top #wrap_all .avia-button.av-jlxtewdk-e9f249e147dddbb9f473678bd4929010 .avia-svg-icon svg:first-child{\nfill:#ffffff;\nstroke:#ffffff;\n}\n#top #wrap_all .avia-button.av-jlxtewdk-e9f249e147dddbb9f473678bd4929010:hover .avia-svg-icon svg:first-child{\nfill:#ffffff;\nstroke:#ffffff;\n}\n<\/style>\n<a href='' class='avia-color-theme-color avia-button avia-button-fullwidth av-jlxtewdk-e9f249e147dddbb9f473678bd4929010 avia-icon_select-yes-left-icon avia-color-theme-color'   aria-label=\"ARCHIVIO MOSTRE\"><span class='avia_button_icon avia_button_icon_left avia-svg-icon avia-font-svg_entypo-fontello' data-av_svg_icon='archive' data-av_iconset='svg_entypo-fontello'><svg version=\"1.1\" xmlns=\"http:\/\/www.w3.org\/2000\/svg\" width=\"31\" height=\"32\" viewBox=\"0 0 31 32\" preserveAspectRatio=\"xMidYMid meet\" aria-labelledby='av-svg-title-1' aria-describedby='av-svg-desc-1' role=\"graphics-symbol\">\n<title id='av-svg-title-1'>Archive<\/title>\n<desc id='av-svg-desc-1'>Archive<\/desc>\n<path d=\"M26.88 8v1.6h-22.272v-1.6q0-0.704 0.416-1.12t0.8-0.48h19.456q0.192 0 0.448 0.032t0.704 0.448 0.448 1.12zM22.144 3.2q0.192 0 0.448 0.032t0.704 0.448 0.448 1.12h-15.936q0-0.704 0.416-1.12t0.8-0.48h13.12zM30.080 9.6q1.088 1.024 1.216 1.472 0.192 0.576 0 1.728l-2.432 14.4q-0.128 0.704-0.64 1.12t-0.896 0.48h-22.72q-1.664 0-1.92-1.6-0.192-0.832-1.248-7.136t-1.248-7.264q-0.32-0.704-0.096-1.408t0.32-0.832 0.672-0.64l1.28-1.28v2.56h26.752v-2.56zM22.144 18.24v-3.2h-2.24v2.56h-8.32v-2.56h-2.176v3.2q0 1.6 1.536 1.6h9.6q0.704 0 1.12-0.384t0.416-0.768z\"><\/path>\n<\/svg><\/span><span class='avia_iconbox_title' >ARCHIVIO MOSTRE<\/span><span class='avia_button_background avia-button avia-button-fullwidth avia-color-theme-color-highlight'><\/span><\/a><\/div><\/p>\n","protected":false},"excerpt":{"rendered":"","protected":false},"author":1,"featured_media":2136,"comment_status":"closed","ping_status":"closed","template":"","meta":{"footnotes":""},"tags":[],"portfolio_entries":[88],"class_list":["post-2454","portfolio","type-portfolio","status-publish","has-post-thumbnail","hentry","portfolio_entries-ausstellungen-2009-it"],"yoast_head":"<!-- This site is optimized with the Yoast SEO plugin v27.5 - https:\/\/yoast.com\/product\/yoast-seo-wordpress\/ -->\n<title>Mostre 2009 - Castel Tirolo - Museo storico-culturale (BZ)<\/title>\n<meta name=\"description\" content=\"Castel Tirolo Mostre 2009\" \/>\n<meta name=\"robots\" content=\"index, follow, max-snippet:-1, max-image-preview:large, max-video-preview:-1\" \/>\n<link rel=\"canonical\" href=\"https:\/\/www.schlosstirol.it\/it\/museo-provinciale-alto-adige\/mostre-2009\/\" \/>\n<meta property=\"og:locale\" content=\"it_IT\" \/>\n<meta property=\"og:type\" content=\"article\" \/>\n<meta property=\"og:title\" content=\"Mostre 2009 - Castel Tirolo - Museo storico-culturale (BZ)\" \/>\n<meta property=\"og:description\" content=\"Castel Tirolo Mostre 2009\" \/>\n<meta property=\"og:url\" content=\"https:\/\/www.schlosstirol.it\/it\/museo-provinciale-alto-adige\/mostre-2009\/\" \/>\n<meta property=\"og:site_name\" content=\"Castel Tirolo - Museo storico-culturale (BZ)\" \/>\n<meta property=\"article:publisher\" content=\"https:\/\/www.facebook.com\/schlosstirol.casteltirolo\" \/>\n<meta property=\"article:modified_time\" content=\"2018-10-09T12:47:33+00:00\" \/>\n<meta property=\"og:image\" content=\"https:\/\/www.schlosstirol.it\/wp-content\/uploads\/2018\/03\/schloss-tirol_ausstellungen-2009-26-Christian-Martinelli.jpg\" \/>\n\t<meta property=\"og:image:width\" content=\"1030\" \/>\n\t<meta property=\"og:image:height\" content=\"741\" \/>\n\t<meta property=\"og:image:type\" content=\"image\/jpeg\" \/>\n<meta name=\"twitter:card\" content=\"summary_large_image\" \/>\n<meta name=\"twitter:label1\" content=\"Tempo di lettura stimato\" \/>\n\t<meta name=\"twitter:data1\" content=\"11 minuti\" \/>\n<script type=\"application\/ld+json\" class=\"yoast-schema-graph\">{\"@context\":\"https:\\\/\\\/schema.org\",\"@graph\":[{\"@type\":\"WebPage\",\"@id\":\"https:\\\/\\\/www.schlosstirol.it\\\/it\\\/museo-provinciale-alto-adige\\\/mostre-2009\\\/\",\"url\":\"https:\\\/\\\/www.schlosstirol.it\\\/it\\\/museo-provinciale-alto-adige\\\/mostre-2009\\\/\",\"name\":\"Mostre 2009 - Castel Tirolo - Museo storico-culturale (BZ)\",\"isPartOf\":{\"@id\":\"https:\\\/\\\/www.schlosstirol.it\\\/it\\\/#website\"},\"primaryImageOfPage\":{\"@id\":\"https:\\\/\\\/www.schlosstirol.it\\\/it\\\/museo-provinciale-alto-adige\\\/mostre-2009\\\/#primaryimage\"},\"image\":{\"@id\":\"https:\\\/\\\/www.schlosstirol.it\\\/it\\\/museo-provinciale-alto-adige\\\/mostre-2009\\\/#primaryimage\"},\"thumbnailUrl\":\"https:\\\/\\\/www.schlosstirol.it\\\/wp-content\\\/uploads\\\/2018\\\/03\\\/schloss-tirol_ausstellungen-2009-26-Christian-Martinelli.jpg\",\"datePublished\":\"2018-03-07T13:39:00+00:00\",\"dateModified\":\"2018-10-09T12:47:33+00:00\",\"description\":\"Castel Tirolo Mostre 2009\",\"breadcrumb\":{\"@id\":\"https:\\\/\\\/www.schlosstirol.it\\\/it\\\/museo-provinciale-alto-adige\\\/mostre-2009\\\/#breadcrumb\"},\"inLanguage\":\"it-IT\",\"potentialAction\":[{\"@type\":\"ReadAction\",\"target\":[\"https:\\\/\\\/www.schlosstirol.it\\\/it\\\/museo-provinciale-alto-adige\\\/mostre-2009\\\/\"]}]},{\"@type\":\"ImageObject\",\"inLanguage\":\"it-IT\",\"@id\":\"https:\\\/\\\/www.schlosstirol.it\\\/it\\\/museo-provinciale-alto-adige\\\/mostre-2009\\\/#primaryimage\",\"url\":\"https:\\\/\\\/www.schlosstirol.it\\\/wp-content\\\/uploads\\\/2018\\\/03\\\/schloss-tirol_ausstellungen-2009-26-Christian-Martinelli.jpg\",\"contentUrl\":\"https:\\\/\\\/www.schlosstirol.it\\\/wp-content\\\/uploads\\\/2018\\\/03\\\/schloss-tirol_ausstellungen-2009-26-Christian-Martinelli.jpg\",\"width\":1030,\"height\":741,\"caption\":\"Mostre 2009\"},{\"@type\":\"BreadcrumbList\",\"@id\":\"https:\\\/\\\/www.schlosstirol.it\\\/it\\\/museo-provinciale-alto-adige\\\/mostre-2009\\\/#breadcrumb\",\"itemListElement\":[{\"@type\":\"ListItem\",\"position\":1,\"name\":\"Startseite\",\"item\":\"https:\\\/\\\/www.schlosstirol.it\\\/it\\\/castel-tirolo\\\/\"},{\"@type\":\"ListItem\",\"position\":2,\"name\":\"Mostre 2009\"}]},{\"@type\":\"WebSite\",\"@id\":\"https:\\\/\\\/www.schlosstirol.it\\\/it\\\/#website\",\"url\":\"https:\\\/\\\/www.schlosstirol.it\\\/it\\\/\",\"name\":\"Castel Tirolo - Museo storico-culturale (BZ)\",\"description\":\"Museo storico-culturale della Provincia di Bolzano\",\"publisher\":{\"@id\":\"https:\\\/\\\/www.schlosstirol.it\\\/it\\\/#organization\"},\"potentialAction\":[{\"@type\":\"SearchAction\",\"target\":{\"@type\":\"EntryPoint\",\"urlTemplate\":\"https:\\\/\\\/www.schlosstirol.it\\\/it\\\/?s={search_term_string}\"},\"query-input\":{\"@type\":\"PropertyValueSpecification\",\"valueRequired\":true,\"valueName\":\"search_term_string\"}}],\"inLanguage\":\"it-IT\"},{\"@type\":\"Organization\",\"@id\":\"https:\\\/\\\/www.schlosstirol.it\\\/it\\\/#organization\",\"name\":\"Castel Tirolo\",\"url\":\"https:\\\/\\\/www.schlosstirol.it\\\/it\\\/\",\"logo\":{\"@type\":\"ImageObject\",\"inLanguage\":\"it-IT\",\"@id\":\"https:\\\/\\\/www.schlosstirol.it\\\/it\\\/#\\\/schema\\\/logo\\\/image\\\/\",\"url\":\"https:\\\/\\\/www.schlosstirol.it\\\/wp-content\\\/uploads\\\/2018\\\/09\\\/schloss-tirol_logo-impressum.png\",\"contentUrl\":\"https:\\\/\\\/www.schlosstirol.it\\\/wp-content\\\/uploads\\\/2018\\\/09\\\/schloss-tirol_logo-impressum.png\",\"width\":1030,\"height\":687,\"caption\":\"Castel Tirolo\"},\"image\":{\"@id\":\"https:\\\/\\\/www.schlosstirol.it\\\/it\\\/#\\\/schema\\\/logo\\\/image\\\/\"},\"sameAs\":[\"https:\\\/\\\/www.facebook.com\\\/schlosstirol.casteltirolo\"]}]}<\/script>\n<!-- \/ Yoast SEO plugin. -->","yoast_head_json":{"title":"Mostre 2009 - Castel Tirolo - Museo storico-culturale (BZ)","description":"Castel Tirolo Mostre 2009","robots":{"index":"index","follow":"follow","max-snippet":"max-snippet:-1","max-image-preview":"max-image-preview:large","max-video-preview":"max-video-preview:-1"},"canonical":"https:\/\/www.schlosstirol.it\/it\/museo-provinciale-alto-adige\/mostre-2009\/","og_locale":"it_IT","og_type":"article","og_title":"Mostre 2009 - Castel Tirolo - Museo storico-culturale (BZ)","og_description":"Castel Tirolo Mostre 2009","og_url":"https:\/\/www.schlosstirol.it\/it\/museo-provinciale-alto-adige\/mostre-2009\/","og_site_name":"Castel Tirolo - Museo storico-culturale (BZ)","article_publisher":"https:\/\/www.facebook.com\/schlosstirol.casteltirolo","article_modified_time":"2018-10-09T12:47:33+00:00","og_image":[{"width":1030,"height":741,"url":"https:\/\/www.schlosstirol.it\/wp-content\/uploads\/2018\/03\/schloss-tirol_ausstellungen-2009-26-Christian-Martinelli.jpg","type":"image\/jpeg"}],"twitter_card":"summary_large_image","twitter_misc":{"Tempo di lettura stimato":"11 minuti"},"schema":{"@context":"https:\/\/schema.org","@graph":[{"@type":"WebPage","@id":"https:\/\/www.schlosstirol.it\/it\/museo-provinciale-alto-adige\/mostre-2009\/","url":"https:\/\/www.schlosstirol.it\/it\/museo-provinciale-alto-adige\/mostre-2009\/","name":"Mostre 2009 - Castel Tirolo - Museo storico-culturale (BZ)","isPartOf":{"@id":"https:\/\/www.schlosstirol.it\/it\/#website"},"primaryImageOfPage":{"@id":"https:\/\/www.schlosstirol.it\/it\/museo-provinciale-alto-adige\/mostre-2009\/#primaryimage"},"image":{"@id":"https:\/\/www.schlosstirol.it\/it\/museo-provinciale-alto-adige\/mostre-2009\/#primaryimage"},"thumbnailUrl":"https:\/\/www.schlosstirol.it\/wp-content\/uploads\/2018\/03\/schloss-tirol_ausstellungen-2009-26-Christian-Martinelli.jpg","datePublished":"2018-03-07T13:39:00+00:00","dateModified":"2018-10-09T12:47:33+00:00","description":"Castel Tirolo Mostre 2009","breadcrumb":{"@id":"https:\/\/www.schlosstirol.it\/it\/museo-provinciale-alto-adige\/mostre-2009\/#breadcrumb"},"inLanguage":"it-IT","potentialAction":[{"@type":"ReadAction","target":["https:\/\/www.schlosstirol.it\/it\/museo-provinciale-alto-adige\/mostre-2009\/"]}]},{"@type":"ImageObject","inLanguage":"it-IT","@id":"https:\/\/www.schlosstirol.it\/it\/museo-provinciale-alto-adige\/mostre-2009\/#primaryimage","url":"https:\/\/www.schlosstirol.it\/wp-content\/uploads\/2018\/03\/schloss-tirol_ausstellungen-2009-26-Christian-Martinelli.jpg","contentUrl":"https:\/\/www.schlosstirol.it\/wp-content\/uploads\/2018\/03\/schloss-tirol_ausstellungen-2009-26-Christian-Martinelli.jpg","width":1030,"height":741,"caption":"Mostre 2009"},{"@type":"BreadcrumbList","@id":"https:\/\/www.schlosstirol.it\/it\/museo-provinciale-alto-adige\/mostre-2009\/#breadcrumb","itemListElement":[{"@type":"ListItem","position":1,"name":"Startseite","item":"https:\/\/www.schlosstirol.it\/it\/castel-tirolo\/"},{"@type":"ListItem","position":2,"name":"Mostre 2009"}]},{"@type":"WebSite","@id":"https:\/\/www.schlosstirol.it\/it\/#website","url":"https:\/\/www.schlosstirol.it\/it\/","name":"Castel Tirolo - Museo storico-culturale (BZ)","description":"Museo storico-culturale della Provincia di Bolzano","publisher":{"@id":"https:\/\/www.schlosstirol.it\/it\/#organization"},"potentialAction":[{"@type":"SearchAction","target":{"@type":"EntryPoint","urlTemplate":"https:\/\/www.schlosstirol.it\/it\/?s={search_term_string}"},"query-input":{"@type":"PropertyValueSpecification","valueRequired":true,"valueName":"search_term_string"}}],"inLanguage":"it-IT"},{"@type":"Organization","@id":"https:\/\/www.schlosstirol.it\/it\/#organization","name":"Castel Tirolo","url":"https:\/\/www.schlosstirol.it\/it\/","logo":{"@type":"ImageObject","inLanguage":"it-IT","@id":"https:\/\/www.schlosstirol.it\/it\/#\/schema\/logo\/image\/","url":"https:\/\/www.schlosstirol.it\/wp-content\/uploads\/2018\/09\/schloss-tirol_logo-impressum.png","contentUrl":"https:\/\/www.schlosstirol.it\/wp-content\/uploads\/2018\/09\/schloss-tirol_logo-impressum.png","width":1030,"height":687,"caption":"Castel Tirolo"},"image":{"@id":"https:\/\/www.schlosstirol.it\/it\/#\/schema\/logo\/image\/"},"sameAs":["https:\/\/www.facebook.com\/schlosstirol.casteltirolo"]}]}},"_links":{"self":[{"href":"https:\/\/www.schlosstirol.it\/it\/wp-json\/wp\/v2\/portfolio\/2454","targetHints":{"allow":["GET"]}}],"collection":[{"href":"https:\/\/www.schlosstirol.it\/it\/wp-json\/wp\/v2\/portfolio"}],"about":[{"href":"https:\/\/www.schlosstirol.it\/it\/wp-json\/wp\/v2\/types\/portfolio"}],"author":[{"embeddable":true,"href":"https:\/\/www.schlosstirol.it\/it\/wp-json\/wp\/v2\/users\/1"}],"replies":[{"embeddable":true,"href":"https:\/\/www.schlosstirol.it\/it\/wp-json\/wp\/v2\/comments?post=2454"}],"version-history":[{"count":0,"href":"https:\/\/www.schlosstirol.it\/it\/wp-json\/wp\/v2\/portfolio\/2454\/revisions"}],"wp:featuredmedia":[{"embeddable":true,"href":"https:\/\/www.schlosstirol.it\/it\/wp-json\/wp\/v2\/media\/2136"}],"wp:attachment":[{"href":"https:\/\/www.schlosstirol.it\/it\/wp-json\/wp\/v2\/media?parent=2454"}],"wp:term":[{"taxonomy":"post_tag","embeddable":true,"href":"https:\/\/www.schlosstirol.it\/it\/wp-json\/wp\/v2\/tags?post=2454"},{"taxonomy":"portfolio_entries","embeddable":true,"href":"https:\/\/www.schlosstirol.it\/it\/wp-json\/wp\/v2\/portfolio_entries?post=2454"}],"curies":[{"name":"wp","href":"https:\/\/api.w.org\/{rel}","templated":true}]}}