{"id":2458,"date":"2018-03-07T15:19:29","date_gmt":"2018-03-07T14:19:29","guid":{"rendered":"http:\/\/andale.info\/schloss2\/?post_type=portfolio&#038;p=2458"},"modified":"2018-10-09T14:11:48","modified_gmt":"2018-10-09T12:11:48","slug":"mostre-2013","status":"publish","type":"portfolio","link":"https:\/\/www.schlosstirol.it\/it\/museo-provinciale-alto-adige\/mostre-2013\/","title":{"rendered":"Mostre 2013"},"content":{"rendered":"<div id='full_slider_1'  class='avia-fullwidth-slider main_color avia-shadow   avia-builder-el-0  el_before_av_section  avia-builder-el-first   container_wrap fullsize'  >\n<style type=\"text\/css\" data-created_by=\"avia_inline_auto\" id=\"style-css-av-17mfqs9-b58b8c4cbc76712e4b5868036a1cc445\">\n#top #wrap_all .avia-slideshow .av-slideshow-caption.av-17mfqs9-b58b8c4cbc76712e4b5868036a1cc445__0 .avia-caption-title{\nfont-size:50px;\n}\n<\/style>\n<div  class='avia-slideshow av-17mfqs9-b58b8c4cbc76712e4b5868036a1cc445 avia-slideshow-featured_large av_slideshow_full avia-fade-slider av-slideshow-ui av-control-hidden av-no-slider-navigation av-hide-nav-arrows av-slideshow-autoplay av-loop-endless av-loop-manual-endless av-default-height-applied   avia-slideshow-1' data-slideshow-options=\"{&quot;animation&quot;:&quot;fade&quot;,&quot;autoplay&quot;:true,&quot;loop_autoplay&quot;:&quot;endless&quot;,&quot;interval&quot;:5,&quot;loop_manual&quot;:&quot;manual-endless&quot;,&quot;autoplay_stopper&quot;:false,&quot;noNavigation&quot;:true,&quot;bg_slider&quot;:false,&quot;keep_padding&quot;:false,&quot;hoverpause&quot;:false,&quot;show_slide_delay&quot;:0}\"  itemprop=\"image\" itemscope=\"itemscope\" itemtype=\"https:\/\/schema.org\/ImageObject\" ><ul class='avia-slideshow-inner ' style='padding-bottom: 42%;'><li  class='avia-slideshow-slide av-17mfqs9-b58b8c4cbc76712e4b5868036a1cc445__0  av-single-slide slide-1 slide-odd'><a href=\"#jori\"  data-rel='slideshow-1' class='avia-slide-wrap '   ><div class='av-slideshow-caption av-17mfqs9-b58b8c4cbc76712e4b5868036a1cc445__0 caption_fullwidth caption_left'><div class=\"container caption_container\"><div class=\"slideshow_caption\"><div class=\"slideshow_inner_caption\"><div class=\"slideshow_align_caption\"><h2 class='avia-caption-title '  itemprop=\"name\" >Mostre 2013<\/h2><\/div><\/div><\/div><\/div><\/div><img decoding=\"async\" fetchpriority=\"high\" class=\"wp-image-2011 avia-img-lazy-loading-not-2011\"  src=\"https:\/\/www.schlosstirol.it\/wp-content\/uploads\/2018\/03\/2013_DER-GRIFF-NACH-DER-KRONE-1-titel.jpg\" width=\"1500\" height=\"630\" title='' alt=''  itemprop=\"thumbnailUrl\"  style='min-height:300px; min-width:715px; ' srcset=\"https:\/\/www.schlosstirol.it\/wp-content\/uploads\/2018\/03\/2013_DER-GRIFF-NACH-DER-KRONE-1-titel.jpg 1500w, https:\/\/www.schlosstirol.it\/wp-content\/uploads\/2018\/03\/2013_DER-GRIFF-NACH-DER-KRONE-1-titel-300x126.jpg 300w, https:\/\/www.schlosstirol.it\/wp-content\/uploads\/2018\/03\/2013_DER-GRIFF-NACH-DER-KRONE-1-titel-768x323.jpg 768w, https:\/\/www.schlosstirol.it\/wp-content\/uploads\/2018\/03\/2013_DER-GRIFF-NACH-DER-KRONE-1-titel-1030x433.jpg 1030w, https:\/\/www.schlosstirol.it\/wp-content\/uploads\/2018\/03\/2013_DER-GRIFF-NACH-DER-KRONE-1-titel-705x296.jpg 705w, https:\/\/www.schlosstirol.it\/wp-content\/uploads\/2018\/03\/2013_DER-GRIFF-NACH-DER-KRONE-1-titel-450x189.jpg 450w\" sizes=\"(max-width: 1500px) 100vw, 1500px\" \/><\/a><\/li><\/ul><\/div><\/div>\n<div id='jori'  class='avia-section av-14uus55-1ea6f6ecfb93acd859b4aad4d10ea72b main_color avia-section-default avia-no-border-styling  avia-builder-el-1  el_after_av_slideshow_full  el_before_av_section  avia-bg-style-scroll container_wrap fullsize'  ><div class='container av-section-cont-open' ><div class='template-page content  av-content-full alpha units'><div class='post-entry post-entry-type-page post-entry-2458'><div class='entry-content-wrapper clearfix'>\n\n<style type=\"text\/css\" data-created_by=\"avia_inline_auto\" id=\"style-css-av-12i6321-ab1f5753f34082576f82d33e53b46c77\">\n.flex_column.av-12i6321-ab1f5753f34082576f82d33e53b46c77{\nborder-radius:0px 0px 0px 0px;\npadding:0px 0px 0px 0px;\n}\n<\/style>\n<div  class='flex_column av-12i6321-ab1f5753f34082576f82d33e53b46c77 av_one_third  avia-builder-el-2  el_before_av_two_third  avia-builder-el-first  first flex_column_div av-zero-column-padding  '     ><style type=\"text\/css\" data-created_by=\"avia_inline_auto\" id=\"style-css-av-119t2rt-edad72fc66c13746a8032885005bc2ea\">\n#top .avia-gallery.av-119t2rt-edad72fc66c13746a8032885005bc2ea .avia-gallery-thumb a{\nwidth:100%;\n}\n<\/style>\n<div  class='avia-gallery av-119t2rt-edad72fc66c13746a8032885005bc2ea avia_animate_when_visible  avia-builder-el-3  avia-builder-el-no-sibling  deactivate_avia_lazyload avia-gallery-animate avia-gallery-1'  itemprop=\"image\" itemscope=\"itemscope\" itemtype=\"https:\/\/schema.org\/ImageObject\" ><meta itemprop=\"contentURL\" content=\"https:\/\/www.schlosstirol.it\/it\/museo-provinciale-alto-adige\/mostre-2013\/\"><div class='avia-gallery-thumb'><a href=\"https:\/\/www.schlosstirol.it\/wp-content\/uploads\/2018\/03\/schloss-tirol_2013_JORI-1-1030x685.jpg\" data-srcset=\"https:\/\/www.schlosstirol.it\/wp-content\/uploads\/2018\/03\/schloss-tirol_2013_JORI-1.jpg 1030w, https:\/\/www.schlosstirol.it\/wp-content\/uploads\/2018\/03\/schloss-tirol_2013_JORI-1-300x200.jpg 300w, https:\/\/www.schlosstirol.it\/wp-content\/uploads\/2018\/03\/schloss-tirol_2013_JORI-1-768x511.jpg 768w, https:\/\/www.schlosstirol.it\/wp-content\/uploads\/2018\/03\/schloss-tirol_2013_JORI-1-705x469.jpg 705w, https:\/\/www.schlosstirol.it\/wp-content\/uploads\/2018\/03\/schloss-tirol_2013_JORI-1-450x299.jpg 450w\" data-sizes=\"(max-width: 1030px) 100vw, 1030px\" data-rel='gallery-1' data-prev-img='https:\/\/www.schlosstirol.it\/wp-content\/uploads\/2018\/03\/schloss-tirol_2013_JORI-1.jpg' class='first_thumb lightbox ' data-onclick='1' title=''  itemprop=\"thumbnailUrl\"  ><img decoding=\"async\" fetchpriority=\"high\" class=\"wp-image-1679 avia-img-lazy-loading-not-1679\"   src=\"https:\/\/www.schlosstirol.it\/wp-content\/uploads\/2018\/03\/schloss-tirol_2013_JORI-1-495x400.jpg\" width=\"495\" height=\"400\"  title='' alt='' srcset=\"https:\/\/www.schlosstirol.it\/wp-content\/uploads\/2018\/03\/schloss-tirol_2013_JORI-1-495x400.jpg 495w, https:\/\/www.schlosstirol.it\/wp-content\/uploads\/2018\/03\/schloss-tirol_2013_JORI-1-845x684.jpg 845w\" sizes=\"(max-width: 495px) 100vw, 495px\" \/><div class='big-prev-fake'><img decoding=\"async\" loading=\"lazy\" class=\"wp-image-1679 avia-img-lazy-loading-1679\"  width=\"1030\" height=\"685\" src=\"https:\/\/www.schlosstirol.it\/wp-content\/uploads\/2018\/03\/schloss-tirol_2013_JORI-1.jpg\" title='' alt='' srcset=\"https:\/\/www.schlosstirol.it\/wp-content\/uploads\/2018\/03\/schloss-tirol_2013_JORI-1.jpg 1030w, https:\/\/www.schlosstirol.it\/wp-content\/uploads\/2018\/03\/schloss-tirol_2013_JORI-1-300x200.jpg 300w, https:\/\/www.schlosstirol.it\/wp-content\/uploads\/2018\/03\/schloss-tirol_2013_JORI-1-768x511.jpg 768w, https:\/\/www.schlosstirol.it\/wp-content\/uploads\/2018\/03\/schloss-tirol_2013_JORI-1-705x469.jpg 705w, https:\/\/www.schlosstirol.it\/wp-content\/uploads\/2018\/03\/schloss-tirol_2013_JORI-1-450x299.jpg 450w\" sizes=\"auto, (max-width: 1030px) 100vw, 1030px\" \/><\/div><\/a><a href=\"https:\/\/www.schlosstirol.it\/wp-content\/uploads\/2018\/03\/schloss-tirol_2013_JORI-2-1030x685.jpg\" data-srcset=\"https:\/\/www.schlosstirol.it\/wp-content\/uploads\/2018\/03\/schloss-tirol_2013_JORI-2.jpg 1030w, https:\/\/www.schlosstirol.it\/wp-content\/uploads\/2018\/03\/schloss-tirol_2013_JORI-2-300x200.jpg 300w, https:\/\/www.schlosstirol.it\/wp-content\/uploads\/2018\/03\/schloss-tirol_2013_JORI-2-768x511.jpg 768w, https:\/\/www.schlosstirol.it\/wp-content\/uploads\/2018\/03\/schloss-tirol_2013_JORI-2-705x469.jpg 705w, https:\/\/www.schlosstirol.it\/wp-content\/uploads\/2018\/03\/schloss-tirol_2013_JORI-2-450x299.jpg 450w\" data-sizes=\"(max-width: 1030px) 100vw, 1030px\" data-rel='gallery-1' data-prev-img='https:\/\/www.schlosstirol.it\/wp-content\/uploads\/2018\/03\/schloss-tirol_2013_JORI-2.jpg' class='first_thumb lightbox ' data-onclick='2' title=''  itemprop=\"thumbnailUrl\"  ><img decoding=\"async\" fetchpriority=\"high\" class=\"wp-image-1682 avia-img-lazy-loading-not-1682\"   src=\"https:\/\/www.schlosstirol.it\/wp-content\/uploads\/2018\/03\/schloss-tirol_2013_JORI-2-495x400.jpg\" width=\"495\" height=\"400\"  title='' alt='' srcset=\"https:\/\/www.schlosstirol.it\/wp-content\/uploads\/2018\/03\/schloss-tirol_2013_JORI-2-495x400.jpg 495w, https:\/\/www.schlosstirol.it\/wp-content\/uploads\/2018\/03\/schloss-tirol_2013_JORI-2-845x684.jpg 845w\" sizes=\"(max-width: 495px) 100vw, 495px\" \/><div class='big-prev-fake'><img decoding=\"async\" loading=\"lazy\" class=\"wp-image-1682 avia-img-lazy-loading-1682\"  width=\"1030\" height=\"685\" src=\"https:\/\/www.schlosstirol.it\/wp-content\/uploads\/2018\/03\/schloss-tirol_2013_JORI-2.jpg\" title='' alt='' srcset=\"https:\/\/www.schlosstirol.it\/wp-content\/uploads\/2018\/03\/schloss-tirol_2013_JORI-2.jpg 1030w, https:\/\/www.schlosstirol.it\/wp-content\/uploads\/2018\/03\/schloss-tirol_2013_JORI-2-300x200.jpg 300w, https:\/\/www.schlosstirol.it\/wp-content\/uploads\/2018\/03\/schloss-tirol_2013_JORI-2-768x511.jpg 768w, https:\/\/www.schlosstirol.it\/wp-content\/uploads\/2018\/03\/schloss-tirol_2013_JORI-2-705x469.jpg 705w, https:\/\/www.schlosstirol.it\/wp-content\/uploads\/2018\/03\/schloss-tirol_2013_JORI-2-450x299.jpg 450w\" sizes=\"auto, (max-width: 1030px) 100vw, 1030px\" \/><\/div><\/a><a href=\"https:\/\/www.schlosstirol.it\/wp-content\/uploads\/2018\/03\/schloss-tirol_2013_JORI-3-1030x687.jpg\" data-srcset=\"https:\/\/www.schlosstirol.it\/wp-content\/uploads\/2018\/03\/schloss-tirol_2013_JORI-3.jpg 1030w, https:\/\/www.schlosstirol.it\/wp-content\/uploads\/2018\/03\/schloss-tirol_2013_JORI-3-300x200.jpg 300w, https:\/\/www.schlosstirol.it\/wp-content\/uploads\/2018\/03\/schloss-tirol_2013_JORI-3-768x512.jpg 768w, https:\/\/www.schlosstirol.it\/wp-content\/uploads\/2018\/03\/schloss-tirol_2013_JORI-3-705x470.jpg 705w, https:\/\/www.schlosstirol.it\/wp-content\/uploads\/2018\/03\/schloss-tirol_2013_JORI-3-450x300.jpg 450w\" data-sizes=\"(max-width: 1030px) 100vw, 1030px\" data-rel='gallery-1' data-prev-img='https:\/\/www.schlosstirol.it\/wp-content\/uploads\/2018\/03\/schloss-tirol_2013_JORI-3.jpg' class='first_thumb lightbox ' data-onclick='3' title=''  itemprop=\"thumbnailUrl\"  ><img decoding=\"async\" fetchpriority=\"high\" class=\"wp-image-1685 avia-img-lazy-loading-not-1685\"   src=\"https:\/\/www.schlosstirol.it\/wp-content\/uploads\/2018\/03\/schloss-tirol_2013_JORI-3-495x400.jpg\" width=\"495\" height=\"400\"  title='' alt='' srcset=\"https:\/\/www.schlosstirol.it\/wp-content\/uploads\/2018\/03\/schloss-tirol_2013_JORI-3-495x400.jpg 495w, https:\/\/www.schlosstirol.it\/wp-content\/uploads\/2018\/03\/schloss-tirol_2013_JORI-3-845x684.jpg 845w\" sizes=\"(max-width: 495px) 100vw, 495px\" \/><div class='big-prev-fake'><img decoding=\"async\" loading=\"lazy\" class=\"wp-image-1685 avia-img-lazy-loading-1685\"  width=\"1030\" height=\"687\" src=\"https:\/\/www.schlosstirol.it\/wp-content\/uploads\/2018\/03\/schloss-tirol_2013_JORI-3.jpg\" title='' alt='' srcset=\"https:\/\/www.schlosstirol.it\/wp-content\/uploads\/2018\/03\/schloss-tirol_2013_JORI-3.jpg 1030w, https:\/\/www.schlosstirol.it\/wp-content\/uploads\/2018\/03\/schloss-tirol_2013_JORI-3-300x200.jpg 300w, https:\/\/www.schlosstirol.it\/wp-content\/uploads\/2018\/03\/schloss-tirol_2013_JORI-3-768x512.jpg 768w, https:\/\/www.schlosstirol.it\/wp-content\/uploads\/2018\/03\/schloss-tirol_2013_JORI-3-705x470.jpg 705w, https:\/\/www.schlosstirol.it\/wp-content\/uploads\/2018\/03\/schloss-tirol_2013_JORI-3-450x300.jpg 450w\" sizes=\"auto, (max-width: 1030px) 100vw, 1030px\" \/><\/div><\/a><\/div><\/div><\/div>\n<style type=\"text\/css\" data-created_by=\"avia_inline_auto\" id=\"style-css-av-108fhex-a1adc760dd89633ce6a65bb42ce6da3f\">\n.flex_column.av-108fhex-a1adc760dd89633ce6a65bb42ce6da3f{\nborder-radius:0px 0px 0px 0px;\npadding:30px 0 30px 0;\n}\n<\/style>\n<div  class='flex_column av-108fhex-a1adc760dd89633ce6a65bb42ce6da3f av_two_third  avia-builder-el-4  el_after_av_one_third  avia-builder-el-last  flex_column_div  '     ><p>\n<style type=\"text\/css\" data-created_by=\"avia_inline_auto\" id=\"style-css-av-jn1oltd2-a56d3706313990d8b23ae95f4772c10e\">\n#top .av-special-heading.av-jn1oltd2-a56d3706313990d8b23ae95f4772c10e{\npadding-bottom:20px;\n}\nbody .av-special-heading.av-jn1oltd2-a56d3706313990d8b23ae95f4772c10e .av-special-heading-tag .heading-char{\nfont-size:25px;\n}\n.av-special-heading.av-jn1oltd2-a56d3706313990d8b23ae95f4772c10e .av-subheading{\nfont-size:21px;\n}\n<\/style>\n<div  class='av-special-heading av-jn1oltd2-a56d3706313990d8b23ae95f4772c10e av-special-heading-h2 blockquote modern-quote  avia-builder-el-5  el_before_av_textblock  avia-builder-el-first '><h2 class='av-special-heading-tag '  itemprop=\"headline\"  >Marcello Jori \u2013 La Citt\u00e0 Meravigliosa degli Artisti Straordinari.<\/h2><div class='av-subheading av-subheading_below'><p>13.04.2013 \u2013 09.06.2013<\/p>\n<\/div><div class=\"special-heading-border\"><div class=\"special-heading-inner-border\"><\/div><\/div><\/div><br \/>\n<section  class='av_textblock_section av-wo6xfd-6603cd876aee7948623fcbb7f2c06b50 '   itemscope=\"itemscope\" itemtype=\"https:\/\/schema.org\/CreativeWork\" ><div class='avia_textblock'  itemprop=\"text\" ><p>Progetto parallelo alla mostra di Marcello Jori che si terr\u00e0 al Museion di Bolzano. Da pi\u00f9 di 17 anni Jori lavora all\u2019ambizioso progetto della \u201cCitt\u00e0 Meravigliosa\u201d, una citt\u00e0 dipinta per gli artisti internazionali pi\u00f9 significativi (Mario Merz, Gilbert &amp; George, Anselm Kiefer, Rudolf Stingel e molti altri). Verranno esposte opere su tela e su seta, disegni su carta, e una grande rappresentazione di Castel Tirolo su tela, unico maniero rappresentato nel ciclo \u201cCitt\u00e0 Meravigliosa\u201d. Danilo Eccher, curatore della mostra, sar\u00e0 anche autore dei testi del catalogo.<\/p>\n<p>Marcello Jori \u00e8 nato a Merano il 12 dicembre 1951. Dopo la laurea al DAMS inizia nel 1977 la sua attivit\u00e0 di artista, che lo porter\u00e0 ad esporre in gallerie e musei nazionali ed internazionali. Dalla met\u00e0 degli anni Settanta Jori muove i primi passi prendendo l\u2019avvio da certe premesse concettuali, ma subito se ne distacca per violarne lucidamente gli aspetti pi\u00f9 freddi ed austeri nel tentativo di infondere all\u2019opera d\u2019arte una nuova linfa vitale. Si tratta di lavori fotografici dove egli interviene su alcuni capolavori del passato interpretandoli testualmente: l\u2019arte viene in tal modo restituita al mondo, l\u2019artista \u201crid\u00e0 corpo\u201d ai quadri e ne prende possesso facendoli ritornare veri.\u2028Scrive di lui Danilo Eccher: \u201c[&#8230;] l\u2019arte di Marcello Jori suggerisce l\u2019idea dell\u2019enigma labirintico, il luogo dell\u2019incertezza e del dubbio, della casualit\u00e0 e dell\u2019istintivit\u00e0, del ragionamento e dell\u2019inganno, della deriva e dell\u2019abbandono. La sua ricerca indossa la maschera dell\u2019ingenuit\u00e0 infantile e della semplicit\u00e0 narrativa ma sotto tale costume si riconosce l\u2019impegno di una ricerca che non ha mai smesso di indagare sul rapporto fra i linguaggi artistici, sulle loro declinazioni, sulle loro derive [&#8230;]\u201d.\u2028Tra gli eventi principali della sua carriera artistica, \u00e8 bene ricordare la partecipazione a due Biennali di Venezia (1982 e 1993), alla Biennale di Parigi del 1982, nonch\u00e9 alla Quadriennale di Roma nel 1986 e nel 1996. Da oltre un ventennio tiene mostre in gallerie e musei nazionali ed internazionali.<\/p>\n<\/div><\/section><\/p><\/div>\n\n<\/div><\/div><\/div><!-- close content main div --><\/div><\/div><div id='clemen'  class='avia-section av-updf0p-f6bfae211c44e87b03e4cf4de6de07dd main_color avia-section-default avia-no-border-styling  avia-builder-el-7  el_after_av_section  el_before_av_section  avia-bg-style-scroll container_wrap fullsize'  ><div class='container av-section-cont-open' ><div class='template-page content  av-content-full alpha units'><div class='post-entry post-entry-type-page post-entry-2458'><div class='entry-content-wrapper clearfix'>\n\n<style type=\"text\/css\" data-created_by=\"avia_inline_auto\" id=\"style-css-av-skfzy1-0670c4687f62a5b97948734b254bf61e\">\n.flex_column.av-skfzy1-0670c4687f62a5b97948734b254bf61e{\nborder-radius:0px 0px 0px 0px;\npadding:0px 0px 0px 0px;\n}\n<\/style>\n<div  class='flex_column av-skfzy1-0670c4687f62a5b97948734b254bf61e av_one_third  avia-builder-el-8  el_before_av_two_third  avia-builder-el-first  first flex_column_div av-zero-column-padding  '     ><style type=\"text\/css\" data-created_by=\"avia_inline_auto\" id=\"style-css-av-qvuaa1-5d31c07b34de0cb4ec9074a21a450199\">\n#top .avia-gallery.av-qvuaa1-5d31c07b34de0cb4ec9074a21a450199 .avia-gallery-thumb a{\nwidth:100%;\n}\n<\/style>\n<div  class='avia-gallery av-qvuaa1-5d31c07b34de0cb4ec9074a21a450199 avia_animate_when_visible  avia-builder-el-9  avia-builder-el-no-sibling  deactivate_avia_lazyload avia-gallery-animate avia-gallery-2'  itemprop=\"image\" itemscope=\"itemscope\" itemtype=\"https:\/\/schema.org\/ImageObject\" ><meta itemprop=\"contentURL\" content=\"https:\/\/www.schlosstirol.it\/it\/museo-provinciale-alto-adige\/mostre-2013\/\"><div class='avia-gallery-thumb'><a href=\"https:\/\/www.schlosstirol.it\/wp-content\/uploads\/2018\/03\/schloss-tirol_2013_CLEMEN-1.jpg\" data-srcset=\"https:\/\/www.schlosstirol.it\/wp-content\/uploads\/2018\/03\/schloss-tirol_2013_CLEMEN-1.jpg 607w, https:\/\/www.schlosstirol.it\/wp-content\/uploads\/2018\/03\/schloss-tirol_2013_CLEMEN-1-228x300.jpg 228w, https:\/\/www.schlosstirol.it\/wp-content\/uploads\/2018\/03\/schloss-tirol_2013_CLEMEN-1-535x705.jpg 535w, https:\/\/www.schlosstirol.it\/wp-content\/uploads\/2018\/03\/schloss-tirol_2013_CLEMEN-1-450x593.jpg 450w\" data-sizes=\"(max-width: 607px) 100vw, 607px\" data-rel='gallery-2' data-prev-img='https:\/\/www.schlosstirol.it\/wp-content\/uploads\/2018\/03\/schloss-tirol_2013_CLEMEN-1.jpg' class='first_thumb lightbox ' data-onclick='1' title=''  itemprop=\"thumbnailUrl\"  ><img decoding=\"async\" fetchpriority=\"high\" class=\"wp-image-1688 avia-img-lazy-loading-not-1688\"   src=\"https:\/\/www.schlosstirol.it\/wp-content\/uploads\/2018\/03\/schloss-tirol_2013_CLEMEN-1-495x400.jpg\" width=\"495\" height=\"400\"  title='' alt='' \/><div class='big-prev-fake'><img decoding=\"async\" loading=\"lazy\" class=\"wp-image-1688 avia-img-lazy-loading-1688\"  width=\"607\" height=\"800\" src=\"https:\/\/www.schlosstirol.it\/wp-content\/uploads\/2018\/03\/schloss-tirol_2013_CLEMEN-1.jpg\" title='' alt='' srcset=\"https:\/\/www.schlosstirol.it\/wp-content\/uploads\/2018\/03\/schloss-tirol_2013_CLEMEN-1.jpg 607w, https:\/\/www.schlosstirol.it\/wp-content\/uploads\/2018\/03\/schloss-tirol_2013_CLEMEN-1-228x300.jpg 228w, https:\/\/www.schlosstirol.it\/wp-content\/uploads\/2018\/03\/schloss-tirol_2013_CLEMEN-1-535x705.jpg 535w, https:\/\/www.schlosstirol.it\/wp-content\/uploads\/2018\/03\/schloss-tirol_2013_CLEMEN-1-450x593.jpg 450w\" sizes=\"auto, (max-width: 607px) 100vw, 607px\" \/><\/div><\/a><a href=\"https:\/\/www.schlosstirol.it\/wp-content\/uploads\/2018\/03\/schloss-tirol_2013_CLEMEN-2-1030x687.jpg\" data-srcset=\"https:\/\/www.schlosstirol.it\/wp-content\/uploads\/2018\/03\/schloss-tirol_2013_CLEMEN-2.jpg 1030w, https:\/\/www.schlosstirol.it\/wp-content\/uploads\/2018\/03\/schloss-tirol_2013_CLEMEN-2-300x200.jpg 300w, https:\/\/www.schlosstirol.it\/wp-content\/uploads\/2018\/03\/schloss-tirol_2013_CLEMEN-2-768x512.jpg 768w, https:\/\/www.schlosstirol.it\/wp-content\/uploads\/2018\/03\/schloss-tirol_2013_CLEMEN-2-705x470.jpg 705w, https:\/\/www.schlosstirol.it\/wp-content\/uploads\/2018\/03\/schloss-tirol_2013_CLEMEN-2-450x300.jpg 450w\" data-sizes=\"(max-width: 1030px) 100vw, 1030px\" data-rel='gallery-2' data-prev-img='https:\/\/www.schlosstirol.it\/wp-content\/uploads\/2018\/03\/schloss-tirol_2013_CLEMEN-2.jpg' class='first_thumb lightbox ' data-onclick='2' title=''  itemprop=\"thumbnailUrl\"  ><img decoding=\"async\" fetchpriority=\"high\" class=\"wp-image-1691 avia-img-lazy-loading-not-1691\"   src=\"https:\/\/www.schlosstirol.it\/wp-content\/uploads\/2018\/03\/schloss-tirol_2013_CLEMEN-2-495x400.jpg\" width=\"495\" height=\"400\"  title='' alt='' srcset=\"https:\/\/www.schlosstirol.it\/wp-content\/uploads\/2018\/03\/schloss-tirol_2013_CLEMEN-2-495x400.jpg 495w, https:\/\/www.schlosstirol.it\/wp-content\/uploads\/2018\/03\/schloss-tirol_2013_CLEMEN-2-845x684.jpg 845w\" sizes=\"(max-width: 495px) 100vw, 495px\" \/><div class='big-prev-fake'><img decoding=\"async\" loading=\"lazy\" class=\"wp-image-1691 avia-img-lazy-loading-1691\"  width=\"1030\" height=\"687\" src=\"https:\/\/www.schlosstirol.it\/wp-content\/uploads\/2018\/03\/schloss-tirol_2013_CLEMEN-2.jpg\" title='' alt='' srcset=\"https:\/\/www.schlosstirol.it\/wp-content\/uploads\/2018\/03\/schloss-tirol_2013_CLEMEN-2.jpg 1030w, https:\/\/www.schlosstirol.it\/wp-content\/uploads\/2018\/03\/schloss-tirol_2013_CLEMEN-2-300x200.jpg 300w, https:\/\/www.schlosstirol.it\/wp-content\/uploads\/2018\/03\/schloss-tirol_2013_CLEMEN-2-768x512.jpg 768w, https:\/\/www.schlosstirol.it\/wp-content\/uploads\/2018\/03\/schloss-tirol_2013_CLEMEN-2-705x470.jpg 705w, https:\/\/www.schlosstirol.it\/wp-content\/uploads\/2018\/03\/schloss-tirol_2013_CLEMEN-2-450x300.jpg 450w\" sizes=\"auto, (max-width: 1030px) 100vw, 1030px\" \/><\/div><\/a><a href=\"https:\/\/www.schlosstirol.it\/wp-content\/uploads\/2018\/03\/schloss-tirol_2013_CLEMEN-3-1030x687.jpg\" data-srcset=\"https:\/\/www.schlosstirol.it\/wp-content\/uploads\/2018\/03\/schloss-tirol_2013_CLEMEN-3.jpg 1030w, https:\/\/www.schlosstirol.it\/wp-content\/uploads\/2018\/03\/schloss-tirol_2013_CLEMEN-3-300x200.jpg 300w, https:\/\/www.schlosstirol.it\/wp-content\/uploads\/2018\/03\/schloss-tirol_2013_CLEMEN-3-768x512.jpg 768w, https:\/\/www.schlosstirol.it\/wp-content\/uploads\/2018\/03\/schloss-tirol_2013_CLEMEN-3-705x470.jpg 705w, https:\/\/www.schlosstirol.it\/wp-content\/uploads\/2018\/03\/schloss-tirol_2013_CLEMEN-3-450x300.jpg 450w\" data-sizes=\"(max-width: 1030px) 100vw, 1030px\" data-rel='gallery-2' data-prev-img='https:\/\/www.schlosstirol.it\/wp-content\/uploads\/2018\/03\/schloss-tirol_2013_CLEMEN-3.jpg' class='first_thumb lightbox ' data-onclick='3' title=''  itemprop=\"thumbnailUrl\"  ><img decoding=\"async\" fetchpriority=\"high\" class=\"wp-image-1694 avia-img-lazy-loading-not-1694\"   src=\"https:\/\/www.schlosstirol.it\/wp-content\/uploads\/2018\/03\/schloss-tirol_2013_CLEMEN-3-495x400.jpg\" width=\"495\" height=\"400\"  title='' alt='' srcset=\"https:\/\/www.schlosstirol.it\/wp-content\/uploads\/2018\/03\/schloss-tirol_2013_CLEMEN-3-495x400.jpg 495w, https:\/\/www.schlosstirol.it\/wp-content\/uploads\/2018\/03\/schloss-tirol_2013_CLEMEN-3-845x684.jpg 845w\" sizes=\"(max-width: 495px) 100vw, 495px\" \/><div class='big-prev-fake'><img decoding=\"async\" loading=\"lazy\" class=\"wp-image-1694 avia-img-lazy-loading-1694\"  width=\"1030\" height=\"687\" src=\"https:\/\/www.schlosstirol.it\/wp-content\/uploads\/2018\/03\/schloss-tirol_2013_CLEMEN-3.jpg\" title='' alt='' srcset=\"https:\/\/www.schlosstirol.it\/wp-content\/uploads\/2018\/03\/schloss-tirol_2013_CLEMEN-3.jpg 1030w, https:\/\/www.schlosstirol.it\/wp-content\/uploads\/2018\/03\/schloss-tirol_2013_CLEMEN-3-300x200.jpg 300w, https:\/\/www.schlosstirol.it\/wp-content\/uploads\/2018\/03\/schloss-tirol_2013_CLEMEN-3-768x512.jpg 768w, https:\/\/www.schlosstirol.it\/wp-content\/uploads\/2018\/03\/schloss-tirol_2013_CLEMEN-3-705x470.jpg 705w, https:\/\/www.schlosstirol.it\/wp-content\/uploads\/2018\/03\/schloss-tirol_2013_CLEMEN-3-450x300.jpg 450w\" sizes=\"auto, (max-width: 1030px) 100vw, 1030px\" \/><\/div><\/a><\/div><\/div><\/div>\n<style type=\"text\/css\" data-created_by=\"avia_inline_auto\" id=\"style-css-av-q0hta1-3ff87c5ff87d3aab6f0e6f5f5ee88687\">\n.flex_column.av-q0hta1-3ff87c5ff87d3aab6f0e6f5f5ee88687{\nborder-radius:0px 0px 0px 0px;\npadding:30px 0 30px 0;\n}\n<\/style>\n<div  class='flex_column av-q0hta1-3ff87c5ff87d3aab6f0e6f5f5ee88687 av_two_third  avia-builder-el-10  el_after_av_one_third  avia-builder-el-last  flex_column_div  '     ><p>\n<style type=\"text\/css\" data-created_by=\"avia_inline_auto\" id=\"style-css-av-jn1omyis-7bf6bca1677fe056d1e11788e07eaffe\">\n#top .av-special-heading.av-jn1omyis-7bf6bca1677fe056d1e11788e07eaffe{\npadding-bottom:20px;\n}\nbody .av-special-heading.av-jn1omyis-7bf6bca1677fe056d1e11788e07eaffe .av-special-heading-tag .heading-char{\nfont-size:25px;\n}\n.av-special-heading.av-jn1omyis-7bf6bca1677fe056d1e11788e07eaffe .av-subheading{\nfont-size:21px;\n}\n<\/style>\n<div  class='av-special-heading av-jn1omyis-7bf6bca1677fe056d1e11788e07eaffe av-special-heading-h2 blockquote modern-quote  avia-builder-el-11  el_before_av_textblock  avia-builder-el-first '><h2 class='av-special-heading-tag '  itemprop=\"headline\"  >Paul Clemen \u2013 Schizzi di viaggio dal Tirolo 1887.<\/h2><div class='av-subheading av-subheading_below'><p>25.05.2013 \u2013 03.11.2013<\/p>\n<\/div><div class=\"special-heading-border\"><div class=\"special-heading-inner-border\"><\/div><\/div><\/div><br \/>\n<section  class='av_textblock_section av-29v4yx-d0ea28476e91da0f9c7dcd6813862812 '   itemscope=\"itemscope\" itemtype=\"https:\/\/schema.org\/CreativeWork\" ><div class='avia_textblock'  itemprop=\"text\" ><p>Paul Clemen (1866\u20131947). Nel 1887 il ventenne Paul Clemen, studente di storia dell\u2019arte a Leipzig, intraprese un viaggio per il Tirolo. Era interessato, tra l\u2019altro, ai castelli, che analizzava attraverso una sua personale visione. Ed egli utilizzava l\u2019unico strumento a sua disposizione per fissare ci\u00f2 che vedeva: il disegno. Nella tarda estate del 1888 \u2013 Paul Clemen aveva nel frattempo studiato un anno a Bonn ed aveva intenzione di trasferirsi a Strasburgo \u2013 cominci\u00f2 il suo secondo viaggio attraverso il Tirolo, completando le sue impressioni e le sue ricerche. Frutto dei suoi sforzi fu una relazione sui castelli tirolesi, \u201cTyroler Burgen\u201d, pubblicata nel 1894. A quel tempo Paul Clemen \u2013 non ancora trentenne \u2013 era appena divenuto Sovrintendente alle Belle Arti della Provincia prussiana del Reno ed era titolare di una cattedra all\u2019universit\u00e0 di Bonn.<\/p>\n<p>La descrizione dei disegni \u00e8 parte essenziale del testo di \u201cTyroler Burgen\u201d. Ci\u00f2 vale anche per i fogli sprovvisti di immagini. Paul Clemen riproduceva i castelli cos\u00ec come li vedeva, grandi testimonianze del Medioevo, di cui solo in pochi casi analizzava la storia edilizia. Nelle sue memorie pi\u00f9 tardi scriver\u00e0: \u201cAvendo io frequentato la scuola di Piper e Bodo Ebhardt, nessuno meglio di me sa quanto fosse stato imperfetto questo primo tentativo.\u201d<\/p>\n<p>Come contributo alla ricerca, \u201cTyroler Burgen\u201d di Paul Clemen resta una raccolta di osservazioni marginali. I suoi disegni rivestono tuttavia un ruolo importante quali fonti iconografiche, che mostrano lo stato di conservazione dei castelli e il loro rapporto col paesaggio circostante nel 1887. Ad ogni modo nella redazione finale le immagini rinunciano ampliamente a questo aspetto per concentrarsi sulla rappresentazione architettonica. Gli originali, al contrario, riproducono anche la vegetazione e l\u2019ambiente circostante, con addirittura qualche scena di genere: cos\u00ec vediamo un uomo con un\u2019ascia nei pressi di Castel Naturno o un paio di donne alla fontana ai piedi di Castel Leone. A questi si aggiungono un paio di fogli, su quali Paul Clemen ha immortalato la bellezza del paesaggio, acquerellata in modo accurato. La rappresentazione di Castel Novale mostra entrambe queste particolarit\u00e0: da una parte lo splendido panorama e dall\u2019altra l\u2019analisi architettonico-strutturale del maniero in una vista dall\u2019alto.\u2028\u2028La maggior parte dei disegni \u00e8 oggi di propriet\u00e0 del \u201cLandschaftsverband Rheinland\u201d, l\u2019ufficio per la Conservazione dei Beni Culturali della Renania, che ha preso il posto dell\u2019allora Sovrintendenza Provinciale. Castel Tirolo ha il piacere di presentarli al pubblico per la prima volta da quando furono prodotti, a cavallo tra il 1887 e il 1888. Oltre al fascino proprio che lega immediatamente il disegno all\u2019artista, deceduto ormai da tempo (Paul Clemen mor\u00ec nel 1946), le sue opere sono anche testimonianza di una tecnica un tempo diffusa, che per\u00f2 soprattutto nell\u2019era della fotografia era padroneggiata ancora da pochi. Oltre a questo aspetto la mostra vuole dare risalto al confronto sullo stato di conservazione dei castelli tra la fine del XIX secolo e l\u2019inizio del XXI.<\/p>\n<p>Ulrich Stevens<\/p>\n<\/div><\/section><\/p><\/div>\n\n<\/div><\/div><\/div><!-- close content main div --><\/div><\/div><div id='kaiser-ferdinand'  class='avia-section av-k65kyx-7874f8116298f88c2522c005e1e9d296 main_color avia-section-default avia-no-border-styling  avia-builder-el-13  el_after_av_section  el_before_av_section  avia-bg-style-scroll container_wrap fullsize'  ><div class='container av-section-cont-open' ><div class='template-page content  av-content-full alpha units'><div class='post-entry post-entry-type-page post-entry-2458'><div class='entry-content-wrapper clearfix'>\n\n<style type=\"text\/css\" data-created_by=\"avia_inline_auto\" id=\"style-css-av-jhi0t5-6d3b33f13dfe0dcab1ad811bed31072b\">\n.flex_column.av-jhi0t5-6d3b33f13dfe0dcab1ad811bed31072b{\nborder-radius:0px 0px 0px 0px;\npadding:0px 0px 0px 0px;\n}\n<\/style>\n<div  class='flex_column av-jhi0t5-6d3b33f13dfe0dcab1ad811bed31072b av_one_third  avia-builder-el-14  el_before_av_two_third  avia-builder-el-first  first flex_column_div av-zero-column-padding  '     ><style type=\"text\/css\" data-created_by=\"avia_inline_auto\" id=\"style-css-av-h1u5p5-f19fffd561ace22bf57a14b89253165a\">\n#top .avia-gallery.av-h1u5p5-f19fffd561ace22bf57a14b89253165a .avia-gallery-thumb a{\nwidth:100%;\n}\n<\/style>\n<div  class='avia-gallery av-h1u5p5-f19fffd561ace22bf57a14b89253165a avia_animate_when_visible  avia-builder-el-15  avia-builder-el-no-sibling  deactivate_avia_lazyload avia-gallery-animate avia-gallery-3'  itemprop=\"image\" itemscope=\"itemscope\" itemtype=\"https:\/\/schema.org\/ImageObject\" ><meta itemprop=\"contentURL\" content=\"https:\/\/www.schlosstirol.it\/it\/museo-provinciale-alto-adige\/mostre-2013\/\"><div class='avia-gallery-thumb'><a href=\"https:\/\/www.schlosstirol.it\/wp-content\/uploads\/2018\/03\/schloss-tirol_2013_DER-GRIFF-NACH-DER-KRONE-2-1030x800.jpg\" data-srcset=\"https:\/\/www.schlosstirol.it\/wp-content\/uploads\/2018\/03\/schloss-tirol_2013_DER-GRIFF-NACH-DER-KRONE-2.jpg 1030w, https:\/\/www.schlosstirol.it\/wp-content\/uploads\/2018\/03\/schloss-tirol_2013_DER-GRIFF-NACH-DER-KRONE-2-300x233.jpg 300w, https:\/\/www.schlosstirol.it\/wp-content\/uploads\/2018\/03\/schloss-tirol_2013_DER-GRIFF-NACH-DER-KRONE-2-768x597.jpg 768w, https:\/\/www.schlosstirol.it\/wp-content\/uploads\/2018\/03\/schloss-tirol_2013_DER-GRIFF-NACH-DER-KRONE-2-705x548.jpg 705w, https:\/\/www.schlosstirol.it\/wp-content\/uploads\/2018\/03\/schloss-tirol_2013_DER-GRIFF-NACH-DER-KRONE-2-450x350.jpg 450w\" data-sizes=\"(max-width: 1030px) 100vw, 1030px\" data-rel='gallery-3' data-prev-img='https:\/\/www.schlosstirol.it\/wp-content\/uploads\/2018\/03\/schloss-tirol_2013_DER-GRIFF-NACH-DER-KRONE-2.jpg' class='first_thumb lightbox ' data-onclick='1' title=''  itemprop=\"thumbnailUrl\"  ><img decoding=\"async\" fetchpriority=\"high\" class=\"wp-image-1699 avia-img-lazy-loading-not-1699\"   src=\"https:\/\/www.schlosstirol.it\/wp-content\/uploads\/2018\/03\/schloss-tirol_2013_DER-GRIFF-NACH-DER-KRONE-2-495x400.jpg\" width=\"495\" height=\"400\"  title='' alt='' srcset=\"https:\/\/www.schlosstirol.it\/wp-content\/uploads\/2018\/03\/schloss-tirol_2013_DER-GRIFF-NACH-DER-KRONE-2-495x400.jpg 495w, https:\/\/www.schlosstirol.it\/wp-content\/uploads\/2018\/03\/schloss-tirol_2013_DER-GRIFF-NACH-DER-KRONE-2-845x684.jpg 845w\" sizes=\"(max-width: 495px) 100vw, 495px\" \/><div class='big-prev-fake'><img decoding=\"async\" loading=\"lazy\" class=\"wp-image-1699 avia-img-lazy-loading-1699\"  width=\"1030\" height=\"800\" src=\"https:\/\/www.schlosstirol.it\/wp-content\/uploads\/2018\/03\/schloss-tirol_2013_DER-GRIFF-NACH-DER-KRONE-2.jpg\" title='' alt='' srcset=\"https:\/\/www.schlosstirol.it\/wp-content\/uploads\/2018\/03\/schloss-tirol_2013_DER-GRIFF-NACH-DER-KRONE-2.jpg 1030w, https:\/\/www.schlosstirol.it\/wp-content\/uploads\/2018\/03\/schloss-tirol_2013_DER-GRIFF-NACH-DER-KRONE-2-300x233.jpg 300w, https:\/\/www.schlosstirol.it\/wp-content\/uploads\/2018\/03\/schloss-tirol_2013_DER-GRIFF-NACH-DER-KRONE-2-768x597.jpg 768w, https:\/\/www.schlosstirol.it\/wp-content\/uploads\/2018\/03\/schloss-tirol_2013_DER-GRIFF-NACH-DER-KRONE-2-705x548.jpg 705w, https:\/\/www.schlosstirol.it\/wp-content\/uploads\/2018\/03\/schloss-tirol_2013_DER-GRIFF-NACH-DER-KRONE-2-450x350.jpg 450w\" sizes=\"auto, (max-width: 1030px) 100vw, 1030px\" \/><\/div><\/a><a href=\"https:\/\/www.schlosstirol.it\/wp-content\/uploads\/2018\/03\/schloss-tirol_2013_DER-GRIFF-NACH-DER-KRONE-3-1030x687.jpg\" data-srcset=\"https:\/\/www.schlosstirol.it\/wp-content\/uploads\/2018\/03\/schloss-tirol_2013_DER-GRIFF-NACH-DER-KRONE-3.jpg 1030w, https:\/\/www.schlosstirol.it\/wp-content\/uploads\/2018\/03\/schloss-tirol_2013_DER-GRIFF-NACH-DER-KRONE-3-300x200.jpg 300w, https:\/\/www.schlosstirol.it\/wp-content\/uploads\/2018\/03\/schloss-tirol_2013_DER-GRIFF-NACH-DER-KRONE-3-768x512.jpg 768w, https:\/\/www.schlosstirol.it\/wp-content\/uploads\/2018\/03\/schloss-tirol_2013_DER-GRIFF-NACH-DER-KRONE-3-705x470.jpg 705w, https:\/\/www.schlosstirol.it\/wp-content\/uploads\/2018\/03\/schloss-tirol_2013_DER-GRIFF-NACH-DER-KRONE-3-450x300.jpg 450w\" data-sizes=\"(max-width: 1030px) 100vw, 1030px\" data-rel='gallery-3' data-prev-img='https:\/\/www.schlosstirol.it\/wp-content\/uploads\/2018\/03\/schloss-tirol_2013_DER-GRIFF-NACH-DER-KRONE-3.jpg' class='first_thumb lightbox ' data-onclick='2' title=''  itemprop=\"thumbnailUrl\"  ><img decoding=\"async\" fetchpriority=\"high\" class=\"wp-image-1719 avia-img-lazy-loading-not-1719\"   src=\"https:\/\/www.schlosstirol.it\/wp-content\/uploads\/2018\/03\/schloss-tirol_2013_DER-GRIFF-NACH-DER-KRONE-3-495x400.jpg\" width=\"495\" height=\"400\"  title='' alt='' srcset=\"https:\/\/www.schlosstirol.it\/wp-content\/uploads\/2018\/03\/schloss-tirol_2013_DER-GRIFF-NACH-DER-KRONE-3-495x400.jpg 495w, https:\/\/www.schlosstirol.it\/wp-content\/uploads\/2018\/03\/schloss-tirol_2013_DER-GRIFF-NACH-DER-KRONE-3-845x684.jpg 845w\" sizes=\"(max-width: 495px) 100vw, 495px\" \/><div class='big-prev-fake'><img decoding=\"async\" loading=\"lazy\" class=\"wp-image-1719 avia-img-lazy-loading-1719\"  width=\"1030\" height=\"687\" src=\"https:\/\/www.schlosstirol.it\/wp-content\/uploads\/2018\/03\/schloss-tirol_2013_DER-GRIFF-NACH-DER-KRONE-3.jpg\" title='' alt='' srcset=\"https:\/\/www.schlosstirol.it\/wp-content\/uploads\/2018\/03\/schloss-tirol_2013_DER-GRIFF-NACH-DER-KRONE-3.jpg 1030w, https:\/\/www.schlosstirol.it\/wp-content\/uploads\/2018\/03\/schloss-tirol_2013_DER-GRIFF-NACH-DER-KRONE-3-300x200.jpg 300w, https:\/\/www.schlosstirol.it\/wp-content\/uploads\/2018\/03\/schloss-tirol_2013_DER-GRIFF-NACH-DER-KRONE-3-768x512.jpg 768w, https:\/\/www.schlosstirol.it\/wp-content\/uploads\/2018\/03\/schloss-tirol_2013_DER-GRIFF-NACH-DER-KRONE-3-705x470.jpg 705w, https:\/\/www.schlosstirol.it\/wp-content\/uploads\/2018\/03\/schloss-tirol_2013_DER-GRIFF-NACH-DER-KRONE-3-450x300.jpg 450w\" sizes=\"auto, (max-width: 1030px) 100vw, 1030px\" \/><\/div><\/a><a href=\"https:\/\/www.schlosstirol.it\/wp-content\/uploads\/2018\/03\/schloss-tirol_2013_DER-GRIFF-NACH-DER-KRONE-4-1030x687.jpg\" data-srcset=\"https:\/\/www.schlosstirol.it\/wp-content\/uploads\/2018\/03\/schloss-tirol_2013_DER-GRIFF-NACH-DER-KRONE-4.jpg 1030w, https:\/\/www.schlosstirol.it\/wp-content\/uploads\/2018\/03\/schloss-tirol_2013_DER-GRIFF-NACH-DER-KRONE-4-300x200.jpg 300w, https:\/\/www.schlosstirol.it\/wp-content\/uploads\/2018\/03\/schloss-tirol_2013_DER-GRIFF-NACH-DER-KRONE-4-768x512.jpg 768w, https:\/\/www.schlosstirol.it\/wp-content\/uploads\/2018\/03\/schloss-tirol_2013_DER-GRIFF-NACH-DER-KRONE-4-705x470.jpg 705w, https:\/\/www.schlosstirol.it\/wp-content\/uploads\/2018\/03\/schloss-tirol_2013_DER-GRIFF-NACH-DER-KRONE-4-450x300.jpg 450w\" data-sizes=\"(max-width: 1030px) 100vw, 1030px\" data-rel='gallery-3' data-prev-img='https:\/\/www.schlosstirol.it\/wp-content\/uploads\/2018\/03\/schloss-tirol_2013_DER-GRIFF-NACH-DER-KRONE-4.jpg' class='first_thumb lightbox ' data-onclick='3' title=''  itemprop=\"thumbnailUrl\"  ><img decoding=\"async\" fetchpriority=\"high\" class=\"wp-image-1722 avia-img-lazy-loading-not-1722\"   src=\"https:\/\/www.schlosstirol.it\/wp-content\/uploads\/2018\/03\/schloss-tirol_2013_DER-GRIFF-NACH-DER-KRONE-4-495x400.jpg\" width=\"495\" height=\"400\"  title='' alt='' srcset=\"https:\/\/www.schlosstirol.it\/wp-content\/uploads\/2018\/03\/schloss-tirol_2013_DER-GRIFF-NACH-DER-KRONE-4-495x400.jpg 495w, https:\/\/www.schlosstirol.it\/wp-content\/uploads\/2018\/03\/schloss-tirol_2013_DER-GRIFF-NACH-DER-KRONE-4-845x684.jpg 845w\" sizes=\"(max-width: 495px) 100vw, 495px\" \/><div class='big-prev-fake'><img decoding=\"async\" loading=\"lazy\" class=\"wp-image-1722 avia-img-lazy-loading-1722\"  width=\"1030\" height=\"687\" src=\"https:\/\/www.schlosstirol.it\/wp-content\/uploads\/2018\/03\/schloss-tirol_2013_DER-GRIFF-NACH-DER-KRONE-4.jpg\" title='' alt='' srcset=\"https:\/\/www.schlosstirol.it\/wp-content\/uploads\/2018\/03\/schloss-tirol_2013_DER-GRIFF-NACH-DER-KRONE-4.jpg 1030w, https:\/\/www.schlosstirol.it\/wp-content\/uploads\/2018\/03\/schloss-tirol_2013_DER-GRIFF-NACH-DER-KRONE-4-300x200.jpg 300w, https:\/\/www.schlosstirol.it\/wp-content\/uploads\/2018\/03\/schloss-tirol_2013_DER-GRIFF-NACH-DER-KRONE-4-768x512.jpg 768w, https:\/\/www.schlosstirol.it\/wp-content\/uploads\/2018\/03\/schloss-tirol_2013_DER-GRIFF-NACH-DER-KRONE-4-705x470.jpg 705w, https:\/\/www.schlosstirol.it\/wp-content\/uploads\/2018\/03\/schloss-tirol_2013_DER-GRIFF-NACH-DER-KRONE-4-450x300.jpg 450w\" sizes=\"auto, (max-width: 1030px) 100vw, 1030px\" \/><\/div><\/a><\/div><\/div><\/div>\n<style type=\"text\/css\" data-created_by=\"avia_inline_auto\" id=\"style-css-av-fifk55-f6caa309500227f158091079814acf8d\">\n.flex_column.av-fifk55-f6caa309500227f158091079814acf8d{\nborder-radius:0px 0px 0px 0px;\npadding:30px 0 30px 0;\n}\n<\/style>\n<div  class='flex_column av-fifk55-f6caa309500227f158091079814acf8d av_two_third  avia-builder-el-16  el_after_av_one_third  avia-builder-el-last  flex_column_div  '     ><p>\n<style type=\"text\/css\" data-created_by=\"avia_inline_auto\" id=\"style-css-av-jn1onqp3-52a5af14a418ea1ffe9632982dd247dd\">\n#top .av-special-heading.av-jn1onqp3-52a5af14a418ea1ffe9632982dd247dd{\npadding-bottom:20px;\n}\nbody .av-special-heading.av-jn1onqp3-52a5af14a418ea1ffe9632982dd247dd .av-special-heading-tag .heading-char{\nfont-size:25px;\n}\n.av-special-heading.av-jn1onqp3-52a5af14a418ea1ffe9632982dd247dd .av-subheading{\nfont-size:21px;\n}\n<\/style>\n<div  class='av-special-heading av-jn1onqp3-52a5af14a418ea1ffe9632982dd247dd av-special-heading-h2 blockquote modern-quote  avia-builder-el-17  el_before_av_textblock  avia-builder-el-first '><h2 class='av-special-heading-tag '  itemprop=\"headline\"  >Verso l\u2019incoronazione. I viaggi dell\u2019imperatore Ferdinando I a Praga e a Milano attraverso il Tirolo.<\/h2><div class='av-subheading av-subheading_below'><p>20.07.2013 \u2013\u00a024.11.2013<\/p>\n<\/div><div class=\"special-heading-border\"><div class=\"special-heading-inner-border\"><\/div><\/div><\/div><br \/>\n<section  class='av_textblock_section av-c925y1-5d0190b9a4cc491c500d85c068100d3c '   itemscope=\"itemscope\" itemtype=\"https:\/\/schema.org\/CreativeWork\" ><div class='avia_textblock'  itemprop=\"text\" ><p>Il pittore di corte viennese Eduard Gurk (1801 Vienna \u2013 1841 Gerusalemme) apprese i primi erudimenti artistici grazie al padre e successivamente studi\u00f2 all\u2019Accademia delle Belle Arti di Vienna. Fu favorito da Metternich ed infine nominato pittore di corte. In questa veste era al seguito degli eredi della corona austriaca, in particolare degli arciduchi Ferdinando I d\u2019Austria e Giovanni d\u2019Asburgo-Lorena, per immortalarli nelle proprie opere.<br \/>\nEduard Gurk ottenne una grande fama come paesaggista, litografo, incisore e grazie ai suoi dipinti a tempera. Sono soprattutto i quadri a segnare la produzione artistica di Gurk. A partire dal 1830 fu al servizio del principe ereditario Ferdinando (il futuro imperatore Ferdinando I d\u2019Austria), accompagnandolo durante i suoi viaggi.<br \/>\nEduard Gurk mor\u00ec all\u2019et\u00e0 di 39 anni durante un viaggio a Gerusalemme.<\/p>\n<p>Nel 2012 la Provincia di Bolzano ha acquistato il lascito di Eduard Gurk. Questa acquisizione \u00e8 avvenuta oltretutto in vista di un evento altrettanto degno di nota: il 650\u00b0 anniversario, nel 2013, del passaggio del Tirolo sotto il dominio asburgico. Quando si tratta di un patrimonio di opere risalenti esclusivamente al XIX secolo, queste sono di norma particolarmente esemplificative del periodo del cosiddetto Vorm\u00e4rz, delle profonde relazioni tra Tirolo ed Austria, e dell\u2019annessione del Tirolo all\u2019impero asburgico. Il corteo dell\u2019incoronazione dell\u2019imperatore Ferdinando I d\u2019Austria rappresenta, in modo assolutamente unico, l\u2019aspetto degli onori riservati all\u2019erede al trono e ricorda chiaramente le tradizioni medievali e del Primo Rinascimento. La parte pi\u00f9 interessante del concetto espositivo \u00e8 la focalizzazione dell\u2019attenzione sul Tirolo, sul castello avito e sulle personalit\u00e0 che lo frequentarono e che furono inoltre presenti in occasione dei cerimoniali di Praga e Milano. La monarchia ha cos\u00ec raggiunto perfino Praga, Milano e Venezia, citt\u00e0 che nei loro cerimoniali trasmettono un fascino sofisticato, mentre la bellezza dei racconti tirolesi sta nella percezione dettagliata dei ritratti e dei paesaggi.\u2028\u2028Dal lascito sono stati selezionati i seguenti ambiti: l\u2019incoronazione di Ferdinando I a Praga (1836), i viaggi dell\u2019incoronazione in Italia (1838) e tematiche inerenti il Tirolo.<br \/>\nProprio queste ultime rivestono ovviamente un ruolo particolarmente importante a livello locale e rappresentano in primo luogo il palazzo di corte ad Innsbruck, una pi\u00e9ce teatrale su Andreas Hofer, una festa popolare, spari in occasione di una festivit\u00e0, gli omaggi per l\u2019erede al trono a Castel Tirolo, un acquarello del portale della cappella, interessanti ritratti dei cosiddetti Schildhofbauern, per lo pi\u00f9 con i loro figli, e l\u2019inaugurazione del forte di Fortezza, il viaggio sul passo dello Stelvio, e molte altre. Non mancano scorci di paesaggi e localit\u00e0, come ad esempio quelli di Merano e Tirolo.<\/p>\n<\/div><\/section><\/p><\/div>\n\n<\/div><\/div><\/div><!-- close content main div --><\/div><\/div><div id='schicksalsjahr-1363'  class='avia-section av-bbvoeh-c481a04a943e35678810bfaf0e2a062a main_color avia-section-default avia-no-border-styling  avia-builder-el-19  el_after_av_section  el_before_av_button_big  avia-bg-style-scroll container_wrap fullsize'  ><div class='container av-section-cont-open' ><div class='template-page content  av-content-full alpha units'><div class='post-entry post-entry-type-page post-entry-2458'><div class='entry-content-wrapper clearfix'>\n\n<style type=\"text\/css\" data-created_by=\"avia_inline_auto\" id=\"style-css-av-8t0i21-f58ccb392cc82e22c0dc56222c8f6627\">\n.flex_column.av-8t0i21-f58ccb392cc82e22c0dc56222c8f6627{\nborder-radius:0px 0px 0px 0px;\npadding:0px 0px 0px 0px;\n}\n<\/style>\n<div  class='flex_column av-8t0i21-f58ccb392cc82e22c0dc56222c8f6627 av_one_third  avia-builder-el-20  el_before_av_two_third  avia-builder-el-first  first flex_column_div av-zero-column-padding  '     ><style type=\"text\/css\" data-created_by=\"avia_inline_auto\" id=\"style-css-av-7o2is9-37d6b08e7f59b388a9f5c8ede89be386\">\n#top .avia-gallery.av-7o2is9-37d6b08e7f59b388a9f5c8ede89be386 .avia-gallery-thumb a{\nwidth:100%;\n}\n<\/style>\n<div  class='avia-gallery av-7o2is9-37d6b08e7f59b388a9f5c8ede89be386 avia_animate_when_visible  avia-builder-el-21  avia-builder-el-no-sibling  deactivate_avia_lazyload avia-gallery-animate avia-gallery-4'  itemprop=\"image\" itemscope=\"itemscope\" itemtype=\"https:\/\/schema.org\/ImageObject\" ><meta itemprop=\"contentURL\" content=\"https:\/\/www.schlosstirol.it\/it\/museo-provinciale-alto-adige\/mostre-2013\/\"><div class='avia-gallery-thumb'><a href=\"https:\/\/www.schlosstirol.it\/wp-content\/uploads\/2018\/03\/schloss-tirol_2013_ALS-TIROL-HABSBURGISCH-WURDE-2.jpg\" data-srcset=\"https:\/\/www.schlosstirol.it\/wp-content\/uploads\/2018\/03\/schloss-tirol_2013_ALS-TIROL-HABSBURGISCH-WURDE-2.jpg 921w, https:\/\/www.schlosstirol.it\/wp-content\/uploads\/2018\/03\/schloss-tirol_2013_ALS-TIROL-HABSBURGISCH-WURDE-2-300x261.jpg 300w, https:\/\/www.schlosstirol.it\/wp-content\/uploads\/2018\/03\/schloss-tirol_2013_ALS-TIROL-HABSBURGISCH-WURDE-2-768x667.jpg 768w, https:\/\/www.schlosstirol.it\/wp-content\/uploads\/2018\/03\/schloss-tirol_2013_ALS-TIROL-HABSBURGISCH-WURDE-2-705x612.jpg 705w, https:\/\/www.schlosstirol.it\/wp-content\/uploads\/2018\/03\/schloss-tirol_2013_ALS-TIROL-HABSBURGISCH-WURDE-2-450x391.jpg 450w\" data-sizes=\"(max-width: 921px) 100vw, 921px\" data-rel='gallery-4' data-prev-img='https:\/\/www.schlosstirol.it\/wp-content\/uploads\/2018\/03\/schloss-tirol_2013_ALS-TIROL-HABSBURGISCH-WURDE-2.jpg' class='first_thumb lightbox ' data-onclick='1' title=''  itemprop=\"thumbnailUrl\"  ><img decoding=\"async\" fetchpriority=\"high\" class=\"wp-image-1713 avia-img-lazy-loading-not-1713\"   src=\"https:\/\/www.schlosstirol.it\/wp-content\/uploads\/2018\/03\/schloss-tirol_2013_ALS-TIROL-HABSBURGISCH-WURDE-2-495x400.jpg\" width=\"495\" height=\"400\"  title='' alt='' srcset=\"https:\/\/www.schlosstirol.it\/wp-content\/uploads\/2018\/03\/schloss-tirol_2013_ALS-TIROL-HABSBURGISCH-WURDE-2-495x400.jpg 495w, https:\/\/www.schlosstirol.it\/wp-content\/uploads\/2018\/03\/schloss-tirol_2013_ALS-TIROL-HABSBURGISCH-WURDE-2-845x684.jpg 845w\" sizes=\"(max-width: 495px) 100vw, 495px\" \/><div class='big-prev-fake'><img decoding=\"async\" loading=\"lazy\" class=\"wp-image-1713 avia-img-lazy-loading-1713\"  width=\"921\" height=\"800\" src=\"https:\/\/www.schlosstirol.it\/wp-content\/uploads\/2018\/03\/schloss-tirol_2013_ALS-TIROL-HABSBURGISCH-WURDE-2.jpg\" title='' alt='' srcset=\"https:\/\/www.schlosstirol.it\/wp-content\/uploads\/2018\/03\/schloss-tirol_2013_ALS-TIROL-HABSBURGISCH-WURDE-2.jpg 921w, https:\/\/www.schlosstirol.it\/wp-content\/uploads\/2018\/03\/schloss-tirol_2013_ALS-TIROL-HABSBURGISCH-WURDE-2-300x261.jpg 300w, https:\/\/www.schlosstirol.it\/wp-content\/uploads\/2018\/03\/schloss-tirol_2013_ALS-TIROL-HABSBURGISCH-WURDE-2-768x667.jpg 768w, https:\/\/www.schlosstirol.it\/wp-content\/uploads\/2018\/03\/schloss-tirol_2013_ALS-TIROL-HABSBURGISCH-WURDE-2-705x612.jpg 705w, https:\/\/www.schlosstirol.it\/wp-content\/uploads\/2018\/03\/schloss-tirol_2013_ALS-TIROL-HABSBURGISCH-WURDE-2-450x391.jpg 450w\" sizes=\"auto, (max-width: 921px) 100vw, 921px\" \/><\/div><\/a><a href=\"https:\/\/www.schlosstirol.it\/wp-content\/uploads\/2018\/03\/schloss-tirol_2013_ALS-TIROL-HABSBURGISCH-WURDE-1-1030x789.jpg\" data-srcset=\"https:\/\/www.schlosstirol.it\/wp-content\/uploads\/2018\/03\/schloss-tirol_2013_ALS-TIROL-HABSBURGISCH-WURDE-1.jpg 1030w, https:\/\/www.schlosstirol.it\/wp-content\/uploads\/2018\/03\/schloss-tirol_2013_ALS-TIROL-HABSBURGISCH-WURDE-1-300x230.jpg 300w, https:\/\/www.schlosstirol.it\/wp-content\/uploads\/2018\/03\/schloss-tirol_2013_ALS-TIROL-HABSBURGISCH-WURDE-1-768x588.jpg 768w, https:\/\/www.schlosstirol.it\/wp-content\/uploads\/2018\/03\/schloss-tirol_2013_ALS-TIROL-HABSBURGISCH-WURDE-1-705x540.jpg 705w, https:\/\/www.schlosstirol.it\/wp-content\/uploads\/2018\/03\/schloss-tirol_2013_ALS-TIROL-HABSBURGISCH-WURDE-1-450x345.jpg 450w\" data-sizes=\"(max-width: 1030px) 100vw, 1030px\" data-rel='gallery-4' data-prev-img='https:\/\/www.schlosstirol.it\/wp-content\/uploads\/2018\/03\/schloss-tirol_2013_ALS-TIROL-HABSBURGISCH-WURDE-1.jpg' class='first_thumb lightbox ' data-onclick='2' title=''  itemprop=\"thumbnailUrl\"  ><img decoding=\"async\" fetchpriority=\"high\" class=\"wp-image-1702 avia-img-lazy-loading-not-1702\"   src=\"https:\/\/www.schlosstirol.it\/wp-content\/uploads\/2018\/03\/schloss-tirol_2013_ALS-TIROL-HABSBURGISCH-WURDE-1-495x400.jpg\" width=\"495\" height=\"400\"  title='' alt='' srcset=\"https:\/\/www.schlosstirol.it\/wp-content\/uploads\/2018\/03\/schloss-tirol_2013_ALS-TIROL-HABSBURGISCH-WURDE-1-495x400.jpg 495w, https:\/\/www.schlosstirol.it\/wp-content\/uploads\/2018\/03\/schloss-tirol_2013_ALS-TIROL-HABSBURGISCH-WURDE-1-845x684.jpg 845w\" sizes=\"(max-width: 495px) 100vw, 495px\" \/><div class='big-prev-fake'><img decoding=\"async\" loading=\"lazy\" class=\"wp-image-1702 avia-img-lazy-loading-1702\"  width=\"1030\" height=\"789\" src=\"https:\/\/www.schlosstirol.it\/wp-content\/uploads\/2018\/03\/schloss-tirol_2013_ALS-TIROL-HABSBURGISCH-WURDE-1.jpg\" title='' alt='' srcset=\"https:\/\/www.schlosstirol.it\/wp-content\/uploads\/2018\/03\/schloss-tirol_2013_ALS-TIROL-HABSBURGISCH-WURDE-1.jpg 1030w, https:\/\/www.schlosstirol.it\/wp-content\/uploads\/2018\/03\/schloss-tirol_2013_ALS-TIROL-HABSBURGISCH-WURDE-1-300x230.jpg 300w, https:\/\/www.schlosstirol.it\/wp-content\/uploads\/2018\/03\/schloss-tirol_2013_ALS-TIROL-HABSBURGISCH-WURDE-1-768x588.jpg 768w, https:\/\/www.schlosstirol.it\/wp-content\/uploads\/2018\/03\/schloss-tirol_2013_ALS-TIROL-HABSBURGISCH-WURDE-1-705x540.jpg 705w, https:\/\/www.schlosstirol.it\/wp-content\/uploads\/2018\/03\/schloss-tirol_2013_ALS-TIROL-HABSBURGISCH-WURDE-1-450x345.jpg 450w\" sizes=\"auto, (max-width: 1030px) 100vw, 1030px\" \/><\/div><\/a><a href=\"https:\/\/www.schlosstirol.it\/wp-content\/uploads\/2018\/03\/schloss-tirol_2013_ALS-TIROL-HABSBURGISCH-WURDE-3.jpg\" data-srcset=\"https:\/\/www.schlosstirol.it\/wp-content\/uploads\/2018\/03\/schloss-tirol_2013_ALS-TIROL-HABSBURGISCH-WURDE-3.jpg 986w, https:\/\/www.schlosstirol.it\/wp-content\/uploads\/2018\/03\/schloss-tirol_2013_ALS-TIROL-HABSBURGISCH-WURDE-3-300x243.jpg 300w, https:\/\/www.schlosstirol.it\/wp-content\/uploads\/2018\/03\/schloss-tirol_2013_ALS-TIROL-HABSBURGISCH-WURDE-3-768x623.jpg 768w, https:\/\/www.schlosstirol.it\/wp-content\/uploads\/2018\/03\/schloss-tirol_2013_ALS-TIROL-HABSBURGISCH-WURDE-3-705x572.jpg 705w, https:\/\/www.schlosstirol.it\/wp-content\/uploads\/2018\/03\/schloss-tirol_2013_ALS-TIROL-HABSBURGISCH-WURDE-3-450x365.jpg 450w\" data-sizes=\"(max-width: 986px) 100vw, 986px\" data-rel='gallery-4' data-prev-img='https:\/\/www.schlosstirol.it\/wp-content\/uploads\/2018\/03\/schloss-tirol_2013_ALS-TIROL-HABSBURGISCH-WURDE-3.jpg' class='first_thumb lightbox ' data-onclick='3' title=''  itemprop=\"thumbnailUrl\"  ><img decoding=\"async\" fetchpriority=\"high\" class=\"wp-image-1705 avia-img-lazy-loading-not-1705\"   src=\"https:\/\/www.schlosstirol.it\/wp-content\/uploads\/2018\/03\/schloss-tirol_2013_ALS-TIROL-HABSBURGISCH-WURDE-3-495x400.jpg\" width=\"495\" height=\"400\"  title='' alt='' srcset=\"https:\/\/www.schlosstirol.it\/wp-content\/uploads\/2018\/03\/schloss-tirol_2013_ALS-TIROL-HABSBURGISCH-WURDE-3-495x400.jpg 495w, https:\/\/www.schlosstirol.it\/wp-content\/uploads\/2018\/03\/schloss-tirol_2013_ALS-TIROL-HABSBURGISCH-WURDE-3-300x243.jpg 300w, https:\/\/www.schlosstirol.it\/wp-content\/uploads\/2018\/03\/schloss-tirol_2013_ALS-TIROL-HABSBURGISCH-WURDE-3-845x684.jpg 845w, https:\/\/www.schlosstirol.it\/wp-content\/uploads\/2018\/03\/schloss-tirol_2013_ALS-TIROL-HABSBURGISCH-WURDE-3-450x365.jpg 450w\" sizes=\"(max-width: 495px) 100vw, 495px\" \/><div class='big-prev-fake'><img decoding=\"async\" loading=\"lazy\" class=\"wp-image-1705 avia-img-lazy-loading-1705\"  width=\"986\" height=\"800\" src=\"https:\/\/www.schlosstirol.it\/wp-content\/uploads\/2018\/03\/schloss-tirol_2013_ALS-TIROL-HABSBURGISCH-WURDE-3.jpg\" title='' alt='' srcset=\"https:\/\/www.schlosstirol.it\/wp-content\/uploads\/2018\/03\/schloss-tirol_2013_ALS-TIROL-HABSBURGISCH-WURDE-3.jpg 986w, https:\/\/www.schlosstirol.it\/wp-content\/uploads\/2018\/03\/schloss-tirol_2013_ALS-TIROL-HABSBURGISCH-WURDE-3-300x243.jpg 300w, https:\/\/www.schlosstirol.it\/wp-content\/uploads\/2018\/03\/schloss-tirol_2013_ALS-TIROL-HABSBURGISCH-WURDE-3-768x623.jpg 768w, https:\/\/www.schlosstirol.it\/wp-content\/uploads\/2018\/03\/schloss-tirol_2013_ALS-TIROL-HABSBURGISCH-WURDE-3-705x572.jpg 705w, https:\/\/www.schlosstirol.it\/wp-content\/uploads\/2018\/03\/schloss-tirol_2013_ALS-TIROL-HABSBURGISCH-WURDE-3-450x365.jpg 450w\" sizes=\"auto, (max-width: 986px) 100vw, 986px\" \/><\/div><\/a><\/div><\/div><\/div>\n<style type=\"text\/css\" data-created_by=\"avia_inline_auto\" id=\"style-css-av-6jx9gp-dbd0f13d4fe048c57ca6386b33ea42f0\">\n.flex_column.av-6jx9gp-dbd0f13d4fe048c57ca6386b33ea42f0{\nborder-radius:0px 0px 0px 0px;\npadding:30px 0 30px 0;\n}\n<\/style>\n<div  class='flex_column av-6jx9gp-dbd0f13d4fe048c57ca6386b33ea42f0 av_two_third  avia-builder-el-22  el_after_av_one_third  avia-builder-el-last  flex_column_div  '     ><p>\n<style type=\"text\/css\" data-created_by=\"avia_inline_auto\" id=\"style-css-av-jn1oowep-39af6648a3f22631b369c793198b7aa6\">\n#top .av-special-heading.av-jn1oowep-39af6648a3f22631b369c793198b7aa6{\npadding-bottom:20px;\n}\nbody .av-special-heading.av-jn1oowep-39af6648a3f22631b369c793198b7aa6 .av-special-heading-tag .heading-char{\nfont-size:25px;\n}\n.av-special-heading.av-jn1oowep-39af6648a3f22631b369c793198b7aa6 .av-subheading{\nfont-size:21px;\n}\n<\/style>\n<div  class='av-special-heading av-jn1oowep-39af6648a3f22631b369c793198b7aa6 av-special-heading-h2 blockquote modern-quote  avia-builder-el-23  el_before_av_textblock  avia-builder-el-first '><h2 class='av-special-heading-tag '  itemprop=\"headline\"  >Quando il Tirolo divenne asburgico \u2013 il fatidico anno 1363.<\/h2><div class='av-subheading av-subheading_below'><p>08.08.2013 &#8211; 03.11.2013<\/p>\n<\/div><div class=\"special-heading-border\"><div class=\"special-heading-inner-border\"><\/div><\/div><\/div><br \/>\n<section  class='av_textblock_section av-30xaex-c18fa75e217ce78ef7aef51547ffb506 '   itemscope=\"itemscope\" itemtype=\"https:\/\/schema.org\/CreativeWork\" ><div class='avia_textblock'  itemprop=\"text\" ><p>Nel 2013 ricorre il 650\u00b0 anniversario del passaggio della contea di Tirolo sotto il dominio asburgico. In seguito alla prematura morte di suo figlio Mainardo III, la contessa Margarete cede, con un atto memorabile datato 26 gennaio 1363, la reggenza della contea ai suoi parenti asburgici, i duchi Rodolfo, Alberto e Leopoldo d\u2019Austria, destinando cos\u00ec il Tirolo a diventare parte attiva dell\u2019Impero asburgico e della storia austriaca. Dopo la fine della Prima guerra mondiale la parte settentrionale ed orientale del Tirolo diventano uno dei nove L\u00e4nder federali della nuova Repubblica austriaca, mentre la sua parte meridionale, composta da Alto Adige e Trentino, viene accorpata al territorio dello Stato Italiano.<\/p>\n<p>Quando il reggente del Tirolo, il duca Enrico di Carinzia, muore nel 1335 senza lasciare figli maschi, l\u2019eredit\u00e0 della reggenza passa a sua figlia Margarete che fin dal 1330 \u00e8 sposata con Giovanni Enrico, figlio del re di Boemia della dinastia dei Lussemburgo. Destinato a fallire per antipatie reciproche, quel matrimonio rimane privo di discendenti e termina bruscamente il 2 novembre del 1341, quando Margarete scaccia il consorte da Castel Tirolo. Nonostante l\u2019esplicita contrariet\u00e0 della Chiesa il 10 febbraio del 1342 si risposa con il margravio Ludovico di Brandeburgo, figlio dell\u2019imperatore Ludovico il Bavaro, per cui ora \u00e8 la dinastia bavarese dei Wittelsbach ad avere le maggiori possibilit\u00e0 di acquisire il dominio sulla contea di Tirolo. Ma il destino decider\u00e0 diversamente. Quando nel 1361 muore Ludovico e poco dopo, il 13 gennaio del 1363, anche il suo unico erede Mainardo III, Margarete si trova a dover prendere la decisione pi\u00f9 importante della sua vita. Il 26 gennaio 1363 nomina come suoi eredi i duchi d\u2019Austria Rodolfo, Alberto e Leopoldo, riservandosi per\u00f2 il diritto di reggenza a vita. A facilitare tale decisione \u00e8 probabilmente anche la tempestivit\u00e0 con cui appare sulla scena uno dei tre fratelli asburgici, il duca Rodolfo, ben conscio dell\u2019importanza che avrebbe avuto per la casa asburgica ereditare il Tirolo. Va anche detto che gli Asburgo sono effettivamente imparentati con Margarete attraverso la loro nonna Elisabetta di Tirolo, figlia di Mainardo II e quindi zia di Margarete. Appare chiaro che di fronte a tale situazione risultano irrisorie le chance degli altri potenziali eredi, e cio\u00e8 dei Wittelsbach da un lato, con i quali certamente non corre buon sangue, e dei conti di Gorizia dall\u2019altro, che in quel periodo risultano politicamente molto indeboliti.<\/p>\n<p>A decidere sul futuro geopolitico della contea non fu soltanto Margarete, ma un intero gruppo di esponenti di alto rango della nobilt\u00e0 tirolese nonch\u00e9 il commendatore territoriale dell\u2019Ordine Teutonico e il mercante Botsch von Bozen in rappresentanza dell\u2019alta borghesia bolzanina, tutti testimoni e suggellatori dell\u2019atto di donazione con il quale Margarete si riserva comunque il diritto della reggenza a vita sulla contea, continuando fino all\u2019autunno di quell\u2019anno a trattare gli affari del governo comitale, tra l\u2019altro utilizzando per l\u2019autenticazione degli atti ufficiali un grande sigillo da reggente la cui pregiatissima fattura serve anche per confermare verso l\u2019esterno l\u2019immutata importanza del proprio ruolo. Eppure, il 29 settembre del 1363, Margarete rinuncia definitivamente a tutti i suoi diritti di reggenza. Non si conoscono i retroscena di tale repentina decisione, forse sono le minacce dei Wittelsbach che, sentendosi defraudati in ottobre tentano ancora, peraltro senza fortuna, di riconquistare con la forza la contea, e forse \u00e8 anche lo stesso duca Rodolfo a persuaderla ad accelerare i tempi. Nel dicembre del 1363 Margarete lascia il Tirolo per trasferirsi a Vienna dove morir\u00e0 il 3 ottobre del 1369 e sar\u00e0 tumulata nella chiesa dei Minoriti.<\/p>\n<p>La mostra a Castel Tirolo presenta al pubblico l\u2019atto di cessione del gennaio 1363, il documento della rinuncia di Margarete alla reggenza del settembre 1363 (entrambi prestiti del Haus-, Hof- und Staatsarchiv di Vienna), nonch\u00e8 due documenti datati maggio 1363, che convalidano l\u2019attivit\u00e0 di governo di Margarete (Deutschordensarchiv, Vienna).<br \/>\nIn occasione dell\u2019anniversario 1363-2013, il Museo provinciale di Castel Tirolo ha realizzato una copia perfetta della cosiddetta \u201ccoppa nuziale\u201d di Margarete. L\u2019altare di Castel Tirolo, infine, chiude la storia degli ultimi conti della dinastia dei Tirolo.<\/p>\n<\/div><\/section><\/p><\/div>\n\n<div  class='avia-button-wrap avia-button-center  avia-builder-el-25  el_after_av_section  avia-builder-el-last '>\n<style type=\"text\/css\" data-created_by=\"avia_inline_auto\" id=\"style-css-av-jlxtewdk-e9f249e147dddbb9f473678bd4929010\">\n#top #wrap_all .avia-button.av-jlxtewdk-e9f249e147dddbb9f473678bd4929010{\ncolor:#ffffff;\ntransition:all 0.4s ease-in-out;\n}\n#top #wrap_all .avia-button.av-jlxtewdk-e9f249e147dddbb9f473678bd4929010:hover{\ncolor:#ffffff;\ntransition:all 0.4s ease-in-out;\n}\n#top #wrap_all .avia-button.av-jlxtewdk-e9f249e147dddbb9f473678bd4929010 .avia-svg-icon svg:first-child{\nfill:#ffffff;\nstroke:#ffffff;\n}\n#top #wrap_all .avia-button.av-jlxtewdk-e9f249e147dddbb9f473678bd4929010:hover .avia-svg-icon svg:first-child{\nfill:#ffffff;\nstroke:#ffffff;\n}\n<\/style>\n<a href='' class='avia-color-theme-color avia-button avia-button-fullwidth av-jlxtewdk-e9f249e147dddbb9f473678bd4929010 avia-icon_select-yes-left-icon avia-color-theme-color'   aria-label=\"ARCHIVIO MOSTRE\"><span class='avia_button_icon avia_button_icon_left avia-svg-icon avia-font-svg_entypo-fontello' data-av_svg_icon='archive' data-av_iconset='svg_entypo-fontello'><svg version=\"1.1\" xmlns=\"http:\/\/www.w3.org\/2000\/svg\" width=\"31\" height=\"32\" viewBox=\"0 0 31 32\" preserveAspectRatio=\"xMidYMid meet\" aria-labelledby='av-svg-title-1' aria-describedby='av-svg-desc-1' role=\"graphics-symbol\">\n<title id='av-svg-title-1'>Archive<\/title>\n<desc id='av-svg-desc-1'>Archive<\/desc>\n<path d=\"M26.88 8v1.6h-22.272v-1.6q0-0.704 0.416-1.12t0.8-0.48h19.456q0.192 0 0.448 0.032t0.704 0.448 0.448 1.12zM22.144 3.2q0.192 0 0.448 0.032t0.704 0.448 0.448 1.12h-15.936q0-0.704 0.416-1.12t0.8-0.48h13.12zM30.080 9.6q1.088 1.024 1.216 1.472 0.192 0.576 0 1.728l-2.432 14.4q-0.128 0.704-0.64 1.12t-0.896 0.48h-22.72q-1.664 0-1.92-1.6-0.192-0.832-1.248-7.136t-1.248-7.264q-0.32-0.704-0.096-1.408t0.32-0.832 0.672-0.64l1.28-1.28v2.56h26.752v-2.56zM22.144 18.24v-3.2h-2.24v2.56h-8.32v-2.56h-2.176v3.2q0 1.6 1.536 1.6h9.6q0.704 0 1.12-0.384t0.416-0.768z\"><\/path>\n<\/svg><\/span><span class='avia_iconbox_title' >ARCHIVIO MOSTRE<\/span><span class='avia_button_background avia-button avia-button-fullwidth avia-color-theme-color-highlight'><\/span><\/a><\/div>\n","protected":false},"excerpt":{"rendered":"","protected":false},"author":1,"featured_media":2679,"comment_status":"closed","ping_status":"closed","template":"","meta":{"footnotes":""},"tags":[],"portfolio_entries":[84],"class_list":["post-2458","portfolio","type-portfolio","status-publish","has-post-thumbnail","hentry","portfolio_entries-ausstellungen-2013-it"],"yoast_head":"<!-- This site is optimized with the Yoast SEO plugin v27.5 - https:\/\/yoast.com\/product\/yoast-seo-wordpress\/ -->\n<title>Mostre 2013 - Castel Tirolo - Museo storico-culturale (BZ)<\/title>\n<meta name=\"description\" content=\"Castel Tirolo Mostre 2013\" \/>\n<meta name=\"robots\" content=\"index, follow, max-snippet:-1, max-image-preview:large, max-video-preview:-1\" \/>\n<link rel=\"canonical\" href=\"https:\/\/www.schlosstirol.it\/it\/museo-provinciale-alto-adige\/mostre-2013\/\" \/>\n<meta property=\"og:locale\" content=\"it_IT\" \/>\n<meta property=\"og:type\" content=\"article\" \/>\n<meta property=\"og:title\" content=\"Mostre 2013 - Castel Tirolo - Museo storico-culturale (BZ)\" \/>\n<meta property=\"og:description\" content=\"Castel Tirolo Mostre 2013\" \/>\n<meta property=\"og:url\" content=\"https:\/\/www.schlosstirol.it\/it\/museo-provinciale-alto-adige\/mostre-2013\/\" \/>\n<meta property=\"og:site_name\" content=\"Castel Tirolo - Museo storico-culturale (BZ)\" \/>\n<meta property=\"article:publisher\" content=\"https:\/\/www.facebook.com\/schlosstirol.casteltirolo\" \/>\n<meta property=\"article:modified_time\" content=\"2018-10-09T12:11:48+00:00\" \/>\n<meta property=\"og:image\" content=\"https:\/\/www.schlosstirol.it\/wp-content\/uploads\/2018\/03\/schloss-tirol_2013_DER-GRIFF-NACH-DER-KRONE-1-1.jpg\" \/>\n\t<meta property=\"og:image:width\" content=\"1030\" \/>\n\t<meta property=\"og:image:height\" content=\"687\" \/>\n\t<meta property=\"og:image:type\" content=\"image\/jpeg\" \/>\n<meta name=\"twitter:card\" content=\"summary_large_image\" \/>\n<meta name=\"twitter:label1\" content=\"Tempo di lettura stimato\" \/>\n\t<meta name=\"twitter:data1\" content=\"17 minuti\" \/>\n<script type=\"application\/ld+json\" class=\"yoast-schema-graph\">{\"@context\":\"https:\\\/\\\/schema.org\",\"@graph\":[{\"@type\":\"WebPage\",\"@id\":\"https:\\\/\\\/www.schlosstirol.it\\\/it\\\/museo-provinciale-alto-adige\\\/mostre-2013\\\/\",\"url\":\"https:\\\/\\\/www.schlosstirol.it\\\/it\\\/museo-provinciale-alto-adige\\\/mostre-2013\\\/\",\"name\":\"Mostre 2013 - Castel Tirolo - Museo storico-culturale (BZ)\",\"isPartOf\":{\"@id\":\"https:\\\/\\\/www.schlosstirol.it\\\/it\\\/#website\"},\"primaryImageOfPage\":{\"@id\":\"https:\\\/\\\/www.schlosstirol.it\\\/it\\\/museo-provinciale-alto-adige\\\/mostre-2013\\\/#primaryimage\"},\"image\":{\"@id\":\"https:\\\/\\\/www.schlosstirol.it\\\/it\\\/museo-provinciale-alto-adige\\\/mostre-2013\\\/#primaryimage\"},\"thumbnailUrl\":\"https:\\\/\\\/www.schlosstirol.it\\\/wp-content\\\/uploads\\\/2018\\\/03\\\/schloss-tirol_2013_DER-GRIFF-NACH-DER-KRONE-1-1.jpg\",\"datePublished\":\"2018-03-07T14:19:29+00:00\",\"dateModified\":\"2018-10-09T12:11:48+00:00\",\"description\":\"Castel Tirolo Mostre 2013\",\"breadcrumb\":{\"@id\":\"https:\\\/\\\/www.schlosstirol.it\\\/it\\\/museo-provinciale-alto-adige\\\/mostre-2013\\\/#breadcrumb\"},\"inLanguage\":\"it-IT\",\"potentialAction\":[{\"@type\":\"ReadAction\",\"target\":[\"https:\\\/\\\/www.schlosstirol.it\\\/it\\\/museo-provinciale-alto-adige\\\/mostre-2013\\\/\"]}]},{\"@type\":\"ImageObject\",\"inLanguage\":\"it-IT\",\"@id\":\"https:\\\/\\\/www.schlosstirol.it\\\/it\\\/museo-provinciale-alto-adige\\\/mostre-2013\\\/#primaryimage\",\"url\":\"https:\\\/\\\/www.schlosstirol.it\\\/wp-content\\\/uploads\\\/2018\\\/03\\\/schloss-tirol_2013_DER-GRIFF-NACH-DER-KRONE-1-1.jpg\",\"contentUrl\":\"https:\\\/\\\/www.schlosstirol.it\\\/wp-content\\\/uploads\\\/2018\\\/03\\\/schloss-tirol_2013_DER-GRIFF-NACH-DER-KRONE-1-1.jpg\",\"width\":1030,\"height\":687,\"caption\":\"Mostre 2013\"},{\"@type\":\"BreadcrumbList\",\"@id\":\"https:\\\/\\\/www.schlosstirol.it\\\/it\\\/museo-provinciale-alto-adige\\\/mostre-2013\\\/#breadcrumb\",\"itemListElement\":[{\"@type\":\"ListItem\",\"position\":1,\"name\":\"Startseite\",\"item\":\"https:\\\/\\\/www.schlosstirol.it\\\/it\\\/castel-tirolo\\\/\"},{\"@type\":\"ListItem\",\"position\":2,\"name\":\"Mostre 2013\"}]},{\"@type\":\"WebSite\",\"@id\":\"https:\\\/\\\/www.schlosstirol.it\\\/it\\\/#website\",\"url\":\"https:\\\/\\\/www.schlosstirol.it\\\/it\\\/\",\"name\":\"Castel Tirolo - Museo storico-culturale (BZ)\",\"description\":\"Museo storico-culturale della Provincia di Bolzano\",\"publisher\":{\"@id\":\"https:\\\/\\\/www.schlosstirol.it\\\/it\\\/#organization\"},\"potentialAction\":[{\"@type\":\"SearchAction\",\"target\":{\"@type\":\"EntryPoint\",\"urlTemplate\":\"https:\\\/\\\/www.schlosstirol.it\\\/it\\\/?s={search_term_string}\"},\"query-input\":{\"@type\":\"PropertyValueSpecification\",\"valueRequired\":true,\"valueName\":\"search_term_string\"}}],\"inLanguage\":\"it-IT\"},{\"@type\":\"Organization\",\"@id\":\"https:\\\/\\\/www.schlosstirol.it\\\/it\\\/#organization\",\"name\":\"Castel Tirolo\",\"url\":\"https:\\\/\\\/www.schlosstirol.it\\\/it\\\/\",\"logo\":{\"@type\":\"ImageObject\",\"inLanguage\":\"it-IT\",\"@id\":\"https:\\\/\\\/www.schlosstirol.it\\\/it\\\/#\\\/schema\\\/logo\\\/image\\\/\",\"url\":\"https:\\\/\\\/www.schlosstirol.it\\\/wp-content\\\/uploads\\\/2018\\\/09\\\/schloss-tirol_logo-impressum.png\",\"contentUrl\":\"https:\\\/\\\/www.schlosstirol.it\\\/wp-content\\\/uploads\\\/2018\\\/09\\\/schloss-tirol_logo-impressum.png\",\"width\":1030,\"height\":687,\"caption\":\"Castel Tirolo\"},\"image\":{\"@id\":\"https:\\\/\\\/www.schlosstirol.it\\\/it\\\/#\\\/schema\\\/logo\\\/image\\\/\"},\"sameAs\":[\"https:\\\/\\\/www.facebook.com\\\/schlosstirol.casteltirolo\"]}]}<\/script>\n<!-- \/ Yoast SEO plugin. -->","yoast_head_json":{"title":"Mostre 2013 - Castel Tirolo - Museo storico-culturale (BZ)","description":"Castel Tirolo Mostre 2013","robots":{"index":"index","follow":"follow","max-snippet":"max-snippet:-1","max-image-preview":"max-image-preview:large","max-video-preview":"max-video-preview:-1"},"canonical":"https:\/\/www.schlosstirol.it\/it\/museo-provinciale-alto-adige\/mostre-2013\/","og_locale":"it_IT","og_type":"article","og_title":"Mostre 2013 - Castel Tirolo - Museo storico-culturale (BZ)","og_description":"Castel Tirolo Mostre 2013","og_url":"https:\/\/www.schlosstirol.it\/it\/museo-provinciale-alto-adige\/mostre-2013\/","og_site_name":"Castel Tirolo - Museo storico-culturale (BZ)","article_publisher":"https:\/\/www.facebook.com\/schlosstirol.casteltirolo","article_modified_time":"2018-10-09T12:11:48+00:00","og_image":[{"width":1030,"height":687,"url":"https:\/\/www.schlosstirol.it\/wp-content\/uploads\/2018\/03\/schloss-tirol_2013_DER-GRIFF-NACH-DER-KRONE-1-1.jpg","type":"image\/jpeg"}],"twitter_card":"summary_large_image","twitter_misc":{"Tempo di lettura stimato":"17 minuti"},"schema":{"@context":"https:\/\/schema.org","@graph":[{"@type":"WebPage","@id":"https:\/\/www.schlosstirol.it\/it\/museo-provinciale-alto-adige\/mostre-2013\/","url":"https:\/\/www.schlosstirol.it\/it\/museo-provinciale-alto-adige\/mostre-2013\/","name":"Mostre 2013 - Castel Tirolo - Museo storico-culturale (BZ)","isPartOf":{"@id":"https:\/\/www.schlosstirol.it\/it\/#website"},"primaryImageOfPage":{"@id":"https:\/\/www.schlosstirol.it\/it\/museo-provinciale-alto-adige\/mostre-2013\/#primaryimage"},"image":{"@id":"https:\/\/www.schlosstirol.it\/it\/museo-provinciale-alto-adige\/mostre-2013\/#primaryimage"},"thumbnailUrl":"https:\/\/www.schlosstirol.it\/wp-content\/uploads\/2018\/03\/schloss-tirol_2013_DER-GRIFF-NACH-DER-KRONE-1-1.jpg","datePublished":"2018-03-07T14:19:29+00:00","dateModified":"2018-10-09T12:11:48+00:00","description":"Castel Tirolo Mostre 2013","breadcrumb":{"@id":"https:\/\/www.schlosstirol.it\/it\/museo-provinciale-alto-adige\/mostre-2013\/#breadcrumb"},"inLanguage":"it-IT","potentialAction":[{"@type":"ReadAction","target":["https:\/\/www.schlosstirol.it\/it\/museo-provinciale-alto-adige\/mostre-2013\/"]}]},{"@type":"ImageObject","inLanguage":"it-IT","@id":"https:\/\/www.schlosstirol.it\/it\/museo-provinciale-alto-adige\/mostre-2013\/#primaryimage","url":"https:\/\/www.schlosstirol.it\/wp-content\/uploads\/2018\/03\/schloss-tirol_2013_DER-GRIFF-NACH-DER-KRONE-1-1.jpg","contentUrl":"https:\/\/www.schlosstirol.it\/wp-content\/uploads\/2018\/03\/schloss-tirol_2013_DER-GRIFF-NACH-DER-KRONE-1-1.jpg","width":1030,"height":687,"caption":"Mostre 2013"},{"@type":"BreadcrumbList","@id":"https:\/\/www.schlosstirol.it\/it\/museo-provinciale-alto-adige\/mostre-2013\/#breadcrumb","itemListElement":[{"@type":"ListItem","position":1,"name":"Startseite","item":"https:\/\/www.schlosstirol.it\/it\/castel-tirolo\/"},{"@type":"ListItem","position":2,"name":"Mostre 2013"}]},{"@type":"WebSite","@id":"https:\/\/www.schlosstirol.it\/it\/#website","url":"https:\/\/www.schlosstirol.it\/it\/","name":"Castel Tirolo - Museo storico-culturale (BZ)","description":"Museo storico-culturale della Provincia di Bolzano","publisher":{"@id":"https:\/\/www.schlosstirol.it\/it\/#organization"},"potentialAction":[{"@type":"SearchAction","target":{"@type":"EntryPoint","urlTemplate":"https:\/\/www.schlosstirol.it\/it\/?s={search_term_string}"},"query-input":{"@type":"PropertyValueSpecification","valueRequired":true,"valueName":"search_term_string"}}],"inLanguage":"it-IT"},{"@type":"Organization","@id":"https:\/\/www.schlosstirol.it\/it\/#organization","name":"Castel Tirolo","url":"https:\/\/www.schlosstirol.it\/it\/","logo":{"@type":"ImageObject","inLanguage":"it-IT","@id":"https:\/\/www.schlosstirol.it\/it\/#\/schema\/logo\/image\/","url":"https:\/\/www.schlosstirol.it\/wp-content\/uploads\/2018\/09\/schloss-tirol_logo-impressum.png","contentUrl":"https:\/\/www.schlosstirol.it\/wp-content\/uploads\/2018\/09\/schloss-tirol_logo-impressum.png","width":1030,"height":687,"caption":"Castel Tirolo"},"image":{"@id":"https:\/\/www.schlosstirol.it\/it\/#\/schema\/logo\/image\/"},"sameAs":["https:\/\/www.facebook.com\/schlosstirol.casteltirolo"]}]}},"_links":{"self":[{"href":"https:\/\/www.schlosstirol.it\/it\/wp-json\/wp\/v2\/portfolio\/2458","targetHints":{"allow":["GET"]}}],"collection":[{"href":"https:\/\/www.schlosstirol.it\/it\/wp-json\/wp\/v2\/portfolio"}],"about":[{"href":"https:\/\/www.schlosstirol.it\/it\/wp-json\/wp\/v2\/types\/portfolio"}],"author":[{"embeddable":true,"href":"https:\/\/www.schlosstirol.it\/it\/wp-json\/wp\/v2\/users\/1"}],"replies":[{"embeddable":true,"href":"https:\/\/www.schlosstirol.it\/it\/wp-json\/wp\/v2\/comments?post=2458"}],"version-history":[{"count":0,"href":"https:\/\/www.schlosstirol.it\/it\/wp-json\/wp\/v2\/portfolio\/2458\/revisions"}],"wp:featuredmedia":[{"embeddable":true,"href":"https:\/\/www.schlosstirol.it\/it\/wp-json\/wp\/v2\/media\/2679"}],"wp:attachment":[{"href":"https:\/\/www.schlosstirol.it\/it\/wp-json\/wp\/v2\/media?parent=2458"}],"wp:term":[{"taxonomy":"post_tag","embeddable":true,"href":"https:\/\/www.schlosstirol.it\/it\/wp-json\/wp\/v2\/tags?post=2458"},{"taxonomy":"portfolio_entries","embeddable":true,"href":"https:\/\/www.schlosstirol.it\/it\/wp-json\/wp\/v2\/portfolio_entries?post=2458"}],"curies":[{"name":"wp","href":"https:\/\/api.w.org\/{rel}","templated":true}]}}