{"id":2459,"date":"2018-03-07T15:29:42","date_gmt":"2018-03-07T14:29:42","guid":{"rendered":"http:\/\/andale.info\/schloss2\/?post_type=portfolio&#038;p=2459"},"modified":"2018-10-09T12:03:15","modified_gmt":"2018-10-09T10:03:15","slug":"mostre-2014","status":"publish","type":"portfolio","link":"https:\/\/www.schlosstirol.it\/it\/museo-provinciale-alto-adige\/mostre-2014\/","title":{"rendered":"Mostre 2014"},"content":{"rendered":"<div id='full_slider_1'  class='avia-fullwidth-slider main_color avia-shadow   avia-builder-el-0  el_before_av_section  avia-builder-el-first   container_wrap fullsize'  >\n<style type=\"text\/css\" data-created_by=\"avia_inline_auto\" id=\"style-css-av-oncwpc-3e8c5c634ed41f783b4c4374a70809b6\">\n#top #wrap_all .avia-slideshow .av-slideshow-caption.av-oncwpc-3e8c5c634ed41f783b4c4374a70809b6__0 .avia-caption-title{\nfont-size:50px;\n}\n<\/style>\n<div  class='avia-slideshow av-oncwpc-3e8c5c634ed41f783b4c4374a70809b6 avia-slideshow-featured_large av_slideshow_full avia-fade-slider av-slideshow-ui av-control-hidden av-no-slider-navigation av-hide-nav-arrows av-slideshow-autoplay av-loop-endless av-loop-manual-endless av-default-height-applied   avia-slideshow-1' data-slideshow-options=\"{&quot;animation&quot;:&quot;fade&quot;,&quot;autoplay&quot;:true,&quot;loop_autoplay&quot;:&quot;endless&quot;,&quot;interval&quot;:5,&quot;loop_manual&quot;:&quot;manual-endless&quot;,&quot;autoplay_stopper&quot;:false,&quot;noNavigation&quot;:true,&quot;bg_slider&quot;:false,&quot;keep_padding&quot;:false,&quot;hoverpause&quot;:false,&quot;show_slide_delay&quot;:0}\"  itemprop=\"image\" itemscope=\"itemscope\" itemtype=\"https:\/\/schema.org\/ImageObject\" ><ul class='avia-slideshow-inner ' style='padding-bottom: 42%;'><li  class='avia-slideshow-slide av-oncwpc-3e8c5c634ed41f783b4c4374a70809b6__0  av-single-slide slide-1 slide-odd'><a href=\"#kuehn\"  data-rel='slideshow-1' class='avia-slide-wrap '   ><div class='av-slideshow-caption av-oncwpc-3e8c5c634ed41f783b4c4374a70809b6__0 caption_fullwidth caption_left'><div class=\"container caption_container\"><div class=\"slideshow_caption\"><div class=\"slideshow_inner_caption\"><div class=\"slideshow_align_caption\"><h2 class='avia-caption-title '  itemprop=\"name\" >Ausstellungen 2014<\/h2><\/div><\/div><\/div><\/div><\/div><img decoding=\"async\" fetchpriority=\"high\" class=\"wp-image-1651 avia-img-lazy-loading-not-1651\"  src=\"https:\/\/www.schlosstirol.it\/wp-content\/uploads\/2018\/03\/schloss-tirol_2014_MUSIL-3-titel.jpg\" width=\"1500\" height=\"630\" title='' alt=''  itemprop=\"thumbnailUrl\"  style='min-height:300px; min-width:715px; ' srcset=\"https:\/\/www.schlosstirol.it\/wp-content\/uploads\/2018\/03\/schloss-tirol_2014_MUSIL-3-titel.jpg 1500w, https:\/\/www.schlosstirol.it\/wp-content\/uploads\/2018\/03\/schloss-tirol_2014_MUSIL-3-titel-300x126.jpg 300w, https:\/\/www.schlosstirol.it\/wp-content\/uploads\/2018\/03\/schloss-tirol_2014_MUSIL-3-titel-768x323.jpg 768w, https:\/\/www.schlosstirol.it\/wp-content\/uploads\/2018\/03\/schloss-tirol_2014_MUSIL-3-titel-1030x433.jpg 1030w, https:\/\/www.schlosstirol.it\/wp-content\/uploads\/2018\/03\/schloss-tirol_2014_MUSIL-3-titel-705x296.jpg 705w, https:\/\/www.schlosstirol.it\/wp-content\/uploads\/2018\/03\/schloss-tirol_2014_MUSIL-3-titel-450x189.jpg 450w\" sizes=\"(max-width: 1500px) 100vw, 1500px\" \/><\/a><\/li><\/ul><\/div><\/div>\n<div id='kuehn'  class='avia-section av-k1s9dc-8baf457c4a252f72e53b173ae84e56b5 main_color avia-section-default avia-no-border-styling  avia-builder-el-1  el_after_av_slideshow_full  el_before_av_section  avia-bg-style-scroll container_wrap fullsize'  ><div class='container av-section-cont-open' ><div class='template-page content  av-content-full alpha units'><div class='post-entry post-entry-type-page post-entry-2459'><div class='entry-content-wrapper clearfix'>\n\n<style type=\"text\/css\" data-created_by=\"avia_inline_auto\" id=\"style-css-av-jo92sg-ba08f4943817d0a535b6b97e40466056\">\n.flex_column.av-jo92sg-ba08f4943817d0a535b6b97e40466056{\nborder-radius:0px 0px 0px 0px;\npadding:0px 0px 0px 0px;\n}\n<\/style>\n<div  class='flex_column av-jo92sg-ba08f4943817d0a535b6b97e40466056 av_one_third  avia-builder-el-2  el_before_av_two_third  avia-builder-el-first  first flex_column_div av-zero-column-padding  '     ><style type=\"text\/css\" data-created_by=\"avia_inline_auto\" id=\"style-css-av-hv4wcw-bb2b6a167d464ef8e5480d2932c56fcf\">\n#top .avia-gallery.av-hv4wcw-bb2b6a167d464ef8e5480d2932c56fcf .avia-gallery-thumb a{\nwidth:100%;\n}\n<\/style>\n<div  class='avia-gallery av-hv4wcw-bb2b6a167d464ef8e5480d2932c56fcf avia_animate_when_visible  avia-builder-el-3  avia-builder-el-no-sibling  deactivate_avia_lazyload avia-gallery-animate avia-gallery-1'  itemprop=\"image\" itemscope=\"itemscope\" itemtype=\"https:\/\/schema.org\/ImageObject\" ><meta itemprop=\"contentURL\" content=\"https:\/\/www.schlosstirol.it\/it\/museo-provinciale-alto-adige\/mostre-2014\/\"><div class='avia-gallery-thumb'><a href=\"https:\/\/www.schlosstirol.it\/wp-content\/uploads\/2018\/03\/schloss-tirol_2014_KUEHN-1-1030x687.jpg\" data-srcset=\"https:\/\/www.schlosstirol.it\/wp-content\/uploads\/2018\/03\/schloss-tirol_2014_KUEHN-1.jpg 1030w, https:\/\/www.schlosstirol.it\/wp-content\/uploads\/2018\/03\/schloss-tirol_2014_KUEHN-1-300x200.jpg 300w, https:\/\/www.schlosstirol.it\/wp-content\/uploads\/2018\/03\/schloss-tirol_2014_KUEHN-1-768x512.jpg 768w, https:\/\/www.schlosstirol.it\/wp-content\/uploads\/2018\/03\/schloss-tirol_2014_KUEHN-1-705x470.jpg 705w, https:\/\/www.schlosstirol.it\/wp-content\/uploads\/2018\/03\/schloss-tirol_2014_KUEHN-1-450x300.jpg 450w\" data-sizes=\"(max-width: 1030px) 100vw, 1030px\" data-rel='gallery-1' data-prev-img='https:\/\/www.schlosstirol.it\/wp-content\/uploads\/2018\/03\/schloss-tirol_2014_KUEHN-1.jpg' class='first_thumb lightbox ' data-onclick='1' title=''  itemprop=\"thumbnailUrl\"  ><img decoding=\"async\" fetchpriority=\"high\" class=\"wp-image-1654 avia-img-lazy-loading-not-1654\"   src=\"https:\/\/www.schlosstirol.it\/wp-content\/uploads\/2018\/03\/schloss-tirol_2014_KUEHN-1-495x400.jpg\" width=\"495\" height=\"400\"  title='' alt='' srcset=\"https:\/\/www.schlosstirol.it\/wp-content\/uploads\/2018\/03\/schloss-tirol_2014_KUEHN-1-495x400.jpg 495w, https:\/\/www.schlosstirol.it\/wp-content\/uploads\/2018\/03\/schloss-tirol_2014_KUEHN-1-845x684.jpg 845w\" sizes=\"(max-width: 495px) 100vw, 495px\" \/><div class='big-prev-fake'><img decoding=\"async\" loading=\"lazy\" class=\"wp-image-1654 avia-img-lazy-loading-1654\"  width=\"1030\" height=\"687\" src=\"https:\/\/www.schlosstirol.it\/wp-content\/uploads\/2018\/03\/schloss-tirol_2014_KUEHN-1.jpg\" title='' alt='' srcset=\"https:\/\/www.schlosstirol.it\/wp-content\/uploads\/2018\/03\/schloss-tirol_2014_KUEHN-1.jpg 1030w, https:\/\/www.schlosstirol.it\/wp-content\/uploads\/2018\/03\/schloss-tirol_2014_KUEHN-1-300x200.jpg 300w, https:\/\/www.schlosstirol.it\/wp-content\/uploads\/2018\/03\/schloss-tirol_2014_KUEHN-1-768x512.jpg 768w, https:\/\/www.schlosstirol.it\/wp-content\/uploads\/2018\/03\/schloss-tirol_2014_KUEHN-1-705x470.jpg 705w, https:\/\/www.schlosstirol.it\/wp-content\/uploads\/2018\/03\/schloss-tirol_2014_KUEHN-1-450x300.jpg 450w\" sizes=\"auto, (max-width: 1030px) 100vw, 1030px\" \/><\/div><\/a><a href=\"https:\/\/www.schlosstirol.it\/wp-content\/uploads\/2018\/03\/schloss-tirol_2014_KUEHN-3-1030x687.jpg\" data-srcset=\"https:\/\/www.schlosstirol.it\/wp-content\/uploads\/2018\/03\/schloss-tirol_2014_KUEHN-3.jpg 1030w, https:\/\/www.schlosstirol.it\/wp-content\/uploads\/2018\/03\/schloss-tirol_2014_KUEHN-3-300x200.jpg 300w, https:\/\/www.schlosstirol.it\/wp-content\/uploads\/2018\/03\/schloss-tirol_2014_KUEHN-3-768x512.jpg 768w, https:\/\/www.schlosstirol.it\/wp-content\/uploads\/2018\/03\/schloss-tirol_2014_KUEHN-3-705x470.jpg 705w, https:\/\/www.schlosstirol.it\/wp-content\/uploads\/2018\/03\/schloss-tirol_2014_KUEHN-3-450x300.jpg 450w\" data-sizes=\"(max-width: 1030px) 100vw, 1030px\" data-rel='gallery-1' data-prev-img='https:\/\/www.schlosstirol.it\/wp-content\/uploads\/2018\/03\/schloss-tirol_2014_KUEHN-3.jpg' class='first_thumb lightbox ' data-onclick='2' title=''  itemprop=\"thumbnailUrl\"  ><img decoding=\"async\" fetchpriority=\"high\" class=\"wp-image-1660 avia-img-lazy-loading-not-1660\"   src=\"https:\/\/www.schlosstirol.it\/wp-content\/uploads\/2018\/03\/schloss-tirol_2014_KUEHN-3-495x400.jpg\" width=\"495\" height=\"400\"  title='' alt='' srcset=\"https:\/\/www.schlosstirol.it\/wp-content\/uploads\/2018\/03\/schloss-tirol_2014_KUEHN-3-495x400.jpg 495w, https:\/\/www.schlosstirol.it\/wp-content\/uploads\/2018\/03\/schloss-tirol_2014_KUEHN-3-845x684.jpg 845w\" sizes=\"(max-width: 495px) 100vw, 495px\" \/><div class='big-prev-fake'><img decoding=\"async\" loading=\"lazy\" class=\"wp-image-1660 avia-img-lazy-loading-1660\"  width=\"1030\" height=\"687\" src=\"https:\/\/www.schlosstirol.it\/wp-content\/uploads\/2018\/03\/schloss-tirol_2014_KUEHN-3.jpg\" title='' alt='' srcset=\"https:\/\/www.schlosstirol.it\/wp-content\/uploads\/2018\/03\/schloss-tirol_2014_KUEHN-3.jpg 1030w, https:\/\/www.schlosstirol.it\/wp-content\/uploads\/2018\/03\/schloss-tirol_2014_KUEHN-3-300x200.jpg 300w, https:\/\/www.schlosstirol.it\/wp-content\/uploads\/2018\/03\/schloss-tirol_2014_KUEHN-3-768x512.jpg 768w, https:\/\/www.schlosstirol.it\/wp-content\/uploads\/2018\/03\/schloss-tirol_2014_KUEHN-3-705x470.jpg 705w, https:\/\/www.schlosstirol.it\/wp-content\/uploads\/2018\/03\/schloss-tirol_2014_KUEHN-3-450x300.jpg 450w\" sizes=\"auto, (max-width: 1030px) 100vw, 1030px\" \/><\/div><\/a><a href=\"https:\/\/www.schlosstirol.it\/wp-content\/uploads\/2018\/03\/schloss-tirol_2014_KUEHN-4-1030x687.jpg\" data-srcset=\"https:\/\/www.schlosstirol.it\/wp-content\/uploads\/2018\/03\/schloss-tirol_2014_KUEHN-4.jpg 1030w, https:\/\/www.schlosstirol.it\/wp-content\/uploads\/2018\/03\/schloss-tirol_2014_KUEHN-4-300x200.jpg 300w, https:\/\/www.schlosstirol.it\/wp-content\/uploads\/2018\/03\/schloss-tirol_2014_KUEHN-4-768x512.jpg 768w, https:\/\/www.schlosstirol.it\/wp-content\/uploads\/2018\/03\/schloss-tirol_2014_KUEHN-4-705x470.jpg 705w, https:\/\/www.schlosstirol.it\/wp-content\/uploads\/2018\/03\/schloss-tirol_2014_KUEHN-4-450x300.jpg 450w\" data-sizes=\"(max-width: 1030px) 100vw, 1030px\" data-rel='gallery-1' data-prev-img='https:\/\/www.schlosstirol.it\/wp-content\/uploads\/2018\/03\/schloss-tirol_2014_KUEHN-4.jpg' class='first_thumb lightbox ' data-onclick='3' title=''  itemprop=\"thumbnailUrl\"  ><img decoding=\"async\" fetchpriority=\"high\" class=\"wp-image-1663 avia-img-lazy-loading-not-1663\"   src=\"https:\/\/www.schlosstirol.it\/wp-content\/uploads\/2018\/03\/schloss-tirol_2014_KUEHN-4-495x400.jpg\" width=\"495\" height=\"400\"  title='' alt='' srcset=\"https:\/\/www.schlosstirol.it\/wp-content\/uploads\/2018\/03\/schloss-tirol_2014_KUEHN-4-495x400.jpg 495w, https:\/\/www.schlosstirol.it\/wp-content\/uploads\/2018\/03\/schloss-tirol_2014_KUEHN-4-845x684.jpg 845w\" sizes=\"(max-width: 495px) 100vw, 495px\" \/><div class='big-prev-fake'><img decoding=\"async\" loading=\"lazy\" class=\"wp-image-1663 avia-img-lazy-loading-1663\"  width=\"1030\" height=\"687\" src=\"https:\/\/www.schlosstirol.it\/wp-content\/uploads\/2018\/03\/schloss-tirol_2014_KUEHN-4.jpg\" title='' alt='' srcset=\"https:\/\/www.schlosstirol.it\/wp-content\/uploads\/2018\/03\/schloss-tirol_2014_KUEHN-4.jpg 1030w, https:\/\/www.schlosstirol.it\/wp-content\/uploads\/2018\/03\/schloss-tirol_2014_KUEHN-4-300x200.jpg 300w, https:\/\/www.schlosstirol.it\/wp-content\/uploads\/2018\/03\/schloss-tirol_2014_KUEHN-4-768x512.jpg 768w, https:\/\/www.schlosstirol.it\/wp-content\/uploads\/2018\/03\/schloss-tirol_2014_KUEHN-4-705x470.jpg 705w, https:\/\/www.schlosstirol.it\/wp-content\/uploads\/2018\/03\/schloss-tirol_2014_KUEHN-4-450x300.jpg 450w\" sizes=\"auto, (max-width: 1030px) 100vw, 1030px\" \/><\/div><\/a><a href=\"https:\/\/www.schlosstirol.it\/wp-content\/uploads\/2018\/03\/schloss-tirol_2014_KUEHN-2-1030x687.jpg\" data-srcset=\"https:\/\/www.schlosstirol.it\/wp-content\/uploads\/2018\/03\/schloss-tirol_2014_KUEHN-2.jpg 1030w, https:\/\/www.schlosstirol.it\/wp-content\/uploads\/2018\/03\/schloss-tirol_2014_KUEHN-2-300x200.jpg 300w, https:\/\/www.schlosstirol.it\/wp-content\/uploads\/2018\/03\/schloss-tirol_2014_KUEHN-2-768x512.jpg 768w, https:\/\/www.schlosstirol.it\/wp-content\/uploads\/2018\/03\/schloss-tirol_2014_KUEHN-2-705x470.jpg 705w, https:\/\/www.schlosstirol.it\/wp-content\/uploads\/2018\/03\/schloss-tirol_2014_KUEHN-2-450x300.jpg 450w\" data-sizes=\"(max-width: 1030px) 100vw, 1030px\" data-rel='gallery-1' data-prev-img='https:\/\/www.schlosstirol.it\/wp-content\/uploads\/2018\/03\/schloss-tirol_2014_KUEHN-2.jpg' class='first_thumb lightbox ' data-onclick='4' title=''  itemprop=\"thumbnailUrl\"  ><img decoding=\"async\" fetchpriority=\"high\" class=\"wp-image-1657 avia-img-lazy-loading-not-1657\"   src=\"https:\/\/www.schlosstirol.it\/wp-content\/uploads\/2018\/03\/schloss-tirol_2014_KUEHN-2-495x400.jpg\" width=\"495\" height=\"400\"  title='' alt='' srcset=\"https:\/\/www.schlosstirol.it\/wp-content\/uploads\/2018\/03\/schloss-tirol_2014_KUEHN-2-495x400.jpg 495w, https:\/\/www.schlosstirol.it\/wp-content\/uploads\/2018\/03\/schloss-tirol_2014_KUEHN-2-845x684.jpg 845w\" sizes=\"(max-width: 495px) 100vw, 495px\" \/><div class='big-prev-fake'><img decoding=\"async\" loading=\"lazy\" class=\"wp-image-1657 avia-img-lazy-loading-1657\"  width=\"1030\" height=\"687\" src=\"https:\/\/www.schlosstirol.it\/wp-content\/uploads\/2018\/03\/schloss-tirol_2014_KUEHN-2.jpg\" title='' alt='' srcset=\"https:\/\/www.schlosstirol.it\/wp-content\/uploads\/2018\/03\/schloss-tirol_2014_KUEHN-2.jpg 1030w, https:\/\/www.schlosstirol.it\/wp-content\/uploads\/2018\/03\/schloss-tirol_2014_KUEHN-2-300x200.jpg 300w, https:\/\/www.schlosstirol.it\/wp-content\/uploads\/2018\/03\/schloss-tirol_2014_KUEHN-2-768x512.jpg 768w, https:\/\/www.schlosstirol.it\/wp-content\/uploads\/2018\/03\/schloss-tirol_2014_KUEHN-2-705x470.jpg 705w, https:\/\/www.schlosstirol.it\/wp-content\/uploads\/2018\/03\/schloss-tirol_2014_KUEHN-2-450x300.jpg 450w\" sizes=\"auto, (max-width: 1030px) 100vw, 1030px\" \/><\/div><\/a><\/div><\/div><\/div>\n<style type=\"text\/css\" data-created_by=\"avia_inline_auto\" id=\"style-css-av-fhkwq8-53dcadadcc4b3308d3ab4c847a097114\">\n.flex_column.av-fhkwq8-53dcadadcc4b3308d3ab4c847a097114{\nborder-radius:0px 0px 0px 0px;\npadding:30px 0 30px 0;\n}\n<\/style>\n<div  class='flex_column av-fhkwq8-53dcadadcc4b3308d3ab4c847a097114 av_two_third  avia-builder-el-4  el_after_av_one_third  avia-builder-el-last  flex_column_div  '     ><p>\n<style type=\"text\/css\" data-created_by=\"avia_inline_auto\" id=\"style-css-av-jn1k2ub2-8bf161a4c50a706183cf4e65c9124c53\">\n#top .av-special-heading.av-jn1k2ub2-8bf161a4c50a706183cf4e65c9124c53{\npadding-bottom:20px;\n}\nbody .av-special-heading.av-jn1k2ub2-8bf161a4c50a706183cf4e65c9124c53 .av-special-heading-tag .heading-char{\nfont-size:25px;\n}\n.av-special-heading.av-jn1k2ub2-8bf161a4c50a706183cf4e65c9124c53 .av-subheading{\nfont-size:21px;\n}\n<\/style>\n<div  class='av-special-heading av-jn1k2ub2-8bf161a4c50a706183cf4e65c9124c53 av-special-heading-h2 blockquote modern-quote  avia-builder-el-5  el_before_av_textblock  avia-builder-el-first '><h2 class='av-special-heading-tag '  itemprop=\"headline\"  >Il fragile paradiso. Heinrich K\u00fchn e la prima Fotografia a colori.<\/h2><div class='av-subheading av-subheading_below'><p>31.05.2014 \u2013 26.11.2014<\/p>\n<\/div><div class=\"special-heading-border\"><div class=\"special-heading-inner-border\"><\/div><\/div><\/div><br \/>\n<section  class='av_textblock_section av-c7apz4-f4e5e884fa983e66cc9d95ea771ea81e '   itemscope=\"itemscope\" itemtype=\"https:\/\/schema.org\/CreativeWork\" ><div class='avia_textblock'  itemprop=\"text\" ><p>Fu Heinrich K\u00fchn di Dresda (1866\u20131944) a portare la Fotografia a colori in Tirolo e a sperimentarla proprio qui, tra il 1907 e il 1914. K\u00fchn studi\u00f2 inizialmente Scienze Naturali e Medicina a Lipsia, Berlino e Friburgo. Per motivi di salute gli fu consigliato di trasferirsi a Innsbruck, dove continu\u00f2 la sua formazione medica che per\u00f2 ben presto interruppe. Pot\u00e9 coltivare il suo interesse per la Fotografia grazie al sostegno economico paterno. Nel 1904 a Vienna entr\u00f2 in contatto con Hans Watzek e Hugo Henneberg, che stavano sperimentando la stampa in offset. A Berlino K\u00fchn mostr\u00f2 i suoi lavori alla Internationale Ausstellung f\u00fcr Amateur-Photographie (Esposizione Internazionale di Fotografia Amatoriale), dove suscit\u00f2 un grande clamore. Egli svilupp\u00f2 un particolare approccio alla Fotografia, lavorando sulla ripresa dell\u2019inquadratura e sulle delicate sfumature delle tonalit\u00e0 dal chiaro allo scuro. La sua arte fu oggetto di diverse mostre a Dresda, Berlino, Vienna, Roma e negli Stati Uniti.<\/p>\n<p>Grazie ad Alfred Stieglitz nel 1907 K\u00fchn conobbe l\u2019Autocromia, un procedimento fotografico sviluppato a Parigi dai fratelli Lumi\u00e8re, con cui era possibile produrre un positivo a colori con un unico scatto. I primi esperimenti furono effettuati a Tutzing dal pittorialista Stieglitz insieme a Edward Steichen, Frank Eugene e, appunto, Heinrich K\u00fchn e ancora nello stesso anno Stieglitz espose i risultati in una mostra a New York: l\u2019effetto che le lastre di vetro riproducevano si avvicinava molto alle opere puntiniste.<\/p>\n<p>Proprio negli anni che precedettero lo scoppio della Prima guerra mondiale, Heinrich K\u00fchn era in Tirolo a immortalare motivi paesaggistici e ritratti. Frequenti sono i ritratti di bambini, non di rado i profili altrimenti perduti della propria famiglia. Cre\u00f2 opere basate sulla mera combinazione dei colori degli abiti, attingendo cos\u00ec ai principi della nuova Oggettivit\u00e0. La composizione esigeva motivi selezionati, minuziosi studi cromatici. Si parla di una riduzione all\u2019essenziale, di un complesso uso della luce, di un\u2019armoniosa sensibilit\u00e0 per le inquadrature, dove la sfocatura diventa un mezzo stilistico. K\u00fchn stesso defin\u00ec cos\u00ec la Fotografia: \u201cLa Fotografia \u00e8 una rappresentazione pittorica espressa in toni pieni che confluiscono l\u2019uno nell\u2019altro, che suscita o trasmette qualcosa attraverso gli effetti della luce\u201d. Interruppe quest\u2019attivit\u00e0 con l\u2019inizio della Prima guerra mondiale; negli anni successivi, infatti, K\u00fchn si allontan\u00f2 dalla Fotografia artistica e si avvicin\u00f2 alla scrittura. Scrisse libri e articoli scientifici, dedicandosi inoltre alla ricerca tecnica in campo fotografico.<\/p>\n<p>K\u00fchn pu\u00f2 davvero essere considerato il pioniere della Fotografia artistica a colori. La straordinaria importanza della sua Fotografia a colori \u00e8 riconosciuta a livello internazionale.<\/p>\n<p>La mostra offre la possibilit\u00e0, grazie a circa 40 lastre Autochrome e a riproduzioni cromaticamente fedeli, di ripercorrere gli inizi della Fotografia a colori in Tirolo. Un\u2019importante occasione per ammirare autocromie esposte per la prima volta in Alto Adige e resa possibile solo grazie alla stretta collaborazione con la \u00d6sterreichische Nationalbibliothek di Vienna, che conserva quasi due terzi delle autocromie di Heinrich K\u00fchn.<\/p>\n<p>Per l&#8217;occasione Markus Heltschl ha realizzato un film in tedesco col medesimo titolo e con sottotitoli in italiano.<\/p>\n<p>La realizzazione della mostra \u00e8 stata possibile grazie alla cooperazione della \u00d6sterreichische Nationalbibliothek, della Kulturstiftung des Bundes, della Ripartizione Cultura della Regione Tirolo e dell\u2019azienda Durst.<\/p>\n<\/div><\/section><\/p><\/div><\/div><\/div><\/div><!-- close content main div --><\/div><\/div><div id='musil'  class='avia-section av-a8fx9s-3c3c7df6e4010a93bf6d90f862ba39f4 main_color avia-section-default avia-no-border-styling  avia-builder-el-7  el_after_av_section  el_before_av_button_big  avia-bg-style-scroll container_wrap fullsize'  ><div class='container av-section-cont-open' ><div class='template-page content  av-content-full alpha units'><div class='post-entry post-entry-type-page post-entry-2459'><div class='entry-content-wrapper clearfix'>\n\n<style type=\"text\/css\" data-created_by=\"avia_inline_auto\" id=\"style-css-av-8mg38g-a59043e40f4bbecb35f58f3ddd8a8c48\">\n.flex_column.av-8mg38g-a59043e40f4bbecb35f58f3ddd8a8c48{\nborder-radius:0px 0px 0px 0px;\npadding:0px 0px 0px 0px;\n}\n<\/style>\n<div  class='flex_column av-8mg38g-a59043e40f4bbecb35f58f3ddd8a8c48 av_one_third  avia-builder-el-8  el_before_av_two_third  avia-builder-el-first  first flex_column_div av-zero-column-padding  '     ><style type=\"text\/css\" data-created_by=\"avia_inline_auto\" id=\"style-css-av-77jbao-123cec74d1a68f0ec6002a78fcc28878\">\n#top .avia-gallery.av-77jbao-123cec74d1a68f0ec6002a78fcc28878 .avia-gallery-thumb a{\nwidth:100%;\n}\n<\/style>\n<div  class='avia-gallery av-77jbao-123cec74d1a68f0ec6002a78fcc28878 avia_animate_when_visible  avia-builder-el-9  avia-builder-el-no-sibling  deactivate_avia_lazyload avia-gallery-animate avia-gallery-2'  itemprop=\"image\" itemscope=\"itemscope\" itemtype=\"https:\/\/schema.org\/ImageObject\" ><meta itemprop=\"contentURL\" content=\"https:\/\/www.schlosstirol.it\/it\/museo-provinciale-alto-adige\/mostre-2014\/\"><div class='avia-gallery-thumb'><a href=\"https:\/\/www.schlosstirol.it\/wp-content\/uploads\/2018\/03\/schloss-tirol_2014_MUSIL-1_-Literatur-Museum-Klagenfurt.jpg\" data-srcset=\"https:\/\/www.schlosstirol.it\/wp-content\/uploads\/2018\/03\/schloss-tirol_2014_MUSIL-1_-Literatur-Museum-Klagenfurt.jpg 616w, https:\/\/www.schlosstirol.it\/wp-content\/uploads\/2018\/03\/schloss-tirol_2014_MUSIL-1_-Literatur-Museum-Klagenfurt-231x300.jpg 231w, https:\/\/www.schlosstirol.it\/wp-content\/uploads\/2018\/03\/schloss-tirol_2014_MUSIL-1_-Literatur-Museum-Klagenfurt-543x705.jpg 543w, https:\/\/www.schlosstirol.it\/wp-content\/uploads\/2018\/03\/schloss-tirol_2014_MUSIL-1_-Literatur-Museum-Klagenfurt-450x584.jpg 450w\" data-sizes=\"(max-width: 616px) 100vw, 616px\" data-rel='gallery-2' data-prev-img='https:\/\/www.schlosstirol.it\/wp-content\/uploads\/2018\/03\/schloss-tirol_2014_MUSIL-1_-Literatur-Museum-Klagenfurt.jpg' class='first_thumb lightbox ' data-onclick='1' title=''  itemprop=\"thumbnailUrl\"  ><img decoding=\"async\" fetchpriority=\"high\" class=\"wp-image-1666 avia-img-lazy-loading-not-1666\"   src=\"https:\/\/www.schlosstirol.it\/wp-content\/uploads\/2018\/03\/schloss-tirol_2014_MUSIL-1_-Literatur-Museum-Klagenfurt-495x400.jpg\" width=\"495\" height=\"400\"  title='' alt='' \/><div class='big-prev-fake'><img decoding=\"async\" loading=\"lazy\" class=\"wp-image-1666 avia-img-lazy-loading-1666\"  width=\"616\" height=\"800\" src=\"https:\/\/www.schlosstirol.it\/wp-content\/uploads\/2018\/03\/schloss-tirol_2014_MUSIL-1_-Literatur-Museum-Klagenfurt.jpg\" title='' alt='' srcset=\"https:\/\/www.schlosstirol.it\/wp-content\/uploads\/2018\/03\/schloss-tirol_2014_MUSIL-1_-Literatur-Museum-Klagenfurt.jpg 616w, https:\/\/www.schlosstirol.it\/wp-content\/uploads\/2018\/03\/schloss-tirol_2014_MUSIL-1_-Literatur-Museum-Klagenfurt-231x300.jpg 231w, https:\/\/www.schlosstirol.it\/wp-content\/uploads\/2018\/03\/schloss-tirol_2014_MUSIL-1_-Literatur-Museum-Klagenfurt-543x705.jpg 543w, https:\/\/www.schlosstirol.it\/wp-content\/uploads\/2018\/03\/schloss-tirol_2014_MUSIL-1_-Literatur-Museum-Klagenfurt-450x584.jpg 450w\" sizes=\"auto, (max-width: 616px) 100vw, 616px\" \/><\/div><\/a><a href=\"https:\/\/www.schlosstirol.it\/wp-content\/uploads\/2018\/03\/schloss-tirol_2014_MUSIL-2.jpg\" data-srcset=\"https:\/\/www.schlosstirol.it\/wp-content\/uploads\/2018\/03\/schloss-tirol_2014_MUSIL-2.jpg 492w, https:\/\/www.schlosstirol.it\/wp-content\/uploads\/2018\/03\/schloss-tirol_2014_MUSIL-2-185x300.jpg 185w, https:\/\/www.schlosstirol.it\/wp-content\/uploads\/2018\/03\/schloss-tirol_2014_MUSIL-2-434x705.jpg 434w, https:\/\/www.schlosstirol.it\/wp-content\/uploads\/2018\/03\/schloss-tirol_2014_MUSIL-2-450x732.jpg 450w\" data-sizes=\"(max-width: 492px) 100vw, 492px\" data-rel='gallery-2' data-prev-img='https:\/\/www.schlosstirol.it\/wp-content\/uploads\/2018\/03\/schloss-tirol_2014_MUSIL-2.jpg' class='first_thumb lightbox ' data-onclick='2' title=''  itemprop=\"thumbnailUrl\"  ><img decoding=\"async\" fetchpriority=\"high\" class=\"wp-image-1669 avia-img-lazy-loading-not-1669\"   src=\"https:\/\/www.schlosstirol.it\/wp-content\/uploads\/2018\/03\/schloss-tirol_2014_MUSIL-2-492x400.jpg\" width=\"492\" height=\"400\"  title='' alt='' \/><div class='big-prev-fake'><img decoding=\"async\" loading=\"lazy\" class=\"wp-image-1669 avia-img-lazy-loading-1669\"  width=\"492\" height=\"800\" src=\"https:\/\/www.schlosstirol.it\/wp-content\/uploads\/2018\/03\/schloss-tirol_2014_MUSIL-2.jpg\" title='' alt='' srcset=\"https:\/\/www.schlosstirol.it\/wp-content\/uploads\/2018\/03\/schloss-tirol_2014_MUSIL-2.jpg 492w, https:\/\/www.schlosstirol.it\/wp-content\/uploads\/2018\/03\/schloss-tirol_2014_MUSIL-2-185x300.jpg 185w, https:\/\/www.schlosstirol.it\/wp-content\/uploads\/2018\/03\/schloss-tirol_2014_MUSIL-2-434x705.jpg 434w, https:\/\/www.schlosstirol.it\/wp-content\/uploads\/2018\/03\/schloss-tirol_2014_MUSIL-2-450x732.jpg 450w\" sizes=\"auto, (max-width: 492px) 100vw, 492px\" \/><\/div><\/a><a href=\"https:\/\/www.schlosstirol.it\/wp-content\/uploads\/2018\/03\/schloss-tirol_2014_MUSIL-3-1030x687.jpg\" data-srcset=\"https:\/\/www.schlosstirol.it\/wp-content\/uploads\/2018\/03\/schloss-tirol_2014_MUSIL-3.jpg 1030w, https:\/\/www.schlosstirol.it\/wp-content\/uploads\/2018\/03\/schloss-tirol_2014_MUSIL-3-300x200.jpg 300w, https:\/\/www.schlosstirol.it\/wp-content\/uploads\/2018\/03\/schloss-tirol_2014_MUSIL-3-768x512.jpg 768w, https:\/\/www.schlosstirol.it\/wp-content\/uploads\/2018\/03\/schloss-tirol_2014_MUSIL-3-705x470.jpg 705w, https:\/\/www.schlosstirol.it\/wp-content\/uploads\/2018\/03\/schloss-tirol_2014_MUSIL-3-450x300.jpg 450w\" data-sizes=\"(max-width: 1030px) 100vw, 1030px\" data-rel='gallery-2' data-prev-img='https:\/\/www.schlosstirol.it\/wp-content\/uploads\/2018\/03\/schloss-tirol_2014_MUSIL-3.jpg' class='first_thumb lightbox ' data-onclick='3' title=''  itemprop=\"thumbnailUrl\"  ><img decoding=\"async\" fetchpriority=\"high\" class=\"wp-image-1672 avia-img-lazy-loading-not-1672\"   src=\"https:\/\/www.schlosstirol.it\/wp-content\/uploads\/2018\/03\/schloss-tirol_2014_MUSIL-3-495x400.jpg\" width=\"495\" height=\"400\"  title='' alt='Mostre 2014' srcset=\"https:\/\/www.schlosstirol.it\/wp-content\/uploads\/2018\/03\/schloss-tirol_2014_MUSIL-3-495x400.jpg 495w, https:\/\/www.schlosstirol.it\/wp-content\/uploads\/2018\/03\/schloss-tirol_2014_MUSIL-3-845x684.jpg 845w\" sizes=\"(max-width: 495px) 100vw, 495px\" \/><div class='big-prev-fake'><img decoding=\"async\" loading=\"lazy\" class=\"wp-image-1672 avia-img-lazy-loading-1672\"  width=\"1030\" height=\"687\" src=\"https:\/\/www.schlosstirol.it\/wp-content\/uploads\/2018\/03\/schloss-tirol_2014_MUSIL-3.jpg\" title='' alt='Mostre 2014' srcset=\"https:\/\/www.schlosstirol.it\/wp-content\/uploads\/2018\/03\/schloss-tirol_2014_MUSIL-3.jpg 1030w, https:\/\/www.schlosstirol.it\/wp-content\/uploads\/2018\/03\/schloss-tirol_2014_MUSIL-3-300x200.jpg 300w, https:\/\/www.schlosstirol.it\/wp-content\/uploads\/2018\/03\/schloss-tirol_2014_MUSIL-3-768x512.jpg 768w, https:\/\/www.schlosstirol.it\/wp-content\/uploads\/2018\/03\/schloss-tirol_2014_MUSIL-3-705x470.jpg 705w, https:\/\/www.schlosstirol.it\/wp-content\/uploads\/2018\/03\/schloss-tirol_2014_MUSIL-3-450x300.jpg 450w\" sizes=\"auto, (max-width: 1030px) 100vw, 1030px\" \/><\/div><\/a><\/div><\/div><\/div>\n<style type=\"text\/css\" data-created_by=\"avia_inline_auto\" id=\"style-css-av-56tfgw-b4108427cf76414254f97e582095071f\">\n.flex_column.av-56tfgw-b4108427cf76414254f97e582095071f{\nborder-radius:0px 0px 0px 0px;\npadding:30px 0 30px 0;\n}\n<\/style>\n<div  class='flex_column av-56tfgw-b4108427cf76414254f97e582095071f av_two_third  avia-builder-el-10  el_after_av_one_third  avia-builder-el-last  flex_column_div  '     ><p>\n<style type=\"text\/css\" data-created_by=\"avia_inline_auto\" id=\"style-css-av-jn1k4d2n-291b741335d871c86efcdf9794cd2b3e\">\n#top .av-special-heading.av-jn1k4d2n-291b741335d871c86efcdf9794cd2b3e{\npadding-bottom:20px;\n}\nbody .av-special-heading.av-jn1k4d2n-291b741335d871c86efcdf9794cd2b3e .av-special-heading-tag .heading-char{\nfont-size:25px;\n}\n.av-special-heading.av-jn1k4d2n-291b741335d871c86efcdf9794cd2b3e .av-subheading{\nfont-size:21px;\n}\n<\/style>\n<div  class='av-special-heading av-jn1k4d2n-291b741335d871c86efcdf9794cd2b3e av-special-heading-h2 blockquote modern-quote  avia-builder-el-11  el_before_av_textblock  avia-builder-el-first '><h2 class='av-special-heading-tag '  itemprop=\"headline\"  >\u00abIl canto della morte\u00bb \u2013 Robert Musil e la Grande Guerra.<\/h2><div class='av-subheading av-subheading_below'><p>09.08.2014 \u2013 30.11.2014<\/p>\n<\/div><div class=\"special-heading-border\"><div class=\"special-heading-inner-border\"><\/div><\/div><\/div><br \/>\n<section  class='av_textblock_section av-2jnaf4-b565f68167788735830b4becc4184e87 '   itemscope=\"itemscope\" itemtype=\"https:\/\/schema.org\/CreativeWork\" ><div class='avia_textblock'  itemprop=\"text\" ><p>Nell\u2019estate del 1914 anche Robert Musil, come tanti altri scrittori e intellettuali, viene trascinato dall\u2019\u00abesperienza della mobilitazione\u00bb, arruolandosi volontariamente. Assegnato alle truppe dislocate sul confine italo-austriaco, prese parte alle operazioni belliche tra le montagne del Sudtirolo e sulle sponde dell\u2019Isonzo. Pi\u00f9 tardi lavorer\u00e0 come redattore per due gazzette militari: a partire dal 1916 per la \u201cTiroler Soldaten-Zeitung\u201d di Bolzano e dal 1918 per la \u201cHeimat\u201d nel quartier generale della stampa bellica di Vienna.La mostra non presenter\u00e0 solo le tappe biografiche e il contesto storico, ma anche come Musil autore rielabor\u00f2 l\u2019esperienza bellica nelle sue opere. La sua prosa nei diari e nelle lettere, accanto alle alienanti e intense immagini di guerra, riporta le sue impressioni sulle condizioni di vita al fronte.La mostra, realizzata in collaborazione con il Literaturhaus di Monaco di Baviera, presenta una sezione artistica curata da Carl Kraus: alla Tiroler Soldaten-Zeitung, e pi\u00f9 precisamente per l\u2019\u201callegato letterario\u201d, infatti, lavoravano anche quarantacinque artisti in qualit\u00e0 di illustratori della propaganda bellica, i \u201cpittori di guerra\u201d, e fotografi. Tra questi si distinguono Albin Egger-Lienz, Artur Nikodem, Hans Josef Weber-Tyrol, il nativo della Val Sarentino Heinrich Told, il brissinese Josef Durst, l\u2019originario della Oberinntal Thomas Riss e il trentino Francesco Ferdinando Rizzi. I motivi spaziano dai ritratti di ufficiali militari fino a quello della guida alpina Sepp Innerkofler, opera di Franz von Defregger. La vita quotidiana \u00e8 un\u2019ulteriore tematica, soldati che scrivono lettere ai propri cari, soldati sul campo, o semplicemente paesaggi. Cos\u00ec Rizzi immortal\u00f2 i campi di battaglia in Trentino e realizz\u00f2 una serie di ritratti di soldati, funzioni religiose campali e cimiteri. Anche Josef Durst si dedic\u00f2 intensamente alla ritrattistica. Il tema \u201cSkiwacht in den Dolomiten\u201d (In vedetta sugli sci sulle Dolomiti) collega il servizio militare con quello che diverr\u00e0 lo sport alpino pi\u00f9 popolare. Il ricavato ottenuto dall\u2019opera di Ignaz Stolz \u201cTiroler Soldatenmadonna\u201d (Madonna dei soldati tirolesi) and\u00f2 a favore dell\u2019assistenza alle vittime di guerra.<\/p>\n<p>In occasione della mostra verr\u00e0 pubblicato un catalogo e un facsimile della prima edizione de \u201cLa portoghese\u201d con un commento del dr. Karl Corino. Entrambi in vendita allo shop del museo.<\/p>\n<\/div><\/section><\/p><\/div><div  class='avia-button-wrap avia-button-center  avia-builder-el-13  el_after_av_section  avia-builder-el-last '>\n<style type=\"text\/css\" data-created_by=\"avia_inline_auto\" id=\"style-css-av-jlxtewdk-e9f249e147dddbb9f473678bd4929010\">\n#top #wrap_all .avia-button.av-jlxtewdk-e9f249e147dddbb9f473678bd4929010{\ncolor:#ffffff;\ntransition:all 0.4s ease-in-out;\n}\n#top #wrap_all .avia-button.av-jlxtewdk-e9f249e147dddbb9f473678bd4929010:hover{\ncolor:#ffffff;\ntransition:all 0.4s ease-in-out;\n}\n#top #wrap_all .avia-button.av-jlxtewdk-e9f249e147dddbb9f473678bd4929010 .avia-svg-icon svg:first-child{\nfill:#ffffff;\nstroke:#ffffff;\n}\n#top #wrap_all .avia-button.av-jlxtewdk-e9f249e147dddbb9f473678bd4929010:hover .avia-svg-icon svg:first-child{\nfill:#ffffff;\nstroke:#ffffff;\n}\n<\/style>\n<a href='' class='avia-color-theme-color avia-button avia-button-fullwidth av-jlxtewdk-e9f249e147dddbb9f473678bd4929010 avia-icon_select-yes-left-icon avia-color-theme-color'   aria-label=\"ARCHIVIO MOSTRE\"><span class='avia_button_icon avia_button_icon_left avia-svg-icon avia-font-svg_entypo-fontello' data-av_svg_icon='archive' data-av_iconset='svg_entypo-fontello'><svg version=\"1.1\" xmlns=\"http:\/\/www.w3.org\/2000\/svg\" width=\"31\" height=\"32\" viewBox=\"0 0 31 32\" preserveAspectRatio=\"xMidYMid meet\" aria-labelledby='av-svg-title-1' aria-describedby='av-svg-desc-1' role=\"graphics-symbol\">\n<title id='av-svg-title-1'>Archive<\/title>\n<desc id='av-svg-desc-1'>Archive<\/desc>\n<path d=\"M26.88 8v1.6h-22.272v-1.6q0-0.704 0.416-1.12t0.8-0.48h19.456q0.192 0 0.448 0.032t0.704 0.448 0.448 1.12zM22.144 3.2q0.192 0 0.448 0.032t0.704 0.448 0.448 1.12h-15.936q0-0.704 0.416-1.12t0.8-0.48h13.12zM30.080 9.6q1.088 1.024 1.216 1.472 0.192 0.576 0 1.728l-2.432 14.4q-0.128 0.704-0.64 1.12t-0.896 0.48h-22.72q-1.664 0-1.92-1.6-0.192-0.832-1.248-7.136t-1.248-7.264q-0.32-0.704-0.096-1.408t0.32-0.832 0.672-0.64l1.28-1.28v2.56h26.752v-2.56zM22.144 18.24v-3.2h-2.24v2.56h-8.32v-2.56h-2.176v3.2q0 1.6 1.536 1.6h9.6q0.704 0 1.12-0.384t0.416-0.768z\"><\/path>\n<\/svg><\/span><span class='avia_iconbox_title' >ARCHIVIO MOSTRE<\/span><span class='avia_button_background avia-button avia-button-fullwidth avia-color-theme-color-highlight'><\/span><\/a><\/div><\/p>\n","protected":false},"excerpt":{"rendered":"","protected":false},"author":1,"featured_media":1672,"comment_status":"closed","ping_status":"closed","template":"","meta":{"footnotes":""},"tags":[],"portfolio_entries":[83],"class_list":["post-2459","portfolio","type-portfolio","status-publish","has-post-thumbnail","hentry","portfolio_entries-ausstellungen-2014-it"],"yoast_head":"<!-- This site is optimized with the Yoast SEO plugin v27.5 - https:\/\/yoast.com\/product\/yoast-seo-wordpress\/ -->\n<title>Mostre 2014 - Castel Tirolo - Museo storico-culturale (BZ)<\/title>\n<meta name=\"description\" content=\"Castel Tirolo Mostre 2014\" \/>\n<meta name=\"robots\" content=\"index, follow, max-snippet:-1, max-image-preview:large, max-video-preview:-1\" \/>\n<link rel=\"canonical\" href=\"https:\/\/www.schlosstirol.it\/it\/museo-provinciale-alto-adige\/mostre-2014\/\" \/>\n<meta property=\"og:locale\" content=\"it_IT\" \/>\n<meta property=\"og:type\" content=\"article\" \/>\n<meta property=\"og:title\" content=\"Mostre 2014 - Castel Tirolo - Museo storico-culturale (BZ)\" \/>\n<meta property=\"og:description\" content=\"Castel Tirolo Mostre 2014\" \/>\n<meta property=\"og:url\" content=\"https:\/\/www.schlosstirol.it\/it\/museo-provinciale-alto-adige\/mostre-2014\/\" \/>\n<meta property=\"og:site_name\" content=\"Castel Tirolo - Museo storico-culturale (BZ)\" \/>\n<meta property=\"article:publisher\" content=\"https:\/\/www.facebook.com\/schlosstirol.casteltirolo\" \/>\n<meta property=\"article:modified_time\" content=\"2018-10-09T10:03:15+00:00\" \/>\n<meta property=\"og:image\" content=\"https:\/\/www.schlosstirol.it\/wp-content\/uploads\/2018\/03\/schloss-tirol_2014_MUSIL-3.jpg\" \/>\n\t<meta property=\"og:image:width\" content=\"1030\" \/>\n\t<meta property=\"og:image:height\" content=\"687\" \/>\n\t<meta property=\"og:image:type\" content=\"image\/jpeg\" \/>\n<meta name=\"twitter:card\" content=\"summary_large_image\" \/>\n<meta name=\"twitter:label1\" content=\"Tempo di lettura stimato\" \/>\n\t<meta name=\"twitter:data1\" content=\"9 minuti\" \/>\n<script type=\"application\/ld+json\" class=\"yoast-schema-graph\">{\"@context\":\"https:\\\/\\\/schema.org\",\"@graph\":[{\"@type\":\"WebPage\",\"@id\":\"https:\\\/\\\/www.schlosstirol.it\\\/it\\\/museo-provinciale-alto-adige\\\/mostre-2014\\\/\",\"url\":\"https:\\\/\\\/www.schlosstirol.it\\\/it\\\/museo-provinciale-alto-adige\\\/mostre-2014\\\/\",\"name\":\"Mostre 2014 - Castel Tirolo - Museo storico-culturale (BZ)\",\"isPartOf\":{\"@id\":\"https:\\\/\\\/www.schlosstirol.it\\\/it\\\/#website\"},\"primaryImageOfPage\":{\"@id\":\"https:\\\/\\\/www.schlosstirol.it\\\/it\\\/museo-provinciale-alto-adige\\\/mostre-2014\\\/#primaryimage\"},\"image\":{\"@id\":\"https:\\\/\\\/www.schlosstirol.it\\\/it\\\/museo-provinciale-alto-adige\\\/mostre-2014\\\/#primaryimage\"},\"thumbnailUrl\":\"https:\\\/\\\/www.schlosstirol.it\\\/wp-content\\\/uploads\\\/2018\\\/03\\\/schloss-tirol_2014_MUSIL-3.jpg\",\"datePublished\":\"2018-03-07T14:29:42+00:00\",\"dateModified\":\"2018-10-09T10:03:15+00:00\",\"description\":\"Castel Tirolo Mostre 2014\",\"breadcrumb\":{\"@id\":\"https:\\\/\\\/www.schlosstirol.it\\\/it\\\/museo-provinciale-alto-adige\\\/mostre-2014\\\/#breadcrumb\"},\"inLanguage\":\"it-IT\",\"potentialAction\":[{\"@type\":\"ReadAction\",\"target\":[\"https:\\\/\\\/www.schlosstirol.it\\\/it\\\/museo-provinciale-alto-adige\\\/mostre-2014\\\/\"]}]},{\"@type\":\"ImageObject\",\"inLanguage\":\"it-IT\",\"@id\":\"https:\\\/\\\/www.schlosstirol.it\\\/it\\\/museo-provinciale-alto-adige\\\/mostre-2014\\\/#primaryimage\",\"url\":\"https:\\\/\\\/www.schlosstirol.it\\\/wp-content\\\/uploads\\\/2018\\\/03\\\/schloss-tirol_2014_MUSIL-3.jpg\",\"contentUrl\":\"https:\\\/\\\/www.schlosstirol.it\\\/wp-content\\\/uploads\\\/2018\\\/03\\\/schloss-tirol_2014_MUSIL-3.jpg\",\"width\":1030,\"height\":687,\"caption\":\"Mostre 2014\"},{\"@type\":\"BreadcrumbList\",\"@id\":\"https:\\\/\\\/www.schlosstirol.it\\\/it\\\/museo-provinciale-alto-adige\\\/mostre-2014\\\/#breadcrumb\",\"itemListElement\":[{\"@type\":\"ListItem\",\"position\":1,\"name\":\"Startseite\",\"item\":\"https:\\\/\\\/www.schlosstirol.it\\\/it\\\/castel-tirolo\\\/\"},{\"@type\":\"ListItem\",\"position\":2,\"name\":\"Mostre 2014\"}]},{\"@type\":\"WebSite\",\"@id\":\"https:\\\/\\\/www.schlosstirol.it\\\/it\\\/#website\",\"url\":\"https:\\\/\\\/www.schlosstirol.it\\\/it\\\/\",\"name\":\"Castel Tirolo - Museo storico-culturale (BZ)\",\"description\":\"Museo storico-culturale della Provincia di Bolzano\",\"publisher\":{\"@id\":\"https:\\\/\\\/www.schlosstirol.it\\\/it\\\/#organization\"},\"potentialAction\":[{\"@type\":\"SearchAction\",\"target\":{\"@type\":\"EntryPoint\",\"urlTemplate\":\"https:\\\/\\\/www.schlosstirol.it\\\/it\\\/?s={search_term_string}\"},\"query-input\":{\"@type\":\"PropertyValueSpecification\",\"valueRequired\":true,\"valueName\":\"search_term_string\"}}],\"inLanguage\":\"it-IT\"},{\"@type\":\"Organization\",\"@id\":\"https:\\\/\\\/www.schlosstirol.it\\\/it\\\/#organization\",\"name\":\"Castel Tirolo\",\"url\":\"https:\\\/\\\/www.schlosstirol.it\\\/it\\\/\",\"logo\":{\"@type\":\"ImageObject\",\"inLanguage\":\"it-IT\",\"@id\":\"https:\\\/\\\/www.schlosstirol.it\\\/it\\\/#\\\/schema\\\/logo\\\/image\\\/\",\"url\":\"https:\\\/\\\/www.schlosstirol.it\\\/wp-content\\\/uploads\\\/2018\\\/09\\\/schloss-tirol_logo-impressum.png\",\"contentUrl\":\"https:\\\/\\\/www.schlosstirol.it\\\/wp-content\\\/uploads\\\/2018\\\/09\\\/schloss-tirol_logo-impressum.png\",\"width\":1030,\"height\":687,\"caption\":\"Castel Tirolo\"},\"image\":{\"@id\":\"https:\\\/\\\/www.schlosstirol.it\\\/it\\\/#\\\/schema\\\/logo\\\/image\\\/\"},\"sameAs\":[\"https:\\\/\\\/www.facebook.com\\\/schlosstirol.casteltirolo\"]}]}<\/script>\n<!-- \/ Yoast SEO plugin. -->","yoast_head_json":{"title":"Mostre 2014 - Castel Tirolo - Museo storico-culturale (BZ)","description":"Castel Tirolo Mostre 2014","robots":{"index":"index","follow":"follow","max-snippet":"max-snippet:-1","max-image-preview":"max-image-preview:large","max-video-preview":"max-video-preview:-1"},"canonical":"https:\/\/www.schlosstirol.it\/it\/museo-provinciale-alto-adige\/mostre-2014\/","og_locale":"it_IT","og_type":"article","og_title":"Mostre 2014 - Castel Tirolo - Museo storico-culturale (BZ)","og_description":"Castel Tirolo Mostre 2014","og_url":"https:\/\/www.schlosstirol.it\/it\/museo-provinciale-alto-adige\/mostre-2014\/","og_site_name":"Castel Tirolo - Museo storico-culturale (BZ)","article_publisher":"https:\/\/www.facebook.com\/schlosstirol.casteltirolo","article_modified_time":"2018-10-09T10:03:15+00:00","og_image":[{"width":1030,"height":687,"url":"https:\/\/www.schlosstirol.it\/wp-content\/uploads\/2018\/03\/schloss-tirol_2014_MUSIL-3.jpg","type":"image\/jpeg"}],"twitter_card":"summary_large_image","twitter_misc":{"Tempo di lettura stimato":"9 minuti"},"schema":{"@context":"https:\/\/schema.org","@graph":[{"@type":"WebPage","@id":"https:\/\/www.schlosstirol.it\/it\/museo-provinciale-alto-adige\/mostre-2014\/","url":"https:\/\/www.schlosstirol.it\/it\/museo-provinciale-alto-adige\/mostre-2014\/","name":"Mostre 2014 - Castel Tirolo - Museo storico-culturale (BZ)","isPartOf":{"@id":"https:\/\/www.schlosstirol.it\/it\/#website"},"primaryImageOfPage":{"@id":"https:\/\/www.schlosstirol.it\/it\/museo-provinciale-alto-adige\/mostre-2014\/#primaryimage"},"image":{"@id":"https:\/\/www.schlosstirol.it\/it\/museo-provinciale-alto-adige\/mostre-2014\/#primaryimage"},"thumbnailUrl":"https:\/\/www.schlosstirol.it\/wp-content\/uploads\/2018\/03\/schloss-tirol_2014_MUSIL-3.jpg","datePublished":"2018-03-07T14:29:42+00:00","dateModified":"2018-10-09T10:03:15+00:00","description":"Castel Tirolo Mostre 2014","breadcrumb":{"@id":"https:\/\/www.schlosstirol.it\/it\/museo-provinciale-alto-adige\/mostre-2014\/#breadcrumb"},"inLanguage":"it-IT","potentialAction":[{"@type":"ReadAction","target":["https:\/\/www.schlosstirol.it\/it\/museo-provinciale-alto-adige\/mostre-2014\/"]}]},{"@type":"ImageObject","inLanguage":"it-IT","@id":"https:\/\/www.schlosstirol.it\/it\/museo-provinciale-alto-adige\/mostre-2014\/#primaryimage","url":"https:\/\/www.schlosstirol.it\/wp-content\/uploads\/2018\/03\/schloss-tirol_2014_MUSIL-3.jpg","contentUrl":"https:\/\/www.schlosstirol.it\/wp-content\/uploads\/2018\/03\/schloss-tirol_2014_MUSIL-3.jpg","width":1030,"height":687,"caption":"Mostre 2014"},{"@type":"BreadcrumbList","@id":"https:\/\/www.schlosstirol.it\/it\/museo-provinciale-alto-adige\/mostre-2014\/#breadcrumb","itemListElement":[{"@type":"ListItem","position":1,"name":"Startseite","item":"https:\/\/www.schlosstirol.it\/it\/castel-tirolo\/"},{"@type":"ListItem","position":2,"name":"Mostre 2014"}]},{"@type":"WebSite","@id":"https:\/\/www.schlosstirol.it\/it\/#website","url":"https:\/\/www.schlosstirol.it\/it\/","name":"Castel Tirolo - Museo storico-culturale (BZ)","description":"Museo storico-culturale della Provincia di Bolzano","publisher":{"@id":"https:\/\/www.schlosstirol.it\/it\/#organization"},"potentialAction":[{"@type":"SearchAction","target":{"@type":"EntryPoint","urlTemplate":"https:\/\/www.schlosstirol.it\/it\/?s={search_term_string}"},"query-input":{"@type":"PropertyValueSpecification","valueRequired":true,"valueName":"search_term_string"}}],"inLanguage":"it-IT"},{"@type":"Organization","@id":"https:\/\/www.schlosstirol.it\/it\/#organization","name":"Castel Tirolo","url":"https:\/\/www.schlosstirol.it\/it\/","logo":{"@type":"ImageObject","inLanguage":"it-IT","@id":"https:\/\/www.schlosstirol.it\/it\/#\/schema\/logo\/image\/","url":"https:\/\/www.schlosstirol.it\/wp-content\/uploads\/2018\/09\/schloss-tirol_logo-impressum.png","contentUrl":"https:\/\/www.schlosstirol.it\/wp-content\/uploads\/2018\/09\/schloss-tirol_logo-impressum.png","width":1030,"height":687,"caption":"Castel Tirolo"},"image":{"@id":"https:\/\/www.schlosstirol.it\/it\/#\/schema\/logo\/image\/"},"sameAs":["https:\/\/www.facebook.com\/schlosstirol.casteltirolo"]}]}},"_links":{"self":[{"href":"https:\/\/www.schlosstirol.it\/it\/wp-json\/wp\/v2\/portfolio\/2459","targetHints":{"allow":["GET"]}}],"collection":[{"href":"https:\/\/www.schlosstirol.it\/it\/wp-json\/wp\/v2\/portfolio"}],"about":[{"href":"https:\/\/www.schlosstirol.it\/it\/wp-json\/wp\/v2\/types\/portfolio"}],"author":[{"embeddable":true,"href":"https:\/\/www.schlosstirol.it\/it\/wp-json\/wp\/v2\/users\/1"}],"replies":[{"embeddable":true,"href":"https:\/\/www.schlosstirol.it\/it\/wp-json\/wp\/v2\/comments?post=2459"}],"version-history":[{"count":0,"href":"https:\/\/www.schlosstirol.it\/it\/wp-json\/wp\/v2\/portfolio\/2459\/revisions"}],"wp:featuredmedia":[{"embeddable":true,"href":"https:\/\/www.schlosstirol.it\/it\/wp-json\/wp\/v2\/media\/1672"}],"wp:attachment":[{"href":"https:\/\/www.schlosstirol.it\/it\/wp-json\/wp\/v2\/media?parent=2459"}],"wp:term":[{"taxonomy":"post_tag","embeddable":true,"href":"https:\/\/www.schlosstirol.it\/it\/wp-json\/wp\/v2\/tags?post=2459"},{"taxonomy":"portfolio_entries","embeddable":true,"href":"https:\/\/www.schlosstirol.it\/it\/wp-json\/wp\/v2\/portfolio_entries?post=2459"}],"curies":[{"name":"wp","href":"https:\/\/api.w.org\/{rel}","templated":true}]}}