{"id":2462,"date":"2018-03-07T15:59:14","date_gmt":"2018-03-07T14:59:14","guid":{"rendered":"http:\/\/andale.info\/schloss2\/?post_type=portfolio&#038;p=2462"},"modified":"2018-12-05T16:44:12","modified_gmt":"2018-12-05T15:44:12","slug":"mostre-2017","status":"publish","type":"portfolio","link":"https:\/\/www.schlosstirol.it\/it\/museo-provinciale-alto-adige\/mostre-2017\/","title":{"rendered":"Mostre 2017"},"content":{"rendered":"<div id='full_slider_1'  class='avia-fullwidth-slider main_color avia-shadow   avia-builder-el-0  el_before_av_section  avia-builder-el-first   container_wrap fullsize'  >\n<style type=\"text\/css\" data-created_by=\"avia_inline_auto\" id=\"style-css-av-xd0wxj-eb92adaef1e25bb5875b9f9e39161e19\">\n#top #wrap_all .avia-slideshow .av-slideshow-caption.av-xd0wxj-eb92adaef1e25bb5875b9f9e39161e19__0 .avia-caption-title{\nfont-size:50px;\n}\n<\/style>\n<div  class='avia-slideshow av-xd0wxj-eb92adaef1e25bb5875b9f9e39161e19 avia-slideshow-featured_large av_slideshow_full avia-fade-slider av-slideshow-ui av-control-hidden av-no-slider-navigation av-hide-nav-arrows av-slideshow-autoplay av-loop-endless av-loop-manual-endless av-default-height-applied   avia-slideshow-1' data-slideshow-options=\"{&quot;animation&quot;:&quot;fade&quot;,&quot;autoplay&quot;:true,&quot;loop_autoplay&quot;:&quot;endless&quot;,&quot;interval&quot;:5,&quot;loop_manual&quot;:&quot;manual-endless&quot;,&quot;autoplay_stopper&quot;:false,&quot;noNavigation&quot;:true,&quot;bg_slider&quot;:false,&quot;keep_padding&quot;:false,&quot;hoverpause&quot;:false,&quot;show_slide_delay&quot;:0}\"  itemprop=\"image\" itemscope=\"itemscope\" itemtype=\"https:\/\/schema.org\/ImageObject\" ><ul class='avia-slideshow-inner ' style='padding-bottom: 42%;'><li  class='avia-slideshow-slide av-xd0wxj-eb92adaef1e25bb5875b9f9e39161e19__0  av-single-slide slide-1 slide-odd'><a href=\"#cardo\"  data-rel='slideshow-1' class='avia-slide-wrap '   ><div class='av-slideshow-caption av-xd0wxj-eb92adaef1e25bb5875b9f9e39161e19__0 caption_fullwidth caption_left'><div class=\"container caption_container\"><div class=\"slideshow_caption\"><div class=\"slideshow_inner_caption\"><div class=\"slideshow_align_caption\"><h2 class='avia-caption-title '  itemprop=\"name\" >Mostre 2017<\/h2><\/div><\/div><\/div><\/div><\/div><img decoding=\"async\" fetchpriority=\"high\" class=\"wp-image-326 avia-img-lazy-loading-not-326\"  src=\"https:\/\/www.schlosstirol.it\/wp-content\/uploads\/2018\/01\/schloss-tirol_header-ausstellungen.jpg\" width=\"1500\" height=\"630\" title='' alt=''  itemprop=\"thumbnailUrl\"  style='min-height:300px; min-width:715px; ' srcset=\"https:\/\/www.schlosstirol.it\/wp-content\/uploads\/2018\/01\/schloss-tirol_header-ausstellungen.jpg 1500w, https:\/\/www.schlosstirol.it\/wp-content\/uploads\/2018\/01\/schloss-tirol_header-ausstellungen-300x126.jpg 300w, https:\/\/www.schlosstirol.it\/wp-content\/uploads\/2018\/01\/schloss-tirol_header-ausstellungen-768x323.jpg 768w, https:\/\/www.schlosstirol.it\/wp-content\/uploads\/2018\/01\/schloss-tirol_header-ausstellungen-1030x433.jpg 1030w, https:\/\/www.schlosstirol.it\/wp-content\/uploads\/2018\/01\/schloss-tirol_header-ausstellungen-705x296.jpg 705w, https:\/\/www.schlosstirol.it\/wp-content\/uploads\/2018\/01\/schloss-tirol_header-ausstellungen-450x189.jpg 450w\" sizes=\"(max-width: 1500px) 100vw, 1500px\" \/><\/a><\/li><\/ul><\/div><\/div>\n<div id='cardo'  class='avia-section av-uaval3-39c552fa68cc14f1a84a5744c5b9c405 main_color avia-section-default avia-no-border-styling  avia-builder-el-1  el_after_av_slideshow_full  el_before_av_section  avia-bg-style-scroll container_wrap fullsize'  ><div class='container av-section-cont-open' ><div class='template-page content  av-content-full alpha units'><div class='post-entry post-entry-type-page post-entry-2462'><div class='entry-content-wrapper clearfix'>\n\n<style type=\"text\/css\" data-created_by=\"avia_inline_auto\" id=\"style-css-av-syhton-536ef2fcb4225618cfa44fbde6c5eb7e\">\n.flex_column.av-syhton-536ef2fcb4225618cfa44fbde6c5eb7e{\nborder-radius:0px 0px 0px 0px;\npadding:0px 0px 0px 0px;\n}\n<\/style>\n<div  class='flex_column av-syhton-536ef2fcb4225618cfa44fbde6c5eb7e av_one_third  avia-builder-el-2  el_before_av_two_third  avia-builder-el-first  first flex_column_div av-zero-column-padding  '     ><style type=\"text\/css\" data-created_by=\"avia_inline_auto\" id=\"style-css-av-2qiewn-aadafdd8277e9f0a3dfe47da574df6aa\">\n#top .avia-gallery.av-2qiewn-aadafdd8277e9f0a3dfe47da574df6aa .avia-gallery-thumb a{\nwidth:100%;\n}\n<\/style>\n<div  class='avia-gallery av-2qiewn-aadafdd8277e9f0a3dfe47da574df6aa avia_animate_when_visible  avia-builder-el-3  avia-builder-el-no-sibling  deactivate_avia_lazyload avia-gallery-animate avia-gallery-1'  itemprop=\"image\" itemscope=\"itemscope\" itemtype=\"https:\/\/schema.org\/ImageObject\" ><meta itemprop=\"contentURL\" content=\"https:\/\/www.schlosstirol.it\/it\/museo-provinciale-alto-adige\/mostre-2017\/\"><div class='avia-gallery-thumb'><a href=\"https:\/\/www.schlosstirol.it\/wp-content\/uploads\/2018\/03\/schloss-tirol_2017_CARDO-1_Foto-Georg-Tappeiner-1030x485.jpg\" data-srcset=\"https:\/\/www.schlosstirol.it\/wp-content\/uploads\/2018\/03\/schloss-tirol_2017_CARDO-1_Foto-Georg-Tappeiner.jpg 1030w, https:\/\/www.schlosstirol.it\/wp-content\/uploads\/2018\/03\/schloss-tirol_2017_CARDO-1_Foto-Georg-Tappeiner-300x141.jpg 300w, https:\/\/www.schlosstirol.it\/wp-content\/uploads\/2018\/03\/schloss-tirol_2017_CARDO-1_Foto-Georg-Tappeiner-768x362.jpg 768w, https:\/\/www.schlosstirol.it\/wp-content\/uploads\/2018\/03\/schloss-tirol_2017_CARDO-1_Foto-Georg-Tappeiner-705x332.jpg 705w, https:\/\/www.schlosstirol.it\/wp-content\/uploads\/2018\/03\/schloss-tirol_2017_CARDO-1_Foto-Georg-Tappeiner-450x212.jpg 450w\" data-sizes=\"(max-width: 1030px) 100vw, 1030px\" data-rel='gallery-1' data-prev-img='https:\/\/www.schlosstirol.it\/wp-content\/uploads\/2018\/03\/schloss-tirol_2017_CARDO-1_Foto-Georg-Tappeiner.jpg' class='first_thumb lightbox ' data-onclick='1' title=''  itemprop=\"thumbnailUrl\"  ><img decoding=\"async\" fetchpriority=\"high\" class=\"wp-image-1511 avia-img-lazy-loading-not-1511\"   src=\"https:\/\/www.schlosstirol.it\/wp-content\/uploads\/2018\/03\/schloss-tirol_2017_CARDO-1_Foto-Georg-Tappeiner.jpg\" width=\"1030\" height=\"485\"  title='' alt='' srcset=\"https:\/\/www.schlosstirol.it\/wp-content\/uploads\/2018\/03\/schloss-tirol_2017_CARDO-1_Foto-Georg-Tappeiner.jpg 1030w, https:\/\/www.schlosstirol.it\/wp-content\/uploads\/2018\/03\/schloss-tirol_2017_CARDO-1_Foto-Georg-Tappeiner-300x141.jpg 300w, https:\/\/www.schlosstirol.it\/wp-content\/uploads\/2018\/03\/schloss-tirol_2017_CARDO-1_Foto-Georg-Tappeiner-768x362.jpg 768w, https:\/\/www.schlosstirol.it\/wp-content\/uploads\/2018\/03\/schloss-tirol_2017_CARDO-1_Foto-Georg-Tappeiner-705x332.jpg 705w, https:\/\/www.schlosstirol.it\/wp-content\/uploads\/2018\/03\/schloss-tirol_2017_CARDO-1_Foto-Georg-Tappeiner-450x212.jpg 450w\" sizes=\"(max-width: 1030px) 100vw, 1030px\" \/><div class='big-prev-fake'><img decoding=\"async\" loading=\"lazy\" class=\"wp-image-1511 avia-img-lazy-loading-1511\"  width=\"1030\" height=\"485\" src=\"https:\/\/www.schlosstirol.it\/wp-content\/uploads\/2018\/03\/schloss-tirol_2017_CARDO-1_Foto-Georg-Tappeiner.jpg\" title='' alt='' srcset=\"https:\/\/www.schlosstirol.it\/wp-content\/uploads\/2018\/03\/schloss-tirol_2017_CARDO-1_Foto-Georg-Tappeiner.jpg 1030w, https:\/\/www.schlosstirol.it\/wp-content\/uploads\/2018\/03\/schloss-tirol_2017_CARDO-1_Foto-Georg-Tappeiner-300x141.jpg 300w, https:\/\/www.schlosstirol.it\/wp-content\/uploads\/2018\/03\/schloss-tirol_2017_CARDO-1_Foto-Georg-Tappeiner-768x362.jpg 768w, https:\/\/www.schlosstirol.it\/wp-content\/uploads\/2018\/03\/schloss-tirol_2017_CARDO-1_Foto-Georg-Tappeiner-705x332.jpg 705w, https:\/\/www.schlosstirol.it\/wp-content\/uploads\/2018\/03\/schloss-tirol_2017_CARDO-1_Foto-Georg-Tappeiner-450x212.jpg 450w\" sizes=\"auto, (max-width: 1030px) 100vw, 1030px\" \/><\/div><\/a><a href=\"https:\/\/www.schlosstirol.it\/wp-content\/uploads\/2018\/03\/schloss-tirol_2017_CARDO-3_Foto-Georg-Tappeiner-1030x687.jpg\" data-srcset=\"https:\/\/www.schlosstirol.it\/wp-content\/uploads\/2018\/03\/schloss-tirol_2017_CARDO-3_Foto-Georg-Tappeiner.jpg 1030w, https:\/\/www.schlosstirol.it\/wp-content\/uploads\/2018\/03\/schloss-tirol_2017_CARDO-3_Foto-Georg-Tappeiner-300x200.jpg 300w, https:\/\/www.schlosstirol.it\/wp-content\/uploads\/2018\/03\/schloss-tirol_2017_CARDO-3_Foto-Georg-Tappeiner-768x512.jpg 768w, https:\/\/www.schlosstirol.it\/wp-content\/uploads\/2018\/03\/schloss-tirol_2017_CARDO-3_Foto-Georg-Tappeiner-705x470.jpg 705w, https:\/\/www.schlosstirol.it\/wp-content\/uploads\/2018\/03\/schloss-tirol_2017_CARDO-3_Foto-Georg-Tappeiner-450x300.jpg 450w\" data-sizes=\"(max-width: 1030px) 100vw, 1030px\" data-rel='gallery-1' data-prev-img='https:\/\/www.schlosstirol.it\/wp-content\/uploads\/2018\/03\/schloss-tirol_2017_CARDO-3_Foto-Georg-Tappeiner.jpg' class='first_thumb lightbox ' data-onclick='2' title='Gotthard Bonell, Roberta Dapunt e Lois Anvidalfarei'  itemprop=\"thumbnailUrl\"  ><img decoding=\"async\" fetchpriority=\"high\" class=\"wp-image-1517 avia-img-lazy-loading-not-1517\"  data-avia-tooltip='Gotthard Bonell, Roberta Dapunt e Lois Anvidalfarei' src=\"https:\/\/www.schlosstirol.it\/wp-content\/uploads\/2018\/03\/schloss-tirol_2017_CARDO-3_Foto-Georg-Tappeiner.jpg\" width=\"1030\" height=\"687\"  title='' alt='' srcset=\"https:\/\/www.schlosstirol.it\/wp-content\/uploads\/2018\/03\/schloss-tirol_2017_CARDO-3_Foto-Georg-Tappeiner.jpg 1030w, https:\/\/www.schlosstirol.it\/wp-content\/uploads\/2018\/03\/schloss-tirol_2017_CARDO-3_Foto-Georg-Tappeiner-300x200.jpg 300w, https:\/\/www.schlosstirol.it\/wp-content\/uploads\/2018\/03\/schloss-tirol_2017_CARDO-3_Foto-Georg-Tappeiner-768x512.jpg 768w, https:\/\/www.schlosstirol.it\/wp-content\/uploads\/2018\/03\/schloss-tirol_2017_CARDO-3_Foto-Georg-Tappeiner-705x470.jpg 705w, https:\/\/www.schlosstirol.it\/wp-content\/uploads\/2018\/03\/schloss-tirol_2017_CARDO-3_Foto-Georg-Tappeiner-450x300.jpg 450w\" sizes=\"(max-width: 1030px) 100vw, 1030px\" \/><div class='big-prev-fake'><img decoding=\"async\" loading=\"lazy\" class=\"wp-image-1517 avia-img-lazy-loading-1517\"  width=\"1030\" height=\"687\" src=\"https:\/\/www.schlosstirol.it\/wp-content\/uploads\/2018\/03\/schloss-tirol_2017_CARDO-3_Foto-Georg-Tappeiner.jpg\" title='' alt='' srcset=\"https:\/\/www.schlosstirol.it\/wp-content\/uploads\/2018\/03\/schloss-tirol_2017_CARDO-3_Foto-Georg-Tappeiner.jpg 1030w, https:\/\/www.schlosstirol.it\/wp-content\/uploads\/2018\/03\/schloss-tirol_2017_CARDO-3_Foto-Georg-Tappeiner-300x200.jpg 300w, https:\/\/www.schlosstirol.it\/wp-content\/uploads\/2018\/03\/schloss-tirol_2017_CARDO-3_Foto-Georg-Tappeiner-768x512.jpg 768w, https:\/\/www.schlosstirol.it\/wp-content\/uploads\/2018\/03\/schloss-tirol_2017_CARDO-3_Foto-Georg-Tappeiner-705x470.jpg 705w, https:\/\/www.schlosstirol.it\/wp-content\/uploads\/2018\/03\/schloss-tirol_2017_CARDO-3_Foto-Georg-Tappeiner-450x300.jpg 450w\" sizes=\"auto, (max-width: 1030px) 100vw, 1030px\" \/><\/div><\/a><a href=\"https:\/\/www.schlosstirol.it\/wp-content\/uploads\/2018\/03\/schloss-tirol_2017_CARDO-2_Foto-Georg-Tappeiner-1030x687.jpg\" data-srcset=\"https:\/\/www.schlosstirol.it\/wp-content\/uploads\/2018\/03\/schloss-tirol_2017_CARDO-2_Foto-Georg-Tappeiner.jpg 1030w, https:\/\/www.schlosstirol.it\/wp-content\/uploads\/2018\/03\/schloss-tirol_2017_CARDO-2_Foto-Georg-Tappeiner-300x200.jpg 300w, https:\/\/www.schlosstirol.it\/wp-content\/uploads\/2018\/03\/schloss-tirol_2017_CARDO-2_Foto-Georg-Tappeiner-768x512.jpg 768w, https:\/\/www.schlosstirol.it\/wp-content\/uploads\/2018\/03\/schloss-tirol_2017_CARDO-2_Foto-Georg-Tappeiner-705x470.jpg 705w, https:\/\/www.schlosstirol.it\/wp-content\/uploads\/2018\/03\/schloss-tirol_2017_CARDO-2_Foto-Georg-Tappeiner-450x300.jpg 450w\" data-sizes=\"(max-width: 1030px) 100vw, 1030px\" data-rel='gallery-1' data-prev-img='https:\/\/www.schlosstirol.it\/wp-content\/uploads\/2018\/03\/schloss-tirol_2017_CARDO-2_Foto-Georg-Tappeiner.jpg' class='first_thumb lightbox ' data-onclick='3' title=''  itemprop=\"thumbnailUrl\"  ><img decoding=\"async\" fetchpriority=\"high\" class=\"wp-image-1514 avia-img-lazy-loading-not-1514\"   src=\"https:\/\/www.schlosstirol.it\/wp-content\/uploads\/2018\/03\/schloss-tirol_2017_CARDO-2_Foto-Georg-Tappeiner.jpg\" width=\"1030\" height=\"687\"  title='' alt='' srcset=\"https:\/\/www.schlosstirol.it\/wp-content\/uploads\/2018\/03\/schloss-tirol_2017_CARDO-2_Foto-Georg-Tappeiner.jpg 1030w, https:\/\/www.schlosstirol.it\/wp-content\/uploads\/2018\/03\/schloss-tirol_2017_CARDO-2_Foto-Georg-Tappeiner-300x200.jpg 300w, https:\/\/www.schlosstirol.it\/wp-content\/uploads\/2018\/03\/schloss-tirol_2017_CARDO-2_Foto-Georg-Tappeiner-768x512.jpg 768w, https:\/\/www.schlosstirol.it\/wp-content\/uploads\/2018\/03\/schloss-tirol_2017_CARDO-2_Foto-Georg-Tappeiner-705x470.jpg 705w, https:\/\/www.schlosstirol.it\/wp-content\/uploads\/2018\/03\/schloss-tirol_2017_CARDO-2_Foto-Georg-Tappeiner-450x300.jpg 450w\" sizes=\"(max-width: 1030px) 100vw, 1030px\" \/><div class='big-prev-fake'><img decoding=\"async\" loading=\"lazy\" class=\"wp-image-1514 avia-img-lazy-loading-1514\"  width=\"1030\" height=\"687\" src=\"https:\/\/www.schlosstirol.it\/wp-content\/uploads\/2018\/03\/schloss-tirol_2017_CARDO-2_Foto-Georg-Tappeiner.jpg\" title='' alt='' srcset=\"https:\/\/www.schlosstirol.it\/wp-content\/uploads\/2018\/03\/schloss-tirol_2017_CARDO-2_Foto-Georg-Tappeiner.jpg 1030w, https:\/\/www.schlosstirol.it\/wp-content\/uploads\/2018\/03\/schloss-tirol_2017_CARDO-2_Foto-Georg-Tappeiner-300x200.jpg 300w, https:\/\/www.schlosstirol.it\/wp-content\/uploads\/2018\/03\/schloss-tirol_2017_CARDO-2_Foto-Georg-Tappeiner-768x512.jpg 768w, https:\/\/www.schlosstirol.it\/wp-content\/uploads\/2018\/03\/schloss-tirol_2017_CARDO-2_Foto-Georg-Tappeiner-705x470.jpg 705w, https:\/\/www.schlosstirol.it\/wp-content\/uploads\/2018\/03\/schloss-tirol_2017_CARDO-2_Foto-Georg-Tappeiner-450x300.jpg 450w\" sizes=\"auto, (max-width: 1030px) 100vw, 1030px\" \/><\/div><\/a><\/div><\/div><\/div>\n<style type=\"text\/css\" data-created_by=\"avia_inline_auto\" id=\"style-css-av-oz8xjb-87439776dfb0586275e575f36347b6d7\">\n.flex_column.av-oz8xjb-87439776dfb0586275e575f36347b6d7{\nborder-radius:0px 0px 0px 0px;\npadding:30px 0 30px 0;\n}\n<\/style>\n<div  class='flex_column av-oz8xjb-87439776dfb0586275e575f36347b6d7 av_two_third  avia-builder-el-4  el_after_av_one_third  avia-builder-el-last  flex_column_div  '     ><p>\n<style type=\"text\/css\" data-created_by=\"avia_inline_auto\" id=\"style-css-av-3258ta-04b02aa05d56d5d5c56ec9e716d958d7\">\n#top .av-special-heading.av-3258ta-04b02aa05d56d5d5c56ec9e716d958d7{\npadding-bottom:5px;\n}\nbody .av-special-heading.av-3258ta-04b02aa05d56d5d5c56ec9e716d958d7 .av-special-heading-tag .heading-char{\nfont-size:25px;\n}\n.av-special-heading.av-3258ta-04b02aa05d56d5d5c56ec9e716d958d7 .av-subheading{\nfont-size:21px;\n}\n<\/style>\n<div  class='av-special-heading av-3258ta-04b02aa05d56d5d5c56ec9e716d958d7 av-special-heading-h2 blockquote modern-quote  avia-builder-el-5  el_before_av_textblock  avia-builder-el-first '><h2 class='av-special-heading-tag '  itemprop=\"headline\"  >CAR(D)O. Lois Anvidalfarei, Gotthard Bonell, Roberta Dapunt <\/h2><div class='av-subheading av-subheading_below'><p>18.03.2017 \u2013 04.06.2017<\/p>\n<\/div><div class=\"special-heading-border\"><div class=\"special-heading-inner-border\"><\/div><\/div><\/div><br \/>\n<section  class='av_textblock_section av-m2bxbb-657235ed0d1c7fc7a5cd9cd9798a7d95 '   itemscope=\"itemscope\" itemtype=\"https:\/\/schema.org\/CreativeWork\" ><div class='avia_textblock'  itemprop=\"text\" ><p>La mostra temporanea CAR[D]O a Castel Tirolo promette di regalare sensazioni del tutto singolari. Su una superficie di 350 metri quadri la mostra accomuna arti figurative e linguaggio: Roberta Dapunt presenta e legge poesie, Lois Anvidalfarei espone sculture e Gotthard Bonell appende quadri e disegni. Un \u201cparagone delle arti\u201d difficile da trovare altrove. Le tecniche artistiche si affiancano a quelle linguistiche: Roberta Dapunt \u00e8 ladina e scrive prevalentemente in italiano, lingua dalla struttura molto pi\u00f9 melodica che consente di trovare sfumature pi\u00f9 raffinate di quanto conceda il ladino. Lois Anvidalfarei \u00e8 uno degli scultori contemporanei pi\u00f9 affermati e caparbi. Tutta l\u2019opera di questo scultore della Val Badia \u00e8 dedicata alla raffigurazione del corpo umano. Sono corpi possenti quelli a cui Anvidalfarei d\u00e0 forma, colossi imponenti di un\u2019umanit\u00e0 fragile. Il corpo ha il fascino delle cose che sono esposte alla merc\u00e9, si riconosce nel frammento, spesso si fa bastare anche solo la testa o la mano che appaiono come cifre del tutto. Gotthard Bonell \u00e8 considerato un maestro del reale e della \u201cNeue Sachlichkeit\u201d. Nei suoi motivi iconografici si accosta all\u2019aspetto del corpo umano prima e dopo la decomposizione. \u201cCaro\u201d in latino vuol dire infatti \u201ccarne\u201d mentre \u201ccardo\u201d significa sia cardine della porta sia argomentazione cardine. Si tratta di una riflessione figurativa e linguistica sul corpo, sull\u2019uomo nel suo essere \u201cmateria prima\u201d.<\/p>\n<p>La circostanza che questa mostra venga allestita a Castel Tirolo rientra in quella concezione che intende recuperare la cultura ladina all\u2019interno del Museo storico-culturale della Provincia di Bolzano e presentarla in un contesto tematicamente circoscritto, il quale emerge peraltro dalla scelta degli artisti stessi, occupandosi tutti e tre da lungo tempo del tema del corpo umano. La mostra \u00e8 stata concepita in questa forma proprio dagli artisti in prima persona. La realizzazione grafica \u00e8 stata affidata a Uli Prugger (Gruppe Gut, Bolzano).<\/p>\n<p>Far conoscere le posizioni degli artisti, creare sensibilit\u00e0 per l\u2019arte contemporanea e sollecitare la riflessione. Sono questi gli obiettivi che la mostra centra sotto molteplici aspetti, gettando ponti tra forme espressive dell\u2019arte e contesti etnici. Il corpo umano come espressione dell\u2019essere umano rappresenta per cos\u00ec dire la \u201cconditio sine qua non\u201d per cogliere l\u2019elemento umano nel suo complesso. Il catalogo s\u2019incentra sull\u2019allestimento dell\u2019esposizione. Il CD allegato permette di ascoltare il sonoro originale di Roberta Dapunt nelle stazioni audio della mostra e contiene le due composizioni di Marcello Fera \u201cInterludio sulla voce di Roberta Dapunt\u201d e \u201cLa sacra conversazione\u201d, nate dalla collaborazione tra i due artisti.<\/p>\n<\/div><\/section><\/p><\/div>\n\n<\/div><\/div><\/div><!-- close content main div --><\/div><\/div><div id='luther'  class='avia-section av-lepg13-761729437faf93179fbff54a98747cf6 main_color avia-section-default avia-no-border-styling  avia-builder-el-7  el_after_av_section  el_before_av_section  avia-bg-style-scroll container_wrap fullsize'  ><div class='container av-section-cont-open' ><div class='template-page content  av-content-full alpha units'><div class='post-entry post-entry-type-page post-entry-2462'><div class='entry-content-wrapper clearfix'>\n\n<style type=\"text\/css\" data-created_by=\"avia_inline_auto\" id=\"style-css-av-j09qfb-d1f862b22071f6a5dc924a89d882ed93\">\n.flex_column.av-j09qfb-d1f862b22071f6a5dc924a89d882ed93{\nborder-radius:0px 0px 0px 0px;\npadding:0px 0px 0px 0px;\n}\n<\/style>\n<div  class='flex_column av-j09qfb-d1f862b22071f6a5dc924a89d882ed93 av_one_third  avia-builder-el-8  el_before_av_two_third  avia-builder-el-first  first flex_column_div av-zero-column-padding  '     ><style type=\"text\/css\" data-created_by=\"avia_inline_auto\" id=\"style-css-av-i25dqv-8bfe735311e629380afd60285c8ad8e9\">\n#top .avia-gallery.av-i25dqv-8bfe735311e629380afd60285c8ad8e9 .avia-gallery-thumb a{\nwidth:100%;\n}\n<\/style>\n<div  class='avia-gallery av-i25dqv-8bfe735311e629380afd60285c8ad8e9 avia_animate_when_visible  avia-builder-el-9  avia-builder-el-no-sibling  deactivate_avia_lazyload avia-gallery-animate avia-gallery-2'  itemprop=\"image\" itemscope=\"itemscope\" itemtype=\"https:\/\/schema.org\/ImageObject\" ><meta itemprop=\"contentURL\" content=\"https:\/\/www.schlosstirol.it\/it\/museo-provinciale-alto-adige\/mostre-2017\/\"><div class='avia-gallery-thumb'><a href=\"https:\/\/www.schlosstirol.it\/wp-content\/uploads\/2018\/01\/schloss-tirol_austellung-luther-hoch.jpg\" data-srcset=\"https:\/\/www.schlosstirol.it\/wp-content\/uploads\/2018\/01\/schloss-tirol_austellung-luther-hoch.jpg 607w, https:\/\/www.schlosstirol.it\/wp-content\/uploads\/2018\/01\/schloss-tirol_austellung-luther-hoch-228x300.jpg 228w, https:\/\/www.schlosstirol.it\/wp-content\/uploads\/2018\/01\/schloss-tirol_austellung-luther-hoch-535x705.jpg 535w, https:\/\/www.schlosstirol.it\/wp-content\/uploads\/2018\/01\/schloss-tirol_austellung-luther-hoch-450x593.jpg 450w\" data-sizes=\"(max-width: 607px) 100vw, 607px\" data-rel='gallery-2' data-prev-img='https:\/\/www.schlosstirol.it\/wp-content\/uploads\/2018\/01\/schloss-tirol_austellung-luther-hoch.jpg' class='first_thumb lightbox ' data-onclick='1' title='Lucas Cranach il Vecchio, Martin Lutero, 1546'  itemprop=\"thumbnailUrl\"  ><img decoding=\"async\" fetchpriority=\"high\" class=\"wp-image-542 avia-img-lazy-loading-not-542\"  data-avia-tooltip='Lucas Cranach il Vecchio, Martin Lutero, 1546' src=\"https:\/\/www.schlosstirol.it\/wp-content\/uploads\/2018\/01\/schloss-tirol_austellung-luther-hoch.jpg\" width=\"607\" height=\"800\"  title='' alt='' srcset=\"https:\/\/www.schlosstirol.it\/wp-content\/uploads\/2018\/01\/schloss-tirol_austellung-luther-hoch.jpg 607w, https:\/\/www.schlosstirol.it\/wp-content\/uploads\/2018\/01\/schloss-tirol_austellung-luther-hoch-228x300.jpg 228w, https:\/\/www.schlosstirol.it\/wp-content\/uploads\/2018\/01\/schloss-tirol_austellung-luther-hoch-535x705.jpg 535w, https:\/\/www.schlosstirol.it\/wp-content\/uploads\/2018\/01\/schloss-tirol_austellung-luther-hoch-450x593.jpg 450w\" sizes=\"(max-width: 607px) 100vw, 607px\" \/><div class='big-prev-fake'><img decoding=\"async\" loading=\"lazy\" class=\"wp-image-542 avia-img-lazy-loading-542\"  width=\"607\" height=\"800\" src=\"https:\/\/www.schlosstirol.it\/wp-content\/uploads\/2018\/01\/schloss-tirol_austellung-luther-hoch.jpg\" title='' alt='' srcset=\"https:\/\/www.schlosstirol.it\/wp-content\/uploads\/2018\/01\/schloss-tirol_austellung-luther-hoch.jpg 607w, https:\/\/www.schlosstirol.it\/wp-content\/uploads\/2018\/01\/schloss-tirol_austellung-luther-hoch-228x300.jpg 228w, https:\/\/www.schlosstirol.it\/wp-content\/uploads\/2018\/01\/schloss-tirol_austellung-luther-hoch-535x705.jpg 535w, https:\/\/www.schlosstirol.it\/wp-content\/uploads\/2018\/01\/schloss-tirol_austellung-luther-hoch-450x593.jpg 450w\" sizes=\"auto, (max-width: 607px) 100vw, 607px\" \/><\/div><\/a><a href=\"https:\/\/www.schlosstirol.it\/wp-content\/uploads\/2018\/03\/schloss-tirol_2017_LUTHER-1-1030x687.jpg\" data-srcset=\"https:\/\/www.schlosstirol.it\/wp-content\/uploads\/2018\/03\/schloss-tirol_2017_LUTHER-1.jpg 1030w, https:\/\/www.schlosstirol.it\/wp-content\/uploads\/2018\/03\/schloss-tirol_2017_LUTHER-1-300x200.jpg 300w, https:\/\/www.schlosstirol.it\/wp-content\/uploads\/2018\/03\/schloss-tirol_2017_LUTHER-1-768x512.jpg 768w, https:\/\/www.schlosstirol.it\/wp-content\/uploads\/2018\/03\/schloss-tirol_2017_LUTHER-1-705x470.jpg 705w, https:\/\/www.schlosstirol.it\/wp-content\/uploads\/2018\/03\/schloss-tirol_2017_LUTHER-1-450x300.jpg 450w\" data-sizes=\"(max-width: 1030px) 100vw, 1030px\" data-rel='gallery-2' data-prev-img='https:\/\/www.schlosstirol.it\/wp-content\/uploads\/2018\/03\/schloss-tirol_2017_LUTHER-1.jpg' class='first_thumb lightbox ' data-onclick='2' title=''  itemprop=\"thumbnailUrl\"  ><img decoding=\"async\" fetchpriority=\"high\" class=\"wp-image-1499 avia-img-lazy-loading-not-1499\"   src=\"https:\/\/www.schlosstirol.it\/wp-content\/uploads\/2018\/03\/schloss-tirol_2017_LUTHER-1.jpg\" width=\"1030\" height=\"687\"  title='' alt='' srcset=\"https:\/\/www.schlosstirol.it\/wp-content\/uploads\/2018\/03\/schloss-tirol_2017_LUTHER-1.jpg 1030w, https:\/\/www.schlosstirol.it\/wp-content\/uploads\/2018\/03\/schloss-tirol_2017_LUTHER-1-300x200.jpg 300w, https:\/\/www.schlosstirol.it\/wp-content\/uploads\/2018\/03\/schloss-tirol_2017_LUTHER-1-768x512.jpg 768w, https:\/\/www.schlosstirol.it\/wp-content\/uploads\/2018\/03\/schloss-tirol_2017_LUTHER-1-705x470.jpg 705w, https:\/\/www.schlosstirol.it\/wp-content\/uploads\/2018\/03\/schloss-tirol_2017_LUTHER-1-450x300.jpg 450w\" sizes=\"(max-width: 1030px) 100vw, 1030px\" \/><div class='big-prev-fake'><img decoding=\"async\" loading=\"lazy\" class=\"wp-image-1499 avia-img-lazy-loading-1499\"  width=\"1030\" height=\"687\" src=\"https:\/\/www.schlosstirol.it\/wp-content\/uploads\/2018\/03\/schloss-tirol_2017_LUTHER-1.jpg\" title='' alt='' srcset=\"https:\/\/www.schlosstirol.it\/wp-content\/uploads\/2018\/03\/schloss-tirol_2017_LUTHER-1.jpg 1030w, https:\/\/www.schlosstirol.it\/wp-content\/uploads\/2018\/03\/schloss-tirol_2017_LUTHER-1-300x200.jpg 300w, https:\/\/www.schlosstirol.it\/wp-content\/uploads\/2018\/03\/schloss-tirol_2017_LUTHER-1-768x512.jpg 768w, https:\/\/www.schlosstirol.it\/wp-content\/uploads\/2018\/03\/schloss-tirol_2017_LUTHER-1-705x470.jpg 705w, https:\/\/www.schlosstirol.it\/wp-content\/uploads\/2018\/03\/schloss-tirol_2017_LUTHER-1-450x300.jpg 450w\" sizes=\"auto, (max-width: 1030px) 100vw, 1030px\" \/><\/div><\/a><a href=\"https:\/\/www.schlosstirol.it\/wp-content\/uploads\/2018\/03\/schloss-tirol_2017_LUTHER-2-1030x687.jpg\" data-srcset=\"https:\/\/www.schlosstirol.it\/wp-content\/uploads\/2018\/03\/schloss-tirol_2017_LUTHER-2.jpg 1030w, https:\/\/www.schlosstirol.it\/wp-content\/uploads\/2018\/03\/schloss-tirol_2017_LUTHER-2-300x200.jpg 300w, https:\/\/www.schlosstirol.it\/wp-content\/uploads\/2018\/03\/schloss-tirol_2017_LUTHER-2-768x512.jpg 768w, https:\/\/www.schlosstirol.it\/wp-content\/uploads\/2018\/03\/schloss-tirol_2017_LUTHER-2-705x470.jpg 705w, https:\/\/www.schlosstirol.it\/wp-content\/uploads\/2018\/03\/schloss-tirol_2017_LUTHER-2-450x300.jpg 450w\" data-sizes=\"(max-width: 1030px) 100vw, 1030px\" data-rel='gallery-2' data-prev-img='https:\/\/www.schlosstirol.it\/wp-content\/uploads\/2018\/03\/schloss-tirol_2017_LUTHER-2.jpg' class='first_thumb lightbox ' data-onclick='3' title=''  itemprop=\"thumbnailUrl\"  ><img decoding=\"async\" fetchpriority=\"high\" class=\"wp-image-1502 avia-img-lazy-loading-not-1502\"   src=\"https:\/\/www.schlosstirol.it\/wp-content\/uploads\/2018\/03\/schloss-tirol_2017_LUTHER-2.jpg\" width=\"1030\" height=\"687\"  title='' alt='' srcset=\"https:\/\/www.schlosstirol.it\/wp-content\/uploads\/2018\/03\/schloss-tirol_2017_LUTHER-2.jpg 1030w, https:\/\/www.schlosstirol.it\/wp-content\/uploads\/2018\/03\/schloss-tirol_2017_LUTHER-2-300x200.jpg 300w, https:\/\/www.schlosstirol.it\/wp-content\/uploads\/2018\/03\/schloss-tirol_2017_LUTHER-2-768x512.jpg 768w, https:\/\/www.schlosstirol.it\/wp-content\/uploads\/2018\/03\/schloss-tirol_2017_LUTHER-2-705x470.jpg 705w, https:\/\/www.schlosstirol.it\/wp-content\/uploads\/2018\/03\/schloss-tirol_2017_LUTHER-2-450x300.jpg 450w\" sizes=\"(max-width: 1030px) 100vw, 1030px\" \/><div class='big-prev-fake'><img decoding=\"async\" loading=\"lazy\" class=\"wp-image-1502 avia-img-lazy-loading-1502\"  width=\"1030\" height=\"687\" src=\"https:\/\/www.schlosstirol.it\/wp-content\/uploads\/2018\/03\/schloss-tirol_2017_LUTHER-2.jpg\" title='' alt='' srcset=\"https:\/\/www.schlosstirol.it\/wp-content\/uploads\/2018\/03\/schloss-tirol_2017_LUTHER-2.jpg 1030w, https:\/\/www.schlosstirol.it\/wp-content\/uploads\/2018\/03\/schloss-tirol_2017_LUTHER-2-300x200.jpg 300w, https:\/\/www.schlosstirol.it\/wp-content\/uploads\/2018\/03\/schloss-tirol_2017_LUTHER-2-768x512.jpg 768w, https:\/\/www.schlosstirol.it\/wp-content\/uploads\/2018\/03\/schloss-tirol_2017_LUTHER-2-705x470.jpg 705w, https:\/\/www.schlosstirol.it\/wp-content\/uploads\/2018\/03\/schloss-tirol_2017_LUTHER-2-450x300.jpg 450w\" sizes=\"auto, (max-width: 1030px) 100vw, 1030px\" \/><\/div><\/a><\/div><\/div><\/div>\n<style type=\"text\/css\" data-created_by=\"avia_inline_auto\" id=\"style-css-av-5fxmf-0daa2611f5ca2c523c22ba3ab5253c04\">\n.flex_column.av-5fxmf-0daa2611f5ca2c523c22ba3ab5253c04{\nborder-radius:0px 0px 0px 0px;\npadding:30px 0 30px 0;\n}\n<\/style>\n<div  class='flex_column av-5fxmf-0daa2611f5ca2c523c22ba3ab5253c04 av_two_third  avia-builder-el-10  el_after_av_one_third  avia-builder-el-last  flex_column_div  '     ><p>\n<style type=\"text\/css\" data-created_by=\"avia_inline_auto\" id=\"style-css-av-av_heading-626c2a7af3f57a6d9b1c003030b57c0d\">\n#top .av-special-heading.av-av_heading-626c2a7af3f57a6d9b1c003030b57c0d{\npadding-bottom:20px;\n}\nbody .av-special-heading.av-av_heading-626c2a7af3f57a6d9b1c003030b57c0d .av-special-heading-tag .heading-char{\nfont-size:25px;\n}\n.av-special-heading.av-av_heading-626c2a7af3f57a6d9b1c003030b57c0d .av-subheading{\nfont-size:21px;\n}\n<\/style>\n<div  class='av-special-heading av-av_heading-626c2a7af3f57a6d9b1c003030b57c0d av-special-heading-h2 blockquote modern-quote  avia-builder-el-11  el_before_av_textblock  avia-builder-el-first '><h2 class='av-special-heading-tag '  itemprop=\"headline\"  >Lutero e il Tirolo. Religione tra Riforma, emarginazione e accettazione.<\/h2><div class='av-subheading av-subheading_below'><p>01.07.2017 \u2013 26.11.2017<\/p>\n<\/div><div class=\"special-heading-border\"><div class=\"special-heading-inner-border\"><\/div><\/div><\/div><br \/>\n<section  class='av_textblock_section av-ck0bmf-190ff8d7656d1c7c91dcec7b44aae49a '   itemscope=\"itemscope\" itemtype=\"https:\/\/schema.org\/CreativeWork\" ><div class='avia_textblock'  itemprop=\"text\" ><p>La mostra \u00e8 la prima in Tirolo ad avere come tema il Protestantesimo. L\u2019occasione \u00e8 offerta dal 500\u00b0 anniversario della Riforma il cui inizio \u00e8 fissato tradizionalmente al 31 ottobre 1517, giorno in cui Martin Lutero affisse le sue 95 tesi alla porta della cattedrale di Wittenberg. Di conseguenza un primo fulcro dell\u2019attenzione \u00e8 posto sul riformatore Lutero che viene inquadrato dal punto di vista biografico, iconografico e bibliografico.<br \/>\nLa Riforma, per diffondere in modo mirato tesi ed insegnamenti, si appoggiava fortemente alla stampa, come precedentemente era gi\u00e0 avvenuto per la Bibbia. Vengono ricercati gli inizi della \u201cnuova dottrina\u201d in Tirolo dove alcuni predicatori aderirono agli insegnamenti di Lutero, come ad esempio Urbanus Rhegius e Jakob Strauss a Hall. La cultura delle immagini del Cinquecento era pervasa da nuovi contenuti iconografici che nascevano dall\u2019intenso studio delle Sacre Scritture. Nell\u2019arte occup\u00f2 un posto di rilievo il pittore locale Bartlm\u00e4 Dill Riemenschneider, appartenente alla cerchia degli anabattisti. Le immagini divennero ben presto un\u2019arma nel conflitto, che veniva diffuso attraverso scritti volanti e doveva accentuare il contrasto tra \u201cLuterani\u201d e \u201cPapisti\u201d. Ma anche i testi divennero polemici e sfruttavano le controversie che venivano discusse e difese focosamente da ambo le parti.<br \/>\nCon la confessionalizzazione dell\u2019Impero, la dottrina protestante venne vietata in Tirolo, ma nel XVII secolo la situazione s\u2019inaspr\u00ec con l\u2019espulsione dei protestanti dalla Defereggental. Sembra quasi anacronistico che, dopo la \u201cPatente di tolleranza\u201d dell\u2019imperatore Giuseppe II, nel 1837 gruppi confessionali protestanti venissero cacciati dalla Zillertal e costretti ad emigrare. Con la \u201cPatente dei protestanti\u201d di Francesco Giuseppe ebbe inizio una nuova era che port\u00f2 alla fondazione, seppure contrastata, delle prime chiese e parrocchie protestanti a Merano, Bolzano, Arco e Innsbruck.<\/p>\n<p>La mostra vuole soprattutto studiare le strategie contenutistiche della Riforma ed espone tramite numerosi documenti come queste strategie si evolsero, dimostra il riflesso dell\u2019elemento luterano in letteratura e fa intuire la forza esplosiva che scaturiva dall\u2019uso dei nuovi mezzi di comunicazione della Prima et\u00e0 moderna.<\/p>\n<p>La mostra \u00e8 accompagnata da un corposo catalogo con contributi di Rudolf Leeb, Leo Andergassen, Hanns-Paul Ties, Esther Wipfler, Kai Bremer, Wilfried Beimrohr, Hans Reimer, Ellen Hastaba e Sigurd Paul Scheichl.<\/p>\n<p>Tra il 7 e il 9 settembre 2017 si \u00e8 tenuto inoltre un convegno a Castel Tirolo, organizzato da Hanns-Paul Ties e Leo Andergassen. Gli interventi hanno approfondito il tema della diffusione del Protestantesimo in Tirolo nel Cinquecento, i centri pi\u00f9 importanti a nord e a sud del Brennero, la vita religiosa evangelica, che si svolgeva comunque in modo piuttosto pubblico, e la persecuzione che aument\u00f2 verso la seconda met\u00e0 del secolo.<\/p>\n<\/div><\/section><\/p><\/div><\/div><\/div><\/div><!-- close content main div --><\/div><\/div><div id='senoner'  class='avia-section av-ba48bb-3ca66467112663f2f27895f8d68c08e7 main_color avia-section-default avia-no-border-styling  avia-builder-el-13  el_after_av_section  el_before_av_button_big  avia-bg-style-scroll container_wrap fullsize'  ><div class='container av-section-cont-open' ><div class='template-page content  av-content-full alpha units'><div class='post-entry post-entry-type-page post-entry-2462'><div class='entry-content-wrapper clearfix'>\n\n<style type=\"text\/css\" data-created_by=\"avia_inline_auto\" id=\"style-css-av-yvthj-59062683ff5b0edcbcbd6f04e5588641\">\n.flex_column.av-yvthj-59062683ff5b0edcbcbd6f04e5588641{\nborder-radius:0px 0px 0px 0px;\npadding:0px 0px 0px 0px;\n}\n<\/style>\n<div  class='flex_column av-yvthj-59062683ff5b0edcbcbd6f04e5588641 av_one_third  avia-builder-el-14  el_before_av_two_third  avia-builder-el-first  first flex_column_div av-zero-column-padding  '     ><style type=\"text\/css\" data-created_by=\"avia_inline_auto\" id=\"style-css-av-7lmn2f-b07e8a96fdf58abb9354790b0ba84a65\">\n#top .avia-gallery.av-7lmn2f-b07e8a96fdf58abb9354790b0ba84a65 .avia-gallery-thumb a{\nwidth:50%;\n}\n<\/style>\n<div  class='avia-gallery av-7lmn2f-b07e8a96fdf58abb9354790b0ba84a65 avia_animate_when_visible  avia-builder-el-15  avia-builder-el-no-sibling  deactivate_avia_lazyload avia-gallery-animate avia-gallery-3'  itemprop=\"image\" itemscope=\"itemscope\" itemtype=\"https:\/\/schema.org\/ImageObject\" ><meta itemprop=\"contentURL\" content=\"https:\/\/www.schlosstirol.it\/it\/museo-provinciale-alto-adige\/mostre-2017\/\"><div class='avia-gallery-thumb'><a href=\"https:\/\/www.schlosstirol.it\/wp-content\/uploads\/2018\/01\/schloss-tirol_peter-senoner-Detail-Botanicalirious.jpg\" data-srcset=\"https:\/\/www.schlosstirol.it\/wp-content\/uploads\/2018\/01\/schloss-tirol_peter-senoner-Detail-Botanicalirious.jpg 543w, https:\/\/www.schlosstirol.it\/wp-content\/uploads\/2018\/01\/schloss-tirol_peter-senoner-Detail-Botanicalirious-204x300.jpg 204w, https:\/\/www.schlosstirol.it\/wp-content\/uploads\/2018\/01\/schloss-tirol_peter-senoner-Detail-Botanicalirious-479x705.jpg 479w, https:\/\/www.schlosstirol.it\/wp-content\/uploads\/2018\/01\/schloss-tirol_peter-senoner-Detail-Botanicalirious-450x663.jpg 450w\" data-sizes=\"(max-width: 543px) 100vw, 543px\" data-rel='gallery-3' data-prev-img='https:\/\/www.schlosstirol.it\/wp-content\/uploads\/2018\/01\/schloss-tirol_peter-senoner-Detail-Botanicalirious.jpg' class='first_thumb lightbox ' data-onclick='1' title=''  itemprop=\"thumbnailUrl\"  ><img decoding=\"async\" fetchpriority=\"high\" class=\"wp-image-1015 avia-img-lazy-loading-not-1015\"   src=\"https:\/\/www.schlosstirol.it\/wp-content\/uploads\/2018\/01\/schloss-tirol_peter-senoner-Detail-Botanicalirious-495x400.jpg\" width=\"495\" height=\"400\"  title='' alt='' \/><div class='big-prev-fake'><img decoding=\"async\" loading=\"lazy\" class=\"wp-image-1015 avia-img-lazy-loading-1015\"  width=\"543\" height=\"800\" src=\"https:\/\/www.schlosstirol.it\/wp-content\/uploads\/2018\/01\/schloss-tirol_peter-senoner-Detail-Botanicalirious.jpg\" title='' alt='' srcset=\"https:\/\/www.schlosstirol.it\/wp-content\/uploads\/2018\/01\/schloss-tirol_peter-senoner-Detail-Botanicalirious.jpg 543w, https:\/\/www.schlosstirol.it\/wp-content\/uploads\/2018\/01\/schloss-tirol_peter-senoner-Detail-Botanicalirious-204x300.jpg 204w, https:\/\/www.schlosstirol.it\/wp-content\/uploads\/2018\/01\/schloss-tirol_peter-senoner-Detail-Botanicalirious-479x705.jpg 479w, https:\/\/www.schlosstirol.it\/wp-content\/uploads\/2018\/01\/schloss-tirol_peter-senoner-Detail-Botanicalirious-450x663.jpg 450w\" sizes=\"auto, (max-width: 543px) 100vw, 543px\" \/><\/div><\/a><a href=\"https:\/\/www.schlosstirol.it\/wp-content\/uploads\/2018\/01\/schloss-tirol_peter-senoner-BOTANICALIRIOUS-001-Detail-c-1030x687.jpg\" data-srcset=\"https:\/\/www.schlosstirol.it\/wp-content\/uploads\/2018\/01\/schloss-tirol_peter-senoner-BOTANICALIRIOUS-001-Detail-c.jpg 1030w, https:\/\/www.schlosstirol.it\/wp-content\/uploads\/2018\/01\/schloss-tirol_peter-senoner-BOTANICALIRIOUS-001-Detail-c-300x200.jpg 300w, https:\/\/www.schlosstirol.it\/wp-content\/uploads\/2018\/01\/schloss-tirol_peter-senoner-BOTANICALIRIOUS-001-Detail-c-768x512.jpg 768w, https:\/\/www.schlosstirol.it\/wp-content\/uploads\/2018\/01\/schloss-tirol_peter-senoner-BOTANICALIRIOUS-001-Detail-c-705x470.jpg 705w, https:\/\/www.schlosstirol.it\/wp-content\/uploads\/2018\/01\/schloss-tirol_peter-senoner-BOTANICALIRIOUS-001-Detail-c-450x300.jpg 450w\" data-sizes=\"(max-width: 1030px) 100vw, 1030px\" data-rel='gallery-3' data-prev-img='https:\/\/www.schlosstirol.it\/wp-content\/uploads\/2018\/01\/schloss-tirol_peter-senoner-BOTANICALIRIOUS-001-Detail-c.jpg' class='lightbox ' data-onclick='2' title=''  itemprop=\"thumbnailUrl\"  ><img decoding=\"async\" fetchpriority=\"high\" class=\"wp-image-997 avia-img-lazy-loading-not-997\"   src=\"https:\/\/www.schlosstirol.it\/wp-content\/uploads\/2018\/01\/schloss-tirol_peter-senoner-BOTANICALIRIOUS-001-Detail-c-495x400.jpg\" width=\"495\" height=\"400\"  title='' alt='' srcset=\"https:\/\/www.schlosstirol.it\/wp-content\/uploads\/2018\/01\/schloss-tirol_peter-senoner-BOTANICALIRIOUS-001-Detail-c-495x400.jpg 495w, https:\/\/www.schlosstirol.it\/wp-content\/uploads\/2018\/01\/schloss-tirol_peter-senoner-BOTANICALIRIOUS-001-Detail-c-845x684.jpg 845w\" sizes=\"(max-width: 495px) 100vw, 495px\" \/><div class='big-prev-fake'><img decoding=\"async\" loading=\"lazy\" class=\"wp-image-997 avia-img-lazy-loading-997\"  width=\"1030\" height=\"687\" src=\"https:\/\/www.schlosstirol.it\/wp-content\/uploads\/2018\/01\/schloss-tirol_peter-senoner-BOTANICALIRIOUS-001-Detail-c.jpg\" title='' alt='' srcset=\"https:\/\/www.schlosstirol.it\/wp-content\/uploads\/2018\/01\/schloss-tirol_peter-senoner-BOTANICALIRIOUS-001-Detail-c.jpg 1030w, https:\/\/www.schlosstirol.it\/wp-content\/uploads\/2018\/01\/schloss-tirol_peter-senoner-BOTANICALIRIOUS-001-Detail-c-300x200.jpg 300w, https:\/\/www.schlosstirol.it\/wp-content\/uploads\/2018\/01\/schloss-tirol_peter-senoner-BOTANICALIRIOUS-001-Detail-c-768x512.jpg 768w, https:\/\/www.schlosstirol.it\/wp-content\/uploads\/2018\/01\/schloss-tirol_peter-senoner-BOTANICALIRIOUS-001-Detail-c-705x470.jpg 705w, https:\/\/www.schlosstirol.it\/wp-content\/uploads\/2018\/01\/schloss-tirol_peter-senoner-BOTANICALIRIOUS-001-Detail-c-450x300.jpg 450w\" sizes=\"auto, (max-width: 1030px) 100vw, 1030px\" \/><\/div><\/a><a href=\"https:\/\/www.schlosstirol.it\/wp-content\/uploads\/2018\/01\/schloss-tirol_peter-senoner-Botanicalirious-01.jpg\" data-srcset=\"https:\/\/www.schlosstirol.it\/wp-content\/uploads\/2018\/01\/schloss-tirol_peter-senoner-Botanicalirious-01.jpg 534w, https:\/\/www.schlosstirol.it\/wp-content\/uploads\/2018\/01\/schloss-tirol_peter-senoner-Botanicalirious-01-200x300.jpg 200w, https:\/\/www.schlosstirol.it\/wp-content\/uploads\/2018\/01\/schloss-tirol_peter-senoner-Botanicalirious-01-471x705.jpg 471w, https:\/\/www.schlosstirol.it\/wp-content\/uploads\/2018\/01\/schloss-tirol_peter-senoner-Botanicalirious-01-450x674.jpg 450w\" data-sizes=\"(max-width: 534px) 100vw, 534px\" data-rel='gallery-3' data-prev-img='https:\/\/www.schlosstirol.it\/wp-content\/uploads\/2018\/01\/schloss-tirol_peter-senoner-Botanicalirious-01.jpg' class='first_thumb lightbox ' data-onclick='3' title=''  itemprop=\"thumbnailUrl\"  ><img decoding=\"async\" fetchpriority=\"high\" class=\"wp-image-1000 avia-img-lazy-loading-not-1000\"   src=\"https:\/\/www.schlosstirol.it\/wp-content\/uploads\/2018\/01\/schloss-tirol_peter-senoner-Botanicalirious-01-495x400.jpg\" width=\"495\" height=\"400\"  title='' alt='' srcset=\"https:\/\/www.schlosstirol.it\/wp-content\/uploads\/2018\/01\/schloss-tirol_peter-senoner-Botanicalirious-01-495x400.jpg 495w, https:\/\/www.schlosstirol.it\/wp-content\/uploads\/2018\/01\/schloss-tirol_peter-senoner-Botanicalirious-01-534x430.jpg 534w\" sizes=\"(max-width: 495px) 100vw, 495px\" \/><div class='big-prev-fake'><img decoding=\"async\" loading=\"lazy\" class=\"wp-image-1000 avia-img-lazy-loading-1000\"  width=\"534\" height=\"800\" src=\"https:\/\/www.schlosstirol.it\/wp-content\/uploads\/2018\/01\/schloss-tirol_peter-senoner-Botanicalirious-01.jpg\" title='' alt='' srcset=\"https:\/\/www.schlosstirol.it\/wp-content\/uploads\/2018\/01\/schloss-tirol_peter-senoner-Botanicalirious-01.jpg 534w, https:\/\/www.schlosstirol.it\/wp-content\/uploads\/2018\/01\/schloss-tirol_peter-senoner-Botanicalirious-01-200x300.jpg 200w, https:\/\/www.schlosstirol.it\/wp-content\/uploads\/2018\/01\/schloss-tirol_peter-senoner-Botanicalirious-01-471x705.jpg 471w, https:\/\/www.schlosstirol.it\/wp-content\/uploads\/2018\/01\/schloss-tirol_peter-senoner-Botanicalirious-01-450x674.jpg 450w\" sizes=\"auto, (max-width: 534px) 100vw, 534px\" \/><\/div><\/a><a href=\"https:\/\/www.schlosstirol.it\/wp-content\/uploads\/2018\/01\/schloss-tirol_peter-senoner-Botanicalirious-02.jpg\" data-srcset=\"https:\/\/www.schlosstirol.it\/wp-content\/uploads\/2018\/01\/schloss-tirol_peter-senoner-Botanicalirious-02.jpg 534w, https:\/\/www.schlosstirol.it\/wp-content\/uploads\/2018\/01\/schloss-tirol_peter-senoner-Botanicalirious-02-200x300.jpg 200w, https:\/\/www.schlosstirol.it\/wp-content\/uploads\/2018\/01\/schloss-tirol_peter-senoner-Botanicalirious-02-471x705.jpg 471w, https:\/\/www.schlosstirol.it\/wp-content\/uploads\/2018\/01\/schloss-tirol_peter-senoner-Botanicalirious-02-450x674.jpg 450w\" data-sizes=\"(max-width: 534px) 100vw, 534px\" data-rel='gallery-3' data-prev-img='https:\/\/www.schlosstirol.it\/wp-content\/uploads\/2018\/01\/schloss-tirol_peter-senoner-Botanicalirious-02.jpg' class='lightbox ' data-onclick='4' title=''  itemprop=\"thumbnailUrl\"  ><img decoding=\"async\" fetchpriority=\"high\" class=\"wp-image-1003 avia-img-lazy-loading-not-1003\"   src=\"https:\/\/www.schlosstirol.it\/wp-content\/uploads\/2018\/01\/schloss-tirol_peter-senoner-Botanicalirious-02-495x400.jpg\" width=\"495\" height=\"400\"  title='' alt='' srcset=\"https:\/\/www.schlosstirol.it\/wp-content\/uploads\/2018\/01\/schloss-tirol_peter-senoner-Botanicalirious-02-495x400.jpg 495w, https:\/\/www.schlosstirol.it\/wp-content\/uploads\/2018\/01\/schloss-tirol_peter-senoner-Botanicalirious-02-534x430.jpg 534w\" sizes=\"(max-width: 495px) 100vw, 495px\" \/><div class='big-prev-fake'><img decoding=\"async\" loading=\"lazy\" class=\"wp-image-1003 avia-img-lazy-loading-1003\"  width=\"534\" height=\"800\" src=\"https:\/\/www.schlosstirol.it\/wp-content\/uploads\/2018\/01\/schloss-tirol_peter-senoner-Botanicalirious-02.jpg\" title='' alt='' srcset=\"https:\/\/www.schlosstirol.it\/wp-content\/uploads\/2018\/01\/schloss-tirol_peter-senoner-Botanicalirious-02.jpg 534w, https:\/\/www.schlosstirol.it\/wp-content\/uploads\/2018\/01\/schloss-tirol_peter-senoner-Botanicalirious-02-200x300.jpg 200w, https:\/\/www.schlosstirol.it\/wp-content\/uploads\/2018\/01\/schloss-tirol_peter-senoner-Botanicalirious-02-471x705.jpg 471w, https:\/\/www.schlosstirol.it\/wp-content\/uploads\/2018\/01\/schloss-tirol_peter-senoner-Botanicalirious-02-450x674.jpg 450w\" sizes=\"auto, (max-width: 534px) 100vw, 534px\" \/><\/div><\/a><a href=\"https:\/\/www.schlosstirol.it\/wp-content\/uploads\/2018\/01\/schloss-tirol_peter-senoner-LUXS_Verona.jpg\" data-srcset=\"https:\/\/www.schlosstirol.it\/wp-content\/uploads\/2018\/01\/schloss-tirol_peter-senoner-LUXS_Verona.jpg 532w, https:\/\/www.schlosstirol.it\/wp-content\/uploads\/2018\/01\/schloss-tirol_peter-senoner-LUXS_Verona-200x300.jpg 200w, https:\/\/www.schlosstirol.it\/wp-content\/uploads\/2018\/01\/schloss-tirol_peter-senoner-LUXS_Verona-469x705.jpg 469w, https:\/\/www.schlosstirol.it\/wp-content\/uploads\/2018\/01\/schloss-tirol_peter-senoner-LUXS_Verona-450x677.jpg 450w\" data-sizes=\"(max-width: 532px) 100vw, 532px\" data-rel='gallery-3' data-prev-img='https:\/\/www.schlosstirol.it\/wp-content\/uploads\/2018\/01\/schloss-tirol_peter-senoner-LUXS_Verona.jpg' class='first_thumb lightbox ' data-onclick='5' title=''  itemprop=\"thumbnailUrl\"  ><img decoding=\"async\" fetchpriority=\"high\" class=\"wp-image-1012 avia-img-lazy-loading-not-1012\"   src=\"https:\/\/www.schlosstirol.it\/wp-content\/uploads\/2018\/01\/schloss-tirol_peter-senoner-LUXS_Verona-495x400.jpg\" width=\"495\" height=\"400\"  title='' alt='' srcset=\"https:\/\/www.schlosstirol.it\/wp-content\/uploads\/2018\/01\/schloss-tirol_peter-senoner-LUXS_Verona-495x400.jpg 495w, https:\/\/www.schlosstirol.it\/wp-content\/uploads\/2018\/01\/schloss-tirol_peter-senoner-LUXS_Verona-532x430.jpg 532w\" sizes=\"(max-width: 495px) 100vw, 495px\" \/><div class='big-prev-fake'><img decoding=\"async\" loading=\"lazy\" class=\"wp-image-1012 avia-img-lazy-loading-1012\"  width=\"532\" height=\"800\" src=\"https:\/\/www.schlosstirol.it\/wp-content\/uploads\/2018\/01\/schloss-tirol_peter-senoner-LUXS_Verona.jpg\" title='' alt='' srcset=\"https:\/\/www.schlosstirol.it\/wp-content\/uploads\/2018\/01\/schloss-tirol_peter-senoner-LUXS_Verona.jpg 532w, https:\/\/www.schlosstirol.it\/wp-content\/uploads\/2018\/01\/schloss-tirol_peter-senoner-LUXS_Verona-200x300.jpg 200w, https:\/\/www.schlosstirol.it\/wp-content\/uploads\/2018\/01\/schloss-tirol_peter-senoner-LUXS_Verona-469x705.jpg 469w, https:\/\/www.schlosstirol.it\/wp-content\/uploads\/2018\/01\/schloss-tirol_peter-senoner-LUXS_Verona-450x677.jpg 450w\" sizes=\"auto, (max-width: 532px) 100vw, 532px\" \/><\/div><\/a><a href=\"https:\/\/www.schlosstirol.it\/wp-content\/uploads\/2018\/01\/schloss-tirol_peter-senoner-Cor-108_b.jpg\" data-srcset=\"https:\/\/www.schlosstirol.it\/wp-content\/uploads\/2018\/01\/schloss-tirol_peter-senoner-Cor-108_b.jpg 655w, https:\/\/www.schlosstirol.it\/wp-content\/uploads\/2018\/01\/schloss-tirol_peter-senoner-Cor-108_b-246x300.jpg 246w, https:\/\/www.schlosstirol.it\/wp-content\/uploads\/2018\/01\/schloss-tirol_peter-senoner-Cor-108_b-577x705.jpg 577w, https:\/\/www.schlosstirol.it\/wp-content\/uploads\/2018\/01\/schloss-tirol_peter-senoner-Cor-108_b-450x550.jpg 450w\" data-sizes=\"(max-width: 655px) 100vw, 655px\" data-rel='gallery-3' data-prev-img='https:\/\/www.schlosstirol.it\/wp-content\/uploads\/2018\/01\/schloss-tirol_peter-senoner-Cor-108_b.jpg' class='lightbox ' data-onclick='6' title=''  itemprop=\"thumbnailUrl\"  ><img decoding=\"async\" fetchpriority=\"high\" class=\"wp-image-1006 avia-img-lazy-loading-not-1006\"   src=\"https:\/\/www.schlosstirol.it\/wp-content\/uploads\/2018\/01\/schloss-tirol_peter-senoner-Cor-108_b-495x400.jpg\" width=\"495\" height=\"400\"  title='' alt='' \/><div class='big-prev-fake'><img decoding=\"async\" loading=\"lazy\" class=\"wp-image-1006 avia-img-lazy-loading-1006\"  width=\"655\" height=\"800\" src=\"https:\/\/www.schlosstirol.it\/wp-content\/uploads\/2018\/01\/schloss-tirol_peter-senoner-Cor-108_b.jpg\" title='' alt='' srcset=\"https:\/\/www.schlosstirol.it\/wp-content\/uploads\/2018\/01\/schloss-tirol_peter-senoner-Cor-108_b.jpg 655w, https:\/\/www.schlosstirol.it\/wp-content\/uploads\/2018\/01\/schloss-tirol_peter-senoner-Cor-108_b-246x300.jpg 246w, https:\/\/www.schlosstirol.it\/wp-content\/uploads\/2018\/01\/schloss-tirol_peter-senoner-Cor-108_b-577x705.jpg 577w, https:\/\/www.schlosstirol.it\/wp-content\/uploads\/2018\/01\/schloss-tirol_peter-senoner-Cor-108_b-450x550.jpg 450w\" sizes=\"auto, (max-width: 655px) 100vw, 655px\" \/><\/div><\/a><a href=\"https:\/\/www.schlosstirol.it\/wp-content\/uploads\/2018\/01\/schloss-tirol_2017_BOTANICALIRIOUS-1-1030x687.jpg\" data-srcset=\"https:\/\/www.schlosstirol.it\/wp-content\/uploads\/2018\/01\/schloss-tirol_2017_BOTANICALIRIOUS-1.jpg 1030w, https:\/\/www.schlosstirol.it\/wp-content\/uploads\/2018\/01\/schloss-tirol_2017_BOTANICALIRIOUS-1-300x200.jpg 300w, https:\/\/www.schlosstirol.it\/wp-content\/uploads\/2018\/01\/schloss-tirol_2017_BOTANICALIRIOUS-1-768x512.jpg 768w, https:\/\/www.schlosstirol.it\/wp-content\/uploads\/2018\/01\/schloss-tirol_2017_BOTANICALIRIOUS-1-705x470.jpg 705w, https:\/\/www.schlosstirol.it\/wp-content\/uploads\/2018\/01\/schloss-tirol_2017_BOTANICALIRIOUS-1-450x300.jpg 450w\" data-sizes=\"(max-width: 1030px) 100vw, 1030px\" data-rel='gallery-3' data-prev-img='https:\/\/www.schlosstirol.it\/wp-content\/uploads\/2018\/01\/schloss-tirol_2017_BOTANICALIRIOUS-1.jpg' class='first_thumb lightbox ' data-onclick='7' title=''  itemprop=\"thumbnailUrl\"  ><img decoding=\"async\" fetchpriority=\"high\" class=\"wp-image-1491 avia-img-lazy-loading-not-1491\"   src=\"https:\/\/www.schlosstirol.it\/wp-content\/uploads\/2018\/01\/schloss-tirol_2017_BOTANICALIRIOUS-1-495x400.jpg\" width=\"495\" height=\"400\"  title='' alt='' srcset=\"https:\/\/www.schlosstirol.it\/wp-content\/uploads\/2018\/01\/schloss-tirol_2017_BOTANICALIRIOUS-1-495x400.jpg 495w, https:\/\/www.schlosstirol.it\/wp-content\/uploads\/2018\/01\/schloss-tirol_2017_BOTANICALIRIOUS-1-845x684.jpg 845w\" sizes=\"(max-width: 495px) 100vw, 495px\" \/><div class='big-prev-fake'><img decoding=\"async\" loading=\"lazy\" class=\"wp-image-1491 avia-img-lazy-loading-1491\"  width=\"1030\" height=\"687\" src=\"https:\/\/www.schlosstirol.it\/wp-content\/uploads\/2018\/01\/schloss-tirol_2017_BOTANICALIRIOUS-1.jpg\" title='' alt='' srcset=\"https:\/\/www.schlosstirol.it\/wp-content\/uploads\/2018\/01\/schloss-tirol_2017_BOTANICALIRIOUS-1.jpg 1030w, https:\/\/www.schlosstirol.it\/wp-content\/uploads\/2018\/01\/schloss-tirol_2017_BOTANICALIRIOUS-1-300x200.jpg 300w, https:\/\/www.schlosstirol.it\/wp-content\/uploads\/2018\/01\/schloss-tirol_2017_BOTANICALIRIOUS-1-768x512.jpg 768w, https:\/\/www.schlosstirol.it\/wp-content\/uploads\/2018\/01\/schloss-tirol_2017_BOTANICALIRIOUS-1-705x470.jpg 705w, https:\/\/www.schlosstirol.it\/wp-content\/uploads\/2018\/01\/schloss-tirol_2017_BOTANICALIRIOUS-1-450x300.jpg 450w\" sizes=\"auto, (max-width: 1030px) 100vw, 1030px\" \/><\/div><\/a><a href=\"https:\/\/www.schlosstirol.it\/wp-content\/uploads\/2018\/01\/schloss-tirol_2017_BOTANICALIRIOUS-2.jpg\" data-srcset=\"https:\/\/www.schlosstirol.it\/wp-content\/uploads\/2018\/01\/schloss-tirol_2017_BOTANICALIRIOUS-2.jpg 533w, https:\/\/www.schlosstirol.it\/wp-content\/uploads\/2018\/01\/schloss-tirol_2017_BOTANICALIRIOUS-2-200x300.jpg 200w, https:\/\/www.schlosstirol.it\/wp-content\/uploads\/2018\/01\/schloss-tirol_2017_BOTANICALIRIOUS-2-470x705.jpg 470w, https:\/\/www.schlosstirol.it\/wp-content\/uploads\/2018\/01\/schloss-tirol_2017_BOTANICALIRIOUS-2-450x675.jpg 450w\" data-sizes=\"(max-width: 533px) 100vw, 533px\" data-rel='gallery-3' data-prev-img='https:\/\/www.schlosstirol.it\/wp-content\/uploads\/2018\/01\/schloss-tirol_2017_BOTANICALIRIOUS-2.jpg' class='lightbox ' data-onclick='8' title=''  itemprop=\"thumbnailUrl\"  ><img decoding=\"async\" fetchpriority=\"high\" class=\"wp-image-1494 avia-img-lazy-loading-not-1494\"   src=\"https:\/\/www.schlosstirol.it\/wp-content\/uploads\/2018\/01\/schloss-tirol_2017_BOTANICALIRIOUS-2-495x400.jpg\" width=\"495\" height=\"400\"  title='' alt='' srcset=\"https:\/\/www.schlosstirol.it\/wp-content\/uploads\/2018\/01\/schloss-tirol_2017_BOTANICALIRIOUS-2-495x400.jpg 495w, https:\/\/www.schlosstirol.it\/wp-content\/uploads\/2018\/01\/schloss-tirol_2017_BOTANICALIRIOUS-2-533x430.jpg 533w\" sizes=\"(max-width: 495px) 100vw, 495px\" \/><div class='big-prev-fake'><img decoding=\"async\" loading=\"lazy\" class=\"wp-image-1494 avia-img-lazy-loading-1494\"  width=\"533\" height=\"800\" src=\"https:\/\/www.schlosstirol.it\/wp-content\/uploads\/2018\/01\/schloss-tirol_2017_BOTANICALIRIOUS-2.jpg\" title='' alt='' srcset=\"https:\/\/www.schlosstirol.it\/wp-content\/uploads\/2018\/01\/schloss-tirol_2017_BOTANICALIRIOUS-2.jpg 533w, https:\/\/www.schlosstirol.it\/wp-content\/uploads\/2018\/01\/schloss-tirol_2017_BOTANICALIRIOUS-2-200x300.jpg 200w, https:\/\/www.schlosstirol.it\/wp-content\/uploads\/2018\/01\/schloss-tirol_2017_BOTANICALIRIOUS-2-470x705.jpg 470w, https:\/\/www.schlosstirol.it\/wp-content\/uploads\/2018\/01\/schloss-tirol_2017_BOTANICALIRIOUS-2-450x675.jpg 450w\" sizes=\"auto, (max-width: 533px) 100vw, 533px\" \/><\/div><\/a><\/div><\/div><\/div>\n<style type=\"text\/css\" data-created_by=\"avia_inline_auto\" id=\"style-css-av-5lgh47-9f6dd653cd76c7d8541c8eb313112978\">\n.flex_column.av-5lgh47-9f6dd653cd76c7d8541c8eb313112978{\nborder-radius:0px 0px 0px 0px;\npadding:30px 0 30px 0;\n}\n<\/style>\n<div  class='flex_column av-5lgh47-9f6dd653cd76c7d8541c8eb313112978 av_two_third  avia-builder-el-16  el_after_av_one_third  avia-builder-el-last  flex_column_div  '     ><p>\n<style type=\"text\/css\" data-created_by=\"avia_inline_auto\" id=\"style-css-av-jn1iuxda-b3ad3ec7c5000fbe88170c7042791477\">\n#top .av-special-heading.av-jn1iuxda-b3ad3ec7c5000fbe88170c7042791477{\npadding-bottom:20px;\n}\nbody .av-special-heading.av-jn1iuxda-b3ad3ec7c5000fbe88170c7042791477 .av-special-heading-tag .heading-char{\nfont-size:25px;\n}\n.av-special-heading.av-jn1iuxda-b3ad3ec7c5000fbe88170c7042791477 .av-subheading{\nfont-size:21px;\n}\n<\/style>\n<div  class='av-special-heading av-jn1iuxda-b3ad3ec7c5000fbe88170c7042791477 av-special-heading-h2 blockquote modern-quote  avia-builder-el-17  el_before_av_textblock  avia-builder-el-first '><h2 class='av-special-heading-tag '  itemprop=\"headline\"  >Peter Senoner &#8211; BOTANICALIRIOUS<\/h2><div class='av-subheading av-subheading_below'><p>07.10.2017 &#8211; 26.08.2018<\/p>\n<\/div><div class=\"special-heading-border\"><div class=\"special-heading-inner-border\"><\/div><\/div><\/div><br \/>\n<section  class='av_textblock_section av-33u3fb-bcba6cb8a848f36b587690886dd8c818 '   itemscope=\"itemscope\" itemtype=\"https:\/\/schema.org\/CreativeWork\" ><div class='avia_textblock'  itemprop=\"text\" ><p>Peter Senoner, sia nei panni di disegnatore che in quelli di scultore, \u00e8 ossessionato dal corpo umano. Ed \u00e8, sia nei panni di disegnatore che in quelli di scultore, un artista dell\u2019ibrido. Entrambe le definizioni sono attualmente al centro di intensi dibattiti. Posizioni radicali del Postumanesimo aspirano al superamento del corpo, ritenuto incompleto a livello percettivo, al motto della \u201ccybernizzazione dell\u2019uomo\u201d, visto come il prossimo grande salto della civilizzazione; i critici vedono in un progressivo disincarnato Io, la scomparsa del corpo stesso.<br \/>\nMolto presto, in un passato quasi profetico, Peter Senoner si \u00e8 confrontato con i moderni mezzi di digitalizzazione e le biotecnologie. Quando, all\u2019inizio del nuovo millennio, espose per la prima volta le sue sculture dai corpi ibridi, ebbero ancora l\u2019effetto di utopie fantascientifiche, oggi \u00e8 evidente che esse siano anche creature della finzione come la realt\u00e0 sociale.<br \/>\nAgli albori dello sviluppo artistico di Peter Senoner, tuttavia, non esistevano ancora questi dibattiti, ma un\u2019ossessione quasi maniacale per il corpo umano. Questa mania \u00e8 emersa inizialmente attraverso il disegno. Anthony Gormley, uno dei suoi maestri all\u2019Accademia di Monaco di Baviera, gli procur\u00f2 un proprio modello, con il quale produsse su carta nudi a grandezza naturale. Allo stesso tempo si dedic\u00f2 alla costruzione di macchinari, la sua seconda ossessione \u2013 per il movimento e i processi automatizzati.<br \/>\nLa fusione di queste due ossessioni fu resa possibile grazie al legno e paradossalmente ad un luogo che mai richiamerebbe all\u2019antica arte dell\u2019intaglio e al suo malinconico legame con la terra natia: New York. Nella capitale mondiale dell\u2019arte internazionale ritrova il materiale della bottega paterna. I motivi erano tutt\u2019altro che di natura nostalgica. Il legno era autentico, nel mondo delle arti dominato da materiali plastici di ogni tipo, e consentiva una precisione formale propria anche dei suoi meticolosi disegni.<br \/>\nGli attributi delle sue figure uomo\/macchina, le loro escrescenze \u201ctecnoidi\u201d delle teste \u2013 tutte le sue sculture sono testa-corpo, mentre le altre funzioni corporee sembrano essere superflue come per i cyborg \u2013, la loro asessualit\u00e0, il loro radicale rifiuto di un\u2019identit\u00e0 umana caratterizzante, anticipano realt\u00e0 future, che gi\u00e0 prendono forma nella biologia e nelle cyberscienze. A Castel Tirolo l\u2019imponente COR, che da un basamento di cinque metri avvolto da una fune metallica guarda Merano dall\u2019alto in basso, rimane in un corpo al limite tra lo stato umano e postumano, in bilico tra il Non-Pi\u00f9 e il Non-Ancora.<\/p>\n<p>I disegni<\/p>\n<p>L\u2019ibrido e sua sorella maggiore, la metamorfosi, costituiscono anche il concetto artistico fondamentale dei disegni di Peter Senoner. I lavori di grande formato (250 x 125 cm) nel mastio di Castel Tirolo sono, cos\u00ec come il titolo \u201cBotanicalirious\u201d (una crasi tra i termini \u201cbotanical\u201d e \u201cdelirious\u201d), ibridi di per s\u00e9. A differenza delle sue sculture, nei disegni non fonde uomo e macchina, ma permette a uomini e piante di diventare un tutt\u2019uno.<br \/>\nIl punto di partenza sono classici disegni di nudo. Come ai tempi in cui era studente, disegna in maniera accademica sul modello, per poi cercare all\u2019aperto una pianta, un ramo o un fiore, che combina virtuosamente e in maniera fedelmente dettagliata col corpo disegnato. I corpi dominano lo spazio pittorico, ma le linee di contorno eseguite minuziosamente tendono al dissolvimento della forma. S\u2019intersecano, si mischiano, si sovrappongono, escono dai margini, dai corpi attraverso corpi su altri corpi. Fluttuano in un mondo senza prospettive, diventano creature invase da loro stesse, che cambiano la loro forma in una vertigine continua. Non esiste alcun Sopra n\u00e9 Sotto, i corpi saltano qua e l\u00e0, senza alcun principio statico.<br \/>\nQuesti corpi analogici riflettono infinitamente il vortice digitale di mondi virtuali. Dietro ad ogni immagine si apre, come su un monitor, un\u2019ulteriore immagine. Come un\u2019interfaccia, l\u2019immagine collega il senso d\u2019orientamento digitale senza luogo, nel quale non esiste un assestamento definitivo e dove i contenuti mutano continuamente il contesto, con il mondo fisico.<br \/>\nIn contrasto con il mondo dei corpi polimorfi, che sta con una gamba nel virtuale, il mondo vegetale insiste sulla sua presenza chiara e sensoriale. \u00c8 questo continuo mutare tra spessore materiale, zone vuote \u2013 intere parti rimangono non lavorate \u2013 dettagli grafici dal tratto deciso e lavatura pittoricamente fugace, che conferisce alle immagini la loro tensione.<br \/>\nFormalmente si tratta di disegni \u2013 Senoner utilizza nient\u2019altro se non la grafite \u2013, ma anche nei panni di disegnatore si avvicina alla scultura. Intere parti della superficie pittorica sono trattate con carta vetrata, che le rende ruvide, screpolate e dalla materialit\u00e0 turbolenta. L\u2019elemento ibrido penetra anche nel metodo scultoreo del disegno. Dare idea a questa forma \u2013 questo \u00e8 ci\u00f2 che accade nei disegni di Senoner.<\/p>\n<p>Heinrich Schwazer<\/p>\n<p>La mostra sar\u00e0 nuovamente visitabile dopo la chiusura invernale del museo a partire dal 15.03.2018 e fino al 16.09.2018.<\/p>\n<\/div><\/section><\/p><\/div>\n<\/p>\n<div  class='avia-button-wrap avia-button-center  avia-builder-el-19  el_after_av_section  avia-builder-el-last '>\n<style type=\"text\/css\" data-created_by=\"avia_inline_auto\" id=\"style-css-av-jlxtewdk-e9f249e147dddbb9f473678bd4929010\">\n#top #wrap_all .avia-button.av-jlxtewdk-e9f249e147dddbb9f473678bd4929010{\ncolor:#ffffff;\ntransition:all 0.4s ease-in-out;\n}\n#top #wrap_all .avia-button.av-jlxtewdk-e9f249e147dddbb9f473678bd4929010:hover{\ncolor:#ffffff;\ntransition:all 0.4s ease-in-out;\n}\n#top #wrap_all .avia-button.av-jlxtewdk-e9f249e147dddbb9f473678bd4929010 .avia-svg-icon svg:first-child{\nfill:#ffffff;\nstroke:#ffffff;\n}\n#top #wrap_all .avia-button.av-jlxtewdk-e9f249e147dddbb9f473678bd4929010:hover .avia-svg-icon svg:first-child{\nfill:#ffffff;\nstroke:#ffffff;\n}\n<\/style>\n<a href='' class='avia-color-theme-color avia-button avia-button-fullwidth av-jlxtewdk-e9f249e147dddbb9f473678bd4929010 avia-icon_select-yes-left-icon avia-color-theme-color'   aria-label=\"ARCHIVIO MOSTRE\"><span class='avia_button_icon avia_button_icon_left avia-svg-icon avia-font-svg_entypo-fontello' data-av_svg_icon='archive' data-av_iconset='svg_entypo-fontello'><svg version=\"1.1\" xmlns=\"http:\/\/www.w3.org\/2000\/svg\" width=\"31\" height=\"32\" viewBox=\"0 0 31 32\" preserveAspectRatio=\"xMidYMid meet\" aria-labelledby='av-svg-title-1' aria-describedby='av-svg-desc-1' role=\"graphics-symbol\">\n<title id='av-svg-title-1'>Archive<\/title>\n<desc id='av-svg-desc-1'>Archive<\/desc>\n<path d=\"M26.88 8v1.6h-22.272v-1.6q0-0.704 0.416-1.12t0.8-0.48h19.456q0.192 0 0.448 0.032t0.704 0.448 0.448 1.12zM22.144 3.2q0.192 0 0.448 0.032t0.704 0.448 0.448 1.12h-15.936q0-0.704 0.416-1.12t0.8-0.48h13.12zM30.080 9.6q1.088 1.024 1.216 1.472 0.192 0.576 0 1.728l-2.432 14.4q-0.128 0.704-0.64 1.12t-0.896 0.48h-22.72q-1.664 0-1.92-1.6-0.192-0.832-1.248-7.136t-1.248-7.264q-0.32-0.704-0.096-1.408t0.32-0.832 0.672-0.64l1.28-1.28v2.56h26.752v-2.56zM22.144 18.24v-3.2h-2.24v2.56h-8.32v-2.56h-2.176v3.2q0 1.6 1.536 1.6h9.6q0.704 0 1.12-0.384t0.416-0.768z\"><\/path>\n<\/svg><\/span><span class='avia_iconbox_title' >ARCHIVIO MOSTRE<\/span><span class='avia_button_background avia-button avia-button-fullwidth avia-color-theme-color-highlight'><\/span><\/a><\/div>\n","protected":false},"excerpt":{"rendered":"","protected":false},"author":1,"featured_media":1579,"comment_status":"closed","ping_status":"closed","template":"","meta":{"footnotes":""},"tags":[],"portfolio_entries":[80],"class_list":["post-2462","portfolio","type-portfolio","status-publish","has-post-thumbnail","hentry","portfolio_entries-ausstellungen-2017-it"],"yoast_head":"<!-- This site is optimized with the Yoast SEO plugin v27.5 - https:\/\/yoast.com\/product\/yoast-seo-wordpress\/ -->\n<title>Mostre 2017 - Castel Tirolo - Museo storico-culturale (BZ)<\/title>\n<meta name=\"description\" content=\"Castel Tirolo mostre 2017\" \/>\n<meta name=\"robots\" content=\"index, follow, max-snippet:-1, max-image-preview:large, max-video-preview:-1\" \/>\n<link rel=\"canonical\" href=\"https:\/\/www.schlosstirol.it\/it\/museo-provinciale-alto-adige\/mostre-2017\/\" \/>\n<meta property=\"og:locale\" content=\"it_IT\" \/>\n<meta property=\"og:type\" content=\"article\" \/>\n<meta property=\"og:title\" content=\"Mostre 2017 - Castel Tirolo - Museo storico-culturale (BZ)\" \/>\n<meta property=\"og:description\" content=\"Castel Tirolo mostre 2017\" \/>\n<meta property=\"og:url\" content=\"https:\/\/www.schlosstirol.it\/it\/museo-provinciale-alto-adige\/mostre-2017\/\" \/>\n<meta property=\"og:site_name\" content=\"Castel Tirolo - Museo storico-culturale (BZ)\" \/>\n<meta property=\"article:publisher\" content=\"https:\/\/www.facebook.com\/schlosstirol.casteltirolo\" \/>\n<meta property=\"article:modified_time\" content=\"2018-12-05T15:44:12+00:00\" \/>\n<meta property=\"og:image\" content=\"https:\/\/www.schlosstirol.it\/wp-content\/uploads\/2018\/03\/schloss-tirol_2017_CARDO-1_Foto-Georg-Tappeiner-thumb.jpg\" \/>\n\t<meta property=\"og:image:width\" content=\"1030\" \/>\n\t<meta property=\"og:image:height\" content=\"687\" \/>\n\t<meta property=\"og:image:type\" content=\"image\/jpeg\" \/>\n<meta name=\"twitter:card\" content=\"summary_large_image\" \/>\n<meta name=\"twitter:label1\" content=\"Tempo di lettura stimato\" \/>\n\t<meta name=\"twitter:data1\" content=\"14 minuti\" \/>\n<script type=\"application\/ld+json\" class=\"yoast-schema-graph\">{\"@context\":\"https:\\\/\\\/schema.org\",\"@graph\":[{\"@type\":\"WebPage\",\"@id\":\"https:\\\/\\\/www.schlosstirol.it\\\/it\\\/museo-provinciale-alto-adige\\\/mostre-2017\\\/\",\"url\":\"https:\\\/\\\/www.schlosstirol.it\\\/it\\\/museo-provinciale-alto-adige\\\/mostre-2017\\\/\",\"name\":\"Mostre 2017 - Castel Tirolo - Museo storico-culturale (BZ)\",\"isPartOf\":{\"@id\":\"https:\\\/\\\/www.schlosstirol.it\\\/it\\\/#website\"},\"primaryImageOfPage\":{\"@id\":\"https:\\\/\\\/www.schlosstirol.it\\\/it\\\/museo-provinciale-alto-adige\\\/mostre-2017\\\/#primaryimage\"},\"image\":{\"@id\":\"https:\\\/\\\/www.schlosstirol.it\\\/it\\\/museo-provinciale-alto-adige\\\/mostre-2017\\\/#primaryimage\"},\"thumbnailUrl\":\"https:\\\/\\\/www.schlosstirol.it\\\/wp-content\\\/uploads\\\/2018\\\/03\\\/schloss-tirol_2017_CARDO-1_Foto-Georg-Tappeiner-thumb.jpg\",\"datePublished\":\"2018-03-07T14:59:14+00:00\",\"dateModified\":\"2018-12-05T15:44:12+00:00\",\"description\":\"Castel Tirolo mostre 2017\",\"breadcrumb\":{\"@id\":\"https:\\\/\\\/www.schlosstirol.it\\\/it\\\/museo-provinciale-alto-adige\\\/mostre-2017\\\/#breadcrumb\"},\"inLanguage\":\"it-IT\",\"potentialAction\":[{\"@type\":\"ReadAction\",\"target\":[\"https:\\\/\\\/www.schlosstirol.it\\\/it\\\/museo-provinciale-alto-adige\\\/mostre-2017\\\/\"]}]},{\"@type\":\"ImageObject\",\"inLanguage\":\"it-IT\",\"@id\":\"https:\\\/\\\/www.schlosstirol.it\\\/it\\\/museo-provinciale-alto-adige\\\/mostre-2017\\\/#primaryimage\",\"url\":\"https:\\\/\\\/www.schlosstirol.it\\\/wp-content\\\/uploads\\\/2018\\\/03\\\/schloss-tirol_2017_CARDO-1_Foto-Georg-Tappeiner-thumb.jpg\",\"contentUrl\":\"https:\\\/\\\/www.schlosstirol.it\\\/wp-content\\\/uploads\\\/2018\\\/03\\\/schloss-tirol_2017_CARDO-1_Foto-Georg-Tappeiner-thumb.jpg\",\"width\":1030,\"height\":687,\"caption\":\"Mostre 2017\"},{\"@type\":\"BreadcrumbList\",\"@id\":\"https:\\\/\\\/www.schlosstirol.it\\\/it\\\/museo-provinciale-alto-adige\\\/mostre-2017\\\/#breadcrumb\",\"itemListElement\":[{\"@type\":\"ListItem\",\"position\":1,\"name\":\"Startseite\",\"item\":\"https:\\\/\\\/www.schlosstirol.it\\\/it\\\/castel-tirolo\\\/\"},{\"@type\":\"ListItem\",\"position\":2,\"name\":\"Mostre 2017\"}]},{\"@type\":\"WebSite\",\"@id\":\"https:\\\/\\\/www.schlosstirol.it\\\/it\\\/#website\",\"url\":\"https:\\\/\\\/www.schlosstirol.it\\\/it\\\/\",\"name\":\"Castel Tirolo - Museo storico-culturale (BZ)\",\"description\":\"Museo storico-culturale della Provincia di Bolzano\",\"publisher\":{\"@id\":\"https:\\\/\\\/www.schlosstirol.it\\\/it\\\/#organization\"},\"potentialAction\":[{\"@type\":\"SearchAction\",\"target\":{\"@type\":\"EntryPoint\",\"urlTemplate\":\"https:\\\/\\\/www.schlosstirol.it\\\/it\\\/?s={search_term_string}\"},\"query-input\":{\"@type\":\"PropertyValueSpecification\",\"valueRequired\":true,\"valueName\":\"search_term_string\"}}],\"inLanguage\":\"it-IT\"},{\"@type\":\"Organization\",\"@id\":\"https:\\\/\\\/www.schlosstirol.it\\\/it\\\/#organization\",\"name\":\"Castel Tirolo\",\"url\":\"https:\\\/\\\/www.schlosstirol.it\\\/it\\\/\",\"logo\":{\"@type\":\"ImageObject\",\"inLanguage\":\"it-IT\",\"@id\":\"https:\\\/\\\/www.schlosstirol.it\\\/it\\\/#\\\/schema\\\/logo\\\/image\\\/\",\"url\":\"https:\\\/\\\/www.schlosstirol.it\\\/wp-content\\\/uploads\\\/2018\\\/09\\\/schloss-tirol_logo-impressum.png\",\"contentUrl\":\"https:\\\/\\\/www.schlosstirol.it\\\/wp-content\\\/uploads\\\/2018\\\/09\\\/schloss-tirol_logo-impressum.png\",\"width\":1030,\"height\":687,\"caption\":\"Castel Tirolo\"},\"image\":{\"@id\":\"https:\\\/\\\/www.schlosstirol.it\\\/it\\\/#\\\/schema\\\/logo\\\/image\\\/\"},\"sameAs\":[\"https:\\\/\\\/www.facebook.com\\\/schlosstirol.casteltirolo\"]}]}<\/script>\n<!-- \/ Yoast SEO plugin. -->","yoast_head_json":{"title":"Mostre 2017 - Castel Tirolo - Museo storico-culturale (BZ)","description":"Castel Tirolo mostre 2017","robots":{"index":"index","follow":"follow","max-snippet":"max-snippet:-1","max-image-preview":"max-image-preview:large","max-video-preview":"max-video-preview:-1"},"canonical":"https:\/\/www.schlosstirol.it\/it\/museo-provinciale-alto-adige\/mostre-2017\/","og_locale":"it_IT","og_type":"article","og_title":"Mostre 2017 - Castel Tirolo - Museo storico-culturale (BZ)","og_description":"Castel Tirolo mostre 2017","og_url":"https:\/\/www.schlosstirol.it\/it\/museo-provinciale-alto-adige\/mostre-2017\/","og_site_name":"Castel Tirolo - Museo storico-culturale (BZ)","article_publisher":"https:\/\/www.facebook.com\/schlosstirol.casteltirolo","article_modified_time":"2018-12-05T15:44:12+00:00","og_image":[{"width":1030,"height":687,"url":"https:\/\/www.schlosstirol.it\/wp-content\/uploads\/2018\/03\/schloss-tirol_2017_CARDO-1_Foto-Georg-Tappeiner-thumb.jpg","type":"image\/jpeg"}],"twitter_card":"summary_large_image","twitter_misc":{"Tempo di lettura stimato":"14 minuti"},"schema":{"@context":"https:\/\/schema.org","@graph":[{"@type":"WebPage","@id":"https:\/\/www.schlosstirol.it\/it\/museo-provinciale-alto-adige\/mostre-2017\/","url":"https:\/\/www.schlosstirol.it\/it\/museo-provinciale-alto-adige\/mostre-2017\/","name":"Mostre 2017 - Castel Tirolo - Museo storico-culturale (BZ)","isPartOf":{"@id":"https:\/\/www.schlosstirol.it\/it\/#website"},"primaryImageOfPage":{"@id":"https:\/\/www.schlosstirol.it\/it\/museo-provinciale-alto-adige\/mostre-2017\/#primaryimage"},"image":{"@id":"https:\/\/www.schlosstirol.it\/it\/museo-provinciale-alto-adige\/mostre-2017\/#primaryimage"},"thumbnailUrl":"https:\/\/www.schlosstirol.it\/wp-content\/uploads\/2018\/03\/schloss-tirol_2017_CARDO-1_Foto-Georg-Tappeiner-thumb.jpg","datePublished":"2018-03-07T14:59:14+00:00","dateModified":"2018-12-05T15:44:12+00:00","description":"Castel Tirolo mostre 2017","breadcrumb":{"@id":"https:\/\/www.schlosstirol.it\/it\/museo-provinciale-alto-adige\/mostre-2017\/#breadcrumb"},"inLanguage":"it-IT","potentialAction":[{"@type":"ReadAction","target":["https:\/\/www.schlosstirol.it\/it\/museo-provinciale-alto-adige\/mostre-2017\/"]}]},{"@type":"ImageObject","inLanguage":"it-IT","@id":"https:\/\/www.schlosstirol.it\/it\/museo-provinciale-alto-adige\/mostre-2017\/#primaryimage","url":"https:\/\/www.schlosstirol.it\/wp-content\/uploads\/2018\/03\/schloss-tirol_2017_CARDO-1_Foto-Georg-Tappeiner-thumb.jpg","contentUrl":"https:\/\/www.schlosstirol.it\/wp-content\/uploads\/2018\/03\/schloss-tirol_2017_CARDO-1_Foto-Georg-Tappeiner-thumb.jpg","width":1030,"height":687,"caption":"Mostre 2017"},{"@type":"BreadcrumbList","@id":"https:\/\/www.schlosstirol.it\/it\/museo-provinciale-alto-adige\/mostre-2017\/#breadcrumb","itemListElement":[{"@type":"ListItem","position":1,"name":"Startseite","item":"https:\/\/www.schlosstirol.it\/it\/castel-tirolo\/"},{"@type":"ListItem","position":2,"name":"Mostre 2017"}]},{"@type":"WebSite","@id":"https:\/\/www.schlosstirol.it\/it\/#website","url":"https:\/\/www.schlosstirol.it\/it\/","name":"Castel Tirolo - Museo storico-culturale (BZ)","description":"Museo storico-culturale della Provincia di Bolzano","publisher":{"@id":"https:\/\/www.schlosstirol.it\/it\/#organization"},"potentialAction":[{"@type":"SearchAction","target":{"@type":"EntryPoint","urlTemplate":"https:\/\/www.schlosstirol.it\/it\/?s={search_term_string}"},"query-input":{"@type":"PropertyValueSpecification","valueRequired":true,"valueName":"search_term_string"}}],"inLanguage":"it-IT"},{"@type":"Organization","@id":"https:\/\/www.schlosstirol.it\/it\/#organization","name":"Castel Tirolo","url":"https:\/\/www.schlosstirol.it\/it\/","logo":{"@type":"ImageObject","inLanguage":"it-IT","@id":"https:\/\/www.schlosstirol.it\/it\/#\/schema\/logo\/image\/","url":"https:\/\/www.schlosstirol.it\/wp-content\/uploads\/2018\/09\/schloss-tirol_logo-impressum.png","contentUrl":"https:\/\/www.schlosstirol.it\/wp-content\/uploads\/2018\/09\/schloss-tirol_logo-impressum.png","width":1030,"height":687,"caption":"Castel Tirolo"},"image":{"@id":"https:\/\/www.schlosstirol.it\/it\/#\/schema\/logo\/image\/"},"sameAs":["https:\/\/www.facebook.com\/schlosstirol.casteltirolo"]}]}},"_links":{"self":[{"href":"https:\/\/www.schlosstirol.it\/it\/wp-json\/wp\/v2\/portfolio\/2462","targetHints":{"allow":["GET"]}}],"collection":[{"href":"https:\/\/www.schlosstirol.it\/it\/wp-json\/wp\/v2\/portfolio"}],"about":[{"href":"https:\/\/www.schlosstirol.it\/it\/wp-json\/wp\/v2\/types\/portfolio"}],"author":[{"embeddable":true,"href":"https:\/\/www.schlosstirol.it\/it\/wp-json\/wp\/v2\/users\/1"}],"replies":[{"embeddable":true,"href":"https:\/\/www.schlosstirol.it\/it\/wp-json\/wp\/v2\/comments?post=2462"}],"version-history":[{"count":0,"href":"https:\/\/www.schlosstirol.it\/it\/wp-json\/wp\/v2\/portfolio\/2462\/revisions"}],"wp:featuredmedia":[{"embeddable":true,"href":"https:\/\/www.schlosstirol.it\/it\/wp-json\/wp\/v2\/media\/1579"}],"wp:attachment":[{"href":"https:\/\/www.schlosstirol.it\/it\/wp-json\/wp\/v2\/media?parent=2462"}],"wp:term":[{"taxonomy":"post_tag","embeddable":true,"href":"https:\/\/www.schlosstirol.it\/it\/wp-json\/wp\/v2\/tags?post=2462"},{"taxonomy":"portfolio_entries","embeddable":true,"href":"https:\/\/www.schlosstirol.it\/it\/wp-json\/wp\/v2\/portfolio_entries?post=2462"}],"curies":[{"name":"wp","href":"https:\/\/api.w.org\/{rel}","templated":true}]}}