{"id":2464,"date":"2018-03-07T13:29:40","date_gmt":"2018-03-07T12:29:40","guid":{"rendered":"http:\/\/andale.info\/schloss2\/?post_type=portfolio&#038;p=2464"},"modified":"2018-10-09T16:06:58","modified_gmt":"2018-10-09T14:06:58","slug":"mostre-prima-del-2003","status":"publish","type":"portfolio","link":"https:\/\/www.schlosstirol.it\/it\/museo-provinciale-alto-adige\/mostre-prima-del-2003\/","title":{"rendered":"Mostre prima del 2003"},"content":{"rendered":"<div id='full_slider_1'  class='avia-fullwidth-slider main_color avia-shadow   avia-builder-el-0  el_before_av_section  avia-builder-el-first   container_wrap fullsize'  >\n<style type=\"text\/css\" data-created_by=\"avia_inline_auto\" id=\"style-css-av-3sq56lf-c4a26afb03338963c115c8772a1f3f1f\">\n#top #wrap_all .avia-slideshow .av-slideshow-caption.av-3sq56lf-c4a26afb03338963c115c8772a1f3f1f__0 .avia-caption-title{\nfont-size:50px;\n}\n<\/style>\n<div  class='avia-slideshow av-3sq56lf-c4a26afb03338963c115c8772a1f3f1f avia-slideshow-featured_large av_slideshow_full avia-fade-slider av-slideshow-ui av-control-hidden av-no-slider-navigation av-hide-nav-arrows av-slideshow-autoplay av-loop-endless av-loop-manual-endless av-default-height-applied   avia-slideshow-1' data-slideshow-options=\"{&quot;animation&quot;:&quot;fade&quot;,&quot;autoplay&quot;:true,&quot;loop_autoplay&quot;:&quot;endless&quot;,&quot;interval&quot;:5,&quot;loop_manual&quot;:&quot;manual-endless&quot;,&quot;autoplay_stopper&quot;:false,&quot;noNavigation&quot;:true,&quot;bg_slider&quot;:false,&quot;keep_padding&quot;:false,&quot;hoverpause&quot;:false,&quot;show_slide_delay&quot;:0}\"  itemprop=\"image\" itemscope=\"itemscope\" itemtype=\"https:\/\/schema.org\/ImageObject\" ><ul class='avia-slideshow-inner ' style='padding-bottom: 42%;'><li  class='avia-slideshow-slide av-3sq56lf-c4a26afb03338963c115c8772a1f3f1f__0  av-single-slide slide-1 slide-odd'><a href=\"#wuerfel-waffen-zauberflaschen\"  data-rel='slideshow-1' class='avia-slide-wrap '   ><div class='av-slideshow-caption av-3sq56lf-c4a26afb03338963c115c8772a1f3f1f__0 caption_fullwidth caption_left'><div class=\"container caption_container\"><div class=\"slideshow_caption\"><div class=\"slideshow_inner_caption\"><div class=\"slideshow_align_caption\"><h2 class='avia-caption-title '  itemprop=\"name\" >Ausstellungen vor 2003<\/h2><\/div><\/div><\/div><\/div><\/div><img decoding=\"async\" fetchpriority=\"high\" class=\"wp-image-326 avia-img-lazy-loading-not-326\"  src=\"https:\/\/www.schlosstirol.it\/wp-content\/uploads\/2018\/01\/schloss-tirol_header-ausstellungen.jpg\" width=\"1500\" height=\"630\" title='' alt=''  itemprop=\"thumbnailUrl\"  style='min-height:300px; min-width:715px; ' srcset=\"https:\/\/www.schlosstirol.it\/wp-content\/uploads\/2018\/01\/schloss-tirol_header-ausstellungen.jpg 1500w, https:\/\/www.schlosstirol.it\/wp-content\/uploads\/2018\/01\/schloss-tirol_header-ausstellungen-300x126.jpg 300w, https:\/\/www.schlosstirol.it\/wp-content\/uploads\/2018\/01\/schloss-tirol_header-ausstellungen-768x323.jpg 768w, https:\/\/www.schlosstirol.it\/wp-content\/uploads\/2018\/01\/schloss-tirol_header-ausstellungen-1030x433.jpg 1030w, https:\/\/www.schlosstirol.it\/wp-content\/uploads\/2018\/01\/schloss-tirol_header-ausstellungen-705x296.jpg 705w, https:\/\/www.schlosstirol.it\/wp-content\/uploads\/2018\/01\/schloss-tirol_header-ausstellungen-450x189.jpg 450w\" sizes=\"(max-width: 1500px) 100vw, 1500px\" \/><\/a><\/li><\/ul><\/div><\/div>\n<div id='wuerfel-waffen-zauberflaschen'  class='avia-section av-3pqk5kz-3561e952e6f03293dbffdeaf902002cb main_color avia-section-default avia-no-border-styling  avia-builder-el-1  el_after_av_slideshow_full  el_before_av_section  avia-bg-style-scroll container_wrap fullsize'  ><div class='container av-section-cont-open' ><div class='template-page content  av-content-full alpha units'><div class='post-entry post-entry-type-page post-entry-2464'><div class='entry-content-wrapper clearfix'>\n\n<style type=\"text\/css\" data-created_by=\"avia_inline_auto\" id=\"style-css-av-d46a3n-117f1d8deef26d3de87424141f01dca6\">\n.flex_column.av-d46a3n-117f1d8deef26d3de87424141f01dca6{\nborder-radius:0px 0px 0px 0px;\npadding:30px 0 30px 0;\n}\n<\/style>\n<div  class='flex_column av-d46a3n-117f1d8deef26d3de87424141f01dca6 av_one_full  avia-builder-el-2  avia-builder-el-no-sibling  first flex_column_div  '     ><p>\n<style type=\"text\/css\" data-created_by=\"avia_inline_auto\" id=\"style-css-av-jn1r3lyo-5e68e890a9a4141ec3d897909371897d\">\n#top .av-special-heading.av-jn1r3lyo-5e68e890a9a4141ec3d897909371897d{\npadding-bottom:20px;\n}\nbody .av-special-heading.av-jn1r3lyo-5e68e890a9a4141ec3d897909371897d .av-special-heading-tag .heading-char{\nfont-size:25px;\n}\n.av-special-heading.av-jn1r3lyo-5e68e890a9a4141ec3d897909371897d .av-subheading{\nfont-size:21px;\n}\n<\/style>\n<div  class='av-special-heading av-jn1r3lyo-5e68e890a9a4141ec3d897909371897d av-special-heading-h2 blockquote modern-quote  avia-builder-el-3  el_before_av_textblock  avia-builder-el-first '><h2 class='av-special-heading-tag '  itemprop=\"headline\"  >Dadi, dardi e scaramanzie<\/h2><div class='av-subheading av-subheading_below'><p>13.07.2001 \u2013 04.11.2001<\/p>\n<\/div><div class=\"special-heading-border\"><div class=\"special-heading-inner-border\"><\/div><\/div><\/div><br \/>\n<section  class='av_textblock_section av-3jz3vk3-3074795019761ffcfd22cd85e3d8c5fc '   itemscope=\"itemscope\" itemtype=\"https:\/\/schema.org\/CreativeWork\" ><div class='avia_textblock'  itemprop=\"text\" ><p>Dopo anni di ricerca nell&#8217;ambito di un progetto interdisciplinare, con questa mostra si \u00e8 voluto offrire sia uno spaccato rappresentativo dei risultati raggiunti che uno sguardo sui metodi di lavoro dei ricercatori e, sulla base dei reperti ritrovati, trasmettere tematiche storico-culturali in un linguaggio attuale. Sul fortilizio antemurale \u00e8 stato inoltre presentato il sito, opportunamente musealizzato, degli scavi delle tre chiese preromaniche l\u00ec rinvenute.<\/p>\n<\/div><\/section><\/p><\/div><\/div><\/div><\/div><!-- close content main div --><\/div><\/div><div id='ferdinand-runk'  class='avia-section av-3i7gupf-f12c95ac2391d92170635e50c420a963 main_color avia-section-default avia-no-border-styling  avia-builder-el-5  el_after_av_section  el_before_av_section  avia-bg-style-scroll container_wrap fullsize'  ><div class='container av-section-cont-open' ><div class='template-page content  av-content-full alpha units'><div class='post-entry post-entry-type-page post-entry-2464'><div class='entry-content-wrapper clearfix'>\n\n<style type=\"text\/css\" data-created_by=\"avia_inline_auto\" id=\"style-css-av-3g9fuj7-dad9b8325e265d0e53f629243e95eac8\">\n.flex_column.av-3g9fuj7-dad9b8325e265d0e53f629243e95eac8{\nborder-radius:0px 0px 0px 0px;\npadding:30px 0 30px 0;\n}\n<\/style>\n<div  class='flex_column av-3g9fuj7-dad9b8325e265d0e53f629243e95eac8 av_one_full  avia-builder-el-6  avia-builder-el-no-sibling  first flex_column_div  '     ><p>\n<style type=\"text\/css\" data-created_by=\"avia_inline_auto\" id=\"style-css-av-jn1sb9bp-4e3d86fcee312ef7d5d1cd1413e52c86\">\n#top .av-special-heading.av-jn1sb9bp-4e3d86fcee312ef7d5d1cd1413e52c86{\npadding-bottom:20px;\n}\nbody .av-special-heading.av-jn1sb9bp-4e3d86fcee312ef7d5d1cd1413e52c86 .av-special-heading-tag .heading-char{\nfont-size:25px;\n}\n.av-special-heading.av-jn1sb9bp-4e3d86fcee312ef7d5d1cd1413e52c86 .av-subheading{\nfont-size:21px;\n}\n<\/style>\n<div  class='av-special-heading av-jn1sb9bp-4e3d86fcee312ef7d5d1cd1413e52c86 av-special-heading-h2 blockquote modern-quote  avia-builder-el-7  el_before_av_textblock  avia-builder-el-first '><h2 class='av-special-heading-tag '  itemprop=\"headline\"  >Ferdinand Runk. Raccolta delle pi\u00f9 memorabili vedute del Tirolo.<\/h2><div class='av-subheading av-subheading_below'><p>28.03.1999 \u2013 28.08.1999<\/p>\n<\/div><div class=\"special-heading-border\"><div class=\"special-heading-inner-border\"><\/div><\/div><\/div><br \/>\n<section  class='av_textblock_section av-c4nrv7-0a6addb2f586dcc61a8990fcb2e0ea3f '   itemscope=\"itemscope\" itemtype=\"https:\/\/schema.org\/CreativeWork\" ><div class='avia_textblock'  itemprop=\"text\" ><p>I disegni e gli acquerelli che Ferdinand Runk realizz\u00f2 durante il suo viaggio in Tirolo nel 1801 sono un unicum nella rappresentazione artistica del nostro territorio. La loro particolarit\u00e0 sta nel fatto che l&#8217;artista non si limit\u00f2 a percorrere gli itinerari pi\u00f9 battuti, ma visit\u00f2 anche remote localit\u00e0 del nostro territorio, di cui realizz\u00f2 le prime vedute in assoluto. La mostra raccoglie numerosi schizzi di Castel Tirolo di grande valore artistico e quadri di paesaggi, offrendo al visitatore uno scorcio particolare sul paesaggio altoatesino.<\/p>\n<\/div><\/section><\/p><\/div><\/div><\/div><\/div><!-- close content main div --><\/div><\/div><div id='mathias-schmid'  class='avia-section av-3bujolv-81e58e04a659c5c3d31a3267956ebd18 main_color avia-section-default avia-no-border-styling  avia-builder-el-9  el_after_av_section  el_before_av_section  avia-bg-style-scroll container_wrap fullsize'  ><div class='container av-section-cont-open' ><div class='template-page content  av-content-full alpha units'><div class='post-entry post-entry-type-page post-entry-2464'><div class='entry-content-wrapper clearfix'>\n\n<style type=\"text\/css\" data-created_by=\"avia_inline_auto\" id=\"style-css-av-3aq7s37-00d251b7a73e3d7cf87a7fc9af796f14\">\n.flex_column.av-3aq7s37-00d251b7a73e3d7cf87a7fc9af796f14{\nborder-radius:0px 0px 0px 0px;\npadding:30px 0 30px 0;\n}\n<\/style>\n<div  class='flex_column av-3aq7s37-00d251b7a73e3d7cf87a7fc9af796f14 av_one_full  avia-builder-el-10  avia-builder-el-no-sibling  first flex_column_div  '     ><p>\n<style type=\"text\/css\" data-created_by=\"avia_inline_auto\" id=\"style-css-av-jn1sce3n-7a27177496ffb248a81f2beb3107c5c8\">\n#top .av-special-heading.av-jn1sce3n-7a27177496ffb248a81f2beb3107c5c8{\npadding-bottom:20px;\n}\nbody .av-special-heading.av-jn1sce3n-7a27177496ffb248a81f2beb3107c5c8 .av-special-heading-tag .heading-char{\nfont-size:25px;\n}\n.av-special-heading.av-jn1sce3n-7a27177496ffb248a81f2beb3107c5c8 .av-subheading{\nfont-size:21px;\n}\n<\/style>\n<div  class='av-special-heading av-jn1sce3n-7a27177496ffb248a81f2beb3107c5c8 av-special-heading-h2 blockquote modern-quote  avia-builder-el-11  el_before_av_textblock  avia-builder-el-first '><h2 class='av-special-heading-tag '  itemprop=\"headline\"  >Mathias Schmid<\/h2><div class='av-subheading av-subheading_below'><p>10.09.1999 \u2013 07.11.1999<\/p>\n<\/div><div class=\"special-heading-border\"><div class=\"special-heading-inner-border\"><\/div><\/div><\/div><br \/>\n<section  class='av_textblock_section av-36e5n03-95bb05c87d7046c45c1fbfce22315748 '   itemscope=\"itemscope\" itemtype=\"https:\/\/schema.org\/CreativeWork\" ><div class='avia_textblock'  itemprop=\"text\" ><p>I dipinti di Mathias Schmid hanno immortalato il Tirolo incontaminato, tradizionale \u2013 in tutta la sua forza, bellezza e delicatezza, ma spesso anche nella sua ambivalenza. Non era tutto un mondo ideale, quello che Schmid spesso ha raffigurato con una certa vena critica. I quadri esposti mostrano scene chiave per comprendere i fondamenti culturali della mentalit\u00e0 tirolese, raccontando la storia di quest&#8217;ultima in un vivace racconto in immagini.<\/p>\n<\/div><\/section><\/p><\/div><\/div><\/div><\/div><!-- close content main div --><\/div><\/div><div id='alfred-kubin'  class='avia-section av-34vmrf7-d138718cd4ee853c2649c7e51ef3329c main_color avia-section-default avia-no-border-styling  avia-builder-el-13  el_after_av_section  el_before_av_section  avia-bg-style-scroll container_wrap fullsize'  ><div class='container av-section-cont-open' ><div class='template-page content  av-content-full alpha units'><div class='post-entry post-entry-type-page post-entry-2464'><div class='entry-content-wrapper clearfix'>\n\n<style type=\"text\/css\" data-created_by=\"avia_inline_auto\" id=\"style-css-av-338g26b-39cad36fb2807760e6ec96b3fcf20983\">\n.flex_column.av-338g26b-39cad36fb2807760e6ec96b3fcf20983{\nborder-radius:0px 0px 0px 0px;\npadding:30px 0 30px 0;\n}\n<\/style>\n<div  class='flex_column av-338g26b-39cad36fb2807760e6ec96b3fcf20983 av_one_full  avia-builder-el-14  avia-builder-el-no-sibling  first flex_column_div  '     ><p>\n<style type=\"text\/css\" data-created_by=\"avia_inline_auto\" id=\"style-css-av-av_heading-64a8671b28bcf7501903a20f32325fc0\">\n#top .av-special-heading.av-av_heading-64a8671b28bcf7501903a20f32325fc0{\npadding-bottom:20px;\n}\nbody .av-special-heading.av-av_heading-64a8671b28bcf7501903a20f32325fc0 .av-special-heading-tag .heading-char{\nfont-size:25px;\n}\n.av-special-heading.av-av_heading-64a8671b28bcf7501903a20f32325fc0 .av-subheading{\nfont-size:21px;\n}\n<\/style>\n<div  class='av-special-heading av-av_heading-64a8671b28bcf7501903a20f32325fc0 av-special-heading-h2 blockquote modern-quote  avia-builder-el-15  el_before_av_textblock  avia-builder-el-first '><h2 class='av-special-heading-tag '  itemprop=\"headline\"  >Alfred Kubin. Bestiarium.<\/h2><div class='av-subheading av-subheading_below'><p>04.04.1998 \u2013 28.06.1998<\/p>\n<\/div><div class=\"special-heading-border\"><div class=\"special-heading-inner-border\"><\/div><\/div><\/div><br \/>\n<section  class='av_textblock_section av-avxwmb-dab46d84b06fa228eb9ea78ba1be88ef '   itemscope=\"itemscope\" itemtype=\"https:\/\/schema.org\/CreativeWork\" ><div class='avia_textblock'  itemprop=\"text\" ><p>La mostra \u201cAlfred Kubin. Bestiarium\u201d venne realizzata in collaborazione con la Landesgalerie Ober\u00f6sterreich, un omaggio alla memoria di un maestro della pittura fantastica. Essa pose in relazione fra loro il bestiario animale e umano di Alfred Kubin e le rappresentazioni animali e fantastiche prodotte in epoca romanica dai maestri scalpellini sui portali di Castel Tirolo. La scelta di questo castello come sede della mostra non fu dunque casuale: va piuttosto intesa come segno di stima nei confronti di un grande veggente della modernit\u00e0.<\/p>\n<\/div><\/section><\/p><\/div><\/div><\/div><\/div><!-- close content main div --><\/div><\/div><div id='turris-parva'  class='avia-section av-2y1biqr-b9194ca218c277efaec63f04461a78ff main_color avia-section-default avia-no-border-styling  avia-builder-el-17  el_after_av_section  el_before_av_section  avia-bg-style-scroll container_wrap fullsize'  ><div class='container av-section-cont-open' ><div class='template-page content  av-content-full alpha units'><div class='post-entry post-entry-type-page post-entry-2464'><div class='entry-content-wrapper clearfix'>\n\n<style type=\"text\/css\" data-created_by=\"avia_inline_auto\" id=\"style-css-av-2xmg41v-9f41a349455138573560dfddab0c57cd\">\n.flex_column.av-2xmg41v-9f41a349455138573560dfddab0c57cd{\nborder-radius:0px 0px 0px 0px;\npadding:30px 0 30px 0;\n}\n<\/style>\n<div  class='flex_column av-2xmg41v-9f41a349455138573560dfddab0c57cd av_one_full  avia-builder-el-18  avia-builder-el-no-sibling  first flex_column_div  '     ><p>\n<style type=\"text\/css\" data-created_by=\"avia_inline_auto\" id=\"style-css-av-jn1sdh2r-350e7fa3b1388fb19156fafed41888fc\">\n#top .av-special-heading.av-jn1sdh2r-350e7fa3b1388fb19156fafed41888fc{\npadding-bottom:20px;\n}\nbody .av-special-heading.av-jn1sdh2r-350e7fa3b1388fb19156fafed41888fc .av-special-heading-tag .heading-char{\nfont-size:25px;\n}\n.av-special-heading.av-jn1sdh2r-350e7fa3b1388fb19156fafed41888fc .av-subheading{\nfont-size:21px;\n}\n<\/style>\n<div  class='av-special-heading av-jn1sdh2r-350e7fa3b1388fb19156fafed41888fc av-special-heading-h2 blockquote modern-quote  avia-builder-el-19  el_before_av_textblock  avia-builder-el-first '><h2 class='av-special-heading-tag '  itemprop=\"headline\"  >Il segreto della Turris Parva. Tracce di storia medievale a Castel Tirolo.<\/h2><div class='av-subheading av-subheading_below'><p>03.04.1998 \u2013 08.11.1998<\/p>\n<\/div><div class=\"special-heading-border\"><div class=\"special-heading-inner-border\"><\/div><\/div><\/div><br \/>\n<section  class='av_textblock_section av-a5hm7n-4bdc609086947c1e4d34e15855d08fb2 '   itemscope=\"itemscope\" itemtype=\"https:\/\/schema.org\/CreativeWork\" ><div class='avia_textblock'  itemprop=\"text\" ><p>A partire dai tardi anni Settanta Castel Tirolo \u00e8 stato oggetto di un&#8217;approfondita ricerca storica, che port\u00f2 nel 1994 alla scoperta e alla riapertura di un&#8217;intercapedine al primo piano della cosiddetta Turris Parva. Furono rinvenuti oggetti in materiale organico che, per la loro deperibilit\u00e0, fino ad allora facevano la loro comparsa solo nei sogni pi\u00f9 audaci dell&#8217;archeologia medievale, come scarpe di cuoio o tessuti. Si comprese fin da subito l&#8217;importanza di questi reperti, che vennero analizzati in collaborazione con l&#8217;Ufficio beni archeologici della Provincia di Bolzano. La mostra \u201cIl segreto della Turris Parva\u201d nacque grazie alla collaborazione di un capace team di ricercatori e pose una pietra miliare per la ricerca scientifica nel castello.<\/p>\n<\/div><\/section><\/p><\/div><\/div><\/div><\/div><!-- close content main div --><\/div><\/div><div id='der-weg-in-den-sueden'  class='avia-section av-2ruvjpf-a8f87641aa77f6b7d8626ac0b6c258df main_color avia-section-default avia-no-border-styling  avia-builder-el-21  el_after_av_section  el_before_av_section  avia-bg-style-scroll container_wrap fullsize'  ><div class='container av-section-cont-open' ><div class='template-page content  av-content-full alpha units'><div class='post-entry post-entry-type-page post-entry-2464'><div class='entry-content-wrapper clearfix'>\n\n<style type=\"text\/css\" data-created_by=\"avia_inline_auto\" id=\"style-css-av-z8wdv-51f477e4625446258c080889bbbb2bae\">\n.flex_column.av-z8wdv-51f477e4625446258c080889bbbb2bae{\nborder-radius:0px 0px 0px 0px;\npadding:30px 0 30px 0;\n}\n<\/style>\n<div  class='flex_column av-z8wdv-51f477e4625446258c080889bbbb2bae av_one_full  avia-builder-el-22  avia-builder-el-no-sibling  first flex_column_div  '     ><p>\n<style type=\"text\/css\" data-created_by=\"avia_inline_auto\" id=\"style-css-av-jn1se1kg-05746ff6b97df2ef11e53605c596f4c0\">\n#top .av-special-heading.av-jn1se1kg-05746ff6b97df2ef11e53605c596f4c0{\npadding-bottom:20px;\n}\nbody .av-special-heading.av-jn1se1kg-05746ff6b97df2ef11e53605c596f4c0 .av-special-heading-tag .heading-char{\nfont-size:25px;\n}\n.av-special-heading.av-jn1se1kg-05746ff6b97df2ef11e53605c596f4c0 .av-subheading{\nfont-size:21px;\n}\n<\/style>\n<div  class='av-special-heading av-jn1se1kg-05746ff6b97df2ef11e53605c596f4c0 av-special-heading-h2 blockquote modern-quote  avia-builder-el-23  el_before_av_textblock  avia-builder-el-first '><h2 class='av-special-heading-tag '  itemprop=\"headline\"  >Attraverso le Alpi. Appunti di viaggio da D\u00fcrer a Heine.<\/h2><div class='av-subheading av-subheading_below'><p>02.08.1998 \u2013 06.11.1998<\/p>\n<\/div><div class=\"special-heading-border\"><div class=\"special-heading-inner-border\"><\/div><\/div><\/div><br \/>\n<section  class='av_textblock_section av-2mwr2xv-20707dade3979e4ff1d1185403347335 '   itemscope=\"itemscope\" itemtype=\"https:\/\/schema.org\/CreativeWork\" ><div class='avia_textblock'  itemprop=\"text\" ><p>La nascita del Tirolo \u00e8 inscindibile dal suo ruolo di antica ed importante area di transito in Europa. Mentre i centri di potere si spostavano nel corso dei secoli, il Tirolo mantenne la sua importante funzione di terra di passaggio. Fu giusto quindi scegliere come tema \u201cil viaggio attraverso il Tirolo\u201d per un&#8217;ampia e ben documentata mostra storico-culturale. \u201cAttraverso le Alpi\u201d ripropose le immagini e le impressioni del nostro territorio attraverso il vissuto dei viaggiatori del passato. La mostra &#8211; coproduzione tra il Museo provinciale di Castel Tirolo e le Ripartizioni provinciali alla Cultura &#8211; si bas\u00f2 su ricerche svolte in archivi, biblioteche e musei d&#8217;Europa, che hanno talvolta aperto nuovi e interessantissimi capitoli di conoscenza.<\/p>\n<\/div><\/section><\/p><\/div><\/div><\/div><\/div><!-- close content main div --><\/div><\/div><div id='louis-eysen'  class='avia-section av-2kye2o3-67fbc2c425d5c1e31bfdbd7c90eab422 main_color avia-section-default avia-no-border-styling  avia-builder-el-25  el_after_av_section  el_before_av_section  avia-bg-style-scroll container_wrap fullsize'  ><div class='container av-section-cont-open' ><div class='template-page content  av-content-full alpha units'><div class='post-entry post-entry-type-page post-entry-2464'><div class='entry-content-wrapper clearfix'>\n\n<style type=\"text\/css\" data-created_by=\"avia_inline_auto\" id=\"style-css-av-9741qr-be0256ba327035e719b74d06df0a3848\">\n.flex_column.av-9741qr-be0256ba327035e719b74d06df0a3848{\nborder-radius:0px 0px 0px 0px;\npadding:30px 0 30px 0;\n}\n<\/style>\n<div  class='flex_column av-9741qr-be0256ba327035e719b74d06df0a3848 av_one_full  avia-builder-el-26  avia-builder-el-no-sibling  first flex_column_div  '     ><p>\n<style type=\"text\/css\" data-created_by=\"avia_inline_auto\" id=\"style-css-av-jn1sel48-05fe06db9b8850374fe37afab6bd0fb1\">\n#top .av-special-heading.av-jn1sel48-05fe06db9b8850374fe37afab6bd0fb1{\npadding-bottom:20px;\n}\nbody .av-special-heading.av-jn1sel48-05fe06db9b8850374fe37afab6bd0fb1 .av-special-heading-tag .heading-char{\nfont-size:25px;\n}\n.av-special-heading.av-jn1sel48-05fe06db9b8850374fe37afab6bd0fb1 .av-subheading{\nfont-size:21px;\n}\n<\/style>\n<div  class='av-special-heading av-jn1sel48-05fe06db9b8850374fe37afab6bd0fb1 av-special-heading-h2 blockquote modern-quote  avia-builder-el-27  el_before_av_textblock  avia-builder-el-first '><h2 class='av-special-heading-tag '  itemprop=\"headline\"  >Louis Eysen (1843\u20131899) e Merano.<\/h2><div class='av-subheading av-subheading_below'><p>25.03.1997 \u2013 29.06.1997<\/p>\n<\/div><div class=\"special-heading-border\"><div class=\"special-heading-inner-border\"><\/div><\/div><\/div><br \/>\n<section  class='av_textblock_section av-2h1e76r-abe38a41d6aa4980c8c4f3d73f11cd70 '   itemscope=\"itemscope\" itemtype=\"https:\/\/schema.org\/CreativeWork\" ><div class='avia_textblock'  itemprop=\"text\" ><p>L&#8217;importanza di Louis Eysen nell&#8217;ambito dell&#8217;arte tedesca del XIX secolo venne riconosciuta solo a morte avvenuta. Fu a quel punto celebrato come uno dei pi\u00f9 validi e inconfondibili pittori a cavallo fra realismo e impressionismo. La mostra costitu\u00ec quindi per la maggior parte dei visitatori un primo approfondito contatto con l&#8217;opera di Louis Eysen, un&#8217;opera che testimonia, ancora una volta, come una larga parte della pi\u00f9 pregiata produzione artistica del XIX secolo sia avvenuta ai margini della vita artistica ufficiale.<\/p>\n<\/div><\/section><\/p><\/div><\/div><\/div><\/div><!-- close content main div --><\/div><\/div><div id='meisterwerke-aus-suedtiroler-sammlungen'  class='avia-section av-8rbf2b-b6933a13c39b5a3383f1173a829af1a8 main_color avia-section-default avia-no-border-styling  avia-builder-el-29  el_after_av_section  el_before_av_section  avia-bg-style-scroll container_wrap fullsize'  ><div class='container av-section-cont-open' ><div class='template-page content  av-content-full alpha units'><div class='post-entry post-entry-type-page post-entry-2464'><div class='entry-content-wrapper clearfix'>\n\n<style type=\"text\/css\" data-created_by=\"avia_inline_auto\" id=\"style-css-av-2divl4z-74ac4b701b8a402030efe163dc1398e4\">\n.flex_column.av-2divl4z-74ac4b701b8a402030efe163dc1398e4{\nborder-radius:0px 0px 0px 0px;\npadding:30px 0 30px 0;\n}\n<\/style>\n<div  class='flex_column av-2divl4z-74ac4b701b8a402030efe163dc1398e4 av_one_full  avia-builder-el-30  avia-builder-el-no-sibling  first flex_column_div  '     ><p>\n<style type=\"text\/css\" data-created_by=\"avia_inline_auto\" id=\"style-css-av-jn1sfa6h-a5ab49a41c33944b71499b6848936b6a\">\n#top .av-special-heading.av-jn1sfa6h-a5ab49a41c33944b71499b6848936b6a{\npadding-bottom:20px;\n}\nbody .av-special-heading.av-jn1sfa6h-a5ab49a41c33944b71499b6848936b6a .av-special-heading-tag .heading-char{\nfont-size:25px;\n}\n.av-special-heading.av-jn1sfa6h-a5ab49a41c33944b71499b6848936b6a .av-subheading{\nfont-size:21px;\n}\n<\/style>\n<div  class='av-special-heading av-jn1sfa6h-a5ab49a41c33944b71499b6848936b6a av-special-heading-h2 blockquote modern-quote  avia-builder-el-31  el_before_av_textblock  avia-builder-el-first '><h2 class='av-special-heading-tag '  itemprop=\"headline\"  >Capolavori da Collezioni Altoatesine.<\/h2><div class='av-subheading av-subheading_below'><p>01.08.1997 \u2013 16.11.1997<\/p>\n<\/div><div class=\"special-heading-border\"><div class=\"special-heading-inner-border\"><\/div><\/div><\/div><br \/>\n<section  class='av_textblock_section av-2abfunn-a7c40974dfea86e88846127f89693f51 '   itemscope=\"itemscope\" itemtype=\"https:\/\/schema.org\/CreativeWork\" ><div class='avia_textblock'  itemprop=\"text\" ><p>In occasione di questa mostra 23 enti, tra collezionisti e musei locali, misero a disposizione dei visitatori del Museo provinciale di Castel Tirolo i loro tesori pi\u00f9 preziosi, frutto del loro pluriennale e paziente lavoro. Grazie alla molteplicit\u00e0 di questi oggetti d&#8217;arte fu possibile concepire una mostra che ha creato un collegamento storico-artistico tra rinascimento e arte moderna attraverso le loro opere pi\u00f9 rappresentative.<\/p>\n<\/div><\/section><\/p><\/div><\/div><\/div><\/div><!-- close content main div --><\/div><\/div><div id='adalbert-stifter'  class='avia-section av-28xr883-0f87e494adef4189afd6293c35195905 main_color avia-section-default avia-no-border-styling  avia-builder-el-33  el_after_av_section  el_before_av_section  avia-bg-style-scroll container_wrap fullsize'  ><div class='container av-section-cont-open' ><div class='template-page content  av-content-full alpha units'><div class='post-entry post-entry-type-page post-entry-2464'><div class='entry-content-wrapper clearfix'>\n\n<style type=\"text\/css\" data-created_by=\"avia_inline_auto\" id=\"style-css-av-26e6jo3-103b4d9ad5386d90db6b9384a3056255\">\n.flex_column.av-26e6jo3-103b4d9ad5386d90db6b9384a3056255{\nborder-radius:0px 0px 0px 0px;\npadding:30px 0 30px 0;\n}\n<\/style>\n<div  class='flex_column av-26e6jo3-103b4d9ad5386d90db6b9384a3056255 av_one_full  avia-builder-el-34  avia-builder-el-no-sibling  first flex_column_div  '     ><p>\n<style type=\"text\/css\" data-created_by=\"avia_inline_auto\" id=\"style-css-av-jn1sfz9b-3624840ab15a92d8b1887aaa131a8692\">\n#top .av-special-heading.av-jn1sfz9b-3624840ab15a92d8b1887aaa131a8692{\npadding-bottom:20px;\n}\nbody .av-special-heading.av-jn1sfz9b-3624840ab15a92d8b1887aaa131a8692 .av-special-heading-tag .heading-char{\nfont-size:25px;\n}\n.av-special-heading.av-jn1sfz9b-3624840ab15a92d8b1887aaa131a8692 .av-subheading{\nfont-size:21px;\n}\n<\/style>\n<div  class='av-special-heading av-jn1sfz9b-3624840ab15a92d8b1887aaa131a8692 av-special-heading-h2 blockquote modern-quote  avia-builder-el-35  el_before_av_textblock  avia-builder-el-first '><h2 class='av-special-heading-tag '  itemprop=\"headline\"  >Adalbert Stifter. Un mondo terribilmente bello.<\/h2><div class='av-subheading av-subheading_below'><p>02.05.1996 \u2013 26.07.1996<\/p>\n<\/div><div class=\"special-heading-border\"><div class=\"special-heading-inner-border\"><\/div><\/div><\/div><br \/>\n<section  class='av_textblock_section av-230242b-695712f6f0c84018dcec476a99452038 '   itemscope=\"itemscope\" itemtype=\"https:\/\/schema.org\/CreativeWork\" ><div class='avia_textblock'  itemprop=\"text\" ><p>La mostra \u201cAdalbert Stifter. Un mondo terribilmente bello\u201d \u00e8 stata organizzata dall&#8217;Assessorato alla cultura dell&#8217;Alta Austria e dall&#8217; \u201cAdalbert-Stifter-Institut\u201d assieme al Museo distrettuale di Cesky Krumlov. Comprendeva la biografia, le opere e l&#8217;eredit\u00e0 culturale dello scrittore austriaco e tentava di smontare, con precisione scientifica, il clich\u00e9 di Stifter come \u201cinnocuo cantore dell&#8217;idillio naturale\u201d. In realt\u00e0 \u00e8 proprio il lato oscuro e minaccioso della realt\u00e0, sofferto dal poeta sulla propria pelle sotto forma di profonde crisi, che d\u00e0 l&#8217;impronta fondamentale alla sua opera letteraria. In occasione della mostra Carl Kraus present\u00f2 anche una selezione di studi naturalistici dei fratelli Seelos.<\/p>\n<\/div><\/section><\/p><\/div><\/div><\/div><\/div><!-- close content main div --><\/div><\/div><div id='heldenromantik'  class='avia-section av-22cghn7-ddd40d905e8ca6ef4ac9e1ac57e0497f main_color avia-section-default avia-no-border-styling  avia-builder-el-37  el_after_av_section  el_before_av_section  avia-bg-style-scroll container_wrap fullsize'  ><div class='container av-section-cont-open' ><div class='template-page content  av-content-full alpha units'><div class='post-entry post-entry-type-page post-entry-2464'><div class='entry-content-wrapper clearfix'>\n\n<style type=\"text\/css\" data-created_by=\"avia_inline_auto\" id=\"style-css-av-1ze66qb-d992609c170c5e4bfdba432147f0e041\">\n.flex_column.av-1ze66qb-d992609c170c5e4bfdba432147f0e041{\nborder-radius:0px 0px 0px 0px;\npadding:30px 0 30px 0;\n}\n<\/style>\n<div  class='flex_column av-1ze66qb-d992609c170c5e4bfdba432147f0e041 av_one_full  avia-builder-el-38  avia-builder-el-no-sibling  first flex_column_div  '     ><p>\n<style type=\"text\/css\" data-created_by=\"avia_inline_auto\" id=\"style-css-av-jn1sgog4-2d198a61484fe55da11ef217b78787c2\">\n#top .av-special-heading.av-jn1sgog4-2d198a61484fe55da11ef217b78787c2{\npadding-bottom:20px;\n}\nbody .av-special-heading.av-jn1sgog4-2d198a61484fe55da11ef217b78787c2 .av-special-heading-tag .heading-char{\nfont-size:25px;\n}\n.av-special-heading.av-jn1sgog4-2d198a61484fe55da11ef217b78787c2 .av-subheading{\nfont-size:21px;\n}\n<\/style>\n<div  class='av-special-heading av-jn1sgog4-2d198a61484fe55da11ef217b78787c2 av-special-heading-h2 blockquote modern-quote  avia-builder-el-39  el_before_av_textblock  avia-builder-el-first '><h2 class='av-special-heading-tag '  itemprop=\"headline\"  >Eroi romantici. La storia tirolese nei dipinti del XIX secolo.<\/h2><div class='av-subheading av-subheading_below'><p>26.07.1996 \u2013 20.10.1996<\/p>\n<\/div><div class=\"special-heading-border\"><div class=\"special-heading-inner-border\"><\/div><\/div><\/div><br \/>\n<section  class='av_textblock_section av-6tl4oz-17507cf820b15f40eeff6cd47a1450bf '   itemscope=\"itemscope\" itemtype=\"https:\/\/schema.org\/CreativeWork\" ><div class='avia_textblock'  itemprop=\"text\" ><p>La mostra, organizzata in collaborazione tra il Museo Castel Tirolo e il Tiroler Landesmuseum Ferdinandeum di Innsbruck, studi\u00f2 per la prima volta le relazioni tra arte e politica dal punto di vista storico-culturale.<\/p>\n<p>Entrambi i musei avevano il desiderio di approfondire temi fino ad allora poco discussi e\u00a0proporli ai visitatori tramite esempi iconografici di grande impatto, che dimostrarono come l&#8217;arte rappresenti la storia sotto l&#8217;influenza della politica, e influenzandola a sua volta.<\/p>\n<\/div><\/section><\/p><\/div><\/div><\/div><\/div><!-- close content main div --><\/div><\/div><div id='mineralien'  class='avia-section av-1vjkwj7-18bfdc8d19a68c93af6f12b727b9387f main_color avia-section-default avia-no-border-styling  avia-builder-el-41  el_after_av_section  el_before_av_section  avia-bg-style-scroll container_wrap fullsize'  ><div class='container av-section-cont-open' ><div class='template-page content  av-content-full alpha units'><div class='post-entry post-entry-type-page post-entry-2464'><div class='entry-content-wrapper clearfix'>\n\n<style type=\"text\/css\" data-created_by=\"avia_inline_auto\" id=\"style-css-av-1tlhjhf-930505f4a9616ccc61b1b304a54efa33\">\n.flex_column.av-1tlhjhf-930505f4a9616ccc61b1b304a54efa33{\nborder-radius:0px 0px 0px 0px;\npadding:30px 0 30px 0;\n}\n<\/style>\n<div  class='flex_column av-1tlhjhf-930505f4a9616ccc61b1b304a54efa33 av_one_full  avia-builder-el-42  avia-builder-el-no-sibling  first flex_column_div  '     ><p>\n<style type=\"text\/css\" data-created_by=\"avia_inline_auto\" id=\"style-css-av-jn1shggt-f59fca3de4fa7c23953b9788a44bae6c\">\n#top .av-special-heading.av-jn1shggt-f59fca3de4fa7c23953b9788a44bae6c{\npadding-bottom:20px;\n}\nbody .av-special-heading.av-jn1shggt-f59fca3de4fa7c23953b9788a44bae6c .av-special-heading-tag .heading-char{\nfont-size:25px;\n}\n.av-special-heading.av-jn1shggt-f59fca3de4fa7c23953b9788a44bae6c .av-subheading{\nfont-size:21px;\n}\n<\/style>\n<div  class='av-special-heading av-jn1shggt-f59fca3de4fa7c23953b9788a44bae6c av-special-heading-h2 blockquote modern-quote  avia-builder-el-43  el_before_av_textblock  avia-builder-el-first '><h2 class='av-special-heading-tag '  itemprop=\"headline\"  >Minerali. Testimoni della storia della terra.<\/h2><div class='av-subheading av-subheading_below'><p>10.08.1996 \u2013 10.11.1996<\/p>\n<\/div><div class=\"special-heading-border\"><div class=\"special-heading-inner-border\"><\/div><\/div><\/div><br \/>\n<section  class='av_textblock_section av-680t5v-323f7b8d79f6941059a1c90bd634a297 '   itemscope=\"itemscope\" itemtype=\"https:\/\/schema.org\/CreativeWork\" ><div class='avia_textblock'  itemprop=\"text\" ><p>Pietre e cristalli hanno un fascino particolare, al quale \u00e8 difficile sottrarsi. Inoltre la nascita di questi tesori \u00e8 inscindibilmente legata a quella delle Alpi e dei loro minerali. Antichi continenti vennero mossi e corrugati, fino a formare l&#8217;imponente catena montuosa in cui si trovano gli elementi pi\u00f9 svariati entro un territorio assai circoscritto. In occasione di questa mostra Castel Tirolo present\u00f2 una selezione dei pi\u00f9 bei gruppi minerari della regione.<\/p>\n<\/div><\/section><\/p><\/div><\/div><\/div><\/div><!-- close content main div --><\/div><\/div><div id='eines-fuersten-traum'  class='avia-section av-1ow6i6r-6cb5b54e3225fc28af5280f91b2cf511 main_color avia-section-default avia-no-border-styling  avia-builder-el-45  el_after_av_section  el_before_av_section  avia-bg-style-scroll container_wrap fullsize'  ><div class='container av-section-cont-open' ><div class='template-page content  av-content-full alpha units'><div class='post-entry post-entry-type-page post-entry-2464'><div class='entry-content-wrapper clearfix'>\n\n<style type=\"text\/css\" data-created_by=\"avia_inline_auto\" id=\"style-css-av-1nj03mb-48af42cc05dc24688e7f964117680358\">\n.flex_column.av-1nj03mb-48af42cc05dc24688e7f964117680358{\nborder-radius:0px 0px 0px 0px;\npadding:30px 0 30px 0;\n}\n<\/style>\n<div  class='flex_column av-1nj03mb-48af42cc05dc24688e7f964117680358 av_one_full  avia-builder-el-46  avia-builder-el-no-sibling  first flex_column_div  '     ><p>\n<style type=\"text\/css\" data-created_by=\"avia_inline_auto\" id=\"style-css-av-jn1snaxo-7b8b6158855888bca0f397459b292fbc\">\n#top .av-special-heading.av-jn1snaxo-7b8b6158855888bca0f397459b292fbc{\npadding-bottom:20px;\n}\nbody .av-special-heading.av-jn1snaxo-7b8b6158855888bca0f397459b292fbc .av-special-heading-tag .heading-char{\nfont-size:25px;\n}\n.av-special-heading.av-jn1snaxo-7b8b6158855888bca0f397459b292fbc .av-subheading{\nfont-size:21px;\n}\n<\/style>\n<div  class='av-special-heading av-jn1snaxo-7b8b6158855888bca0f397459b292fbc av-special-heading-h2 blockquote modern-quote  avia-builder-el-47  el_before_av_textblock  avia-builder-el-first '><h2 class='av-special-heading-tag '  itemprop=\"headline\"  >Il sogno di un principe. Mainardo II. La nascita del Tirolo.<\/h2><div class='av-subheading av-subheading_below'><p>13.05.1995 \u2013 31.10.1995<\/p>\n<\/div><div class=\"special-heading-border\"><div class=\"special-heading-inner-border\"><\/div><\/div><\/div><br \/>\n<section  class='av_textblock_section av-5hmnwz-df6f59af2e3704a59a53a6c33dd27525 '   itemscope=\"itemscope\" itemtype=\"https:\/\/schema.org\/CreativeWork\" ><div class='avia_textblock'  itemprop=\"text\" ><p>Un gran numero di istituzioni in Alto Adige e nel Bundesland Tirol furono coinvolte nel progetto della mostra \u201cIl sogno di un principe. Mainardo II. La nascita del Tirolo\u201d e nei molteplici eventi corollari. Per la prima volta una mostra venne organizzata e presentata in due parti e in due luoghi del Tirolo storico, a Castel Tirolo e nell&#8217;Abbazia di Stams.<\/p>\n<p>Al centro dell&#8217;attenzione scientifica vi era la figura di Mainardo II, che risiedeva a Castel Tirolo, ed \u00e8 sepolto a Stams. Sotto la sua reggenza il Tirolo divenne una realt\u00e0 politica che ha lasciato le sue tracce attraverso la storia fino ai giorni nostri. Mainardo \u00e8 considerato il creatore del Tirolo.<br \/>\nLa mostra ha voluto avvicinare il pubblico alla storia del Tirolo medievale. La storia non \u00e8 mai scritta definitivamente, e ogni sguardo rivela nuovi aspetti, nuovi dettagli, nuove contraddizioni. Cosa sia la storia di un paese rimane una questione aperta che ogni volta va riscritta, integrata, letta e raccontata in modo nuovo.<\/p>\n<\/div><\/section><\/p><\/div><\/div><\/div><\/div><!-- close content main div --><\/div><\/div><div id='korn-und-mahlsteine'  class='avia-section av-1i9hm1v-d67c807055d374f213a121fd693e3238 main_color avia-section-default avia-no-border-styling  avia-builder-el-49  el_after_av_section  el_before_av_section  avia-bg-style-scroll container_wrap fullsize'  ><div class='container av-section-cont-open' ><div class='template-page content  av-content-full alpha units'><div class='post-entry post-entry-type-page post-entry-2464'><div class='entry-content-wrapper clearfix'>\n\n<style type=\"text\/css\" data-created_by=\"avia_inline_auto\" id=\"style-css-av-1gtx9cj-65020fc9b592483ff90c41988e97c8b3\">\n.flex_column.av-1gtx9cj-65020fc9b592483ff90c41988e97c8b3{\nborder-radius:0px 0px 0px 0px;\npadding:30px 0 30px 0;\n}\n<\/style>\n<div  class='flex_column av-1gtx9cj-65020fc9b592483ff90c41988e97c8b3 av_one_full  avia-builder-el-50  avia-builder-el-no-sibling  first flex_column_div  '     ><p>\n<style type=\"text\/css\" data-created_by=\"avia_inline_auto\" id=\"style-css-av-jn1soyko-f5392461f75207c2c1bb5ce4bcdfa509\">\n#top .av-special-heading.av-jn1soyko-f5392461f75207c2c1bb5ce4bcdfa509{\npadding-bottom:20px;\n}\nbody .av-special-heading.av-jn1soyko-f5392461f75207c2c1bb5ce4bcdfa509 .av-special-heading-tag .heading-char{\nfont-size:25px;\n}\n.av-special-heading.av-jn1soyko-f5392461f75207c2c1bb5ce4bcdfa509 .av-subheading{\nfont-size:21px;\n}\n<\/style>\n<div  class='av-special-heading av-jn1soyko-f5392461f75207c2c1bb5ce4bcdfa509 av-special-heading-h2 blockquote modern-quote  avia-builder-el-51  el_before_av_textblock  avia-builder-el-first '><h2 class='av-special-heading-tag '  itemprop=\"headline\"  >Il grano e le macine. La macinazione del grano dall\u2019Antichit\u00e0 al Medioevo.<\/h2><div class='av-subheading av-subheading_below'><p>27.04.1994 \u2013 24.07.1994<\/p>\n<\/div><div class=\"special-heading-border\"><div class=\"special-heading-inner-border\"><\/div><\/div><\/div><br \/>\n<section  class='av_textblock_section av-1csbpcz-f998fe0543b84b9dda49ae6935294f19 '   itemscope=\"itemscope\" itemtype=\"https:\/\/schema.org\/CreativeWork\" ><div class='avia_textblock'  itemprop=\"text\" ><p>Il tema di questa mostra \u00e8 uno dei pi\u00f9 centrali della storia della civilt\u00e0 umana: quando e come l&#8217;uomo inizi\u00f2 a coltivare i cereali e a macinarli.<br \/>\nI reperti esposti &#8211; in primo luogo macine, ma anche reperti di cereali carbonizzati, spaziano dall&#8217;et\u00e0 della pietra al tardo Medioevo e provengono da scavi nell&#8217;intero territorio altoatesino come da alcuni musei internazionali.<\/p>\n<p>Per rendere il racconto della storia culturale pi\u00f9 accattivante e significativo sono\u00a0stati coinvolti esperti provenienti da diverse discipline scientifiche.<\/p>\n<\/div><\/section><\/p><\/div><\/div><\/div><\/div><!-- close content main div --><\/div><\/div><div id='schwert-und-rose'  class='avia-section av-1b2a4er-4f11055e9d37c46e4e2896a896f5be2c main_color avia-section-default avia-no-border-styling  avia-builder-el-53  el_after_av_section  el_before_av_section  avia-bg-style-scroll container_wrap fullsize'  ><div class='container av-section-cont-open' ><div class='template-page content  av-content-full alpha units'><div class='post-entry post-entry-type-page post-entry-2464'><div class='entry-content-wrapper clearfix'>\n\n<style type=\"text\/css\" data-created_by=\"avia_inline_auto\" id=\"style-css-av-19uzwqb-eb4a6252b95876befe46f373c3b8b605\">\n.flex_column.av-19uzwqb-eb4a6252b95876befe46f373c3b8b605{\nborder-radius:0px 0px 0px 0px;\npadding:30px 0 30px 0;\n}\n<\/style>\n<div  class='flex_column av-19uzwqb-eb4a6252b95876befe46f373c3b8b605 av_one_full  avia-builder-el-54  avia-builder-el-no-sibling  first flex_column_div  '     ><p>\n<style type=\"text\/css\" data-created_by=\"avia_inline_auto\" id=\"style-css-av-jn1spjsw-ed61c102f1a7150d188b6dfc1a18c917\">\n#top .av-special-heading.av-jn1spjsw-ed61c102f1a7150d188b6dfc1a18c917{\npadding-bottom:20px;\n}\nbody .av-special-heading.av-jn1spjsw-ed61c102f1a7150d188b6dfc1a18c917 .av-special-heading-tag .heading-char{\nfont-size:25px;\n}\n.av-special-heading.av-jn1spjsw-ed61c102f1a7150d188b6dfc1a18c917 .av-subheading{\nfont-size:21px;\n}\n<\/style>\n<div  class='av-special-heading av-jn1spjsw-ed61c102f1a7150d188b6dfc1a18c917 av-special-heading-h2 blockquote modern-quote  avia-builder-el-55  el_before_av_textblock  avia-builder-el-first '><h2 class='av-special-heading-tag '  itemprop=\"headline\"  >La spada e la rosa. Iconografia delle leggende e della tradizione epica nel Tirolo.<\/h2><div class='av-subheading av-subheading_below'><p>30.07.1994 \u2013 30.09.1994<\/p>\n<\/div><div class=\"special-heading-border\"><div class=\"special-heading-inner-border\"><\/div><\/div><\/div><br \/>\n<section  class='av_textblock_section av-15r4wn7-2b4f7f8e9109c034cdda7befd817a397 '   itemscope=\"itemscope\" itemtype=\"https:\/\/schema.org\/CreativeWork\" ><div class='avia_textblock'  itemprop=\"text\" ><p>Spada e rosa: due parole dense di associazioni che, pronunciate nella nostra epoca che guarda entusiasticamente al Medioevo, come a un continente sconosciuto, evocano tesori e misteri. Le rose di questa mostra fioriscono &#8220;nei boschi del Tirolo&#8221;, rappresentano il re dei nani Laurino ed altre figure leggendarie dei monti e dei castelli del Tirolo storico. Nella mostra sono stati presentati aspetti storici e contemporanei della narrazione popolare nel Tirolo.<\/p>\n<\/div><\/section><\/p><\/div><\/div><\/div><\/div><!-- close content main div --><\/div><\/div><div id='die-kultur-der-abtei-st-gallen'  class='avia-section av-142pmgj-49a507b0f0078b32aa9ecb3fa7a50033 main_color avia-section-default avia-no-border-styling  avia-builder-el-57  el_after_av_section  el_before_av_section  avia-bg-style-scroll container_wrap fullsize'  ><div class='container av-section-cont-open' ><div class='template-page content  av-content-full alpha units'><div class='post-entry post-entry-type-page post-entry-2464'><div class='entry-content-wrapper clearfix'>\n\n<style type=\"text\/css\" data-created_by=\"avia_inline_auto\" id=\"style-css-av-13ecztf-e083f4ddd0842967f345b99283fe3be1\">\n.flex_column.av-13ecztf-e083f4ddd0842967f345b99283fe3be1{\nborder-radius:0px 0px 0px 0px;\npadding:30px 0 30px 0;\n}\n<\/style>\n<div  class='flex_column av-13ecztf-e083f4ddd0842967f345b99283fe3be1 av_one_full  avia-builder-el-58  avia-builder-el-no-sibling  first flex_column_div  '     ><p>\n<style type=\"text\/css\" data-created_by=\"avia_inline_auto\" id=\"style-css-av-jn1sq94q-5f7340bf04472b16d50c7b83553e6982\">\n#top .av-special-heading.av-jn1sq94q-5f7340bf04472b16d50c7b83553e6982{\npadding-bottom:20px;\n}\nbody .av-special-heading.av-jn1sq94q-5f7340bf04472b16d50c7b83553e6982 .av-special-heading-tag .heading-char{\nfont-size:25px;\n}\n.av-special-heading.av-jn1sq94q-5f7340bf04472b16d50c7b83553e6982 .av-subheading{\nfont-size:21px;\n}\n<\/style>\n<div  class='av-special-heading av-jn1sq94q-5f7340bf04472b16d50c7b83553e6982 av-special-heading-h2 blockquote modern-quote  avia-builder-el-59  el_before_av_textblock  avia-builder-el-first '><h2 class='av-special-heading-tag '  itemprop=\"headline\"  >La Abbazia. San Gallo.<\/h2><div class='av-subheading av-subheading_below'><p>30.09.1993 \u2013 07.11.1993<\/p>\n<\/div><div class=\"special-heading-border\"><div class=\"special-heading-inner-border\"><\/div><\/div><\/div><br \/>\n<section  class='av_textblock_section av-zo1e0z-e77df10269a50b91ce810b78edc8ca2a '   itemscope=\"itemscope\" itemtype=\"https:\/\/schema.org\/CreativeWork\" ><div class='avia_textblock'  itemprop=\"text\" ><p>Il nome dell&#8217;Abbazia di San Gallo \u00e8 conosciuto ben oltre l&#8217;area di lingua tedesca ed \u00e8 inseparabilmente legato alla fioritura di una cultura intellettuale medievale che dur\u00f2 per secoli. L&#8217;abbazia benedettina di San Gallo \u00e8 stata un centro medievale tra i pi\u00f9 importanti per quanto riguarda la scrittura e la produzione libraria. Su iniziativa dell&#8217;allora direttore dell&#8217;Archivio abbaziale studiosi di diverse discipline in questa mostra presentarono i vari aspetti della cultura monastica di San Gallo.<\/p>\n<\/div><\/section><\/p><\/div><\/div><\/div><\/div><!-- close content main div --><\/div><\/div><div id='jakob-placidus'  class='avia-section av-xy1qir-66a4f7b5074959110a24aa97026eda2e main_color avia-section-default avia-no-border-styling  avia-builder-el-61  el_after_av_section  el_before_av_section  avia-bg-style-scroll container_wrap fullsize'  ><div class='container av-section-cont-open' ><div class='template-page content  av-content-full alpha units'><div class='post-entry post-entry-type-page post-entry-2464'><div class='entry-content-wrapper clearfix'>\n\n<style type=\"text\/css\" data-created_by=\"avia_inline_auto\" id=\"style-css-av-ww8hw3-7aa9e640be2cadd260e3a2de85f78457\">\n.flex_column.av-ww8hw3-7aa9e640be2cadd260e3a2de85f78457{\nborder-radius:0px 0px 0px 0px;\npadding:30px 0 30px 0;\n}\n<\/style>\n<div  class='flex_column av-ww8hw3-7aa9e640be2cadd260e3a2de85f78457 av_one_full  avia-builder-el-62  avia-builder-el-no-sibling  first flex_column_div  '     ><p>\n<style type=\"text\/css\" data-created_by=\"avia_inline_auto\" id=\"style-css-av-jn1sqwia-5bbc0c1d059d14895eacadec324c34df\">\n#top .av-special-heading.av-jn1sqwia-5bbc0c1d059d14895eacadec324c34df{\npadding-bottom:20px;\n}\nbody .av-special-heading.av-jn1sqwia-5bbc0c1d059d14895eacadec324c34df .av-special-heading-tag .heading-char{\nfont-size:25px;\n}\n.av-special-heading.av-jn1sqwia-5bbc0c1d059d14895eacadec324c34df .av-subheading{\nfont-size:21px;\n}\n<\/style>\n<div  class='av-special-heading av-jn1sqwia-5bbc0c1d059d14895eacadec324c34df av-special-heading-h2 blockquote modern-quote  avia-builder-el-63  el_before_av_textblock  avia-builder-el-first '><h2 class='av-special-heading-tag '  itemprop=\"headline\"  >Jakob Placidus Altmutter (1780-1819). Dai campi di battaglia alla vita dei campi.<\/h2><div class='av-subheading av-subheading_below'><p>16.06.1993 \u2013 22.08.1993<\/p>\n<\/div><div class=\"special-heading-border\"><div class=\"special-heading-inner-border\"><\/div><\/div><\/div><br \/>\n<section  class='av_textblock_section av-smkqdf-0b5008e80bf2f65e94ecd3111bd8c96f '   itemscope=\"itemscope\" itemtype=\"https:\/\/schema.org\/CreativeWork\" ><div class='avia_textblock'  itemprop=\"text\" ><p>L&#8217;obiettivo di questa mostra fu quello di avvicinare un pubblico pi\u00f9 vasto all&#8217;arte e alla cultura locale in un senso pi\u00f9 ampio possibile. La figura di Jakob Placidus Altmutter e le sue opere fanno parte della pi\u00f9 preziosa documentazione degli eventi durante le guerre napoleoniche nel Tirolo storico.<br \/>\nIl fatto che egli non vi partecipasse come combattente, come eroe nel senso stretto del termine, ma come uomo sempre alla ricerca di se stesso, affascinato pi\u00f9 dalla vita quotidiana dietro le righe che dai campi di battaglia, ce lo fa sembrare pi\u00f9 vicino che non altri personaggi di quegli anni, pi\u00f9 importanti e ingombranti.<\/p>\n<p>Acquarelli, disegni a matita e a china fungono da veri e propri reportage che raccontano le lotte di allora con grande freschezza.<\/p>\n<\/div><\/section><\/p><\/div><\/div><\/div><\/div><!-- close content main div --><\/div><\/div><div id='malerische-reise-durch-tirol'  class='avia-section av-s05jqb-d68669b7c93638510d88f395bd5d55d2 main_color avia-section-default avia-no-border-styling  avia-builder-el-65  el_after_av_section  el_before_av_section  avia-bg-style-scroll container_wrap fullsize'  ><div class='container av-section-cont-open' ><div class='template-page content  av-content-full alpha units'><div class='post-entry post-entry-type-page post-entry-2464'><div class='entry-content-wrapper clearfix'>\n\n<style type=\"text\/css\" data-created_by=\"avia_inline_auto\" id=\"style-css-av-q3cp2b-79995c0e4d6a284378ad061fd353bc76\">\n.flex_column.av-q3cp2b-79995c0e4d6a284378ad061fd353bc76{\nborder-radius:0px 0px 0px 0px;\npadding:30px 0 30px 0;\n}\n<\/style>\n<div  class='flex_column av-q3cp2b-79995c0e4d6a284378ad061fd353bc76 av_one_full  avia-builder-el-66  avia-builder-el-no-sibling  first flex_column_div  '     ><p>\n<style type=\"text\/css\" data-created_by=\"avia_inline_auto\" id=\"style-css-av-jn1srgx9-9801c3a8115a6378f28dcb61c4672b59\">\n#top .av-special-heading.av-jn1srgx9-9801c3a8115a6378f28dcb61c4672b59{\npadding-bottom:20px;\n}\nbody .av-special-heading.av-jn1srgx9-9801c3a8115a6378f28dcb61c4672b59 .av-special-heading-tag .heading-char{\nfont-size:25px;\n}\n.av-special-heading.av-jn1srgx9-9801c3a8115a6378f28dcb61c4672b59 .av-subheading{\nfont-size:21px;\n}\n<\/style>\n<div  class='av-special-heading av-jn1srgx9-9801c3a8115a6378f28dcb61c4672b59 av-special-heading-h2 blockquote modern-quote  avia-builder-el-67  el_before_av_textblock  avia-builder-el-first '><h2 class='av-special-heading-tag '  itemprop=\"headline\"  >La scoperta del paesaggio tirolese. Dal Romanticismo all\u2019Impressionismo.<\/h2><div class='av-subheading av-subheading_below'><p>09.05.1992 \u2013 21.06.1992<\/p>\n<\/div><div class=\"special-heading-border\"><div class=\"special-heading-inner-border\"><\/div><\/div><\/div><br \/>\n<section  class='av_textblock_section av-276wjn-601b2d5cdaba1f07dced614eba0e3259 '   itemscope=\"itemscope\" itemtype=\"https:\/\/schema.org\/CreativeWork\" ><div class='avia_textblock'  itemprop=\"text\" ><p>Un viaggio pittorico attraverso il Tirolo di allora, in 80 quadri, acquarelli e disegni del XIX secolo. Sessanta pittori europei di rango, dal Romanticismo all&#8217;Impressionismo, documentano la variet\u00e0 dei paesaggi dalla Valle dell&#8217;Inn fino al Lago di Garda. La mostra venne organizzata in collaborazione con il Tiroler Landesmuseum Ferdinandeum di Innsbruck.<\/p>\n<\/div><\/section><\/p><\/div><\/div><\/div><\/div><!-- close content main div --><\/div><\/div><div id='die-raeter'  class='avia-section av-ks36z7-61c505e182922742822fcd0072829745 main_color avia-section-default avia-no-border-styling  avia-builder-el-69  el_after_av_section  el_before_av_section  avia-bg-style-scroll container_wrap fullsize'  ><div class='container av-section-cont-open' ><div class='template-page content  av-content-full alpha units'><div class='post-entry post-entry-type-page post-entry-2464'><div class='entry-content-wrapper clearfix'>\n\n<style type=\"text\/css\" data-created_by=\"avia_inline_auto\" id=\"style-css-av-jrd6dv-c7e0fa78154eb0e9ff1c699758808db7\">\n.flex_column.av-jrd6dv-c7e0fa78154eb0e9ff1c699758808db7{\nborder-radius:0px 0px 0px 0px;\npadding:30px 0 30px 0;\n}\n<\/style>\n<div  class='flex_column av-jrd6dv-c7e0fa78154eb0e9ff1c699758808db7 av_one_full  avia-builder-el-70  avia-builder-el-no-sibling  first flex_column_div  '     ><p>\n<style type=\"text\/css\" data-created_by=\"avia_inline_auto\" id=\"style-css-av-jn1ss404-81cce1fc1bd1ee0d687828e4aeb67ff5\">\n#top .av-special-heading.av-jn1ss404-81cce1fc1bd1ee0d687828e4aeb67ff5{\npadding-bottom:20px;\n}\nbody .av-special-heading.av-jn1ss404-81cce1fc1bd1ee0d687828e4aeb67ff5 .av-special-heading-tag .heading-char{\nfont-size:25px;\n}\n.av-special-heading.av-jn1ss404-81cce1fc1bd1ee0d687828e4aeb67ff5 .av-subheading{\nfont-size:21px;\n}\n<\/style>\n<div  class='av-special-heading av-jn1ss404-81cce1fc1bd1ee0d687828e4aeb67ff5 av-special-heading-h2 blockquote modern-quote  avia-builder-el-71  el_before_av_textblock  avia-builder-el-first '><h2 class='av-special-heading-tag '  itemprop=\"headline\"  >I Reti<\/h2><div class='av-subheading av-subheading_below'><p>05.09.1992 \u2013 31.10.1992<\/p>\n<\/div><div class=\"special-heading-border\"><div class=\"special-heading-inner-border\"><\/div><\/div><\/div><br \/>\n<section  class='av_textblock_section av-g032b7-673299f10d8603cf52e0fba41471847d '   itemscope=\"itemscope\" itemtype=\"https:\/\/schema.org\/CreativeWork\" ><div class='avia_textblock'  itemprop=\"text\" ><p>La mostra creata dal Museo Retico di Coira voleva essere un tentativo di ricostruzione degli usi e costumi di un popolo, avvalendosi di varie discipline. Le notizie tramandateci dagli storiografi antichi riguardo ai Reti non sono molto chiare. Una risposta pu\u00f2 essere trovata solo combinando i risultati delle ricerche linguistiche ed archeologiche. La mostra pertanto si pose l&#8217;obiettivo di seguire le tracce di questo popolo misterioso attraverso i reperti archeologici e le sue testimonianze scritte.<\/p>\n<\/div><\/section><\/p><\/div><\/div><\/div><\/div><!-- close content main div --><\/div><\/div><div id='sonderausstellung-st-prokulus'  class='avia-section av-1go99f-65221a4762f819632508542449066ae6 main_color avia-section-default avia-no-border-styling  avia-builder-el-73  el_after_av_section  el_before_av_section  avia-bg-style-scroll container_wrap fullsize'  ><div class='container av-section-cont-open' ><div class='template-page content  av-content-full alpha units'><div class='post-entry post-entry-type-page post-entry-2464'><div class='entry-content-wrapper clearfix'>\n\n<style type=\"text\/css\" data-created_by=\"avia_inline_auto\" id=\"style-css-av-d5d5b7-e904a5c820f61884b3c206378047941b\">\n.flex_column.av-d5d5b7-e904a5c820f61884b3c206378047941b{\nborder-radius:0px 0px 0px 0px;\npadding:30px 0 30px 0;\n}\n<\/style>\n<div  class='flex_column av-d5d5b7-e904a5c820f61884b3c206378047941b av_one_full  avia-builder-el-74  avia-builder-el-no-sibling  first flex_column_div  '     ><p>\n<style type=\"text\/css\" data-created_by=\"avia_inline_auto\" id=\"style-css-av-jn1ssqxn-00229eae30a42353fc00e8aa6c7cc40f\">\n#top .av-special-heading.av-jn1ssqxn-00229eae30a42353fc00e8aa6c7cc40f{\npadding-bottom:20px;\n}\nbody .av-special-heading.av-jn1ssqxn-00229eae30a42353fc00e8aa6c7cc40f .av-special-heading-tag .heading-char{\nfont-size:25px;\n}\n.av-special-heading.av-jn1ssqxn-00229eae30a42353fc00e8aa6c7cc40f .av-subheading{\nfont-size:21px;\n}\n<\/style>\n<div  class='av-special-heading av-jn1ssqxn-00229eae30a42353fc00e8aa6c7cc40f av-special-heading-h2 blockquote modern-quote  avia-builder-el-75  el_before_av_textblock  avia-builder-el-first '><h2 class='av-special-heading-tag '  itemprop=\"headline\"  >San Procolo a Naturno. La storia attraverso gli scavi. Gli uomini dell\u2019alto Medioevo e del tempo della peste.<\/h2><div class='av-subheading av-subheading_below'><p>12.07.1991 \u2013 31.11.1991<\/p>\n<\/div><div class=\"special-heading-border\"><div class=\"special-heading-inner-border\"><\/div><\/div><\/div><br \/>\n<section  class='av_textblock_section av-8woj83-01718dd333c55781a5a293db5f54c985 '   itemscope=\"itemscope\" itemtype=\"https:\/\/schema.org\/CreativeWork\" ><div class='avia_textblock'  itemprop=\"text\" ><p>La mostra prende spunto dagli scavi presso la chiesa di San Procolo a Naturno. Nel 1985 la Soprintendenza ai Beni Culturali della Provincia di Bolzano aveva disposto dei lavori di drenaggio, il restauro degli affreschi, nonch\u00e9 un sondaggio archeologico, il quale port\u00f2 alla luce dei reperti interessanti, tra i quali spiccano le tombe di un cimitero dei tempi della peste. I risultati del lavoro archeologico e antropologico svolto in una parte del cimitero vennero presentati in una mostra temporanea a Castel Tirolo, la prima di questo tipo, e illuminati da vari punti di vista.<\/p>\n<\/div><\/section><\/p><\/div><\/div><\/div><\/div><!-- close content main div --><\/div><\/div><div id='geschichte-tirols'  class='avia-section av-774qpf-52f8190be2cc5de268fd5c718c845b0c main_color avia-section-default avia-no-border-styling  avia-builder-el-77  el_after_av_section  el_before_av_button_big  avia-bg-style-scroll container_wrap fullsize'  ><div class='container av-section-cont-open' ><div class='template-page content  av-content-full alpha units'><div class='post-entry post-entry-type-page post-entry-2464'><div class='entry-content-wrapper clearfix'>\n\n<style type=\"text\/css\" data-created_by=\"avia_inline_auto\" id=\"style-css-av-5kcefn-b2731734b4d845f049d41adaf48a29ee\">\n.flex_column.av-5kcefn-b2731734b4d845f049d41adaf48a29ee{\nborder-radius:0px 0px 0px 0px;\npadding:30px 0 30px 0;\n}\n<\/style>\n<div  class='flex_column av-5kcefn-b2731734b4d845f049d41adaf48a29ee av_one_full  avia-builder-el-78  avia-builder-el-no-sibling  first flex_column_div  '     ><p>\n<style type=\"text\/css\" data-created_by=\"avia_inline_auto\" id=\"style-css-av-jn1stp3p-9dc57b1316bc53f5c07401203d8fed50\">\n#top .av-special-heading.av-jn1stp3p-9dc57b1316bc53f5c07401203d8fed50{\npadding-bottom:20px;\n}\nbody .av-special-heading.av-jn1stp3p-9dc57b1316bc53f5c07401203d8fed50 .av-special-heading-tag .heading-char{\nfont-size:25px;\n}\n.av-special-heading.av-jn1stp3p-9dc57b1316bc53f5c07401203d8fed50 .av-subheading{\nfont-size:21px;\n}\n<\/style>\n<div  class='av-special-heading av-jn1stp3p-9dc57b1316bc53f5c07401203d8fed50 av-special-heading-h2 blockquote modern-quote  avia-builder-el-79  el_before_av_textblock  avia-builder-el-first '><h2 class='av-special-heading-tag '  itemprop=\"headline\"  >Inaugurazione di una prima mostra permanente sulla storia del Tirolo a Castel Tirolo.<\/h2><div class='av-subheading av-subheading_below'><p>13.10.1984<\/p>\n<\/div><div class=\"special-heading-border\"><div class=\"special-heading-inner-border\"><\/div><\/div><\/div><br \/>\n<section  class='av_textblock_section av-2sapxv-ddb4c11ad19de6a065afcdd65447c39e '   itemscope=\"itemscope\" itemtype=\"https:\/\/schema.org\/CreativeWork\" ><div class='avia_textblock'  itemprop=\"text\" ><p>La Giunta Provinciale dell&#8217;Alto Adige con questa mostra volle venire incontro a un desidero comune e rispondere a una domanda di formazione culturale. La conoscenza della propria storia, infatti, non ha solo lo scopo di aumentare il livello di cultura personale, ma attraverso la comprensione del passato storico aiuta a costruire un&#8217;immagine del presente e una propria identit\u00e0. Per questo si volle presentare la storia del nostro territorio in testi ed immagini e contribuire in questo modo alla comprensione tra i gruppi linguistici in Alto Adige, e Castel Tirolo, punto di cristallizzazione di questa storia, venne scelto in quanto luogo pi\u00f9 adatto.<\/p>\n<\/div><\/section><\/p><\/div><div  class='avia-button-wrap avia-button-center  avia-builder-el-81  el_after_av_section  avia-builder-el-last '>\n<style type=\"text\/css\" data-created_by=\"avia_inline_auto\" id=\"style-css-av-jlxtewdk-e9f249e147dddbb9f473678bd4929010\">\n#top #wrap_all .avia-button.av-jlxtewdk-e9f249e147dddbb9f473678bd4929010{\ncolor:#ffffff;\ntransition:all 0.4s ease-in-out;\n}\n#top #wrap_all .avia-button.av-jlxtewdk-e9f249e147dddbb9f473678bd4929010:hover{\ncolor:#ffffff;\ntransition:all 0.4s ease-in-out;\n}\n#top #wrap_all .avia-button.av-jlxtewdk-e9f249e147dddbb9f473678bd4929010 .avia-svg-icon svg:first-child{\nfill:#ffffff;\nstroke:#ffffff;\n}\n#top #wrap_all .avia-button.av-jlxtewdk-e9f249e147dddbb9f473678bd4929010:hover .avia-svg-icon svg:first-child{\nfill:#ffffff;\nstroke:#ffffff;\n}\n<\/style>\n<a href='' class='avia-color-theme-color avia-button avia-button-fullwidth av-jlxtewdk-e9f249e147dddbb9f473678bd4929010 avia-icon_select-yes-left-icon avia-color-theme-color'   aria-label=\"ARCHIVIO MOSTRE\"><span class='avia_button_icon avia_button_icon_left avia-svg-icon avia-font-svg_entypo-fontello' data-av_svg_icon='archive' data-av_iconset='svg_entypo-fontello'><svg version=\"1.1\" xmlns=\"http:\/\/www.w3.org\/2000\/svg\" width=\"31\" height=\"32\" viewBox=\"0 0 31 32\" preserveAspectRatio=\"xMidYMid meet\" aria-labelledby='av-svg-title-1' aria-describedby='av-svg-desc-1' role=\"graphics-symbol\">\n<title id='av-svg-title-1'>Archive<\/title>\n<desc id='av-svg-desc-1'>Archive<\/desc>\n<path d=\"M26.88 8v1.6h-22.272v-1.6q0-0.704 0.416-1.12t0.8-0.48h19.456q0.192 0 0.448 0.032t0.704 0.448 0.448 1.12zM22.144 3.2q0.192 0 0.448 0.032t0.704 0.448 0.448 1.12h-15.936q0-0.704 0.416-1.12t0.8-0.48h13.12zM30.080 9.6q1.088 1.024 1.216 1.472 0.192 0.576 0 1.728l-2.432 14.4q-0.128 0.704-0.64 1.12t-0.896 0.48h-22.72q-1.664 0-1.92-1.6-0.192-0.832-1.248-7.136t-1.248-7.264q-0.32-0.704-0.096-1.408t0.32-0.832 0.672-0.64l1.28-1.28v2.56h26.752v-2.56zM22.144 18.24v-3.2h-2.24v2.56h-8.32v-2.56h-2.176v3.2q0 1.6 1.536 1.6h9.6q0.704 0 1.12-0.384t0.416-0.768z\"><\/path>\n<\/svg><\/span><span class='avia_iconbox_title' >ARCHIVIO MOSTRE<\/span><span class='avia_button_background avia-button avia-button-fullwidth avia-color-theme-color-highlight'><\/span><\/a><\/div><\/p>\n","protected":false},"excerpt":{"rendered":"","protected":false},"author":1,"featured_media":1726,"comment_status":"closed","ping_status":"closed","template":"","meta":{"footnotes":""},"tags":[],"portfolio_entries":[95],"class_list":["post-2464","portfolio","type-portfolio","status-publish","has-post-thumbnail","hentry","portfolio_entries-ausstellungen-2003-it-2"],"yoast_head":"<!-- This site is optimized with the Yoast SEO plugin v27.5 - https:\/\/yoast.com\/product\/yoast-seo-wordpress\/ -->\n<title>Mostre prima del 2003 - Castel Tirolo - Museo storico-culturale (BZ)<\/title>\n<meta name=\"description\" content=\"Castel Tirolo Mostre prima del 2003\" \/>\n<meta name=\"robots\" content=\"index, follow, max-snippet:-1, max-image-preview:large, max-video-preview:-1\" \/>\n<link rel=\"canonical\" href=\"https:\/\/www.schlosstirol.it\/it\/museo-provinciale-alto-adige\/mostre-prima-del-2003\/\" \/>\n<meta property=\"og:locale\" content=\"it_IT\" \/>\n<meta property=\"og:type\" content=\"article\" \/>\n<meta property=\"og:title\" content=\"Mostre prima del 2003 - Castel Tirolo - Museo storico-culturale (BZ)\" \/>\n<meta property=\"og:description\" content=\"Castel Tirolo Mostre prima del 2003\" \/>\n<meta property=\"og:url\" content=\"https:\/\/www.schlosstirol.it\/it\/museo-provinciale-alto-adige\/mostre-prima-del-2003\/\" \/>\n<meta property=\"og:site_name\" content=\"Castel Tirolo - Museo storico-culturale (BZ)\" \/>\n<meta property=\"article:publisher\" content=\"https:\/\/www.facebook.com\/schlosstirol.casteltirolo\" \/>\n<meta property=\"article:modified_time\" content=\"2018-10-09T14:06:58+00:00\" \/>\n<meta property=\"og:image\" content=\"https:\/\/www.schlosstirol.it\/wp-content\/uploads\/2018\/03\/schloss-tirol_ausstellungen-2003-vorher.jpg\" \/>\n\t<meta property=\"og:image:width\" content=\"1030\" \/>\n\t<meta property=\"og:image:height\" content=\"687\" \/>\n\t<meta property=\"og:image:type\" content=\"image\/jpeg\" \/>\n<meta name=\"twitter:card\" content=\"summary_large_image\" \/>\n<meta name=\"twitter:label1\" content=\"Tempo di lettura stimato\" \/>\n\t<meta name=\"twitter:data1\" content=\"35 minuti\" \/>\n<script type=\"application\/ld+json\" class=\"yoast-schema-graph\">{\"@context\":\"https:\\\/\\\/schema.org\",\"@graph\":[{\"@type\":\"WebPage\",\"@id\":\"https:\\\/\\\/www.schlosstirol.it\\\/it\\\/museo-provinciale-alto-adige\\\/mostre-prima-del-2003\\\/\",\"url\":\"https:\\\/\\\/www.schlosstirol.it\\\/it\\\/museo-provinciale-alto-adige\\\/mostre-prima-del-2003\\\/\",\"name\":\"Mostre prima del 2003 - Castel Tirolo - Museo storico-culturale (BZ)\",\"isPartOf\":{\"@id\":\"https:\\\/\\\/www.schlosstirol.it\\\/it\\\/#website\"},\"primaryImageOfPage\":{\"@id\":\"https:\\\/\\\/www.schlosstirol.it\\\/it\\\/museo-provinciale-alto-adige\\\/mostre-prima-del-2003\\\/#primaryimage\"},\"image\":{\"@id\":\"https:\\\/\\\/www.schlosstirol.it\\\/it\\\/museo-provinciale-alto-adige\\\/mostre-prima-del-2003\\\/#primaryimage\"},\"thumbnailUrl\":\"https:\\\/\\\/www.schlosstirol.it\\\/wp-content\\\/uploads\\\/2018\\\/03\\\/schloss-tirol_ausstellungen-2003-vorher.jpg\",\"datePublished\":\"2018-03-07T12:29:40+00:00\",\"dateModified\":\"2018-10-09T14:06:58+00:00\",\"description\":\"Castel Tirolo Mostre prima del 2003\",\"breadcrumb\":{\"@id\":\"https:\\\/\\\/www.schlosstirol.it\\\/it\\\/museo-provinciale-alto-adige\\\/mostre-prima-del-2003\\\/#breadcrumb\"},\"inLanguage\":\"it-IT\",\"potentialAction\":[{\"@type\":\"ReadAction\",\"target\":[\"https:\\\/\\\/www.schlosstirol.it\\\/it\\\/museo-provinciale-alto-adige\\\/mostre-prima-del-2003\\\/\"]}]},{\"@type\":\"ImageObject\",\"inLanguage\":\"it-IT\",\"@id\":\"https:\\\/\\\/www.schlosstirol.it\\\/it\\\/museo-provinciale-alto-adige\\\/mostre-prima-del-2003\\\/#primaryimage\",\"url\":\"https:\\\/\\\/www.schlosstirol.it\\\/wp-content\\\/uploads\\\/2018\\\/03\\\/schloss-tirol_ausstellungen-2003-vorher.jpg\",\"contentUrl\":\"https:\\\/\\\/www.schlosstirol.it\\\/wp-content\\\/uploads\\\/2018\\\/03\\\/schloss-tirol_ausstellungen-2003-vorher.jpg\",\"width\":1030,\"height\":687,\"caption\":\"Mostre prima del 2003\"},{\"@type\":\"BreadcrumbList\",\"@id\":\"https:\\\/\\\/www.schlosstirol.it\\\/it\\\/museo-provinciale-alto-adige\\\/mostre-prima-del-2003\\\/#breadcrumb\",\"itemListElement\":[{\"@type\":\"ListItem\",\"position\":1,\"name\":\"Startseite\",\"item\":\"https:\\\/\\\/www.schlosstirol.it\\\/it\\\/castel-tirolo\\\/\"},{\"@type\":\"ListItem\",\"position\":2,\"name\":\"Mostre prima del 2003\"}]},{\"@type\":\"WebSite\",\"@id\":\"https:\\\/\\\/www.schlosstirol.it\\\/it\\\/#website\",\"url\":\"https:\\\/\\\/www.schlosstirol.it\\\/it\\\/\",\"name\":\"Castel Tirolo - Museo storico-culturale (BZ)\",\"description\":\"Museo storico-culturale della Provincia di Bolzano\",\"publisher\":{\"@id\":\"https:\\\/\\\/www.schlosstirol.it\\\/it\\\/#organization\"},\"potentialAction\":[{\"@type\":\"SearchAction\",\"target\":{\"@type\":\"EntryPoint\",\"urlTemplate\":\"https:\\\/\\\/www.schlosstirol.it\\\/it\\\/?s={search_term_string}\"},\"query-input\":{\"@type\":\"PropertyValueSpecification\",\"valueRequired\":true,\"valueName\":\"search_term_string\"}}],\"inLanguage\":\"it-IT\"},{\"@type\":\"Organization\",\"@id\":\"https:\\\/\\\/www.schlosstirol.it\\\/it\\\/#organization\",\"name\":\"Castel Tirolo\",\"url\":\"https:\\\/\\\/www.schlosstirol.it\\\/it\\\/\",\"logo\":{\"@type\":\"ImageObject\",\"inLanguage\":\"it-IT\",\"@id\":\"https:\\\/\\\/www.schlosstirol.it\\\/it\\\/#\\\/schema\\\/logo\\\/image\\\/\",\"url\":\"https:\\\/\\\/www.schlosstirol.it\\\/wp-content\\\/uploads\\\/2018\\\/09\\\/schloss-tirol_logo-impressum.png\",\"contentUrl\":\"https:\\\/\\\/www.schlosstirol.it\\\/wp-content\\\/uploads\\\/2018\\\/09\\\/schloss-tirol_logo-impressum.png\",\"width\":1030,\"height\":687,\"caption\":\"Castel Tirolo\"},\"image\":{\"@id\":\"https:\\\/\\\/www.schlosstirol.it\\\/it\\\/#\\\/schema\\\/logo\\\/image\\\/\"},\"sameAs\":[\"https:\\\/\\\/www.facebook.com\\\/schlosstirol.casteltirolo\"]}]}<\/script>\n<!-- \/ Yoast SEO plugin. -->","yoast_head_json":{"title":"Mostre prima del 2003 - Castel Tirolo - Museo storico-culturale (BZ)","description":"Castel Tirolo Mostre prima del 2003","robots":{"index":"index","follow":"follow","max-snippet":"max-snippet:-1","max-image-preview":"max-image-preview:large","max-video-preview":"max-video-preview:-1"},"canonical":"https:\/\/www.schlosstirol.it\/it\/museo-provinciale-alto-adige\/mostre-prima-del-2003\/","og_locale":"it_IT","og_type":"article","og_title":"Mostre prima del 2003 - Castel Tirolo - Museo storico-culturale (BZ)","og_description":"Castel Tirolo Mostre prima del 2003","og_url":"https:\/\/www.schlosstirol.it\/it\/museo-provinciale-alto-adige\/mostre-prima-del-2003\/","og_site_name":"Castel Tirolo - Museo storico-culturale (BZ)","article_publisher":"https:\/\/www.facebook.com\/schlosstirol.casteltirolo","article_modified_time":"2018-10-09T14:06:58+00:00","og_image":[{"width":1030,"height":687,"url":"https:\/\/www.schlosstirol.it\/wp-content\/uploads\/2018\/03\/schloss-tirol_ausstellungen-2003-vorher.jpg","type":"image\/jpeg"}],"twitter_card":"summary_large_image","twitter_misc":{"Tempo di lettura stimato":"35 minuti"},"schema":{"@context":"https:\/\/schema.org","@graph":[{"@type":"WebPage","@id":"https:\/\/www.schlosstirol.it\/it\/museo-provinciale-alto-adige\/mostre-prima-del-2003\/","url":"https:\/\/www.schlosstirol.it\/it\/museo-provinciale-alto-adige\/mostre-prima-del-2003\/","name":"Mostre prima del 2003 - Castel Tirolo - Museo storico-culturale (BZ)","isPartOf":{"@id":"https:\/\/www.schlosstirol.it\/it\/#website"},"primaryImageOfPage":{"@id":"https:\/\/www.schlosstirol.it\/it\/museo-provinciale-alto-adige\/mostre-prima-del-2003\/#primaryimage"},"image":{"@id":"https:\/\/www.schlosstirol.it\/it\/museo-provinciale-alto-adige\/mostre-prima-del-2003\/#primaryimage"},"thumbnailUrl":"https:\/\/www.schlosstirol.it\/wp-content\/uploads\/2018\/03\/schloss-tirol_ausstellungen-2003-vorher.jpg","datePublished":"2018-03-07T12:29:40+00:00","dateModified":"2018-10-09T14:06:58+00:00","description":"Castel Tirolo Mostre prima del 2003","breadcrumb":{"@id":"https:\/\/www.schlosstirol.it\/it\/museo-provinciale-alto-adige\/mostre-prima-del-2003\/#breadcrumb"},"inLanguage":"it-IT","potentialAction":[{"@type":"ReadAction","target":["https:\/\/www.schlosstirol.it\/it\/museo-provinciale-alto-adige\/mostre-prima-del-2003\/"]}]},{"@type":"ImageObject","inLanguage":"it-IT","@id":"https:\/\/www.schlosstirol.it\/it\/museo-provinciale-alto-adige\/mostre-prima-del-2003\/#primaryimage","url":"https:\/\/www.schlosstirol.it\/wp-content\/uploads\/2018\/03\/schloss-tirol_ausstellungen-2003-vorher.jpg","contentUrl":"https:\/\/www.schlosstirol.it\/wp-content\/uploads\/2018\/03\/schloss-tirol_ausstellungen-2003-vorher.jpg","width":1030,"height":687,"caption":"Mostre prima del 2003"},{"@type":"BreadcrumbList","@id":"https:\/\/www.schlosstirol.it\/it\/museo-provinciale-alto-adige\/mostre-prima-del-2003\/#breadcrumb","itemListElement":[{"@type":"ListItem","position":1,"name":"Startseite","item":"https:\/\/www.schlosstirol.it\/it\/castel-tirolo\/"},{"@type":"ListItem","position":2,"name":"Mostre prima del 2003"}]},{"@type":"WebSite","@id":"https:\/\/www.schlosstirol.it\/it\/#website","url":"https:\/\/www.schlosstirol.it\/it\/","name":"Castel Tirolo - Museo storico-culturale (BZ)","description":"Museo storico-culturale della Provincia di Bolzano","publisher":{"@id":"https:\/\/www.schlosstirol.it\/it\/#organization"},"potentialAction":[{"@type":"SearchAction","target":{"@type":"EntryPoint","urlTemplate":"https:\/\/www.schlosstirol.it\/it\/?s={search_term_string}"},"query-input":{"@type":"PropertyValueSpecification","valueRequired":true,"valueName":"search_term_string"}}],"inLanguage":"it-IT"},{"@type":"Organization","@id":"https:\/\/www.schlosstirol.it\/it\/#organization","name":"Castel Tirolo","url":"https:\/\/www.schlosstirol.it\/it\/","logo":{"@type":"ImageObject","inLanguage":"it-IT","@id":"https:\/\/www.schlosstirol.it\/it\/#\/schema\/logo\/image\/","url":"https:\/\/www.schlosstirol.it\/wp-content\/uploads\/2018\/09\/schloss-tirol_logo-impressum.png","contentUrl":"https:\/\/www.schlosstirol.it\/wp-content\/uploads\/2018\/09\/schloss-tirol_logo-impressum.png","width":1030,"height":687,"caption":"Castel Tirolo"},"image":{"@id":"https:\/\/www.schlosstirol.it\/it\/#\/schema\/logo\/image\/"},"sameAs":["https:\/\/www.facebook.com\/schlosstirol.casteltirolo"]}]}},"_links":{"self":[{"href":"https:\/\/www.schlosstirol.it\/it\/wp-json\/wp\/v2\/portfolio\/2464","targetHints":{"allow":["GET"]}}],"collection":[{"href":"https:\/\/www.schlosstirol.it\/it\/wp-json\/wp\/v2\/portfolio"}],"about":[{"href":"https:\/\/www.schlosstirol.it\/it\/wp-json\/wp\/v2\/types\/portfolio"}],"author":[{"embeddable":true,"href":"https:\/\/www.schlosstirol.it\/it\/wp-json\/wp\/v2\/users\/1"}],"replies":[{"embeddable":true,"href":"https:\/\/www.schlosstirol.it\/it\/wp-json\/wp\/v2\/comments?post=2464"}],"version-history":[{"count":0,"href":"https:\/\/www.schlosstirol.it\/it\/wp-json\/wp\/v2\/portfolio\/2464\/revisions"}],"wp:featuredmedia":[{"embeddable":true,"href":"https:\/\/www.schlosstirol.it\/it\/wp-json\/wp\/v2\/media\/1726"}],"wp:attachment":[{"href":"https:\/\/www.schlosstirol.it\/it\/wp-json\/wp\/v2\/media?parent=2464"}],"wp:term":[{"taxonomy":"post_tag","embeddable":true,"href":"https:\/\/www.schlosstirol.it\/it\/wp-json\/wp\/v2\/tags?post=2464"},{"taxonomy":"portfolio_entries","embeddable":true,"href":"https:\/\/www.schlosstirol.it\/it\/wp-json\/wp\/v2\/portfolio_entries?post=2464"}],"curies":[{"name":"wp","href":"https:\/\/api.w.org\/{rel}","templated":true}]}}