{"id":9454,"date":"2021-12-09T11:01:43","date_gmt":"2021-12-09T10:01:43","guid":{"rendered":"https:\/\/www.schlosstirol.it\/landesmuseum-suedtirol\/tipario-timbro-per-sigilli\/"},"modified":"2022-07-27T10:35:12","modified_gmt":"2022-07-27T08:35:12","slug":"tipario-timbro-per-sigilli","status":"publish","type":"portfolio","link":"https:\/\/www.schlosstirol.it\/it\/museo-provinciale-alto-adige\/tipario-timbro-per-sigilli\/","title":{"rendered":"57 \/ Tipario (timbro per sigilli)"},"content":{"rendered":"\n<style type=\"text\/css\" data-created_by=\"avia_inline_auto\" id=\"style-css-av-hochdm-8f0140c999d3df0357cf2cab1f4904c6\">\n.avia-section.av-hochdm-8f0140c999d3df0357cf2cab1f4904c6{\nbackground-color:#000000;\nbackground-image:unset;\n}\n<\/style>\n<div id='av_section_1'  class='avia-section av-hochdm-8f0140c999d3df0357cf2cab1f4904c6 main_color avia-section-default avia-no-border-styling  avia-builder-el-0  avia-builder-el-no-sibling  avia-bg-style-scroll container_wrap fullsize'  ><div class='container av-section-cont-open' ><main  role=\"main\" itemprop=\"mainContentOfPage\"  class='template-page content  av-content-full alpha units'><div class='post-entry post-entry-type-page post-entry-9454'><div class='entry-content-wrapper clearfix'>\n\n<style type=\"text\/css\" data-created_by=\"avia_inline_auto\" id=\"style-css-av-gee8wq-a9163df53cef604f1e6cb0d699951348\">\n#top .hr.hr-invisible.av-gee8wq-a9163df53cef604f1e6cb0d699951348{\nheight:120px;\n}\n<\/style>\n<div  class='hr av-gee8wq-a9163df53cef604f1e6cb0d699951348 hr-invisible  avia-builder-el-1  el_before_av_button_big  avia-builder-el-no-sibling  av-medium-hide av-small-hide av-mini-hide'><span class='hr-inner '><span class=\"hr-inner-style\"><\/span><\/span><\/div>\n<div  class='avia-button-wrap avia-button-center  avia-builder-el-2  el_after_av_hr  el_before_av_hr '>\n<style type=\"text\/css\" data-created_by=\"avia_inline_auto\" id=\"style-css-av-e9i44q-0589bab88eafb0f7e0bdb321ac054241\">\n#top #wrap_all .avia-button.av-e9i44q-0589bab88eafb0f7e0bdb321ac054241{\nbackground-color:#222222;\nborder-color:#222222;\ntransition:all 0.4s ease-in-out;\n}\n#top #wrap_all .avia-button.av-e9i44q-0589bab88eafb0f7e0bdb321ac054241:hover{\ncolor:white;\ntransition:all 0.4s ease-in-out;\n}\n#top #wrap_all .avia-button.av-e9i44q-0589bab88eafb0f7e0bdb321ac054241:hover .avia-svg-icon svg:first-child{\nfill:white;\nstroke:white;\n}\n<\/style>\n<a href='https:\/\/www.schlosstirol.it\/it\/la-collezione\/' class='avia-font-color-theme-color avia-button avia-button-fullwidth av-e9i44q-0589bab88eafb0f7e0bdb321ac054241 avia-icon_select-yes-left-icon avia-color-custom'   aria-label=\"COLLEZIONE\"><span class='avia_button_icon avia_button_icon_left avia-svg-icon avia-font-svg_entypo-fontello' data-av_svg_icon='book' data-av_iconset='svg_entypo-fontello'><svg version=\"1.1\" xmlns=\"http:\/\/www.w3.org\/2000\/svg\" width=\"22\" height=\"32\" viewBox=\"0 0 22 32\" preserveAspectRatio=\"xMidYMid meet\" aria-labelledby='av-svg-title-1' aria-describedby='av-svg-desc-1' role=\"graphics-symbol\">\n<title id='av-svg-title-1'>Book<\/title>\n<desc id='av-svg-desc-1'>Book<\/desc>\n<path d=\"M21.824 8.192q0.576 0.256 0.576 0.896v17.984q0 0.448-0.384 0.8t-0.896 0.352q-1.472 0-1.472-1.152v-16.704q0-0.384-0.384-0.576l-12.928-6.912q-1.024-0.32-2.176 0.32-1.408 0.64-1.792 1.408l13.056 7.296q0.576 0.256 0.576 0.896v17.6q0 0.704-0.576 0.896-0.192 0.128-0.512 0.128-0.448 0-0.64-0.128-0.256-0.192-6.464-4.064t-6.784-4.192q-0.832-0.576-0.832-1.088l-0.192-16.768q0-0.896 0.448-1.664 0.896-1.472 3.264-2.464t3.712-0.288z\"><\/path>\n<\/svg><\/span><span class='avia_iconbox_title' >COLLEZIONE<\/span><span class='avia_button_background avia-button avia-button-fullwidth avia-color-theme-color-highlight'><\/span><\/a><\/div>\n\n<style type=\"text\/css\" data-created_by=\"avia_inline_auto\" id=\"style-css-av-clf1re-f4b43c2d736ea9345380c203a046a388\">\n#top .hr.hr-invisible.av-clf1re-f4b43c2d736ea9345380c203a046a388{\nheight:30px;\n}\n<\/style>\n<div  class='hr av-clf1re-f4b43c2d736ea9345380c203a046a388 hr-invisible  avia-builder-el-3  el_after_av_button_big  el_before_av_one_fourth  avia-builder-el-first '><span class='hr-inner '><span class=\"hr-inner-style\"><\/span><\/span><\/div>\n\n<style type=\"text\/css\" data-created_by=\"avia_inline_auto\" id=\"style-css-av-aqxcx6-a2197bee4c35cac6d877c4df5b41eb6e\">\n.flex_column.av-aqxcx6-a2197bee4c35cac6d877c4df5b41eb6e{\nborder-radius:0px 0px 0px 0px;\npadding:0px 0px 0px 0px;\n}\n<\/style>\n<div  class='flex_column av-aqxcx6-a2197bee4c35cac6d877c4df5b41eb6e av_one_fourth  avia-builder-el-4  el_after_av_hr  el_before_av_one_half  first flex_column_div av-zero-column-padding  '     ><style type=\"text\/css\" data-created_by=\"avia_inline_auto\" id=\"style-css-av-kwyshuw4-6431166c19ae28d7d36e36f905889178\">\n#top .avia-gallery.av-kwyshuw4-6431166c19ae28d7d36e36f905889178 .avia-gallery-thumb a{\nwidth:100%;\n}\n<\/style>\n<div  class='avia-gallery av-kwyshuw4-6431166c19ae28d7d36e36f905889178 avia_animate_when_visible  avia-builder-el-5  avia-builder-el-no-sibling  deactivate_avia_lazyload avia-gallery-animate avia-gallery-1'  itemprop=\"image\" itemscope=\"itemscope\" itemtype=\"https:\/\/schema.org\/ImageObject\" ><meta itemprop=\"contentURL\" content=\"https:\/\/www.schlosstirol.it\/it\/museo-provinciale-alto-adige\/tipario-timbro-per-sigilli\/\"><div class='avia-gallery-thumb'><a href=\"https:\/\/www.schlosstirol.it\/wp-content\/uploads\/2021\/12\/057_700566_Siegelstempel_Pacilino_14Jh1H_2_\u00a9JP2020.jpg\" data-srcset=\"https:\/\/www.schlosstirol.it\/wp-content\/uploads\/2021\/12\/057_700566_Siegelstempel_Pacilino_14Jh1H_2_\u00a9JP2020.jpg 810w, https:\/\/www.schlosstirol.it\/wp-content\/uploads\/2021\/12\/057_700566_Siegelstempel_Pacilino_14Jh1H_2_\u00a9JP2020-300x296.jpg 300w, https:\/\/www.schlosstirol.it\/wp-content\/uploads\/2021\/12\/057_700566_Siegelstempel_Pacilino_14Jh1H_2_\u00a9JP2020-80x80.jpg 80w, https:\/\/www.schlosstirol.it\/wp-content\/uploads\/2021\/12\/057_700566_Siegelstempel_Pacilino_14Jh1H_2_\u00a9JP2020-768x759.jpg 768w, https:\/\/www.schlosstirol.it\/wp-content\/uploads\/2021\/12\/057_700566_Siegelstempel_Pacilino_14Jh1H_2_\u00a9JP2020-36x36.jpg 36w, https:\/\/www.schlosstirol.it\/wp-content\/uploads\/2021\/12\/057_700566_Siegelstempel_Pacilino_14Jh1H_2_\u00a9JP2020-705x696.jpg 705w\" data-sizes=\"(max-width: 810px) 100vw, 810px\" data-rel='gallery-1' data-prev-img='https:\/\/www.schlosstirol.it\/wp-content\/uploads\/2021\/12\/057_700566_Siegelstempel_Pacilino_14Jh1H_2_\u00a9JP2020.jpg' class='first_thumb lightbox ' data-onclick='1' title='057_700566_Siegelstempel_Pacilino_14Jh1H_2_\u00a9JP2020'  itemprop=\"thumbnailUrl\"  ><img decoding=\"async\" fetchpriority=\"high\" class=\"wp-image-8176 avia-img-lazy-loading-not-8176\"   src=\"https:\/\/www.schlosstirol.it\/wp-content\/uploads\/2021\/12\/057_700566_Siegelstempel_Pacilino_14Jh1H_2_\u00a9JP2020.jpg\" width=\"810\" height=\"800\"  title='057_700566_Siegelstempel_Pacilino_14Jh1H_2_\u00a9JP2020' alt='' srcset=\"https:\/\/www.schlosstirol.it\/wp-content\/uploads\/2021\/12\/057_700566_Siegelstempel_Pacilino_14Jh1H_2_\u00a9JP2020.jpg 810w, https:\/\/www.schlosstirol.it\/wp-content\/uploads\/2021\/12\/057_700566_Siegelstempel_Pacilino_14Jh1H_2_\u00a9JP2020-300x296.jpg 300w, https:\/\/www.schlosstirol.it\/wp-content\/uploads\/2021\/12\/057_700566_Siegelstempel_Pacilino_14Jh1H_2_\u00a9JP2020-80x80.jpg 80w, https:\/\/www.schlosstirol.it\/wp-content\/uploads\/2021\/12\/057_700566_Siegelstempel_Pacilino_14Jh1H_2_\u00a9JP2020-768x759.jpg 768w, https:\/\/www.schlosstirol.it\/wp-content\/uploads\/2021\/12\/057_700566_Siegelstempel_Pacilino_14Jh1H_2_\u00a9JP2020-36x36.jpg 36w, https:\/\/www.schlosstirol.it\/wp-content\/uploads\/2021\/12\/057_700566_Siegelstempel_Pacilino_14Jh1H_2_\u00a9JP2020-705x696.jpg 705w\" sizes=\"(max-width: 810px) 100vw, 810px\" \/><div class='big-prev-fake'><img decoding=\"async\" loading=\"lazy\" class=\"wp-image-8176 avia-img-lazy-loading-8176\"  width=\"810\" height=\"800\" src=\"https:\/\/www.schlosstirol.it\/wp-content\/uploads\/2021\/12\/057_700566_Siegelstempel_Pacilino_14Jh1H_2_\u00a9JP2020.jpg\" title='057_700566_Siegelstempel_Pacilino_14Jh1H_2_\u00a9JP2020' alt='' srcset=\"https:\/\/www.schlosstirol.it\/wp-content\/uploads\/2021\/12\/057_700566_Siegelstempel_Pacilino_14Jh1H_2_\u00a9JP2020.jpg 810w, https:\/\/www.schlosstirol.it\/wp-content\/uploads\/2021\/12\/057_700566_Siegelstempel_Pacilino_14Jh1H_2_\u00a9JP2020-300x296.jpg 300w, https:\/\/www.schlosstirol.it\/wp-content\/uploads\/2021\/12\/057_700566_Siegelstempel_Pacilino_14Jh1H_2_\u00a9JP2020-80x80.jpg 80w, https:\/\/www.schlosstirol.it\/wp-content\/uploads\/2021\/12\/057_700566_Siegelstempel_Pacilino_14Jh1H_2_\u00a9JP2020-768x759.jpg 768w, https:\/\/www.schlosstirol.it\/wp-content\/uploads\/2021\/12\/057_700566_Siegelstempel_Pacilino_14Jh1H_2_\u00a9JP2020-36x36.jpg 36w, https:\/\/www.schlosstirol.it\/wp-content\/uploads\/2021\/12\/057_700566_Siegelstempel_Pacilino_14Jh1H_2_\u00a9JP2020-705x696.jpg 705w\" sizes=\"auto, (max-width: 810px) 100vw, 810px\" \/><\/div><\/a><a href=\"https:\/\/www.schlosstirol.it\/wp-content\/uploads\/2021\/12\/057_700566_Siegelstempel_Pacilino_14Jh1H_1_\u00a9JP2020.jpg\" data-srcset=\"https:\/\/www.schlosstirol.it\/wp-content\/uploads\/2021\/12\/057_700566_Siegelstempel_Pacilino_14Jh1H_1_\u00a9JP2020.jpg 908w, https:\/\/www.schlosstirol.it\/wp-content\/uploads\/2021\/12\/057_700566_Siegelstempel_Pacilino_14Jh1H_1_\u00a9JP2020-300x264.jpg 300w, https:\/\/www.schlosstirol.it\/wp-content\/uploads\/2021\/12\/057_700566_Siegelstempel_Pacilino_14Jh1H_1_\u00a9JP2020-768x677.jpg 768w, https:\/\/www.schlosstirol.it\/wp-content\/uploads\/2021\/12\/057_700566_Siegelstempel_Pacilino_14Jh1H_1_\u00a9JP2020-705x621.jpg 705w\" data-sizes=\"(max-width: 908px) 100vw, 908px\" data-rel='gallery-1' data-prev-img='https:\/\/www.schlosstirol.it\/wp-content\/uploads\/2021\/12\/057_700566_Siegelstempel_Pacilino_14Jh1H_1_\u00a9JP2020.jpg' class='first_thumb lightbox ' data-onclick='2' title='057_700566_Siegelstempel_Pacilino_14Jh1H_1_\u00a9JP2020'  itemprop=\"thumbnailUrl\"  ><img decoding=\"async\" fetchpriority=\"high\" class=\"wp-image-8173 avia-img-lazy-loading-not-8173\"   src=\"https:\/\/www.schlosstirol.it\/wp-content\/uploads\/2021\/12\/057_700566_Siegelstempel_Pacilino_14Jh1H_1_\u00a9JP2020.jpg\" width=\"908\" height=\"800\"  title='057_700566_Siegelstempel_Pacilino_14Jh1H_1_\u00a9JP2020' alt='' srcset=\"https:\/\/www.schlosstirol.it\/wp-content\/uploads\/2021\/12\/057_700566_Siegelstempel_Pacilino_14Jh1H_1_\u00a9JP2020.jpg 908w, https:\/\/www.schlosstirol.it\/wp-content\/uploads\/2021\/12\/057_700566_Siegelstempel_Pacilino_14Jh1H_1_\u00a9JP2020-300x264.jpg 300w, https:\/\/www.schlosstirol.it\/wp-content\/uploads\/2021\/12\/057_700566_Siegelstempel_Pacilino_14Jh1H_1_\u00a9JP2020-768x677.jpg 768w, https:\/\/www.schlosstirol.it\/wp-content\/uploads\/2021\/12\/057_700566_Siegelstempel_Pacilino_14Jh1H_1_\u00a9JP2020-705x621.jpg 705w\" sizes=\"(max-width: 908px) 100vw, 908px\" \/><div class='big-prev-fake'><img decoding=\"async\" loading=\"lazy\" class=\"wp-image-8173 avia-img-lazy-loading-8173\"  width=\"908\" height=\"800\" src=\"https:\/\/www.schlosstirol.it\/wp-content\/uploads\/2021\/12\/057_700566_Siegelstempel_Pacilino_14Jh1H_1_\u00a9JP2020.jpg\" title='057_700566_Siegelstempel_Pacilino_14Jh1H_1_\u00a9JP2020' alt='' srcset=\"https:\/\/www.schlosstirol.it\/wp-content\/uploads\/2021\/12\/057_700566_Siegelstempel_Pacilino_14Jh1H_1_\u00a9JP2020.jpg 908w, https:\/\/www.schlosstirol.it\/wp-content\/uploads\/2021\/12\/057_700566_Siegelstempel_Pacilino_14Jh1H_1_\u00a9JP2020-300x264.jpg 300w, https:\/\/www.schlosstirol.it\/wp-content\/uploads\/2021\/12\/057_700566_Siegelstempel_Pacilino_14Jh1H_1_\u00a9JP2020-768x677.jpg 768w, https:\/\/www.schlosstirol.it\/wp-content\/uploads\/2021\/12\/057_700566_Siegelstempel_Pacilino_14Jh1H_1_\u00a9JP2020-705x621.jpg 705w\" sizes=\"auto, (max-width: 908px) 100vw, 908px\" \/><\/div><\/a><\/div><\/div><\/div>\n<style type=\"text\/css\" data-created_by=\"avia_inline_auto\" id=\"style-css-av-z9gqy-0576ca4209282f676293a17bbfd5ef57\">\n.flex_column.av-z9gqy-0576ca4209282f676293a17bbfd5ef57{\nborder-radius:0px 0px 0px 0px;\npadding:30px 0 30px 0;\n}\n<\/style>\n<div  class='flex_column av-z9gqy-0576ca4209282f676293a17bbfd5ef57 av_one_half  avia-builder-el-6  el_after_av_one_fourth  el_before_av_one_fourth  flex_column_div  '     ><p>\n<style type=\"text\/css\" data-created_by=\"avia_inline_auto\" id=\"style-css-av-kwysd2h9-cec127d00101836db06bb6447c7f7faa\">\n#top .av-special-heading.av-kwysd2h9-cec127d00101836db06bb6447c7f7faa{\npadding-bottom:20px;\ncolor:#ffffff;\n}\nbody .av-special-heading.av-kwysd2h9-cec127d00101836db06bb6447c7f7faa .av-special-heading-tag .heading-char{\nfont-size:25px;\n}\n.av-special-heading.av-kwysd2h9-cec127d00101836db06bb6447c7f7faa .special-heading-inner-border{\nborder-color:#ffffff;\n}\n.av-special-heading.av-kwysd2h9-cec127d00101836db06bb6447c7f7faa .av-subheading{\nfont-size:21px;\n}\n<\/style>\n<div  class='av-special-heading av-kwysd2h9-cec127d00101836db06bb6447c7f7faa av-special-heading-h2 custom-color-heading blockquote modern-quote  avia-builder-el-7  el_before_av_textblock  avia-builder-el-first '><h2 class='av-special-heading-tag '  itemprop=\"headline\"  >Tipario (timbro per sigilli)<\/h2><div class='av_custom_color av-subheading av-subheading_below'><p>Prima met\u00e0 del XIV sec.<\/p>\n<\/div><div class=\"special-heading-border\"><div class=\"special-heading-inner-border\"><\/div><\/div><\/div><br \/>\n\n<style type=\"text\/css\" data-created_by=\"avia_inline_auto\" id=\"style-css-av-kwysct10-969a152817db844441a3f4c2d9a685b3\">\n#top .av_textblock_section.av-kwysct10-969a152817db844441a3f4c2d9a685b3 .avia_textblock{\ncolor:#e1e1e1;\n}\n<\/style>\n<section  class='av_textblock_section av-kwysct10-969a152817db844441a3f4c2d9a685b3 '   itemscope=\"itemscope\" itemtype=\"https:\/\/schema.org\/CreativeWork\" ><div class='avia_textblock av_inherit_color'  itemprop=\"text\" ><p>Il piccolo timbro bronzeo \u00e8 formato da un timbro principale e da un contro-timbro pi\u00f9 piccolo. Entrambi portano il simbolo grafico di una ruota con un mozzo e sei raggi. Il timbro principale reca l\u2019iscrizione con il nome del sigillante: \u00abS[IGILLUM]PACILInO\u00bb. Il fusto corto \u00e8 dotato di un foro per permettere al timbro di essere attaccato in modo sicuro a una catena o a una corda. Il fusto corto \u00e8 dotato di un foro per permettere al timbro di essere attaccato in modo sicuro a una catena o a una corda. Questo timbro fu rinvenuto nel cortile dell\u2019abbazia di Stams, nel Tirolo settentrionale. Il nome del sigillante ci fa presumere che fosse un latino, forse un mercante che veniva dal sud e aveva perso il timbro.<\/p>\n<p>Erano soprattutto i mercanti italiani o della Germania del nord che durante i loro viaggi da nord a sud e viceversa offrivano le loro merci nelle citt\u00e0 tirolesi. Poich\u00e9 erano stranieri, erano affidati alla protezione del signore della citt\u00e0.<\/p>\n<\/div><\/section><br \/>\n\n<style type=\"text\/css\" data-created_by=\"avia_inline_auto\" id=\"style-css-av-76qqdm-77a15bda5a7de11162a6eba3830a0bcf\">\n#top .hr.hr-invisible.av-76qqdm-77a15bda5a7de11162a6eba3830a0bcf{\nheight:40px;\n}\n<\/style>\n<div  class='hr av-76qqdm-77a15bda5a7de11162a6eba3830a0bcf hr-invisible  avia-builder-el-9  el_after_av_textblock  el_before_av_icon_box '><span class='hr-inner '><span class=\"hr-inner-style\"><\/span><\/span><\/div><br \/>\n\n<style type=\"text\/css\" data-created_by=\"avia_inline_auto\" id=\"style-css-av-kwysf590-3e6821d88f4918da468f5659e8a1aa1b\">\n.iconbox.av-kwysf590-3e6821d88f4918da468f5659e8a1aa1b .iconbox_icon{\nbackground-color:#333333;\ncolor:#ffffff;\n}\n.iconbox.av-kwysf590-3e6821d88f4918da468f5659e8a1aa1b .iconbox_icon.avia-svg-icon svg:first-child{\nfill:#ffffff;\nstroke:#ffffff;\n}\n#top #wrap_all .iconbox.av-kwysf590-3e6821d88f4918da468f5659e8a1aa1b .iconbox_content_title{\nfont-size:14px;\ncolor:#ffffff;\n}\n.iconbox.av-kwysf590-3e6821d88f4918da468f5659e8a1aa1b .iconbox_content_container{\nfont-size:16px;\ncolor:#919191;\n}\n<\/style>\n<article  id=\"literatur\"  class='iconbox iconbox_top av-kwysf590-3e6821d88f4918da468f5659e8a1aa1b  avia-builder-el-10  el_after_av_hr  el_before_av_social_share  literatur main_color'  itemscope=\"itemscope\" itemtype=\"https:\/\/schema.org\/CreativeWork\" ><div class=\"iconbox_content\"><header class=\"entry-content-header\" aria-label=\"Icona: Letteratura\"><div class='iconbox_icon heading-color avia-svg-icon avia-font-svg_entypo-fontello' data-av_svg_icon='feather' data-av_iconset='svg_entypo-fontello' ><svg version=\"1.1\" xmlns=\"http:\/\/www.w3.org\/2000\/svg\" width=\"22\" height=\"32\" viewBox=\"0 0 22 32\" preserveAspectRatio=\"xMidYMid meet\" aria-labelledby='av-svg-title-2' aria-describedby='av-svg-desc-2' role=\"graphics-symbol\">\n<title id='av-svg-title-2'>Feather<\/title>\n<desc id='av-svg-desc-2'>Feather<\/desc>\n<path d=\"M1.92 31.616q-0.192 0.64-0.832 0.256-0.576-0.256-0.512-1.088 0.128-3.2 1.6-7.232-3.2-4.928-1.664-10.112 0.32 1.024 1.024 2.496t1.408 2.56 1.024 0.96q0.256-0.128 0-2.656t-0.352-5.312 0.8-5.024q0.704-1.408 2.56-3.008t3.328-2.24q-0.768 1.472-1.056 3.008t-0.128 2.496 0.672 1.024q0.384 0 2.688-3.84t3.392-3.904q1.472-0.128 3.648 0.928t2.624 2.080q0.384 0.768 0 2.528t-1.28 2.656q-1.408 1.408-4.672 1.984t-3.648 0.768q-0.512 0.32 0.384 1.088 1.728 1.536 5.632 0.64-1.792 2.56-4.352 3.648t-4.224 1.216-1.728 0.32q-0.128 0.768 1.568 1.728t3.232 0.448q-0.96 1.792-2.016 2.688t-1.728 1.12-2.432 0.352-2.72 0.256z\"><\/path>\n<\/svg><\/div><h3 class='iconbox_content_title literatur-title'  itemprop=\"headline\" >Letteratura<\/h3><\/header><div class='iconbox_content_container av_inherit_color'  itemprop=\"text\" ><p style=\"text-align: left;\">Christian FRONWAGNER, \u201cTipario\u201d, in<em> Il sogno di un principe. Mainardo II \u2013 La nascita del Tirolo<\/em> (catalogo della mostra storica a Castel Tirolo e Stift Stams 1995), Castel Tirolo\/Innsbruck 1995, pp. 295-296, cat. n. 11.25.<\/p>\n<\/div><\/div><footer class=\"entry-footer\"><\/footer><\/article><br \/>\n<div  class='av-social-sharing-box av-55s9wq-799fe1161466687a73af1769ed42c176 av-social-sharing-box-default  avia-builder-el-11  el_after_av_icon_box  avia-builder-el-last  av-social-sharing-box-fullwidth'><div class=\"av-share-box\"><h5 class='av-share-link-description av-no-toc '>Condividi questo articolo<\/h5><ul class=\"av-share-box-list noLightbox\"><li class='av-share-link av-social-link-facebook avia_social_svg_icon avia-svg-icon avia-font-svg_entypo-fontello' ><a target=\"_blank\" aria-label=\"Condividi su Facebook\" href='https:\/\/www.facebook.com\/sharer.php?u=https:\/\/www.schlosstirol.it\/it\/museo-provinciale-alto-adige\/tipario-timbro-per-sigilli\/&#038;t=57%20%2F%20Tipario%20%28timbro%20per%20sigilli%29' data-av_svg_icon='facebook' data-av_iconset='svg_entypo-fontello' title='' data-avia-related-tooltip='Condividi su Facebook'><svg version=\"1.1\" xmlns=\"http:\/\/www.w3.org\/2000\/svg\" width=\"16\" height=\"32\" viewBox=\"0 0 16 32\" preserveAspectRatio=\"xMidYMid meet\" aria-labelledby='av-svg-title-3' aria-describedby='av-svg-desc-3' role=\"graphics-symbol\">\n<title id='av-svg-title-3'>Facebook<\/title>\n<desc id='av-svg-desc-3'>Facebook<\/desc>\n<path d=\"M16 6.592h-4.544q-0.448 0-0.8 0.48t-0.352 1.184v3.264h5.696v4.736h-5.696v14.144h-5.44v-14.144h-4.864v-4.736h4.864v-2.752q0-3.008 1.888-5.088t4.704-2.080h4.544v4.992z\"><\/path>\n<\/svg><span class='avia_hidden_link_text'>Condividi su Facebook<\/span><\/a><\/li><li class='av-share-link av-social-link-twitter avia_social_svg_icon avia-svg-icon avia-font-svg_entypo-fontello' ><a target=\"_blank\" aria-label=\"Condividi su X\" href='https:\/\/twitter.com\/share?text=57%20%2F%20Tipario%20%28timbro%20per%20sigilli%29&#038;url=https:\/\/www.schlosstirol.it\/it\/?p=9454' data-av_svg_icon='x-twitter' data-av_iconset='svg_entypo-fontello' title='' data-avia-related-tooltip='Condividi su X'><svg version=\"1.1\" xmlns=\"http:\/\/www.w3.org\/2000\/svg\" width=\"32\" height=\"32\" viewBox=\"0 0 32 32\" preserveAspectRatio=\"xMidYMid meet\" aria-labelledby='av-svg-title-4' aria-describedby='av-svg-desc-4' role=\"graphics-symbol\">\n<title id='av-svg-title-4'>X-twitter<\/title>\n<desc id='av-svg-desc-4'>X-twitter<\/desc>\n<path d=\"M24.32 3.008h4.416l-9.632 11.008 11.328 14.976h-8.864l-6.976-9.088-7.936 9.088h-4.416l10.304-11.776-10.88-14.208h9.12l6.272 8.288 7.264-8.288zM22.784 26.368h2.432l-15.776-20.864h-2.624l15.968 20.864z\"><\/path>\n<\/svg><span class='avia_hidden_link_text'>Condividi su X<\/span><\/a><\/li><li class='av-share-link av-social-link-whatsapp avia_social_svg_icon avia-svg-icon avia-font-svg_entypo-fontello' ><a target=\"_blank\" aria-label=\"Condividi su WhatsApp\" href='https:\/\/api.whatsapp.com\/send?text=https:\/\/www.schlosstirol.it\/it\/museo-provinciale-alto-adige\/tipario-timbro-per-sigilli\/' data-av_svg_icon='whatsapp' data-av_iconset='svg_entypo-fontello' title='' data-avia-related-tooltip='Condividi su WhatsApp'><svg version=\"1.1\" xmlns=\"http:\/\/www.w3.org\/2000\/svg\" width=\"27\" height=\"32\" viewBox=\"0 0 27 32\" preserveAspectRatio=\"xMidYMid meet\" aria-labelledby='av-svg-title-5' aria-describedby='av-svg-desc-5' role=\"graphics-symbol\">\n<title id='av-svg-title-5'>Whatsapp<\/title>\n<desc id='av-svg-desc-5'>Whatsapp<\/desc>\n<path d=\"M17.6 17.376q0.224 0 1.728 0.8t1.6 0.96q0.032 0.064 0.032 0.256 0 0.576-0.288 1.344-0.288 0.704-1.28 1.184t-1.824 0.48q-1.024 0-3.392-1.12-1.76-0.8-3.040-2.112t-2.624-3.296q-1.312-1.92-1.28-3.456v-0.16q0.064-1.6 1.312-2.816 0.448-0.384 0.928-0.384 0.128 0 0.32 0.032t0.352 0.032q0.352 0 0.48 0.096t0.256 0.512q0.16 0.352 0.608 1.568t0.448 1.312q0 0.384-0.608 1.056t-0.64 0.832q0 0.096 0.096 0.256 0.608 1.312 1.824 2.432 0.992 0.96 2.688 1.824 0.224 0.128 0.416 0.128 0.256 0 0.96-0.864t0.928-0.896zM13.952 26.848q2.272 0 4.352-0.896t3.584-2.368 2.4-3.584 0.896-4.352-0.896-4.352-2.4-3.584-3.584-2.4-4.352-0.896-4.32 0.896-3.584 2.4-2.4 3.584-0.896 4.352q0 3.616 2.144 6.56l-1.408 4.16 4.32-1.376q2.816 1.856 6.144 1.856zM13.952 2.176q2.752 0 5.248 1.088t4.288 2.848 2.88 4.32 1.056 5.216-1.056 5.216-2.88 4.288-4.288 2.88-5.248 1.088q-3.456 0-6.496-1.696l-7.456 2.4 2.432-7.232q-1.92-3.168-1.92-6.944 0-2.752 1.056-5.216t2.88-4.32 4.288-2.848 5.216-1.088z\"><\/path>\n<\/svg><span class='avia_hidden_link_text'>Condividi su WhatsApp<\/span><\/a><\/li><li class='av-share-link av-social-link-mail avia_social_svg_icon avia-svg-icon avia-font-svg_entypo-fontello' ><a  aria-label=\"Condividi attraverso Mail\" href='mailto:?subject=57%20%2F%20Tipario%20%28timbro%20per%20sigilli%29&#038;body=https:\/\/www.schlosstirol.it\/it\/museo-provinciale-alto-adige\/tipario-timbro-per-sigilli\/' data-av_svg_icon='mail' data-av_iconset='svg_entypo-fontello' title='' data-avia-related-tooltip='Condividi attraverso Mail'><svg version=\"1.1\" xmlns=\"http:\/\/www.w3.org\/2000\/svg\" width=\"29\" height=\"32\" viewBox=\"0 0 29 32\" preserveAspectRatio=\"xMidYMid meet\" aria-labelledby='av-svg-title-6' aria-describedby='av-svg-desc-6' role=\"graphics-symbol\">\n<title id='av-svg-title-6'>Mail<\/title>\n<desc id='av-svg-desc-6'>Mail<\/desc>\n<path d=\"M0.96 8.448q-1.024-0.576-0.896-1.28 0.064-0.448 0.832-0.448h27.072q1.216 0 0.64 1.024-0.256 0.448-0.768 0.704-0.448 0.192-6.144 3.264t-5.824 3.136q-0.512 0.32-1.472 0.32-0.896 0-1.472-0.32-0.128-0.064-5.824-3.136t-6.144-3.264zM28.16 11.648q0.64-0.32 0.64 0.32v11.776q0 0.512-0.544 1.024t-1.056 0.512h-25.6q-0.512 0-1.056-0.512t-0.544-1.024v-11.776q0-0.64 0.64-0.32l12.288 6.4q0.576 0.32 1.472 0.32t1.472-0.32z\"><\/path>\n<\/svg><span class='avia_hidden_link_text'>Condividi attraverso Mail<\/span><\/a><\/li><li class='av-share-link av-social-link-instagram avia_social_svg_icon avia-svg-icon avia-font-svg_entypo-fontello' ><a target=\"_blank\" aria-label=\"Collegamento a Instagram\" href='https:\/\/www.instagram.com\/schlosstirol_casteltirolo\/' data-av_svg_icon='instagram-1' data-av_iconset='svg_entypo-fontello' title='' data-avia-related-tooltip='Collegamento a Instagram'><svg version=\"1.1\" xmlns=\"http:\/\/www.w3.org\/2000\/svg\" width=\"27\" height=\"32\" viewBox=\"0 0 27 32\" preserveAspectRatio=\"xMidYMid meet\" aria-labelledby='av-svg-title-7' aria-describedby='av-svg-desc-7' role=\"graphics-symbol\">\n<title id='av-svg-title-7'>Instagram-1<\/title>\n<desc id='av-svg-desc-7'>Instagram-1<\/desc>\n<path d=\"M18.272 16q0-1.888-1.312-3.232t-3.232-1.344-3.232 1.344-1.344 3.232 1.344 3.232 3.232 1.344 3.232-1.344 1.312-3.232zM20.736 16q0 2.912-2.048 4.992t-4.96 2.048-4.992-2.048-2.048-4.992 2.048-4.992 4.992-2.048 4.96 2.048 2.048 4.992zM22.688 8.672q0 0.672-0.48 1.152t-1.184 0.48-1.152-0.48-0.48-1.152 0.48-1.152 1.152-0.48 1.184 0.48 0.48 1.152zM13.728 4.736q-0.128 0-1.376 0t-1.888 0-1.728 0.064-1.824 0.16-1.28 0.352q-0.896 0.352-1.568 1.024t-1.056 1.568q-0.192 0.512-0.32 1.28t-0.192 1.856-0.032 1.696 0 1.888 0 1.376 0 1.376 0 1.888 0.032 1.696 0.192 1.856 0.32 1.28q0.384 0.896 1.056 1.568t1.568 1.024q0.512 0.192 1.28 0.352t1.824 0.16 1.728 0.064 1.888 0 1.376 0 1.344 0 1.888 0 1.728-0.064 1.856-0.16 1.248-0.352q0.896-0.352 1.6-1.024t1.024-1.568q0.192-0.512 0.32-1.28t0.192-1.856 0.032-1.696 0-1.888 0-1.376 0-1.376 0-1.888-0.032-1.696-0.192-1.856-0.32-1.28q-0.352-0.896-1.024-1.568t-1.6-1.024q-0.512-0.192-1.248-0.352t-1.856-0.16-1.728-0.064-1.888 0-1.344 0zM27.424 16q0 4.096-0.096 5.664-0.16 3.712-2.208 5.76t-5.728 2.208q-1.6 0.096-5.664 0.096t-5.664-0.096q-3.712-0.192-5.76-2.208t-2.208-5.76q-0.096-1.568-0.096-5.664t0.096-5.664q0.16-3.712 2.208-5.76t5.76-2.208q1.568-0.096 5.664-0.096t5.664 0.096q3.712 0.192 5.728 2.208t2.208 5.76q0.096 1.568 0.096 5.664z\"><\/path>\n<\/svg><span class='avia_hidden_link_text'>Collegamento a Instagram<\/span><\/a><\/li><\/ul><\/div><\/div><\/p><\/div>\n<style type=\"text\/css\" data-created_by=\"avia_inline_auto\" id=\"style-css-av-4duehm-8777a99320794442bf1f527e0b8ca391\">\n.flex_column.av-4duehm-8777a99320794442bf1f527e0b8ca391{\nborder-radius:0px 0px 0px 0px;\npadding:0px 0px 0px 0px;\n}\n<\/style>\n<div  class='flex_column av-4duehm-8777a99320794442bf1f527e0b8ca391 av_one_fourth  avia-builder-el-12  el_after_av_one_half  avia-builder-el-last  flex_column_div av-zero-column-padding  '     ><style type=\"text\/css\" data-created_by=\"avia_inline_auto\" id=\"style-css-av-kwysezal-f822a434af6e3cd7c0dfc3ca94aea3e7\">\n#top .avia-icon-list-container.av-kwysezal-f822a434af6e3cd7c0dfc3ca94aea3e7 .iconlist_icon{\nbackground-color:#333333;\n}\n#top #wrap_all .avia-icon-list-container.av-kwysezal-f822a434af6e3cd7c0dfc3ca94aea3e7 .av_iconlist_title{\nfont-size:14px;\n}\n.avia-icon-list-container.av-kwysezal-f822a434af6e3cd7c0dfc3ca94aea3e7 .iconlist_content{\nfont-size:18px;\n}\n<\/style>\n<div  class='avia-icon-list-container av-kwysezal-f822a434af6e3cd7c0dfc3ca94aea3e7  avia-builder-el-13  avia-builder-el-no-sibling '><ul class='avia-icon-list avia_animate_when_almost_visible avia-icon-list-left av-iconlist-big av-kwysezal-f822a434af6e3cd7c0dfc3ca94aea3e7 avia-iconlist-animate'>\n<li><div class='iconlist_icon av-2ul5u2-8fff10c32de265e6d3c41615e8c758aa avia-font-svg_entypo-fontello avia-svg-icon avia-font-svg_entypo-fontello'><span class='av-icon-char' data-av_svg_icon='location' data-av_iconset='svg_entypo-fontello'><svg version=\"1.1\" xmlns=\"http:\/\/www.w3.org\/2000\/svg\" width=\"16\" height=\"32\" viewBox=\"0 0 16 32\" preserveAspectRatio=\"xMidYMid meet\" aria-labelledby='av-svg-title-8' aria-describedby='av-svg-desc-8' role=\"graphics-symbol\" aria-hidden=\"true\">\n<title id='av-svg-title-8'>Location<\/title>\n<desc id='av-svg-desc-8'>Location<\/desc>\n<path d=\"M8 3.2q3.328 0 5.664 2.336t2.336 5.664q0 3.392-1.984 7.776t-4.032 7.136l-1.984 2.688q-0.32-0.384-0.864-1.12t-1.92-2.848-2.432-4.16-1.92-4.704-0.864-4.768q0-3.328 2.336-5.664t5.664-2.336zM8 15.616q1.792 0 3.072-1.28t1.28-3.072-1.28-3.040-3.072-1.248-3.040 1.248-1.248 3.040 1.248 3.072 3.040 1.28z\"><\/path>\n<\/svg><\/span><\/div><article class=\"article-icon-entry \"  itemscope=\"itemscope\" itemtype=\"https:\/\/schema.org\/CreativeWork\" ><div class=\"iconlist_content_wrap\"><header class=\"entry-content-header\" aria-label=\"Icona: Collocazione\"><h4 class='av_iconlist_title iconlist_title  '  itemprop=\"headline\" >Collocazione<\/h4><\/header><div class='iconlist_content '  itemprop=\"text\" ><p><a href=\"\/?p=2465#sala-imperatori\" target=\"_blank\" rel=\"noopener\">Sala degli Imperatori,<\/a><br \/>\nVetrina Citt\u00e0 e Borghesia<\/p>\n<\/div><\/div><footer class=\"entry-footer\"><\/footer><\/article><div class=\"iconlist-timeline\"><\/div><\/li>\n<li><div class='iconlist_icon av-kwysdrxq-b5a3db3ae3a71cc593a6f7422e62d57f avia-font-svg_entypo-fontello avia-svg-icon avia-font-svg_entypo-fontello'><span class='av-icon-char' data-av_svg_icon='info' data-av_iconset='svg_entypo-fontello'><svg version=\"1.1\" xmlns=\"http:\/\/www.w3.org\/2000\/svg\" width=\"15\" height=\"32\" viewBox=\"0 0 15 32\" preserveAspectRatio=\"xMidYMid meet\" aria-labelledby='av-svg-title-9' aria-describedby='av-svg-desc-9' role=\"graphics-symbol\" aria-hidden=\"true\">\n<title id='av-svg-title-9'>Info<\/title>\n<desc id='av-svg-desc-9'>Info<\/desc>\n<path d=\"M11.264 0q1.536 0 2.368 0.864t0.832 2.208q0 1.6-1.248 2.816t-3.040 1.216q-1.536 0-2.368-0.832t-0.768-2.304q0-1.472 1.12-2.72t3.104-1.248zM4.672 32q-3.2 0-1.728-5.696l1.92-8.128q0.448-1.792 0-1.792-0.384 0-1.728 0.576t-2.304 1.216l-0.832-1.408q2.88-2.496 6.048-4.032t4.832-1.536q2.496 0 1.152 5.184l-2.24 8.512q-0.512 2.048 0.192 2.048 1.408 0 3.776-1.92l0.96 1.28q-2.688 2.752-5.6 4.224t-4.448 1.472z\"><\/path>\n<\/svg><\/span><\/div><article class=\"article-icon-entry \"  itemscope=\"itemscope\" itemtype=\"https:\/\/schema.org\/CreativeWork\" ><div class=\"iconlist_content_wrap\"><header class=\"entry-content-header\" aria-label=\"Icona: Materiale &amp; Tecnica\"><h4 class='av_iconlist_title iconlist_title  '  itemprop=\"headline\" >Materiale &amp; Tecnica<\/h4><\/header><div class='iconlist_content '  itemprop=\"text\" ><p>bronzo<\/p>\n<\/div><\/div><footer class=\"entry-footer\"><\/footer><\/article><div class=\"iconlist-timeline\"><\/div><\/li>\n<li><div class='iconlist_icon av-kwysdzsi-8dd38de0c650f71ededc040c50a22c38 avia-font-svg_entypo-fontello avia-svg-icon avia-font-svg_entypo-fontello'><span class='av-icon-char' data-av_svg_icon='doc-text' data-av_iconset='svg_entypo-fontello'><svg version=\"1.1\" xmlns=\"http:\/\/www.w3.org\/2000\/svg\" width=\"22\" height=\"32\" viewBox=\"0 0 22 32\" preserveAspectRatio=\"xMidYMid meet\" aria-labelledby='av-svg-title-10' aria-describedby='av-svg-desc-10' role=\"graphics-symbol\" aria-hidden=\"true\">\n<title id='av-svg-title-10'>Doc-text<\/title>\n<desc id='av-svg-desc-10'>Doc-text<\/desc>\n<path d=\"M6.784 17.344v-2.88h8.96v2.88h-8.96zM19.2 1.6q1.344 0 2.272 0.928t0.928 2.272v22.4q0 1.28-0.928 2.24t-2.272 0.96h-16q-1.28 0-2.24-0.96t-0.96-2.24v-22.4q0-1.344 0.96-2.272t2.24-0.928h16zM19.2 27.2v-22.4h-16v22.4h16zM15.68 8.256v2.816h-8.96v-2.816h8.96zM15.68 20.8v2.816h-8.96v-2.816h8.96z\"><\/path>\n<\/svg><\/span><\/div><article class=\"article-icon-entry \"  itemscope=\"itemscope\" itemtype=\"https:\/\/schema.org\/CreativeWork\" ><div class=\"iconlist_content_wrap\"><header class=\"entry-content-header\" aria-label=\"Icona: Dimensioni\"><h4 class='av_iconlist_title iconlist_title  '  itemprop=\"headline\" >Dimensioni<\/h4><\/header><div class='iconlist_content '  itemprop=\"text\" ><p>2,5 cm x 2,6\u20130,9 cm<\/p>\n<\/div><\/div><footer class=\"entry-footer\"><\/footer><\/article><div class=\"iconlist-timeline\"><\/div><\/li>\n<li><div class='iconlist_icon av-kwysesno-4bb3a3f3d4d1f860750e1fd8312461bc avia-font-svg_entypo-fontello avia-svg-icon avia-font-svg_entypo-fontello'><span class='av-icon-char' data-av_svg_icon='link' data-av_iconset='svg_entypo-fontello'><svg version=\"1.1\" xmlns=\"http:\/\/www.w3.org\/2000\/svg\" width=\"26\" height=\"32\" viewBox=\"0 0 26 32\" preserveAspectRatio=\"xMidYMid meet\" aria-labelledby='av-svg-title-11' aria-describedby='av-svg-desc-11' role=\"graphics-symbol\" aria-hidden=\"true\">\n<title id='av-svg-title-11'>Link<\/title>\n<desc id='av-svg-desc-11'>Link<\/desc>\n<path d=\"M9.408 23.488q0.448-0.448 1.088-0.448t1.152 0.448q1.024 1.088 0 2.24l-1.344 1.28q-1.792 1.792-4.224 1.792-2.496 0-4.288-1.792t-1.792-4.224q0-2.496 1.792-4.288l4.736-4.736q2.24-2.176 4.608-2.464t4.096 1.376q0.512 0.512 0.512 1.152t-0.512 1.152q-1.152 1.024-2.24 0-1.6-1.536-4.224 1.088l-4.736 4.672q-0.832 0.832-0.832 2.048t0.832 1.984q0.832 0.832 2.016 0.832t2.016-0.832zM23.808 5.12q1.792 1.792 1.792 4.224 0 2.496-1.792 4.288l-5.056 5.056q-2.368 2.304-4.8 2.304-1.984 0-3.584-1.6-0.448-0.448-0.448-1.088t0.448-1.152q0.448-0.448 1.12-0.448t1.12 0.448q1.6 1.536 3.904-0.768l5.056-4.992q0.896-0.896 0.896-2.048 0-1.216-0.896-1.984-0.768-0.832-1.792-0.992t-1.92 0.672l-1.6 1.6q-0.512 0.448-1.152 0.448t-1.088-0.448q-1.088-1.088 0-2.24l1.6-1.6q1.728-1.728 4.064-1.632t4.128 1.952z\"><\/path>\n<\/svg><\/span><\/div><article class=\"article-icon-entry \"  itemscope=\"itemscope\" itemtype=\"https:\/\/schema.org\/CreativeWork\" ><div class=\"iconlist_content_wrap\"><header class=\"entry-content-header\" aria-label=\"Icona: LMST Inv. n.\"><h4 class='av_iconlist_title iconlist_title  '  itemprop=\"headline\" >LMST Inv. n.<\/h4><\/header><div class='iconlist_content '  itemprop=\"text\" ><p>700566<\/p>\n<p>acquistato da privato, Natters, 2002<\/p>\n<\/div><\/div><footer class=\"entry-footer\"><\/footer><\/article><div class=\"iconlist-timeline\"><\/div><\/li>\n<\/ul><\/div><\/div>\n","protected":false},"excerpt":{"rendered":"","protected":false},"author":1,"featured_media":8173,"comment_status":"closed","ping_status":"closed","template":"","meta":{"footnotes":""},"tags":[],"portfolio_entries":[130],"class_list":["post-9454","portfolio","type-portfolio","status-publish","has-post-thumbnail","hentry","portfolio_entries-collezione-it"],"yoast_head":"<!-- This site is optimized with the Yoast SEO plugin v27.5 - https:\/\/yoast.com\/product\/yoast-seo-wordpress\/ -->\n<title>57 \/ Tipario (timbro per sigilli) - Castel Tirolo - Museo storico-culturale (BZ)<\/title>\n<meta name=\"robots\" content=\"index, follow, max-snippet:-1, max-image-preview:large, max-video-preview:-1\" \/>\n<link rel=\"canonical\" href=\"https:\/\/www.schlosstirol.it\/it\/museo-provinciale-alto-adige\/tipario-timbro-per-sigilli\/\" \/>\n<meta property=\"og:locale\" content=\"it_IT\" \/>\n<meta property=\"og:type\" content=\"article\" \/>\n<meta property=\"og:title\" content=\"57 \/ Tipario (timbro per sigilli) - Castel Tirolo - Museo storico-culturale (BZ)\" \/>\n<meta property=\"og:url\" content=\"https:\/\/www.schlosstirol.it\/it\/museo-provinciale-alto-adige\/tipario-timbro-per-sigilli\/\" \/>\n<meta property=\"og:site_name\" content=\"Castel Tirolo - Museo storico-culturale (BZ)\" \/>\n<meta property=\"article:publisher\" content=\"https:\/\/www.facebook.com\/schlosstirol.casteltirolo\" \/>\n<meta property=\"article:modified_time\" content=\"2022-07-27T08:35:12+00:00\" \/>\n<meta property=\"og:image\" content=\"https:\/\/www.schlosstirol.it\/wp-content\/uploads\/2021\/12\/057_700566_Siegelstempel_Pacilino_14Jh1H_1_\u00a9JP2020.jpg\" \/>\n\t<meta property=\"og:image:width\" content=\"908\" \/>\n\t<meta property=\"og:image:height\" content=\"800\" \/>\n\t<meta property=\"og:image:type\" content=\"image\/jpeg\" \/>\n<meta name=\"twitter:card\" content=\"summary_large_image\" \/>\n<meta name=\"twitter:label1\" content=\"Tempo di lettura stimato\" \/>\n\t<meta name=\"twitter:data1\" content=\"5 minuti\" \/>\n<script type=\"application\/ld+json\" class=\"yoast-schema-graph\">{\"@context\":\"https:\\\/\\\/schema.org\",\"@graph\":[{\"@type\":\"WebPage\",\"@id\":\"https:\\\/\\\/www.schlosstirol.it\\\/it\\\/museo-provinciale-alto-adige\\\/tipario-timbro-per-sigilli\\\/\",\"url\":\"https:\\\/\\\/www.schlosstirol.it\\\/it\\\/museo-provinciale-alto-adige\\\/tipario-timbro-per-sigilli\\\/\",\"name\":\"57 \\\/ Tipario (timbro per sigilli) - Castel Tirolo - Museo storico-culturale (BZ)\",\"isPartOf\":{\"@id\":\"https:\\\/\\\/www.schlosstirol.it\\\/it\\\/#website\"},\"primaryImageOfPage\":{\"@id\":\"https:\\\/\\\/www.schlosstirol.it\\\/it\\\/museo-provinciale-alto-adige\\\/tipario-timbro-per-sigilli\\\/#primaryimage\"},\"image\":{\"@id\":\"https:\\\/\\\/www.schlosstirol.it\\\/it\\\/museo-provinciale-alto-adige\\\/tipario-timbro-per-sigilli\\\/#primaryimage\"},\"thumbnailUrl\":\"https:\\\/\\\/www.schlosstirol.it\\\/wp-content\\\/uploads\\\/2021\\\/12\\\/057_700566_Siegelstempel_Pacilino_14Jh1H_1_\u00a9JP2020.jpg\",\"datePublished\":\"2021-12-09T10:01:43+00:00\",\"dateModified\":\"2022-07-27T08:35:12+00:00\",\"breadcrumb\":{\"@id\":\"https:\\\/\\\/www.schlosstirol.it\\\/it\\\/museo-provinciale-alto-adige\\\/tipario-timbro-per-sigilli\\\/#breadcrumb\"},\"inLanguage\":\"it-IT\",\"potentialAction\":[{\"@type\":\"ReadAction\",\"target\":[\"https:\\\/\\\/www.schlosstirol.it\\\/it\\\/museo-provinciale-alto-adige\\\/tipario-timbro-per-sigilli\\\/\"]}]},{\"@type\":\"ImageObject\",\"inLanguage\":\"it-IT\",\"@id\":\"https:\\\/\\\/www.schlosstirol.it\\\/it\\\/museo-provinciale-alto-adige\\\/tipario-timbro-per-sigilli\\\/#primaryimage\",\"url\":\"https:\\\/\\\/www.schlosstirol.it\\\/wp-content\\\/uploads\\\/2021\\\/12\\\/057_700566_Siegelstempel_Pacilino_14Jh1H_1_\u00a9JP2020.jpg\",\"contentUrl\":\"https:\\\/\\\/www.schlosstirol.it\\\/wp-content\\\/uploads\\\/2021\\\/12\\\/057_700566_Siegelstempel_Pacilino_14Jh1H_1_\u00a9JP2020.jpg\",\"width\":908,\"height\":800},{\"@type\":\"BreadcrumbList\",\"@id\":\"https:\\\/\\\/www.schlosstirol.it\\\/it\\\/museo-provinciale-alto-adige\\\/tipario-timbro-per-sigilli\\\/#breadcrumb\",\"itemListElement\":[{\"@type\":\"ListItem\",\"position\":1,\"name\":\"Startseite\",\"item\":\"https:\\\/\\\/www.schlosstirol.it\\\/it\\\/castel-tirolo\\\/\"},{\"@type\":\"ListItem\",\"position\":2,\"name\":\"57 \\\/ Tipario (timbro per sigilli)\"}]},{\"@type\":\"WebSite\",\"@id\":\"https:\\\/\\\/www.schlosstirol.it\\\/it\\\/#website\",\"url\":\"https:\\\/\\\/www.schlosstirol.it\\\/it\\\/\",\"name\":\"Castel Tirolo - Museo storico-culturale (BZ)\",\"description\":\"Museo storico-culturale della Provincia di Bolzano\",\"publisher\":{\"@id\":\"https:\\\/\\\/www.schlosstirol.it\\\/it\\\/#organization\"},\"potentialAction\":[{\"@type\":\"SearchAction\",\"target\":{\"@type\":\"EntryPoint\",\"urlTemplate\":\"https:\\\/\\\/www.schlosstirol.it\\\/it\\\/?s={search_term_string}\"},\"query-input\":{\"@type\":\"PropertyValueSpecification\",\"valueRequired\":true,\"valueName\":\"search_term_string\"}}],\"inLanguage\":\"it-IT\"},{\"@type\":\"Organization\",\"@id\":\"https:\\\/\\\/www.schlosstirol.it\\\/it\\\/#organization\",\"name\":\"Castel Tirolo\",\"url\":\"https:\\\/\\\/www.schlosstirol.it\\\/it\\\/\",\"logo\":{\"@type\":\"ImageObject\",\"inLanguage\":\"it-IT\",\"@id\":\"https:\\\/\\\/www.schlosstirol.it\\\/it\\\/#\\\/schema\\\/logo\\\/image\\\/\",\"url\":\"https:\\\/\\\/www.schlosstirol.it\\\/wp-content\\\/uploads\\\/2018\\\/09\\\/schloss-tirol_logo-impressum.png\",\"contentUrl\":\"https:\\\/\\\/www.schlosstirol.it\\\/wp-content\\\/uploads\\\/2018\\\/09\\\/schloss-tirol_logo-impressum.png\",\"width\":1030,\"height\":687,\"caption\":\"Castel Tirolo\"},\"image\":{\"@id\":\"https:\\\/\\\/www.schlosstirol.it\\\/it\\\/#\\\/schema\\\/logo\\\/image\\\/\"},\"sameAs\":[\"https:\\\/\\\/www.facebook.com\\\/schlosstirol.casteltirolo\"]}]}<\/script>\n<!-- \/ Yoast SEO plugin. -->","yoast_head_json":{"title":"57 \/ Tipario (timbro per sigilli) - Castel Tirolo - Museo storico-culturale (BZ)","robots":{"index":"index","follow":"follow","max-snippet":"max-snippet:-1","max-image-preview":"max-image-preview:large","max-video-preview":"max-video-preview:-1"},"canonical":"https:\/\/www.schlosstirol.it\/it\/museo-provinciale-alto-adige\/tipario-timbro-per-sigilli\/","og_locale":"it_IT","og_type":"article","og_title":"57 \/ Tipario (timbro per sigilli) - Castel Tirolo - Museo storico-culturale (BZ)","og_url":"https:\/\/www.schlosstirol.it\/it\/museo-provinciale-alto-adige\/tipario-timbro-per-sigilli\/","og_site_name":"Castel Tirolo - Museo storico-culturale (BZ)","article_publisher":"https:\/\/www.facebook.com\/schlosstirol.casteltirolo","article_modified_time":"2022-07-27T08:35:12+00:00","og_image":[{"width":908,"height":800,"url":"https:\/\/www.schlosstirol.it\/wp-content\/uploads\/2021\/12\/057_700566_Siegelstempel_Pacilino_14Jh1H_1_\u00a9JP2020.jpg","type":"image\/jpeg"}],"twitter_card":"summary_large_image","twitter_misc":{"Tempo di lettura stimato":"5 minuti"},"schema":{"@context":"https:\/\/schema.org","@graph":[{"@type":"WebPage","@id":"https:\/\/www.schlosstirol.it\/it\/museo-provinciale-alto-adige\/tipario-timbro-per-sigilli\/","url":"https:\/\/www.schlosstirol.it\/it\/museo-provinciale-alto-adige\/tipario-timbro-per-sigilli\/","name":"57 \/ Tipario (timbro per sigilli) - Castel Tirolo - Museo storico-culturale (BZ)","isPartOf":{"@id":"https:\/\/www.schlosstirol.it\/it\/#website"},"primaryImageOfPage":{"@id":"https:\/\/www.schlosstirol.it\/it\/museo-provinciale-alto-adige\/tipario-timbro-per-sigilli\/#primaryimage"},"image":{"@id":"https:\/\/www.schlosstirol.it\/it\/museo-provinciale-alto-adige\/tipario-timbro-per-sigilli\/#primaryimage"},"thumbnailUrl":"https:\/\/www.schlosstirol.it\/wp-content\/uploads\/2021\/12\/057_700566_Siegelstempel_Pacilino_14Jh1H_1_\u00a9JP2020.jpg","datePublished":"2021-12-09T10:01:43+00:00","dateModified":"2022-07-27T08:35:12+00:00","breadcrumb":{"@id":"https:\/\/www.schlosstirol.it\/it\/museo-provinciale-alto-adige\/tipario-timbro-per-sigilli\/#breadcrumb"},"inLanguage":"it-IT","potentialAction":[{"@type":"ReadAction","target":["https:\/\/www.schlosstirol.it\/it\/museo-provinciale-alto-adige\/tipario-timbro-per-sigilli\/"]}]},{"@type":"ImageObject","inLanguage":"it-IT","@id":"https:\/\/www.schlosstirol.it\/it\/museo-provinciale-alto-adige\/tipario-timbro-per-sigilli\/#primaryimage","url":"https:\/\/www.schlosstirol.it\/wp-content\/uploads\/2021\/12\/057_700566_Siegelstempel_Pacilino_14Jh1H_1_\u00a9JP2020.jpg","contentUrl":"https:\/\/www.schlosstirol.it\/wp-content\/uploads\/2021\/12\/057_700566_Siegelstempel_Pacilino_14Jh1H_1_\u00a9JP2020.jpg","width":908,"height":800},{"@type":"BreadcrumbList","@id":"https:\/\/www.schlosstirol.it\/it\/museo-provinciale-alto-adige\/tipario-timbro-per-sigilli\/#breadcrumb","itemListElement":[{"@type":"ListItem","position":1,"name":"Startseite","item":"https:\/\/www.schlosstirol.it\/it\/castel-tirolo\/"},{"@type":"ListItem","position":2,"name":"57 \/ Tipario (timbro per sigilli)"}]},{"@type":"WebSite","@id":"https:\/\/www.schlosstirol.it\/it\/#website","url":"https:\/\/www.schlosstirol.it\/it\/","name":"Castel Tirolo - Museo storico-culturale (BZ)","description":"Museo storico-culturale della Provincia di Bolzano","publisher":{"@id":"https:\/\/www.schlosstirol.it\/it\/#organization"},"potentialAction":[{"@type":"SearchAction","target":{"@type":"EntryPoint","urlTemplate":"https:\/\/www.schlosstirol.it\/it\/?s={search_term_string}"},"query-input":{"@type":"PropertyValueSpecification","valueRequired":true,"valueName":"search_term_string"}}],"inLanguage":"it-IT"},{"@type":"Organization","@id":"https:\/\/www.schlosstirol.it\/it\/#organization","name":"Castel Tirolo","url":"https:\/\/www.schlosstirol.it\/it\/","logo":{"@type":"ImageObject","inLanguage":"it-IT","@id":"https:\/\/www.schlosstirol.it\/it\/#\/schema\/logo\/image\/","url":"https:\/\/www.schlosstirol.it\/wp-content\/uploads\/2018\/09\/schloss-tirol_logo-impressum.png","contentUrl":"https:\/\/www.schlosstirol.it\/wp-content\/uploads\/2018\/09\/schloss-tirol_logo-impressum.png","width":1030,"height":687,"caption":"Castel Tirolo"},"image":{"@id":"https:\/\/www.schlosstirol.it\/it\/#\/schema\/logo\/image\/"},"sameAs":["https:\/\/www.facebook.com\/schlosstirol.casteltirolo"]}]}},"_links":{"self":[{"href":"https:\/\/www.schlosstirol.it\/it\/wp-json\/wp\/v2\/portfolio\/9454","targetHints":{"allow":["GET"]}}],"collection":[{"href":"https:\/\/www.schlosstirol.it\/it\/wp-json\/wp\/v2\/portfolio"}],"about":[{"href":"https:\/\/www.schlosstirol.it\/it\/wp-json\/wp\/v2\/types\/portfolio"}],"author":[{"embeddable":true,"href":"https:\/\/www.schlosstirol.it\/it\/wp-json\/wp\/v2\/users\/1"}],"replies":[{"embeddable":true,"href":"https:\/\/www.schlosstirol.it\/it\/wp-json\/wp\/v2\/comments?post=9454"}],"version-history":[{"count":0,"href":"https:\/\/www.schlosstirol.it\/it\/wp-json\/wp\/v2\/portfolio\/9454\/revisions"}],"wp:featuredmedia":[{"embeddable":true,"href":"https:\/\/www.schlosstirol.it\/it\/wp-json\/wp\/v2\/media\/8173"}],"wp:attachment":[{"href":"https:\/\/www.schlosstirol.it\/it\/wp-json\/wp\/v2\/media?parent=9454"}],"wp:term":[{"taxonomy":"post_tag","embeddable":true,"href":"https:\/\/www.schlosstirol.it\/it\/wp-json\/wp\/v2\/tags?post=9454"},{"taxonomy":"portfolio_entries","embeddable":true,"href":"https:\/\/www.schlosstirol.it\/it\/wp-json\/wp\/v2\/portfolio_entries?post=9454"}],"curies":[{"name":"wp","href":"https:\/\/api.w.org\/{rel}","templated":true}]}}